{"id":23159,"date":"2023-04-07T10:27:05","date_gmt":"2023-04-07T08:27:05","guid":{"rendered":"https:\/\/en-en.polska.travel\/?page_id=23159"},"modified":"2024-07-12T11:35:28","modified_gmt":"2024-07-12T09:35:28","slug":"principais-atracoes","status":"publish","type":"page","link":"https:\/\/www.polonia.travel\/pt\/principais-atracoes\/","title":{"rendered":"Principais atra\u00e7\u00f5es"},"content":{"rendered":"\n<pre id=\"tw-target-text\" class=\"wp-block-preformatted\"><\/pre>\n\n\n<div class=\"overflow\">\n  <div class=\"post-slider swiper post-slider--small\" data-schema=\"small\">\n\n    <div class=\"swiper-wrapper\">\n              <div class=\"swiper-slide post-slide\">\n                      <div class=\"post-slide__label\">\n              TOP 10            <\/div>\n                      <a href=\"https:\/\/www.polonia.travel\/pt\/cidade-velha-de-cracovia\/\" class=\"post-box post-box--small\" style=\" background-image: url(https:\/\/www.polonia.travel\/pt\/wp-content\/uploads\/sites\/19\/2024\/04\/krakow_bazylika_mariacka_2_1170-600x400.jpg);\">\n          <div class=\"post-box__hover\" style=\"background-image: url(https:\/\/www.polonia.travel\/pt\/wp-content\/uploads\/sites\/19\/2023\/03\/Krakow_rynek-me-600x400.jpg);\"><\/div>\n        <div class=\"post-box__info\">\n            <div class=\"post-box__title\">Cidade Velha de Crac\u00f3via<\/div>\n      <div class=\"post-box__more\">Ver mais<\/div>\n    <\/div>\n  <\/a>\n\n          <\/div>\n              <div class=\"swiper-slide post-slide\">\n                      <div class=\"post-slide__label\">\n              TOP 10            <\/div>\n                      <a href=\"https:\/\/www.polonia.travel\/pt\/conjunto-urbano-medieval-de-torun\/\" class=\"post-box post-box--small\" style=\" background-image: url(https:\/\/www.polonia.travel\/pt\/wp-content\/uploads\/sites\/19\/2024\/04\/torun_stare_miasto_2_1170-600x400.jpg);\">\n          <div class=\"post-box__hover\" style=\"background-image: url(https:\/\/www.polonia.travel\/pt\/wp-content\/uploads\/sites\/19\/2024\/04\/torun_pomnik_kopernika_1170-600x400.jpg);\"><\/div>\n        <div class=\"post-box__info\">\n            <div class=\"post-box__title\">Conjunto urbano medieval de Toru\u0144<\/div>\n      <div class=\"post-box__more\">Ver mais<\/div>\n    <\/div>\n  <\/a>\n\n          <\/div>\n              <div class=\"swiper-slide post-slide\">\n                      <div class=\"post-slide__label\">\n              TOP 10            <\/div>\n                      <a href=\"https:\/\/www.polonia.travel\/pt\/campo-de-concentracao-de-auschwitz-birkenau\/\" class=\"post-box post-box--small\" style=\" background-image: url(https:\/\/www.polonia.travel\/pt\/wp-content\/uploads\/sites\/19\/2022\/12\/Plansza-2-Auschwitz-Birkenau-miniatura-2-600x400.jpg);\">\n          <div class=\"post-box__hover\" style=\"background-image: url(https:\/\/www.polonia.travel\/pt\/wp-content\/uploads\/sites\/19\/2022\/12\/Plansza-2-Auschwitz-Birkenau-miniatura-1-600x396.jpg);\"><\/div>\n        <div class=\"post-box__info\">\n            <div class=\"post-box__title\">Campo de Concentra\u00e7\u00e3o de Auschwitz- Birkenau<\/div>\n      <div class=\"post-box__more\">Ver mais<\/div>\n    <\/div>\n  <\/a>\n\n          <\/div>\n              <div class=\"swiper-slide post-slide\">\n                      <div class=\"post-slide__label\">\n              TOP 10            <\/div>\n                      <a href=\"https:\/\/www.polonia.travel\/pt\/castelo-da-ordem-teutonica-em-malbork\/\" class=\"post-box post-box--small\" style=\" background-image: url(https:\/\/www.polonia.travel\/pt\/wp-content\/uploads\/sites\/19\/2024\/04\/zamek_w_malborku_1170-600x400.jpg);\">\n          <div class=\"post-box__hover\" style=\"background-image: url(https:\/\/www.polonia.travel\/pt\/wp-content\/uploads\/sites\/19\/2022\/12\/zamek_malbork_1170-1-600x400.jpg);\"><\/div>\n        <div class=\"post-box__info\">\n            <div class=\"post-box__title\">Castelo da Ordem Teut\u00f3nica em Malbork<\/div>\n      <div class=\"post-box__more\">Ver mais<\/div>\n    <\/div>\n  <\/a>\n\n          <\/div>\n              <div class=\"swiper-slide post-slide\">\n                      <div class=\"post-slide__label\">\n              TOP 10            <\/div>\n                      <a href=\"https:\/\/www.polonia.travel\/pt\/cidade-velha-de-varsovia\/\" class=\"post-box post-box--small\" style=\" background-image: url(https:\/\/www.polonia.travel\/pt\/wp-content\/uploads\/sites\/19\/2024\/04\/warszawa_stare_miasto_barbakan_1170-600x400.jpg);\">\n          <div class=\"post-box__hover\" style=\"background-image: url(https:\/\/www.polonia.travel\/pt\/wp-content\/uploads\/sites\/19\/2024\/04\/warszawa_zamek_krolewski_slonce_1170-600x400.jpg);\"><\/div>\n        <div class=\"post-box__info\">\n            <div class=\"post-box__title\">Cidade Velha de Vars\u00f3via<\/div>\n      <div class=\"post-box__more\">Ver mais<\/div>\n    <\/div>\n  <\/a>\n\n          <\/div>\n              <div class=\"swiper-slide post-slide\">\n                      <div class=\"post-slide__label\">\n              TOP 10            <\/div>\n                      <a href=\"https:\/\/www.polonia.travel\/pt\/cidade-velha-de-zamosc\/\" class=\"post-box post-box--small\" style=\" background-image: url(https:\/\/www.polonia.travel\/pt\/wp-content\/uploads\/sites\/19\/2023\/07\/Zamosc_1170-600x400.jpg);\">\n          <div class=\"post-box__hover\" style=\"background-image: url(https:\/\/www.polonia.travel\/pt\/wp-content\/uploads\/sites\/19\/2023\/07\/Lub_680207-600x398.jpg);\"><\/div>\n        <div class=\"post-box__info\">\n            <div class=\"post-box__title\">Cidade Velha de Zamo\u015b\u0107<\/div>\n      <div class=\"post-box__more\">Ver mais<\/div>\n    <\/div>\n  <\/a>\n\n          <\/div>\n              <div class=\"swiper-slide post-slide\">\n                      <div class=\"post-slide__label\">\n              TOP 10            <\/div>\n                      <a href=\"https:\/\/www.polonia.travel\/pt\/puszcza-bialowieska-parque-nacional-de-bialowieza\/\" class=\"post-box post-box--small\" style=\" background-image: url(https:\/\/www.polonia.travel\/pt\/wp-content\/uploads\/sites\/19\/2023\/07\/bialowieza-pn-1-600x400.jpg);\">\n          <div class=\"post-box__hover\" style=\"background-image: url(https:\/\/www.polonia.travel\/pt\/wp-content\/uploads\/sites\/19\/2023\/07\/bialowiezaforest-600x400.jpg);\"><\/div>\n        <div class=\"post-box__info\">\n            <div class=\"post-box__title\">Puszcza Bia\u0142owieska (Parque Nacional de Bia\u0142owie\u017ca)<\/div>\n      <div class=\"post-box__more\">Ver mais<\/div>\n    <\/div>\n  <\/a>\n\n          <\/div>\n              <div class=\"swiper-slide post-slide\">\n                      <div class=\"post-slide__label\">\n              TOP 10            <\/div>\n                      <a href=\"https:\/\/www.polonia.travel\/pt\/pavilhao-popular-de-wroclaw\/\" class=\"post-box post-box--small\" style=\" background-image: url(https:\/\/www.polonia.travel\/pt\/wp-content\/uploads\/sites\/19\/2023\/02\/00016_4027_Wroclaw_Hala_Stulecia_KK_HR-600x249.jpg);\">\n        <div class=\"post-box__info\">\n            <div class=\"post-box__title\">Pavilh\u00e3o Popular de Wroclaw<\/div>\n      <div class=\"post-box__more\">Ver mais<\/div>\n    <\/div>\n  <\/a>\n\n          <\/div>\n              <div class=\"swiper-slide post-slide\">\n                      <div class=\"post-slide__label\">\n              TOP 10            <\/div>\n                      <a href=\"https:\/\/www.polonia.travel\/pt\/minas-de-sal-reais-de-wieliczka-e-bochnia\/\" class=\"post-box post-box--small\" style=\" background-image: url(https:\/\/www.polonia.travel\/pt\/wp-content\/uploads\/sites\/19\/2022\/12\/bochnia_10_1170-600x400.jpg);\">\n          <div class=\"post-box__hover\" style=\"background-image: url(https:\/\/www.polonia.travel\/pt\/wp-content\/uploads\/sites\/19\/2023\/07\/HERITAGE_0003_9412_Wieliczka_WLO_HR-600x400.jpg);\"><\/div>\n        <div class=\"post-box__info\">\n            <div class=\"post-box__title\">Minas de Sal Reais de Wieliczka e Bochnia<\/div>\n      <div class=\"post-box__more\">Ver mais<\/div>\n    <\/div>\n  <\/a>\n\n          <\/div>\n          <\/div>\n    <div class=\"post-slider__pagination\"><\/div>\n  <\/div>\n<\/div>\n\n\n\n<div style=\"height:96px\" aria-hidden=\"true\" class=\"wp-block-spacer is-style-spacer-small\"><\/div>\n\n\n\n<div class=\"wp-block-group is-style-container-medium\"><div class=\"wp-block-group__inner-container is-layout-constrained wp-block-group-is-layout-constrained\">\n<div style=\"height:100px\" aria-hidden=\"true\" class=\"wp-block-spacer is-style-spacer-small\"><\/div>\n<\/div><\/div>\n\n\n\n<div class=\"wp-block-group is-style-container-medium\"><div class=\"wp-block-group__inner-container is-layout-constrained wp-block-group-is-layout-constrained\">\n<p>Principais atra\u00e7\u00f5es na Pol\u00f4nia<\/p>\n\n\n\n<div style=\"height:30px\" aria-hidden=\"true\" class=\"wp-block-spacer\"><\/div>\n\n\n\n  <div class=\"links-tiles links-tiles--row-1\" id=\"listing\">\n                      <div class=\"link-row\">\n    <a href=\"https:\/\/www.polonia.travel\/pt\/campo-de-concentracao-de-auschwitz-birkenau\/\" class=\"link-row__photo\">\n      <img loading=\"lazy\" decoding=\"async\" width=\"1170\" height=\"780\" src=\"https:\/\/www.polonia.travel\/pt\/wp-content\/uploads\/sites\/19\/2022\/12\/Plansza-2-Auschwitz-Birkenau-miniatura-2.jpg\" class=\"attachment-large size-large\" alt=\"\" srcset=\"https:\/\/www.polonia.travel\/pt\/wp-content\/uploads\/sites\/19\/2022\/12\/Plansza-2-Auschwitz-Birkenau-miniatura-2.jpg 1170w, https:\/\/www.polonia.travel\/pt\/wp-content\/uploads\/sites\/19\/2022\/12\/Plansza-2-Auschwitz-Birkenau-miniatura-2-600x400.jpg 600w, https:\/\/www.polonia.travel\/pt\/wp-content\/uploads\/sites\/19\/2022\/12\/Plansza-2-Auschwitz-Birkenau-miniatura-2-768x512.jpg 768w\" sizes=\"auto, (max-width: 1170px) 100vw, 1170px\" \/>    <\/a>\n    <div class=\"link-row__info\">\n            <div class=\"link-row__title\">\n        <a href=\"https:\/\/www.polonia.travel\/pt\/campo-de-concentracao-de-auschwitz-birkenau\/\">Campo de Concentra\u00e7\u00e3o de Auschwitz- Birkenau<\/a>\n      <\/div>\n      <div class=\"link-row__excerpt\">\n        Ali os hitleristas mataram durante a II Guerra Mundial centenas de milhares de judeus, polacos, ciganos e russos. No port\u00e3o de entrada para Auschwitz encontra-se uma inscri\u00e7\u00e3o escarnecedora \u201cArbeit macht frei\u201d (\u201cO trabalho liberta\u201d). Em princ\u00edpio, o campo era um lugar de trabalho escravo dos oponentes do regime hitlerista e dos povos dos pa\u00edses ocupados. [&hellip;]      <\/div>\n      <a href=\"https:\/\/www.polonia.travel\/pt\/campo-de-concentracao-de-auschwitz-birkenau\/\" class=\"link-row__more\">Ver mais<\/a>\n    <\/div>\n  <\/div>\n\n                              <div class=\"link-row\">\n    <a href=\"https:\/\/www.polonia.travel\/pt\/castelo-da-ordem-teutonica-em-malbork\/\" class=\"link-row__photo\">\n      <img loading=\"lazy\" decoding=\"async\" width=\"1170\" height=\"780\" src=\"https:\/\/www.polonia.travel\/pt\/wp-content\/uploads\/sites\/19\/2024\/04\/zamek_w_malborku_1170.jpg\" class=\"attachment-large size-large\" alt=\"\" srcset=\"https:\/\/www.polonia.travel\/pt\/wp-content\/uploads\/sites\/19\/2024\/04\/zamek_w_malborku_1170.jpg 1170w, https:\/\/www.polonia.travel\/pt\/wp-content\/uploads\/sites\/19\/2024\/04\/zamek_w_malborku_1170-600x400.jpg 600w, https:\/\/www.polonia.travel\/pt\/wp-content\/uploads\/sites\/19\/2024\/04\/zamek_w_malborku_1170-768x512.jpg 768w\" sizes=\"auto, (max-width: 1170px) 100vw, 1170px\" \/>    <\/a>\n    <div class=\"link-row__info\">\n            <div class=\"link-row__title\">\n        <a href=\"https:\/\/www.polonia.travel\/pt\/castelo-da-ordem-teutonica-em-malbork\/\">Castelo da Ordem Teut\u00f3nica em Malbork<\/a>\n      <\/div>\n      <div class=\"link-row__excerpt\">\n        A constru\u00e7\u00e3o do castelo iniciou-se no s\u00e9culo XIII, mas as maiores mudan\u00e7as na sua forma tiveram lugar no s\u00e9culo seguinte e estavam relacionadas com a decis\u00e3o de transfer\u00eancia da capital do Estado da Ordem Teut\u00f3nica e da sede do Grande Mestre de Veneza a Malbork que foi tomada em 1309. O edif\u00edcio est\u00e1 constitu\u00eddo por [&hellip;]      <\/div>\n      <a href=\"https:\/\/www.polonia.travel\/pt\/castelo-da-ordem-teutonica-em-malbork\/\" class=\"link-row__more\">Ver mais<\/a>\n    <\/div>\n  <\/div>\n\n                              <div class=\"link-row\">\n    <a href=\"https:\/\/www.polonia.travel\/pt\/cidade-velha-de-cracovia\/\" class=\"link-row__photo\">\n      <img loading=\"lazy\" decoding=\"async\" width=\"1170\" height=\"780\" src=\"https:\/\/www.polonia.travel\/pt\/wp-content\/uploads\/sites\/19\/2024\/04\/krakow_bazylika_mariacka_2_1170.jpg\" class=\"attachment-large size-large\" alt=\"\" srcset=\"https:\/\/www.polonia.travel\/pt\/wp-content\/uploads\/sites\/19\/2024\/04\/krakow_bazylika_mariacka_2_1170.jpg 1170w, https:\/\/www.polonia.travel\/pt\/wp-content\/uploads\/sites\/19\/2024\/04\/krakow_bazylika_mariacka_2_1170-600x400.jpg 600w, https:\/\/www.polonia.travel\/pt\/wp-content\/uploads\/sites\/19\/2024\/04\/krakow_bazylika_mariacka_2_1170-768x512.jpg 768w\" sizes=\"auto, (max-width: 1170px) 100vw, 1170px\" \/>    <\/a>\n    <div class=\"link-row__info\">\n            <div class=\"link-row__title\">\n        <a href=\"https:\/\/www.polonia.travel\/pt\/cidade-velha-de-cracovia\/\">Cidade Velha de Crac\u00f3via<\/a>\n      <\/div>\n      <div class=\"link-row__excerpt\">\n        A parte mais importante da Cidade Velha est\u00e1 ocupada pelo mercado, a maior pra\u00e7a da Europa medieval. \u00c9 aqui onde o cora\u00e7\u00e3o da cidade amada por estudantes e artistas bate. Desde h\u00e1 centenas de anos que a paisagem do mercado \u00e9 constitu\u00edda por Sukiennice com dezenas de stands, a Igreja da Nossa Senhora com o [&hellip;]      <\/div>\n      <a href=\"https:\/\/www.polonia.travel\/pt\/cidade-velha-de-cracovia\/\" class=\"link-row__more\">Ver mais<\/a>\n    <\/div>\n  <\/div>\n\n                              <div class=\"link-row\">\n    <a href=\"https:\/\/www.polonia.travel\/pt\/cidade-velha-de-varsovia\/\" class=\"link-row__photo\">\n      <img loading=\"lazy\" decoding=\"async\" width=\"1170\" height=\"780\" src=\"https:\/\/www.polonia.travel\/pt\/wp-content\/uploads\/sites\/19\/2024\/04\/warszawa_stare_miasto_barbakan_1170.jpg\" class=\"attachment-large size-large\" alt=\"\" srcset=\"https:\/\/www.polonia.travel\/pt\/wp-content\/uploads\/sites\/19\/2024\/04\/warszawa_stare_miasto_barbakan_1170.jpg 1170w, https:\/\/www.polonia.travel\/pt\/wp-content\/uploads\/sites\/19\/2024\/04\/warszawa_stare_miasto_barbakan_1170-600x400.jpg 600w, https:\/\/www.polonia.travel\/pt\/wp-content\/uploads\/sites\/19\/2024\/04\/warszawa_stare_miasto_barbakan_1170-768x512.jpg 768w\" sizes=\"auto, (max-width: 1170px) 100vw, 1170px\" \/>    <\/a>\n    <div class=\"link-row__info\">\n            <div class=\"link-row__title\">\n        <a href=\"https:\/\/www.polonia.travel\/pt\/cidade-velha-de-varsovia\/\">Cidade Velha de Vars\u00f3via<\/a>\n      <\/div>\n      <div class=\"link-row__excerpt\">\n        Hoje, olhando para estas constru\u00e7\u00f5es custa acreditar que h\u00e1 quase 70 anos no seu lugar encontravam-se apenas escombros. Durante a II Guerra Mundial quase toda a cidade foi arrasada, tendo apenas sido salva 15% do centro monumental de Vars\u00f3via. Os monumentos da Cidade Velha derrubados na sequ\u00eancia de bombardeamentos e explos\u00f5es, come\u00e7aram a ser cuidadosamente [&hellip;]      <\/div>\n      <a href=\"https:\/\/www.polonia.travel\/pt\/cidade-velha-de-varsovia\/\" class=\"link-row__more\">Ver mais<\/a>\n    <\/div>\n  <\/div>\n\n                              <div class=\"link-row\">\n    <a href=\"https:\/\/www.polonia.travel\/pt\/cidade-velha-de-zamosc\/\" class=\"link-row__photo\">\n      <img loading=\"lazy\" decoding=\"async\" width=\"1170\" height=\"780\" src=\"https:\/\/www.polonia.travel\/pt\/wp-content\/uploads\/sites\/19\/2023\/07\/Zamosc_1170.jpg\" class=\"attachment-large size-large\" alt=\"\" srcset=\"https:\/\/www.polonia.travel\/pt\/wp-content\/uploads\/sites\/19\/2023\/07\/Zamosc_1170.jpg 1170w, https:\/\/www.polonia.travel\/pt\/wp-content\/uploads\/sites\/19\/2023\/07\/Zamosc_1170-600x400.jpg 600w, https:\/\/www.polonia.travel\/pt\/wp-content\/uploads\/sites\/19\/2023\/07\/Zamosc_1170-768x512.jpg 768w\" sizes=\"auto, (max-width: 1170px) 100vw, 1170px\" \/>    <\/a>\n    <div class=\"link-row__info\">\n            <div class=\"link-row__title\">\n        <a href=\"https:\/\/www.polonia.travel\/pt\/cidade-velha-de-zamosc\/\">Cidade Velha de Zamo\u015b\u0107<\/a>\n      <\/div>\n      <div class=\"link-row__excerpt\">\n        Para poder realizar o sonho da constru\u00e7\u00e3o de uma cidade ideal conforme a conce\u00e7\u00e3o italiana, convidou o arquiteto italiano Bernardo Morando. Desta forma, foi criado um dos conjuntos urbanos e arquitet\u00f3nicos mais bonitos da Europa. Este encontra-se constitu\u00eddo por tr\u00eas mercados, um pal\u00e1cio, uma academia, uma c\u00e2mara municipal, um arsenal, um col\u00e9gio e casas nobres, [&hellip;]      <\/div>\n      <a href=\"https:\/\/www.polonia.travel\/pt\/cidade-velha-de-zamosc\/\" class=\"link-row__more\">Ver mais<\/a>\n    <\/div>\n  <\/div>\n\n                              <div class=\"link-row\">\n    <a href=\"https:\/\/www.polonia.travel\/pt\/conjunto-urbano-medieval-de-torun\/\" class=\"link-row__photo\">\n      <img loading=\"lazy\" decoding=\"async\" width=\"1170\" height=\"780\" src=\"https:\/\/www.polonia.travel\/pt\/wp-content\/uploads\/sites\/19\/2024\/04\/torun_stare_miasto_2_1170.jpg\" class=\"attachment-large size-large\" alt=\"\" srcset=\"https:\/\/www.polonia.travel\/pt\/wp-content\/uploads\/sites\/19\/2024\/04\/torun_stare_miasto_2_1170.jpg 1170w, https:\/\/www.polonia.travel\/pt\/wp-content\/uploads\/sites\/19\/2024\/04\/torun_stare_miasto_2_1170-600x400.jpg 600w, https:\/\/www.polonia.travel\/pt\/wp-content\/uploads\/sites\/19\/2024\/04\/torun_stare_miasto_2_1170-768x512.jpg 768w\" sizes=\"auto, (max-width: 1170px) 100vw, 1170px\" \/>    <\/a>\n    <div class=\"link-row__info\">\n            <div class=\"link-row__title\">\n        <a href=\"https:\/\/www.polonia.travel\/pt\/conjunto-urbano-medieval-de-torun\/\">Conjunto urbano medieval de Toru\u0144<\/a>\n      <\/div>\n      <div class=\"link-row__excerpt\">\n        Toru\u0144 deve a sua fama e os seus monumentos \u00e0 Ordem Teut\u00f3nica que, a partir de 1230, governou a cidade durante mais de 200 anos. Tinha a sua sede no castelo de Toru\u0144 cuja forma n\u00e3o era igual \u00e0 maioria de castelos teut\u00f3nicos, ou seja, n\u00e3o foi constru\u00eddo no em ret\u00e2ngulo mas em forma de [&hellip;]      <\/div>\n      <a href=\"https:\/\/www.polonia.travel\/pt\/conjunto-urbano-medieval-de-torun\/\" class=\"link-row__more\">Ver mais<\/a>\n    <\/div>\n  <\/div>\n\n                              <div class=\"link-row\">\n    <a href=\"https:\/\/www.polonia.travel\/pt\/minas-de-sal-reais-de-wieliczka-e-bochnia\/\" class=\"link-row__photo\">\n      <img loading=\"lazy\" decoding=\"async\" width=\"1170\" height=\"780\" src=\"https:\/\/www.polonia.travel\/pt\/wp-content\/uploads\/sites\/19\/2022\/12\/bochnia_10_1170.jpg\" class=\"attachment-large size-large\" alt=\"\" srcset=\"https:\/\/www.polonia.travel\/pt\/wp-content\/uploads\/sites\/19\/2022\/12\/bochnia_10_1170.jpg 1170w, https:\/\/www.polonia.travel\/pt\/wp-content\/uploads\/sites\/19\/2022\/12\/bochnia_10_1170-600x400.jpg 600w, https:\/\/www.polonia.travel\/pt\/wp-content\/uploads\/sites\/19\/2022\/12\/bochnia_10_1170-768x512.jpg 768w\" sizes=\"auto, (max-width: 1170px) 100vw, 1170px\" \/>    <\/a>\n    <div class=\"link-row__info\">\n            <div class=\"link-row__title\">\n        <a href=\"https:\/\/www.polonia.travel\/pt\/minas-de-sal-reais-de-wieliczka-e-bochnia\/\">Minas de Sal Reais de Wieliczka e Bochnia<\/a>\n      <\/div>\n      <div class=\"link-row__excerpt\">\n        \u00c9 a empresa mais antiga a operar no mundo. O sal \u00e9 continuamente extra\u00eddo desde o s\u00e9culo XIII. A mina tem 9 n\u00edveis que se encontram de 64 a 327 metros debaixo da terra. O labirinto de passagens e c\u00e2maras subterr\u00e2neas tem no total 350 km, mas apenas 2 km est\u00e3o abertos aos visitantes. Esta [&hellip;]      <\/div>\n      <a href=\"https:\/\/www.polonia.travel\/pt\/minas-de-sal-reais-de-wieliczka-e-bochnia\/\" class=\"link-row__more\">Ver mais<\/a>\n    <\/div>\n  <\/div>\n\n                              <div class=\"link-row\">\n    <a href=\"https:\/\/www.polonia.travel\/pt\/pavilhao-popular-de-wroclaw\/\" class=\"link-row__photo\">\n      <img loading=\"lazy\" decoding=\"async\" width=\"1200\" height=\"498\" src=\"https:\/\/www.polonia.travel\/pt\/wp-content\/uploads\/sites\/19\/2023\/02\/00016_4027_Wroclaw_Hala_Stulecia_KK_HR-1200x498.jpg\" class=\"attachment-large size-large\" alt=\"\" srcset=\"https:\/\/www.polonia.travel\/pt\/wp-content\/uploads\/sites\/19\/2023\/02\/00016_4027_Wroclaw_Hala_Stulecia_KK_HR-1200x498.jpg 1200w, https:\/\/www.polonia.travel\/pt\/wp-content\/uploads\/sites\/19\/2023\/02\/00016_4027_Wroclaw_Hala_Stulecia_KK_HR-600x249.jpg 600w, https:\/\/www.polonia.travel\/pt\/wp-content\/uploads\/sites\/19\/2023\/02\/00016_4027_Wroclaw_Hala_Stulecia_KK_HR-768x318.jpg 768w, https:\/\/www.polonia.travel\/pt\/wp-content\/uploads\/sites\/19\/2023\/02\/00016_4027_Wroclaw_Hala_Stulecia_KK_HR-1536x637.jpg 1536w, https:\/\/www.polonia.travel\/pt\/wp-content\/uploads\/sites\/19\/2023\/02\/00016_4027_Wroclaw_Hala_Stulecia_KK_HR.jpg 1920w\" sizes=\"auto, (max-width: 1200px) 100vw, 1200px\" \/>    <\/a>\n    <div class=\"link-row__info\">\n            <div class=\"link-row__title\">\n        <a href=\"https:\/\/www.polonia.travel\/pt\/pavilhao-popular-de-wroclaw\/\">Pavilh\u00e3o Popular de Wroclaw<\/a>\n      <\/div>\n      <div class=\"link-row__excerpt\">\n        Este edif\u00edcio \u00e9 um exemplo de conquistas pioneiras de engenharia e de arquitetura do s\u00e9culo XX. \u00c9 considerado um exemplo padr\u00e3o do modernismo na arquitetura. Desde a sua inaugura\u00e7\u00e3o ficou famoso gra\u00e7as ao uso de bet\u00e3o armado, uma solu\u00e7\u00e3o inovadora no in\u00edcio do s\u00e9culo XX. Tornou-se num dos pontos de refer\u00eancia da hist\u00f3ria no uso [&hellip;]      <\/div>\n      <a href=\"https:\/\/www.polonia.travel\/pt\/pavilhao-popular-de-wroclaw\/\" class=\"link-row__more\">Ver mais<\/a>\n    <\/div>\n  <\/div>\n\n                              <div class=\"link-row\">\n    <a href=\"https:\/\/www.polonia.travel\/pt\/puszcza-bialowieska-parque-nacional-de-bialowieza\/\" class=\"link-row__photo\">\n      <img loading=\"lazy\" decoding=\"async\" width=\"1170\" height=\"780\" src=\"https:\/\/www.polonia.travel\/pt\/wp-content\/uploads\/sites\/19\/2023\/07\/bialowieza-pn-1.jpg\" class=\"attachment-large size-large\" alt=\"\" srcset=\"https:\/\/www.polonia.travel\/pt\/wp-content\/uploads\/sites\/19\/2023\/07\/bialowieza-pn-1.jpg 1170w, https:\/\/www.polonia.travel\/pt\/wp-content\/uploads\/sites\/19\/2023\/07\/bialowieza-pn-1-600x400.jpg 600w, https:\/\/www.polonia.travel\/pt\/wp-content\/uploads\/sites\/19\/2023\/07\/bialowieza-pn-1-768x512.jpg 768w\" sizes=\"auto, (max-width: 1170px) 100vw, 1170px\" \/>    <\/a>\n    <div class=\"link-row__info\">\n            <div class=\"link-row__title\">\n        <a href=\"https:\/\/www.polonia.travel\/pt\/puszcza-bialowieska-parque-nacional-de-bialowieza\/\">Puszcza Bia\u0142owieska (Parque Nacional de Bia\u0142owie\u017ca)<\/a>\n      <\/div>\n      <div class=\"link-row__excerpt\">\n        Encontra-se no territ\u00f3rio polaco e bielorrusso. A zona inscrita na lista da UNESCO estende-se numa superf\u00edcie que conta com 141 885 ha. Na floresta crescem at\u00e9 26 esp\u00e9cies de \u00e1rvores, cada uma com uma m\u00e9dia 130 anos. Muitas podem ser encontradas apenas neste terreno porque noutras regi\u00f5es foram extinguidas. Os habitantes mais famosos do parque [&hellip;]      <\/div>\n      <a href=\"https:\/\/www.polonia.travel\/pt\/puszcza-bialowieska-parque-nacional-de-bialowieza\/\" class=\"link-row__more\">Ver mais<\/a>\n    <\/div>\n  <\/div>\n\n              <\/div>\n  \n\n\n\n<div style=\"height:29px\" aria-hidden=\"true\" class=\"wp-block-spacer is-style-spacer-small\"><\/div>\n<\/div><\/div>\n\n\n\n<div class=\"wp-block-group is-style-container\"><div class=\"wp-block-group__inner-container is-layout-constrained wp-block-group-is-layout-constrained\">  <div class=\"gallery-tiles gallery-tiles--rows-2-3 lightgallery\">\r\n          <a href=\"https:\/\/www.polonia.travel\/pt\/wp-content\/uploads\/sites\/19\/2023\/02\/206197146_Warszawa_plac_zamkowy_Adobe-xl.jpg\" class=\"gallery-tiles__item\" data-src=\"https:\/\/www.polonia.travel\/pt\/wp-content\/uploads\/sites\/19\/2023\/02\/206197146_Warszawa_plac_zamkowy_Adobe-xl.jpg\"\r\n        aria-label=\"Otw\u00f3rz powi\u0119kszone zdj\u0119cie: Castle Square in Warsaw on the Royal Route\">\r\n        <img loading=\"lazy\" decoding=\"async\" width=\"1200\" height=\"733\" src=\"https:\/\/www.polonia.travel\/pt\/wp-content\/uploads\/sites\/19\/2023\/02\/206197146_Warszawa_plac_zamkowy_Adobe-xl-1200x733.jpg\" class=\"gallery-tiles__thumb\" alt=\"Castle Square in Warsaw on the Royal Route\" srcset=\"https:\/\/www.polonia.travel\/pt\/wp-content\/uploads\/sites\/19\/2023\/02\/206197146_Warszawa_plac_zamkowy_Adobe-xl-1200x733.jpg 1200w, https:\/\/www.polonia.travel\/pt\/wp-content\/uploads\/sites\/19\/2023\/02\/206197146_Warszawa_plac_zamkowy_Adobe-xl-600x367.jpg 600w, https:\/\/www.polonia.travel\/pt\/wp-content\/uploads\/sites\/19\/2023\/02\/206197146_Warszawa_plac_zamkowy_Adobe-xl-768x469.jpg 768w, https:\/\/www.polonia.travel\/pt\/wp-content\/uploads\/sites\/19\/2023\/02\/206197146_Warszawa_plac_zamkowy_Adobe-xl.jpg 1224w\" sizes=\"auto, (max-width: 1200px) 100vw, 1200px\" \/>      <\/a>\r\n          <a href=\"https:\/\/www.polonia.travel\/pt\/wp-content\/uploads\/sites\/19\/2022\/12\/krakow_wawel_2_1170-3.jpg\" class=\"gallery-tiles__item\" data-src=\"https:\/\/www.polonia.travel\/pt\/wp-content\/uploads\/sites\/19\/2022\/12\/krakow_wawel_2_1170-3.jpg\"\r\n        aria-label=\"Otw\u00f3rz powi\u0119kszone zdj\u0119cie: Wawel Hill in Krakow\">\r\n        <img loading=\"lazy\" decoding=\"async\" width=\"1170\" height=\"780\" src=\"https:\/\/www.polonia.travel\/pt\/wp-content\/uploads\/sites\/19\/2022\/12\/krakow_wawel_2_1170-3.jpg\" class=\"gallery-tiles__thumb\" alt=\"Wawel Hill in Krakow\" srcset=\"https:\/\/www.polonia.travel\/pt\/wp-content\/uploads\/sites\/19\/2022\/12\/krakow_wawel_2_1170-3.jpg 1170w, https:\/\/www.polonia.travel\/pt\/wp-content\/uploads\/sites\/19\/2022\/12\/krakow_wawel_2_1170-3-600x400.jpg 600w, https:\/\/www.polonia.travel\/pt\/wp-content\/uploads\/sites\/19\/2022\/12\/krakow_wawel_2_1170-3-768x512.jpg 768w\" sizes=\"auto, (max-width: 1170px) 100vw, 1170px\" \/>      <\/a>\r\n          <a href=\"https:\/\/www.polonia.travel\/pt\/wp-content\/uploads\/sites\/19\/2022\/12\/Wroclaw_rynek-1.jpg\" class=\"gallery-tiles__item\" data-src=\"https:\/\/www.polonia.travel\/pt\/wp-content\/uploads\/sites\/19\/2022\/12\/Wroclaw_rynek-1.jpg\"\r\n        aria-label=\"Otw\u00f3rz powi\u0119kszone zdj\u0119cie: Market Square in the Old Town in Wroc\u0142aw\">\r\n        <img loading=\"lazy\" decoding=\"async\" width=\"1170\" height=\"780\" src=\"https:\/\/www.polonia.travel\/pt\/wp-content\/uploads\/sites\/19\/2022\/12\/Wroclaw_rynek-1.jpg\" class=\"gallery-tiles__thumb\" alt=\"Market Square in the Old Town in Wroc\u0142aw\" srcset=\"https:\/\/www.polonia.travel\/pt\/wp-content\/uploads\/sites\/19\/2022\/12\/Wroclaw_rynek-1.jpg 1170w, https:\/\/www.polonia.travel\/pt\/wp-content\/uploads\/sites\/19\/2022\/12\/Wroclaw_rynek-1-600x400.jpg 600w, https:\/\/www.polonia.travel\/pt\/wp-content\/uploads\/sites\/19\/2022\/12\/Wroclaw_rynek-1-768x512.jpg 768w\" sizes=\"auto, (max-width: 1170px) 100vw, 1170px\" \/>      <\/a>\r\n          <a href=\"https:\/\/www.polonia.travel\/pt\/wp-content\/uploads\/sites\/19\/2022\/12\/torun_panorama_wisla_1170.jpg\" class=\"gallery-tiles__item\" data-src=\"https:\/\/www.polonia.travel\/pt\/wp-content\/uploads\/sites\/19\/2022\/12\/torun_panorama_wisla_1170.jpg\"\r\n        aria-label=\"Otw\u00f3rz powi\u0119kszone zdj\u0119cie: Panorama of the Old Town in Toru\u0144\">\r\n        <img loading=\"lazy\" decoding=\"async\" width=\"1170\" height=\"780\" src=\"https:\/\/www.polonia.travel\/pt\/wp-content\/uploads\/sites\/19\/2022\/12\/torun_panorama_wisla_1170.jpg\" class=\"gallery-tiles__thumb\" alt=\"Panorama of the Old Town in Toru\u0144\" srcset=\"https:\/\/www.polonia.travel\/pt\/wp-content\/uploads\/sites\/19\/2022\/12\/torun_panorama_wisla_1170.jpg 1170w, https:\/\/www.polonia.travel\/pt\/wp-content\/uploads\/sites\/19\/2022\/12\/torun_panorama_wisla_1170-600x400.jpg 600w, https:\/\/www.polonia.travel\/pt\/wp-content\/uploads\/sites\/19\/2022\/12\/torun_panorama_wisla_1170-768x512.jpg 768w\" sizes=\"auto, (max-width: 1170px) 100vw, 1170px\" \/>      <\/a>\r\n          <a href=\"https:\/\/www.polonia.travel\/pt\/wp-content\/uploads\/sites\/19\/2022\/12\/zamosc_2_1170.jpg\" class=\"gallery-tiles__item\" data-src=\"https:\/\/www.polonia.travel\/pt\/wp-content\/uploads\/sites\/19\/2022\/12\/zamosc_2_1170.jpg\"\r\n        aria-label=\"Otw\u00f3rz powi\u0119kszone zdj\u0119cie: The Great Market Square in the Old Town of Zamo\u015b\u0107\">\r\n        <img loading=\"lazy\" decoding=\"async\" width=\"1170\" height=\"780\" src=\"https:\/\/www.polonia.travel\/pt\/wp-content\/uploads\/sites\/19\/2022\/12\/zamosc_2_1170.jpg\" class=\"gallery-tiles__thumb\" alt=\"The Great Market Square in the Old Town of Zamo\u015b\u0107\" srcset=\"https:\/\/www.polonia.travel\/pt\/wp-content\/uploads\/sites\/19\/2022\/12\/zamosc_2_1170.jpg 1170w, https:\/\/www.polonia.travel\/pt\/wp-content\/uploads\/sites\/19\/2022\/12\/zamosc_2_1170-600x400.jpg 600w, https:\/\/www.polonia.travel\/pt\/wp-content\/uploads\/sites\/19\/2022\/12\/zamosc_2_1170-768x512.jpg 768w\" sizes=\"auto, (max-width: 1170px) 100vw, 1170px\" \/>      <\/a>\r\n          <a href=\"https:\/\/www.polonia.travel\/pt\/wp-content\/uploads\/sites\/19\/2022\/12\/kopalnia_soli_wieliczka_1170.jpg\" class=\"gallery-tiles__item\" data-src=\"https:\/\/www.polonia.travel\/pt\/wp-content\/uploads\/sites\/19\/2022\/12\/kopalnia_soli_wieliczka_1170.jpg\"\r\n        aria-label=\"Otw\u00f3rz powi\u0119kszone zdj\u0119cie: Wieliczka\">\r\n        <img loading=\"lazy\" decoding=\"async\" width=\"1170\" height=\"780\" src=\"https:\/\/www.polonia.travel\/pt\/wp-content\/uploads\/sites\/19\/2022\/12\/kopalnia_soli_wieliczka_1170.jpg\" class=\"gallery-tiles__thumb\" alt=\"Wieliczka\" srcset=\"https:\/\/www.polonia.travel\/pt\/wp-content\/uploads\/sites\/19\/2022\/12\/kopalnia_soli_wieliczka_1170.jpg 1170w, https:\/\/www.polonia.travel\/pt\/wp-content\/uploads\/sites\/19\/2022\/12\/kopalnia_soli_wieliczka_1170-600x400.jpg 600w, https:\/\/www.polonia.travel\/pt\/wp-content\/uploads\/sites\/19\/2022\/12\/kopalnia_soli_wieliczka_1170-768x512.jpg 768w\" sizes=\"auto, (max-width: 1170px) 100vw, 1170px\" \/>      <\/a>\r\n          <a href=\"https:\/\/www.polonia.travel\/pt\/wp-content\/uploads\/sites\/19\/2022\/12\/zamek_w_malborku_1170-2.jpg\" class=\"gallery-tiles__item\" data-src=\"https:\/\/www.polonia.travel\/pt\/wp-content\/uploads\/sites\/19\/2022\/12\/zamek_w_malborku_1170-2.jpg\"\r\n        aria-label=\"Otw\u00f3rz powi\u0119kszone zdj\u0119cie: Castle in Malbork\">\r\n        <img loading=\"lazy\" decoding=\"async\" width=\"1170\" height=\"780\" src=\"https:\/\/www.polonia.travel\/pt\/wp-content\/uploads\/sites\/19\/2022\/12\/zamek_w_malborku_1170-2.jpg\" class=\"gallery-tiles__thumb\" alt=\"Castle in Malbork\" srcset=\"https:\/\/www.polonia.travel\/pt\/wp-content\/uploads\/sites\/19\/2022\/12\/zamek_w_malborku_1170-2.jpg 1170w, https:\/\/www.polonia.travel\/pt\/wp-content\/uploads\/sites\/19\/2022\/12\/zamek_w_malborku_1170-2-600x400.jpg 600w, https:\/\/www.polonia.travel\/pt\/wp-content\/uploads\/sites\/19\/2022\/12\/zamek_w_malborku_1170-2-768x512.jpg 768w\" sizes=\"auto, (max-width: 1170px) 100vw, 1170px\" \/>      <\/a>\r\n          <a href=\"https:\/\/www.polonia.travel\/pt\/wp-content\/uploads\/sites\/19\/2022\/12\/tatry_czarnostawianska_siklawa_i_morskie_oko_1170.jpg\" class=\"gallery-tiles__item\" data-src=\"https:\/\/www.polonia.travel\/pt\/wp-content\/uploads\/sites\/19\/2022\/12\/tatry_czarnostawianska_siklawa_i_morskie_oko_1170.jpg\"\r\n        aria-label=\"Otw\u00f3rz powi\u0119kszone zdj\u0119cie: Morskie Oko in the Tatra National Park\">\r\n        <img loading=\"lazy\" decoding=\"async\" width=\"1170\" height=\"780\" src=\"https:\/\/www.polonia.travel\/pt\/wp-content\/uploads\/sites\/19\/2022\/12\/tatry_czarnostawianska_siklawa_i_morskie_oko_1170.jpg\" class=\"gallery-tiles__thumb\" alt=\"Morskie Oko in the Tatra National Park\" srcset=\"https:\/\/www.polonia.travel\/pt\/wp-content\/uploads\/sites\/19\/2022\/12\/tatry_czarnostawianska_siklawa_i_morskie_oko_1170.jpg 1170w, https:\/\/www.polonia.travel\/pt\/wp-content\/uploads\/sites\/19\/2022\/12\/tatry_czarnostawianska_siklawa_i_morskie_oko_1170-600x400.jpg 600w, https:\/\/www.polonia.travel\/pt\/wp-content\/uploads\/sites\/19\/2022\/12\/tatry_czarnostawianska_siklawa_i_morskie_oko_1170-768x512.jpg 768w\" sizes=\"auto, (max-width: 1170px) 100vw, 1170px\" \/>      <\/a>\r\n          <a href=\"https:\/\/www.polonia.travel\/pt\/wp-content\/uploads\/sites\/19\/2022\/12\/mazury_mragowo_jezioro_czos_1170.jpg\" class=\"gallery-tiles__item\" data-src=\"https:\/\/www.polonia.travel\/pt\/wp-content\/uploads\/sites\/19\/2022\/12\/mazury_mragowo_jezioro_czos_1170.jpg\"\r\n        aria-label=\"Otw\u00f3rz powi\u0119kszone zdj\u0119cie: Lake Czos\">\r\n        <img loading=\"lazy\" decoding=\"async\" width=\"1170\" height=\"780\" src=\"https:\/\/www.polonia.travel\/pt\/wp-content\/uploads\/sites\/19\/2022\/12\/mazury_mragowo_jezioro_czos_1170.jpg\" class=\"gallery-tiles__thumb\" alt=\"Lake Czos\" srcset=\"https:\/\/www.polonia.travel\/pt\/wp-content\/uploads\/sites\/19\/2022\/12\/mazury_mragowo_jezioro_czos_1170.jpg 1170w, https:\/\/www.polonia.travel\/pt\/wp-content\/uploads\/sites\/19\/2022\/12\/mazury_mragowo_jezioro_czos_1170-600x400.jpg 600w, https:\/\/www.polonia.travel\/pt\/wp-content\/uploads\/sites\/19\/2022\/12\/mazury_mragowo_jezioro_czos_1170-768x512.jpg 768w\" sizes=\"auto, (max-width: 1170px) 100vw, 1170px\" \/>      <\/a>\r\n          <a href=\"https:\/\/www.polonia.travel\/pt\/wp-content\/uploads\/sites\/19\/2022\/12\/miejsce_mocy_bialowieza_1170.jpg\" class=\"gallery-tiles__item\" data-src=\"https:\/\/www.polonia.travel\/pt\/wp-content\/uploads\/sites\/19\/2022\/12\/miejsce_mocy_bialowieza_1170.jpg\"\r\n        aria-label=\"Otw\u00f3rz powi\u0119kszone zdj\u0119cie: Place of Power in the Bia\u0142owie\u017ca Forest\">\r\n        <img loading=\"lazy\" decoding=\"async\" width=\"1170\" height=\"780\" src=\"https:\/\/www.polonia.travel\/pt\/wp-content\/uploads\/sites\/19\/2022\/12\/miejsce_mocy_bialowieza_1170.jpg\" class=\"gallery-tiles__thumb\" alt=\"Place of Power in the Bia\u0142owie\u017ca Forest\" srcset=\"https:\/\/www.polonia.travel\/pt\/wp-content\/uploads\/sites\/19\/2022\/12\/miejsce_mocy_bialowieza_1170.jpg 1170w, https:\/\/www.polonia.travel\/pt\/wp-content\/uploads\/sites\/19\/2022\/12\/miejsce_mocy_bialowieza_1170-600x400.jpg 600w, https:\/\/www.polonia.travel\/pt\/wp-content\/uploads\/sites\/19\/2022\/12\/miejsce_mocy_bialowieza_1170-768x512.jpg 768w\" sizes=\"auto, (max-width: 1170px) 100vw, 1170px\" \/>      <\/a>\r\n      <\/div>\r\n<\/div><\/div>\n\n\n\n<div style=\"height:100px\" aria-hidden=\"true\" class=\"wp-block-spacer\"><\/div>\n","protected":false},"excerpt":{"rendered":"<p>Principais atra\u00e7\u00f5es na Pol\u00f4nia<\/p>\n","protected":false},"author":3,"featured_media":0,"parent":0,"menu_order":0,"comment_status":"closed","ping_status":"closed","template":"","meta":{"_acf_changed":false,"footnotes":""},"class_list":["post-23159","page","type-page","status-publish","hentry"],"acf":[],"yoast_head":"<!-- This site is optimized with the Yoast SEO plugin v27.4 - https:\/\/yoast.com\/product\/yoast-seo-wordpress\/ -->\n<title>Principais atra\u00e7\u00f5es - Polonia Travel (PT)<\/title>\n<meta name=\"robots\" content=\"index, follow, max-snippet:-1, max-image-preview:large, max-video-preview:-1\" \/>\n<link rel=\"canonical\" href=\"https:\/\/wp-pt.poland.travel\/principais-atracoes\/\" \/>\n<meta property=\"og:locale\" content=\"pl_PL\" \/>\n<meta property=\"og:type\" content=\"article\" \/>\n<meta property=\"og:title\" content=\"Principais atra\u00e7\u00f5es - Polonia Travel (PT)\" \/>\n<meta property=\"og:description\" content=\"Principais atra\u00e7\u00f5es na Pol\u00f4nia\" \/>\n<meta property=\"og:url\" content=\"https:\/\/wp-pt.poland.travel\/principais-atracoes\/\" \/>\n<meta property=\"og:site_name\" content=\"Polonia Travel (PT)\" \/>\n<meta property=\"article:modified_time\" content=\"2024-07-12T09:35:28+00:00\" \/>\n<meta name=\"twitter:card\" content=\"summary_large_image\" \/>\n<script type=\"application\/ld+json\" class=\"yoast-schema-graph\">{\"@context\":\"https:\\\/\\\/schema.org\",\"@graph\":[{\"@type\":\"WebPage\",\"@id\":\"https:\\\/\\\/wp-pt.poland.travel\\\/principais-atracoes\\\/\",\"url\":\"https:\\\/\\\/wp-pt.poland.travel\\\/principais-atracoes\\\/\",\"name\":\"Principais atra\u00e7\u00f5es - Polonia Travel (PT)\",\"isPartOf\":{\"@id\":\"https:\\\/\\\/wp-pt.poland.travel\\\/#website\"},\"datePublished\":\"2023-04-07T08:27:05+00:00\",\"dateModified\":\"2024-07-12T09:35:28+00:00\",\"breadcrumb\":{\"@id\":\"https:\\\/\\\/wp-pt.poland.travel\\\/principais-atracoes\\\/#breadcrumb\"},\"inLanguage\":\"pl-PL\",\"potentialAction\":[{\"@type\":\"ReadAction\",\"target\":[\"https:\\\/\\\/wp-pt.poland.travel\\\/principais-atracoes\\\/\"]}]},{\"@type\":\"BreadcrumbList\",\"@id\":\"https:\\\/\\\/wp-pt.poland.travel\\\/principais-atracoes\\\/#breadcrumb\",\"itemListElement\":[{\"@type\":\"ListItem\",\"position\":1,\"name\":\"Home page\",\"item\":\"https:\\\/\\\/www.polonia.travel\\\/pt\\\/\"},{\"@type\":\"ListItem\",\"position\":2,\"name\":\"Principais atra\u00e7\u00f5es\"}]},{\"@type\":\"WebSite\",\"@id\":\"https:\\\/\\\/wp-pt.poland.travel\\\/#website\",\"url\":\"https:\\\/\\\/wp-pt.poland.travel\\\/\",\"name\":\"Polonia Travel (PT)\",\"description\":\"...\",\"publisher\":{\"@id\":\"https:\\\/\\\/wp-pt.poland.travel\\\/#organization\"},\"potentialAction\":[{\"@type\":\"SearchAction\",\"target\":{\"@type\":\"EntryPoint\",\"urlTemplate\":\"https:\\\/\\\/wp-pt.poland.travel\\\/?s={search_term_string}\"},\"query-input\":{\"@type\":\"PropertyValueSpecification\",\"valueRequired\":true,\"valueName\":\"search_term_string\"}}],\"inLanguage\":\"pl-PL\"},{\"@type\":\"Organization\",\"@id\":\"https:\\\/\\\/wp-pt.poland.travel\\\/#organization\",\"name\":\"Polonia Travel (PT)\",\"url\":\"https:\\\/\\\/wp-pt.poland.travel\\\/\",\"logo\":{\"@type\":\"ImageObject\",\"inLanguage\":\"pl-PL\",\"@id\":\"https:\\\/\\\/wp-pt.poland.travel\\\/#\\\/schema\\\/logo\\\/image\\\/\",\"url\":\"https:\\\/\\\/en-en.polska.travel\\\/wp-content\\\/uploads\\\/sites\\\/19\\\/2022\\\/11\\\/logo.svg\",\"contentUrl\":\"https:\\\/\\\/en-en.polska.travel\\\/wp-content\\\/uploads\\\/sites\\\/19\\\/2022\\\/11\\\/logo.svg\",\"width\":198,\"height\":96,\"caption\":\"Polonia Travel (PT)\"},\"image\":{\"@id\":\"https:\\\/\\\/wp-pt.poland.travel\\\/#\\\/schema\\\/logo\\\/image\\\/\"}}]}<\/script>\n<!-- \/ Yoast SEO plugin. -->","yoast_head_json":{"title":"Principais atra\u00e7\u00f5es - Polonia Travel (PT)","robots":{"index":"index","follow":"follow","max-snippet":"max-snippet:-1","max-image-preview":"max-image-preview:large","max-video-preview":"max-video-preview:-1"},"canonical":"https:\/\/wp-pt.poland.travel\/principais-atracoes\/","og_locale":"pl_PL","og_type":"article","og_title":"Principais atra\u00e7\u00f5es - Polonia Travel (PT)","og_description":"Principais atra\u00e7\u00f5es na Pol\u00f4nia","og_url":"https:\/\/wp-pt.poland.travel\/principais-atracoes\/","og_site_name":"Polonia Travel (PT)","article_modified_time":"2024-07-12T09:35:28+00:00","twitter_card":"summary_large_image","schema":{"@context":"https:\/\/schema.org","@graph":[{"@type":"WebPage","@id":"https:\/\/wp-pt.poland.travel\/principais-atracoes\/","url":"https:\/\/wp-pt.poland.travel\/principais-atracoes\/","name":"Principais atra\u00e7\u00f5es - Polonia Travel (PT)","isPartOf":{"@id":"https:\/\/wp-pt.poland.travel\/#website"},"datePublished":"2023-04-07T08:27:05+00:00","dateModified":"2024-07-12T09:35:28+00:00","breadcrumb":{"@id":"https:\/\/wp-pt.poland.travel\/principais-atracoes\/#breadcrumb"},"inLanguage":"pl-PL","potentialAction":[{"@type":"ReadAction","target":["https:\/\/wp-pt.poland.travel\/principais-atracoes\/"]}]},{"@type":"BreadcrumbList","@id":"https:\/\/wp-pt.poland.travel\/principais-atracoes\/#breadcrumb","itemListElement":[{"@type":"ListItem","position":1,"name":"Home page","item":"https:\/\/www.polonia.travel\/pt\/"},{"@type":"ListItem","position":2,"name":"Principais atra\u00e7\u00f5es"}]},{"@type":"WebSite","@id":"https:\/\/wp-pt.poland.travel\/#website","url":"https:\/\/wp-pt.poland.travel\/","name":"Polonia Travel (PT)","description":"...","publisher":{"@id":"https:\/\/wp-pt.poland.travel\/#organization"},"potentialAction":[{"@type":"SearchAction","target":{"@type":"EntryPoint","urlTemplate":"https:\/\/wp-pt.poland.travel\/?s={search_term_string}"},"query-input":{"@type":"PropertyValueSpecification","valueRequired":true,"valueName":"search_term_string"}}],"inLanguage":"pl-PL"},{"@type":"Organization","@id":"https:\/\/wp-pt.poland.travel\/#organization","name":"Polonia Travel (PT)","url":"https:\/\/wp-pt.poland.travel\/","logo":{"@type":"ImageObject","inLanguage":"pl-PL","@id":"https:\/\/wp-pt.poland.travel\/#\/schema\/logo\/image\/","url":"https:\/\/en-en.polska.travel\/wp-content\/uploads\/sites\/19\/2022\/11\/logo.svg","contentUrl":"https:\/\/en-en.polska.travel\/wp-content\/uploads\/sites\/19\/2022\/11\/logo.svg","width":198,"height":96,"caption":"Polonia Travel (PT)"},"image":{"@id":"https:\/\/wp-pt.poland.travel\/#\/schema\/logo\/image\/"}}]}},"_links":{"self":[{"href":"https:\/\/www.polonia.travel\/pt\/wp-json\/wp\/v2\/pages\/23159","targetHints":{"allow":["GET"]}}],"collection":[{"href":"https:\/\/www.polonia.travel\/pt\/wp-json\/wp\/v2\/pages"}],"about":[{"href":"https:\/\/www.polonia.travel\/pt\/wp-json\/wp\/v2\/types\/page"}],"author":[{"embeddable":true,"href":"https:\/\/www.polonia.travel\/pt\/wp-json\/wp\/v2\/users\/3"}],"replies":[{"embeddable":true,"href":"https:\/\/www.polonia.travel\/pt\/wp-json\/wp\/v2\/comments?post=23159"}],"version-history":[{"count":178,"href":"https:\/\/www.polonia.travel\/pt\/wp-json\/wp\/v2\/pages\/23159\/revisions"}],"predecessor-version":[{"id":32130,"href":"https:\/\/www.polonia.travel\/pt\/wp-json\/wp\/v2\/pages\/23159\/revisions\/32130"}],"wp:attachment":[{"href":"https:\/\/www.polonia.travel\/pt\/wp-json\/wp\/v2\/media?parent=23159"}],"curies":[{"name":"wp","href":"https:\/\/api.w.org\/{rel}","templated":true}]}}