{"id":20335,"date":"2023-02-10T13:20:05","date_gmt":"2023-02-10T12:20:05","guid":{"rendered":"https:\/\/en-en.polska.travel\/?page_id=20335"},"modified":"2024-07-12T11:42:53","modified_gmt":"2024-07-12T09:42:53","slug":"unesco","status":"publish","type":"page","link":"https:\/\/www.polonia.travel\/pt\/unesco\/","title":{"rendered":"UNESCO"},"content":{"rendered":"\n<div class=\"wp-block-group is-style-container\"><div class=\"wp-block-group__inner-container is-layout-constrained wp-block-group-is-layout-constrained\">\n<h2 class=\"wp-block-heading\">UNESCO<\/h2>\n\n\n\n<p>Heran\u00e7a Mundial da UNESCO<\/p>\n\n\n\n<p>Apresentamos aqui os lugares inscritos na lista do Patrim\u00f3nio Mundial da UNESCO na Pol\u00f3nia at\u00e9 2019. S\u00e3o monumentos com caracter\u00edsticas diferentes, desde complexos urbanos hist\u00f3ricos, como a cidade velha de Crac\u00f3via, inscrita na primeira da UNESCO publicada em 1978, uma mina de sal (Wieliczka tamb\u00e9m foi inscrita na primeira lista da UNESCO), passando pela arquitetura de madeira e terminando nos parques nacionais.<\/p>\n\n\n  <div class=\"map-points random\">\r\n    <div class=\"map-points__text-list sr-only\" aria-label=\"Lista punkt\u00f3w na mapie\">\r\n      <h3>Dost\u0119pne punkty na mapie:<\/h3>\r\n      <ul>\r\n                  <li>\r\n            <button type=\"button\" class=\"map-text-point\" data-id=\"32340\"\r\n              aria-describedby=\"mpi-32340\">\r\n              Faiais prim\u00e1rios dos C\u00e1rpatos e outras regi\u00f5es da Europa            <\/button>\r\n          <\/li>\r\n                  <li>\r\n            <button type=\"button\" class=\"map-text-point\" data-id=\"22180\"\r\n              aria-describedby=\"mpi-22180\">\r\n              Igrejas de madeira no sul da regi\u00e3o de Ma\u0142opolska \u2013 Binarowa, Blizne, D\u0119bno, Hacz\u00f3w, Lipnica Murowana, S\u0119kowa            <\/button>\r\n          <\/li>\r\n                  <li>\r\n            <button type=\"button\" class=\"map-text-point\" data-id=\"22127\"\r\n              aria-describedby=\"mpi-22127\">\r\n              Kalwaria Zebrzydowska: conjunto maneirista de arquitetura e paisagem e parque de peregrina\u00e7\u00f5es            <\/button>\r\n          <\/li>\r\n                  <li>\r\n            <button type=\"button\" class=\"map-text-point\" data-id=\"22120\"\r\n              aria-describedby=\"mpi-22120\">\r\n              Cidade Velha de Crac\u00f3via            <\/button>\r\n          <\/li>\r\n                  <li>\r\n            <button type=\"button\" class=\"map-text-point\" data-id=\"22069\"\r\n              aria-describedby=\"mpi-22069\">\r\n              Minas de Sal Reais de Wieliczka e Bochnia            <\/button>\r\n          <\/li>\r\n                  <li>\r\n            <button type=\"button\" class=\"map-text-point\" data-id=\"22057\"\r\n              aria-describedby=\"mpi-22057\">\r\n              Igrejas ortodoxas de madeira nos C\u00e1rpatos polacos e ucranianos            <\/button>\r\n          <\/li>\r\n                  <li>\r\n            <button type=\"button\" class=\"map-text-point\" data-id=\"22050\"\r\n              aria-describedby=\"mpi-22050\">\r\n              Campo de Concentra\u00e7\u00e3o de Auschwitz- Birkenau            <\/button>\r\n          <\/li>\r\n                  <li>\r\n            <button type=\"button\" class=\"map-text-point\" data-id=\"22047\"\r\n              aria-describedby=\"mpi-22047\">\r\n              Mina de Prata em Tarnowskie G\u00f3ry            <\/button>\r\n          <\/li>\r\n                  <li>\r\n            <button type=\"button\" class=\"map-text-point\" data-id=\"22043\"\r\n              aria-describedby=\"mpi-22043\">\r\n              Pavilh\u00e3o Popular de Wroclaw            <\/button>\r\n          <\/li>\r\n                  <li>\r\n            <button type=\"button\" class=\"map-text-point\" data-id=\"22038\"\r\n              aria-describedby=\"mpi-22038\">\r\n              Igrejas da Paz em Jawor e \u015awidnica            <\/button>\r\n          <\/li>\r\n                  <li>\r\n            <button type=\"button\" class=\"map-text-point\" data-id=\"22033\"\r\n              aria-describedby=\"mpi-22033\">\r\n              Muskauer Park            <\/button>\r\n          <\/li>\r\n                  <li>\r\n            <button type=\"button\" class=\"map-text-point\" data-id=\"20632\"\r\n              aria-describedby=\"mpi-20632\">\r\n              Minas neol\u00edticas em Krzemionki Opatowskie            <\/button>\r\n          <\/li>\r\n                  <li>\r\n            <button type=\"button\" class=\"map-text-point\" data-id=\"20630\"\r\n              aria-describedby=\"mpi-20630\">\r\n              Cidade Velha de Zamo\u015b\u0107            <\/button>\r\n          <\/li>\r\n                  <li>\r\n            <button type=\"button\" class=\"map-text-point\" data-id=\"20628\"\r\n              aria-describedby=\"mpi-20628\">\r\n              Cidade Velha de Vars\u00f3via            <\/button>\r\n          <\/li>\r\n                  <li>\r\n            <button type=\"button\" class=\"map-text-point\" data-id=\"20626\"\r\n              aria-describedby=\"mpi-20626\">\r\n              Conjunto urbano medieval de Toru\u0144            <\/button>\r\n          <\/li>\r\n                  <li>\r\n            <button type=\"button\" class=\"map-text-point\" data-id=\"20353\"\r\n              aria-describedby=\"mpi-20353\">\r\n              Puszcza Bia\u0142owieska (Parque Nacional de Bia\u0142owie\u017ca)            <\/button>\r\n          <\/li>\r\n                  <li>\r\n            <button type=\"button\" class=\"map-text-point\" data-id=\"20341\"\r\n              aria-describedby=\"mpi-20341\">\r\n              Castelo da Ordem Teut\u00f3nica em Malbork            <\/button>\r\n          <\/li>\r\n              <\/ul>\r\n    <\/div>\r\n\r\n    <div class=\"map-points__map\" aria-hidden=\"true\">\r\n              <img loading=\"lazy\" decoding=\"async\" src=\"https:\/\/www.polonia.travel\/pt\/wp-content\/themes\/polskatravel\/assets\/images\/map.jpg\" alt= width=\"540\" height=\"540\" \/>\r\n      \r\n              <button type=\"button\"\r\n          class=\"map-point map-point--right active\"\r\n          style=\"left:82.22%;top:90.56%;\"\r\n          data-id=\"32340\" aria-current=\"true\"          aria-label=\"Wybierz punkt: Faiais prim\u00e1rios dos C\u00e1rpatos e outras regi\u00f5es da Europa\">\r\n          <span class=\"map-point__name\">Faiais prim\u00e1rios dos C\u00e1rpatos e outras regi\u00f5es da Europa<\/span>\r\n        <\/button>\r\n              <button type=\"button\"\r\n          class=\"map-point map-point--right\"\r\n          style=\"left:68%;top:85%;\"\r\n          data-id=\"22180\"           aria-label=\"Wybierz punkt: Igrejas de madeira no sul da regi\u00e3o de Ma\u0142opolska \u2013 Binarowa, Blizne, D\u0119bno, Hacz\u00f3w, Lipnica Murowana, S\u0119kowa\">\r\n          <span class=\"map-point__name\">Igrejas de madeira no sul da regi\u00e3o de Ma\u0142opolska \u2013 Binarowa, Blizne, D\u0119bno, Hacz\u00f3w, Lipnica Murowana, S\u0119kowa<\/span>\r\n        <\/button>\r\n              <button type=\"button\"\r\n          class=\"map-point map-point--right\"\r\n          style=\"left:59%;top:84%;\"\r\n          data-id=\"22127\"           aria-label=\"Wybierz punkt: Kalwaria Zebrzydowska: conjunto maneirista de arquitetura e paisagem e parque de peregrina\u00e7\u00f5es\">\r\n          <span class=\"map-point__name\">Kalwaria Zebrzydowska: conjunto maneirista de arquitetura e paisagem e parque de peregrina\u00e7\u00f5es<\/span>\r\n        <\/button>\r\n              <button type=\"button\"\r\n          class=\"map-point map-point--right\"\r\n          style=\"left:59%;top:77%;\"\r\n          data-id=\"22120\"           aria-label=\"Wybierz punkt: Cidade Velha de Crac\u00f3via\">\r\n          <span class=\"map-point__name\">Cidade Velha de Crac\u00f3via<\/span>\r\n        <\/button>\r\n              <button type=\"button\"\r\n          class=\"map-point map-point--right\"\r\n          style=\"left:62%;top:79%;\"\r\n          data-id=\"22069\"           aria-label=\"Wybierz punkt: Minas de Sal Reais de Wieliczka e Bochnia\">\r\n          <span class=\"map-point__name\">Minas de Sal Reais de Wieliczka e Bochnia<\/span>\r\n        <\/button>\r\n              <button type=\"button\"\r\n          class=\"map-point map-point--right\"\r\n          style=\"left:79%;top:87%;\"\r\n          data-id=\"22057\"           aria-label=\"Wybierz punkt: Igrejas ortodoxas de madeira nos C\u00e1rpatos polacos e ucranianos\">\r\n          <span class=\"map-point__name\">Igrejas ortodoxas de madeira nos C\u00e1rpatos polacos e ucranianos<\/span>\r\n        <\/button>\r\n              <button type=\"button\"\r\n          class=\"map-point map-point--right\"\r\n          style=\"left:56%;top:82%;\"\r\n          data-id=\"22050\"           aria-label=\"Wybierz punkt: Campo de Concentra\u00e7\u00e3o de Auschwitz- Birkenau\">\r\n          <span class=\"map-point__name\">Campo de Concentra\u00e7\u00e3o de Auschwitz- Birkenau<\/span>\r\n        <\/button>\r\n              <button type=\"button\"\r\n          class=\"map-point \"\r\n          style=\"left:48%;top:74%;\"\r\n          data-id=\"22047\"           aria-label=\"Wybierz punkt: Mina de Prata em Tarnowskie G\u00f3ry\">\r\n          <span class=\"map-point__name\">Mina de Prata em Tarnowskie G\u00f3ry<\/span>\r\n        <\/button>\r\n              <button type=\"button\"\r\n          class=\"map-point \"\r\n          style=\"left:30%;top:63%;\"\r\n          data-id=\"22043\"           aria-label=\"Wybierz punkt: Pavilh\u00e3o Popular de Wroclaw\">\r\n          <span class=\"map-point__name\">Pavilh\u00e3o Popular de Wroclaw<\/span>\r\n        <\/button>\r\n              <button type=\"button\"\r\n          class=\"map-point \"\r\n          style=\"left:27%;top:66%;\"\r\n          data-id=\"22038\"           aria-label=\"Wybierz punkt: Igrejas da Paz em Jawor e \u015awidnica\">\r\n          <span class=\"map-point__name\">Igrejas da Paz em Jawor e \u015awidnica<\/span>\r\n        <\/button>\r\n              <button type=\"button\"\r\n          class=\"map-point \"\r\n          style=\"left:15%;top:58%;\"\r\n          data-id=\"22033\"           aria-label=\"Wybierz punkt: Muskauer Park\">\r\n          <span class=\"map-point__name\">Muskauer Park<\/span>\r\n        <\/button>\r\n              <button type=\"button\"\r\n          class=\"map-point map-point--right\"\r\n          style=\"left:73%;top:67%;\"\r\n          data-id=\"20632\"           aria-label=\"Wybierz punkt: Minas neol\u00edticas em Krzemionki Opatowskie\">\r\n          <span class=\"map-point__name\">Minas neol\u00edticas em Krzemionki Opatowskie<\/span>\r\n        <\/button>\r\n              <button type=\"button\"\r\n          class=\"map-point map-point--right\"\r\n          style=\"left:87%;top:67%;\"\r\n          data-id=\"20630\"           aria-label=\"Wybierz punkt: Cidade Velha de Zamo\u015b\u0107\">\r\n          <span class=\"map-point__name\">Cidade Velha de Zamo\u015b\u0107<\/span>\r\n        <\/button>\r\n              <button type=\"button\"\r\n          class=\"map-point map-point--right\"\r\n          style=\"left:67%;top:48%;\"\r\n          data-id=\"20628\"           aria-label=\"Wybierz punkt: Cidade Velha de Vars\u00f3via\">\r\n          <span class=\"map-point__name\">Cidade Velha de Vars\u00f3via<\/span>\r\n        <\/button>\r\n              <button type=\"button\"\r\n          class=\"map-point \"\r\n          style=\"left:47%;top:38%;\"\r\n          data-id=\"20626\"           aria-label=\"Wybierz punkt: Conjunto urbano medieval de Toru\u0144\">\r\n          <span class=\"map-point__name\">Conjunto urbano medieval de Toru\u0144<\/span>\r\n        <\/button>\r\n              <button type=\"button\"\r\n          class=\"map-point map-point--right\"\r\n          style=\"left:89%;top:39%;\"\r\n          data-id=\"20353\"           aria-label=\"Wybierz punkt: Puszcza Bia\u0142owieska (Parque Nacional de Bia\u0142owie\u017ca)\">\r\n          <span class=\"map-point__name\">Puszcza Bia\u0142owieska (Parque Nacional de Bia\u0142owie\u017ca)<\/span>\r\n        <\/button>\r\n              <button type=\"button\"\r\n          class=\"map-point \"\r\n          style=\"left:50%;top:24%;\"\r\n          data-id=\"20341\"           aria-label=\"Wybierz punkt: Castelo da Ordem Teut\u00f3nica em Malbork\">\r\n          <span class=\"map-point__name\">Castelo da Ordem Teut\u00f3nica em Malbork<\/span>\r\n        <\/button>\r\n          <\/div>\r\n\r\n    <div class=\"map-points__info\" role=\"region\" aria-live=\"polite\"\r\n      aria-label=\"Informacje o wybranym punkcie\">\r\n      <div class=\"mpi active\" data-id=\"0\">\r\n                <div class=\"mpi__title is-style-heading-28\"><\/div>\r\n        <p><\/p>\r\n      <\/div>\r\n\r\n              <div class=\"mpi\" data-id=\"32340\" id=\"mpi-32340\">\r\n                      <div class=\"mpi__image\">\r\n              <img loading=\"lazy\" decoding=\"async\" width=\"600\" height=\"400\" src=\"https:\/\/www.polonia.travel\/pt\/wp-content\/uploads\/sites\/19\/2025\/03\/64549064_las_bukowy_wiosna.jpg\" class=\"attachment-medium size-medium\" alt=\"\" \/>            <\/div>\r\n                    <div class=\"mpi__title is-style-heading-28\">Faiais prim\u00e1rios dos C\u00e1rpatos e outras regi\u00f5es da Europa<\/div>\r\n          <p>A Pol\u00f3nia j\u00e1 possui 17 bens classificados como Patrim\u00f3nio Mundial, ap\u00f3s a Unesco ter inclu\u00eddo as florestas temperadas do Parque Nacional Bieszczady na sua categoria de \u201cFaiais prim\u00e1rios dos C\u00e1rpatos e outras regi\u00f5es da Europa\u201d. Trata-se do segundo espa\u00e7o natural do pa\u00eds declarado Patrim\u00f4nio Mundial, depois da Floresta de Bia\u0142owie\u017ca.<\/p>\r\n                      <div class=\"text-right\">\r\n              <a href=\"https:\/\/www.polonia.travel\/pt\/faiais-primarios-dos-carpatos-e-outras-regioes-da-europa\/\"\r\n                class=\"btn btn--blue-border\">\r\n                Saber mais              <\/a>\r\n            <\/div>\r\n                  <\/div>\r\n              <div class=\"mpi\" data-id=\"22180\" id=\"mpi-22180\">\r\n                      <div class=\"mpi__image\">\r\n              <img loading=\"lazy\" decoding=\"async\" width=\"600\" height=\"400\" src=\"https:\/\/www.polonia.travel\/pt\/wp-content\/uploads\/sites\/19\/2023\/03\/ks_Sekowa_kosciol_Filipa_Adobe-xl-600x400.jpg\" class=\"attachment-medium size-medium\" alt=\"\" srcset=\"https:\/\/www.polonia.travel\/pt\/wp-content\/uploads\/sites\/19\/2023\/03\/ks_Sekowa_kosciol_Filipa_Adobe-xl-600x400.jpg 600w, https:\/\/www.polonia.travel\/pt\/wp-content\/uploads\/sites\/19\/2023\/03\/ks_Sekowa_kosciol_Filipa_Adobe-xl-1200x800.jpg 1200w, https:\/\/www.polonia.travel\/pt\/wp-content\/uploads\/sites\/19\/2023\/03\/ks_Sekowa_kosciol_Filipa_Adobe-xl-768x512.jpg 768w, https:\/\/www.polonia.travel\/pt\/wp-content\/uploads\/sites\/19\/2023\/03\/ks_Sekowa_kosciol_Filipa_Adobe-xl.jpg 1224w\" sizes=\"auto, (max-width: 600px) 100vw, 600px\" \/>            <\/div>\r\n                    <div class=\"mpi__title is-style-heading-28\">Igrejas de madeira no sul da regi\u00e3o de Ma\u0142opolska \u2013 Binarowa, Blizne, D\u0119bno, Hacz\u00f3w, Lipnica Murowana, S\u0119kowa<\/div>\r\n          <p>A Rota de Arquitetura em Madeira na regi\u00e3o de Ma\u0142opolska conta com 1500 km. Entre todos os monumentos que a mesma contempla merece um destaque principal um grupo de templos de madeira. Depois das igrejas em madeira norueguesas chamadas Stavkirke, este \u00e9 o grupo mais antigo de templos da Europa (uma parte remonta ao s\u00e9culo XIV).<\/p>\r\n                      <div class=\"text-right\">\r\n              <a href=\"https:\/\/www.polonia.travel\/pt\/igrejas-de-madeira-no-sul-da-regiao-de-malopolska-binarowa-blizne-debno-haczow-lipnica-murowana-sekowa\/\"\r\n                class=\"btn btn--blue-border\">\r\n                L\u00ea mais art\u00edculos              <\/a>\r\n            <\/div>\r\n                  <\/div>\r\n              <div class=\"mpi\" data-id=\"22127\" id=\"mpi-22127\">\r\n                      <div class=\"mpi__image\">\r\n              <img loading=\"lazy\" decoding=\"async\" width=\"600\" height=\"355\" src=\"https:\/\/www.polonia.travel\/pt\/wp-content\/uploads\/sites\/19\/2023\/03\/Kalwaria_Zebrzydowska-me-e1679402213325-600x355.jpg\" class=\"attachment-medium size-medium\" alt=\"\" srcset=\"https:\/\/www.polonia.travel\/pt\/wp-content\/uploads\/sites\/19\/2023\/03\/Kalwaria_Zebrzydowska-me-e1679402213325-600x355.jpg 600w, https:\/\/www.polonia.travel\/pt\/wp-content\/uploads\/sites\/19\/2023\/03\/Kalwaria_Zebrzydowska-me-e1679402213325-768x455.jpg 768w, https:\/\/www.polonia.travel\/pt\/wp-content\/uploads\/sites\/19\/2023\/03\/Kalwaria_Zebrzydowska-me-e1679402213325.jpg 792w\" sizes=\"auto, (max-width: 600px) 100vw, 600px\" \/>            <\/div>\r\n                    <div class=\"mpi__title is-style-heading-28\">Kalwaria Zebrzydowska: conjunto maneirista de arquitetura e paisagem e parque de peregrina\u00e7\u00f5es<\/div>\r\n          <p>Em Kalwaria Zebrzydowska, situada a algumas dezenas de quil\u00f3metros de Crac\u00f3via,  encontra-se o santu\u00e1rio de adora\u00e7\u00e3o e homenagem \u00e0 Santa Virgem (mais famoso da Pol\u00f3nia), chamado \u201cJerusal\u00e9m polaco\u201d.<\/p>\r\n                      <div class=\"text-right\">\r\n              <a href=\"https:\/\/www.polonia.travel\/pt\/kalwaria-zebrzydowska-conjunto-maneirista-de-arquitetura-e-paisagem-e-parque-de-peregrinacoes\/\"\r\n                class=\"btn btn--blue-border\">\r\n                L\u00ea mais art\u00edculos              <\/a>\r\n            <\/div>\r\n                  <\/div>\r\n              <div class=\"mpi\" data-id=\"22120\" id=\"mpi-22120\">\r\n                      <div class=\"mpi__image\">\r\n              <img loading=\"lazy\" decoding=\"async\" width=\"600\" height=\"400\" src=\"https:\/\/www.polonia.travel\/pt\/wp-content\/uploads\/sites\/19\/2023\/03\/Krakow_rynek-me-600x400.jpg\" class=\"attachment-medium size-medium\" alt=\"\" srcset=\"https:\/\/www.polonia.travel\/pt\/wp-content\/uploads\/sites\/19\/2023\/03\/Krakow_rynek-me-600x400.jpg 600w, https:\/\/www.polonia.travel\/pt\/wp-content\/uploads\/sites\/19\/2023\/03\/Krakow_rynek-me-768x512.jpg 768w, https:\/\/www.polonia.travel\/pt\/wp-content\/uploads\/sites\/19\/2023\/03\/Krakow_rynek-me.jpg 792w\" sizes=\"auto, (max-width: 600px) 100vw, 600px\" \/>            <\/div>\r\n                    <div class=\"mpi__title is-style-heading-28\">Cidade Velha de Crac\u00f3via<\/div>\r\n          <p>Em 1978 na primeira lista do Patrim\u00f3nio Mundial da UNESCO foram inscritos 12 monumentos como os mais valiosos do mundo, sendo um deles concedido a Crac\u00f3via. Foram distinguidas a Cidade Velha, a colina de Wawel e o bairro de Kazimierz.<\/p>\r\n                      <div class=\"text-right\">\r\n              <a href=\"https:\/\/www.polonia.travel\/pt\/cidade-velha-de-cracovia\/\"\r\n                class=\"btn btn--blue-border\">\r\n                L\u00ea mais art\u00edculos              <\/a>\r\n            <\/div>\r\n                  <\/div>\r\n              <div class=\"mpi\" data-id=\"22069\" id=\"mpi-22069\">\r\n                      <div class=\"mpi__image\">\r\n              <img loading=\"lazy\" decoding=\"async\" width=\"600\" height=\"353\" src=\"https:\/\/www.polonia.travel\/pt\/wp-content\/uploads\/sites\/19\/2023\/03\/Wieliczka_Kaplica-Michalowice-600x353.jpg\" class=\"attachment-medium size-medium\" alt=\"Wieliczka_Kaplica Micha\u0142owice\" srcset=\"https:\/\/www.polonia.travel\/pt\/wp-content\/uploads\/sites\/19\/2023\/03\/Wieliczka_Kaplica-Michalowice-600x353.jpg 600w, https:\/\/www.polonia.travel\/pt\/wp-content\/uploads\/sites\/19\/2023\/03\/Wieliczka_Kaplica-Michalowice-1200x706.jpg 1200w, https:\/\/www.polonia.travel\/pt\/wp-content\/uploads\/sites\/19\/2023\/03\/Wieliczka_Kaplica-Michalowice-768x452.jpg 768w, https:\/\/www.polonia.travel\/pt\/wp-content\/uploads\/sites\/19\/2023\/03\/Wieliczka_Kaplica-Michalowice-1536x904.jpg 1536w, https:\/\/www.polonia.travel\/pt\/wp-content\/uploads\/sites\/19\/2023\/03\/Wieliczka_Kaplica-Michalowice.jpg 1920w\" sizes=\"auto, (max-width: 600px) 100vw, 600px\" \/>            <\/div>\r\n                    <div class=\"mpi__title is-style-heading-28\">Minas de Sal Reais de Wieliczka e Bochnia<\/div>\r\n          <p>A Mina de Sal de Wieliczka foi o segundo monumento polaco a fazer parte da lista do Patrim\u00f3nio Mundial da UNESCO em 1978.<\/p>\r\n                      <div class=\"text-right\">\r\n              <a href=\"https:\/\/www.polonia.travel\/pt\/minas-de-sal-reais-de-wieliczka-e-bochnia\/\"\r\n                class=\"btn btn--blue-border\">\r\n                L\u00ea mais art\u00edculos              <\/a>\r\n            <\/div>\r\n                  <\/div>\r\n              <div class=\"mpi\" data-id=\"22057\" id=\"mpi-22057\">\r\n                      <div class=\"mpi__image\">\r\n              <img loading=\"lazy\" decoding=\"async\" width=\"600\" height=\"397\" src=\"https:\/\/www.polonia.travel\/pt\/wp-content\/uploads\/sites\/19\/2023\/03\/4506_Chotyniec_cerkiew_Narodzenia_NMP_KK_HR-600x397.jpg\" class=\"attachment-medium size-medium\" alt=\"\" srcset=\"https:\/\/www.polonia.travel\/pt\/wp-content\/uploads\/sites\/19\/2023\/03\/4506_Chotyniec_cerkiew_Narodzenia_NMP_KK_HR-600x397.jpg 600w, https:\/\/www.polonia.travel\/pt\/wp-content\/uploads\/sites\/19\/2023\/03\/4506_Chotyniec_cerkiew_Narodzenia_NMP_KK_HR-1200x794.jpg 1200w, https:\/\/www.polonia.travel\/pt\/wp-content\/uploads\/sites\/19\/2023\/03\/4506_Chotyniec_cerkiew_Narodzenia_NMP_KK_HR-768x508.jpg 768w, https:\/\/www.polonia.travel\/pt\/wp-content\/uploads\/sites\/19\/2023\/03\/4506_Chotyniec_cerkiew_Narodzenia_NMP_KK_HR-1536x1016.jpg 1536w, https:\/\/www.polonia.travel\/pt\/wp-content\/uploads\/sites\/19\/2023\/03\/4506_Chotyniec_cerkiew_Narodzenia_NMP_KK_HR-1920x1271.jpg 1920w, https:\/\/www.polonia.travel\/pt\/wp-content\/uploads\/sites\/19\/2023\/03\/4506_Chotyniec_cerkiew_Narodzenia_NMP_KK_HR.jpg 2040w\" sizes=\"auto, (max-width: 600px) 100vw, 600px\" \/>            <\/div>\r\n                    <div class=\"mpi__title is-style-heading-28\">Igrejas ortodoxas de madeira nos C\u00e1rpatos polacos e ucranianos<\/div>\r\n          <p>As igrejas ortodoxas na regi\u00e3o dos C\u00e1rpatos polacos e ucranianos s\u00e3o testemunhas de tradi\u00e7\u00f5es de constru\u00e7\u00e3o diferentes, enraizadas na tradi\u00e7\u00e3o da Igreja Oriental.<\/p>\r\n                      <div class=\"text-right\">\r\n              <a href=\"https:\/\/www.polonia.travel\/pt\/igrejas-ortodoxas-de-madeira-nos-carpatos-polacos-e-ucranianos\/\"\r\n                class=\"btn btn--blue-border\">\r\n                L\u00ea mais art\u00edculos              <\/a>\r\n            <\/div>\r\n                  <\/div>\r\n              <div class=\"mpi\" data-id=\"22050\" id=\"mpi-22050\">\r\n                      <div class=\"mpi__image\">\r\n              <img loading=\"lazy\" decoding=\"async\" width=\"600\" height=\"400\" src=\"https:\/\/www.polonia.travel\/pt\/wp-content\/uploads\/sites\/19\/2022\/12\/Plansza-2-Auschwitz-Birkenau-miniatura-2-600x400.jpg\" class=\"attachment-medium size-medium\" alt=\"\" srcset=\"https:\/\/www.polonia.travel\/pt\/wp-content\/uploads\/sites\/19\/2022\/12\/Plansza-2-Auschwitz-Birkenau-miniatura-2-600x400.jpg 600w, https:\/\/www.polonia.travel\/pt\/wp-content\/uploads\/sites\/19\/2022\/12\/Plansza-2-Auschwitz-Birkenau-miniatura-2-768x512.jpg 768w, https:\/\/www.polonia.travel\/pt\/wp-content\/uploads\/sites\/19\/2022\/12\/Plansza-2-Auschwitz-Birkenau-miniatura-2.jpg 1170w\" sizes=\"auto, (max-width: 600px) 100vw, 600px\" \/>            <\/div>\r\n                    <div class=\"mpi__title is-style-heading-28\">Campo de Concentra\u00e7\u00e3o de Auschwitz- Birkenau<\/div>\r\n          <p>\u00c9 um lugar de tristeza, reflex\u00e3o e mem\u00f3ria que se tornou num s\u00edmbolo do genoc\u00eddio, terror e Holocausto. Foi criado em 1940 nos sub\u00farbios da cidade polaca de O\u015bwi\u0119cim (Auschwitz).<\/p>\r\n                      <div class=\"text-right\">\r\n              <a href=\"https:\/\/www.polonia.travel\/pt\/campo-de-concentracao-de-auschwitz-birkenau\/\"\r\n                class=\"btn btn--blue-border\">\r\n                L\u00ea mais art\u00edculos              <\/a>\r\n            <\/div>\r\n                  <\/div>\r\n              <div class=\"mpi\" data-id=\"22047\" id=\"mpi-22047\">\r\n                      <div class=\"mpi__image\">\r\n              <img loading=\"lazy\" decoding=\"async\" width=\"600\" height=\"400\" src=\"https:\/\/www.polonia.travel\/pt\/wp-content\/uploads\/sites\/19\/2023\/03\/Zabytkowa-Kopalnia-Srebra-Tarnowskie-Gory-600x400.jpg\" class=\"attachment-medium size-medium\" alt=\"Zabytkowa Kopalnia Srebra w Tarnowskich G\u00f3rach\" srcset=\"https:\/\/www.polonia.travel\/pt\/wp-content\/uploads\/sites\/19\/2023\/03\/Zabytkowa-Kopalnia-Srebra-Tarnowskie-Gory-600x400.jpg 600w, https:\/\/www.polonia.travel\/pt\/wp-content\/uploads\/sites\/19\/2023\/03\/Zabytkowa-Kopalnia-Srebra-Tarnowskie-Gory-1200x800.jpg 1200w, https:\/\/www.polonia.travel\/pt\/wp-content\/uploads\/sites\/19\/2023\/03\/Zabytkowa-Kopalnia-Srebra-Tarnowskie-Gory-768x512.jpg 768w, https:\/\/www.polonia.travel\/pt\/wp-content\/uploads\/sites\/19\/2023\/03\/Zabytkowa-Kopalnia-Srebra-Tarnowskie-Gory-1536x1024.jpg 1536w, https:\/\/www.polonia.travel\/pt\/wp-content\/uploads\/sites\/19\/2023\/03\/Zabytkowa-Kopalnia-Srebra-Tarnowskie-Gory.jpg 1900w\" sizes=\"auto, (max-width: 600px) 100vw, 600px\" \/>            <\/div>\r\n                    <div class=\"mpi__title is-style-heading-28\">Mina de Prata em Tarnowskie G\u00f3ry<\/div>\r\n          <p>Trata-se da Mina de Prata, Zinco e chumbo situada em Tarnowskie G\u00f3ry, uma pitoresca localidade a 50 km da capital da regi\u00e3o,  Katowice, cujo subsolo conta com quase 150 km de corredores criados ao longo dos \u00faltimos 400 anos atrav\u00e9s da extra\u00e7\u00e3o destes metais.<\/p>\r\n                      <div class=\"text-right\">\r\n              <a href=\"https:\/\/www.polonia.travel\/pt\/mina-de-prata-em-tarnowskie-gory\/\"\r\n                class=\"btn btn--blue-border\">\r\n                L\u00ea mais art\u00edculos              <\/a>\r\n            <\/div>\r\n                  <\/div>\r\n              <div class=\"mpi\" data-id=\"22043\" id=\"mpi-22043\">\r\n                      <div class=\"mpi__image\">\r\n              <img loading=\"lazy\" decoding=\"async\" width=\"600\" height=\"400\" src=\"https:\/\/www.polonia.travel\/pt\/wp-content\/uploads\/sites\/19\/2023\/03\/HalaLudowa-600x400.jpg\" class=\"attachment-medium size-medium\" alt=\"\" srcset=\"https:\/\/www.polonia.travel\/pt\/wp-content\/uploads\/sites\/19\/2023\/03\/HalaLudowa-600x400.jpg 600w, https:\/\/www.polonia.travel\/pt\/wp-content\/uploads\/sites\/19\/2023\/03\/HalaLudowa-1200x800.jpg 1200w, https:\/\/www.polonia.travel\/pt\/wp-content\/uploads\/sites\/19\/2023\/03\/HalaLudowa-768x512.jpg 768w, https:\/\/www.polonia.travel\/pt\/wp-content\/uploads\/sites\/19\/2023\/03\/HalaLudowa-1536x1024.jpg 1536w, https:\/\/www.polonia.travel\/pt\/wp-content\/uploads\/sites\/19\/2023\/03\/HalaLudowa-1920x1280.jpg 1920w, https:\/\/www.polonia.travel\/pt\/wp-content\/uploads\/sites\/19\/2023\/03\/HalaLudowa.jpg 1967w\" sizes=\"auto, (max-width: 600px) 100vw, 600px\" \/>            <\/div>\r\n                    <div class=\"mpi__title is-style-heading-28\">Pavilh\u00e3o Popular de Wroclaw<\/div>\r\n          <p>Hala Ludowa (Pavilh\u00e3o Popular) foi inscrita na lista da UNESCO em 2006 com o seu nome original, ou seja, Hala Stulecia (Pavilh\u00e3o Centen\u00e1rio). Atualmente \u00e9 o monumento mais jovem inscrito na lista do Patrim\u00f3nio Mundial da UNESCO. O pavilh\u00e3o tem pouco menos de 100 anos.<\/p>\r\n                      <div class=\"text-right\">\r\n              <a href=\"https:\/\/www.polonia.travel\/pt\/pavilhao-popular-de-wroclaw\/\"\r\n                class=\"btn btn--blue-border\">\r\n                L\u00ea mais art\u00edculos              <\/a>\r\n            <\/div>\r\n                  <\/div>\r\n              <div class=\"mpi\" data-id=\"22038\" id=\"mpi-22038\">\r\n                      <div class=\"mpi__image\">\r\n              <img loading=\"lazy\" decoding=\"async\" width=\"600\" height=\"399\" src=\"https:\/\/www.polonia.travel\/pt\/wp-content\/uploads\/sites\/19\/2023\/03\/Swidnica_kosciol-600x399.jpg\" class=\"attachment-medium size-medium\" alt=\"\" srcset=\"https:\/\/www.polonia.travel\/pt\/wp-content\/uploads\/sites\/19\/2023\/03\/Swidnica_kosciol-600x399.jpg 600w, https:\/\/www.polonia.travel\/pt\/wp-content\/uploads\/sites\/19\/2023\/03\/Swidnica_kosciol-768x511.jpg 768w, https:\/\/www.polonia.travel\/pt\/wp-content\/uploads\/sites\/19\/2023\/03\/Swidnica_kosciol.jpg 1170w\" sizes=\"auto, (max-width: 600px) 100vw, 600px\" \/>            <\/div>\r\n                    <div class=\"mpi__title is-style-heading-28\">Igrejas da Paz em Jawor e \u015awidnica<\/div>\r\n          <p>Os templos constru\u00eddos na regi\u00e3o da Baixa Sil\u00e9sia s\u00e3o os maiores edif\u00edcios religiosos em madeira da Europa. O seu nome prov\u00e9m do acordo de Paz de Vestf\u00e1lia que encerrou a Guerra dos Trinta Anos (1618-1648). Com base nele, o Imperador Fernando III Habsburgo concedeu aos luteranos da Sil\u00e9sia o direito de constru\u00e7\u00e3o de tr\u00eas igrejas.<\/p>\r\n                      <div class=\"text-right\">\r\n              <a href=\"https:\/\/www.polonia.travel\/pt\/igrejas-da-paz-em-jawor-e-swidnica\/\"\r\n                class=\"btn btn--blue-border\">\r\n                L\u00ea mais art\u00edculos              <\/a>\r\n            <\/div>\r\n                  <\/div>\r\n              <div class=\"mpi\" data-id=\"22033\" id=\"mpi-22033\">\r\n                      <div class=\"mpi__image\">\r\n              <img loading=\"lazy\" decoding=\"async\" width=\"600\" height=\"388\" src=\"https:\/\/www.polonia.travel\/pt\/wp-content\/uploads\/sites\/19\/2023\/03\/park_muzakowski-1-e1679051070604-600x388.jpg\" class=\"attachment-medium size-medium\" alt=\"Park Mu\u017cakowski\" srcset=\"https:\/\/www.polonia.travel\/pt\/wp-content\/uploads\/sites\/19\/2023\/03\/park_muzakowski-1-e1679051070604-600x388.jpg 600w, https:\/\/www.polonia.travel\/pt\/wp-content\/uploads\/sites\/19\/2023\/03\/park_muzakowski-1-e1679051070604-768x497.jpg 768w, https:\/\/www.polonia.travel\/pt\/wp-content\/uploads\/sites\/19\/2023\/03\/park_muzakowski-1-e1679051070604.jpg 788w\" sizes=\"auto, (max-width: 600px) 100vw, 600px\" \/>            <\/div>\r\n                    <div class=\"mpi__title is-style-heading-28\">Muskauer Park<\/div>\r\n          <p>Parque transfronteiri\u00e7o (polaco e alem\u00e3o).Situado no territ\u00f3rio polaco e alem\u00e3o, \u00e9 o maior e o mais famoso parque no estilo ingl\u00eas de ambos os pa\u00edses, considerado uma das maiores conquistas da arquitetura de jardins da Europa do s\u00e9culo XIX.<\/p>\r\n                      <div class=\"text-right\">\r\n              <a href=\"https:\/\/www.polonia.travel\/pt\/park-muzakowski-muskauer-park-parque-muzakowski\/\"\r\n                class=\"btn btn--blue-border\">\r\n                L\u00ea mais art\u00edculos              <\/a>\r\n            <\/div>\r\n                  <\/div>\r\n              <div class=\"mpi\" data-id=\"20632\" id=\"mpi-20632\">\r\n                      <div class=\"mpi__image\">\r\n              <img loading=\"lazy\" decoding=\"async\" width=\"600\" height=\"358\" src=\"https:\/\/www.polonia.travel\/pt\/wp-content\/uploads\/sites\/19\/2023\/02\/krzemionki_opatowskie_1_1170-e1676370719900-600x358.jpg\" class=\"attachment-medium size-medium\" alt=\"\" srcset=\"https:\/\/www.polonia.travel\/pt\/wp-content\/uploads\/sites\/19\/2023\/02\/krzemionki_opatowskie_1_1170-e1676370719900-600x358.jpg 600w, https:\/\/www.polonia.travel\/pt\/wp-content\/uploads\/sites\/19\/2023\/02\/krzemionki_opatowskie_1_1170-e1676370719900-768x459.jpg 768w, https:\/\/www.polonia.travel\/pt\/wp-content\/uploads\/sites\/19\/2023\/02\/krzemionki_opatowskie_1_1170-e1676370719900.jpg 1170w\" sizes=\"auto, (max-width: 600px) 100vw, 600px\" \/>            <\/div>\r\n                    <div class=\"mpi__title is-style-heading-28\">Minas neol\u00edticas em Krzemionki Opatowskie<\/div>\r\n          <p>As minas neol\u00edticas de s\u00edlex em Krzemionki Opatowskie foram nomeadas Patrim\u00f3nio Mundial da UNESCO. Junto \u00e0 Mina de Sal de Wieliczka e \u00e0s de prata, chumbo e zinco em  Tarnowskie G\u00f3ry, \u00e9 o terceiro tesouro subterr\u00e2neo na Pol\u00f3nia declarado em Julho de 2019 como Patrim\u00f3nio da Humanidade.<\/p>\r\n                      <div class=\"text-right\">\r\n              <a href=\"https:\/\/www.polonia.travel\/pt\/minas-neoliticas-em-krzemionki-opatowskie\/\"\r\n                class=\"btn btn--blue-border\">\r\n                L\u00ea mais art\u00edculos              <\/a>\r\n            <\/div>\r\n                  <\/div>\r\n              <div class=\"mpi\" data-id=\"20630\" id=\"mpi-20630\">\r\n                      <div class=\"mpi__image\">\r\n              <img loading=\"lazy\" decoding=\"async\" width=\"600\" height=\"322\" src=\"https:\/\/www.polonia.travel\/pt\/wp-content\/uploads\/sites\/19\/2023\/02\/40692762_Fotolia_Zamosc_rynek_HR-xl-e1676370043820-600x322.jpg\" class=\"attachment-medium size-medium\" alt=\"\" srcset=\"https:\/\/www.polonia.travel\/pt\/wp-content\/uploads\/sites\/19\/2023\/02\/40692762_Fotolia_Zamosc_rynek_HR-xl-e1676370043820-600x322.jpg 600w, https:\/\/www.polonia.travel\/pt\/wp-content\/uploads\/sites\/19\/2023\/02\/40692762_Fotolia_Zamosc_rynek_HR-xl-e1676370043820-768x412.jpg 768w, https:\/\/www.polonia.travel\/pt\/wp-content\/uploads\/sites\/19\/2023\/02\/40692762_Fotolia_Zamosc_rynek_HR-xl-e1676370043820.jpg 1168w\" sizes=\"auto, (max-width: 600px) 100vw, 600px\" \/>            <\/div>\r\n                    <div class=\"mpi__title is-style-heading-28\">Cidade Velha de Zamo\u015b\u0107<\/div>\r\n          <p>A chamada p\u00e9rola do Renascimento foi desenhada a partir de alicerces e constru\u00edda no s\u00e9culo XVI pelo chanceler Jan Zamoyski, uma das pessoas mais ricas na hist\u00f3ria do mundo e um conhecedor de arte formado na \u00e1rea.<\/p>\r\n                      <div class=\"text-right\">\r\n              <a href=\"https:\/\/www.polonia.travel\/pt\/cidade-velha-de-zamosc\/\"\r\n                class=\"btn btn--blue-border\">\r\n                L\u00ea mais art\u00edculos              <\/a>\r\n            <\/div>\r\n                  <\/div>\r\n              <div class=\"mpi\" data-id=\"20628\" id=\"mpi-20628\">\r\n                      <div class=\"mpi__image\">\r\n              <img loading=\"lazy\" decoding=\"async\" width=\"600\" height=\"265\" src=\"https:\/\/www.polonia.travel\/pt\/wp-content\/uploads\/sites\/19\/2023\/02\/Warszawa-600x265.jpg\" class=\"attachment-medium size-medium\" alt=\"\" srcset=\"https:\/\/www.polonia.travel\/pt\/wp-content\/uploads\/sites\/19\/2023\/02\/Warszawa-600x265.jpg 600w, https:\/\/www.polonia.travel\/pt\/wp-content\/uploads\/sites\/19\/2023\/02\/Warszawa-1200x529.jpg 1200w, https:\/\/www.polonia.travel\/pt\/wp-content\/uploads\/sites\/19\/2023\/02\/Warszawa-768x339.jpg 768w, https:\/\/www.polonia.travel\/pt\/wp-content\/uploads\/sites\/19\/2023\/02\/Warszawa.jpg 1224w\" sizes=\"auto, (max-width: 600px) 100vw, 600px\" \/>            <\/div>\r\n                    <div class=\"mpi__title is-style-heading-28\">Cidade Velha de Vars\u00f3via<\/div>\r\n          <p>S\u00e3o s\u00edmbolos da Cidade Velha de Vars\u00f3via monumentos como o Castelo Real, a Coluna do Rei Segismundo III, a Catedral de S\u00e3o Jo\u00e3o, assim como o mercado e as suas casas.<\/p>\r\n                      <div class=\"text-right\">\r\n              <a href=\"https:\/\/www.polonia.travel\/pt\/cidade-velha-de-varsovia\/\"\r\n                class=\"btn btn--blue-border\">\r\n                L\u00ea mais art\u00edculos              <\/a>\r\n            <\/div>\r\n                  <\/div>\r\n              <div class=\"mpi\" data-id=\"20626\" id=\"mpi-20626\">\r\n                      <div class=\"mpi__image\">\r\n              <img loading=\"lazy\" decoding=\"async\" width=\"600\" height=\"400\" src=\"https:\/\/www.polonia.travel\/pt\/wp-content\/uploads\/sites\/19\/2023\/02\/torun_panorama_nocna_1170-600x400.jpg\" class=\"attachment-medium size-medium\" alt=\"\" srcset=\"https:\/\/www.polonia.travel\/pt\/wp-content\/uploads\/sites\/19\/2023\/02\/torun_panorama_nocna_1170-600x400.jpg 600w, https:\/\/www.polonia.travel\/pt\/wp-content\/uploads\/sites\/19\/2023\/02\/torun_panorama_nocna_1170-768x512.jpg 768w, https:\/\/www.polonia.travel\/pt\/wp-content\/uploads\/sites\/19\/2023\/02\/torun_panorama_nocna_1170.jpg 1170w\" sizes=\"auto, (max-width: 600px) 100vw, 600px\" \/>            <\/div>\r\n                    <div class=\"mpi__title is-style-heading-28\">Conjunto urbano medieval de Toru\u0144<\/div>\r\n          <p>A cidade de Toru\u0144 ficou na hist\u00f3ria da arquitetura gra\u00e7as \u00e0 Cidade Velha situada na margem direito do rio V\u00edstula, cuja disposi\u00e7\u00e3o desde h\u00e1 mais de 700 anos se encontra inalterada. No mercado medieval e nas ruas cont\u00edguas encontram-se centenas de monumentos g\u00f3ticos. \u00c9 o maior n\u00famero de obras de arte e monumentos g\u00f3ticos polacos, depois de Crac\u00f3via.<\/p>\r\n                      <div class=\"text-right\">\r\n              <a href=\"https:\/\/www.polonia.travel\/pt\/conjunto-urbano-medieval-de-torun\/\"\r\n                class=\"btn btn--blue-border\">\r\n                L\u00ea mais art\u00edculos              <\/a>\r\n            <\/div>\r\n                  <\/div>\r\n              <div class=\"mpi\" data-id=\"20353\" id=\"mpi-20353\">\r\n                      <div class=\"mpi__image\">\r\n              <img loading=\"lazy\" decoding=\"async\" width=\"600\" height=\"399\" src=\"https:\/\/www.polonia.travel\/pt\/wp-content\/uploads\/sites\/19\/2023\/02\/zubr-bialowieza-600x399.webp\" class=\"attachment-medium size-medium\" alt=\"\u017bubr Bia\u0142owie\u017ca\" srcset=\"https:\/\/www.polonia.travel\/pt\/wp-content\/uploads\/sites\/19\/2023\/02\/zubr-bialowieza-600x399.webp 600w, https:\/\/www.polonia.travel\/pt\/wp-content\/uploads\/sites\/19\/2023\/02\/zubr-bialowieza-768x511.webp 768w, https:\/\/www.polonia.travel\/pt\/wp-content\/uploads\/sites\/19\/2023\/02\/zubr-bialowieza.webp 1170w\" sizes=\"auto, (max-width: 600px) 100vw, 600px\" \/>            <\/div>\r\n                    <div class=\"mpi__title is-style-heading-28\">Puszcza Bia\u0142owieska (Parque Nacional de Bia\u0142owie\u017ca)<\/div>\r\n          <p>Puszcza Bia\u0142owieska \u00e9 a maior zona de floresta natural da Europa e o \u00faltimo fragmento do parque original com uma riqueza de fauna e flora n\u00e3o encontrada noutras florestas europeias.<\/p>\r\n                      <div class=\"text-right\">\r\n              <a href=\"https:\/\/www.polonia.travel\/pt\/puszcza-bialowieska-parque-nacional-de-bialowieza\/\"\r\n                class=\"btn btn--blue-border\">\r\n                L\u00ea mais art\u00edculos              <\/a>\r\n            <\/div>\r\n                  <\/div>\r\n              <div class=\"mpi\" data-id=\"20341\" id=\"mpi-20341\">\r\n                      <div class=\"mpi__image\">\r\n              <img loading=\"lazy\" decoding=\"async\" width=\"600\" height=\"373\" src=\"https:\/\/www.polonia.travel\/pt\/wp-content\/uploads\/sites\/19\/2023\/02\/236569223_Malbork_Adobe-xl-e1676041124712-600x373.jpg\" class=\"attachment-medium size-medium\" alt=\"Zamek w Malborku\" srcset=\"https:\/\/www.polonia.travel\/pt\/wp-content\/uploads\/sites\/19\/2023\/02\/236569223_Malbork_Adobe-xl-e1676041124712-600x373.jpg 600w, https:\/\/www.polonia.travel\/pt\/wp-content\/uploads\/sites\/19\/2023\/02\/236569223_Malbork_Adobe-xl-e1676041124712-1200x746.jpg 1200w, https:\/\/www.polonia.travel\/pt\/wp-content\/uploads\/sites\/19\/2023\/02\/236569223_Malbork_Adobe-xl-e1676041124712-768x477.jpg 768w, https:\/\/www.polonia.travel\/pt\/wp-content\/uploads\/sites\/19\/2023\/02\/236569223_Malbork_Adobe-xl-e1676041124712.jpg 1224w\" sizes=\"auto, (max-width: 600px) 100vw, 600px\" \/>            <\/div>\r\n                    <div class=\"mpi__title is-style-heading-28\">Castelo da Ordem Teut\u00f3nica em Malbork<\/div>\r\n          <p>O maior do mundo conjunto constitu\u00eddo por castelo e convento feitos em tijolo, cada ano \u00e9 visitado por cerca de quinhentos mil turistas. \u00c9 a fortifica\u00e7\u00e3o g\u00f3tica mais espetacular da Europa e uma verdadeira p\u00e9rola da arquitetura de constru\u00e7\u00f5es de defesa.<\/p>\r\n                      <div class=\"text-right\">\r\n              <a href=\"https:\/\/www.polonia.travel\/pt\/castelo-da-ordem-teutonica-em-malbork\/\"\r\n                class=\"btn btn--blue-border\">\r\n                L\u00ea mais art\u00edculos              <\/a>\r\n            <\/div>\r\n                  <\/div>\r\n          <\/div>\r\n  <\/div>\r\n<\/div><\/div>\n\n\n\n<div style=\"height:80px\" aria-hidden=\"true\" class=\"wp-block-spacer is-style-default\"><\/div>\n\n\n\n<div class=\"wp-block-group has-background\" style=\"background-color:#f5f5f7\"><div class=\"wp-block-group__inner-container is-layout-constrained wp-block-group-is-layout-constrained\">\n<div style=\"height:80px\" aria-hidden=\"true\" class=\"wp-block-spacer\"><\/div>\n\n\n\n<h2 class=\"wp-block-heading has-text-align-center is-style-heading-38\">Pol\u00f3nia no objetivo<\/h2>\n\n\n\n<p class=\"has-text-align-center\"><\/p>\n\n\n\n<div style=\"height:40px\" aria-hidden=\"true\" class=\"wp-block-spacer\"><\/div>\n<\/div><\/div>\n\n\n\n<div id=\"sb_instagram\"  class=\"sbi sbi_mob_col_1 sbi_tab_col_6 sbi_col_6 sbi_width_resp\"\t data-feedid=\"*2\"  data-res=\"auto\" data-cols=\"6\" data-colsmobile=\"1\" data-colstablet=\"6\" data-num=\"12\" data-nummobile=\"6\" data-item-padding=\"0\"\t data-shortcode-atts=\"{&quot;feed&quot;:&quot;2&quot;}\"  data-postid=\"20335\" data-locatornonce=\"394970ed02\" data-imageaspectratio=\"1:1\" data-sbi-flags=\"favorLocal,gdpr\">\n\t<div class=\"sb_instagram_header  sbi_medium\"   >\n\t<a class=\"sbi_header_link\" target=\"_blank\"\n\t   rel=\"nofollow noopener\" href=\"https:\/\/www.instagram.com\/polska.travel\/\" title=\"@polska.travel\">\n\t\t<div class=\"sbi_header_text sbi_no_bio\">\n\t\t\t<div class=\"sbi_header_img\">\n\t\t\t\t\t\t\t\t\t<div class=\"sbi_header_img_hover\"  ><svg class=\"sbi_new_logo fa-instagram fa-w-14\" aria-hidden=\"true\" data-fa-processed=\"\" aria-label=\"Instagram\" data-prefix=\"fab\" data-icon=\"instagram\" role=\"img\" viewBox=\"0 0 448 512\">\n                    <path fill=\"currentColor\" d=\"M224.1 141c-63.6 0-114.9 51.3-114.9 114.9s51.3 114.9 114.9 114.9S339 319.5 339 255.9 287.7 141 224.1 141zm0 189.6c-41.1 0-74.7-33.5-74.7-74.7s33.5-74.7 74.7-74.7 74.7 33.5 74.7 74.7-33.6 74.7-74.7 74.7zm146.4-194.3c0 14.9-12 26.8-26.8 26.8-14.9 0-26.8-12-26.8-26.8s12-26.8 26.8-26.8 26.8 12 26.8 26.8zm76.1 27.2c-1.7-35.9-9.9-67.7-36.2-93.9-26.2-26.2-58-34.4-93.9-36.2-37-2.1-147.9-2.1-184.9 0-35.8 1.7-67.6 9.9-93.9 36.1s-34.4 58-36.2 93.9c-2.1 37-2.1 147.9 0 184.9 1.7 35.9 9.9 67.7 36.2 93.9s58 34.4 93.9 36.2c37 2.1 147.9 2.1 184.9 0 35.9-1.7 67.7-9.9 93.9-36.2 26.2-26.2 34.4-58 36.2-93.9 2.1-37 2.1-147.8 0-184.8zM398.8 388c-7.8 19.6-22.9 34.7-42.6 42.6-29.5 11.7-99.5 9-132.1 9s-102.7 2.6-132.1-9c-19.6-7.8-34.7-22.9-42.6-42.6-11.7-29.5-9-99.5-9-132.1s-2.6-102.7 9-132.1c7.8-19.6 22.9-34.7 42.6-42.6 29.5-11.7 99.5-9 132.1-9s102.7-2.6 132.1 9c19.6 7.8 34.7 22.9 42.6 42.6 11.7 29.5 9 99.5 9 132.1s2.7 102.7-9 132.1z\"><\/path>\n                <\/svg><\/div>\n\t\t\t\t\t<img loading=\"lazy\" decoding=\"async\"  src=\"https:\/\/www.polonia.travel\/pt\/wp-content\/plugins\/instagram-feed\/img\/thumb-placeholder.png\" alt=\"\" width=\"50\" height=\"50\">\n\t\t\t\t\n\t\t\t\t\t\t\t<\/div>\n\n\t\t\t<div class=\"sbi_feedtheme_header_text\">\n\t\t\t\t<h3>polska.travel<\/h3>\n\t\t\t\t\t\t\t<\/div>\n\t\t<\/div>\n\t<\/a>\n<\/div>\n\n\t<div id=\"sbi_images\" >\n\t\t<div class=\"sbi_item sbi_type_video sbi_new sbi_transition\"\n\tid=\"sbi_18039799373009567\" data-date=\"1733296709\">\n\t<div class=\"sbi_photo_wrap\">\n\t\t<a class=\"sbi_photo\" href=\"https:\/\/www.instagram.com\/reel\/DDJdS3Qi9LO\/\" target=\"_blank\" rel=\"noopener nofollow\"\n\t\t\tdata-full-res=\"https:\/\/scontent-waw2-2.cdninstagram.com\/v\/t51.29350-15\/468901536_886273453488678_3328650743612761749_n.jpg?_nc_cat=102&#038;ccb=1-7&#038;_nc_sid=18de74&#038;_nc_ohc=ACxUh6SGVzcQ7kNvgGRNUiu&#038;_nc_zt=23&#038;_nc_ht=scontent-waw2-2.cdninstagram.com&#038;edm=ANo9K5cEAAAA&#038;_nc_gid=AkXSGadDRp4JdAhhzuU-rx3&#038;oh=00_AYBGtvEx4mAE3CCAu9GOOZg2t8zo3qYMm6zg9qitMOi66Q&#038;oe=67562463\"\n\t\t\tdata-img-src-set=\"{&quot;d&quot;:&quot;https:\\\/\\\/scontent-waw2-2.cdninstagram.com\\\/v\\\/t51.29350-15\\\/468901536_886273453488678_3328650743612761749_n.jpg?_nc_cat=102&amp;ccb=1-7&amp;_nc_sid=18de74&amp;_nc_ohc=ACxUh6SGVzcQ7kNvgGRNUiu&amp;_nc_zt=23&amp;_nc_ht=scontent-waw2-2.cdninstagram.com&amp;edm=ANo9K5cEAAAA&amp;_nc_gid=AkXSGadDRp4JdAhhzuU-rx3&amp;oh=00_AYBGtvEx4mAE3CCAu9GOOZg2t8zo3qYMm6zg9qitMOi66Q&amp;oe=67562463&quot;,&quot;150&quot;:&quot;https:\\\/\\\/scontent-waw2-2.cdninstagram.com\\\/v\\\/t51.29350-15\\\/468901536_886273453488678_3328650743612761749_n.jpg?_nc_cat=102&amp;ccb=1-7&amp;_nc_sid=18de74&amp;_nc_ohc=ACxUh6SGVzcQ7kNvgGRNUiu&amp;_nc_zt=23&amp;_nc_ht=scontent-waw2-2.cdninstagram.com&amp;edm=ANo9K5cEAAAA&amp;_nc_gid=AkXSGadDRp4JdAhhzuU-rx3&amp;oh=00_AYBGtvEx4mAE3CCAu9GOOZg2t8zo3qYMm6zg9qitMOi66Q&amp;oe=67562463&quot;,&quot;320&quot;:&quot;https:\\\/\\\/scontent-waw2-2.cdninstagram.com\\\/v\\\/t51.29350-15\\\/468901536_886273453488678_3328650743612761749_n.jpg?_nc_cat=102&amp;ccb=1-7&amp;_nc_sid=18de74&amp;_nc_ohc=ACxUh6SGVzcQ7kNvgGRNUiu&amp;_nc_zt=23&amp;_nc_ht=scontent-waw2-2.cdninstagram.com&amp;edm=ANo9K5cEAAAA&amp;_nc_gid=AkXSGadDRp4JdAhhzuU-rx3&amp;oh=00_AYBGtvEx4mAE3CCAu9GOOZg2t8zo3qYMm6zg9qitMOi66Q&amp;oe=67562463&quot;,&quot;640&quot;:&quot;https:\\\/\\\/scontent-waw2-2.cdninstagram.com\\\/v\\\/t51.29350-15\\\/468901536_886273453488678_3328650743612761749_n.jpg?_nc_cat=102&amp;ccb=1-7&amp;_nc_sid=18de74&amp;_nc_ohc=ACxUh6SGVzcQ7kNvgGRNUiu&amp;_nc_zt=23&amp;_nc_ht=scontent-waw2-2.cdninstagram.com&amp;edm=ANo9K5cEAAAA&amp;_nc_gid=AkXSGadDRp4JdAhhzuU-rx3&amp;oh=00_AYBGtvEx4mAE3CCAu9GOOZg2t8zo3qYMm6zg9qitMOi66Q&amp;oe=67562463&quot;}\">\n\t\t\t<span class=\"sbi-screenreader\">\u2764\ud83d\udc49\u201eKocham m\u00f3j kraj i jestem dumna ze swojego pocho<\/span>\n\t\t\t\t\t\t<svg style=\"color: rgba(255,255,255,1)\" class=\"svg-inline--fa fa-play fa-w-14 sbi_playbtn\" aria-label=\"Play\" aria-hidden=\"true\" data-fa-processed=\"\" data-prefix=\"fa\" data-icon=\"play\" role=\"presentation\" xmlns=\"http:\/\/www.w3.org\/2000\/svg\" viewBox=\"0 0 448 512\"><path fill=\"currentColor\" d=\"M424.4 214.7L72.4 6.6C43.8-10.3 0 6.1 0 47.9V464c0 37.5 40.7 60.1 72.4 41.3l352-208c31.4-18.5 31.5-64.1 0-82.6z\"><\/path><\/svg>\t\t\t<img decoding=\"async\" src=\"https:\/\/www.polonia.travel\/pt\/wp-content\/plugins\/instagram-feed\/img\/placeholder.png\" alt=\"\u2764\ud83d\udc49\u201eKocham m\u00f3j kraj i jestem dumna ze swojego pochodzenia\u201d \u2013 pisze Ewa Minge na swoim profilu FB.\n\n\ud83c\udf1f\ud83c\udf1f\ud83c\udf1fOdwieczna ambasadorka Polski, pi\u0119kna na zewn\u0105trz, ale i emanuj\u0105ca pi\u0119knem oraz dobroci\u0105 od wewn\u0105trz. \nSprawd\u017acie, w jaki region zaprasza Was Ewa!  #wspierajmypodr\u00f3\u017auj\u0105c\n\nEVA MINGE \nLubuska Regionalna Organizacja Turystyczna LOTUR \nDolno\u015bl\u0105ska Organizacja Turystyczna \nDolny \u015al\u0105sk \nDolny \u015al\u0105sk Travel \nOpolska Regionalna Organizacja Turystyczna - OROT \nWojew\u00f3dztwo Opolskie \nVisitOpolskie.pl \nMinisterstwo Sportu i Turystyki\" aria-hidden=\"true\">\n\t\t<\/a>\n\t<\/div>\n<\/div><div class=\"sbi_item sbi_type_image sbi_new sbi_transition\"\n\tid=\"sbi_18023576861550515\" data-date=\"1733136650\">\n\t<div class=\"sbi_photo_wrap\">\n\t\t<a class=\"sbi_photo\" href=\"https:\/\/www.instagram.com\/p\/DDEsDsRzIy8\/\" target=\"_blank\" rel=\"noopener nofollow\"\n\t\t\tdata-full-res=\"https:\/\/scontent-waw2-2.cdninstagram.com\/v\/t39.30808-6\/469038077_950261183793450_5541056107688079120_n.jpg?_nc_cat=101&#038;ccb=1-7&#038;_nc_sid=18de74&#038;_nc_ohc=QeQQzauzhEQQ7kNvgE0MQlw&#038;_nc_zt=23&#038;_nc_ht=scontent-waw2-2.cdninstagram.com&#038;edm=ANo9K5cEAAAA&#038;_nc_gid=AkXSGadDRp4JdAhhzuU-rx3&#038;oh=00_AYDhgVRNYWgiqStfGhzPXFozn6t0G4kZ6ODQuiIKKOiDMQ&#038;oe=67561A2A\"\n\t\t\tdata-img-src-set=\"{&quot;d&quot;:&quot;https:\\\/\\\/scontent-waw2-2.cdninstagram.com\\\/v\\\/t39.30808-6\\\/469038077_950261183793450_5541056107688079120_n.jpg?_nc_cat=101&amp;ccb=1-7&amp;_nc_sid=18de74&amp;_nc_ohc=QeQQzauzhEQQ7kNvgE0MQlw&amp;_nc_zt=23&amp;_nc_ht=scontent-waw2-2.cdninstagram.com&amp;edm=ANo9K5cEAAAA&amp;_nc_gid=AkXSGadDRp4JdAhhzuU-rx3&amp;oh=00_AYDhgVRNYWgiqStfGhzPXFozn6t0G4kZ6ODQuiIKKOiDMQ&amp;oe=67561A2A&quot;,&quot;150&quot;:&quot;https:\\\/\\\/scontent-waw2-2.cdninstagram.com\\\/v\\\/t39.30808-6\\\/469038077_950261183793450_5541056107688079120_n.jpg?_nc_cat=101&amp;ccb=1-7&amp;_nc_sid=18de74&amp;_nc_ohc=QeQQzauzhEQQ7kNvgE0MQlw&amp;_nc_zt=23&amp;_nc_ht=scontent-waw2-2.cdninstagram.com&amp;edm=ANo9K5cEAAAA&amp;_nc_gid=AkXSGadDRp4JdAhhzuU-rx3&amp;oh=00_AYDhgVRNYWgiqStfGhzPXFozn6t0G4kZ6ODQuiIKKOiDMQ&amp;oe=67561A2A&quot;,&quot;320&quot;:&quot;https:\\\/\\\/scontent-waw2-2.cdninstagram.com\\\/v\\\/t39.30808-6\\\/469038077_950261183793450_5541056107688079120_n.jpg?_nc_cat=101&amp;ccb=1-7&amp;_nc_sid=18de74&amp;_nc_ohc=QeQQzauzhEQQ7kNvgE0MQlw&amp;_nc_zt=23&amp;_nc_ht=scontent-waw2-2.cdninstagram.com&amp;edm=ANo9K5cEAAAA&amp;_nc_gid=AkXSGadDRp4JdAhhzuU-rx3&amp;oh=00_AYDhgVRNYWgiqStfGhzPXFozn6t0G4kZ6ODQuiIKKOiDMQ&amp;oe=67561A2A&quot;,&quot;640&quot;:&quot;https:\\\/\\\/scontent-waw2-2.cdninstagram.com\\\/v\\\/t39.30808-6\\\/469038077_950261183793450_5541056107688079120_n.jpg?_nc_cat=101&amp;ccb=1-7&amp;_nc_sid=18de74&amp;_nc_ohc=QeQQzauzhEQQ7kNvgE0MQlw&amp;_nc_zt=23&amp;_nc_ht=scontent-waw2-2.cdninstagram.com&amp;edm=ANo9K5cEAAAA&amp;_nc_gid=AkXSGadDRp4JdAhhzuU-rx3&amp;oh=00_AYDhgVRNYWgiqStfGhzPXFozn6t0G4kZ6ODQuiIKKOiDMQ&amp;oe=67561A2A&quot;}\">\n\t\t\t<span class=\"sbi-screenreader\">Prawdziwe Krakusy wiedz\u0105, \u017ce to miasto ma w sobie <\/span>\n\t\t\t\t\t\t\t\t\t<img decoding=\"async\" src=\"https:\/\/www.polonia.travel\/pt\/wp-content\/plugins\/instagram-feed\/img\/placeholder.png\" alt=\"Prawdziwe Krakusy wiedz\u0105, \u017ce to miasto ma w sobie co\u015b wi\u0119cej ni\u017c Sukiennice i t\u0119 ziej\u0105c\u0105 besti\u0119 na Wawelu! \ud83d\ude0f \n\nJe\u015bli Krak\u00f3w jest na Twojej li\u015bcie konkursowych inspiracji, to mamy dla Ciebie kilka smaczk\u00f3w, kt\u00f3re rozgrzej\u0105 Twoj\u0105 kreatywno\u015b\u0107! \ud83c\udfa5\u2728\n\nWyjd\u017a na pole\u2026 sprawd\u017a czy na tej Brackiej wci\u0105\u017c pada deszcz! Potem skocz na Kazimierz, gdzie neonowe \u015bwiat\u0142a opowiadaj\u0105 niejedn\u0105 histori\u0119, a zapach zapieksy prowadzi prosto do najlepszych kadr\u00f3w! \ud83d\udd1d \nMo\u017ce hejna\u0142 Mariacki b\u0119dzie Twoim soundtrackiem, a obwarzanek - gwiazd\u0105 pierwszego planu? Tu ka\u017cdy zau\u0142ek to gotowa scena - wystarczy odrobina wyobra\u017ani! \ud83d\ude0e \n\n\ud83d\udce9 Nakr\u0119\u0107 sw\u00f3j skrawek Polski w konkursie \u201ePolska LOOKalnie\u201d i zgarnij nagrody, kt\u00f3re podkr\u0119c\u0105 Tw\u00f3j tw\u00f3rczy vibe! \ud83c\udf81 Do dzie\u0142a!\n\n#PolskaLOOKalnie #PolskaLOOKalniekonkurs\" aria-hidden=\"true\">\n\t\t<\/a>\n\t<\/div>\n<\/div><div class=\"sbi_item sbi_type_video sbi_new sbi_transition\"\n\tid=\"sbi_18088153981465050\" data-date=\"1732883103\">\n\t<div class=\"sbi_photo_wrap\">\n\t\t<a class=\"sbi_photo\" href=\"https:\/\/www.instagram.com\/reel\/DC9IaOftahp\/\" target=\"_blank\" rel=\"noopener nofollow\"\n\t\t\tdata-full-res=\"https:\/\/scontent-waw2-1.cdninstagram.com\/v\/t51.29350-15\/468583116_7523953244396355_4861882303220025334_n.jpg?_nc_cat=109&#038;ccb=1-7&#038;_nc_sid=18de74&#038;_nc_ohc=JyXQtjCt9cQQ7kNvgHkVnmn&#038;_nc_zt=23&#038;_nc_ht=scontent-waw2-1.cdninstagram.com&#038;edm=ANo9K5cEAAAA&#038;_nc_gid=AkXSGadDRp4JdAhhzuU-rx3&#038;oh=00_AYAcV18AW36ZoxBjk5HOStgqx02ZvVAl0dnL-hfGIcxdTQ&#038;oe=675620BB\"\n\t\t\tdata-img-src-set=\"{&quot;d&quot;:&quot;https:\\\/\\\/scontent-waw2-1.cdninstagram.com\\\/v\\\/t51.29350-15\\\/468583116_7523953244396355_4861882303220025334_n.jpg?_nc_cat=109&amp;ccb=1-7&amp;_nc_sid=18de74&amp;_nc_ohc=JyXQtjCt9cQQ7kNvgHkVnmn&amp;_nc_zt=23&amp;_nc_ht=scontent-waw2-1.cdninstagram.com&amp;edm=ANo9K5cEAAAA&amp;_nc_gid=AkXSGadDRp4JdAhhzuU-rx3&amp;oh=00_AYAcV18AW36ZoxBjk5HOStgqx02ZvVAl0dnL-hfGIcxdTQ&amp;oe=675620BB&quot;,&quot;150&quot;:&quot;https:\\\/\\\/scontent-waw2-1.cdninstagram.com\\\/v\\\/t51.29350-15\\\/468583116_7523953244396355_4861882303220025334_n.jpg?_nc_cat=109&amp;ccb=1-7&amp;_nc_sid=18de74&amp;_nc_ohc=JyXQtjCt9cQQ7kNvgHkVnmn&amp;_nc_zt=23&amp;_nc_ht=scontent-waw2-1.cdninstagram.com&amp;edm=ANo9K5cEAAAA&amp;_nc_gid=AkXSGadDRp4JdAhhzuU-rx3&amp;oh=00_AYAcV18AW36ZoxBjk5HOStgqx02ZvVAl0dnL-hfGIcxdTQ&amp;oe=675620BB&quot;,&quot;320&quot;:&quot;https:\\\/\\\/scontent-waw2-1.cdninstagram.com\\\/v\\\/t51.29350-15\\\/468583116_7523953244396355_4861882303220025334_n.jpg?_nc_cat=109&amp;ccb=1-7&amp;_nc_sid=18de74&amp;_nc_ohc=JyXQtjCt9cQQ7kNvgHkVnmn&amp;_nc_zt=23&amp;_nc_ht=scontent-waw2-1.cdninstagram.com&amp;edm=ANo9K5cEAAAA&amp;_nc_gid=AkXSGadDRp4JdAhhzuU-rx3&amp;oh=00_AYAcV18AW36ZoxBjk5HOStgqx02ZvVAl0dnL-hfGIcxdTQ&amp;oe=675620BB&quot;,&quot;640&quot;:&quot;https:\\\/\\\/scontent-waw2-1.cdninstagram.com\\\/v\\\/t51.29350-15\\\/468583116_7523953244396355_4861882303220025334_n.jpg?_nc_cat=109&amp;ccb=1-7&amp;_nc_sid=18de74&amp;_nc_ohc=JyXQtjCt9cQQ7kNvgHkVnmn&amp;_nc_zt=23&amp;_nc_ht=scontent-waw2-1.cdninstagram.com&amp;edm=ANo9K5cEAAAA&amp;_nc_gid=AkXSGadDRp4JdAhhzuU-rx3&amp;oh=00_AYAcV18AW36ZoxBjk5HOStgqx02ZvVAl0dnL-hfGIcxdTQ&amp;oe=675620BB&quot;}\">\n\t\t\t<span class=\"sbi-screenreader\">&quot;Je\u017adzi si\u0119 na rowerze, gdy lepiej zna si\u0119 kontury<\/span>\n\t\t\t\t\t\t<svg style=\"color: rgba(255,255,255,1)\" class=\"svg-inline--fa fa-play fa-w-14 sbi_playbtn\" aria-label=\"Play\" aria-hidden=\"true\" data-fa-processed=\"\" data-prefix=\"fa\" data-icon=\"play\" role=\"presentation\" xmlns=\"http:\/\/www.w3.org\/2000\/svg\" viewBox=\"0 0 448 512\"><path fill=\"currentColor\" d=\"M424.4 214.7L72.4 6.6C43.8-10.3 0 6.1 0 47.9V464c0 37.5 40.7 60.1 72.4 41.3l352-208c31.4-18.5 31.5-64.1 0-82.6z\"><\/path><\/svg>\t\t\t<img decoding=\"async\" src=\"https:\/\/www.polonia.travel\/pt\/wp-content\/plugins\/instagram-feed\/img\/placeholder.png\" alt=\"&quot;Je\u017adzi si\u0119 na rowerze, gdy lepiej zna si\u0119 kontury kraju, poniewa\u017c musisz si\u0119 poci\u0107 na zboczach wzg\u00f3rz i zej\u015b\u0107 na wybrze\u017ce&quot;* \u2764\u2764\u2764 Ten cz\u0142owiek doskonale zna kontury i atrakcje w Polsce. \nSprawd\u017amy w jakie rejony naszego kraju zaprasza Czes\u0142aw Lang\ud83d\udcaa\u2764\ud83d\udc4d\n\nTour de Pologne \nDolno\u015bl\u0105ska Organizacja Turystyczna \nDolny \u015al\u0105sk \nDolny \u015al\u0105sk Travel \nOpolska Regionalna Organizacja Turystyczna - OROT \nWojew\u00f3dztwo Opolskie \nVisitOpolskie.pl \nLubuska Regionalna Organizacja Turystyczna LOTUR \nMinisterstwo Sportu i Turystyki \n#WspieramPodr\u00f3\u017cuj\u0105c #polska #poland\n*Ernest Hemingway\" aria-hidden=\"true\">\n\t\t<\/a>\n\t<\/div>\n<\/div><div class=\"sbi_item sbi_type_image sbi_new sbi_transition\"\n\tid=\"sbi_17932392557846877\" data-date=\"1732881634\">\n\t<div class=\"sbi_photo_wrap\">\n\t\t<a class=\"sbi_photo\" href=\"https:\/\/www.instagram.com\/p\/DC9Fp4nv9l-\/\" target=\"_blank\" rel=\"noopener nofollow\"\n\t\t\tdata-full-res=\"https:\/\/scontent-waw2-1.cdninstagram.com\/v\/t39.30808-6\/468710620_948157540670481_9196097848572302754_n.jpg?_nc_cat=109&#038;ccb=1-7&#038;_nc_sid=18de74&#038;_nc_ohc=Q9DFm9RBZg0Q7kNvgFZ5WYu&#038;_nc_zt=23&#038;_nc_ht=scontent-waw2-1.cdninstagram.com&#038;edm=ANo9K5cEAAAA&#038;_nc_gid=AkXSGadDRp4JdAhhzuU-rx3&#038;oh=00_AYCPsMYO25LvgA8F6yMDoyKOGEqep2K2qgvU84NFyfvp6w&#038;oe=675611E0\"\n\t\t\tdata-img-src-set=\"{&quot;d&quot;:&quot;https:\\\/\\\/scontent-waw2-1.cdninstagram.com\\\/v\\\/t39.30808-6\\\/468710620_948157540670481_9196097848572302754_n.jpg?_nc_cat=109&amp;ccb=1-7&amp;_nc_sid=18de74&amp;_nc_ohc=Q9DFm9RBZg0Q7kNvgFZ5WYu&amp;_nc_zt=23&amp;_nc_ht=scontent-waw2-1.cdninstagram.com&amp;edm=ANo9K5cEAAAA&amp;_nc_gid=AkXSGadDRp4JdAhhzuU-rx3&amp;oh=00_AYCPsMYO25LvgA8F6yMDoyKOGEqep2K2qgvU84NFyfvp6w&amp;oe=675611E0&quot;,&quot;150&quot;:&quot;https:\\\/\\\/scontent-waw2-1.cdninstagram.com\\\/v\\\/t39.30808-6\\\/468710620_948157540670481_9196097848572302754_n.jpg?_nc_cat=109&amp;ccb=1-7&amp;_nc_sid=18de74&amp;_nc_ohc=Q9DFm9RBZg0Q7kNvgFZ5WYu&amp;_nc_zt=23&amp;_nc_ht=scontent-waw2-1.cdninstagram.com&amp;edm=ANo9K5cEAAAA&amp;_nc_gid=AkXSGadDRp4JdAhhzuU-rx3&amp;oh=00_AYCPsMYO25LvgA8F6yMDoyKOGEqep2K2qgvU84NFyfvp6w&amp;oe=675611E0&quot;,&quot;320&quot;:&quot;https:\\\/\\\/scontent-waw2-1.cdninstagram.com\\\/v\\\/t39.30808-6\\\/468710620_948157540670481_9196097848572302754_n.jpg?_nc_cat=109&amp;ccb=1-7&amp;_nc_sid=18de74&amp;_nc_ohc=Q9DFm9RBZg0Q7kNvgFZ5WYu&amp;_nc_zt=23&amp;_nc_ht=scontent-waw2-1.cdninstagram.com&amp;edm=ANo9K5cEAAAA&amp;_nc_gid=AkXSGadDRp4JdAhhzuU-rx3&amp;oh=00_AYCPsMYO25LvgA8F6yMDoyKOGEqep2K2qgvU84NFyfvp6w&amp;oe=675611E0&quot;,&quot;640&quot;:&quot;https:\\\/\\\/scontent-waw2-1.cdninstagram.com\\\/v\\\/t39.30808-6\\\/468710620_948157540670481_9196097848572302754_n.jpg?_nc_cat=109&amp;ccb=1-7&amp;_nc_sid=18de74&amp;_nc_ohc=Q9DFm9RBZg0Q7kNvgFZ5WYu&amp;_nc_zt=23&amp;_nc_ht=scontent-waw2-1.cdninstagram.com&amp;edm=ANo9K5cEAAAA&amp;_nc_gid=AkXSGadDRp4JdAhhzuU-rx3&amp;oh=00_AYCPsMYO25LvgA8F6yMDoyKOGEqep2K2qgvU84NFyfvp6w&amp;oe=675611E0&quot;}\">\n\t\t\t<span class=\"sbi-screenreader\">\ud83c\uddf5\ud83c\uddf1 \u201ePolska LOOKalnie\u201d &#8211; masz 60 sekund, by zachwyc<\/span>\n\t\t\t\t\t\t\t\t\t<img decoding=\"async\" src=\"https:\/\/www.polonia.travel\/pt\/wp-content\/plugins\/instagram-feed\/img\/placeholder.png\" alt=\"\ud83c\uddf5\ud83c\uddf1 \u201ePolska LOOKalnie\u201d - masz 60 sekund, by zachwyci\u0107 nas swoim kawa\u0142kiem kraju! \ud83c\udfa5\u2728\nChwy\u0107 za telefon i udowodnij, \u017ce ka\u017cde miejsce w Polsce  skrywa swoje wyj\u0105tkowe pere\u0142ki! \ud83c\udf0d Poka\u017c swoje ulubione miejsca, lokalne przysmaki, ukryte skarby lub najlepsze spoty na zimowy chill. \ud83d\ude0f \n\n\ud83d\udccc Zasady s\u0105 proste:\n\ud83d\udc49 Nakr\u0119\u0107 kr\u00f3tkie wideo (max 60 sekund), kt\u00f3re poka\u017ce Twoj\u0105 wersj\u0119 Polski. Mo\u017cesz u\u017cy\u0107 archiwalnych materia\u0142\u00f3w! \n\ud83d\udc49 Wy\u015blij zg\u0142oszenie w wiadomo\u015bci prywatnej - prosto, szybko i bez stresu! \n\n\ud83c\udf81 A nagrody? Sztos! \ud83d\udd25 Profesjonalny sprz\u0119t, kt\u00f3ry pozwoli Ci tworzy\u0107 filmy lepsze ni\u017c te z kinowej ta\u015bmy. \ud83c\udfa5\n\nI miejsce: \n Dron DJI Mini 4 Pro Fly More Combo (RC 2) \u2013 Wideo 4K\/60FPS HDR, 249g.\n Ca\u0142oroczny bilet (pojedynczy) do Energylandii.\n\nII miejsce: \nKamera sportowa GoPro Hero 13 Black Creator Edition.\nGimbal r\u0119czny DJI Osmo Mobile 6.\n\nIII miejsce: Kamera sportowa DJI Osmo Action 5 Adventure Combo\n\nWyr\u00f3\u017cnienia - dodatkowo Organizator przyzna nagrody wyr\u00f3\u017cnienia:\na. 3x 2-dniowy bilet do Energylandii dla dw\u00f3ch os\u00f3b.\nb. 3x Aparat natychmiastowy Fujifilm Instax Mini 12 Zielony.\nc. 10x bilet do Lumina Park dla dw\u00f3ch os\u00f3b.\n\n\u23f3 Termin zg\u0142osze\u0144: 9.12\nNie czekaj - najpi\u0119kniejsze historie powstaj\u0105 tu i teraz! Poka\u017c nam Polsk\u0119, jakiej jeszcze nie widzieli\u015bmy. \ud83c\udf1f\nDzia\u0142aj i tw\u00f3rz - Twoja minuta zmieni wszystko! \ud83c\uddf5\ud83c\uddf1\u2728 \nRegulamin konkurs: https:\/\/tiny.pl\/8j10571t\n\n#PolskaLOOKalnie #PolskaLOOKalniekonkurs\" aria-hidden=\"true\">\n\t\t<\/a>\n\t<\/div>\n<\/div><div class=\"sbi_item sbi_type_image sbi_new sbi_transition\"\n\tid=\"sbi_18154572262336848\" data-date=\"1732280944\">\n\t<div class=\"sbi_photo_wrap\">\n\t\t<a class=\"sbi_photo\" href=\"https:\/\/www.instagram.com\/p\/DCrL7YroH_g\/\" target=\"_blank\" rel=\"noopener nofollow\"\n\t\t\tdata-full-res=\"https:\/\/scontent-waw2-2.cdninstagram.com\/v\/t39.30808-6\/468054340_943296214489947_992224757437394329_n.jpg?_nc_cat=100&#038;ccb=1-7&#038;_nc_sid=18de74&#038;_nc_ohc=Np5RxRbpQNMQ7kNvgFEA4QD&#038;_nc_zt=23&#038;_nc_ht=scontent-waw2-2.cdninstagram.com&#038;edm=ANo9K5cEAAAA&#038;_nc_gid=AkXSGadDRp4JdAhhzuU-rx3&#038;oh=00_AYD_4QSCUBkerJv5kfPHY5_FnkTjImT5kf8xjcINqhcs6A&#038;oe=675620C9\"\n\t\t\tdata-img-src-set=\"{&quot;d&quot;:&quot;https:\\\/\\\/scontent-waw2-2.cdninstagram.com\\\/v\\\/t39.30808-6\\\/468054340_943296214489947_992224757437394329_n.jpg?_nc_cat=100&amp;ccb=1-7&amp;_nc_sid=18de74&amp;_nc_ohc=Np5RxRbpQNMQ7kNvgFEA4QD&amp;_nc_zt=23&amp;_nc_ht=scontent-waw2-2.cdninstagram.com&amp;edm=ANo9K5cEAAAA&amp;_nc_gid=AkXSGadDRp4JdAhhzuU-rx3&amp;oh=00_AYD_4QSCUBkerJv5kfPHY5_FnkTjImT5kf8xjcINqhcs6A&amp;oe=675620C9&quot;,&quot;150&quot;:&quot;https:\\\/\\\/scontent-waw2-2.cdninstagram.com\\\/v\\\/t39.30808-6\\\/468054340_943296214489947_992224757437394329_n.jpg?_nc_cat=100&amp;ccb=1-7&amp;_nc_sid=18de74&amp;_nc_ohc=Np5RxRbpQNMQ7kNvgFEA4QD&amp;_nc_zt=23&amp;_nc_ht=scontent-waw2-2.cdninstagram.com&amp;edm=ANo9K5cEAAAA&amp;_nc_gid=AkXSGadDRp4JdAhhzuU-rx3&amp;oh=00_AYD_4QSCUBkerJv5kfPHY5_FnkTjImT5kf8xjcINqhcs6A&amp;oe=675620C9&quot;,&quot;320&quot;:&quot;https:\\\/\\\/scontent-waw2-2.cdninstagram.com\\\/v\\\/t39.30808-6\\\/468054340_943296214489947_992224757437394329_n.jpg?_nc_cat=100&amp;ccb=1-7&amp;_nc_sid=18de74&amp;_nc_ohc=Np5RxRbpQNMQ7kNvgFEA4QD&amp;_nc_zt=23&amp;_nc_ht=scontent-waw2-2.cdninstagram.com&amp;edm=ANo9K5cEAAAA&amp;_nc_gid=AkXSGadDRp4JdAhhzuU-rx3&amp;oh=00_AYD_4QSCUBkerJv5kfPHY5_FnkTjImT5kf8xjcINqhcs6A&amp;oe=675620C9&quot;,&quot;640&quot;:&quot;https:\\\/\\\/scontent-waw2-2.cdninstagram.com\\\/v\\\/t39.30808-6\\\/468054340_943296214489947_992224757437394329_n.jpg?_nc_cat=100&amp;ccb=1-7&amp;_nc_sid=18de74&amp;_nc_ohc=Np5RxRbpQNMQ7kNvgFEA4QD&amp;_nc_zt=23&amp;_nc_ht=scontent-waw2-2.cdninstagram.com&amp;edm=ANo9K5cEAAAA&amp;_nc_gid=AkXSGadDRp4JdAhhzuU-rx3&amp;oh=00_AYD_4QSCUBkerJv5kfPHY5_FnkTjImT5kf8xjcINqhcs6A&amp;oe=675620C9&quot;}\">\n\t\t\t<span class=\"sbi-screenreader\">! G\u0141OSUJEMY ! \ud83d\udcaa\ud83d\udc4d\ud83d\udc47\ud83d\udc47\ud83d\udc47\nTylko do 27 listopada (do ko\u0144c<\/span>\n\t\t\t\t\t\t\t\t\t<img decoding=\"async\" src=\"https:\/\/www.polonia.travel\/pt\/wp-content\/plugins\/instagram-feed\/img\/placeholder.png\" alt=\"! G\u0141OSUJEMY ! \ud83d\udcaa\ud83d\udc4d\ud83d\udc47\ud83d\udc47\ud83d\udc47\nTylko do 27 listopada (do ko\u0144ca dnia) - &quot;European Best Christmas Market&quot;! \nKto jeszcze nie g\u0142osowa\u0142? \nNie ma na co czeka\u0107! \nWspieramy g\u0142osami \u203c\ufe0f\u203c\ufe0fGDA\u0143SK\u203c\ufe0f\u203c\ufe0f Oczywi\u015bcie!!!! \ud83d\udcaa\u2764\ud83d\udc49\ud83d\udc49\ud83d\udc49 https:\/\/jb24.gda.pl \n\nfot. Jarmark Bo\u017conarodzeniowy Gda\u0144sk \n@jarmarkbozonarodzeniowygdansk \nMiasto Gda\u0144sk \nVisit Gdansk \nMinisterstwo Sportu i Turystyki\" aria-hidden=\"true\">\n\t\t<\/a>\n\t<\/div>\n<\/div><div class=\"sbi_item sbi_type_image sbi_new sbi_transition\"\n\tid=\"sbi_18155291911331922\" data-date=\"1732130400\">\n\t<div class=\"sbi_photo_wrap\">\n\t\t<a class=\"sbi_photo\" href=\"https:\/\/www.instagram.com\/p\/DCmsyYhIXlq\/\" target=\"_blank\" rel=\"noopener nofollow\"\n\t\t\tdata-full-res=\"https:\/\/scontent-waw2-1.cdninstagram.com\/v\/t39.30808-6\/467334896_942120064607562_8590523553928420732_n.jpg?_nc_cat=111&#038;ccb=1-7&#038;_nc_sid=18de74&#038;_nc_ohc=1aXVo4nZorUQ7kNvgEnb2op&#038;_nc_zt=23&#038;_nc_ht=scontent-waw2-1.cdninstagram.com&#038;edm=ANo9K5cEAAAA&#038;_nc_gid=AkXSGadDRp4JdAhhzuU-rx3&#038;oh=00_AYDk14xv_DHJFzaRIrlIE2WsOmmDCjDZReTDWTnnwB6MXg&#038;oe=67560E9E\"\n\t\t\tdata-img-src-set=\"{&quot;d&quot;:&quot;https:\\\/\\\/scontent-waw2-1.cdninstagram.com\\\/v\\\/t39.30808-6\\\/467334896_942120064607562_8590523553928420732_n.jpg?_nc_cat=111&amp;ccb=1-7&amp;_nc_sid=18de74&amp;_nc_ohc=1aXVo4nZorUQ7kNvgEnb2op&amp;_nc_zt=23&amp;_nc_ht=scontent-waw2-1.cdninstagram.com&amp;edm=ANo9K5cEAAAA&amp;_nc_gid=AkXSGadDRp4JdAhhzuU-rx3&amp;oh=00_AYDk14xv_DHJFzaRIrlIE2WsOmmDCjDZReTDWTnnwB6MXg&amp;oe=67560E9E&quot;,&quot;150&quot;:&quot;https:\\\/\\\/scontent-waw2-1.cdninstagram.com\\\/v\\\/t39.30808-6\\\/467334896_942120064607562_8590523553928420732_n.jpg?_nc_cat=111&amp;ccb=1-7&amp;_nc_sid=18de74&amp;_nc_ohc=1aXVo4nZorUQ7kNvgEnb2op&amp;_nc_zt=23&amp;_nc_ht=scontent-waw2-1.cdninstagram.com&amp;edm=ANo9K5cEAAAA&amp;_nc_gid=AkXSGadDRp4JdAhhzuU-rx3&amp;oh=00_AYDk14xv_DHJFzaRIrlIE2WsOmmDCjDZReTDWTnnwB6MXg&amp;oe=67560E9E&quot;,&quot;320&quot;:&quot;https:\\\/\\\/scontent-waw2-1.cdninstagram.com\\\/v\\\/t39.30808-6\\\/467334896_942120064607562_8590523553928420732_n.jpg?_nc_cat=111&amp;ccb=1-7&amp;_nc_sid=18de74&amp;_nc_ohc=1aXVo4nZorUQ7kNvgEnb2op&amp;_nc_zt=23&amp;_nc_ht=scontent-waw2-1.cdninstagram.com&amp;edm=ANo9K5cEAAAA&amp;_nc_gid=AkXSGadDRp4JdAhhzuU-rx3&amp;oh=00_AYDk14xv_DHJFzaRIrlIE2WsOmmDCjDZReTDWTnnwB6MXg&amp;oe=67560E9E&quot;,&quot;640&quot;:&quot;https:\\\/\\\/scontent-waw2-1.cdninstagram.com\\\/v\\\/t39.30808-6\\\/467334896_942120064607562_8590523553928420732_n.jpg?_nc_cat=111&amp;ccb=1-7&amp;_nc_sid=18de74&amp;_nc_ohc=1aXVo4nZorUQ7kNvgEnb2op&amp;_nc_zt=23&amp;_nc_ht=scontent-waw2-1.cdninstagram.com&amp;edm=ANo9K5cEAAAA&amp;_nc_gid=AkXSGadDRp4JdAhhzuU-rx3&amp;oh=00_AYDk14xv_DHJFzaRIrlIE2WsOmmDCjDZReTDWTnnwB6MXg&amp;oe=67560E9E&quot;}\">\n\t\t\t<span class=\"sbi-screenreader\">Poznaj najlepsze atrakcje turystyczne w Polsce nag<\/span>\n\t\t\t\t\t\t\t\t\t<img decoding=\"async\" src=\"https:\/\/www.polonia.travel\/pt\/wp-content\/plugins\/instagram-feed\/img\/placeholder.png\" alt=\"Poznaj najlepsze atrakcje turystyczne w Polsce nagrodzone Certyfikatami POT 2024!\n\nPolska Organizacja Turystyczna wczoraj og\u0142osi\u0142a zwyci\u0119zc\u00f3w konkursu na \u201eNajlepszy Produkt Turystyczny \u2013 Certyfikat POT 2024\u201d. W\u015br\u00f3d laureat\u00f3w znalaz\u0142y si\u0119 niezwyk\u0142e miejsca, takie jak JuraPark - Ba\u0142towski Kompleks Turystyczny, kt\u00f3ry otrzyma\u0142 Z\u0142oty Certyfikat POT, Fabryka Robot\u00f3w - Museum of scrap sculpture (certyfikat Internaut\u00f3w), Dolno\u015bl\u0105skie Centrum Sportu Polana Jakuszycka DCS, Hortulus Dobrzyca i wiele innych.\n\nAby odkry\u0107 te fascynuj\u0105ce miejsca i dowiedzie\u0107 si\u0119, co maj\u0105 do zaoferowania zapraszmy \ud83d\udc49\ud83d\udc49\ud83d\udc49 https:\/\/www.polska.travel\/poznajcie-najlepsze-tegoroczne-atrakcje-turystyczne-w-polsce-certyfikaty-pot-2024\/\n\nMinisterstwo Sportu i Turystyki \nMuzeum Pami\u0119ci Sybiru \nMuzeum Porcelany w Wa\u0142brzychu\nOrientarium ZOO \u0141\u00f3d\u017a \nMandoria - Tematyczny Park Rozrywki \n\u015al\u0105skie Centrum Wolno\u015bci i Solidarno\u015bci \n\u015awiatowy Geopark Unesco Kraina Wygas\u0142ych Wulkan\u00f3w\/Land of Extinct Volcanoes Geopark\nTrasa rowerowa Velo Baltica Rowerem przez Pomorze Zachodnie \nMuzeum-Zamek w \u0141a\u0144cucie \nChmielaki Krasnostawskie \nMorskie Centrum Nauki \nBIESZCZAD.ski Wa\u0144kowa\" aria-hidden=\"true\">\n\t\t<\/a>\n\t<\/div>\n<\/div><div class=\"sbi_item sbi_type_video sbi_new sbi_transition\"\n\tid=\"sbi_18016302827379573\" data-date=\"1732100630\">\n\t<div class=\"sbi_photo_wrap\">\n\t\t<a class=\"sbi_photo\" href=\"https:\/\/www.instagram.com\/reel\/DClzvKDNiMW\/\" target=\"_blank\" rel=\"noopener nofollow\"\n\t\t\tdata-full-res=\"https:\/\/scontent-waw2-2.cdninstagram.com\/v\/t51.29350-15\/467654958_2383520662001337_4382998129992742334_n.jpg?_nc_cat=103&#038;ccb=1-7&#038;_nc_sid=18de74&#038;_nc_ohc=9bxFMD0IPWUQ7kNvgGlAYjY&#038;_nc_zt=23&#038;_nc_ht=scontent-waw2-2.cdninstagram.com&#038;edm=ANo9K5cEAAAA&#038;_nc_gid=AkXSGadDRp4JdAhhzuU-rx3&#038;oh=00_AYC5njhbEkGX1vtyly3u16oOWg5OAMcbF881rP7I2k4ljQ&#038;oe=67561EE0\"\n\t\t\tdata-img-src-set=\"{&quot;d&quot;:&quot;https:\\\/\\\/scontent-waw2-2.cdninstagram.com\\\/v\\\/t51.29350-15\\\/467654958_2383520662001337_4382998129992742334_n.jpg?_nc_cat=103&amp;ccb=1-7&amp;_nc_sid=18de74&amp;_nc_ohc=9bxFMD0IPWUQ7kNvgGlAYjY&amp;_nc_zt=23&amp;_nc_ht=scontent-waw2-2.cdninstagram.com&amp;edm=ANo9K5cEAAAA&amp;_nc_gid=AkXSGadDRp4JdAhhzuU-rx3&amp;oh=00_AYC5njhbEkGX1vtyly3u16oOWg5OAMcbF881rP7I2k4ljQ&amp;oe=67561EE0&quot;,&quot;150&quot;:&quot;https:\\\/\\\/scontent-waw2-2.cdninstagram.com\\\/v\\\/t51.29350-15\\\/467654958_2383520662001337_4382998129992742334_n.jpg?_nc_cat=103&amp;ccb=1-7&amp;_nc_sid=18de74&amp;_nc_ohc=9bxFMD0IPWUQ7kNvgGlAYjY&amp;_nc_zt=23&amp;_nc_ht=scontent-waw2-2.cdninstagram.com&amp;edm=ANo9K5cEAAAA&amp;_nc_gid=AkXSGadDRp4JdAhhzuU-rx3&amp;oh=00_AYC5njhbEkGX1vtyly3u16oOWg5OAMcbF881rP7I2k4ljQ&amp;oe=67561EE0&quot;,&quot;320&quot;:&quot;https:\\\/\\\/scontent-waw2-2.cdninstagram.com\\\/v\\\/t51.29350-15\\\/467654958_2383520662001337_4382998129992742334_n.jpg?_nc_cat=103&amp;ccb=1-7&amp;_nc_sid=18de74&amp;_nc_ohc=9bxFMD0IPWUQ7kNvgGlAYjY&amp;_nc_zt=23&amp;_nc_ht=scontent-waw2-2.cdninstagram.com&amp;edm=ANo9K5cEAAAA&amp;_nc_gid=AkXSGadDRp4JdAhhzuU-rx3&amp;oh=00_AYC5njhbEkGX1vtyly3u16oOWg5OAMcbF881rP7I2k4ljQ&amp;oe=67561EE0&quot;,&quot;640&quot;:&quot;https:\\\/\\\/scontent-waw2-2.cdninstagram.com\\\/v\\\/t51.29350-15\\\/467654958_2383520662001337_4382998129992742334_n.jpg?_nc_cat=103&amp;ccb=1-7&amp;_nc_sid=18de74&amp;_nc_ohc=9bxFMD0IPWUQ7kNvgGlAYjY&amp;_nc_zt=23&amp;_nc_ht=scontent-waw2-2.cdninstagram.com&amp;edm=ANo9K5cEAAAA&amp;_nc_gid=AkXSGadDRp4JdAhhzuU-rx3&amp;oh=00_AYC5njhbEkGX1vtyly3u16oOWg5OAMcbF881rP7I2k4ljQ&amp;oe=67561EE0&quot;}\">\n\t\t\t<span class=\"sbi-screenreader\">\ud83c\udfa5 Mazowsze na filmowo \u2013 odkryj miejsca z plan\u00f3w fi<\/span>\n\t\t\t\t\t\t<svg style=\"color: rgba(255,255,255,1)\" class=\"svg-inline--fa fa-play fa-w-14 sbi_playbtn\" aria-label=\"Play\" aria-hidden=\"true\" data-fa-processed=\"\" data-prefix=\"fa\" data-icon=\"play\" role=\"presentation\" xmlns=\"http:\/\/www.w3.org\/2000\/svg\" viewBox=\"0 0 448 512\"><path fill=\"currentColor\" d=\"M424.4 214.7L72.4 6.6C43.8-10.3 0 6.1 0 47.9V464c0 37.5 40.7 60.1 72.4 41.3l352-208c31.4-18.5 31.5-64.1 0-82.6z\"><\/path><\/svg>\t\t\t<img decoding=\"async\" src=\"https:\/\/www.polonia.travel\/pt\/wp-content\/plugins\/instagram-feed\/img\/placeholder.png\" alt=\"\ud83c\udfa5 Mazowsze na filmowo \u2013 odkryj miejsca z plan\u00f3w filmowych! \ud83c\udfa5\nEla i Darek, tw\u00f3rcy podr\u00f3\u017cniczego bloga @TraveLOVE, zapraszaj\u0105 na niesamowit\u0105 podr\u00f3\u017c po Mazowszu! W ramach konkursu Mistrzostwa Vloger\u00f3w i Bloger\u00f3w: Travelove odwiedzili wiele zak\u0105tk\u00f3w tego wojew\u00f3dztwa, aby pokaza\u0107, \u017ce Mazowsze kryje w sobie miejsca, kt\u00f3re znasz z film\u00f3w i seriali. \ud83c\udfac\nEfektem ich wyprawy jest wideoprzewodnik:\n\ud83d\udc49 \u201eGDZIE KR\u0118CONO ZNANE FILMY \u2013 MAZOWSZE NA FILMOWO\u201d\n\nOgl\u0105daj\u0105c, mo\u017cecie poczu\u0107 si\u0119 jak na planie kinowego hitu i odkry\u0107 miejsca, gdzie powstawa\u0142y s\u0142ynne produkcje \u2013 zar\u00f3wno polskie, jak i mi\u0119dzynarodowe. \ud83c\udf0d\u2728\nKto wie, \u017ce \u201ePrzedwio\u015bnie\u201d i \u201eDyrygent\u201d  Andrzeja Wajdy powstawa\u0142y w okolicach Radomia, a zamek w Czersku go\u015bci\u0142 Wied\u017amina? \n\n\ud83c\udf1f Obejrzyjcie film i wyruszcie w tras\u0119 filmowych wspomnie\u0144! \ud83c\udf1f\nOdwiedzili\u015bcie kt\u00f3re\u015b z tych miejsc? Podzielcie si\u0119 swoimi wspomnieniami w komentarzach! \ud83d\udcdd\nMazowiecka Regionalna Organizacja Turystyczna \nMinisterstwo Sportu i Turystyki \n\n#MazowszeNaFilmowo #TraveLOVE #KonkursMistrzostwaVloger\u00f3w #Podr\u00f3\u017cePoPolsce #Warszawa2024\" aria-hidden=\"true\">\n\t\t<\/a>\n\t<\/div>\n<\/div><div class=\"sbi_item sbi_type_image sbi_new sbi_transition\"\n\tid=\"sbi_18069964486715172\" data-date=\"1732026614\">\n\t<div class=\"sbi_photo_wrap\">\n\t\t<a class=\"sbi_photo\" href=\"https:\/\/www.instagram.com\/p\/DCjm1PuCvWJ\/\" target=\"_blank\" rel=\"noopener nofollow\"\n\t\t\tdata-full-res=\"https:\/\/scontent-waw2-1.cdninstagram.com\/v\/t39.30808-6\/467548973_941223961363839_4545208590816848609_n.jpg?_nc_cat=110&#038;ccb=1-7&#038;_nc_sid=18de74&#038;_nc_ohc=AIQg8iN1Ix4Q7kNvgGQq6MH&#038;_nc_zt=23&#038;_nc_ht=scontent-waw2-1.cdninstagram.com&#038;edm=ANo9K5cEAAAA&#038;_nc_gid=AkXSGadDRp4JdAhhzuU-rx3&#038;oh=00_AYBmCLquPci-V9ccYz1-EHqqpNugGw-haUQfmB6mXTdW3Q&#038;oe=67562CC8\"\n\t\t\tdata-img-src-set=\"{&quot;d&quot;:&quot;https:\\\/\\\/scontent-waw2-1.cdninstagram.com\\\/v\\\/t39.30808-6\\\/467548973_941223961363839_4545208590816848609_n.jpg?_nc_cat=110&amp;ccb=1-7&amp;_nc_sid=18de74&amp;_nc_ohc=AIQg8iN1Ix4Q7kNvgGQq6MH&amp;_nc_zt=23&amp;_nc_ht=scontent-waw2-1.cdninstagram.com&amp;edm=ANo9K5cEAAAA&amp;_nc_gid=AkXSGadDRp4JdAhhzuU-rx3&amp;oh=00_AYBmCLquPci-V9ccYz1-EHqqpNugGw-haUQfmB6mXTdW3Q&amp;oe=67562CC8&quot;,&quot;150&quot;:&quot;https:\\\/\\\/scontent-waw2-1.cdninstagram.com\\\/v\\\/t39.30808-6\\\/467548973_941223961363839_4545208590816848609_n.jpg?_nc_cat=110&amp;ccb=1-7&amp;_nc_sid=18de74&amp;_nc_ohc=AIQg8iN1Ix4Q7kNvgGQq6MH&amp;_nc_zt=23&amp;_nc_ht=scontent-waw2-1.cdninstagram.com&amp;edm=ANo9K5cEAAAA&amp;_nc_gid=AkXSGadDRp4JdAhhzuU-rx3&amp;oh=00_AYBmCLquPci-V9ccYz1-EHqqpNugGw-haUQfmB6mXTdW3Q&amp;oe=67562CC8&quot;,&quot;320&quot;:&quot;https:\\\/\\\/scontent-waw2-1.cdninstagram.com\\\/v\\\/t39.30808-6\\\/467548973_941223961363839_4545208590816848609_n.jpg?_nc_cat=110&amp;ccb=1-7&amp;_nc_sid=18de74&amp;_nc_ohc=AIQg8iN1Ix4Q7kNvgGQq6MH&amp;_nc_zt=23&amp;_nc_ht=scontent-waw2-1.cdninstagram.com&amp;edm=ANo9K5cEAAAA&amp;_nc_gid=AkXSGadDRp4JdAhhzuU-rx3&amp;oh=00_AYBmCLquPci-V9ccYz1-EHqqpNugGw-haUQfmB6mXTdW3Q&amp;oe=67562CC8&quot;,&quot;640&quot;:&quot;https:\\\/\\\/scontent-waw2-1.cdninstagram.com\\\/v\\\/t39.30808-6\\\/467548973_941223961363839_4545208590816848609_n.jpg?_nc_cat=110&amp;ccb=1-7&amp;_nc_sid=18de74&amp;_nc_ohc=AIQg8iN1Ix4Q7kNvgGQq6MH&amp;_nc_zt=23&amp;_nc_ht=scontent-waw2-1.cdninstagram.com&amp;edm=ANo9K5cEAAAA&amp;_nc_gid=AkXSGadDRp4JdAhhzuU-rx3&amp;oh=00_AYBmCLquPci-V9ccYz1-EHqqpNugGw-haUQfmB6mXTdW3Q&amp;oe=67562CC8&quot;}\">\n\t\t\t<span class=\"sbi-screenreader\">\ud83c\udf42 Jesie\u0144 w Opolskiem \u2013 odkryj niezwyk\u0142e atrakcje!\n<\/span>\n\t\t\t\t\t\t\t\t\t<img decoding=\"async\" src=\"https:\/\/www.polonia.travel\/pt\/wp-content\/plugins\/instagram-feed\/img\/placeholder.png\" alt=\"\ud83c\udf42 Jesie\u0144 w Opolskiem \u2013 odkryj niezwyk\u0142e atrakcje!\n\n\ud83d\udd38 G\u00f3ra \u015aw. Anny \u2013 geologiczny szlak, XV-wieczne sanktuarium i skalny amfiteatr. Idealne na jesienne w\u0119dr\u00f3wki!\n\ud83d\udd38 Muzeum Wsi Opolskiej \u2013 podr\u00f3\u017c w czasie do XIX-wiecznej wsi, pokazy rzemios\u0142 i klimatyczne wydarzenia.\n\ud83d\udd38 Opolski Szlak Zamk\u00f3w i Pa\u0142ac\u00f3w \u2013 11 wyj\u0105tkowych zamk\u00f3w, w tym Zamek w Mosznej i w Brzegu.\n\ud83d\udd38 G\u00f3ry Opawskie \u2013 malownicze trasy w sercu natury.\n\n\ud83c\udf42 Jesie\u0144 w Opolskiem to kolory, zapachy i emocje, kt\u00f3re zostan\u0105 z Wami na d\u0142ugo. Ciep\u0142y sweter, termos z herbat\u0105, szeleszcz\u0105ce li\u015bcie pod nogami i pe\u0142na przyg\u00f3d podr\u00f3\u017c \u2013 czeka!\n\nSzczeg\u00f3\u0142y na \ud83d\udc49\ud83d\udc49\ud83d\udc49 https:\/\/www.polska.travel\/jesien-w-opolskiem\/\n\nOpolska Regionalna Organizacja Turystyczna - OROT \nVisitOpolskie.pl \n@visitopolskie \nMinisterstwo Sportu i Turystyki \n@ministerstwo_sportuiturystyki\" aria-hidden=\"true\">\n\t\t<\/a>\n\t<\/div>\n<\/div><div class=\"sbi_item sbi_type_video sbi_new sbi_transition\"\n\tid=\"sbi_18086396812519425\" data-date=\"1731946984\">\n\t<div class=\"sbi_photo_wrap\">\n\t\t<a class=\"sbi_photo\" href=\"https:\/\/www.instagram.com\/reel\/DChO6nBSWn6\/\" target=\"_blank\" rel=\"noopener nofollow\"\n\t\t\tdata-full-res=\"https:\/\/scontent-waw2-2.cdninstagram.com\/v\/t51.75761-15\/467433665_18374704543107632_7757168640735638181_n.jpg?_nc_cat=101&#038;ccb=1-7&#038;_nc_sid=18de74&#038;_nc_ohc=LOMPG7MQ61wQ7kNvgGSct30&#038;_nc_zt=23&#038;_nc_ht=scontent-waw2-2.cdninstagram.com&#038;edm=ANo9K5cEAAAA&#038;_nc_gid=AkXSGadDRp4JdAhhzuU-rx3&#038;oh=00_AYC1UCnb2vJa6wt73cs3cmAA_2adrdq8MPqZZx-npYoUAw&#038;oe=67561D18\"\n\t\t\tdata-img-src-set=\"{&quot;d&quot;:&quot;https:\\\/\\\/scontent-waw2-2.cdninstagram.com\\\/v\\\/t51.75761-15\\\/467433665_18374704543107632_7757168640735638181_n.jpg?_nc_cat=101&amp;ccb=1-7&amp;_nc_sid=18de74&amp;_nc_ohc=LOMPG7MQ61wQ7kNvgGSct30&amp;_nc_zt=23&amp;_nc_ht=scontent-waw2-2.cdninstagram.com&amp;edm=ANo9K5cEAAAA&amp;_nc_gid=AkXSGadDRp4JdAhhzuU-rx3&amp;oh=00_AYC1UCnb2vJa6wt73cs3cmAA_2adrdq8MPqZZx-npYoUAw&amp;oe=67561D18&quot;,&quot;150&quot;:&quot;https:\\\/\\\/scontent-waw2-2.cdninstagram.com\\\/v\\\/t51.75761-15\\\/467433665_18374704543107632_7757168640735638181_n.jpg?_nc_cat=101&amp;ccb=1-7&amp;_nc_sid=18de74&amp;_nc_ohc=LOMPG7MQ61wQ7kNvgGSct30&amp;_nc_zt=23&amp;_nc_ht=scontent-waw2-2.cdninstagram.com&amp;edm=ANo9K5cEAAAA&amp;_nc_gid=AkXSGadDRp4JdAhhzuU-rx3&amp;oh=00_AYC1UCnb2vJa6wt73cs3cmAA_2adrdq8MPqZZx-npYoUAw&amp;oe=67561D18&quot;,&quot;320&quot;:&quot;https:\\\/\\\/scontent-waw2-2.cdninstagram.com\\\/v\\\/t51.75761-15\\\/467433665_18374704543107632_7757168640735638181_n.jpg?_nc_cat=101&amp;ccb=1-7&amp;_nc_sid=18de74&amp;_nc_ohc=LOMPG7MQ61wQ7kNvgGSct30&amp;_nc_zt=23&amp;_nc_ht=scontent-waw2-2.cdninstagram.com&amp;edm=ANo9K5cEAAAA&amp;_nc_gid=AkXSGadDRp4JdAhhzuU-rx3&amp;oh=00_AYC1UCnb2vJa6wt73cs3cmAA_2adrdq8MPqZZx-npYoUAw&amp;oe=67561D18&quot;,&quot;640&quot;:&quot;https:\\\/\\\/scontent-waw2-2.cdninstagram.com\\\/v\\\/t51.75761-15\\\/467433665_18374704543107632_7757168640735638181_n.jpg?_nc_cat=101&amp;ccb=1-7&amp;_nc_sid=18de74&amp;_nc_ohc=LOMPG7MQ61wQ7kNvgGSct30&amp;_nc_zt=23&amp;_nc_ht=scontent-waw2-2.cdninstagram.com&amp;edm=ANo9K5cEAAAA&amp;_nc_gid=AkXSGadDRp4JdAhhzuU-rx3&amp;oh=00_AYC1UCnb2vJa6wt73cs3cmAA_2adrdq8MPqZZx-npYoUAw&amp;oe=67561D18&quot;}\">\n\t\t\t<span class=\"sbi-screenreader\">S\u0142yszeli\u015bcie, \u017ce Jarmark Bo\u017conarodzeniowy w Gda\u0144sk<\/span>\n\t\t\t\t\t\t<svg style=\"color: rgba(255,255,255,1)\" class=\"svg-inline--fa fa-play fa-w-14 sbi_playbtn\" aria-label=\"Play\" aria-hidden=\"true\" data-fa-processed=\"\" data-prefix=\"fa\" data-icon=\"play\" role=\"presentation\" xmlns=\"http:\/\/www.w3.org\/2000\/svg\" viewBox=\"0 0 448 512\"><path fill=\"currentColor\" d=\"M424.4 214.7L72.4 6.6C43.8-10.3 0 6.1 0 47.9V464c0 37.5 40.7 60.1 72.4 41.3l352-208c31.4-18.5 31.5-64.1 0-82.6z\"><\/path><\/svg>\t\t\t<img decoding=\"async\" src=\"https:\/\/www.polonia.travel\/pt\/wp-content\/plugins\/instagram-feed\/img\/placeholder.png\" alt=\"S\u0142yszeli\u015bcie, \u017ce Jarmark Bo\u017conarodzeniowy w Gda\u0144sku jako jedyny reprezentant Polski walczy o tytu\u0142 Najlepszego Jarmarku Bo\u017conarodzeniowego w Europie? \ud83c\udf89\n \n\ud83d\udcc5 G\u0142osuj na Gda\u0144sk od 20 do 27 listopada - codziennie, raz dziennie*! \ud83d\udcaa Mo\u017cemy wygra\u0107 te \u015awi\u0119ta razem! \u2665\ufe0f\nLiczy si\u0119 ka\u017cdy g\u0142os. \ud83d\udc49 https:\/\/jb24.gda.pl\n\n*Mo\u017cesz g\u0142osowa\u0107 1 raz dziennie z 1 adresu IP. G\u0142osuj\u0105c codziennie, mo\u017cesz odda\u0107 g\u0142os a\u017c 8 razy!\n\n@gdansk_official \n@visit_gdansk_official \n@igersgdansk \n@christmasmarketsineurope \n\n#bestmarket #jarmark #jarmarkbozonarodzeniowy \n#g\u0142osowanie\" aria-hidden=\"true\">\n\t\t<\/a>\n\t<\/div>\n<\/div><div class=\"sbi_item sbi_type_video sbi_new sbi_transition\"\n\tid=\"sbi_18032093165342218\" data-date=\"1731678005\">\n\t<div class=\"sbi_photo_wrap\">\n\t\t<a class=\"sbi_photo\" href=\"https:\/\/www.instagram.com\/reel\/DCZNrRys2k6\/\" target=\"_blank\" rel=\"noopener nofollow\"\n\t\t\tdata-full-res=\"https:\/\/scontent-waw2-2.cdninstagram.com\/v\/t51.75761-15\/466974528_18374244439107632_4948453890769450112_n.jpg?_nc_cat=107&#038;ccb=1-7&#038;_nc_sid=18de74&#038;_nc_ohc=ukCNhY-h52gQ7kNvgEoXCqZ&#038;_nc_zt=23&#038;_nc_ht=scontent-waw2-2.cdninstagram.com&#038;edm=ANo9K5cEAAAA&#038;_nc_gid=AkXSGadDRp4JdAhhzuU-rx3&#038;oh=00_AYD5v7FjoMz59df58cgfERtOhvlfKNDjC2zMu1hx6q_DDg&#038;oe=67560FC8\"\n\t\t\tdata-img-src-set=\"{&quot;d&quot;:&quot;https:\\\/\\\/scontent-waw2-2.cdninstagram.com\\\/v\\\/t51.75761-15\\\/466974528_18374244439107632_4948453890769450112_n.jpg?_nc_cat=107&amp;ccb=1-7&amp;_nc_sid=18de74&amp;_nc_ohc=ukCNhY-h52gQ7kNvgEoXCqZ&amp;_nc_zt=23&amp;_nc_ht=scontent-waw2-2.cdninstagram.com&amp;edm=ANo9K5cEAAAA&amp;_nc_gid=AkXSGadDRp4JdAhhzuU-rx3&amp;oh=00_AYD5v7FjoMz59df58cgfERtOhvlfKNDjC2zMu1hx6q_DDg&amp;oe=67560FC8&quot;,&quot;150&quot;:&quot;https:\\\/\\\/scontent-waw2-2.cdninstagram.com\\\/v\\\/t51.75761-15\\\/466974528_18374244439107632_4948453890769450112_n.jpg?_nc_cat=107&amp;ccb=1-7&amp;_nc_sid=18de74&amp;_nc_ohc=ukCNhY-h52gQ7kNvgEoXCqZ&amp;_nc_zt=23&amp;_nc_ht=scontent-waw2-2.cdninstagram.com&amp;edm=ANo9K5cEAAAA&amp;_nc_gid=AkXSGadDRp4JdAhhzuU-rx3&amp;oh=00_AYD5v7FjoMz59df58cgfERtOhvlfKNDjC2zMu1hx6q_DDg&amp;oe=67560FC8&quot;,&quot;320&quot;:&quot;https:\\\/\\\/scontent-waw2-2.cdninstagram.com\\\/v\\\/t51.75761-15\\\/466974528_18374244439107632_4948453890769450112_n.jpg?_nc_cat=107&amp;ccb=1-7&amp;_nc_sid=18de74&amp;_nc_ohc=ukCNhY-h52gQ7kNvgEoXCqZ&amp;_nc_zt=23&amp;_nc_ht=scontent-waw2-2.cdninstagram.com&amp;edm=ANo9K5cEAAAA&amp;_nc_gid=AkXSGadDRp4JdAhhzuU-rx3&amp;oh=00_AYD5v7FjoMz59df58cgfERtOhvlfKNDjC2zMu1hx6q_DDg&amp;oe=67560FC8&quot;,&quot;640&quot;:&quot;https:\\\/\\\/scontent-waw2-2.cdninstagram.com\\\/v\\\/t51.75761-15\\\/466974528_18374244439107632_4948453890769450112_n.jpg?_nc_cat=107&amp;ccb=1-7&amp;_nc_sid=18de74&amp;_nc_ohc=ukCNhY-h52gQ7kNvgEoXCqZ&amp;_nc_zt=23&amp;_nc_ht=scontent-waw2-2.cdninstagram.com&amp;edm=ANo9K5cEAAAA&amp;_nc_gid=AkXSGadDRp4JdAhhzuU-rx3&amp;oh=00_AYD5v7FjoMz59df58cgfERtOhvlfKNDjC2zMu1hx6q_DDg&amp;oe=67560FC8&quot;}\">\n\t\t\t<span class=\"sbi-screenreader\">Polska. Wi\u0119cej ni\u017c my\u015blisz :)))<\/span>\n\t\t\t\t\t\t<svg style=\"color: rgba(255,255,255,1)\" class=\"svg-inline--fa fa-play fa-w-14 sbi_playbtn\" aria-label=\"Play\" aria-hidden=\"true\" data-fa-processed=\"\" data-prefix=\"fa\" data-icon=\"play\" role=\"presentation\" xmlns=\"http:\/\/www.w3.org\/2000\/svg\" viewBox=\"0 0 448 512\"><path fill=\"currentColor\" d=\"M424.4 214.7L72.4 6.6C43.8-10.3 0 6.1 0 47.9V464c0 37.5 40.7 60.1 72.4 41.3l352-208c31.4-18.5 31.5-64.1 0-82.6z\"><\/path><\/svg>\t\t\t<img decoding=\"async\" src=\"https:\/\/www.polonia.travel\/pt\/wp-content\/plugins\/instagram-feed\/img\/placeholder.png\" alt=\"Polska. Wi\u0119cej ni\u017c my\u015blisz :)))\" aria-hidden=\"true\">\n\t\t<\/a>\n\t<\/div>\n<\/div><div class=\"sbi_item sbi_type_image sbi_new sbi_transition\"\n\tid=\"sbi_17922136193993636\" data-date=\"1731592819\">\n\t<div class=\"sbi_photo_wrap\">\n\t\t<a class=\"sbi_photo\" href=\"https:\/\/www.instagram.com\/p\/DCWrbz6pQef\/\" target=\"_blank\" rel=\"noopener nofollow\"\n\t\t\tdata-full-res=\"https:\/\/scontent-waw2-2.cdninstagram.com\/v\/t39.30808-6\/466454717_937688701717365_3038154875180564465_n.jpg?_nc_cat=107&#038;ccb=1-7&#038;_nc_sid=18de74&#038;_nc_ohc=kUZgs3ntttIQ7kNvgExfqdj&#038;_nc_zt=23&#038;_nc_ht=scontent-waw2-2.cdninstagram.com&#038;edm=ANo9K5cEAAAA&#038;_nc_gid=AkXSGadDRp4JdAhhzuU-rx3&#038;oh=00_AYB-j_B4J76HlOdOxj7979301YevauFswhj_hT9sOCFeHQ&#038;oe=67562554\"\n\t\t\tdata-img-src-set=\"{&quot;d&quot;:&quot;https:\\\/\\\/scontent-waw2-2.cdninstagram.com\\\/v\\\/t39.30808-6\\\/466454717_937688701717365_3038154875180564465_n.jpg?_nc_cat=107&amp;ccb=1-7&amp;_nc_sid=18de74&amp;_nc_ohc=kUZgs3ntttIQ7kNvgExfqdj&amp;_nc_zt=23&amp;_nc_ht=scontent-waw2-2.cdninstagram.com&amp;edm=ANo9K5cEAAAA&amp;_nc_gid=AkXSGadDRp4JdAhhzuU-rx3&amp;oh=00_AYB-j_B4J76HlOdOxj7979301YevauFswhj_hT9sOCFeHQ&amp;oe=67562554&quot;,&quot;150&quot;:&quot;https:\\\/\\\/scontent-waw2-2.cdninstagram.com\\\/v\\\/t39.30808-6\\\/466454717_937688701717365_3038154875180564465_n.jpg?_nc_cat=107&amp;ccb=1-7&amp;_nc_sid=18de74&amp;_nc_ohc=kUZgs3ntttIQ7kNvgExfqdj&amp;_nc_zt=23&amp;_nc_ht=scontent-waw2-2.cdninstagram.com&amp;edm=ANo9K5cEAAAA&amp;_nc_gid=AkXSGadDRp4JdAhhzuU-rx3&amp;oh=00_AYB-j_B4J76HlOdOxj7979301YevauFswhj_hT9sOCFeHQ&amp;oe=67562554&quot;,&quot;320&quot;:&quot;https:\\\/\\\/scontent-waw2-2.cdninstagram.com\\\/v\\\/t39.30808-6\\\/466454717_937688701717365_3038154875180564465_n.jpg?_nc_cat=107&amp;ccb=1-7&amp;_nc_sid=18de74&amp;_nc_ohc=kUZgs3ntttIQ7kNvgExfqdj&amp;_nc_zt=23&amp;_nc_ht=scontent-waw2-2.cdninstagram.com&amp;edm=ANo9K5cEAAAA&amp;_nc_gid=AkXSGadDRp4JdAhhzuU-rx3&amp;oh=00_AYB-j_B4J76HlOdOxj7979301YevauFswhj_hT9sOCFeHQ&amp;oe=67562554&quot;,&quot;640&quot;:&quot;https:\\\/\\\/scontent-waw2-2.cdninstagram.com\\\/v\\\/t39.30808-6\\\/466454717_937688701717365_3038154875180564465_n.jpg?_nc_cat=107&amp;ccb=1-7&amp;_nc_sid=18de74&amp;_nc_ohc=kUZgs3ntttIQ7kNvgExfqdj&amp;_nc_zt=23&amp;_nc_ht=scontent-waw2-2.cdninstagram.com&amp;edm=ANo9K5cEAAAA&amp;_nc_gid=AkXSGadDRp4JdAhhzuU-rx3&amp;oh=00_AYB-j_B4J76HlOdOxj7979301YevauFswhj_hT9sOCFeHQ&amp;oe=67562554&quot;}\">\n\t\t\t<span class=\"sbi-screenreader\">\ud83c\udf42 To ostatni dzwonek na JESIENNY wyjazd na Dolny \u015a<\/span>\n\t\t\t\t\t\t\t\t\t<img decoding=\"async\" src=\"https:\/\/www.polonia.travel\/pt\/wp-content\/plugins\/instagram-feed\/img\/placeholder.png\" alt=\"\ud83c\udf42 To ostatni dzwonek na JESIENNY wyjazd na Dolny \u015al\u0105sk, zanim &quot;bia\u0142y puch&quot; zakryje kolorowe krajobrazy. \nZajrzyjcie do naszego mini przewodnika i dowiedzcie si\u0119 wi\u0119cej o:\n\n\ud83c\udf3f Mi\u0119dzyg\u00f3rze - wioska beztroski - malownicze szlaki i Wodospad Wilczki dla mi\u0142o\u015bnik\u00f3w natury.\n\ud83d\udca7 Miasto Duszniki-Zdr\u00f3j - uzdrowisko z mineralnymi \u017ar\u00f3d\u0142ami i klimatycznym Muzeum Papiernictwa.\n\ud83c\udff0 Twierdza Srebrna G\u00f3ra  Srebrna G\u00f3ra - najwi\u0119ksza g\u00f3rska twierdza w Europie z fascynuj\u0105c\u0105 histori\u0105.\n\u26f0\ufe0f Podziemne Miasto Os\u00f3wka - tajemnicze tunele i hale pe\u0142ne historii.\n\ud83d\udcf8 Bory Dolno\u015bl\u0105skie - idealne na spacer i fotograficzne polowania na Wrzosowiskach Przemkowskich.\n\ud83c\udfef Zamki Dolnego \u015al\u0105ska - Zamek Ksi\u0105\u017c w Wa\u0142brzychu, Zamek Czocha, Zamek Grodziec \u2013 niepowtarzalne zabytki z dusz\u0105.\n\nNie czekaj \u2013 jesienna aura to idealny czas na odkrywanie Dolnego \u015al\u0105ska! \ud83c\udf41\u2708\ufe0f Sprawd\u017a wi\u0119cej w artykule! \ud83d\udc49\ud83d\udc49\ud83d\udc49 https:\/\/www.polska.travel\/zlota-polska-jesien-na-dolnym-slasku\/\n\nDolno\u015bl\u0105ska Organizacja Turystyczna \nDolny \u015al\u0105sk \nMinisterstwo Sportu i Turystyki\" aria-hidden=\"true\">\n\t\t<\/a>\n\t<\/div>\n<\/div><div class=\"sbi_item sbi_type_image sbi_new sbi_transition\"\n\tid=\"sbi_17858227611293143\" data-date=\"1731313764\">\n\t<div class=\"sbi_photo_wrap\">\n\t\t<a class=\"sbi_photo\" href=\"https:\/\/www.instagram.com\/p\/DCOXLeEufu0\/\" target=\"_blank\" rel=\"noopener nofollow\"\n\t\t\tdata-full-res=\"https:\/\/scontent-waw2-1.cdninstagram.com\/v\/t51.29350-15\/466504965_27407441062236636_3919205423422404025_n.jpg?_nc_cat=110&#038;ccb=1-7&#038;_nc_sid=18de74&#038;_nc_ohc=kqIT8Cfu2H0Q7kNvgGLlJtl&#038;_nc_zt=23&#038;_nc_ht=scontent-waw2-1.cdninstagram.com&#038;edm=ANo9K5cEAAAA&#038;_nc_gid=AkXSGadDRp4JdAhhzuU-rx3&#038;oh=00_AYDOdg-KNj1mX4Nh87-452PXqyxtNGcXdi7rCg62_q5vVw&#038;oe=675612B3\"\n\t\t\tdata-img-src-set=\"{&quot;d&quot;:&quot;https:\\\/\\\/scontent-waw2-1.cdninstagram.com\\\/v\\\/t51.29350-15\\\/466504965_27407441062236636_3919205423422404025_n.jpg?_nc_cat=110&amp;ccb=1-7&amp;_nc_sid=18de74&amp;_nc_ohc=kqIT8Cfu2H0Q7kNvgGLlJtl&amp;_nc_zt=23&amp;_nc_ht=scontent-waw2-1.cdninstagram.com&amp;edm=ANo9K5cEAAAA&amp;_nc_gid=AkXSGadDRp4JdAhhzuU-rx3&amp;oh=00_AYDOdg-KNj1mX4Nh87-452PXqyxtNGcXdi7rCg62_q5vVw&amp;oe=675612B3&quot;,&quot;150&quot;:&quot;https:\\\/\\\/scontent-waw2-1.cdninstagram.com\\\/v\\\/t51.29350-15\\\/466504965_27407441062236636_3919205423422404025_n.jpg?_nc_cat=110&amp;ccb=1-7&amp;_nc_sid=18de74&amp;_nc_ohc=kqIT8Cfu2H0Q7kNvgGLlJtl&amp;_nc_zt=23&amp;_nc_ht=scontent-waw2-1.cdninstagram.com&amp;edm=ANo9K5cEAAAA&amp;_nc_gid=AkXSGadDRp4JdAhhzuU-rx3&amp;oh=00_AYDOdg-KNj1mX4Nh87-452PXqyxtNGcXdi7rCg62_q5vVw&amp;oe=675612B3&quot;,&quot;320&quot;:&quot;https:\\\/\\\/scontent-waw2-1.cdninstagram.com\\\/v\\\/t51.29350-15\\\/466504965_27407441062236636_3919205423422404025_n.jpg?_nc_cat=110&amp;ccb=1-7&amp;_nc_sid=18de74&amp;_nc_ohc=kqIT8Cfu2H0Q7kNvgGLlJtl&amp;_nc_zt=23&amp;_nc_ht=scontent-waw2-1.cdninstagram.com&amp;edm=ANo9K5cEAAAA&amp;_nc_gid=AkXSGadDRp4JdAhhzuU-rx3&amp;oh=00_AYDOdg-KNj1mX4Nh87-452PXqyxtNGcXdi7rCg62_q5vVw&amp;oe=675612B3&quot;,&quot;640&quot;:&quot;https:\\\/\\\/scontent-waw2-1.cdninstagram.com\\\/v\\\/t51.29350-15\\\/466504965_27407441062236636_3919205423422404025_n.jpg?_nc_cat=110&amp;ccb=1-7&amp;_nc_sid=18de74&amp;_nc_ohc=kqIT8Cfu2H0Q7kNvgGLlJtl&amp;_nc_zt=23&amp;_nc_ht=scontent-waw2-1.cdninstagram.com&amp;edm=ANo9K5cEAAAA&amp;_nc_gid=AkXSGadDRp4JdAhhzuU-rx3&amp;oh=00_AYDOdg-KNj1mX4Nh87-452PXqyxtNGcXdi7rCg62_q5vVw&amp;oe=675612B3&quot;}\">\n\t\t\t<span class=\"sbi-screenreader\">\ud83c\uddee\ud83c\udde9 Narodowe \u015awi\u0119to Niepodleg\u0142o\u015bci zosta\u0142o ustanowi<\/span>\n\t\t\t\t\t\t\t\t\t<img decoding=\"async\" src=\"https:\/\/www.polonia.travel\/pt\/wp-content\/plugins\/instagram-feed\/img\/placeholder.png\" alt=\"\ud83c\uddee\ud83c\udde9 Narodowe \u015awi\u0119to Niepodleg\u0142o\u015bci zosta\u0142o ustanowione na pami\u0105tk\u0119 jednego z najrado\u015bniejszych wydarze\u0144 w historii Polski. Na przek\u00f3r jesiennej pogodzie zapraszamy do celebracji 106. rocznicy odzyskania niepodleg\u0142o\u015bci!\n\nDzie\u0144 Niepodleg\u0142o\u015bci to \u015bwietna okazja by odwiedzi\u0107 Muzeum J\u00f3zefa Pi\u0142sudskiego w Sulej\u00f3wku. \nOtwarto je w 2020 roku. Multimedialna wystawa sta\u0142a \u201eDla Rzeczpospolitej. J\u00f3zef Pi\u0142sudski 1867-1935\u201d mie\u015bci si\u0119 w hali znajduj\u0105cej si\u0119 dwa i trzy pi\u0119tra pod powierzchni\u0105 ziemi. Ekspozycja za pomoc\u0105 multimedi\u00f3w zr\u0119cznie po\u0142\u0105czonych z osobistymi pami\u0105tkami po Marsza\u0142ku i przedmiotami z epoki opowiada o J\u00f3zefie Pi\u0142sudskim i jego walce o niepodleg\u0142o\u015b\u0107 Polski. Narracja rozwija si\u0119 niczym barwna ta\u015bma filmowa, kadr po kadrze prezentuj\u0105c kolejne etapy \u017cycia bohatera, pocz\u0105wszy od dzieci\u0144stwa i m\u0142odo\u015bci, poprzez lata zes\u0142ania na Syberi\u0119, walki podziemnej i zbrojnej o odrodzenie pa\u0144stwa, a\u017c po dzia\u0142alno\u015b\u0107 polityczn\u0105 w II RP. Z kawa\u0142k\u00f3w tej narracji powstaje tr\u00f3jwymiarowa posta\u0107 \u017cywego cz\u0142owieka takiego, jakim by\u0142 - bez patosu, wielkich s\u0142\u00f3w. Na ko\u0144cu ma si\u0119 wra\u017cenie, \u017ce rzeczywi\u015bcie spotka\u0142o si\u0119 Pi\u0142sudskiego.\n\nA dzi\u015b muzeum przygotowa\u0142o niezwykle bogaty program \u015bwi\u0119towania Niepodleg\u0142ej.\n\nSprawd\u017acie i odwied\u017acie to miejsce. Szczeg\u00f3\u0142y \ud83d\udc49 https:\/\/muzeumpilsudski.pl\/wiwat-niepodlegla-wiwat-my-wszyscy\/ \n\n@moda_na_mazowsze \n@mazowsze.serce.polski \n\n#pi\u0142sudski #niepodleg\u0142a #niepodleg\u0142o\u015b\u0107 #\u015bwi\u0119toniepodleg\u0142o\u015bci\" aria-hidden=\"true\">\n\t\t<\/a>\n\t<\/div>\n<\/div>\t<\/div>\n\n\t<div id=\"sbi_load\" >\n\n\t\n\t\n<\/div>\n\t\t<span class=\"sbi_resized_image_data\" data-feed-id=\"*2\"\n\t\t  data-resized=\"{&quot;17858227611293143&quot;:{&quot;id&quot;:&quot;466504965_27407441062236636_3919205423422404025_n&quot;,&quot;ratio&quot;:&quot;1.00&quot;,&quot;sizes&quot;:{&quot;full&quot;:640,&quot;low&quot;:320,&quot;thumb&quot;:150},&quot;extension&quot;:&quot;.jpg&quot;},&quot;17922136193993636&quot;:{&quot;id&quot;:&quot;466454717_937688701717365_3038154875180564465_n&quot;,&quot;ratio&quot;:&quot;1.19&quot;,&quot;sizes&quot;:{&quot;full&quot;:640,&quot;low&quot;:320,&quot;thumb&quot;:150},&quot;extension&quot;:&quot;.jpg&quot;},&quot;18032093165342218&quot;:{&quot;id&quot;:&quot;466974528_18374244439107632_4948453890769450112_n&quot;,&quot;ratio&quot;:&quot;0.56&quot;,&quot;sizes&quot;:{&quot;full&quot;:640,&quot;low&quot;:320,&quot;thumb&quot;:150},&quot;extension&quot;:&quot;.jpg&quot;},&quot;18086396812519425&quot;:{&quot;id&quot;:&quot;467433665_18374704543107632_7757168640735638181_n&quot;,&quot;ratio&quot;:&quot;1.00&quot;,&quot;sizes&quot;:{&quot;full&quot;:640,&quot;low&quot;:320,&quot;thumb&quot;:150},&quot;extension&quot;:&quot;.jpg&quot;},&quot;18069964486715172&quot;:{&quot;id&quot;:&quot;467548973_941223961363839_4545208590816848609_n&quot;,&quot;ratio&quot;:&quot;1.19&quot;,&quot;sizes&quot;:{&quot;full&quot;:640,&quot;low&quot;:320,&quot;thumb&quot;:150},&quot;extension&quot;:&quot;.jpg&quot;},&quot;18016302827379573&quot;:{&quot;id&quot;:&quot;467654958_2383520662001337_4382998129992742334_n&quot;,&quot;ratio&quot;:&quot;1.00&quot;,&quot;sizes&quot;:{&quot;full&quot;:640,&quot;low&quot;:320,&quot;thumb&quot;:150},&quot;extension&quot;:&quot;.jpg&quot;},&quot;18155291911331922&quot;:{&quot;id&quot;:&quot;467334896_942120064607562_8590523553928420732_n&quot;,&quot;ratio&quot;:&quot;1.00&quot;,&quot;sizes&quot;:{&quot;full&quot;:640,&quot;low&quot;:320,&quot;thumb&quot;:150},&quot;extension&quot;:&quot;.jpg&quot;},&quot;18154572262336848&quot;:{&quot;id&quot;:&quot;468054340_943296214489947_992224757437394329_n&quot;,&quot;ratio&quot;:&quot;1.50&quot;,&quot;sizes&quot;:{&quot;full&quot;:640,&quot;low&quot;:320,&quot;thumb&quot;:150},&quot;extension&quot;:&quot;.jpg&quot;},&quot;18088153981465050&quot;:{&quot;id&quot;:&quot;468583116_7523953244396355_4861882303220025334_n&quot;,&quot;ratio&quot;:&quot;0.56&quot;,&quot;sizes&quot;:{&quot;full&quot;:640,&quot;low&quot;:320,&quot;thumb&quot;:150},&quot;extension&quot;:&quot;.jpg&quot;},&quot;17932392557846877&quot;:{&quot;id&quot;:&quot;468710620_948157540670481_9196097848572302754_n&quot;,&quot;ratio&quot;:&quot;1.00&quot;,&quot;sizes&quot;:{&quot;full&quot;:640,&quot;low&quot;:320,&quot;thumb&quot;:150},&quot;extension&quot;:&quot;.jpg&quot;},&quot;18023576861550515&quot;:{&quot;id&quot;:&quot;469038077_950261183793450_5541056107688079120_n&quot;,&quot;ratio&quot;:&quot;1.00&quot;,&quot;sizes&quot;:{&quot;full&quot;:640,&quot;low&quot;:320,&quot;thumb&quot;:150},&quot;extension&quot;:&quot;.jpg&quot;},&quot;18039799373009567&quot;:{&quot;id&quot;:&quot;468901536_886273453488678_3328650743612761749_n&quot;,&quot;ratio&quot;:&quot;0.56&quot;,&quot;sizes&quot;:{&quot;full&quot;:640,&quot;low&quot;:320,&quot;thumb&quot;:150},&quot;extension&quot;:&quot;.jpg&quot;}}\">\n\t<\/span>\n\t<\/div>\n\n","protected":false},"excerpt":{"rendered":"<p>UNESCO Heran\u00e7a Mundial da UNESCO Apresentamos aqui os lugares inscritos na lista do Patrim\u00f3nio Mundial da UNESCO na Pol\u00f3nia at\u00e9 2019. S\u00e3o monumentos com caracter\u00edsticas diferentes, desde complexos urbanos hist\u00f3ricos, como a cidade velha de Crac\u00f3via, inscrita na primeira da UNESCO publicada em 1978, uma mina de sal (Wieliczka tamb\u00e9m foi inscrita na primeira lista [&hellip;]<\/p>\n","protected":false},"author":3,"featured_media":0,"parent":0,"menu_order":0,"comment_status":"closed","ping_status":"closed","template":"","meta":{"_acf_changed":false,"footnotes":""},"class_list":["post-20335","page","type-page","status-publish","hentry"],"acf":[],"yoast_head":"<!-- This site is optimized with the Yoast SEO plugin v27.4 - https:\/\/yoast.com\/product\/yoast-seo-wordpress\/ -->\n<title>UNESCO - Polonia Travel (PT)<\/title>\n<meta name=\"robots\" content=\"index, follow, max-snippet:-1, max-image-preview:large, max-video-preview:-1\" \/>\n<link rel=\"canonical\" href=\"https:\/\/wp-pt.poland.travel\/unesco\/\" \/>\n<meta property=\"og:locale\" content=\"pl_PL\" \/>\n<meta property=\"og:type\" content=\"article\" \/>\n<meta property=\"og:title\" content=\"UNESCO - Polonia Travel (PT)\" \/>\n<meta property=\"og:description\" content=\"UNESCO Heran\u00e7a Mundial da UNESCO Apresentamos aqui os lugares inscritos na lista do Patrim\u00f3nio Mundial da UNESCO na Pol\u00f3nia at\u00e9 2019. S\u00e3o monumentos com caracter\u00edsticas diferentes, desde complexos urbanos hist\u00f3ricos, como a cidade velha de Crac\u00f3via, inscrita na primeira da UNESCO publicada em 1978, uma mina de sal (Wieliczka tamb\u00e9m foi inscrita na primeira lista [&hellip;]\" \/>\n<meta property=\"og:url\" content=\"https:\/\/wp-pt.poland.travel\/unesco\/\" \/>\n<meta property=\"og:site_name\" content=\"Polonia Travel (PT)\" \/>\n<meta property=\"article:modified_time\" content=\"2024-07-12T09:42:53+00:00\" \/>\n<meta name=\"twitter:card\" content=\"summary_large_image\" \/>\n<script type=\"application\/ld+json\" class=\"yoast-schema-graph\">{\"@context\":\"https:\\\/\\\/schema.org\",\"@graph\":[{\"@type\":\"WebPage\",\"@id\":\"https:\\\/\\\/wp-pt.poland.travel\\\/unesco\\\/\",\"url\":\"https:\\\/\\\/wp-pt.poland.travel\\\/unesco\\\/\",\"name\":\"UNESCO - Polonia Travel (PT)\",\"isPartOf\":{\"@id\":\"https:\\\/\\\/wp-pt.poland.travel\\\/#website\"},\"datePublished\":\"2023-02-10T12:20:05+00:00\",\"dateModified\":\"2024-07-12T09:42:53+00:00\",\"breadcrumb\":{\"@id\":\"https:\\\/\\\/wp-pt.poland.travel\\\/unesco\\\/#breadcrumb\"},\"inLanguage\":\"pl-PL\",\"potentialAction\":[{\"@type\":\"ReadAction\",\"target\":[\"https:\\\/\\\/wp-pt.poland.travel\\\/unesco\\\/\"]}]},{\"@type\":\"BreadcrumbList\",\"@id\":\"https:\\\/\\\/wp-pt.poland.travel\\\/unesco\\\/#breadcrumb\",\"itemListElement\":[{\"@type\":\"ListItem\",\"position\":1,\"name\":\"Home page\",\"item\":\"https:\\\/\\\/www.polonia.travel\\\/pt\\\/\"},{\"@type\":\"ListItem\",\"position\":2,\"name\":\"UNESCO\"}]},{\"@type\":\"WebSite\",\"@id\":\"https:\\\/\\\/wp-pt.poland.travel\\\/#website\",\"url\":\"https:\\\/\\\/wp-pt.poland.travel\\\/\",\"name\":\"Polonia Travel (PT)\",\"description\":\"...\",\"publisher\":{\"@id\":\"https:\\\/\\\/wp-pt.poland.travel\\\/#organization\"},\"potentialAction\":[{\"@type\":\"SearchAction\",\"target\":{\"@type\":\"EntryPoint\",\"urlTemplate\":\"https:\\\/\\\/wp-pt.poland.travel\\\/?s={search_term_string}\"},\"query-input\":{\"@type\":\"PropertyValueSpecification\",\"valueRequired\":true,\"valueName\":\"search_term_string\"}}],\"inLanguage\":\"pl-PL\"},{\"@type\":\"Organization\",\"@id\":\"https:\\\/\\\/wp-pt.poland.travel\\\/#organization\",\"name\":\"Polonia Travel (PT)\",\"url\":\"https:\\\/\\\/wp-pt.poland.travel\\\/\",\"logo\":{\"@type\":\"ImageObject\",\"inLanguage\":\"pl-PL\",\"@id\":\"https:\\\/\\\/wp-pt.poland.travel\\\/#\\\/schema\\\/logo\\\/image\\\/\",\"url\":\"https:\\\/\\\/en-en.polska.travel\\\/wp-content\\\/uploads\\\/sites\\\/19\\\/2022\\\/11\\\/logo.svg\",\"contentUrl\":\"https:\\\/\\\/en-en.polska.travel\\\/wp-content\\\/uploads\\\/sites\\\/19\\\/2022\\\/11\\\/logo.svg\",\"width\":198,\"height\":96,\"caption\":\"Polonia Travel (PT)\"},\"image\":{\"@id\":\"https:\\\/\\\/wp-pt.poland.travel\\\/#\\\/schema\\\/logo\\\/image\\\/\"}}]}<\/script>\n<!-- \/ Yoast SEO plugin. -->","yoast_head_json":{"title":"UNESCO - Polonia Travel (PT)","robots":{"index":"index","follow":"follow","max-snippet":"max-snippet:-1","max-image-preview":"max-image-preview:large","max-video-preview":"max-video-preview:-1"},"canonical":"https:\/\/wp-pt.poland.travel\/unesco\/","og_locale":"pl_PL","og_type":"article","og_title":"UNESCO - Polonia Travel (PT)","og_description":"UNESCO Heran\u00e7a Mundial da UNESCO Apresentamos aqui os lugares inscritos na lista do Patrim\u00f3nio Mundial da UNESCO na Pol\u00f3nia at\u00e9 2019. S\u00e3o monumentos com caracter\u00edsticas diferentes, desde complexos urbanos hist\u00f3ricos, como a cidade velha de Crac\u00f3via, inscrita na primeira da UNESCO publicada em 1978, uma mina de sal (Wieliczka tamb\u00e9m foi inscrita na primeira lista [&hellip;]","og_url":"https:\/\/wp-pt.poland.travel\/unesco\/","og_site_name":"Polonia Travel (PT)","article_modified_time":"2024-07-12T09:42:53+00:00","twitter_card":"summary_large_image","schema":{"@context":"https:\/\/schema.org","@graph":[{"@type":"WebPage","@id":"https:\/\/wp-pt.poland.travel\/unesco\/","url":"https:\/\/wp-pt.poland.travel\/unesco\/","name":"UNESCO - Polonia Travel (PT)","isPartOf":{"@id":"https:\/\/wp-pt.poland.travel\/#website"},"datePublished":"2023-02-10T12:20:05+00:00","dateModified":"2024-07-12T09:42:53+00:00","breadcrumb":{"@id":"https:\/\/wp-pt.poland.travel\/unesco\/#breadcrumb"},"inLanguage":"pl-PL","potentialAction":[{"@type":"ReadAction","target":["https:\/\/wp-pt.poland.travel\/unesco\/"]}]},{"@type":"BreadcrumbList","@id":"https:\/\/wp-pt.poland.travel\/unesco\/#breadcrumb","itemListElement":[{"@type":"ListItem","position":1,"name":"Home page","item":"https:\/\/www.polonia.travel\/pt\/"},{"@type":"ListItem","position":2,"name":"UNESCO"}]},{"@type":"WebSite","@id":"https:\/\/wp-pt.poland.travel\/#website","url":"https:\/\/wp-pt.poland.travel\/","name":"Polonia Travel (PT)","description":"...","publisher":{"@id":"https:\/\/wp-pt.poland.travel\/#organization"},"potentialAction":[{"@type":"SearchAction","target":{"@type":"EntryPoint","urlTemplate":"https:\/\/wp-pt.poland.travel\/?s={search_term_string}"},"query-input":{"@type":"PropertyValueSpecification","valueRequired":true,"valueName":"search_term_string"}}],"inLanguage":"pl-PL"},{"@type":"Organization","@id":"https:\/\/wp-pt.poland.travel\/#organization","name":"Polonia Travel (PT)","url":"https:\/\/wp-pt.poland.travel\/","logo":{"@type":"ImageObject","inLanguage":"pl-PL","@id":"https:\/\/wp-pt.poland.travel\/#\/schema\/logo\/image\/","url":"https:\/\/en-en.polska.travel\/wp-content\/uploads\/sites\/19\/2022\/11\/logo.svg","contentUrl":"https:\/\/en-en.polska.travel\/wp-content\/uploads\/sites\/19\/2022\/11\/logo.svg","width":198,"height":96,"caption":"Polonia Travel (PT)"},"image":{"@id":"https:\/\/wp-pt.poland.travel\/#\/schema\/logo\/image\/"}}]}},"_links":{"self":[{"href":"https:\/\/www.polonia.travel\/pt\/wp-json\/wp\/v2\/pages\/20335","targetHints":{"allow":["GET"]}}],"collection":[{"href":"https:\/\/www.polonia.travel\/pt\/wp-json\/wp\/v2\/pages"}],"about":[{"href":"https:\/\/www.polonia.travel\/pt\/wp-json\/wp\/v2\/types\/page"}],"author":[{"embeddable":true,"href":"https:\/\/www.polonia.travel\/pt\/wp-json\/wp\/v2\/users\/3"}],"replies":[{"embeddable":true,"href":"https:\/\/www.polonia.travel\/pt\/wp-json\/wp\/v2\/comments?post=20335"}],"version-history":[{"count":15,"href":"https:\/\/www.polonia.travel\/pt\/wp-json\/wp\/v2\/pages\/20335\/revisions"}],"predecessor-version":[{"id":32135,"href":"https:\/\/www.polonia.travel\/pt\/wp-json\/wp\/v2\/pages\/20335\/revisions\/32135"}],"wp:attachment":[{"href":"https:\/\/www.polonia.travel\/pt\/wp-json\/wp\/v2\/media?parent=20335"}],"curies":[{"name":"wp","href":"https:\/\/api.w.org\/{rel}","templated":true}]}}