{"id":20335,"date":"2023-02-10T13:20:05","date_gmt":"2023-02-10T12:20:05","guid":{"rendered":"https:\/\/en-en.polska.travel\/?page_id=20335"},"modified":"2025-02-21T12:56:15","modified_gmt":"2025-02-21T11:56:15","slug":"unesco","status":"publish","type":"page","link":"https:\/\/www.polonia.travel\/it\/unesco\/","title":{"rendered":"UNESCO"},"content":{"rendered":"\n<div class=\"wp-block-group is-style-container\"><div class=\"wp-block-group__inner-container is-layout-constrained wp-block-group-is-layout-constrained\">\n<h2 class=\"wp-block-heading\">UNESCO<\/h2>\n\n\n\n<p>Viaggiando per la Polonia vale la pena prestare attenzione agli straordinari tesori della storia e della natura. Alcuni di loro \u2013 come castelli, aree storiche della citt\u00e0, chiese, miniere storiche e persino foreste \u2013 sono stati inseriti nella lista del patrimonio dell\u2019umanit\u00e0 UNESCO. Attualmente, nell\u2019elenco ci sono ben <strong>17 luoghi<\/strong> dall\u2019indiscutibile valore per il patrimonio culturale e naturale del mondo, e che nello stesso tempo sono delle imperdibili attrazioni turistiche.<\/p>\n\n\n\n<p>Oltre agli impressionanti centri storici di Cracovia, Toru\u0144 e Zamo\u015b\u0107, sulla lista del patrimonio dell\u2019umanit\u00e0 troviamo anche il centro storico di Varsavia. Gli esperti dell\u2019<strong>UNESCO<\/strong> sono stati colpiti dalla straordinaria opera di ricostruzione della capitale polacca. Nella prestigiosa lista del patrimonio mondiale sono stati inclusi anche il Castello medievale di Malbork, l\u2019edificio di mattoni pi\u00f9 grande del mondo, e la <strong>Sala del Centenario <\/strong>di Breslavia (in polacco\u00a0<em>Hala Stulecia),<\/em>\u00a0un\u2019opera rivoluzionaria per la storia del pensiero architettonico. Le chiese cattoliche e ortodosse costruite in legno sono una testimonianza della straordinaria maestria degli antichi artigiani e ancora oggi costituiscono luoghi di culto religioso. Un luogo molto particolare e sconvolgente \u00e8 Auschwitz-Birkenau, il campo di concentramento e sterminio nazista (1940-1945), luogo di memoria e testimonianza dei drammatici eventi che hanno colpito la <strong>Polonia<\/strong> nel corso della storia.<\/p>\n\n\n\n<p>Ma questa \u00e8 solo una parte della lista dei Patrimoni dell\u2019umanit\u00e0. Esistono poi dei luoghi completamente diversi, come le Antiche faggete primordiali dei Carpazi e di altre regioni d\u2019Europa e la foresta di Bia\u0142owie\u017ca: complessi di foreste primordiali unici in Europa.<\/p>\n\n\n  <div class=\"map-points random\">\r\n    <div class=\"map-points__text-list sr-only\" aria-label=\"Lista punkt\u00f3w na mapie\">\r\n      <h3>Dost\u0119pne punkty na mapie:<\/h3>\r\n      <ul>\r\n                  <li>\r\n            <button type=\"button\" class=\"map-text-point\" data-id=\"40885\"\r\n              aria-describedby=\"mpi-40885\">\r\n              Il Palazzo del Centenario (Hala Stulecia) di Breslavia: una perla del modernismo mondiale            <\/button>\r\n          <\/li>\r\n                  <li>\r\n            <button type=\"button\" class=\"map-text-point\" data-id=\"22180\"\r\n              aria-describedby=\"mpi-22180\">\r\n              Secoli custoditi nel legno: le chiese in legno della regione Ma\u0142opolska            <\/button>\r\n          <\/li>\r\n                  <li>\r\n            <button type=\"button\" class=\"map-text-point\" data-id=\"22127\"\r\n              aria-describedby=\"mpi-22127\">\r\n               Kalwaria Zebrzydowska: un paesaggio incantevole con uno spirito cristiano            <\/button>\r\n          <\/li>\r\n                  <li>\r\n            <button type=\"button\" class=\"map-text-point\" data-id=\"22120\"\r\n              aria-describedby=\"mpi-22120\">\r\n              La Citt\u00e0 Vecchia della magica Cracovia            <\/button>\r\n          <\/li>\r\n                  <li>\r\n            <button type=\"button\" class=\"map-text-point\" data-id=\"22069\"\r\n              aria-describedby=\"mpi-22069\">\r\n              La Miniera di Sale di Wieliczka            <\/button>\r\n          <\/li>\r\n                  <li>\r\n            <button type=\"button\" class=\"map-text-point\" data-id=\"22057\"\r\n              aria-describedby=\"mpi-22057\">\r\n              Chiese ortodosse nella regione polacca e ucraina dei Carpazi: insoliti tesori in legno            <\/button>\r\n          <\/li>\r\n                  <li>\r\n            <button type=\"button\" class=\"map-text-point\" data-id=\"22052\"\r\n              aria-describedby=\"mpi-22052\">\r\n              Le antiche faggete primordiali dei Carpazi            <\/button>\r\n          <\/li>\r\n                  <li>\r\n            <button type=\"button\" class=\"map-text-point\" data-id=\"22050\"\r\n              aria-describedby=\"mpi-22050\">\r\n              Auschwitz-Birkenau: il campo di concentramento e sterminio nazista            <\/button>\r\n          <\/li>\r\n                  <li>\r\n            <button type=\"button\" class=\"map-text-point\" data-id=\"22047\"\r\n              aria-describedby=\"mpi-22047\">\r\n              L&#8217;Antica Miniera d&#8217;Argento di Tarnowskie G\u00f3ry            <\/button>\r\n          <\/li>\r\n                  <li>\r\n            <button type=\"button\" class=\"map-text-point\" data-id=\"22043\"\r\n              aria-describedby=\"mpi-22043\">\r\n              Sala del Centenario di Breslavia: una perla del modernismo mondiale            <\/button>\r\n          <\/li>\r\n                  <li>\r\n            <button type=\"button\" class=\"map-text-point\" data-id=\"22038\"\r\n              aria-describedby=\"mpi-22038\">\r\n              Le Chiese della Pace di Jawor e \u015awidnica            <\/button>\r\n          <\/li>\r\n                  <li>\r\n            <button type=\"button\" class=\"map-text-point\" data-id=\"22033\"\r\n              aria-describedby=\"mpi-22033\">\r\n              Il Parco Mu\u017cakowski            <\/button>\r\n          <\/li>\r\n                  <li>\r\n            <button type=\"button\" class=\"map-text-point\" data-id=\"20632\"\r\n              aria-describedby=\"mpi-20632\">\r\n              Le Miniere di Krzemionki            <\/button>\r\n          <\/li>\r\n                  <li>\r\n            <button type=\"button\" class=\"map-text-point\" data-id=\"20630\"\r\n              aria-describedby=\"mpi-20630\">\r\n              Zamo\u015b\u0107, la perla del Rinascimento            <\/button>\r\n          <\/li>\r\n                  <li>\r\n            <button type=\"button\" class=\"map-text-point\" data-id=\"20628\"\r\n              aria-describedby=\"mpi-20628\">\r\n              Il centro storico di Varsavia            <\/button>\r\n          <\/li>\r\n                  <li>\r\n            <button type=\"button\" class=\"map-text-point\" data-id=\"20626\"\r\n              aria-describedby=\"mpi-20626\">\r\n              La citt\u00e0 medievale di Toru\u0144            <\/button>\r\n          <\/li>\r\n                  <li>\r\n            <button type=\"button\" class=\"map-text-point\" data-id=\"20353\"\r\n              aria-describedby=\"mpi-20353\">\r\n              La Foresta di Bialowieza e i suoi bisonti            <\/button>\r\n          <\/li>\r\n                  <li>\r\n            <button type=\"button\" class=\"map-text-point\" data-id=\"20341\"\r\n              aria-describedby=\"mpi-20341\">\r\n              La fortezza di Malbork            <\/button>\r\n          <\/li>\r\n              <\/ul>\r\n    <\/div>\r\n\r\n    <div class=\"map-points__map\" aria-hidden=\"true\">\r\n              <img loading=\"lazy\" decoding=\"async\" src=\"https:\/\/www.polonia.travel\/it\/wp-content\/themes\/polskatravel\/assets\/images\/map.jpg\" alt= width=\"540\" height=\"540\" \/>\r\n      \r\n              <button type=\"button\"\r\n          class=\"map-point  active\"\r\n          style=\"left:31.48%;top:63.15%;\"\r\n          data-id=\"40885\" aria-current=\"true\"          aria-label=\"Wybierz punkt: Il Palazzo del Centenario (Hala Stulecia) di Breslavia: una perla del modernismo mondiale\">\r\n          <span class=\"map-point__name\">Il Palazzo del Centenario (Hala Stulecia) di Breslavia: una perla del modernismo mondiale<\/span>\r\n        <\/button>\r\n              <button type=\"button\"\r\n          class=\"map-point map-point--right\"\r\n          style=\"left:68%;top:85%;\"\r\n          data-id=\"22180\"           aria-label=\"Wybierz punkt: Secoli custoditi nel legno: le chiese in legno della regione Ma\u0142opolska\">\r\n          <span class=\"map-point__name\">Secoli custoditi nel legno: le chiese in legno della regione Ma\u0142opolska<\/span>\r\n        <\/button>\r\n              <button type=\"button\"\r\n          class=\"map-point map-point--right\"\r\n          style=\"left:59%;top:84%;\"\r\n          data-id=\"22127\"           aria-label=\"Wybierz punkt:  Kalwaria Zebrzydowska: un paesaggio incantevole con uno spirito cristiano\">\r\n          <span class=\"map-point__name\"> Kalwaria Zebrzydowska: un paesaggio incantevole con uno spirito cristiano<\/span>\r\n        <\/button>\r\n              <button type=\"button\"\r\n          class=\"map-point map-point--right\"\r\n          style=\"left:59%;top:77%;\"\r\n          data-id=\"22120\"           aria-label=\"Wybierz punkt: La Citt\u00e0 Vecchia della magica Cracovia\">\r\n          <span class=\"map-point__name\">La Citt\u00e0 Vecchia della magica Cracovia<\/span>\r\n        <\/button>\r\n              <button type=\"button\"\r\n          class=\"map-point map-point--right\"\r\n          style=\"left:62%;top:79%;\"\r\n          data-id=\"22069\"           aria-label=\"Wybierz punkt: La Miniera di Sale di Wieliczka\">\r\n          <span class=\"map-point__name\">La Miniera di Sale di Wieliczka<\/span>\r\n        <\/button>\r\n              <button type=\"button\"\r\n          class=\"map-point map-point--right\"\r\n          style=\"left:79%;top:87%;\"\r\n          data-id=\"22057\"           aria-label=\"Wybierz punkt: Chiese ortodosse nella regione polacca e ucraina dei Carpazi: insoliti tesori in legno\">\r\n          <span class=\"map-point__name\">Chiese ortodosse nella regione polacca e ucraina dei Carpazi: insoliti tesori in legno<\/span>\r\n        <\/button>\r\n              <button type=\"button\"\r\n          class=\"map-point map-point--right\"\r\n          style=\"left:82%;top:89%;\"\r\n          data-id=\"22052\"           aria-label=\"Wybierz punkt: Le antiche faggete primordiali dei Carpazi\">\r\n          <span class=\"map-point__name\">Le antiche faggete primordiali dei Carpazi<\/span>\r\n        <\/button>\r\n              <button type=\"button\"\r\n          class=\"map-point map-point--right\"\r\n          style=\"left:56%;top:82%;\"\r\n          data-id=\"22050\"           aria-label=\"Wybierz punkt: Auschwitz-Birkenau: il campo di concentramento e sterminio nazista\">\r\n          <span class=\"map-point__name\">Auschwitz-Birkenau: il campo di concentramento e sterminio nazista<\/span>\r\n        <\/button>\r\n              <button type=\"button\"\r\n          class=\"map-point \"\r\n          style=\"left:48%;top:74%;\"\r\n          data-id=\"22047\"           aria-label=\"Wybierz punkt: L&#039;Antica Miniera d&#039;Argento di Tarnowskie G\u00f3ry\">\r\n          <span class=\"map-point__name\">L&#8217;Antica Miniera d&#8217;Argento di Tarnowskie G\u00f3ry<\/span>\r\n        <\/button>\r\n              <button type=\"button\"\r\n          class=\"map-point \"\r\n          style=\"left:30%;top:63%;\"\r\n          data-id=\"22043\"           aria-label=\"Wybierz punkt: Sala del Centenario di Breslavia: una perla del modernismo mondiale\">\r\n          <span class=\"map-point__name\">Sala del Centenario di Breslavia: una perla del modernismo mondiale<\/span>\r\n        <\/button>\r\n              <button type=\"button\"\r\n          class=\"map-point \"\r\n          style=\"left:27%;top:66%;\"\r\n          data-id=\"22038\"           aria-label=\"Wybierz punkt: Le Chiese della Pace di Jawor e \u015awidnica\">\r\n          <span class=\"map-point__name\">Le Chiese della Pace di Jawor e \u015awidnica<\/span>\r\n        <\/button>\r\n              <button type=\"button\"\r\n          class=\"map-point \"\r\n          style=\"left:15%;top:58%;\"\r\n          data-id=\"22033\"           aria-label=\"Wybierz punkt: Il Parco Mu\u017cakowski\">\r\n          <span class=\"map-point__name\">Il Parco Mu\u017cakowski<\/span>\r\n        <\/button>\r\n              <button type=\"button\"\r\n          class=\"map-point map-point--right\"\r\n          style=\"left:73%;top:67%;\"\r\n          data-id=\"20632\"           aria-label=\"Wybierz punkt: Le Miniere di Krzemionki\">\r\n          <span class=\"map-point__name\">Le Miniere di Krzemionki<\/span>\r\n        <\/button>\r\n              <button type=\"button\"\r\n          class=\"map-point map-point--right\"\r\n          style=\"left:87%;top:67%;\"\r\n          data-id=\"20630\"           aria-label=\"Wybierz punkt: Zamo\u015b\u0107, la perla del Rinascimento\">\r\n          <span class=\"map-point__name\">Zamo\u015b\u0107, la perla del Rinascimento<\/span>\r\n        <\/button>\r\n              <button type=\"button\"\r\n          class=\"map-point map-point--right\"\r\n          style=\"left:67%;top:48%;\"\r\n          data-id=\"20628\"           aria-label=\"Wybierz punkt: Il centro storico di Varsavia\">\r\n          <span class=\"map-point__name\">Il centro storico di Varsavia<\/span>\r\n        <\/button>\r\n              <button type=\"button\"\r\n          class=\"map-point \"\r\n          style=\"left:47%;top:38%;\"\r\n          data-id=\"20626\"           aria-label=\"Wybierz punkt: La citt\u00e0 medievale di Toru\u0144\">\r\n          <span class=\"map-point__name\">La citt\u00e0 medievale di Toru\u0144<\/span>\r\n        <\/button>\r\n              <button type=\"button\"\r\n          class=\"map-point map-point--right\"\r\n          style=\"left:89%;top:39%;\"\r\n          data-id=\"20353\"           aria-label=\"Wybierz punkt: La Foresta di Bialowieza e i suoi bisonti\">\r\n          <span class=\"map-point__name\">La Foresta di Bialowieza e i suoi bisonti<\/span>\r\n        <\/button>\r\n              <button type=\"button\"\r\n          class=\"map-point \"\r\n          style=\"left:50%;top:24%;\"\r\n          data-id=\"20341\"           aria-label=\"Wybierz punkt: La fortezza di Malbork\">\r\n          <span class=\"map-point__name\">La fortezza di Malbork<\/span>\r\n        <\/button>\r\n          <\/div>\r\n\r\n    <div class=\"map-points__info\" role=\"region\" aria-live=\"polite\"\r\n      aria-label=\"Informacje o wybranym punkcie\">\r\n      <div class=\"mpi active\" data-id=\"0\">\r\n                <div class=\"mpi__title is-style-heading-28\"><\/div>\r\n        <p><\/p>\r\n      <\/div>\r\n\r\n              <div class=\"mpi\" data-id=\"40885\" id=\"mpi-40885\">\r\n                      <div class=\"mpi__image\">\r\n              <img loading=\"lazy\" decoding=\"async\" width=\"540\" height=\"360\" src=\"https:\/\/www.polonia.travel\/it\/wp-content\/uploads\/sites\/20\/2024\/05\/Hala20stulecia20Dorpell20Wroclaw20540x360.jpg\" class=\"attachment-medium size-medium\" alt=\"\" \/>            <\/div>\r\n                    <div class=\"mpi__title is-style-heading-28\">Il Palazzo del Centenario (Hala Stulecia) di Breslavia: una perla del modernismo mondiale<\/div>\r\n          <p>L\u2019enorme edificio della Sala del Centenario di Breslavia sorprende per la sua leggerezza. I materiali e le tecnologie usate nella sua costruzione l\u2019hanno resa un\u2019opera di svolta nell\u2019architettura mondiale.\r\n\r\n<\/p>\r\n                      <div class=\"text-right\">\r\n              <a href=\"https:\/\/www.polonia.travel\/it\/il-palazzo-del-centenario-hala-stulecia-di-breslavia-una-perla-del-modernismo-mondiale\/\"\r\n                class=\"btn btn--blue-border\">\r\n                Scopri di pi\u00f9              <\/a>\r\n            <\/div>\r\n                  <\/div>\r\n              <div class=\"mpi\" data-id=\"22180\" id=\"mpi-22180\">\r\n                      <div class=\"mpi__image\">\r\n              <img loading=\"lazy\" decoding=\"async\" width=\"600\" height=\"400\" src=\"https:\/\/www.polonia.travel\/it\/wp-content\/uploads\/sites\/20\/2023\/03\/ks_Sekowa_kosciol_Filipa_Adobe-xl-600x400.jpg\" class=\"attachment-medium size-medium\" alt=\"\" srcset=\"https:\/\/www.polonia.travel\/it\/wp-content\/uploads\/sites\/20\/2023\/03\/ks_Sekowa_kosciol_Filipa_Adobe-xl-600x400.jpg 600w, https:\/\/www.polonia.travel\/it\/wp-content\/uploads\/sites\/20\/2023\/03\/ks_Sekowa_kosciol_Filipa_Adobe-xl-1200x800.jpg 1200w, https:\/\/www.polonia.travel\/it\/wp-content\/uploads\/sites\/20\/2023\/03\/ks_Sekowa_kosciol_Filipa_Adobe-xl-768x512.jpg 768w, https:\/\/www.polonia.travel\/it\/wp-content\/uploads\/sites\/20\/2023\/03\/ks_Sekowa_kosciol_Filipa_Adobe-xl.jpg 1224w\" sizes=\"auto, (max-width: 600px) 100vw, 600px\" \/>            <\/div>\r\n                    <div class=\"mpi__title is-style-heading-28\">Secoli custoditi nel legno: le chiese in legno della regione Ma\u0142opolska<\/div>\r\n          <p>Sono pochi al mondo i luoghi dove abete e larice si sono rivelati cos\u00ec preziosi da creare dei veri e propri miracoli architettonici: l\u2019esempio pi\u00f9 prezioso sono le chiese in legno della regione Ma\u0142opolska meridionale.<\/p>\r\n                      <div class=\"text-right\">\r\n              <a href=\"https:\/\/www.polonia.travel\/it\/le-chiese-in-legno-nella-regione-malopolska\/\"\r\n                class=\"btn btn--blue-border\">\r\n                Scopri di pi\u00f9              <\/a>\r\n            <\/div>\r\n                  <\/div>\r\n              <div class=\"mpi\" data-id=\"22127\" id=\"mpi-22127\">\r\n                      <div class=\"mpi__image\">\r\n              <img loading=\"lazy\" decoding=\"async\" width=\"600\" height=\"355\" src=\"https:\/\/www.polonia.travel\/it\/wp-content\/uploads\/sites\/20\/2023\/03\/Kalwaria_Zebrzydowska-me-e1679402213325-600x355.jpg\" class=\"attachment-medium size-medium\" alt=\"\" srcset=\"https:\/\/www.polonia.travel\/it\/wp-content\/uploads\/sites\/20\/2023\/03\/Kalwaria_Zebrzydowska-me-e1679402213325-600x355.jpg 600w, https:\/\/www.polonia.travel\/it\/wp-content\/uploads\/sites\/20\/2023\/03\/Kalwaria_Zebrzydowska-me-e1679402213325-768x455.jpg 768w, https:\/\/www.polonia.travel\/it\/wp-content\/uploads\/sites\/20\/2023\/03\/Kalwaria_Zebrzydowska-me-e1679402213325.jpg 792w\" sizes=\"auto, (max-width: 600px) 100vw, 600px\" \/>            <\/div>\r\n                    <div class=\"mpi__title is-style-heading-28\"> Kalwaria Zebrzydowska: un paesaggio incantevole con uno spirito cristiano<\/div>\r\n          <p>La leggenda narra che il voivoda Miko\u0142aj Zebrzydowski vide dalle finestre del suo palazzo un crocifisso in fiamme. Nel luogo dell\u2019apparizione fond\u00f2 un monastero attorno al quale fece costruire sentieri e cappelle.<\/p>\r\n                      <div class=\"text-right\">\r\n              <a href=\"https:\/\/www.polonia.travel\/it\/il-parco-religioso-e-paesaggistico-di-kalwaria-zebrzydowska\/\"\r\n                class=\"btn btn--blue-border\">\r\n                Scopri di pi\u00f9              <\/a>\r\n            <\/div>\r\n                  <\/div>\r\n              <div class=\"mpi\" data-id=\"22120\" id=\"mpi-22120\">\r\n                      <div class=\"mpi__image\">\r\n              <img loading=\"lazy\" decoding=\"async\" width=\"600\" height=\"400\" src=\"https:\/\/www.polonia.travel\/it\/wp-content\/uploads\/sites\/20\/2023\/03\/Krakow_rynek-me-600x400.jpg\" class=\"attachment-medium size-medium\" alt=\"\" srcset=\"https:\/\/www.polonia.travel\/it\/wp-content\/uploads\/sites\/20\/2023\/03\/Krakow_rynek-me-600x400.jpg 600w, https:\/\/www.polonia.travel\/it\/wp-content\/uploads\/sites\/20\/2023\/03\/Krakow_rynek-me-768x512.jpg 768w, https:\/\/www.polonia.travel\/it\/wp-content\/uploads\/sites\/20\/2023\/03\/Krakow_rynek-me.jpg 792w\" sizes=\"auto, (max-width: 600px) 100vw, 600px\" \/>            <\/div>\r\n                    <div class=\"mpi__title is-style-heading-28\">La Citt\u00e0 Vecchia della magica Cracovia<\/div>\r\n          <p>Circondata dai caratteristici palazzi di Cracovia, la Piazza del Mercato (Rynek) fu una delle pi\u00f9 ampie dell\u2019Europa medievale. <\/p>\r\n                      <div class=\"text-right\">\r\n              <a href=\"https:\/\/www.polonia.travel\/it\/la-citta-vecchia-della-magica-cracovia\/\"\r\n                class=\"btn btn--blue-border\">\r\n                Scopri di pi\u00f9              <\/a>\r\n            <\/div>\r\n                  <\/div>\r\n              <div class=\"mpi\" data-id=\"22069\" id=\"mpi-22069\">\r\n                      <div class=\"mpi__image\">\r\n              <img loading=\"lazy\" decoding=\"async\" width=\"600\" height=\"353\" src=\"https:\/\/www.polonia.travel\/it\/wp-content\/uploads\/sites\/20\/2023\/03\/Wieliczka_Kaplica-Michalowice-600x353.jpg\" class=\"attachment-medium size-medium\" alt=\"Wieliczka_Kaplica Micha\u0142owice\" srcset=\"https:\/\/www.polonia.travel\/it\/wp-content\/uploads\/sites\/20\/2023\/03\/Wieliczka_Kaplica-Michalowice-600x353.jpg 600w, https:\/\/www.polonia.travel\/it\/wp-content\/uploads\/sites\/20\/2023\/03\/Wieliczka_Kaplica-Michalowice-1200x706.jpg 1200w, https:\/\/www.polonia.travel\/it\/wp-content\/uploads\/sites\/20\/2023\/03\/Wieliczka_Kaplica-Michalowice-768x452.jpg 768w, https:\/\/www.polonia.travel\/it\/wp-content\/uploads\/sites\/20\/2023\/03\/Wieliczka_Kaplica-Michalowice-1536x904.jpg 1536w, https:\/\/www.polonia.travel\/it\/wp-content\/uploads\/sites\/20\/2023\/03\/Wieliczka_Kaplica-Michalowice.jpg 1920w\" sizes=\"auto, (max-width: 600px) 100vw, 600px\" \/>            <\/div>\r\n                    <div class=\"mpi__title is-style-heading-28\">La Miniera di Sale di Wieliczka<\/div>\r\n          <p>In profondit\u00e0, sotto il suolo di Wieliczka, giacciono nascoste chiese e cappelle uniche al mondo, costruite in sale e provviste di ingegnosi sistemi di ventilazione, drenaggio, illuminazione e trasporto sotterraneo.<\/p>\r\n                      <div class=\"text-right\">\r\n              <a href=\"https:\/\/www.polonia.travel\/it\/la-miniera-di-sale-di-wieliczka\/\"\r\n                class=\"btn btn--blue-border\">\r\n                Scopri di pi\u00f9              <\/a>\r\n            <\/div>\r\n                  <\/div>\r\n              <div class=\"mpi\" data-id=\"22057\" id=\"mpi-22057\">\r\n                      <div class=\"mpi__image\">\r\n              <img loading=\"lazy\" decoding=\"async\" width=\"600\" height=\"397\" src=\"https:\/\/www.polonia.travel\/it\/wp-content\/uploads\/sites\/20\/2023\/03\/4506_Chotyniec_cerkiew_Narodzenia_NMP_KK_HR-600x397.jpg\" class=\"attachment-medium size-medium\" alt=\"\" srcset=\"https:\/\/www.polonia.travel\/it\/wp-content\/uploads\/sites\/20\/2023\/03\/4506_Chotyniec_cerkiew_Narodzenia_NMP_KK_HR-600x397.jpg 600w, https:\/\/www.polonia.travel\/it\/wp-content\/uploads\/sites\/20\/2023\/03\/4506_Chotyniec_cerkiew_Narodzenia_NMP_KK_HR-1200x794.jpg 1200w, https:\/\/www.polonia.travel\/it\/wp-content\/uploads\/sites\/20\/2023\/03\/4506_Chotyniec_cerkiew_Narodzenia_NMP_KK_HR-768x508.jpg 768w, https:\/\/www.polonia.travel\/it\/wp-content\/uploads\/sites\/20\/2023\/03\/4506_Chotyniec_cerkiew_Narodzenia_NMP_KK_HR-1536x1016.jpg 1536w, https:\/\/www.polonia.travel\/it\/wp-content\/uploads\/sites\/20\/2023\/03\/4506_Chotyniec_cerkiew_Narodzenia_NMP_KK_HR-1920x1271.jpg 1920w, https:\/\/www.polonia.travel\/it\/wp-content\/uploads\/sites\/20\/2023\/03\/4506_Chotyniec_cerkiew_Narodzenia_NMP_KK_HR.jpg 2040w\" sizes=\"auto, (max-width: 600px) 100vw, 600px\" \/>            <\/div>\r\n                    <div class=\"mpi__title is-style-heading-28\">Chiese ortodosse nella regione polacca e ucraina dei Carpazi: insoliti tesori in legno<\/div>\r\n          <p>La loro bellezza unica \u00e8 una vera e propria gioia per gli occhi e per il cuore.<\/p>\r\n                      <div class=\"text-right\">\r\n              <a href=\"https:\/\/www.polonia.travel\/it\/le-chiese-in-legno-del-sud-della-polonia-patrimonio-unesco\/\"\r\n                class=\"btn btn--blue-border\">\r\n                Scopri di pi\u00f9              <\/a>\r\n            <\/div>\r\n                  <\/div>\r\n              <div class=\"mpi\" data-id=\"22052\" id=\"mpi-22052\">\r\n                      <div class=\"mpi__image\">\r\n              <img loading=\"lazy\" decoding=\"async\" width=\"600\" height=\"351\" src=\"https:\/\/www.polonia.travel\/it\/wp-content\/uploads\/sites\/20\/2023\/03\/lasy-bukowe-AdobeStock_64549064-e1679315591239-600x351.jpeg\" class=\"attachment-medium size-medium\" alt=\"Pradawne i pierwotne lasy bukowe Karpat\" srcset=\"https:\/\/www.polonia.travel\/it\/wp-content\/uploads\/sites\/20\/2023\/03\/lasy-bukowe-AdobeStock_64549064-e1679315591239-600x351.jpeg 600w, https:\/\/www.polonia.travel\/it\/wp-content\/uploads\/sites\/20\/2023\/03\/lasy-bukowe-AdobeStock_64549064-e1679315591239-1200x702.jpeg 1200w, https:\/\/www.polonia.travel\/it\/wp-content\/uploads\/sites\/20\/2023\/03\/lasy-bukowe-AdobeStock_64549064-e1679315591239-768x449.jpeg 768w, https:\/\/www.polonia.travel\/it\/wp-content\/uploads\/sites\/20\/2023\/03\/lasy-bukowe-AdobeStock_64549064-e1679315591239-1536x899.jpeg 1536w, https:\/\/www.polonia.travel\/it\/wp-content\/uploads\/sites\/20\/2023\/03\/lasy-bukowe-AdobeStock_64549064-e1679315591239-1920x1123.jpeg 1920w, https:\/\/www.polonia.travel\/it\/wp-content\/uploads\/sites\/20\/2023\/03\/lasy-bukowe-AdobeStock_64549064-e1679315591239.jpeg 2000w\" sizes=\"auto, (max-width: 600px) 100vw, 600px\" \/>            <\/div>\r\n                    <div class=\"mpi__title is-style-heading-28\">Le antiche faggete primordiali dei Carpazi<\/div>\r\n          <p>Le antiche faggete dei Carpazi, ovvero le foreste di faggio, sono il secondo sito naturale, dopo la foresta di Bia\u0142owie\u017ca, nella lista dei patrimoni dell\u2019umanit\u00e0 UNESCO in Polonia. Si trovano nel Parco Nazionale dei Monti Bieszczady.<\/p>\r\n                      <div class=\"text-right\">\r\n              <a href=\"https:\/\/www.polonia.travel\/it\/le-antiche-faggete-primordiali-dei-carpazi\/\"\r\n                class=\"btn btn--blue-border\">\r\n                Scopri di pi\u00f9              <\/a>\r\n            <\/div>\r\n                  <\/div>\r\n              <div class=\"mpi\" data-id=\"22050\" id=\"mpi-22050\">\r\n                      <div class=\"mpi__image\">\r\n              <img loading=\"lazy\" decoding=\"async\" width=\"600\" height=\"400\" src=\"https:\/\/www.polonia.travel\/it\/wp-content\/uploads\/sites\/20\/2022\/12\/Plansza-2-Auschwitz-Birkenau-miniatura-2-600x400.jpg\" class=\"attachment-medium size-medium\" alt=\"\" srcset=\"https:\/\/www.polonia.travel\/it\/wp-content\/uploads\/sites\/20\/2022\/12\/Plansza-2-Auschwitz-Birkenau-miniatura-2-600x400.jpg 600w, https:\/\/www.polonia.travel\/it\/wp-content\/uploads\/sites\/20\/2022\/12\/Plansza-2-Auschwitz-Birkenau-miniatura-2-768x512.jpg 768w, https:\/\/www.polonia.travel\/it\/wp-content\/uploads\/sites\/20\/2022\/12\/Plansza-2-Auschwitz-Birkenau-miniatura-2.jpg 1170w\" sizes=\"auto, (max-width: 600px) 100vw, 600px\" \/>            <\/div>\r\n                    <div class=\"mpi__title is-style-heading-28\">Auschwitz-Birkenau: il campo di concentramento e sterminio nazista<\/div>\r\n          <p>Auschwitz rappresenta per il mondo intero il simbolo dell\u2019Olocausto, della guerra, del terrore. Il campo fu fondato dai tedeschi sul terreno della citt\u00e0 occupata di O\u015bwi\u0119cim e destinato ai prigionieri politici polacchi, il cui primo trasporto dalla prigione di Tarn\u00f3w avvenne il 14 giugno 1940. <\/p>\r\n                      <div class=\"text-right\">\r\n              <a href=\"https:\/\/www.polonia.travel\/it\/auschwitz-birkenau-informazioni-pratiche\/\"\r\n                class=\"btn btn--blue-border\">\r\n                Scopri di pi\u00f9              <\/a>\r\n            <\/div>\r\n                  <\/div>\r\n              <div class=\"mpi\" data-id=\"22047\" id=\"mpi-22047\">\r\n                      <div class=\"mpi__image\">\r\n              <img loading=\"lazy\" decoding=\"async\" width=\"600\" height=\"400\" src=\"https:\/\/www.polonia.travel\/it\/wp-content\/uploads\/sites\/20\/2023\/03\/Zabytkowa-Kopalnia-Srebra-Tarnowskie-Gory-600x400.jpg\" class=\"attachment-medium size-medium\" alt=\"Zabytkowa Kopalnia Srebra w Tarnowskich G\u00f3rach\" srcset=\"https:\/\/www.polonia.travel\/it\/wp-content\/uploads\/sites\/20\/2023\/03\/Zabytkowa-Kopalnia-Srebra-Tarnowskie-Gory-600x400.jpg 600w, https:\/\/www.polonia.travel\/it\/wp-content\/uploads\/sites\/20\/2023\/03\/Zabytkowa-Kopalnia-Srebra-Tarnowskie-Gory-1200x800.jpg 1200w, https:\/\/www.polonia.travel\/it\/wp-content\/uploads\/sites\/20\/2023\/03\/Zabytkowa-Kopalnia-Srebra-Tarnowskie-Gory-768x512.jpg 768w, https:\/\/www.polonia.travel\/it\/wp-content\/uploads\/sites\/20\/2023\/03\/Zabytkowa-Kopalnia-Srebra-Tarnowskie-Gory-1536x1024.jpg 1536w, https:\/\/www.polonia.travel\/it\/wp-content\/uploads\/sites\/20\/2023\/03\/Zabytkowa-Kopalnia-Srebra-Tarnowskie-Gory.jpg 1900w\" sizes=\"auto, (max-width: 600px) 100vw, 600px\" \/>            <\/div>\r\n                    <div class=\"mpi__title is-style-heading-28\">L&#8217;Antica Miniera d&#8217;Argento di Tarnowskie G\u00f3ry<\/div>\r\n          <p>La \u201cfebbre d\u2019argento\u201d nella zona di Tarnowskie G\u00f3ry, nella Slesia, avrebbe avuto inizio da un certo Rybka, un contadino che trov\u00f2 un grumo d\u2019argento nel suo campo.<\/p>\r\n                      <div class=\"text-right\">\r\n              <a href=\"https:\/\/www.polonia.travel\/it\/le-miniere-di-argento-a-tarnowskie-gory-patrimonio-unesco\/\"\r\n                class=\"btn btn--blue-border\">\r\n                Scopri di pi\u00f9              <\/a>\r\n            <\/div>\r\n                  <\/div>\r\n              <div class=\"mpi\" data-id=\"22043\" id=\"mpi-22043\">\r\n                      <div class=\"mpi__image\">\r\n              <img loading=\"lazy\" decoding=\"async\" width=\"600\" height=\"400\" src=\"https:\/\/www.polonia.travel\/it\/wp-content\/uploads\/sites\/20\/2023\/03\/HalaLudowa-600x400.jpg\" class=\"attachment-medium size-medium\" alt=\"\" srcset=\"https:\/\/www.polonia.travel\/it\/wp-content\/uploads\/sites\/20\/2023\/03\/HalaLudowa-600x400.jpg 600w, https:\/\/www.polonia.travel\/it\/wp-content\/uploads\/sites\/20\/2023\/03\/HalaLudowa-1200x800.jpg 1200w, https:\/\/www.polonia.travel\/it\/wp-content\/uploads\/sites\/20\/2023\/03\/HalaLudowa-768x512.jpg 768w, https:\/\/www.polonia.travel\/it\/wp-content\/uploads\/sites\/20\/2023\/03\/HalaLudowa-1536x1024.jpg 1536w, https:\/\/www.polonia.travel\/it\/wp-content\/uploads\/sites\/20\/2023\/03\/HalaLudowa-1920x1280.jpg 1920w, https:\/\/www.polonia.travel\/it\/wp-content\/uploads\/sites\/20\/2023\/03\/HalaLudowa.jpg 1967w\" sizes=\"auto, (max-width: 600px) 100vw, 600px\" \/>            <\/div>\r\n                    <div class=\"mpi__title is-style-heading-28\">Sala del Centenario di Breslavia: una perla del modernismo mondiale<\/div>\r\n          <p>L\u2019enorme edificio della Sala del Centenario di Breslavia sorprende per la sua leggerezza. I materiali e le tecnologie usate nella sua costruzione l\u2019hanno resa un\u2019opera di svolta nell\u2019architettura mondiale.<\/p>\r\n                  <\/div>\r\n              <div class=\"mpi\" data-id=\"22038\" id=\"mpi-22038\">\r\n                      <div class=\"mpi__image\">\r\n              <img loading=\"lazy\" decoding=\"async\" width=\"600\" height=\"400\" src=\"https:\/\/www.polonia.travel\/it\/wp-content\/uploads\/sites\/20\/2023\/07\/HERITAGE_0006_Jawor_Fotolia_210190622-600x400.jpg\" class=\"attachment-medium size-medium\" alt=\"\" srcset=\"https:\/\/www.polonia.travel\/it\/wp-content\/uploads\/sites\/20\/2023\/07\/HERITAGE_0006_Jawor_Fotolia_210190622-600x400.jpg 600w, https:\/\/www.polonia.travel\/it\/wp-content\/uploads\/sites\/20\/2023\/07\/HERITAGE_0006_Jawor_Fotolia_210190622-768x512.jpg 768w, https:\/\/www.polonia.travel\/it\/wp-content\/uploads\/sites\/20\/2023\/07\/HERITAGE_0006_Jawor_Fotolia_210190622.jpg 1170w\" sizes=\"auto, (max-width: 600px) 100vw, 600px\" \/>            <\/div>\r\n                    <div class=\"mpi__title is-style-heading-28\">Le Chiese della Pace di Jawor e \u015awidnica<\/div>\r\n          <p>Nacquero come gesto di conciliazione tra cattolici e protestanti, volto a porre fine al conflitto pi\u00f9 lungo della storia europea. Erette in legno e argilla, queste costruzioni uniche sono sopravvissute fino ad oggi. <\/p>\r\n                      <div class=\"text-right\">\r\n              <a href=\"https:\/\/www.polonia.travel\/it\/le-chiese-della-pace-a-jawor-e-swidnica-2\/\"\r\n                class=\"btn btn--blue-border\">\r\n                Scopri di pi\u00f9              <\/a>\r\n            <\/div>\r\n                  <\/div>\r\n              <div class=\"mpi\" data-id=\"22033\" id=\"mpi-22033\">\r\n                      <div class=\"mpi__image\">\r\n              <img loading=\"lazy\" decoding=\"async\" width=\"600\" height=\"388\" src=\"https:\/\/www.polonia.travel\/it\/wp-content\/uploads\/sites\/20\/2023\/03\/park_muzakowski-1-e1679051070604-600x388.jpg\" class=\"attachment-medium size-medium\" alt=\"Park Mu\u017cakowski\" srcset=\"https:\/\/www.polonia.travel\/it\/wp-content\/uploads\/sites\/20\/2023\/03\/park_muzakowski-1-e1679051070604-600x388.jpg 600w, https:\/\/www.polonia.travel\/it\/wp-content\/uploads\/sites\/20\/2023\/03\/park_muzakowski-1-e1679051070604-768x497.jpg 768w, https:\/\/www.polonia.travel\/it\/wp-content\/uploads\/sites\/20\/2023\/03\/park_muzakowski-1-e1679051070604.jpg 788w\" sizes=\"auto, (max-width: 600px) 100vw, 600px\" \/>            <\/div>\r\n                    <div class=\"mpi__title is-style-heading-28\">Il Parco Mu\u017cakowski<\/div>\r\n          <p>Prati sconfinati, alberi maestosi, laghi e fiumi incantevoli creano un paesaggio unico percorso da pittoresche strade.<\/p>\r\n                      <div class=\"text-right\">\r\n              <a href=\"https:\/\/www.polonia.travel\/it\/il-parco-muzakowski-il-dipinto-realizzato-con-le-piante\/\"\r\n                class=\"btn btn--blue-border\">\r\n                Scopri di pi\u00f9              <\/a>\r\n            <\/div>\r\n                  <\/div>\r\n              <div class=\"mpi\" data-id=\"20632\" id=\"mpi-20632\">\r\n                      <div class=\"mpi__image\">\r\n              <img loading=\"lazy\" decoding=\"async\" width=\"600\" height=\"358\" src=\"https:\/\/www.polonia.travel\/it\/wp-content\/uploads\/sites\/20\/2023\/02\/krzemionki_opatowskie_1_1170-e1676370719900-600x358.jpg\" class=\"attachment-medium size-medium\" alt=\"\" srcset=\"https:\/\/www.polonia.travel\/it\/wp-content\/uploads\/sites\/20\/2023\/02\/krzemionki_opatowskie_1_1170-e1676370719900-600x358.jpg 600w, https:\/\/www.polonia.travel\/it\/wp-content\/uploads\/sites\/20\/2023\/02\/krzemionki_opatowskie_1_1170-e1676370719900-768x459.jpg 768w, https:\/\/www.polonia.travel\/it\/wp-content\/uploads\/sites\/20\/2023\/02\/krzemionki_opatowskie_1_1170-e1676370719900.jpg 1170w\" sizes=\"auto, (max-width: 600px) 100vw, 600px\" \/>            <\/div>\r\n                    <div class=\"mpi__title is-style-heading-28\">Le Miniere di Krzemionki<\/div>\r\n          <p>l pi\u00f9 recente sito polacco che \u00e8 entrato a far parte del Patrimonio dell\u2019umanit\u00e0 UNESCO \u00e8 stato inserito nella lista per la sua architettura sotterranea unica, il suo paesaggio post-minerario perfettamente conservato e per lo straordinario interesse scientifico. <\/p>\r\n                      <div class=\"text-right\">\r\n              <a href=\"https:\/\/www.polonia.travel\/it\/le-miniere-di-krzemionki-diventano-patrimonio-unesco\/\"\r\n                class=\"btn btn--blue-border\">\r\n                Scopri di pi\u00f9              <\/a>\r\n            <\/div>\r\n                  <\/div>\r\n              <div class=\"mpi\" data-id=\"20630\" id=\"mpi-20630\">\r\n                      <div class=\"mpi__image\">\r\n              <img loading=\"lazy\" decoding=\"async\" width=\"600\" height=\"322\" src=\"https:\/\/www.polonia.travel\/it\/wp-content\/uploads\/sites\/20\/2023\/02\/40692762_Fotolia_Zamosc_rynek_HR-xl-e1676370043820-600x322.jpg\" class=\"attachment-medium size-medium\" alt=\"\" srcset=\"https:\/\/www.polonia.travel\/it\/wp-content\/uploads\/sites\/20\/2023\/02\/40692762_Fotolia_Zamosc_rynek_HR-xl-e1676370043820-600x322.jpg 600w, https:\/\/www.polonia.travel\/it\/wp-content\/uploads\/sites\/20\/2023\/02\/40692762_Fotolia_Zamosc_rynek_HR-xl-e1676370043820-768x412.jpg 768w, https:\/\/www.polonia.travel\/it\/wp-content\/uploads\/sites\/20\/2023\/02\/40692762_Fotolia_Zamosc_rynek_HR-xl-e1676370043820.jpg 1168w\" sizes=\"auto, (max-width: 600px) 100vw, 600px\" \/>            <\/div>\r\n                    <div class=\"mpi__title is-style-heading-28\">Zamo\u015b\u0107, la perla del Rinascimento<\/div>\r\n          <p>Fondata nel 1580, la citta di Zamo\u015b\u0107 fu la realizzazione di una \u201cCitt\u00e0 ideale\u201d ed \u00e8, ancora oggi, un dinamico centro economico e culturale.<\/p>\r\n                      <div class=\"text-right\">\r\n              <a href=\"https:\/\/www.polonia.travel\/it\/zamosc-la-perla-del-rinascimento\/\"\r\n                class=\"btn btn--blue-border\">\r\n                Scopri di pi\u00f9              <\/a>\r\n            <\/div>\r\n                  <\/div>\r\n              <div class=\"mpi\" data-id=\"20628\" id=\"mpi-20628\">\r\n                      <div class=\"mpi__image\">\r\n              <img loading=\"lazy\" decoding=\"async\" width=\"600\" height=\"265\" src=\"https:\/\/www.polonia.travel\/it\/wp-content\/uploads\/sites\/20\/2023\/02\/Warszawa-600x265.jpg\" class=\"attachment-medium size-medium\" alt=\"\" srcset=\"https:\/\/www.polonia.travel\/it\/wp-content\/uploads\/sites\/20\/2023\/02\/Warszawa-600x265.jpg 600w, https:\/\/www.polonia.travel\/it\/wp-content\/uploads\/sites\/20\/2023\/02\/Warszawa-1200x529.jpg 1200w, https:\/\/www.polonia.travel\/it\/wp-content\/uploads\/sites\/20\/2023\/02\/Warszawa-768x339.jpg 768w, https:\/\/www.polonia.travel\/it\/wp-content\/uploads\/sites\/20\/2023\/02\/Warszawa.jpg 1224w\" sizes=\"auto, (max-width: 600px) 100vw, 600px\" \/>            <\/div>\r\n                    <div class=\"mpi__title is-style-heading-28\">Il centro storico di Varsavia<\/div>\r\n          <p>La ricostruzione del centro storico di Varsavia dopo la II Guerra Mondiale fu un\u2019impresa senza precedenti. In nessun altro luogo al mondo si riusc\u00ec a realizzare un intervento simile.<\/p>\r\n                      <div class=\"text-right\">\r\n              <a href=\"https:\/\/www.polonia.travel\/it\/il-centro-storico-di-varsavia\/\"\r\n                class=\"btn btn--blue-border\">\r\n                Scopri di pi\u00f9              <\/a>\r\n            <\/div>\r\n                  <\/div>\r\n              <div class=\"mpi\" data-id=\"20626\" id=\"mpi-20626\">\r\n                      <div class=\"mpi__image\">\r\n              <img loading=\"lazy\" decoding=\"async\" width=\"600\" height=\"400\" src=\"https:\/\/www.polonia.travel\/it\/wp-content\/uploads\/sites\/20\/2023\/02\/torun_panorama_nocna_1170-600x400.jpg\" class=\"attachment-medium size-medium\" alt=\"\" srcset=\"https:\/\/www.polonia.travel\/it\/wp-content\/uploads\/sites\/20\/2023\/02\/torun_panorama_nocna_1170-600x400.jpg 600w, https:\/\/www.polonia.travel\/it\/wp-content\/uploads\/sites\/20\/2023\/02\/torun_panorama_nocna_1170-768x512.jpg 768w, https:\/\/www.polonia.travel\/it\/wp-content\/uploads\/sites\/20\/2023\/02\/torun_panorama_nocna_1170.jpg 1170w\" sizes=\"auto, (max-width: 600px) 100vw, 600px\" \/>            <\/div>\r\n                    <div class=\"mpi__title is-style-heading-28\">La citt\u00e0 medievale di Toru\u0144<\/div>\r\n          <p>Nel centro storico di Toru\u0144 sembra di essere in un\u2019altra epoca, grazie alle quasi mille costruzioni medievali che colorano la citt\u00e0 con il rosso dei loro mattoni.<\/p>\r\n                      <div class=\"text-right\">\r\n              <a href=\"https:\/\/www.polonia.travel\/it\/la-citta-medievale-di-torun\/\"\r\n                class=\"btn btn--blue-border\">\r\n                Scopri di pi\u00f9              <\/a>\r\n            <\/div>\r\n                  <\/div>\r\n              <div class=\"mpi\" data-id=\"20353\" id=\"mpi-20353\">\r\n                      <div class=\"mpi__image\">\r\n              <img loading=\"lazy\" decoding=\"async\" width=\"600\" height=\"399\" src=\"https:\/\/www.polonia.travel\/it\/wp-content\/uploads\/sites\/20\/2023\/02\/zubr-bialowieza-600x399.webp\" class=\"attachment-medium size-medium\" alt=\"\u017bubr Bia\u0142owie\u017ca\" srcset=\"https:\/\/www.polonia.travel\/it\/wp-content\/uploads\/sites\/20\/2023\/02\/zubr-bialowieza-600x399.webp 600w, https:\/\/www.polonia.travel\/it\/wp-content\/uploads\/sites\/20\/2023\/02\/zubr-bialowieza-768x511.webp 768w, https:\/\/www.polonia.travel\/it\/wp-content\/uploads\/sites\/20\/2023\/02\/zubr-bialowieza.webp 1170w\" sizes=\"auto, (max-width: 600px) 100vw, 600px\" \/>            <\/div>\r\n                    <div class=\"mpi__title is-style-heading-28\">La Foresta di Bialowieza e i suoi bisonti<\/div>\r\n          <p>Un\u2019impenetrabile foresta vergine in cui alberi imponenti, bisonti maestosi e specie rare di flora e fauna convivono creando un ecosistema unico.<\/p>\r\n                      <div class=\"text-right\">\r\n              <a href=\"https:\/\/www.polonia.travel\/it\/la-foresta-di-bialowieza-e-i-suoi-bisonti\/\"\r\n                class=\"btn btn--blue-border\">\r\n                Scopri di pi\u00f9              <\/a>\r\n            <\/div>\r\n                  <\/div>\r\n              <div class=\"mpi\" data-id=\"20341\" id=\"mpi-20341\">\r\n                      <div class=\"mpi__image\">\r\n              <img loading=\"lazy\" decoding=\"async\" width=\"600\" height=\"373\" src=\"https:\/\/www.polonia.travel\/it\/wp-content\/uploads\/sites\/20\/2023\/02\/236569223_Malbork_Adobe-xl-e1676041124712-600x373.jpg\" class=\"attachment-medium size-medium\" alt=\"Zamek w Malborku\" srcset=\"https:\/\/www.polonia.travel\/it\/wp-content\/uploads\/sites\/20\/2023\/02\/236569223_Malbork_Adobe-xl-e1676041124712-600x373.jpg 600w, https:\/\/www.polonia.travel\/it\/wp-content\/uploads\/sites\/20\/2023\/02\/236569223_Malbork_Adobe-xl-e1676041124712-1200x746.jpg 1200w, https:\/\/www.polonia.travel\/it\/wp-content\/uploads\/sites\/20\/2023\/02\/236569223_Malbork_Adobe-xl-e1676041124712-768x477.jpg 768w, https:\/\/www.polonia.travel\/it\/wp-content\/uploads\/sites\/20\/2023\/02\/236569223_Malbork_Adobe-xl-e1676041124712.jpg 1224w\" sizes=\"auto, (max-width: 600px) 100vw, 600px\" \/>            <\/div>\r\n                    <div class=\"mpi__title is-style-heading-28\">La fortezza di Malbork<\/div>\r\n          <p>La fortezza di Malbork va assolutamente visitata se si desidera compiere un indimenticabile viaggio nel passato, circondati degli spiriti dei cavalieri medievali e da un\u2019architettura imponente.<\/p>\r\n                      <div class=\"text-right\">\r\n              <a href=\"https:\/\/www.polonia.travel\/it\/i-segreti-nascosti-nella-monumentale-fortezza-di-malbork\/\"\r\n                class=\"btn btn--blue-border\">\r\n                Scopri di pi\u00f9              <\/a>\r\n            <\/div>\r\n                  <\/div>\r\n          <\/div>\r\n  <\/div>\r\n<\/div><\/div>\n\n\n\n<div style=\"height:80px\" aria-hidden=\"true\" class=\"wp-block-spacer is-style-default\"><\/div>\n\n\n\n<div class=\"wp-block-group has-background\" style=\"background-color:#f5f5f7\"><div class=\"wp-block-group__inner-container is-layout-constrained wp-block-group-is-layout-constrained\">\n<div style=\"height:80px\" aria-hidden=\"true\" class=\"wp-block-spacer\"><\/div>\n\n\n\n<h2 class=\"wp-block-heading has-text-align-center is-style-heading-38\">La Polonia negli scatti fotografici<\/h2>\n\n\n\n<p class=\"has-text-align-center\">Guarda le foto Instagram<\/p>\n\n\n\n<div style=\"height:40px\" aria-hidden=\"true\" class=\"wp-block-spacer\"><\/div>\n<\/div><\/div>\n\n\n\n<div id=\"sb_instagram\"  class=\"sbi sbi_mob_col_1 sbi_tab_col_6 sbi_col_6 sbi_width_resp\"\t data-feedid=\"*2\"  data-res=\"auto\" data-cols=\"6\" data-colsmobile=\"1\" data-colstablet=\"6\" data-num=\"12\" data-nummobile=\"6\" data-item-padding=\"0\"\t data-shortcode-atts=\"{&quot;feed&quot;:&quot;2&quot;}\"  data-postid=\"20335\" data-locatornonce=\"394970ed02\" data-imageaspectratio=\"1:1\" data-sbi-flags=\"favorLocal\">\n\t\n\t<div id=\"sbi_images\" >\n\t\t<div class=\"sbi_item sbi_type_video sbi_new sbi_transition\"\n\tid=\"sbi_17925974019297963\" data-date=\"1777276890\">\n\t<div class=\"sbi_photo_wrap\">\n\t\t<a class=\"sbi_photo\" href=\"https:\/\/www.instagram.com\/reel\/DXoK2MwDfX7\/\" target=\"_blank\" rel=\"noopener nofollow\"\n\t\t\tdata-full-res=\"https:\/\/scontent-waw2-1.cdninstagram.com\/v\/t51.82787-15\/681261817_18580476289030557_7428037199279093634_n.jpg?stp=dst-jpg_e35_tt6&#038;_nc_cat=110&#038;ccb=7-5&#038;_nc_sid=18de74&#038;efg=eyJlZmdfdGFnIjoiQ0xJUFMuYmVzdF9pbWFnZV91cmxnZW4uQzMifQ%3D%3D&#038;_nc_ohc=eoa4QNrbQWUQ7kNvwGFapPQ&#038;_nc_oc=AdpU2o63OGr7OWphneqZRHpIMUIjlrZ-5Osvya2llcci2NyHSVG7t2YdVKvPUGIUzY-sVRu61LcLLizFYO-4JzFC&#038;_nc_zt=23&#038;_nc_ht=scontent-waw2-1.cdninstagram.com&#038;edm=ANo9K5cEAAAA&#038;_nc_gid=g_tmgkCIGWn-HqC29EaNUw&#038;_nc_tpa=Q5bMBQGpsabCwB8U97nljk1nf__Qp6elfNhHBkHEvfeJwZkJHgeUcdrrtxYfRxsyTB8CGcwfjOTqIFTk_g&#038;oh=00_Af2BAqSU-DtO2Kf__2gXn6lr90P1YMoKzhJyoCaBL6eVBw&#038;oe=69F67953\"\n\t\t\tdata-img-src-set=\"{&quot;d&quot;:&quot;https:\\\/\\\/scontent-waw2-1.cdninstagram.com\\\/v\\\/t51.82787-15\\\/681261817_18580476289030557_7428037199279093634_n.jpg?stp=dst-jpg_e35_tt6&amp;_nc_cat=110&amp;ccb=7-5&amp;_nc_sid=18de74&amp;efg=eyJlZmdfdGFnIjoiQ0xJUFMuYmVzdF9pbWFnZV91cmxnZW4uQzMifQ%3D%3D&amp;_nc_ohc=eoa4QNrbQWUQ7kNvwGFapPQ&amp;_nc_oc=AdpU2o63OGr7OWphneqZRHpIMUIjlrZ-5Osvya2llcci2NyHSVG7t2YdVKvPUGIUzY-sVRu61LcLLizFYO-4JzFC&amp;_nc_zt=23&amp;_nc_ht=scontent-waw2-1.cdninstagram.com&amp;edm=ANo9K5cEAAAA&amp;_nc_gid=g_tmgkCIGWn-HqC29EaNUw&amp;_nc_tpa=Q5bMBQGpsabCwB8U97nljk1nf__Qp6elfNhHBkHEvfeJwZkJHgeUcdrrtxYfRxsyTB8CGcwfjOTqIFTk_g&amp;oh=00_Af2BAqSU-DtO2Kf__2gXn6lr90P1YMoKzhJyoCaBL6eVBw&amp;oe=69F67953&quot;,&quot;150&quot;:&quot;https:\\\/\\\/scontent-waw2-1.cdninstagram.com\\\/v\\\/t51.82787-15\\\/681261817_18580476289030557_7428037199279093634_n.jpg?stp=dst-jpg_e35_tt6&amp;_nc_cat=110&amp;ccb=7-5&amp;_nc_sid=18de74&amp;efg=eyJlZmdfdGFnIjoiQ0xJUFMuYmVzdF9pbWFnZV91cmxnZW4uQzMifQ%3D%3D&amp;_nc_ohc=eoa4QNrbQWUQ7kNvwGFapPQ&amp;_nc_oc=AdpU2o63OGr7OWphneqZRHpIMUIjlrZ-5Osvya2llcci2NyHSVG7t2YdVKvPUGIUzY-sVRu61LcLLizFYO-4JzFC&amp;_nc_zt=23&amp;_nc_ht=scontent-waw2-1.cdninstagram.com&amp;edm=ANo9K5cEAAAA&amp;_nc_gid=g_tmgkCIGWn-HqC29EaNUw&amp;_nc_tpa=Q5bMBQGpsabCwB8U97nljk1nf__Qp6elfNhHBkHEvfeJwZkJHgeUcdrrtxYfRxsyTB8CGcwfjOTqIFTk_g&amp;oh=00_Af2BAqSU-DtO2Kf__2gXn6lr90P1YMoKzhJyoCaBL6eVBw&amp;oe=69F67953&quot;,&quot;320&quot;:&quot;https:\\\/\\\/scontent-waw2-1.cdninstagram.com\\\/v\\\/t51.82787-15\\\/681261817_18580476289030557_7428037199279093634_n.jpg?stp=dst-jpg_e35_tt6&amp;_nc_cat=110&amp;ccb=7-5&amp;_nc_sid=18de74&amp;efg=eyJlZmdfdGFnIjoiQ0xJUFMuYmVzdF9pbWFnZV91cmxnZW4uQzMifQ%3D%3D&amp;_nc_ohc=eoa4QNrbQWUQ7kNvwGFapPQ&amp;_nc_oc=AdpU2o63OGr7OWphneqZRHpIMUIjlrZ-5Osvya2llcci2NyHSVG7t2YdVKvPUGIUzY-sVRu61LcLLizFYO-4JzFC&amp;_nc_zt=23&amp;_nc_ht=scontent-waw2-1.cdninstagram.com&amp;edm=ANo9K5cEAAAA&amp;_nc_gid=g_tmgkCIGWn-HqC29EaNUw&amp;_nc_tpa=Q5bMBQGpsabCwB8U97nljk1nf__Qp6elfNhHBkHEvfeJwZkJHgeUcdrrtxYfRxsyTB8CGcwfjOTqIFTk_g&amp;oh=00_Af2BAqSU-DtO2Kf__2gXn6lr90P1YMoKzhJyoCaBL6eVBw&amp;oe=69F67953&quot;,&quot;640&quot;:&quot;https:\\\/\\\/scontent-waw2-1.cdninstagram.com\\\/v\\\/t51.82787-15\\\/681261817_18580476289030557_7428037199279093634_n.jpg?stp=dst-jpg_e35_tt6&amp;_nc_cat=110&amp;ccb=7-5&amp;_nc_sid=18de74&amp;efg=eyJlZmdfdGFnIjoiQ0xJUFMuYmVzdF9pbWFnZV91cmxnZW4uQzMifQ%3D%3D&amp;_nc_ohc=eoa4QNrbQWUQ7kNvwGFapPQ&amp;_nc_oc=AdpU2o63OGr7OWphneqZRHpIMUIjlrZ-5Osvya2llcci2NyHSVG7t2YdVKvPUGIUzY-sVRu61LcLLizFYO-4JzFC&amp;_nc_zt=23&amp;_nc_ht=scontent-waw2-1.cdninstagram.com&amp;edm=ANo9K5cEAAAA&amp;_nc_gid=g_tmgkCIGWn-HqC29EaNUw&amp;_nc_tpa=Q5bMBQGpsabCwB8U97nljk1nf__Qp6elfNhHBkHEvfeJwZkJHgeUcdrrtxYfRxsyTB8CGcwfjOTqIFTk_g&amp;oh=00_Af2BAqSU-DtO2Kf__2gXn6lr90P1YMoKzhJyoCaBL6eVBw&amp;oe=69F67953&quot;}\">\n\t\t\t<span class=\"sbi-screenreader\">La primavera \u00e8 il momento perfetto per visitare la<\/span>\n\t\t\t\t\t\t<svg style=\"color: rgba(255,255,255,1)\" class=\"svg-inline--fa fa-play fa-w-14 sbi_playbtn\" aria-label=\"Play\" aria-hidden=\"true\" data-fa-processed=\"\" data-prefix=\"fa\" data-icon=\"play\" role=\"presentation\" xmlns=\"http:\/\/www.w3.org\/2000\/svg\" viewBox=\"0 0 448 512\"><path fill=\"currentColor\" d=\"M424.4 214.7L72.4 6.6C43.8-10.3 0 6.1 0 47.9V464c0 37.5 40.7 60.1 72.4 41.3l352-208c31.4-18.5 31.5-64.1 0-82.6z\"><\/path><\/svg>\t\t\t<img decoding=\"async\" src=\"https:\/\/www.polonia.travel\/it\/wp-content\/plugins\/instagram-feed\/img\/placeholder.png\" alt=\"La primavera \u00e8 il momento perfetto per visitare la Polonia!\n\n\ud83c\udf38 In ogni regione del Paese gli spazi immersi nella natura ancora selvaggia e incontaminata, i parchi, i borghi pi\u00f9 rurali e persino le citt\u00e0 si colorano di tonalit\u00e0 vivaci, tra campi e alberi in fiore, mentre le giornate pi\u00f9 lunghe e il clima mite permettono di godere del paesaggio.\n\n\u2600\ufe0f Il desiderio di vivere esperienze all\u2019aperto prende vita: in questa stagione la Polonia si illumina di una luce tutta nuova, perfetta per chi vuole concedersi un viaggio all\u2019insegna dell\u2019esplorazione!\n\nSiete mai stati in qualche localit\u00e0 polacca in primavera?\n\n\ud83d\udc49\ud83c\udffb Ditecelo nei commenti!\n\n#poloniatravel #visitpoland #polska #poland #polonia #naturalovers #travelideas #slowtourism #travelineurope #outdoorlovers #travelinspiration\" aria-hidden=\"true\">\n\t\t<\/a>\n\t<\/div>\n<\/div><div class=\"sbi_item sbi_type_carousel sbi_new sbi_transition\"\n\tid=\"sbi_18009689315907233\" data-date=\"1777017685\">\n\t<div class=\"sbi_photo_wrap\">\n\t\t<a class=\"sbi_photo\" href=\"https:\/\/www.instagram.com\/p\/DXgcfagAVjw\/\" target=\"_blank\" rel=\"noopener nofollow\"\n\t\t\tdata-full-res=\"https:\/\/scontent-waw2-2.cdninstagram.com\/v\/t39.30808-6\/673677783_1408903917942637_3098158240156641620_n.jpg?stp=dst-jpg_e35_tt6&#038;_nc_cat=105&#038;ccb=7-5&#038;_nc_sid=18de74&#038;efg=eyJlZmdfdGFnIjoiQ0FST1VTRUxfSVRFTS5iZXN0X2ltYWdlX3VybGdlbi5DMyJ9&#038;_nc_ohc=R5BQvP6l5bIQ7kNvwEnMmhA&#038;_nc_oc=Adr8c5G0THH-PXLT5d3NX6APwNSHecsUQC_x1pgm8kIEe1oBWwwcn1msSLdyrfxJ5XAZpRxggddtNqR3Z6PKAEv8&#038;_nc_zt=23&#038;_nc_ht=scontent-waw2-2.cdninstagram.com&#038;edm=ANo9K5cEAAAA&#038;_nc_gid=g_tmgkCIGWn-HqC29EaNUw&#038;_nc_tpa=Q5bMBQFNuod0K6UB9QSQzcn6SzPpMVpz5-jZ--EE38VdGk0DyT7_XL8lPTI0G9lUvhB29lMZN6mVw5q-0w&#038;oh=00_Af2GQy_WStBzpm4QlmK0Q8Xe2t1pXrMeU7n1kYk1rx37Zw&#038;oe=69F6805A\"\n\t\t\tdata-img-src-set=\"{&quot;d&quot;:&quot;https:\\\/\\\/scontent-waw2-2.cdninstagram.com\\\/v\\\/t39.30808-6\\\/673677783_1408903917942637_3098158240156641620_n.jpg?stp=dst-jpg_e35_tt6&amp;_nc_cat=105&amp;ccb=7-5&amp;_nc_sid=18de74&amp;efg=eyJlZmdfdGFnIjoiQ0FST1VTRUxfSVRFTS5iZXN0X2ltYWdlX3VybGdlbi5DMyJ9&amp;_nc_ohc=R5BQvP6l5bIQ7kNvwEnMmhA&amp;_nc_oc=Adr8c5G0THH-PXLT5d3NX6APwNSHecsUQC_x1pgm8kIEe1oBWwwcn1msSLdyrfxJ5XAZpRxggddtNqR3Z6PKAEv8&amp;_nc_zt=23&amp;_nc_ht=scontent-waw2-2.cdninstagram.com&amp;edm=ANo9K5cEAAAA&amp;_nc_gid=g_tmgkCIGWn-HqC29EaNUw&amp;_nc_tpa=Q5bMBQFNuod0K6UB9QSQzcn6SzPpMVpz5-jZ--EE38VdGk0DyT7_XL8lPTI0G9lUvhB29lMZN6mVw5q-0w&amp;oh=00_Af2GQy_WStBzpm4QlmK0Q8Xe2t1pXrMeU7n1kYk1rx37Zw&amp;oe=69F6805A&quot;,&quot;150&quot;:&quot;https:\\\/\\\/scontent-waw2-2.cdninstagram.com\\\/v\\\/t39.30808-6\\\/673677783_1408903917942637_3098158240156641620_n.jpg?stp=dst-jpg_e35_tt6&amp;_nc_cat=105&amp;ccb=7-5&amp;_nc_sid=18de74&amp;efg=eyJlZmdfdGFnIjoiQ0FST1VTRUxfSVRFTS5iZXN0X2ltYWdlX3VybGdlbi5DMyJ9&amp;_nc_ohc=R5BQvP6l5bIQ7kNvwEnMmhA&amp;_nc_oc=Adr8c5G0THH-PXLT5d3NX6APwNSHecsUQC_x1pgm8kIEe1oBWwwcn1msSLdyrfxJ5XAZpRxggddtNqR3Z6PKAEv8&amp;_nc_zt=23&amp;_nc_ht=scontent-waw2-2.cdninstagram.com&amp;edm=ANo9K5cEAAAA&amp;_nc_gid=g_tmgkCIGWn-HqC29EaNUw&amp;_nc_tpa=Q5bMBQFNuod0K6UB9QSQzcn6SzPpMVpz5-jZ--EE38VdGk0DyT7_XL8lPTI0G9lUvhB29lMZN6mVw5q-0w&amp;oh=00_Af2GQy_WStBzpm4QlmK0Q8Xe2t1pXrMeU7n1kYk1rx37Zw&amp;oe=69F6805A&quot;,&quot;320&quot;:&quot;https:\\\/\\\/scontent-waw2-2.cdninstagram.com\\\/v\\\/t39.30808-6\\\/673677783_1408903917942637_3098158240156641620_n.jpg?stp=dst-jpg_e35_tt6&amp;_nc_cat=105&amp;ccb=7-5&amp;_nc_sid=18de74&amp;efg=eyJlZmdfdGFnIjoiQ0FST1VTRUxfSVRFTS5iZXN0X2ltYWdlX3VybGdlbi5DMyJ9&amp;_nc_ohc=R5BQvP6l5bIQ7kNvwEnMmhA&amp;_nc_oc=Adr8c5G0THH-PXLT5d3NX6APwNSHecsUQC_x1pgm8kIEe1oBWwwcn1msSLdyrfxJ5XAZpRxggddtNqR3Z6PKAEv8&amp;_nc_zt=23&amp;_nc_ht=scontent-waw2-2.cdninstagram.com&amp;edm=ANo9K5cEAAAA&amp;_nc_gid=g_tmgkCIGWn-HqC29EaNUw&amp;_nc_tpa=Q5bMBQFNuod0K6UB9QSQzcn6SzPpMVpz5-jZ--EE38VdGk0DyT7_XL8lPTI0G9lUvhB29lMZN6mVw5q-0w&amp;oh=00_Af2GQy_WStBzpm4QlmK0Q8Xe2t1pXrMeU7n1kYk1rx37Zw&amp;oe=69F6805A&quot;,&quot;640&quot;:&quot;https:\\\/\\\/scontent-waw2-2.cdninstagram.com\\\/v\\\/t39.30808-6\\\/673677783_1408903917942637_3098158240156641620_n.jpg?stp=dst-jpg_e35_tt6&amp;_nc_cat=105&amp;ccb=7-5&amp;_nc_sid=18de74&amp;efg=eyJlZmdfdGFnIjoiQ0FST1VTRUxfSVRFTS5iZXN0X2ltYWdlX3VybGdlbi5DMyJ9&amp;_nc_ohc=R5BQvP6l5bIQ7kNvwEnMmhA&amp;_nc_oc=Adr8c5G0THH-PXLT5d3NX6APwNSHecsUQC_x1pgm8kIEe1oBWwwcn1msSLdyrfxJ5XAZpRxggddtNqR3Z6PKAEv8&amp;_nc_zt=23&amp;_nc_ht=scontent-waw2-2.cdninstagram.com&amp;edm=ANo9K5cEAAAA&amp;_nc_gid=g_tmgkCIGWn-HqC29EaNUw&amp;_nc_tpa=Q5bMBQFNuod0K6UB9QSQzcn6SzPpMVpz5-jZ--EE38VdGk0DyT7_XL8lPTI0G9lUvhB29lMZN6mVw5q-0w&amp;oh=00_Af2GQy_WStBzpm4QlmK0Q8Xe2t1pXrMeU7n1kYk1rx37Zw&amp;oe=69F6805A&quot;}\">\n\t\t\t<span class=\"sbi-screenreader\">\u23f3 Rallentare \u00e8 possibile anche in citt\u00e0! \n\n\ud83d\udccd A Var<\/span>\n\t\t\t<svg class=\"svg-inline--fa fa-clone fa-w-16 sbi_lightbox_carousel_icon\" aria-hidden=\"true\" aria-label=\"Clone\" data-fa-pro\u0192cessed=\"\" data-prefix=\"far\" data-icon=\"clone\" role=\"img\" xmlns=\"http:\/\/www.w3.org\/2000\/svg\" viewBox=\"0 0 512 512\">\n                    <path fill=\"currentColor\" d=\"M464 0H144c-26.51 0-48 21.49-48 48v48H48c-26.51 0-48 21.49-48 48v320c0 26.51 21.49 48 48 48h320c26.51 0 48-21.49 48-48v-48h48c26.51 0 48-21.49 48-48V48c0-26.51-21.49-48-48-48zM362 464H54a6 6 0 0 1-6-6V150a6 6 0 0 1 6-6h42v224c0 26.51 21.49 48 48 48h224v42a6 6 0 0 1-6 6zm96-96H150a6 6 0 0 1-6-6V54a6 6 0 0 1 6-6h308a6 6 0 0 1 6 6v308a6 6 0 0 1-6 6z\"><\/path>\n                <\/svg>\t\t\t\t\t\t<img decoding=\"async\" src=\"https:\/\/www.polonia.travel\/it\/wp-content\/plugins\/instagram-feed\/img\/placeholder.png\" alt=\"\u23f3 Rallentare \u00e8 possibile anche in citt\u00e0! \n\n\ud83d\udccd A Varsavia, ad esempio, il tempo si trasforma in un alleato prezioso, capace di svelare un nuovo lato del vivere urbano, fatto di piccoli gesti, eccellenze locali e vedute spettacolari.\n\nIn citt\u00e0 il benessere assume forme inaspettate, come una sessione di yoga nel verde dei parchi cittadini o sulle terrazze panoramiche dei grattacieli, un\u2019esplorazione in bicicletta o il tepore avvolgente della sauna galleggiante gratuita sulla Vistola.\n\n\u26f1\ufe0f Lungo le rive del fiume, le spiagge urbane diventano rifugi spontanei dove concedersi una pausa, lasciando che lo sguardo segua il lento scorrere dell\u2019acqua.\n\nLa citt\u00e0 si apre poi al movimento e alla rigenerazione: grazie alle piste ciclabili e al comodo servizio di bike sharing Veturilo, Varsavia si lascia attraversare con leggerezza, offrendo un\u2019esperienza autentica e sostenibile, in perfetta sintonia con lo stile di vita locale.\n\n\ud83d\ude0b Il tempo dello slow travel si assapora anche a tavola! \n\nNei mercati a Km0 e in quelli della colazione, che nel 2026 animano i weekend della capitale a partire da met\u00e0 aprile, i sapori raccontano il territorio attraverso proposte genuine e stagionali, in un incontro diretto tra produttori, cittadini e viaggiatori.\n\nPerch\u00e9 anche nelle citt\u00e0 pi\u00f9 dinamiche esiste un tempo diverso: un tempo da dedicare al benessere, che scorre con naturalezza tra esperienze d\u2019eccellenza, capaci di restituirci il piacere di vivere ogni attimo!\n\n\ud83c\udf43 Chi ha detto che anche nelle citt\u00e0 pi\u00f9 vivaci non sia possibile \u201cprendersela con calma\u201d?\n\n\ud83d\udcf7 Ph. n1 Magda Pawluczuk, City of Warsaw Ph. n3 Szymon Pulcyn, City of Warsaw Ph. n4 City of Warsaw\n\n@go2warsaw\n\n#PoloniaDaRecord #poloniatravel #visitpoland #polonia #polska #poland #benessere #travelinspirations #shortbreaks #citybreaks #viaggiareineuropa #slowtourism\" aria-hidden=\"true\">\n\t\t<\/a>\n\t<\/div>\n<\/div><div class=\"sbi_item sbi_type_carousel sbi_new sbi_transition\"\n\tid=\"sbi_18081409874572420\" data-date=\"1776844842\">\n\t<div class=\"sbi_photo_wrap\">\n\t\t<a class=\"sbi_photo\" href=\"https:\/\/www.instagram.com\/p\/DXbS0auEztm\/\" target=\"_blank\" rel=\"noopener nofollow\"\n\t\t\tdata-full-res=\"https:\/\/scontent-waw2-2.cdninstagram.com\/v\/t39.30808-6\/668486400_1404927841673578_3187413037460573275_n.jpg?stp=dst-jpg_e35_tt6&#038;_nc_cat=107&#038;ccb=7-5&#038;_nc_sid=18de74&#038;efg=eyJlZmdfdGFnIjoiQ0FST1VTRUxfSVRFTS5iZXN0X2ltYWdlX3VybGdlbi5DMyJ9&#038;_nc_ohc=VLKH0emR7dYQ7kNvwHauXfB&#038;_nc_oc=Adr6LdjMHTopP7JV5ibPd7q6VXRGbpP5-mkqfSLlxZf-vXFHV613fzaYqWoO8tvZPEs0QpaWnRgyxjsvmluPMJZP&#038;_nc_zt=23&#038;_nc_ht=scontent-waw2-2.cdninstagram.com&#038;edm=ANo9K5cEAAAA&#038;_nc_gid=g_tmgkCIGWn-HqC29EaNUw&#038;_nc_tpa=Q5bMBQFMdsAVZayFZt0gGkJ_j5g7MVGsxK1a_iGprjN63se3OssEDd1v-JG8OGvu3HJYh7uKmcHIt6MV1w&#038;oh=00_Af2P-WZ-v5ymLbGnY8dGA2N6KLyOsAbr_v0HrI2APA1e1g&#038;oe=69F67DE2\"\n\t\t\tdata-img-src-set=\"{&quot;d&quot;:&quot;https:\\\/\\\/scontent-waw2-2.cdninstagram.com\\\/v\\\/t39.30808-6\\\/668486400_1404927841673578_3187413037460573275_n.jpg?stp=dst-jpg_e35_tt6&amp;_nc_cat=107&amp;ccb=7-5&amp;_nc_sid=18de74&amp;efg=eyJlZmdfdGFnIjoiQ0FST1VTRUxfSVRFTS5iZXN0X2ltYWdlX3VybGdlbi5DMyJ9&amp;_nc_ohc=VLKH0emR7dYQ7kNvwHauXfB&amp;_nc_oc=Adr6LdjMHTopP7JV5ibPd7q6VXRGbpP5-mkqfSLlxZf-vXFHV613fzaYqWoO8tvZPEs0QpaWnRgyxjsvmluPMJZP&amp;_nc_zt=23&amp;_nc_ht=scontent-waw2-2.cdninstagram.com&amp;edm=ANo9K5cEAAAA&amp;_nc_gid=g_tmgkCIGWn-HqC29EaNUw&amp;_nc_tpa=Q5bMBQFMdsAVZayFZt0gGkJ_j5g7MVGsxK1a_iGprjN63se3OssEDd1v-JG8OGvu3HJYh7uKmcHIt6MV1w&amp;oh=00_Af2P-WZ-v5ymLbGnY8dGA2N6KLyOsAbr_v0HrI2APA1e1g&amp;oe=69F67DE2&quot;,&quot;150&quot;:&quot;https:\\\/\\\/scontent-waw2-2.cdninstagram.com\\\/v\\\/t39.30808-6\\\/668486400_1404927841673578_3187413037460573275_n.jpg?stp=dst-jpg_e35_tt6&amp;_nc_cat=107&amp;ccb=7-5&amp;_nc_sid=18de74&amp;efg=eyJlZmdfdGFnIjoiQ0FST1VTRUxfSVRFTS5iZXN0X2ltYWdlX3VybGdlbi5DMyJ9&amp;_nc_ohc=VLKH0emR7dYQ7kNvwHauXfB&amp;_nc_oc=Adr6LdjMHTopP7JV5ibPd7q6VXRGbpP5-mkqfSLlxZf-vXFHV613fzaYqWoO8tvZPEs0QpaWnRgyxjsvmluPMJZP&amp;_nc_zt=23&amp;_nc_ht=scontent-waw2-2.cdninstagram.com&amp;edm=ANo9K5cEAAAA&amp;_nc_gid=g_tmgkCIGWn-HqC29EaNUw&amp;_nc_tpa=Q5bMBQFMdsAVZayFZt0gGkJ_j5g7MVGsxK1a_iGprjN63se3OssEDd1v-JG8OGvu3HJYh7uKmcHIt6MV1w&amp;oh=00_Af2P-WZ-v5ymLbGnY8dGA2N6KLyOsAbr_v0HrI2APA1e1g&amp;oe=69F67DE2&quot;,&quot;320&quot;:&quot;https:\\\/\\\/scontent-waw2-2.cdninstagram.com\\\/v\\\/t39.30808-6\\\/668486400_1404927841673578_3187413037460573275_n.jpg?stp=dst-jpg_e35_tt6&amp;_nc_cat=107&amp;ccb=7-5&amp;_nc_sid=18de74&amp;efg=eyJlZmdfdGFnIjoiQ0FST1VTRUxfSVRFTS5iZXN0X2ltYWdlX3VybGdlbi5DMyJ9&amp;_nc_ohc=VLKH0emR7dYQ7kNvwHauXfB&amp;_nc_oc=Adr6LdjMHTopP7JV5ibPd7q6VXRGbpP5-mkqfSLlxZf-vXFHV613fzaYqWoO8tvZPEs0QpaWnRgyxjsvmluPMJZP&amp;_nc_zt=23&amp;_nc_ht=scontent-waw2-2.cdninstagram.com&amp;edm=ANo9K5cEAAAA&amp;_nc_gid=g_tmgkCIGWn-HqC29EaNUw&amp;_nc_tpa=Q5bMBQFMdsAVZayFZt0gGkJ_j5g7MVGsxK1a_iGprjN63se3OssEDd1v-JG8OGvu3HJYh7uKmcHIt6MV1w&amp;oh=00_Af2P-WZ-v5ymLbGnY8dGA2N6KLyOsAbr_v0HrI2APA1e1g&amp;oe=69F67DE2&quot;,&quot;640&quot;:&quot;https:\\\/\\\/scontent-waw2-2.cdninstagram.com\\\/v\\\/t39.30808-6\\\/668486400_1404927841673578_3187413037460573275_n.jpg?stp=dst-jpg_e35_tt6&amp;_nc_cat=107&amp;ccb=7-5&amp;_nc_sid=18de74&amp;efg=eyJlZmdfdGFnIjoiQ0FST1VTRUxfSVRFTS5iZXN0X2ltYWdlX3VybGdlbi5DMyJ9&amp;_nc_ohc=VLKH0emR7dYQ7kNvwHauXfB&amp;_nc_oc=Adr6LdjMHTopP7JV5ibPd7q6VXRGbpP5-mkqfSLlxZf-vXFHV613fzaYqWoO8tvZPEs0QpaWnRgyxjsvmluPMJZP&amp;_nc_zt=23&amp;_nc_ht=scontent-waw2-2.cdninstagram.com&amp;edm=ANo9K5cEAAAA&amp;_nc_gid=g_tmgkCIGWn-HqC29EaNUw&amp;_nc_tpa=Q5bMBQFMdsAVZayFZt0gGkJ_j5g7MVGsxK1a_iGprjN63se3OssEDd1v-JG8OGvu3HJYh7uKmcHIt6MV1w&amp;oh=00_Af2P-WZ-v5ymLbGnY8dGA2N6KLyOsAbr_v0HrI2APA1e1g&amp;oe=69F67DE2&quot;}\">\n\t\t\t<span class=\"sbi-screenreader\">In Polonia il tempo cambia consistenza: si fa pi\u00f9 <\/span>\n\t\t\t<svg class=\"svg-inline--fa fa-clone fa-w-16 sbi_lightbox_carousel_icon\" aria-hidden=\"true\" aria-label=\"Clone\" data-fa-pro\u0192cessed=\"\" data-prefix=\"far\" data-icon=\"clone\" role=\"img\" xmlns=\"http:\/\/www.w3.org\/2000\/svg\" viewBox=\"0 0 512 512\">\n                    <path fill=\"currentColor\" d=\"M464 0H144c-26.51 0-48 21.49-48 48v48H48c-26.51 0-48 21.49-48 48v320c0 26.51 21.49 48 48 48h320c26.51 0 48-21.49 48-48v-48h48c26.51 0 48-21.49 48-48V48c0-26.51-21.49-48-48-48zM362 464H54a6 6 0 0 1-6-6V150a6 6 0 0 1 6-6h42v224c0 26.51 21.49 48 48 48h224v42a6 6 0 0 1-6 6zm96-96H150a6 6 0 0 1-6-6V54a6 6 0 0 1 6-6h308a6 6 0 0 1 6 6v308a6 6 0 0 1-6 6z\"><\/path>\n                <\/svg>\t\t\t\t\t\t<img decoding=\"async\" src=\"https:\/\/www.polonia.travel\/it\/wp-content\/plugins\/instagram-feed\/img\/placeholder.png\" alt=\"In Polonia il tempo cambia consistenza: si fa pi\u00f9 lento e profondo, quasi tangibile. \n\n\ud83c\udf33 In alcune localit\u00e0, come la Podlachia, la regione pi\u00f9 verde della Polonia, o la Pomerania, dove le coste sono lambite dal Baltico, si entra in una dimensione pi\u00f9 libera, lontana dai ritmi caotici a cui siamo abituati\u2026 ogni momento sembra dilatarsi, per lasciare spazio alla scoperta e al benessere.\n\nAnche solo una passeggiata nella natura diventa un piccolo momento da dedicare a noi stessi. \n\n\ud83d\udccd In Podlachia, tra i piccoli villaggi dall\u2019anima rurale, la suggestiva Terra delle Persiane Aperte \u00e8 una perla da non perdere, che accoglie i visitatori con un\u2019atmosfera fiabesca: i piccoli abitati di Trze\u015bcianka, Soce e Puch\u0142y custodiscono un\u2019arte tramandata per generazioni, quella della decorazione delle finestre, incorniciate da ornamenti in legno finemente intagliati. \n\nVi sembrer\u00e0 di trovarvi in una favola per bambini, tanta sar\u00e0 la bellezza che vi circonda!\n\n\ud83c\udf43 Tra le esperienze slow nella natura va menzionato il forest bathing, un\u2019immersione consapevole tra i boschi silenziosi, dove ci si pu\u00f2 riconnettere con il territorio. \n\n\ud83c\udf44\u200d\ud83d\udfeb A seconda del periodo, potrete cimentarvi nella raccolta di funghi o di erbe spontanee con l\u2019ausilio di preparatissime guide locali in Podlachia, o ancora vivere esperienze uniche nei laboratori legati alla terra e al paesaggio costiero della Pomerania, al ritmo delle stagioni.\n\nIl passo si fa pi\u00f9 leggero, i gesti pi\u00f9 rilassati\u2026 e il tempo, insieme alla natura, ci concede il privilegio di assaporare il presente. \n\n\u23f3 Il turismo lento \u00e8 un vero e proprio \u201catto d\u2019amore\u201d verso noi stessi, dove il tempo smette di essere qualcosa da rincorrere e diventa, finalmente, un dono da accogliere. \n\n\ud83d\ude0c Concedersi la pausa che ci serve, senza sensi di colpa, \u00e8 forse la forma pi\u00f9 autentica di benessere, siete d\u2019accordo?\n\n\ud83d\udcf7 Ph. n3 Kaszubskie Ziola, Pomeranian Regional Tourism Organisation Ph. n4 @region_puszczy_bialowieskiej_A.K.Kobus\n\n#PoloniaDaRecord #poloniatravel #visitpoland #polonia #polska #poland #natura #travelinspirations #turismoattivo #outdoorlovers #viaggiareineuropa #traveltip #slowtourism #benesserenaturale\" aria-hidden=\"true\">\n\t\t<\/a>\n\t<\/div>\n<\/div><div class=\"sbi_item sbi_type_carousel sbi_new sbi_transition\"\n\tid=\"sbi_17886425991370724\" data-date=\"1776672070\">\n\t<div class=\"sbi_photo_wrap\">\n\t\t<a class=\"sbi_photo\" href=\"https:\/\/www.instagram.com\/p\/DXWJSICjX2y\/\" target=\"_blank\" rel=\"noopener nofollow\"\n\t\t\tdata-full-res=\"https:\/\/scontent-waw2-1.cdninstagram.com\/v\/t39.30808-6\/669264798_1404851138347915_8644419614332087186_n.jpg?stp=dst-jpg_e35_tt6&#038;_nc_cat=111&#038;ccb=7-5&#038;_nc_sid=18de74&#038;efg=eyJlZmdfdGFnIjoiQ0FST1VTRUxfSVRFTS5iZXN0X2ltYWdlX3VybGdlbi5DMyJ9&#038;_nc_ohc=KbfaoQVFECcQ7kNvwEftkfC&#038;_nc_oc=AdqqrAnAgcPJX2xz17k7ASY5wl_txx3kWoL_GJL56wERCoGhXzNHp8e0N73MgnFQKAkQrElIb4N6rntU9hmEzeN-&#038;_nc_zt=23&#038;_nc_ht=scontent-waw2-1.cdninstagram.com&#038;edm=ANo9K5cEAAAA&#038;_nc_gid=g_tmgkCIGWn-HqC29EaNUw&#038;_nc_tpa=Q5bMBQHLww9fuPkiwgl03xXsrazpKpxNz2z6QdXOPi3JVIMT_MfyPFIvW3aU9g7qcND22CWNwDJi9s--pA&#038;oh=00_Af0ffC24zm7L0KK6h5rDfL-7zozuwojCFvx2IuYouiOIgA&#038;oe=69F67CD7\"\n\t\t\tdata-img-src-set=\"{&quot;d&quot;:&quot;https:\\\/\\\/scontent-waw2-1.cdninstagram.com\\\/v\\\/t39.30808-6\\\/669264798_1404851138347915_8644419614332087186_n.jpg?stp=dst-jpg_e35_tt6&amp;_nc_cat=111&amp;ccb=7-5&amp;_nc_sid=18de74&amp;efg=eyJlZmdfdGFnIjoiQ0FST1VTRUxfSVRFTS5iZXN0X2ltYWdlX3VybGdlbi5DMyJ9&amp;_nc_ohc=KbfaoQVFECcQ7kNvwEftkfC&amp;_nc_oc=AdqqrAnAgcPJX2xz17k7ASY5wl_txx3kWoL_GJL56wERCoGhXzNHp8e0N73MgnFQKAkQrElIb4N6rntU9hmEzeN-&amp;_nc_zt=23&amp;_nc_ht=scontent-waw2-1.cdninstagram.com&amp;edm=ANo9K5cEAAAA&amp;_nc_gid=g_tmgkCIGWn-HqC29EaNUw&amp;_nc_tpa=Q5bMBQHLww9fuPkiwgl03xXsrazpKpxNz2z6QdXOPi3JVIMT_MfyPFIvW3aU9g7qcND22CWNwDJi9s--pA&amp;oh=00_Af0ffC24zm7L0KK6h5rDfL-7zozuwojCFvx2IuYouiOIgA&amp;oe=69F67CD7&quot;,&quot;150&quot;:&quot;https:\\\/\\\/scontent-waw2-1.cdninstagram.com\\\/v\\\/t39.30808-6\\\/669264798_1404851138347915_8644419614332087186_n.jpg?stp=dst-jpg_e35_tt6&amp;_nc_cat=111&amp;ccb=7-5&amp;_nc_sid=18de74&amp;efg=eyJlZmdfdGFnIjoiQ0FST1VTRUxfSVRFTS5iZXN0X2ltYWdlX3VybGdlbi5DMyJ9&amp;_nc_ohc=KbfaoQVFECcQ7kNvwEftkfC&amp;_nc_oc=AdqqrAnAgcPJX2xz17k7ASY5wl_txx3kWoL_GJL56wERCoGhXzNHp8e0N73MgnFQKAkQrElIb4N6rntU9hmEzeN-&amp;_nc_zt=23&amp;_nc_ht=scontent-waw2-1.cdninstagram.com&amp;edm=ANo9K5cEAAAA&amp;_nc_gid=g_tmgkCIGWn-HqC29EaNUw&amp;_nc_tpa=Q5bMBQHLww9fuPkiwgl03xXsrazpKpxNz2z6QdXOPi3JVIMT_MfyPFIvW3aU9g7qcND22CWNwDJi9s--pA&amp;oh=00_Af0ffC24zm7L0KK6h5rDfL-7zozuwojCFvx2IuYouiOIgA&amp;oe=69F67CD7&quot;,&quot;320&quot;:&quot;https:\\\/\\\/scontent-waw2-1.cdninstagram.com\\\/v\\\/t39.30808-6\\\/669264798_1404851138347915_8644419614332087186_n.jpg?stp=dst-jpg_e35_tt6&amp;_nc_cat=111&amp;ccb=7-5&amp;_nc_sid=18de74&amp;efg=eyJlZmdfdGFnIjoiQ0FST1VTRUxfSVRFTS5iZXN0X2ltYWdlX3VybGdlbi5DMyJ9&amp;_nc_ohc=KbfaoQVFECcQ7kNvwEftkfC&amp;_nc_oc=AdqqrAnAgcPJX2xz17k7ASY5wl_txx3kWoL_GJL56wERCoGhXzNHp8e0N73MgnFQKAkQrElIb4N6rntU9hmEzeN-&amp;_nc_zt=23&amp;_nc_ht=scontent-waw2-1.cdninstagram.com&amp;edm=ANo9K5cEAAAA&amp;_nc_gid=g_tmgkCIGWn-HqC29EaNUw&amp;_nc_tpa=Q5bMBQHLww9fuPkiwgl03xXsrazpKpxNz2z6QdXOPi3JVIMT_MfyPFIvW3aU9g7qcND22CWNwDJi9s--pA&amp;oh=00_Af0ffC24zm7L0KK6h5rDfL-7zozuwojCFvx2IuYouiOIgA&amp;oe=69F67CD7&quot;,&quot;640&quot;:&quot;https:\\\/\\\/scontent-waw2-1.cdninstagram.com\\\/v\\\/t39.30808-6\\\/669264798_1404851138347915_8644419614332087186_n.jpg?stp=dst-jpg_e35_tt6&amp;_nc_cat=111&amp;ccb=7-5&amp;_nc_sid=18de74&amp;efg=eyJlZmdfdGFnIjoiQ0FST1VTRUxfSVRFTS5iZXN0X2ltYWdlX3VybGdlbi5DMyJ9&amp;_nc_ohc=KbfaoQVFECcQ7kNvwEftkfC&amp;_nc_oc=AdqqrAnAgcPJX2xz17k7ASY5wl_txx3kWoL_GJL56wERCoGhXzNHp8e0N73MgnFQKAkQrElIb4N6rntU9hmEzeN-&amp;_nc_zt=23&amp;_nc_ht=scontent-waw2-1.cdninstagram.com&amp;edm=ANo9K5cEAAAA&amp;_nc_gid=g_tmgkCIGWn-HqC29EaNUw&amp;_nc_tpa=Q5bMBQHLww9fuPkiwgl03xXsrazpKpxNz2z6QdXOPi3JVIMT_MfyPFIvW3aU9g7qcND22CWNwDJi9s--pA&amp;oh=00_Af0ffC24zm7L0KK6h5rDfL-7zozuwojCFvx2IuYouiOIgA&amp;oe=69F67CD7&quot;}\">\n\t\t\t<span class=\"sbi-screenreader\">Vi piacerebbe immergervi in uno stile di vita meno<\/span>\n\t\t\t<svg class=\"svg-inline--fa fa-clone fa-w-16 sbi_lightbox_carousel_icon\" aria-hidden=\"true\" aria-label=\"Clone\" data-fa-pro\u0192cessed=\"\" data-prefix=\"far\" data-icon=\"clone\" role=\"img\" xmlns=\"http:\/\/www.w3.org\/2000\/svg\" viewBox=\"0 0 512 512\">\n                    <path fill=\"currentColor\" d=\"M464 0H144c-26.51 0-48 21.49-48 48v48H48c-26.51 0-48 21.49-48 48v320c0 26.51 21.49 48 48 48h320c26.51 0 48-21.49 48-48v-48h48c26.51 0 48-21.49 48-48V48c0-26.51-21.49-48-48-48zM362 464H54a6 6 0 0 1-6-6V150a6 6 0 0 1 6-6h42v224c0 26.51 21.49 48 48 48h224v42a6 6 0 0 1-6 6zm96-96H150a6 6 0 0 1-6-6V54a6 6 0 0 1 6-6h308a6 6 0 0 1 6 6v308a6 6 0 0 1-6 6z\"><\/path>\n                <\/svg>\t\t\t\t\t\t<img decoding=\"async\" src=\"https:\/\/www.polonia.travel\/it\/wp-content\/plugins\/instagram-feed\/img\/placeholder.png\" alt=\"Vi piacerebbe immergervi in uno stile di vita meno frenetico e pi\u00f9 a \u201cmisura d\u2019uomo\u201d? Se la vostra idea di viaggio \u00e8 all&#039;insegna dell\u2019esplorazione lenta, la Polonia \u00e8 la destinazione per voi!\n\n\u23f3 Che sia un break di qualche giorno, o un viaggio pi\u00f9 strutturato, il Paese vi accoglier\u00e0 con i suoi borghi pittoreschi e le citt\u00e0 accoglienti, dove trascorrere un tempo di qualit\u00e0 seguendo i principi della calma.\n\n\ud83d\udccd Tra i #mustvisit suggeriamo due autentiche gemme polacche, come la deliziosa cittadina di Sandomierz, nella regione Santacroce, che con il suo fascino medievale conquista ogni visitatore, o Kazimierz Dolny, situato nella regione di Lublino in una zona collinare di origine calcarea, che da secoli conquista il cuore di artisti, pittori e poeti per la sua atmosfera vivace e la meravigliosa luce che avvolge il borgo nelle giornate soleggiate.\n\nIn diverse regioni del Paese, come la Varmia Masuria, troverete alcune localit\u00e0 aderenti al movimento Cittaslow, che promuovono una cultura del buon vivere attraverso l\u2019ospitalit\u00e0, la sostenibilit\u00e0 e azioni comuni per migliorare la qualit\u00e0 della vita, dove la quotidianit\u00e0 scorre seguendo un tempo pi\u00f9 morbido, tra semplicit\u00e0 e spazi condivisi.\n\n\ud83d\ude0c Luoghi in cui ci si ferma volentieri pi\u00f9 a lungo, per rilassarsi tra le bellezze locali, ma anche e soprattutto per sentirsi parte del contesto, sperimentando l\u2019eccellenza di una nuova quotidianit\u00e0.\n\nVi piacerebbe viaggiare sperimentando lo slow tourism in Polonia?\n\n#PoloniaDaRecord #poloniatravel #visitpoland #polonia #polska #poland #citybreaks #shortbreaks #travelineurope #slowtourism #travelideas #placetovisit\" aria-hidden=\"true\">\n\t\t<\/a>\n\t<\/div>\n<\/div><div class=\"sbi_item sbi_type_carousel sbi_new sbi_transition\"\n\tid=\"sbi_18135661555523417\" data-date=\"1776412849\">\n\t<div class=\"sbi_photo_wrap\">\n\t\t<a class=\"sbi_photo\" href=\"https:\/\/www.instagram.com\/p\/DXOa248j0KI\/\" target=\"_blank\" rel=\"noopener nofollow\"\n\t\t\tdata-full-res=\"https:\/\/scontent-waw2-2.cdninstagram.com\/v\/t39.30808-6\/667549339_1404830355016660_5727445338270908268_n.jpg?stp=dst-jpg_e35_tt6&#038;_nc_cat=105&#038;ccb=7-5&#038;_nc_sid=18de74&#038;efg=eyJlZmdfdGFnIjoiQ0FST1VTRUxfSVRFTS5iZXN0X2ltYWdlX3VybGdlbi5DMyJ9&#038;_nc_ohc=KJdDuOxK8AkQ7kNvwGDM1WO&#038;_nc_oc=AdqudOiARPdvMl9JVWw2ftJbFkI9A1b1qkNN4dkc2TTomtEGaw837OwrcXr1NqN-ZaMlULQwvWjpOkpgnWtQXpOZ&#038;_nc_zt=23&#038;_nc_ht=scontent-waw2-2.cdninstagram.com&#038;edm=ANo9K5cEAAAA&#038;_nc_gid=g_tmgkCIGWn-HqC29EaNUw&#038;_nc_tpa=Q5bMBQFNGBs5sUUmxz0LucUZQ7FM63fEwwwiH4t0I5_e45mXJ1zgzjMYU0nC2zzRreKG5WVFwxKqAGxV2g&#038;oh=00_Af1m2UwJBQEydPOlwaNp4hSozKZpP1WrKXdVebuwQ-59jg&#038;oe=69F6764D\"\n\t\t\tdata-img-src-set=\"{&quot;d&quot;:&quot;https:\\\/\\\/scontent-waw2-2.cdninstagram.com\\\/v\\\/t39.30808-6\\\/667549339_1404830355016660_5727445338270908268_n.jpg?stp=dst-jpg_e35_tt6&amp;_nc_cat=105&amp;ccb=7-5&amp;_nc_sid=18de74&amp;efg=eyJlZmdfdGFnIjoiQ0FST1VTRUxfSVRFTS5iZXN0X2ltYWdlX3VybGdlbi5DMyJ9&amp;_nc_ohc=KJdDuOxK8AkQ7kNvwGDM1WO&amp;_nc_oc=AdqudOiARPdvMl9JVWw2ftJbFkI9A1b1qkNN4dkc2TTomtEGaw837OwrcXr1NqN-ZaMlULQwvWjpOkpgnWtQXpOZ&amp;_nc_zt=23&amp;_nc_ht=scontent-waw2-2.cdninstagram.com&amp;edm=ANo9K5cEAAAA&amp;_nc_gid=g_tmgkCIGWn-HqC29EaNUw&amp;_nc_tpa=Q5bMBQFNGBs5sUUmxz0LucUZQ7FM63fEwwwiH4t0I5_e45mXJ1zgzjMYU0nC2zzRreKG5WVFwxKqAGxV2g&amp;oh=00_Af1m2UwJBQEydPOlwaNp4hSozKZpP1WrKXdVebuwQ-59jg&amp;oe=69F6764D&quot;,&quot;150&quot;:&quot;https:\\\/\\\/scontent-waw2-2.cdninstagram.com\\\/v\\\/t39.30808-6\\\/667549339_1404830355016660_5727445338270908268_n.jpg?stp=dst-jpg_e35_tt6&amp;_nc_cat=105&amp;ccb=7-5&amp;_nc_sid=18de74&amp;efg=eyJlZmdfdGFnIjoiQ0FST1VTRUxfSVRFTS5iZXN0X2ltYWdlX3VybGdlbi5DMyJ9&amp;_nc_ohc=KJdDuOxK8AkQ7kNvwGDM1WO&amp;_nc_oc=AdqudOiARPdvMl9JVWw2ftJbFkI9A1b1qkNN4dkc2TTomtEGaw837OwrcXr1NqN-ZaMlULQwvWjpOkpgnWtQXpOZ&amp;_nc_zt=23&amp;_nc_ht=scontent-waw2-2.cdninstagram.com&amp;edm=ANo9K5cEAAAA&amp;_nc_gid=g_tmgkCIGWn-HqC29EaNUw&amp;_nc_tpa=Q5bMBQFNGBs5sUUmxz0LucUZQ7FM63fEwwwiH4t0I5_e45mXJ1zgzjMYU0nC2zzRreKG5WVFwxKqAGxV2g&amp;oh=00_Af1m2UwJBQEydPOlwaNp4hSozKZpP1WrKXdVebuwQ-59jg&amp;oe=69F6764D&quot;,&quot;320&quot;:&quot;https:\\\/\\\/scontent-waw2-2.cdninstagram.com\\\/v\\\/t39.30808-6\\\/667549339_1404830355016660_5727445338270908268_n.jpg?stp=dst-jpg_e35_tt6&amp;_nc_cat=105&amp;ccb=7-5&amp;_nc_sid=18de74&amp;efg=eyJlZmdfdGFnIjoiQ0FST1VTRUxfSVRFTS5iZXN0X2ltYWdlX3VybGdlbi5DMyJ9&amp;_nc_ohc=KJdDuOxK8AkQ7kNvwGDM1WO&amp;_nc_oc=AdqudOiARPdvMl9JVWw2ftJbFkI9A1b1qkNN4dkc2TTomtEGaw837OwrcXr1NqN-ZaMlULQwvWjpOkpgnWtQXpOZ&amp;_nc_zt=23&amp;_nc_ht=scontent-waw2-2.cdninstagram.com&amp;edm=ANo9K5cEAAAA&amp;_nc_gid=g_tmgkCIGWn-HqC29EaNUw&amp;_nc_tpa=Q5bMBQFNGBs5sUUmxz0LucUZQ7FM63fEwwwiH4t0I5_e45mXJ1zgzjMYU0nC2zzRreKG5WVFwxKqAGxV2g&amp;oh=00_Af1m2UwJBQEydPOlwaNp4hSozKZpP1WrKXdVebuwQ-59jg&amp;oe=69F6764D&quot;,&quot;640&quot;:&quot;https:\\\/\\\/scontent-waw2-2.cdninstagram.com\\\/v\\\/t39.30808-6\\\/667549339_1404830355016660_5727445338270908268_n.jpg?stp=dst-jpg_e35_tt6&amp;_nc_cat=105&amp;ccb=7-5&amp;_nc_sid=18de74&amp;efg=eyJlZmdfdGFnIjoiQ0FST1VTRUxfSVRFTS5iZXN0X2ltYWdlX3VybGdlbi5DMyJ9&amp;_nc_ohc=KJdDuOxK8AkQ7kNvwGDM1WO&amp;_nc_oc=AdqudOiARPdvMl9JVWw2ftJbFkI9A1b1qkNN4dkc2TTomtEGaw837OwrcXr1NqN-ZaMlULQwvWjpOkpgnWtQXpOZ&amp;_nc_zt=23&amp;_nc_ht=scontent-waw2-2.cdninstagram.com&amp;edm=ANo9K5cEAAAA&amp;_nc_gid=g_tmgkCIGWn-HqC29EaNUw&amp;_nc_tpa=Q5bMBQFNGBs5sUUmxz0LucUZQ7FM63fEwwwiH4t0I5_e45mXJ1zgzjMYU0nC2zzRreKG5WVFwxKqAGxV2g&amp;oh=00_Af1m2UwJBQEydPOlwaNp4hSozKZpP1WrKXdVebuwQ-59jg&amp;oe=69F6764D&quot;}\">\n\t\t\t<span class=\"sbi-screenreader\">Con l\u2019arrivo della bella stagione, il tempo si fa <\/span>\n\t\t\t<svg class=\"svg-inline--fa fa-clone fa-w-16 sbi_lightbox_carousel_icon\" aria-hidden=\"true\" aria-label=\"Clone\" data-fa-pro\u0192cessed=\"\" data-prefix=\"far\" data-icon=\"clone\" role=\"img\" xmlns=\"http:\/\/www.w3.org\/2000\/svg\" viewBox=\"0 0 512 512\">\n                    <path fill=\"currentColor\" d=\"M464 0H144c-26.51 0-48 21.49-48 48v48H48c-26.51 0-48 21.49-48 48v320c0 26.51 21.49 48 48 48h320c26.51 0 48-21.49 48-48v-48h48c26.51 0 48-21.49 48-48V48c0-26.51-21.49-48-48-48zM362 464H54a6 6 0 0 1-6-6V150a6 6 0 0 1 6-6h42v224c0 26.51 21.49 48 48 48h224v42a6 6 0 0 1-6 6zm96-96H150a6 6 0 0 1-6-6V54a6 6 0 0 1 6-6h308a6 6 0 0 1 6 6v308a6 6 0 0 1-6 6z\"><\/path>\n                <\/svg>\t\t\t\t\t\t<img decoding=\"async\" src=\"https:\/\/www.polonia.travel\/it\/wp-content\/plugins\/instagram-feed\/img\/placeholder.png\" alt=\"Con l\u2019arrivo della bella stagione, il tempo si fa pi\u00f9 morbido e disteso, pronto ad accogliere esperienze che nutrono corpo e mente\u2026 meglio ancora se all\u2019aria aperta!\n\n\ud83c\udf3f In Polonia, lo slow tourism permette di ritrovare armonia e bellezza, soprattutto attraverso gesti semplici come la camminata. Tra panorami superbi, il respiro si allinea al ritmo della natura, mentre lo sguardo si perde tra vallate verdeggianti e piccoli villaggi dove il tempo sembra \u201csospeso\u201d.\n\n\ud83d\udeb2 Tra le eccellenze da non perdere, da godersi a piedi o in bicicletta, suggeriamo gli itinerari dell\u2019architettura in legno in Malopolska e in Precarpazia: due percorsi affascinanti, che permettono di esplorare queste splendide regioni tra sentieri, antiche chiese - alcune delle quali insignite del prestigioso riconoscimento Unesco -  e luoghi di culto costruiti interamente con materiali naturali, come il legno di larice.\n\nCustodite da secoli tra boschi e colline, queste strutture sussurrano storie lontane e regalano la sensazione di attraversare epoche diverse\u2026 un tempo che lascia spazio per \u201crespirare\u201d godendo di un paesaggio superbo, che unisce cultura e natura.\n\n\ud83c\udf33 Quest\u2019ultima, che in Polonia \u00e8 incontaminata e rigogliosa, permette inoltre di vivere un\u2019esperienza di connessione intensa, ad esempio dedicandosi all\u2019osservazione degli animali nel loro habitat seguendo i numerosi sentieri che punteggiano il Paese, tra sorpresa, semplicit\u00e0 e meraviglia!\n\nIn Polonia il tempo dedicato al viaggio \u00e8 un tempo dedicato a s\u00e9: un tempo prezioso, capace di rigenerare e donare benessere!\n\n\ud83d\udcf7 Ph. n2 @podlaskie.travel \n\n#PoloniaDaRecord #poloniatravel #visitpoland #polonia #polska #poland #slowtravel #slowtourism #outdoorlovers #travelinspiration #travelguide #beautifuldestinations\" aria-hidden=\"true\">\n\t\t<\/a>\n\t<\/div>\n<\/div><div class=\"sbi_item sbi_type_carousel sbi_new sbi_transition\"\n\tid=\"sbi_17870580033491766\" data-date=\"1776240110\">\n\t<div class=\"sbi_photo_wrap\">\n\t\t<a class=\"sbi_photo\" href=\"https:\/\/www.instagram.com\/p\/DXJRYnijX1V\/\" target=\"_blank\" rel=\"noopener nofollow\"\n\t\t\tdata-full-res=\"https:\/\/scontent-waw2-2.cdninstagram.com\/v\/t39.30808-6\/665542873_1403278855171810_5153232735267288307_n.jpg?stp=dst-jpg_e35_tt6&#038;_nc_cat=107&#038;ccb=7-5&#038;_nc_sid=18de74&#038;efg=eyJlZmdfdGFnIjoiQ0FST1VTRUxfSVRFTS5iZXN0X2ltYWdlX3VybGdlbi5DMyJ9&#038;_nc_ohc=gZ5k2LVdSSQQ7kNvwH_S8nS&#038;_nc_oc=AdqYFBqWiksAzBjjOZ3jG8i8skAq9MkGEbqg3K9mG3GqXZDvxH-hoP3biSWOiKd0_KD14xQ_5FSAdfSiroj_VsWw&#038;_nc_zt=23&#038;_nc_ht=scontent-waw2-2.cdninstagram.com&#038;edm=ANo9K5cEAAAA&#038;_nc_gid=g_tmgkCIGWn-HqC29EaNUw&#038;_nc_tpa=Q5bMBQHjLBjg4Cl6LE91JC_67kOAtGWZnsq0CvfCRh0mOOIn8H2r5O516afK2rO4WPYR3fKOFwOWJBbhrw&#038;oh=00_Af0xx6H-DUaigFL4ikr76tVpEDKB-d9aJZwUnMOHuC2bbQ&#038;oe=69F65949\"\n\t\t\tdata-img-src-set=\"{&quot;d&quot;:&quot;https:\\\/\\\/scontent-waw2-2.cdninstagram.com\\\/v\\\/t39.30808-6\\\/665542873_1403278855171810_5153232735267288307_n.jpg?stp=dst-jpg_e35_tt6&amp;_nc_cat=107&amp;ccb=7-5&amp;_nc_sid=18de74&amp;efg=eyJlZmdfdGFnIjoiQ0FST1VTRUxfSVRFTS5iZXN0X2ltYWdlX3VybGdlbi5DMyJ9&amp;_nc_ohc=gZ5k2LVdSSQQ7kNvwH_S8nS&amp;_nc_oc=AdqYFBqWiksAzBjjOZ3jG8i8skAq9MkGEbqg3K9mG3GqXZDvxH-hoP3biSWOiKd0_KD14xQ_5FSAdfSiroj_VsWw&amp;_nc_zt=23&amp;_nc_ht=scontent-waw2-2.cdninstagram.com&amp;edm=ANo9K5cEAAAA&amp;_nc_gid=g_tmgkCIGWn-HqC29EaNUw&amp;_nc_tpa=Q5bMBQHjLBjg4Cl6LE91JC_67kOAtGWZnsq0CvfCRh0mOOIn8H2r5O516afK2rO4WPYR3fKOFwOWJBbhrw&amp;oh=00_Af0xx6H-DUaigFL4ikr76tVpEDKB-d9aJZwUnMOHuC2bbQ&amp;oe=69F65949&quot;,&quot;150&quot;:&quot;https:\\\/\\\/scontent-waw2-2.cdninstagram.com\\\/v\\\/t39.30808-6\\\/665542873_1403278855171810_5153232735267288307_n.jpg?stp=dst-jpg_e35_tt6&amp;_nc_cat=107&amp;ccb=7-5&amp;_nc_sid=18de74&amp;efg=eyJlZmdfdGFnIjoiQ0FST1VTRUxfSVRFTS5iZXN0X2ltYWdlX3VybGdlbi5DMyJ9&amp;_nc_ohc=gZ5k2LVdSSQQ7kNvwH_S8nS&amp;_nc_oc=AdqYFBqWiksAzBjjOZ3jG8i8skAq9MkGEbqg3K9mG3GqXZDvxH-hoP3biSWOiKd0_KD14xQ_5FSAdfSiroj_VsWw&amp;_nc_zt=23&amp;_nc_ht=scontent-waw2-2.cdninstagram.com&amp;edm=ANo9K5cEAAAA&amp;_nc_gid=g_tmgkCIGWn-HqC29EaNUw&amp;_nc_tpa=Q5bMBQHjLBjg4Cl6LE91JC_67kOAtGWZnsq0CvfCRh0mOOIn8H2r5O516afK2rO4WPYR3fKOFwOWJBbhrw&amp;oh=00_Af0xx6H-DUaigFL4ikr76tVpEDKB-d9aJZwUnMOHuC2bbQ&amp;oe=69F65949&quot;,&quot;320&quot;:&quot;https:\\\/\\\/scontent-waw2-2.cdninstagram.com\\\/v\\\/t39.30808-6\\\/665542873_1403278855171810_5153232735267288307_n.jpg?stp=dst-jpg_e35_tt6&amp;_nc_cat=107&amp;ccb=7-5&amp;_nc_sid=18de74&amp;efg=eyJlZmdfdGFnIjoiQ0FST1VTRUxfSVRFTS5iZXN0X2ltYWdlX3VybGdlbi5DMyJ9&amp;_nc_ohc=gZ5k2LVdSSQQ7kNvwH_S8nS&amp;_nc_oc=AdqYFBqWiksAzBjjOZ3jG8i8skAq9MkGEbqg3K9mG3GqXZDvxH-hoP3biSWOiKd0_KD14xQ_5FSAdfSiroj_VsWw&amp;_nc_zt=23&amp;_nc_ht=scontent-waw2-2.cdninstagram.com&amp;edm=ANo9K5cEAAAA&amp;_nc_gid=g_tmgkCIGWn-HqC29EaNUw&amp;_nc_tpa=Q5bMBQHjLBjg4Cl6LE91JC_67kOAtGWZnsq0CvfCRh0mOOIn8H2r5O516afK2rO4WPYR3fKOFwOWJBbhrw&amp;oh=00_Af0xx6H-DUaigFL4ikr76tVpEDKB-d9aJZwUnMOHuC2bbQ&amp;oe=69F65949&quot;,&quot;640&quot;:&quot;https:\\\/\\\/scontent-waw2-2.cdninstagram.com\\\/v\\\/t39.30808-6\\\/665542873_1403278855171810_5153232735267288307_n.jpg?stp=dst-jpg_e35_tt6&amp;_nc_cat=107&amp;ccb=7-5&amp;_nc_sid=18de74&amp;efg=eyJlZmdfdGFnIjoiQ0FST1VTRUxfSVRFTS5iZXN0X2ltYWdlX3VybGdlbi5DMyJ9&amp;_nc_ohc=gZ5k2LVdSSQQ7kNvwH_S8nS&amp;_nc_oc=AdqYFBqWiksAzBjjOZ3jG8i8skAq9MkGEbqg3K9mG3GqXZDvxH-hoP3biSWOiKd0_KD14xQ_5FSAdfSiroj_VsWw&amp;_nc_zt=23&amp;_nc_ht=scontent-waw2-2.cdninstagram.com&amp;edm=ANo9K5cEAAAA&amp;_nc_gid=g_tmgkCIGWn-HqC29EaNUw&amp;_nc_tpa=Q5bMBQHjLBjg4Cl6LE91JC_67kOAtGWZnsq0CvfCRh0mOOIn8H2r5O516afK2rO4WPYR3fKOFwOWJBbhrw&amp;oh=00_Af0xx6H-DUaigFL4ikr76tVpEDKB-d9aJZwUnMOHuC2bbQ&amp;oe=69F65949&quot;}\">\n\t\t\t<span class=\"sbi-screenreader\">\ud83d\udccd La Polonia \u00e8 una meta ideale per chi cerca una v<\/span>\n\t\t\t<svg class=\"svg-inline--fa fa-clone fa-w-16 sbi_lightbox_carousel_icon\" aria-hidden=\"true\" aria-label=\"Clone\" data-fa-pro\u0192cessed=\"\" data-prefix=\"far\" data-icon=\"clone\" role=\"img\" xmlns=\"http:\/\/www.w3.org\/2000\/svg\" viewBox=\"0 0 512 512\">\n                    <path fill=\"currentColor\" d=\"M464 0H144c-26.51 0-48 21.49-48 48v48H48c-26.51 0-48 21.49-48 48v320c0 26.51 21.49 48 48 48h320c26.51 0 48-21.49 48-48v-48h48c26.51 0 48-21.49 48-48V48c0-26.51-21.49-48-48-48zM362 464H54a6 6 0 0 1-6-6V150a6 6 0 0 1 6-6h42v224c0 26.51 21.49 48 48 48h224v42a6 6 0 0 1-6 6zm96-96H150a6 6 0 0 1-6-6V54a6 6 0 0 1 6-6h308a6 6 0 0 1 6 6v308a6 6 0 0 1-6 6z\"><\/path>\n                <\/svg>\t\t\t\t\t\t<img decoding=\"async\" src=\"https:\/\/www.polonia.travel\/it\/wp-content\/plugins\/instagram-feed\/img\/placeholder.png\" alt=\"\ud83d\udccd La Polonia \u00e8 una meta ideale per chi cerca una vacanza all\u2019insegna della disconnessione!\n\nImmaginate di potervi lasciare alle spalle la solita routine, per dedicarvi ad un contatto pi\u00f9 profondo con la natura, mettendovi in ascolto del silenzio e dei suoni delle foreste, delle valli e dei sentieri\u2026 provate l\u2019eccellenza dell\u2019ospitalit\u00e0 polacca in luoghi insoliti e incontaminati!\n\n\ud83c\udf3b Ad accogliervi, in tutto il Paese, troverete agriturismi immersi nella natura, eco-lodge e guesthouse perfetti per chi desidera rallentare!\n\nSoggiornando in questi luoghi incantevoli e spesso volutamente privi di Wi-Fi, il tempo si dilata e offre un contatto genuino e sincero con la terra e gli elementi: potrete riscoprire un modo di vivere pi\u00f9 essenziale e riflessivo, ritrovando calma e presenza.\n\n\ud83c\udf33 Nessuna fretta o distrazione, solo il verde degli alberi che entra dalle finestre come una carezza mattutina, il profumo del sottobosco e un\u2019esperienza diversa dal solito, che attende solo di essere vissuta!\n\n\ud83c\udf43 Soggiornando nella natura avrete la possibilit\u00e0 di godere di uno stile di vita pi\u00f9 semplice e tranquillo, \u201cproprio come la gente del posto\u201d: in alcune localit\u00e0 di campagna, se lo desiderate, potrete anche sperimentare in prima persona la vita in fattoria, o cimentarvi nella preparazione di prelibatezze locali\u2026 le lancette seguiranno solo il ritmo lento della natura!\n\n\ud83d\udcf7 Ph. n1 Zio\u0142owy Zak\u0105tek w Korycinach Ph. n2 \u0141ubinowe Wzg\u00f3rze  @lubelskie_travel Ph. n4 @region_puszczy_bialowieskiej_Basia Szmydt\n\n#PoloniaDaRecord #poloniatravel #visitpoland #polonia #polska #poland #travelinspiration #viaggiareineuropa #slowtourism #naturalovers #outdoorlovers #benessere\" aria-hidden=\"true\">\n\t\t<\/a>\n\t<\/div>\n<\/div><div class=\"sbi_item sbi_type_carousel sbi_new sbi_transition\"\n\tid=\"sbi_18096810839046296\" data-date=\"1776067259\">\n\t<div class=\"sbi_photo_wrap\">\n\t\t<a class=\"sbi_photo\" href=\"https:\/\/www.instagram.com\/p\/DXEHsl3ESTk\/\" target=\"_blank\" rel=\"noopener nofollow\"\n\t\t\tdata-full-res=\"https:\/\/scontent-waw2-1.cdninstagram.com\/v\/t39.30808-6\/662329741_1403248651841497_6363772185351462583_n.jpg?stp=dst-jpg_e35_tt6&#038;_nc_cat=111&#038;ccb=7-5&#038;_nc_sid=18de74&#038;efg=eyJlZmdfdGFnIjoiQ0FST1VTRUxfSVRFTS5iZXN0X2ltYWdlX3VybGdlbi5DMyJ9&#038;_nc_ohc=PMgW4RE04R8Q7kNvwGGA5Al&#038;_nc_oc=Adqcmbd_1C98ty5yGXtxhW04RgHGwaGxitkXKXygALsuEmLb3J6PzMxAcWHpjuhpld2FEyYwd6F0YHggk0Qkw2Ui&#038;_nc_zt=23&#038;_nc_ht=scontent-waw2-1.cdninstagram.com&#038;edm=ANo9K5cEAAAA&#038;_nc_gid=g_tmgkCIGWn-HqC29EaNUw&#038;_nc_tpa=Q5bMBQH1BJxDTUYE9qhtjlV3vC5-5MnU2YdJ_AD_w2POER482jYWJoHOZr2WZme_TXR-8Lukh_ttU8BvrA&#038;oh=00_Af2rv9gDKuScQXsNF8m47oE6Qv27cjwEDozn3pPzDCnfKA&#038;oe=69F663EF\"\n\t\t\tdata-img-src-set=\"{&quot;d&quot;:&quot;https:\\\/\\\/scontent-waw2-1.cdninstagram.com\\\/v\\\/t39.30808-6\\\/662329741_1403248651841497_6363772185351462583_n.jpg?stp=dst-jpg_e35_tt6&amp;_nc_cat=111&amp;ccb=7-5&amp;_nc_sid=18de74&amp;efg=eyJlZmdfdGFnIjoiQ0FST1VTRUxfSVRFTS5iZXN0X2ltYWdlX3VybGdlbi5DMyJ9&amp;_nc_ohc=PMgW4RE04R8Q7kNvwGGA5Al&amp;_nc_oc=Adqcmbd_1C98ty5yGXtxhW04RgHGwaGxitkXKXygALsuEmLb3J6PzMxAcWHpjuhpld2FEyYwd6F0YHggk0Qkw2Ui&amp;_nc_zt=23&amp;_nc_ht=scontent-waw2-1.cdninstagram.com&amp;edm=ANo9K5cEAAAA&amp;_nc_gid=g_tmgkCIGWn-HqC29EaNUw&amp;_nc_tpa=Q5bMBQH1BJxDTUYE9qhtjlV3vC5-5MnU2YdJ_AD_w2POER482jYWJoHOZr2WZme_TXR-8Lukh_ttU8BvrA&amp;oh=00_Af2rv9gDKuScQXsNF8m47oE6Qv27cjwEDozn3pPzDCnfKA&amp;oe=69F663EF&quot;,&quot;150&quot;:&quot;https:\\\/\\\/scontent-waw2-1.cdninstagram.com\\\/v\\\/t39.30808-6\\\/662329741_1403248651841497_6363772185351462583_n.jpg?stp=dst-jpg_e35_tt6&amp;_nc_cat=111&amp;ccb=7-5&amp;_nc_sid=18de74&amp;efg=eyJlZmdfdGFnIjoiQ0FST1VTRUxfSVRFTS5iZXN0X2ltYWdlX3VybGdlbi5DMyJ9&amp;_nc_ohc=PMgW4RE04R8Q7kNvwGGA5Al&amp;_nc_oc=Adqcmbd_1C98ty5yGXtxhW04RgHGwaGxitkXKXygALsuEmLb3J6PzMxAcWHpjuhpld2FEyYwd6F0YHggk0Qkw2Ui&amp;_nc_zt=23&amp;_nc_ht=scontent-waw2-1.cdninstagram.com&amp;edm=ANo9K5cEAAAA&amp;_nc_gid=g_tmgkCIGWn-HqC29EaNUw&amp;_nc_tpa=Q5bMBQH1BJxDTUYE9qhtjlV3vC5-5MnU2YdJ_AD_w2POER482jYWJoHOZr2WZme_TXR-8Lukh_ttU8BvrA&amp;oh=00_Af2rv9gDKuScQXsNF8m47oE6Qv27cjwEDozn3pPzDCnfKA&amp;oe=69F663EF&quot;,&quot;320&quot;:&quot;https:\\\/\\\/scontent-waw2-1.cdninstagram.com\\\/v\\\/t39.30808-6\\\/662329741_1403248651841497_6363772185351462583_n.jpg?stp=dst-jpg_e35_tt6&amp;_nc_cat=111&amp;ccb=7-5&amp;_nc_sid=18de74&amp;efg=eyJlZmdfdGFnIjoiQ0FST1VTRUxfSVRFTS5iZXN0X2ltYWdlX3VybGdlbi5DMyJ9&amp;_nc_ohc=PMgW4RE04R8Q7kNvwGGA5Al&amp;_nc_oc=Adqcmbd_1C98ty5yGXtxhW04RgHGwaGxitkXKXygALsuEmLb3J6PzMxAcWHpjuhpld2FEyYwd6F0YHggk0Qkw2Ui&amp;_nc_zt=23&amp;_nc_ht=scontent-waw2-1.cdninstagram.com&amp;edm=ANo9K5cEAAAA&amp;_nc_gid=g_tmgkCIGWn-HqC29EaNUw&amp;_nc_tpa=Q5bMBQH1BJxDTUYE9qhtjlV3vC5-5MnU2YdJ_AD_w2POER482jYWJoHOZr2WZme_TXR-8Lukh_ttU8BvrA&amp;oh=00_Af2rv9gDKuScQXsNF8m47oE6Qv27cjwEDozn3pPzDCnfKA&amp;oe=69F663EF&quot;,&quot;640&quot;:&quot;https:\\\/\\\/scontent-waw2-1.cdninstagram.com\\\/v\\\/t39.30808-6\\\/662329741_1403248651841497_6363772185351462583_n.jpg?stp=dst-jpg_e35_tt6&amp;_nc_cat=111&amp;ccb=7-5&amp;_nc_sid=18de74&amp;efg=eyJlZmdfdGFnIjoiQ0FST1VTRUxfSVRFTS5iZXN0X2ltYWdlX3VybGdlbi5DMyJ9&amp;_nc_ohc=PMgW4RE04R8Q7kNvwGGA5Al&amp;_nc_oc=Adqcmbd_1C98ty5yGXtxhW04RgHGwaGxitkXKXygALsuEmLb3J6PzMxAcWHpjuhpld2FEyYwd6F0YHggk0Qkw2Ui&amp;_nc_zt=23&amp;_nc_ht=scontent-waw2-1.cdninstagram.com&amp;edm=ANo9K5cEAAAA&amp;_nc_gid=g_tmgkCIGWn-HqC29EaNUw&amp;_nc_tpa=Q5bMBQH1BJxDTUYE9qhtjlV3vC5-5MnU2YdJ_AD_w2POER482jYWJoHOZr2WZme_TXR-8Lukh_ttU8BvrA&amp;oh=00_Af2rv9gDKuScQXsNF8m47oE6Qv27cjwEDozn3pPzDCnfKA&amp;oe=69F663EF&quot;}\">\n\t\t\t<span class=\"sbi-screenreader\">Siete in cerca di un luogo dove rallentare intenzi<\/span>\n\t\t\t<svg class=\"svg-inline--fa fa-clone fa-w-16 sbi_lightbox_carousel_icon\" aria-hidden=\"true\" aria-label=\"Clone\" data-fa-pro\u0192cessed=\"\" data-prefix=\"far\" data-icon=\"clone\" role=\"img\" xmlns=\"http:\/\/www.w3.org\/2000\/svg\" viewBox=\"0 0 512 512\">\n                    <path fill=\"currentColor\" d=\"M464 0H144c-26.51 0-48 21.49-48 48v48H48c-26.51 0-48 21.49-48 48v320c0 26.51 21.49 48 48 48h320c26.51 0 48-21.49 48-48v-48h48c26.51 0 48-21.49 48-48V48c0-26.51-21.49-48-48-48zM362 464H54a6 6 0 0 1-6-6V150a6 6 0 0 1 6-6h42v224c0 26.51 21.49 48 48 48h224v42a6 6 0 0 1-6 6zm96-96H150a6 6 0 0 1-6-6V54a6 6 0 0 1 6-6h308a6 6 0 0 1 6 6v308a6 6 0 0 1-6 6z\"><\/path>\n                <\/svg>\t\t\t\t\t\t<img decoding=\"async\" src=\"https:\/\/www.polonia.travel\/it\/wp-content\/plugins\/instagram-feed\/img\/placeholder.png\" alt=\"Siete in cerca di un luogo dove rallentare intenzionalmente, godendo di meravigliosi panorami mentre vi rilassate? Abbandonatevi alle coccole benefiche del wellness in Polonia!\n\n\ud83d\udca7 Tra le eccellenze che curano anima e corpo, il rapporto con l\u2019acqua \u00e8 uno dei pilastri del benessere polacco. Dai centri termali alle spa immerse nel verde, il tempo qui scorre lento tra vapori, immersioni rigeneranti e pause consapevoli.\n\n\ud83c\udf43 Tra le montagne del sud, nei dintorni dell\u2019incantevole citt\u00e0 di Zakopane, le terme, come quelle di Chocho\u0142owskie, si inseriscono in un contesto naturale spettacolare, dove il relax \u00e8 celebrato come un momento tutto per s\u00e9.\n\n\ud83d\udccd In Bassa Slesia il benessere ha radici profonde e potrete trovare una moltitudine di luoghi dedicati al relax e allo star bene, mentre al nord, tra Varmia e Masuria e Pomerania, l\u2019acqua diventa protagonista del wellness tra laghi, mare e splendide spa, che offrono numerosi trattamenti ispirati agli elementi naturali.\n\nIn tutta la Polonia troverete l\u2019opzione che meglio si adatta alla vostra idea di relax, per vivere esperienze distensive, che fanno bene alla mente e al corpo, ritrovando un tempo che scorre ad un ritmo solo vostro!\n\nAvete mai sperimentato il benessere acquatico in Polonia?\n\n\ud83d\udc49\ud83c\udffb Fatecelo sapere nei commenti!\n\n\ud83d\udcf7 Ph. n1 arch. Termy Chocho\u0142owskie Ph. n4 \u0141ubinowe Wzg\u00f3rze @lubelskie_travel\n\n#PoloniaDaRecord #poloniatravel #visitpoland #polonia #polska #poland #travelineurope #travelideas #traveltips #benessere #spaandwellness #wellnesstips #travelinspirations\" aria-hidden=\"true\">\n\t\t<\/a>\n\t<\/div>\n<\/div><div class=\"sbi_item sbi_type_image sbi_new sbi_transition\"\n\tid=\"sbi_18081919802622265\" data-date=\"1775894420\">\n\t<div class=\"sbi_photo_wrap\">\n\t\t<a class=\"sbi_photo\" href=\"https:\/\/www.instagram.com\/p\/DW--B_aAKaH\/\" target=\"_blank\" rel=\"noopener nofollow\"\n\t\t\tdata-full-res=\"https:\/\/scontent-waw2-1.cdninstagram.com\/v\/t39.30808-6\/668123312_1403236261842736_7464727742424224164_n.jpg?stp=dst-jpg_e35_tt6&#038;_nc_cat=108&#038;ccb=7-5&#038;_nc_sid=18de74&#038;efg=eyJlZmdfdGFnIjoiRkVFRC5iZXN0X2ltYWdlX3VybGdlbi5DMyJ9&#038;_nc_ohc=CdFmh9o3ge4Q7kNvwFvCZ_v&#038;_nc_oc=AdrmHwo41AaRHH1BxamqU9X8vv6uWCiq6Mp7qKhGgcx5GimcblDhtcKmYz_ONM7x6WReub9m5tdDehxy4x9uYIKW&#038;_nc_zt=23&#038;_nc_ht=scontent-waw2-1.cdninstagram.com&#038;edm=ANo9K5cEAAAA&#038;_nc_gid=g_tmgkCIGWn-HqC29EaNUw&#038;_nc_tpa=Q5bMBQGNf8refsXil6LyvOWLCd0agqmDwDRJ3Zk13stUhXVq4FKJnVLqOtoY64l5F-papL7xsSHwtVgnpQ&#038;oh=00_Af0hseBHZEOmj4A1BEazcNOKCUpKeGJKam_6XRy9Upvpew&#038;oe=69F660A4\"\n\t\t\tdata-img-src-set=\"{&quot;d&quot;:&quot;https:\\\/\\\/scontent-waw2-1.cdninstagram.com\\\/v\\\/t39.30808-6\\\/668123312_1403236261842736_7464727742424224164_n.jpg?stp=dst-jpg_e35_tt6&amp;_nc_cat=108&amp;ccb=7-5&amp;_nc_sid=18de74&amp;efg=eyJlZmdfdGFnIjoiRkVFRC5iZXN0X2ltYWdlX3VybGdlbi5DMyJ9&amp;_nc_ohc=CdFmh9o3ge4Q7kNvwFvCZ_v&amp;_nc_oc=AdrmHwo41AaRHH1BxamqU9X8vv6uWCiq6Mp7qKhGgcx5GimcblDhtcKmYz_ONM7x6WReub9m5tdDehxy4x9uYIKW&amp;_nc_zt=23&amp;_nc_ht=scontent-waw2-1.cdninstagram.com&amp;edm=ANo9K5cEAAAA&amp;_nc_gid=g_tmgkCIGWn-HqC29EaNUw&amp;_nc_tpa=Q5bMBQGNf8refsXil6LyvOWLCd0agqmDwDRJ3Zk13stUhXVq4FKJnVLqOtoY64l5F-papL7xsSHwtVgnpQ&amp;oh=00_Af0hseBHZEOmj4A1BEazcNOKCUpKeGJKam_6XRy9Upvpew&amp;oe=69F660A4&quot;,&quot;150&quot;:&quot;https:\\\/\\\/scontent-waw2-1.cdninstagram.com\\\/v\\\/t39.30808-6\\\/668123312_1403236261842736_7464727742424224164_n.jpg?stp=dst-jpg_e35_tt6&amp;_nc_cat=108&amp;ccb=7-5&amp;_nc_sid=18de74&amp;efg=eyJlZmdfdGFnIjoiRkVFRC5iZXN0X2ltYWdlX3VybGdlbi5DMyJ9&amp;_nc_ohc=CdFmh9o3ge4Q7kNvwFvCZ_v&amp;_nc_oc=AdrmHwo41AaRHH1BxamqU9X8vv6uWCiq6Mp7qKhGgcx5GimcblDhtcKmYz_ONM7x6WReub9m5tdDehxy4x9uYIKW&amp;_nc_zt=23&amp;_nc_ht=scontent-waw2-1.cdninstagram.com&amp;edm=ANo9K5cEAAAA&amp;_nc_gid=g_tmgkCIGWn-HqC29EaNUw&amp;_nc_tpa=Q5bMBQGNf8refsXil6LyvOWLCd0agqmDwDRJ3Zk13stUhXVq4FKJnVLqOtoY64l5F-papL7xsSHwtVgnpQ&amp;oh=00_Af0hseBHZEOmj4A1BEazcNOKCUpKeGJKam_6XRy9Upvpew&amp;oe=69F660A4&quot;,&quot;320&quot;:&quot;https:\\\/\\\/scontent-waw2-1.cdninstagram.com\\\/v\\\/t39.30808-6\\\/668123312_1403236261842736_7464727742424224164_n.jpg?stp=dst-jpg_e35_tt6&amp;_nc_cat=108&amp;ccb=7-5&amp;_nc_sid=18de74&amp;efg=eyJlZmdfdGFnIjoiRkVFRC5iZXN0X2ltYWdlX3VybGdlbi5DMyJ9&amp;_nc_ohc=CdFmh9o3ge4Q7kNvwFvCZ_v&amp;_nc_oc=AdrmHwo41AaRHH1BxamqU9X8vv6uWCiq6Mp7qKhGgcx5GimcblDhtcKmYz_ONM7x6WReub9m5tdDehxy4x9uYIKW&amp;_nc_zt=23&amp;_nc_ht=scontent-waw2-1.cdninstagram.com&amp;edm=ANo9K5cEAAAA&amp;_nc_gid=g_tmgkCIGWn-HqC29EaNUw&amp;_nc_tpa=Q5bMBQGNf8refsXil6LyvOWLCd0agqmDwDRJ3Zk13stUhXVq4FKJnVLqOtoY64l5F-papL7xsSHwtVgnpQ&amp;oh=00_Af0hseBHZEOmj4A1BEazcNOKCUpKeGJKam_6XRy9Upvpew&amp;oe=69F660A4&quot;,&quot;640&quot;:&quot;https:\\\/\\\/scontent-waw2-1.cdninstagram.com\\\/v\\\/t39.30808-6\\\/668123312_1403236261842736_7464727742424224164_n.jpg?stp=dst-jpg_e35_tt6&amp;_nc_cat=108&amp;ccb=7-5&amp;_nc_sid=18de74&amp;efg=eyJlZmdfdGFnIjoiRkVFRC5iZXN0X2ltYWdlX3VybGdlbi5DMyJ9&amp;_nc_ohc=CdFmh9o3ge4Q7kNvwFvCZ_v&amp;_nc_oc=AdrmHwo41AaRHH1BxamqU9X8vv6uWCiq6Mp7qKhGgcx5GimcblDhtcKmYz_ONM7x6WReub9m5tdDehxy4x9uYIKW&amp;_nc_zt=23&amp;_nc_ht=scontent-waw2-1.cdninstagram.com&amp;edm=ANo9K5cEAAAA&amp;_nc_gid=g_tmgkCIGWn-HqC29EaNUw&amp;_nc_tpa=Q5bMBQGNf8refsXil6LyvOWLCd0agqmDwDRJ3Zk13stUhXVq4FKJnVLqOtoY64l5F-papL7xsSHwtVgnpQ&amp;oh=00_Af0hseBHZEOmj4A1BEazcNOKCUpKeGJKam_6XRy9Upvpew&amp;oe=69F660A4&quot;}\">\n\t\t\t<span class=\"sbi-screenreader\">Immaginate di poter vivere un weekend lungo o una <\/span>\n\t\t\t\t\t\t\t\t\t<img decoding=\"async\" src=\"https:\/\/www.polonia.travel\/it\/wp-content\/plugins\/instagram-feed\/img\/placeholder.png\" alt=\"Immaginate di poter vivere un weekend lungo o una vacanza pi\u00f9 lunga in un luogo dove il tempo scorre diversamente: ritmi lenti, paesaggi da fiaba, una natura incontaminata, piccoli borghi accoglienti e citt\u00e0 slow, dove godere di un tempo che \u201cci serve\u201d, per ricaricarsi e lasciarsi coccolare, immergendosi in attivit\u00e0 ed esperienze uniche. \n\n\ud83d\udccd La Polonia offre ai suoi visitatori tantissime soluzioni per concedersi un tempo fatto di lentezza, benessere e slow life. \n\nDalle numerose proposte wellness, con le spa e i centri termali situati nel cuore della natura polacca o nelle splendide citt\u00e0 del Paese, fino alle esperienze a contatto con il territorio, magari soggiornando tra incantevoli agriturismi e sistemazioni free Wi-Fi, dove disconnettersi da tutto.\n\n\ud83c\udf33 Il profumo del bosco, i suoni della natura e una riconnessione che fa bene all\u2019anima.\n\n\u23f3 Le lancette scorrono diversamente anche nelle citt\u00e0, dove \u00e8 possibile sperimentare un tempo di benessere anche attraverso esperienze lente, come lo yoga nei parchi o sulle terrazze panoramiche dei grattacieli, le saune gratuite, come quella di Varsavia, affacciata sulla Vistola, o il cicloturismo, che permette di esplorare godendosi la tranquillit\u00e0 dell\u2019esplorazione, con il sole sulle pelle e l\u2019aria fresca che accarezza il viso.\n\n\ud83d\udc49\ud83c\udffb In Polonia troverete l\u2019opzione di viaggio pi\u00f9 giusta per voi, sia che si tratti di coccole al corpo e allo spirito, come massaggi, trattamenti rilassanti e un\u2019immersione nelle acque termali ricche di benefici, sia che preferiate godervi un momento solo per voi, a contatto con un ritmo di viaggio pi\u00f9 lento, mentre esplorate alcune gemme naturali o culturali!\n\n\ud83c\udf38 Dimenticate lo stress e godetevi invece un tempo curativo, che offre calma, benessere e serenit\u00e0!\n\nVi piacerebbe scoprire le migliori esperienze wellness e slow in Polonia?\n\n#PoloniaDaRecord #poloniatravel #visitpoland #polonia #polska #poland #travelineurope #travelinspirations #shortbreaks #benessere #wellnesslifestyle #natura\" aria-hidden=\"true\">\n\t\t<\/a>\n\t<\/div>\n<\/div><div class=\"sbi_item sbi_type_carousel sbi_new sbi_transition\"\n\tid=\"sbi_18003722018911989\" data-date=\"1775721690\">\n\t<div class=\"sbi_photo_wrap\">\n\t\t<a class=\"sbi_photo\" href=\"https:\/\/www.instagram.com\/p\/DW50k9-gb5C\/\" target=\"_blank\" rel=\"noopener nofollow\"\n\t\t\tdata-full-res=\"https:\/\/scontent-waw2-2.cdninstagram.com\/v\/t39.30808-6\/660443168_1398929538940075_1683467176811673700_n.jpg?stp=dst-jpg_e35_tt6&#038;_nc_cat=107&#038;ccb=7-5&#038;_nc_sid=18de74&#038;efg=eyJlZmdfdGFnIjoiQ0FST1VTRUxfSVRFTS5iZXN0X2ltYWdlX3VybGdlbi5DMyJ9&#038;_nc_ohc=COvU5iwPPEAQ7kNvwGgOj0j&#038;_nc_oc=AdrwPQ_ebxfo79CYZ6GfwExnWa58GyCGbbDYwPbxpVjs-xm_1Pj0LRNaz5e-gohVQmoxRwHqA9H5kkCbjJ1m_xsX&#038;_nc_zt=23&#038;_nc_ht=scontent-waw2-2.cdninstagram.com&#038;edm=ANo9K5cEAAAA&#038;_nc_gid=g_tmgkCIGWn-HqC29EaNUw&#038;_nc_tpa=Q5bMBQFxEL-5nZnFf6D19rD7tBOuCj4SUzZ6KPE0fpoiA7bUCL_jz2q1QhmZCl8tyR0Ikaj-ORAu_AZGbQ&#038;oh=00_Af2UWwc04BD5hidjqxHh7J8xoXqRplYM3iDAGCVU8M_OFw&#038;oe=69F6815A\"\n\t\t\tdata-img-src-set=\"{&quot;d&quot;:&quot;https:\\\/\\\/scontent-waw2-2.cdninstagram.com\\\/v\\\/t39.30808-6\\\/660443168_1398929538940075_1683467176811673700_n.jpg?stp=dst-jpg_e35_tt6&amp;_nc_cat=107&amp;ccb=7-5&amp;_nc_sid=18de74&amp;efg=eyJlZmdfdGFnIjoiQ0FST1VTRUxfSVRFTS5iZXN0X2ltYWdlX3VybGdlbi5DMyJ9&amp;_nc_ohc=COvU5iwPPEAQ7kNvwGgOj0j&amp;_nc_oc=AdrwPQ_ebxfo79CYZ6GfwExnWa58GyCGbbDYwPbxpVjs-xm_1Pj0LRNaz5e-gohVQmoxRwHqA9H5kkCbjJ1m_xsX&amp;_nc_zt=23&amp;_nc_ht=scontent-waw2-2.cdninstagram.com&amp;edm=ANo9K5cEAAAA&amp;_nc_gid=g_tmgkCIGWn-HqC29EaNUw&amp;_nc_tpa=Q5bMBQFxEL-5nZnFf6D19rD7tBOuCj4SUzZ6KPE0fpoiA7bUCL_jz2q1QhmZCl8tyR0Ikaj-ORAu_AZGbQ&amp;oh=00_Af2UWwc04BD5hidjqxHh7J8xoXqRplYM3iDAGCVU8M_OFw&amp;oe=69F6815A&quot;,&quot;150&quot;:&quot;https:\\\/\\\/scontent-waw2-2.cdninstagram.com\\\/v\\\/t39.30808-6\\\/660443168_1398929538940075_1683467176811673700_n.jpg?stp=dst-jpg_e35_tt6&amp;_nc_cat=107&amp;ccb=7-5&amp;_nc_sid=18de74&amp;efg=eyJlZmdfdGFnIjoiQ0FST1VTRUxfSVRFTS5iZXN0X2ltYWdlX3VybGdlbi5DMyJ9&amp;_nc_ohc=COvU5iwPPEAQ7kNvwGgOj0j&amp;_nc_oc=AdrwPQ_ebxfo79CYZ6GfwExnWa58GyCGbbDYwPbxpVjs-xm_1Pj0LRNaz5e-gohVQmoxRwHqA9H5kkCbjJ1m_xsX&amp;_nc_zt=23&amp;_nc_ht=scontent-waw2-2.cdninstagram.com&amp;edm=ANo9K5cEAAAA&amp;_nc_gid=g_tmgkCIGWn-HqC29EaNUw&amp;_nc_tpa=Q5bMBQFxEL-5nZnFf6D19rD7tBOuCj4SUzZ6KPE0fpoiA7bUCL_jz2q1QhmZCl8tyR0Ikaj-ORAu_AZGbQ&amp;oh=00_Af2UWwc04BD5hidjqxHh7J8xoXqRplYM3iDAGCVU8M_OFw&amp;oe=69F6815A&quot;,&quot;320&quot;:&quot;https:\\\/\\\/scontent-waw2-2.cdninstagram.com\\\/v\\\/t39.30808-6\\\/660443168_1398929538940075_1683467176811673700_n.jpg?stp=dst-jpg_e35_tt6&amp;_nc_cat=107&amp;ccb=7-5&amp;_nc_sid=18de74&amp;efg=eyJlZmdfdGFnIjoiQ0FST1VTRUxfSVRFTS5iZXN0X2ltYWdlX3VybGdlbi5DMyJ9&amp;_nc_ohc=COvU5iwPPEAQ7kNvwGgOj0j&amp;_nc_oc=AdrwPQ_ebxfo79CYZ6GfwExnWa58GyCGbbDYwPbxpVjs-xm_1Pj0LRNaz5e-gohVQmoxRwHqA9H5kkCbjJ1m_xsX&amp;_nc_zt=23&amp;_nc_ht=scontent-waw2-2.cdninstagram.com&amp;edm=ANo9K5cEAAAA&amp;_nc_gid=g_tmgkCIGWn-HqC29EaNUw&amp;_nc_tpa=Q5bMBQFxEL-5nZnFf6D19rD7tBOuCj4SUzZ6KPE0fpoiA7bUCL_jz2q1QhmZCl8tyR0Ikaj-ORAu_AZGbQ&amp;oh=00_Af2UWwc04BD5hidjqxHh7J8xoXqRplYM3iDAGCVU8M_OFw&amp;oe=69F6815A&quot;,&quot;640&quot;:&quot;https:\\\/\\\/scontent-waw2-2.cdninstagram.com\\\/v\\\/t39.30808-6\\\/660443168_1398929538940075_1683467176811673700_n.jpg?stp=dst-jpg_e35_tt6&amp;_nc_cat=107&amp;ccb=7-5&amp;_nc_sid=18de74&amp;efg=eyJlZmdfdGFnIjoiQ0FST1VTRUxfSVRFTS5iZXN0X2ltYWdlX3VybGdlbi5DMyJ9&amp;_nc_ohc=COvU5iwPPEAQ7kNvwGgOj0j&amp;_nc_oc=AdrwPQ_ebxfo79CYZ6GfwExnWa58GyCGbbDYwPbxpVjs-xm_1Pj0LRNaz5e-gohVQmoxRwHqA9H5kkCbjJ1m_xsX&amp;_nc_zt=23&amp;_nc_ht=scontent-waw2-2.cdninstagram.com&amp;edm=ANo9K5cEAAAA&amp;_nc_gid=g_tmgkCIGWn-HqC29EaNUw&amp;_nc_tpa=Q5bMBQFxEL-5nZnFf6D19rD7tBOuCj4SUzZ6KPE0fpoiA7bUCL_jz2q1QhmZCl8tyR0Ikaj-ORAu_AZGbQ&amp;oh=00_Af2UWwc04BD5hidjqxHh7J8xoXqRplYM3iDAGCVU8M_OFw&amp;oe=69F6815A&quot;}\">\n\t\t\t<span class=\"sbi-screenreader\">Sapevate che in Polonia le leggende popolari diven<\/span>\n\t\t\t<svg class=\"svg-inline--fa fa-clone fa-w-16 sbi_lightbox_carousel_icon\" aria-hidden=\"true\" aria-label=\"Clone\" data-fa-pro\u0192cessed=\"\" data-prefix=\"far\" data-icon=\"clone\" role=\"img\" xmlns=\"http:\/\/www.w3.org\/2000\/svg\" viewBox=\"0 0 512 512\">\n                    <path fill=\"currentColor\" d=\"M464 0H144c-26.51 0-48 21.49-48 48v48H48c-26.51 0-48 21.49-48 48v320c0 26.51 21.49 48 48 48h320c26.51 0 48-21.49 48-48v-48h48c26.51 0 48-21.49 48-48V48c0-26.51-21.49-48-48-48zM362 464H54a6 6 0 0 1-6-6V150a6 6 0 0 1 6-6h42v224c0 26.51 21.49 48 48 48h224v42a6 6 0 0 1-6 6zm96-96H150a6 6 0 0 1-6-6V54a6 6 0 0 1 6-6h308a6 6 0 0 1 6 6v308a6 6 0 0 1-6 6z\"><\/path>\n                <\/svg>\t\t\t\t\t\t<img decoding=\"async\" src=\"https:\/\/www.polonia.travel\/it\/wp-content\/plugins\/instagram-feed\/img\/placeholder.png\" alt=\"Sapevate che in Polonia le leggende popolari diventano vere e proprie esperienze?\n\n\u23f3 La parola leggenda potrebbe erroneamente rimandare ad un tempo lontano, quello dei racconti tramandato per secoli. In Polonia per\u00f2, le leggende sono pi\u00f9 vive che mai\u2026 venite a scoprirlo voi stessi!\n\nLa Sirena di Varsavia, divenuta protettrice della citt\u00e0, oggi \u00e8 un autentico simbolo della capitale e rivive non solo nel centro storico, ma anche lungo la Vistola, nascosta nelle insegne o tra le mura della capitale: mentre siete a Varsavia, divertitevi a cercarla! Non solo trascorrete un tempo di qualit\u00e0, ma vi imbatterete anche in diversi #mustvisit della citt\u00e0!\n\n\ud83d\udc10 I capretti che si scontrano sul celebre orologio del Municipio di Poznan, sfuggiti, secondo il racconto, ad un cuoco che voleva servirli durante un prestigioso banchetto, prendono vita allo scoccare di ogni ora, mentre la folla li ammira dalla piazza con il naso all\u2019ins\u00f9.\n\n\ud83d\udc49\ud83c\udffb Il temibile drago del Wawel di Cracovia, che si dice terrorizzasse la citt\u00e0 finch\u00e9 non fu sconfitto dal coraggioso sarto del Paese, oggi rivive grazie all\u2019iconica statua proprio a ridosso del Castello, ma anche in moltissimi angoli della citt\u00e0, per la gioia di grandi e piccini! \n\nSempre a Cracovia troviamo il folkloristico Lajkonik, un Comandante Tataro a cavallo, che, accompagnato dalla musica, percorre le vie della citt\u00e0 fino alla Piazza del Mercato e \u201ccolpisce\u201d delicatamente il pubblico con la sua mazza, come simbolo di buona sorte e prosperit\u00e0!\n\n\ud83d\udccd In Polonia le tradizioni e le leggende sfidano il tempo: attraversano i secoli e si fanno custodi di esperienze da vivere, regalandoci un\u2019eredit\u00e0 inestimabile, un\u2019eccellenza che continua a parlare al presente, anno dopo anno!\n\nScoprite di pi\u00f9 sulle leggende popolari e diteci nei commenti qual \u00e8 la vostra preferita: \u27a1\ufe0f Link in bio!\n\n\ud83d\udcf7 Ph. n1 e n3 @malopolska_mot\n\n#PoloniaDaRecord #poloniatravel #visitpoland #polonia #polska #poland #travelineurope #beautifuldestinations #travelideas #arteecultura #viaggiareineuropa #traveltips #citybreaks\" aria-hidden=\"true\">\n\t\t<\/a>\n\t<\/div>\n<\/div><div class=\"sbi_item sbi_type_carousel sbi_new sbi_transition\"\n\tid=\"sbi_18004562204855101\" data-date=\"1775549615\">\n\t<div class=\"sbi_photo_wrap\">\n\t\t<a class=\"sbi_photo\" href=\"https:\/\/www.instagram.com\/p\/DW0sXpSEQSK\/\" target=\"_blank\" rel=\"noopener nofollow\"\n\t\t\tdata-full-res=\"https:\/\/scontent-waw2-2.cdninstagram.com\/v\/t39.30808-6\/668626373_1403158888517140_6076832207737868113_n.jpg?stp=dst-jpg_e35_tt6&#038;_nc_cat=100&#038;ccb=7-5&#038;_nc_sid=18de74&#038;efg=eyJlZmdfdGFnIjoiQ0FST1VTRUxfSVRFTS5iZXN0X2ltYWdlX3VybGdlbi5DMyJ9&#038;_nc_ohc=_LbUi69aAEMQ7kNvwER4AHx&#038;_nc_oc=AdpJsn9uwKRWQeYm5xzqRIcKlf_N1OuZKg_7xbdTnR3h_lwgvlpbFco2t1krtQ93gSW5vTtUwkuQkFl5YunmPIJi&#038;_nc_zt=23&#038;_nc_ht=scontent-waw2-2.cdninstagram.com&#038;edm=ANo9K5cEAAAA&#038;_nc_gid=g_tmgkCIGWn-HqC29EaNUw&#038;_nc_tpa=Q5bMBQE6ldw2Md_jTZIuTKOqu29aTPbrPno6KotRHdPukuypskymgwq12BOaHlGQri0EhTr2NXsswTN06g&#038;oh=00_Af3YMgkT9voBmgUc5db6KIVvmjRJAYIM9Whi51FrIrM0FQ&#038;oe=69F68299\"\n\t\t\tdata-img-src-set=\"{&quot;d&quot;:&quot;https:\\\/\\\/scontent-waw2-2.cdninstagram.com\\\/v\\\/t39.30808-6\\\/668626373_1403158888517140_6076832207737868113_n.jpg?stp=dst-jpg_e35_tt6&amp;_nc_cat=100&amp;ccb=7-5&amp;_nc_sid=18de74&amp;efg=eyJlZmdfdGFnIjoiQ0FST1VTRUxfSVRFTS5iZXN0X2ltYWdlX3VybGdlbi5DMyJ9&amp;_nc_ohc=_LbUi69aAEMQ7kNvwER4AHx&amp;_nc_oc=AdpJsn9uwKRWQeYm5xzqRIcKlf_N1OuZKg_7xbdTnR3h_lwgvlpbFco2t1krtQ93gSW5vTtUwkuQkFl5YunmPIJi&amp;_nc_zt=23&amp;_nc_ht=scontent-waw2-2.cdninstagram.com&amp;edm=ANo9K5cEAAAA&amp;_nc_gid=g_tmgkCIGWn-HqC29EaNUw&amp;_nc_tpa=Q5bMBQE6ldw2Md_jTZIuTKOqu29aTPbrPno6KotRHdPukuypskymgwq12BOaHlGQri0EhTr2NXsswTN06g&amp;oh=00_Af3YMgkT9voBmgUc5db6KIVvmjRJAYIM9Whi51FrIrM0FQ&amp;oe=69F68299&quot;,&quot;150&quot;:&quot;https:\\\/\\\/scontent-waw2-2.cdninstagram.com\\\/v\\\/t39.30808-6\\\/668626373_1403158888517140_6076832207737868113_n.jpg?stp=dst-jpg_e35_tt6&amp;_nc_cat=100&amp;ccb=7-5&amp;_nc_sid=18de74&amp;efg=eyJlZmdfdGFnIjoiQ0FST1VTRUxfSVRFTS5iZXN0X2ltYWdlX3VybGdlbi5DMyJ9&amp;_nc_ohc=_LbUi69aAEMQ7kNvwER4AHx&amp;_nc_oc=AdpJsn9uwKRWQeYm5xzqRIcKlf_N1OuZKg_7xbdTnR3h_lwgvlpbFco2t1krtQ93gSW5vTtUwkuQkFl5YunmPIJi&amp;_nc_zt=23&amp;_nc_ht=scontent-waw2-2.cdninstagram.com&amp;edm=ANo9K5cEAAAA&amp;_nc_gid=g_tmgkCIGWn-HqC29EaNUw&amp;_nc_tpa=Q5bMBQE6ldw2Md_jTZIuTKOqu29aTPbrPno6KotRHdPukuypskymgwq12BOaHlGQri0EhTr2NXsswTN06g&amp;oh=00_Af3YMgkT9voBmgUc5db6KIVvmjRJAYIM9Whi51FrIrM0FQ&amp;oe=69F68299&quot;,&quot;320&quot;:&quot;https:\\\/\\\/scontent-waw2-2.cdninstagram.com\\\/v\\\/t39.30808-6\\\/668626373_1403158888517140_6076832207737868113_n.jpg?stp=dst-jpg_e35_tt6&amp;_nc_cat=100&amp;ccb=7-5&amp;_nc_sid=18de74&amp;efg=eyJlZmdfdGFnIjoiQ0FST1VTRUxfSVRFTS5iZXN0X2ltYWdlX3VybGdlbi5DMyJ9&amp;_nc_ohc=_LbUi69aAEMQ7kNvwER4AHx&amp;_nc_oc=AdpJsn9uwKRWQeYm5xzqRIcKlf_N1OuZKg_7xbdTnR3h_lwgvlpbFco2t1krtQ93gSW5vTtUwkuQkFl5YunmPIJi&amp;_nc_zt=23&amp;_nc_ht=scontent-waw2-2.cdninstagram.com&amp;edm=ANo9K5cEAAAA&amp;_nc_gid=g_tmgkCIGWn-HqC29EaNUw&amp;_nc_tpa=Q5bMBQE6ldw2Md_jTZIuTKOqu29aTPbrPno6KotRHdPukuypskymgwq12BOaHlGQri0EhTr2NXsswTN06g&amp;oh=00_Af3YMgkT9voBmgUc5db6KIVvmjRJAYIM9Whi51FrIrM0FQ&amp;oe=69F68299&quot;,&quot;640&quot;:&quot;https:\\\/\\\/scontent-waw2-2.cdninstagram.com\\\/v\\\/t39.30808-6\\\/668626373_1403158888517140_6076832207737868113_n.jpg?stp=dst-jpg_e35_tt6&amp;_nc_cat=100&amp;ccb=7-5&amp;_nc_sid=18de74&amp;efg=eyJlZmdfdGFnIjoiQ0FST1VTRUxfSVRFTS5iZXN0X2ltYWdlX3VybGdlbi5DMyJ9&amp;_nc_ohc=_LbUi69aAEMQ7kNvwER4AHx&amp;_nc_oc=AdpJsn9uwKRWQeYm5xzqRIcKlf_N1OuZKg_7xbdTnR3h_lwgvlpbFco2t1krtQ93gSW5vTtUwkuQkFl5YunmPIJi&amp;_nc_zt=23&amp;_nc_ht=scontent-waw2-2.cdninstagram.com&amp;edm=ANo9K5cEAAAA&amp;_nc_gid=g_tmgkCIGWn-HqC29EaNUw&amp;_nc_tpa=Q5bMBQE6ldw2Md_jTZIuTKOqu29aTPbrPno6KotRHdPukuypskymgwq12BOaHlGQri0EhTr2NXsswTN06g&amp;oh=00_Af3YMgkT9voBmgUc5db6KIVvmjRJAYIM9Whi51FrIrM0FQ&amp;oe=69F68299&quot;}\">\n\t\t\t<span class=\"sbi-screenreader\">L\u2019autunno polacco, dorato e conviviale, \u00e8 scandito<\/span>\n\t\t\t<svg class=\"svg-inline--fa fa-clone fa-w-16 sbi_lightbox_carousel_icon\" aria-hidden=\"true\" aria-label=\"Clone\" data-fa-pro\u0192cessed=\"\" data-prefix=\"far\" data-icon=\"clone\" role=\"img\" xmlns=\"http:\/\/www.w3.org\/2000\/svg\" viewBox=\"0 0 512 512\">\n                    <path fill=\"currentColor\" d=\"M464 0H144c-26.51 0-48 21.49-48 48v48H48c-26.51 0-48 21.49-48 48v320c0 26.51 21.49 48 48 48h320c26.51 0 48-21.49 48-48v-48h48c26.51 0 48-21.49 48-48V48c0-26.51-21.49-48-48-48zM362 464H54a6 6 0 0 1-6-6V150a6 6 0 0 1 6-6h42v224c0 26.51 21.49 48 48 48h224v42a6 6 0 0 1-6 6zm96-96H150a6 6 0 0 1-6-6V54a6 6 0 0 1 6-6h308a6 6 0 0 1 6 6v308a6 6 0 0 1-6 6z\"><\/path>\n                <\/svg>\t\t\t\t\t\t<img decoding=\"async\" src=\"https:\/\/www.polonia.travel\/it\/wp-content\/plugins\/instagram-feed\/img\/placeholder.png\" alt=\"L\u2019autunno polacco, dorato e conviviale, \u00e8 scandito dal tempo della gratitudine.\n\n\ud83c\udf41 La natura si veste di colori caldi, nelle tinte del grano e delle mele, che anticipano lo spettacolo del foliage. In questo periodo in Polonia arriva il momento di celebrare ci\u00f2 che la terra ha donato.\n\n\ud83c\udf4e Soprattutto nella Polonia Orientale, l\u2019autunno \u00e8 il tempo delle Do\u017cynki, le tradizionali feste del raccolto che segnano la fine della mietitura, dei fal\u00f2 che illuminano le sere pi\u00f9 fresche dopo la raccolta delle patate, o delle vesti regionali che si indossano orgogliosamente, come monito di un prezioso retaggio da custodire con cura.\n\nTra musica e tavole imbandite, le comunit\u00e0 locali si riuniscono per rendere omaggio alla terra e al lavoro nei campi: spighe di grano intrecciate e gesti simbolici danno vita a tradizioni e rituali che celebrano l\u2019unione, la convivialit\u00e0 e l\u2019abbondanza.\n\n\u231b \u00c8 un tempo di prosperit\u00e0, che raccoglie i frutti di un intero anno: un momento in cui le tradizioni diventano espressione di eccellenza, di saperi e di valori. Un tempo da concedersi per conoscere le origini di gesti semplici in apparenza, ma ricchi di un profondo significato.\n\nConoscevate gi\u00e0 queste usanze locali?\n\n#PoloniaDaRecord #poloniatravel #visitpoland #polonia #polska #poland #traveltips #shortbreaks #placetovisit #viaggiaresempre\" aria-hidden=\"true\">\n\t\t<\/a>\n\t<\/div>\n<\/div><div class=\"sbi_item sbi_type_carousel sbi_new sbi_transition\"\n\tid=\"sbi_18061658156386380\" data-date=\"1775203278\">\n\t<div class=\"sbi_photo_wrap\">\n\t\t<a class=\"sbi_photo\" href=\"https:\/\/www.instagram.com\/p\/DWqXyK0gd6s\/\" target=\"_blank\" rel=\"noopener nofollow\"\n\t\t\tdata-full-res=\"https:\/\/scontent-waw2-2.cdninstagram.com\/v\/t39.30808-6\/651907490_1387167480116281_6609622540785294845_n.jpg?stp=dst-jpg_e35_tt6&#038;_nc_cat=103&#038;ccb=7-5&#038;_nc_sid=18de74&#038;efg=eyJlZmdfdGFnIjoiQ0FST1VTRUxfSVRFTS5iZXN0X2ltYWdlX3VybGdlbi5DMyJ9&#038;_nc_ohc=LExTn_07ehoQ7kNvwHJEcPe&#038;_nc_oc=Ado266Tnum-lVox7l1taIfNbT1a5nsNEj0hRnPQQCLR5d6eFvVpXx3YDhYkioASvw5mGHUi44PyVCDTyyqbZiCiM&#038;_nc_zt=23&#038;_nc_ht=scontent-waw2-2.cdninstagram.com&#038;edm=ANo9K5cEAAAA&#038;_nc_gid=g_tmgkCIGWn-HqC29EaNUw&#038;_nc_tpa=Q5bMBQEx10E0M2terjaD5TL10TGYZ7r5_JHEWl-1I6ZbGL0huMG4uonhgLNVoIzRIusFgSjOzlPOIoWwHA&#038;oh=00_Af2Bn7iSvhbHhygVkvEo0-0haBSgw8J_pjVa4iZlDQKeGw&#038;oe=69F679D1\"\n\t\t\tdata-img-src-set=\"{&quot;d&quot;:&quot;https:\\\/\\\/scontent-waw2-2.cdninstagram.com\\\/v\\\/t39.30808-6\\\/651907490_1387167480116281_6609622540785294845_n.jpg?stp=dst-jpg_e35_tt6&amp;_nc_cat=103&amp;ccb=7-5&amp;_nc_sid=18de74&amp;efg=eyJlZmdfdGFnIjoiQ0FST1VTRUxfSVRFTS5iZXN0X2ltYWdlX3VybGdlbi5DMyJ9&amp;_nc_ohc=LExTn_07ehoQ7kNvwHJEcPe&amp;_nc_oc=Ado266Tnum-lVox7l1taIfNbT1a5nsNEj0hRnPQQCLR5d6eFvVpXx3YDhYkioASvw5mGHUi44PyVCDTyyqbZiCiM&amp;_nc_zt=23&amp;_nc_ht=scontent-waw2-2.cdninstagram.com&amp;edm=ANo9K5cEAAAA&amp;_nc_gid=g_tmgkCIGWn-HqC29EaNUw&amp;_nc_tpa=Q5bMBQEx10E0M2terjaD5TL10TGYZ7r5_JHEWl-1I6ZbGL0huMG4uonhgLNVoIzRIusFgSjOzlPOIoWwHA&amp;oh=00_Af2Bn7iSvhbHhygVkvEo0-0haBSgw8J_pjVa4iZlDQKeGw&amp;oe=69F679D1&quot;,&quot;150&quot;:&quot;https:\\\/\\\/scontent-waw2-2.cdninstagram.com\\\/v\\\/t39.30808-6\\\/651907490_1387167480116281_6609622540785294845_n.jpg?stp=dst-jpg_e35_tt6&amp;_nc_cat=103&amp;ccb=7-5&amp;_nc_sid=18de74&amp;efg=eyJlZmdfdGFnIjoiQ0FST1VTRUxfSVRFTS5iZXN0X2ltYWdlX3VybGdlbi5DMyJ9&amp;_nc_ohc=LExTn_07ehoQ7kNvwHJEcPe&amp;_nc_oc=Ado266Tnum-lVox7l1taIfNbT1a5nsNEj0hRnPQQCLR5d6eFvVpXx3YDhYkioASvw5mGHUi44PyVCDTyyqbZiCiM&amp;_nc_zt=23&amp;_nc_ht=scontent-waw2-2.cdninstagram.com&amp;edm=ANo9K5cEAAAA&amp;_nc_gid=g_tmgkCIGWn-HqC29EaNUw&amp;_nc_tpa=Q5bMBQEx10E0M2terjaD5TL10TGYZ7r5_JHEWl-1I6ZbGL0huMG4uonhgLNVoIzRIusFgSjOzlPOIoWwHA&amp;oh=00_Af2Bn7iSvhbHhygVkvEo0-0haBSgw8J_pjVa4iZlDQKeGw&amp;oe=69F679D1&quot;,&quot;320&quot;:&quot;https:\\\/\\\/scontent-waw2-2.cdninstagram.com\\\/v\\\/t39.30808-6\\\/651907490_1387167480116281_6609622540785294845_n.jpg?stp=dst-jpg_e35_tt6&amp;_nc_cat=103&amp;ccb=7-5&amp;_nc_sid=18de74&amp;efg=eyJlZmdfdGFnIjoiQ0FST1VTRUxfSVRFTS5iZXN0X2ltYWdlX3VybGdlbi5DMyJ9&amp;_nc_ohc=LExTn_07ehoQ7kNvwHJEcPe&amp;_nc_oc=Ado266Tnum-lVox7l1taIfNbT1a5nsNEj0hRnPQQCLR5d6eFvVpXx3YDhYkioASvw5mGHUi44PyVCDTyyqbZiCiM&amp;_nc_zt=23&amp;_nc_ht=scontent-waw2-2.cdninstagram.com&amp;edm=ANo9K5cEAAAA&amp;_nc_gid=g_tmgkCIGWn-HqC29EaNUw&amp;_nc_tpa=Q5bMBQEx10E0M2terjaD5TL10TGYZ7r5_JHEWl-1I6ZbGL0huMG4uonhgLNVoIzRIusFgSjOzlPOIoWwHA&amp;oh=00_Af2Bn7iSvhbHhygVkvEo0-0haBSgw8J_pjVa4iZlDQKeGw&amp;oe=69F679D1&quot;,&quot;640&quot;:&quot;https:\\\/\\\/scontent-waw2-2.cdninstagram.com\\\/v\\\/t39.30808-6\\\/651907490_1387167480116281_6609622540785294845_n.jpg?stp=dst-jpg_e35_tt6&amp;_nc_cat=103&amp;ccb=7-5&amp;_nc_sid=18de74&amp;efg=eyJlZmdfdGFnIjoiQ0FST1VTRUxfSVRFTS5iZXN0X2ltYWdlX3VybGdlbi5DMyJ9&amp;_nc_ohc=LExTn_07ehoQ7kNvwHJEcPe&amp;_nc_oc=Ado266Tnum-lVox7l1taIfNbT1a5nsNEj0hRnPQQCLR5d6eFvVpXx3YDhYkioASvw5mGHUi44PyVCDTyyqbZiCiM&amp;_nc_zt=23&amp;_nc_ht=scontent-waw2-2.cdninstagram.com&amp;edm=ANo9K5cEAAAA&amp;_nc_gid=g_tmgkCIGWn-HqC29EaNUw&amp;_nc_tpa=Q5bMBQEx10E0M2terjaD5TL10TGYZ7r5_JHEWl-1I6ZbGL0huMG4uonhgLNVoIzRIusFgSjOzlPOIoWwHA&amp;oh=00_Af2Bn7iSvhbHhygVkvEo0-0haBSgw8J_pjVa4iZlDQKeGw&amp;oe=69F679D1&quot;}\">\n\t\t\t<span class=\"sbi-screenreader\">L\u2019estate in Polonia \u00e8 un tempo di condivisione e d<\/span>\n\t\t\t<svg class=\"svg-inline--fa fa-clone fa-w-16 sbi_lightbox_carousel_icon\" aria-hidden=\"true\" aria-label=\"Clone\" data-fa-pro\u0192cessed=\"\" data-prefix=\"far\" data-icon=\"clone\" role=\"img\" xmlns=\"http:\/\/www.w3.org\/2000\/svg\" viewBox=\"0 0 512 512\">\n                    <path fill=\"currentColor\" d=\"M464 0H144c-26.51 0-48 21.49-48 48v48H48c-26.51 0-48 21.49-48 48v320c0 26.51 21.49 48 48 48h320c26.51 0 48-21.49 48-48v-48h48c26.51 0 48-21.49 48-48V48c0-26.51-21.49-48-48-48zM362 464H54a6 6 0 0 1-6-6V150a6 6 0 0 1 6-6h42v224c0 26.51 21.49 48 48 48h224v42a6 6 0 0 1-6 6zm96-96H150a6 6 0 0 1-6-6V54a6 6 0 0 1 6-6h308a6 6 0 0 1 6 6v308a6 6 0 0 1-6 6z\"><\/path>\n                <\/svg>\t\t\t\t\t\t<img decoding=\"async\" src=\"https:\/\/www.polonia.travel\/it\/wp-content\/plugins\/instagram-feed\/img\/placeholder.png\" alt=\"L\u2019estate in Polonia \u00e8 un tempo di condivisione e di gioia, da celebrare con tradizioni e gesti simbolici che portano luce e benessere.\n\n\u2600\ufe0f Ogni cosa in questa stagione sembra risplendere di nuova luce! La natura si mostra prelibata, generosa e succulenta, grazie anche al clima mite di cui gode la Polonia nei mesi estivi, mentre i paesaggi si riempiono di colori.\n\n\ud83c\udf49 I frutti maturano, i campi in campagna si tingono di giallo grazie alle distese di colza e la vita si sposta all\u2019aria aperta. \u00c8 un tempo di pienezza, che invita a rallentare per godersi il momento e l\u2019esperienza.\n\nNella regione etnografica della Casciubia, in Pomerania, le tradizioni prendono vita tra allegre danze popolari, costumi ricamati e festeggiamenti legati ai ritmi dell\u2019agricoltura, che ancora oggi custodiscono un patrimonio culturale tramandato per generazioni.\n\n\ud83d\udccd Quando arriva il solstizio d\u2019estate, a Cracovia, Varsavia e Danzica, si celebra la notte di Wianki lungo la Vistola: le donne indossano coroncine e ghirlande di fiori, che vengono poi affidate all\u2019acqua del fiume, in un rituale suggestivo e coinvolgente che celebra la natura e richiama la fortuna e la purificazione.\n\nUna tra le usanze pi\u00f9 amate in Polonia, che viene celebrata anche con spettacoli pirotecnici, eventi e musica!\n\n\ud83d\ude0d Un tempo che di anno in anno, come un ciclo vitale, si ripete e si rinnova... ma in cui le tradizioni continuano a brillare! Conoscevate la tradizione dei Wianki?\n\n#PoloniaDaRecord #poloniatravel #visitpoland #polonia #polska #poland #travelinspiration #viaggiareineuropa #arteecultura #viaggiarechepassione #viaggiaresempre #placetovisit\" aria-hidden=\"true\">\n\t\t<\/a>\n\t<\/div>\n<\/div><div class=\"sbi_item sbi_type_carousel sbi_new sbi_transition\"\n\tid=\"sbi_18100888565318174\" data-date=\"1775030512\">\n\t<div class=\"sbi_photo_wrap\">\n\t\t<a class=\"sbi_photo\" href=\"https:\/\/www.instagram.com\/p\/DWlOQnYjiR-\/\" target=\"_blank\" rel=\"noopener nofollow\"\n\t\t\tdata-full-res=\"https:\/\/scontent-waw2-2.cdninstagram.com\/v\/t39.30808-6\/655501121_1387139453452417_3017172142976775716_n.jpg?stp=dst-jpg_e35_tt6&#038;_nc_cat=103&#038;ccb=7-5&#038;_nc_sid=18de74&#038;efg=eyJlZmdfdGFnIjoiQ0FST1VTRUxfSVRFTS5iZXN0X2ltYWdlX3VybGdlbi5DMyJ9&#038;_nc_ohc=XaqvZtAnPpoQ7kNvwH1oKDl&#038;_nc_oc=AdrkaJ8800K1ee7i_yn2ItskOmiwn58nCtWec9a3ZHV3VXY6tQVvBqnD_cD9m2Ja_B9TewykFr6YiIFjkf2Vm2IK&#038;_nc_zt=23&#038;_nc_ht=scontent-waw2-2.cdninstagram.com&#038;edm=ANo9K5cEAAAA&#038;_nc_gid=g_tmgkCIGWn-HqC29EaNUw&#038;_nc_tpa=Q5bMBQF9g2vJcpaxoYBIe7ityV-bq_GLR69sPBLq7k5FWs_dTWMlBaYK4wacQfy7vKb9zt-JiKnj2jgGYw&#038;oh=00_Af0OjGP7jiwMWbC8eLHzn-iEOYNWa864HdqqAczaps1FjQ&#038;oe=69F670FF\"\n\t\t\tdata-img-src-set=\"{&quot;d&quot;:&quot;https:\\\/\\\/scontent-waw2-2.cdninstagram.com\\\/v\\\/t39.30808-6\\\/655501121_1387139453452417_3017172142976775716_n.jpg?stp=dst-jpg_e35_tt6&amp;_nc_cat=103&amp;ccb=7-5&amp;_nc_sid=18de74&amp;efg=eyJlZmdfdGFnIjoiQ0FST1VTRUxfSVRFTS5iZXN0X2ltYWdlX3VybGdlbi5DMyJ9&amp;_nc_ohc=XaqvZtAnPpoQ7kNvwH1oKDl&amp;_nc_oc=AdrkaJ8800K1ee7i_yn2ItskOmiwn58nCtWec9a3ZHV3VXY6tQVvBqnD_cD9m2Ja_B9TewykFr6YiIFjkf2Vm2IK&amp;_nc_zt=23&amp;_nc_ht=scontent-waw2-2.cdninstagram.com&amp;edm=ANo9K5cEAAAA&amp;_nc_gid=g_tmgkCIGWn-HqC29EaNUw&amp;_nc_tpa=Q5bMBQF9g2vJcpaxoYBIe7ityV-bq_GLR69sPBLq7k5FWs_dTWMlBaYK4wacQfy7vKb9zt-JiKnj2jgGYw&amp;oh=00_Af0OjGP7jiwMWbC8eLHzn-iEOYNWa864HdqqAczaps1FjQ&amp;oe=69F670FF&quot;,&quot;150&quot;:&quot;https:\\\/\\\/scontent-waw2-2.cdninstagram.com\\\/v\\\/t39.30808-6\\\/655501121_1387139453452417_3017172142976775716_n.jpg?stp=dst-jpg_e35_tt6&amp;_nc_cat=103&amp;ccb=7-5&amp;_nc_sid=18de74&amp;efg=eyJlZmdfdGFnIjoiQ0FST1VTRUxfSVRFTS5iZXN0X2ltYWdlX3VybGdlbi5DMyJ9&amp;_nc_ohc=XaqvZtAnPpoQ7kNvwH1oKDl&amp;_nc_oc=AdrkaJ8800K1ee7i_yn2ItskOmiwn58nCtWec9a3ZHV3VXY6tQVvBqnD_cD9m2Ja_B9TewykFr6YiIFjkf2Vm2IK&amp;_nc_zt=23&amp;_nc_ht=scontent-waw2-2.cdninstagram.com&amp;edm=ANo9K5cEAAAA&amp;_nc_gid=g_tmgkCIGWn-HqC29EaNUw&amp;_nc_tpa=Q5bMBQF9g2vJcpaxoYBIe7ityV-bq_GLR69sPBLq7k5FWs_dTWMlBaYK4wacQfy7vKb9zt-JiKnj2jgGYw&amp;oh=00_Af0OjGP7jiwMWbC8eLHzn-iEOYNWa864HdqqAczaps1FjQ&amp;oe=69F670FF&quot;,&quot;320&quot;:&quot;https:\\\/\\\/scontent-waw2-2.cdninstagram.com\\\/v\\\/t39.30808-6\\\/655501121_1387139453452417_3017172142976775716_n.jpg?stp=dst-jpg_e35_tt6&amp;_nc_cat=103&amp;ccb=7-5&amp;_nc_sid=18de74&amp;efg=eyJlZmdfdGFnIjoiQ0FST1VTRUxfSVRFTS5iZXN0X2ltYWdlX3VybGdlbi5DMyJ9&amp;_nc_ohc=XaqvZtAnPpoQ7kNvwH1oKDl&amp;_nc_oc=AdrkaJ8800K1ee7i_yn2ItskOmiwn58nCtWec9a3ZHV3VXY6tQVvBqnD_cD9m2Ja_B9TewykFr6YiIFjkf2Vm2IK&amp;_nc_zt=23&amp;_nc_ht=scontent-waw2-2.cdninstagram.com&amp;edm=ANo9K5cEAAAA&amp;_nc_gid=g_tmgkCIGWn-HqC29EaNUw&amp;_nc_tpa=Q5bMBQF9g2vJcpaxoYBIe7ityV-bq_GLR69sPBLq7k5FWs_dTWMlBaYK4wacQfy7vKb9zt-JiKnj2jgGYw&amp;oh=00_Af0OjGP7jiwMWbC8eLHzn-iEOYNWa864HdqqAczaps1FjQ&amp;oe=69F670FF&quot;,&quot;640&quot;:&quot;https:\\\/\\\/scontent-waw2-2.cdninstagram.com\\\/v\\\/t39.30808-6\\\/655501121_1387139453452417_3017172142976775716_n.jpg?stp=dst-jpg_e35_tt6&amp;_nc_cat=103&amp;ccb=7-5&amp;_nc_sid=18de74&amp;efg=eyJlZmdfdGFnIjoiQ0FST1VTRUxfSVRFTS5iZXN0X2ltYWdlX3VybGdlbi5DMyJ9&amp;_nc_ohc=XaqvZtAnPpoQ7kNvwH1oKDl&amp;_nc_oc=AdrkaJ8800K1ee7i_yn2ItskOmiwn58nCtWec9a3ZHV3VXY6tQVvBqnD_cD9m2Ja_B9TewykFr6YiIFjkf2Vm2IK&amp;_nc_zt=23&amp;_nc_ht=scontent-waw2-2.cdninstagram.com&amp;edm=ANo9K5cEAAAA&amp;_nc_gid=g_tmgkCIGWn-HqC29EaNUw&amp;_nc_tpa=Q5bMBQF9g2vJcpaxoYBIe7ityV-bq_GLR69sPBLq7k5FWs_dTWMlBaYK4wacQfy7vKb9zt-JiKnj2jgGYw&amp;oh=00_Af0OjGP7jiwMWbC8eLHzn-iEOYNWa864HdqqAczaps1FjQ&amp;oe=69F670FF&quot;}\">\n\t\t\t<span class=\"sbi-screenreader\">Quando si parla di tradizioni, \u00e8 impossibile non m<\/span>\n\t\t\t<svg class=\"svg-inline--fa fa-clone fa-w-16 sbi_lightbox_carousel_icon\" aria-hidden=\"true\" aria-label=\"Clone\" data-fa-pro\u0192cessed=\"\" data-prefix=\"far\" data-icon=\"clone\" role=\"img\" xmlns=\"http:\/\/www.w3.org\/2000\/svg\" viewBox=\"0 0 512 512\">\n                    <path fill=\"currentColor\" d=\"M464 0H144c-26.51 0-48 21.49-48 48v48H48c-26.51 0-48 21.49-48 48v320c0 26.51 21.49 48 48 48h320c26.51 0 48-21.49 48-48v-48h48c26.51 0 48-21.49 48-48V48c0-26.51-21.49-48-48-48zM362 464H54a6 6 0 0 1-6-6V150a6 6 0 0 1 6-6h42v224c0 26.51 21.49 48 48 48h224v42a6 6 0 0 1-6 6zm96-96H150a6 6 0 0 1-6-6V54a6 6 0 0 1 6-6h308a6 6 0 0 1 6 6v308a6 6 0 0 1-6 6z\"><\/path>\n                <\/svg>\t\t\t\t\t\t<img decoding=\"async\" src=\"https:\/\/www.polonia.travel\/it\/wp-content\/plugins\/instagram-feed\/img\/placeholder.png\" alt=\"Quando si parla di tradizioni, \u00e8 impossibile non menzionare la Pasqua, che in Polonia \u00e8 uno dei momenti pi\u00f9 sentiti e partecipati!\n\n\ud83d\udc49\ud83c\udffb In occasione delle celebrazioni pasquali avrete l\u2019opportunit\u00e0 di conoscere da vicino le usanze popolari e il folclore locale.\n\nTra le tradizioni pi\u00f9 iconiche e significative potrete trovare le uova colorate, chiamate &quot;pisanki&quot;, che vengono dipinte con diverse tecniche, creando disegni delicati o semplicemente tinte con colori accesi o pastello.\n\n\ud83e\udd5a Simbolo della Pasqua per eccellenza, sono veri capolavori d\u2019arte popolare! Una volta decorate, le uova vengono scambiate con familiari e amici in segno di buon auspicio.\n\n\ud83c\udf3f Un\u2019altra tradizione legata alla Pasqua \u00e8 quella delle Palme decorate: all\u2019inizio della settimana santa, vengono ornate con piume, rametti di salice o nastri. Le Palme vengono poi intrecciate a mano, diventando cos\u00ec non solo simboli religiosi, ma anche autentiche eccellenze ricche di folclore!\n\n\ud83d\udccd In alcuni paesi, soprattutto nel villaggio di Lipnica Murowana, in #Malopolska, o nella localit\u00e0 di Lyse, in #Masovia, si tengono anche dei concorsi per stabilire qual \u00e8 \u201cla palma pi\u00f9 bella\u201d e meglio decorata.\n\n\u00c9 tempo di godersi le tradizioni polacche: vi piacerebbe immergervi nel folklore locale in modo autentico?\n\n#PoloniaDaRecord #poloniatravel #visitpoland #polonia #polska #poland #shortbreaks #citybreaks #travelguide #beautifulplaces #placetovisit #pasqua2026\" aria-hidden=\"true\">\n\t\t<\/a>\n\t<\/div>\n<\/div>\t<\/div>\n\n\t<div id=\"sbi_load\" >\n\n\t\n\t\n<\/div>\n\t\t<span class=\"sbi_resized_image_data\" data-feed-id=\"*2\"\n\t\t  data-resized=\"{&quot;18100888565318174&quot;:{&quot;id&quot;:&quot;655501121_1387139453452417_3017172142976775716_n&quot;,&quot;ratio&quot;:&quot;1.00&quot;,&quot;sizes&quot;:{&quot;full&quot;:640,&quot;low&quot;:320,&quot;thumb&quot;:150},&quot;extension&quot;:&quot;.webp&quot;},&quot;18061658156386380&quot;:{&quot;id&quot;:&quot;651907490_1387167480116281_6609622540785294845_n&quot;,&quot;ratio&quot;:&quot;1.00&quot;,&quot;sizes&quot;:{&quot;full&quot;:640,&quot;low&quot;:320,&quot;thumb&quot;:150},&quot;extension&quot;:&quot;.webp&quot;},&quot;18004562204855101&quot;:{&quot;id&quot;:&quot;668626373_1403158888517140_6076832207737868113_n&quot;,&quot;ratio&quot;:&quot;1.00&quot;,&quot;sizes&quot;:{&quot;full&quot;:640,&quot;low&quot;:320,&quot;thumb&quot;:150},&quot;extension&quot;:&quot;.webp&quot;},&quot;18003722018911989&quot;:{&quot;id&quot;:&quot;660443168_1398929538940075_1683467176811673700_n&quot;,&quot;ratio&quot;:&quot;1.00&quot;,&quot;sizes&quot;:{&quot;full&quot;:640,&quot;low&quot;:320,&quot;thumb&quot;:150},&quot;extension&quot;:&quot;.webp&quot;},&quot;18081919802622265&quot;:{&quot;id&quot;:&quot;668123312_1403236261842736_7464727742424224164_n&quot;,&quot;ratio&quot;:&quot;0.80&quot;,&quot;sizes&quot;:{&quot;full&quot;:640,&quot;low&quot;:320,&quot;thumb&quot;:150},&quot;extension&quot;:&quot;.webp&quot;},&quot;18096810839046296&quot;:{&quot;id&quot;:&quot;662329741_1403248651841497_6363772185351462583_n&quot;,&quot;ratio&quot;:&quot;1.00&quot;,&quot;sizes&quot;:{&quot;full&quot;:640,&quot;low&quot;:320,&quot;thumb&quot;:150},&quot;extension&quot;:&quot;.webp&quot;},&quot;17870580033491766&quot;:{&quot;id&quot;:&quot;665542873_1403278855171810_5153232735267288307_n&quot;,&quot;ratio&quot;:&quot;1.00&quot;,&quot;sizes&quot;:{&quot;full&quot;:640,&quot;low&quot;:320,&quot;thumb&quot;:150},&quot;extension&quot;:&quot;.webp&quot;},&quot;18135661555523417&quot;:{&quot;id&quot;:&quot;667549339_1404830355016660_5727445338270908268_n&quot;,&quot;ratio&quot;:&quot;1.00&quot;,&quot;sizes&quot;:{&quot;full&quot;:640,&quot;low&quot;:320,&quot;thumb&quot;:150},&quot;extension&quot;:&quot;.webp&quot;},&quot;17886425991370724&quot;:{&quot;id&quot;:&quot;669264798_1404851138347915_8644419614332087186_n&quot;,&quot;ratio&quot;:&quot;1.00&quot;,&quot;sizes&quot;:{&quot;full&quot;:640,&quot;low&quot;:320,&quot;thumb&quot;:150},&quot;extension&quot;:&quot;.webp&quot;},&quot;18081409874572420&quot;:{&quot;id&quot;:&quot;668486400_1404927841673578_3187413037460573275_n&quot;,&quot;ratio&quot;:&quot;1.00&quot;,&quot;sizes&quot;:{&quot;full&quot;:640,&quot;low&quot;:320,&quot;thumb&quot;:150},&quot;extension&quot;:&quot;.webp&quot;},&quot;18009689315907233&quot;:{&quot;id&quot;:&quot;673677783_1408903917942637_3098158240156641620_n&quot;,&quot;ratio&quot;:&quot;1.00&quot;,&quot;sizes&quot;:{&quot;full&quot;:640,&quot;low&quot;:320,&quot;thumb&quot;:150},&quot;extension&quot;:&quot;.webp&quot;},&quot;17925974019297963&quot;:{&quot;id&quot;:&quot;681261817_18580476289030557_7428037199279093634_n&quot;,&quot;ratio&quot;:&quot;0.56&quot;,&quot;sizes&quot;:{&quot;full&quot;:640,&quot;low&quot;:320,&quot;thumb&quot;:150},&quot;extension&quot;:&quot;.webp&quot;}}\">\n\t<\/span>\n\t<\/div>\n\n","protected":false},"excerpt":{"rendered":"<p>UNESCO Viaggiando per la Polonia vale la pena prestare attenzione agli straordinari tesori della storia e della natura. Alcuni di loro \u2013 come castelli, aree storiche della citt\u00e0, chiese, miniere storiche e persino foreste \u2013 sono stati inseriti nella lista del patrimonio dell\u2019umanit\u00e0 UNESCO. Attualmente, nell\u2019elenco ci sono ben 17 luoghi dall\u2019indiscutibile valore per il [&hellip;]<\/p>\n","protected":false},"author":3,"featured_media":0,"parent":0,"menu_order":0,"comment_status":"closed","ping_status":"closed","template":"","meta":{"_acf_changed":false,"footnotes":""},"class_list":["post-20335","page","type-page","status-publish","hentry"],"acf":[],"yoast_head":"<!-- This site is optimized with the Yoast SEO plugin v27.4 - https:\/\/yoast.com\/product\/yoast-seo-wordpress\/ -->\n<title>UNESCO - Polonia Travel (IT)<\/title>\n<meta name=\"robots\" content=\"index, follow, max-snippet:-1, max-image-preview:large, max-video-preview:-1\" \/>\n<link rel=\"canonical\" href=\"https:\/\/www.polonia.travel\/it\/unesco\/\" \/>\n<meta property=\"og:locale\" content=\"pl_PL\" \/>\n<meta property=\"og:type\" content=\"article\" \/>\n<meta property=\"og:title\" content=\"UNESCO - Polonia Travel (IT)\" \/>\n<meta property=\"og:description\" content=\"UNESCO Viaggiando per la Polonia vale la pena prestare attenzione agli straordinari tesori della storia e della natura. Alcuni di loro \u2013 come castelli, aree storiche della citt\u00e0, chiese, miniere storiche e persino foreste \u2013 sono stati inseriti nella lista del patrimonio dell\u2019umanit\u00e0 UNESCO. Attualmente, nell\u2019elenco ci sono ben 17 luoghi dall\u2019indiscutibile valore per il [&hellip;]\" \/>\n<meta property=\"og:url\" content=\"https:\/\/www.polonia.travel\/it\/unesco\/\" \/>\n<meta property=\"og:site_name\" content=\"Polonia Travel (IT)\" \/>\n<meta property=\"article:modified_time\" content=\"2025-02-21T11:56:15+00:00\" \/>\n<meta name=\"twitter:card\" content=\"summary_large_image\" \/>\n<meta name=\"twitter:label1\" content=\"Szacowany czas czytania\" \/>\n\t<meta name=\"twitter:data1\" content=\"2 minuty\" \/>\n<script type=\"application\/ld+json\" class=\"yoast-schema-graph\">{\"@context\":\"https:\\\/\\\/schema.org\",\"@graph\":[{\"@type\":\"WebPage\",\"@id\":\"https:\\\/\\\/www.polonia.travel\\\/it\\\/unesco\\\/\",\"url\":\"https:\\\/\\\/www.polonia.travel\\\/it\\\/unesco\\\/\",\"name\":\"UNESCO - Polonia Travel (IT)\",\"isPartOf\":{\"@id\":\"https:\\\/\\\/www.polonia.travel\\\/it\\\/#website\"},\"datePublished\":\"2023-02-10T12:20:05+00:00\",\"dateModified\":\"2025-02-21T11:56:15+00:00\",\"breadcrumb\":{\"@id\":\"https:\\\/\\\/www.polonia.travel\\\/it\\\/unesco\\\/#breadcrumb\"},\"inLanguage\":\"pl-PL\",\"potentialAction\":[{\"@type\":\"ReadAction\",\"target\":[\"https:\\\/\\\/www.polonia.travel\\\/it\\\/unesco\\\/\"]}]},{\"@type\":\"BreadcrumbList\",\"@id\":\"https:\\\/\\\/www.polonia.travel\\\/it\\\/unesco\\\/#breadcrumb\",\"itemListElement\":[{\"@type\":\"ListItem\",\"position\":1,\"name\":\"Home page\",\"item\":\"https:\\\/\\\/www.polonia.travel\\\/it\\\/\"},{\"@type\":\"ListItem\",\"position\":2,\"name\":\"UNESCO\"}]},{\"@type\":\"WebSite\",\"@id\":\"https:\\\/\\\/www.polonia.travel\\\/it\\\/#website\",\"url\":\"https:\\\/\\\/www.polonia.travel\\\/it\\\/\",\"name\":\"Polonia Travel (IT)\",\"description\":\"...\",\"publisher\":{\"@id\":\"https:\\\/\\\/www.polonia.travel\\\/it\\\/#organization\"},\"potentialAction\":[{\"@type\":\"SearchAction\",\"target\":{\"@type\":\"EntryPoint\",\"urlTemplate\":\"https:\\\/\\\/www.polonia.travel\\\/it\\\/?s={search_term_string}\"},\"query-input\":{\"@type\":\"PropertyValueSpecification\",\"valueRequired\":true,\"valueName\":\"search_term_string\"}}],\"inLanguage\":\"pl-PL\"},{\"@type\":\"Organization\",\"@id\":\"https:\\\/\\\/www.polonia.travel\\\/it\\\/#organization\",\"name\":\"Polonia Travel (IT)\",\"url\":\"https:\\\/\\\/www.polonia.travel\\\/it\\\/\",\"logo\":{\"@type\":\"ImageObject\",\"inLanguage\":\"pl-PL\",\"@id\":\"https:\\\/\\\/www.polonia.travel\\\/it\\\/#\\\/schema\\\/logo\\\/image\\\/\",\"url\":\"\",\"contentUrl\":\"\",\"caption\":\"Polonia Travel (IT)\"},\"image\":{\"@id\":\"https:\\\/\\\/www.polonia.travel\\\/it\\\/#\\\/schema\\\/logo\\\/image\\\/\"}}]}<\/script>\n<!-- \/ Yoast SEO plugin. -->","yoast_head_json":{"title":"UNESCO - Polonia Travel (IT)","robots":{"index":"index","follow":"follow","max-snippet":"max-snippet:-1","max-image-preview":"max-image-preview:large","max-video-preview":"max-video-preview:-1"},"canonical":"https:\/\/www.polonia.travel\/it\/unesco\/","og_locale":"pl_PL","og_type":"article","og_title":"UNESCO - Polonia Travel (IT)","og_description":"UNESCO Viaggiando per la Polonia vale la pena prestare attenzione agli straordinari tesori della storia e della natura. Alcuni di loro \u2013 come castelli, aree storiche della citt\u00e0, chiese, miniere storiche e persino foreste \u2013 sono stati inseriti nella lista del patrimonio dell\u2019umanit\u00e0 UNESCO. Attualmente, nell\u2019elenco ci sono ben 17 luoghi dall\u2019indiscutibile valore per il [&hellip;]","og_url":"https:\/\/www.polonia.travel\/it\/unesco\/","og_site_name":"Polonia Travel (IT)","article_modified_time":"2025-02-21T11:56:15+00:00","twitter_card":"summary_large_image","twitter_misc":{"Szacowany czas czytania":"2 minuty"},"schema":{"@context":"https:\/\/schema.org","@graph":[{"@type":"WebPage","@id":"https:\/\/www.polonia.travel\/it\/unesco\/","url":"https:\/\/www.polonia.travel\/it\/unesco\/","name":"UNESCO - Polonia Travel (IT)","isPartOf":{"@id":"https:\/\/www.polonia.travel\/it\/#website"},"datePublished":"2023-02-10T12:20:05+00:00","dateModified":"2025-02-21T11:56:15+00:00","breadcrumb":{"@id":"https:\/\/www.polonia.travel\/it\/unesco\/#breadcrumb"},"inLanguage":"pl-PL","potentialAction":[{"@type":"ReadAction","target":["https:\/\/www.polonia.travel\/it\/unesco\/"]}]},{"@type":"BreadcrumbList","@id":"https:\/\/www.polonia.travel\/it\/unesco\/#breadcrumb","itemListElement":[{"@type":"ListItem","position":1,"name":"Home page","item":"https:\/\/www.polonia.travel\/it\/"},{"@type":"ListItem","position":2,"name":"UNESCO"}]},{"@type":"WebSite","@id":"https:\/\/www.polonia.travel\/it\/#website","url":"https:\/\/www.polonia.travel\/it\/","name":"Polonia Travel (IT)","description":"...","publisher":{"@id":"https:\/\/www.polonia.travel\/it\/#organization"},"potentialAction":[{"@type":"SearchAction","target":{"@type":"EntryPoint","urlTemplate":"https:\/\/www.polonia.travel\/it\/?s={search_term_string}"},"query-input":{"@type":"PropertyValueSpecification","valueRequired":true,"valueName":"search_term_string"}}],"inLanguage":"pl-PL"},{"@type":"Organization","@id":"https:\/\/www.polonia.travel\/it\/#organization","name":"Polonia Travel (IT)","url":"https:\/\/www.polonia.travel\/it\/","logo":{"@type":"ImageObject","inLanguage":"pl-PL","@id":"https:\/\/www.polonia.travel\/it\/#\/schema\/logo\/image\/","url":"","contentUrl":"","caption":"Polonia Travel (IT)"},"image":{"@id":"https:\/\/www.polonia.travel\/it\/#\/schema\/logo\/image\/"}}]}},"_links":{"self":[{"href":"https:\/\/www.polonia.travel\/it\/wp-json\/wp\/v2\/pages\/20335","targetHints":{"allow":["GET"]}}],"collection":[{"href":"https:\/\/www.polonia.travel\/it\/wp-json\/wp\/v2\/pages"}],"about":[{"href":"https:\/\/www.polonia.travel\/it\/wp-json\/wp\/v2\/types\/page"}],"author":[{"embeddable":true,"href":"https:\/\/www.polonia.travel\/it\/wp-json\/wp\/v2\/users\/3"}],"replies":[{"embeddable":true,"href":"https:\/\/www.polonia.travel\/it\/wp-json\/wp\/v2\/comments?post=20335"}],"version-history":[{"count":21,"href":"https:\/\/www.polonia.travel\/it\/wp-json\/wp\/v2\/pages\/20335\/revisions"}],"predecessor-version":[{"id":40814,"href":"https:\/\/www.polonia.travel\/it\/wp-json\/wp\/v2\/pages\/20335\/revisions\/40814"}],"wp:attachment":[{"href":"https:\/\/www.polonia.travel\/it\/wp-json\/wp\/v2\/media?parent=20335"}],"curies":[{"name":"wp","href":"https:\/\/api.w.org\/{rel}","templated":true}]}}