{"id":23159,"date":"2023-04-07T10:27:05","date_gmt":"2023-04-07T08:27:05","guid":{"rendered":"https:\/\/en-en.polska.travel\/?page_id=23159"},"modified":"2025-01-30T12:39:34","modified_gmt":"2025-01-30T11:39:34","slug":"grandes-atractivos","status":"publish","type":"page","link":"https:\/\/www.polonia.travel\/es\/grandes-atractivos\/","title":{"rendered":"Grandes atractivos"},"content":{"rendered":"\n<pre id=\"tw-target-text\" class=\"wp-block-preformatted\"><\/pre>\n\n\n<div class=\"overflow\">\n  <div class=\"post-slider swiper post-slider--small\" data-schema=\"small\">\n\n    <div class=\"swiper-wrapper\">\n              <div class=\"swiper-slide post-slide\">\n                      <div class=\"post-slide__label\">\n              TOP 10            <\/div>\n                      <a href=\"https:\/\/www.polonia.travel\/es\/cracovia-1978\/\" class=\"post-box post-box--small\" style=\" background-image: url(https:\/\/www.polonia.travel\/es\/wp-content\/uploads\/sites\/18\/2023\/07\/Krakow1170-600x400.jpg);\">\n          <div class=\"post-box__hover\" style=\"background-image: url(https:\/\/www.polonia.travel\/es\/wp-content\/uploads\/sites\/18\/2022\/12\/krakow_rynek_2_1170-600x400.jpg);\"><\/div>\n        <div class=\"post-box__info\">\n            <div class=\"post-box__title\">Cracovia (1978)<\/div>\n      <div class=\"post-box__more\">Leer m\u00e1s<\/div>\n    <\/div>\n  <\/a>\n\n          <\/div>\n              <div class=\"swiper-slide post-slide\">\n                      <div class=\"post-slide__label\">\n              TOP 10            <\/div>\n                      <a href=\"https:\/\/www.polonia.travel\/es\/la-mina-de-sal-de-wieliczka-1978-y-bochnia\/\" class=\"post-box post-box--small\" style=\" background-image: url(https:\/\/www.polonia.travel\/es\/wp-content\/uploads\/sites\/18\/2023\/01\/unesco-600x399.jpg);\">\n          <div class=\"post-box__hover\" style=\"background-image: url(https:\/\/www.polonia.travel\/es\/wp-content\/uploads\/sites\/18\/2022\/12\/bochnia_10_1170-600x400.jpg);\"><\/div>\n        <div class=\"post-box__info\">\n            <div class=\"post-box__title\">La Mina de Sal de Wieliczka (1978) y Bochnia<\/div>\n      <div class=\"post-box__more\">Leer m\u00e1s<\/div>\n    <\/div>\n  <\/a>\n\n          <\/div>\n              <div class=\"swiper-slide post-slide\">\n                      <div class=\"post-slide__label\">\n              TOP 10            <\/div>\n                      <a href=\"https:\/\/www.polonia.travel\/es\/parque-nacional-de-los-tatra\/\" class=\"post-box post-box--small\" style=\" background-image: url(https:\/\/www.polonia.travel\/es\/wp-content\/uploads\/sites\/18\/2023\/07\/1077_Tatry-Gasienicowa_PG_HR-600x400.jpg);\">\n          <div class=\"post-box__hover\" style=\"background-image: url(https:\/\/www.polonia.travel\/es\/wp-content\/uploads\/sites\/18\/2024\/04\/AdobeStock_398429625_Tatry-kadr-600x400.jpeg);\"><\/div>\n        <div class=\"post-box__info\">\n            <div class=\"post-box__title\">Parque Nacional de los Tatra<\/div>\n      <div class=\"post-box__more\">Leer m\u00e1s<\/div>\n    <\/div>\n  <\/a>\n\n          <\/div>\n              <div class=\"swiper-slide post-slide\">\n                      <div class=\"post-slide__label\">\n              TOP 10            <\/div>\n                      <a href=\"https:\/\/www.polonia.travel\/es\/varsovia-el-cuento-del-patito-feo-hecho-realidad\/\" class=\"post-box post-box--small\" style=\" background-image: url(https:\/\/www.polonia.travel\/es\/wp-content\/uploads\/sites\/18\/2022\/12\/warszawa_panorama_starego_miasta_na_tle_centrum_1170-600x400.jpg);\">\n          <div class=\"post-box__hover\" style=\"background-image: url(https:\/\/www.polonia.travel\/es\/wp-content\/uploads\/sites\/18\/2023\/02\/206197146_Warszawa_plac_zamkowy_Adobe-xl-600x367.jpg);\"><\/div>\n        <div class=\"post-box__info\">\n            <div class=\"post-box__title\">Varsovia, del cuento del &#8222;patito feo&#8221; a \u2026<\/div>\n      <div class=\"post-box__more\">Leer m\u00e1s<\/div>\n    <\/div>\n  <\/a>\n\n          <\/div>\n              <div class=\"swiper-slide post-slide\">\n                      <div class=\"post-slide__label\">\n              TOP 10            <\/div>\n                      <a href=\"https:\/\/www.polonia.travel\/es\/malbork-1997\/\" class=\"post-box post-box--small\" style=\" background-image: url(https:\/\/www.polonia.travel\/es\/wp-content\/uploads\/sites\/18\/2023\/07\/zamek_malbork_1170-600x400.jpg);\">\n          <div class=\"post-box__hover\" style=\"background-image: url(https:\/\/www.polonia.travel\/es\/wp-content\/uploads\/sites\/18\/2022\/12\/zamek_w_malborku_1170-2-600x400.jpg);\"><\/div>\n        <div class=\"post-box__info\">\n            <div class=\"post-box__title\">Malbork (1997)<\/div>\n      <div class=\"post-box__more\">Leer m\u00e1s<\/div>\n    <\/div>\n  <\/a>\n\n          <\/div>\n              <div class=\"swiper-slide post-slide\">\n                      <div class=\"post-slide__label\">\n              TOP 10            <\/div>\n                      <a href=\"https:\/\/www.polonia.travel\/es\/gdansk-ciudad-de-la-libertad\/\" class=\"post-box post-box--small\" style=\" background-image: url(https:\/\/www.polonia.travel\/es\/wp-content\/uploads\/sites\/18\/2022\/12\/gdansk_fontanna_neptuna_1170-600x400.jpg);\">\n          <div class=\"post-box__hover\" style=\"background-image: url(https:\/\/www.polonia.travel\/es\/wp-content\/uploads\/sites\/18\/2023\/07\/Gdanskfull1170-600x400.jpg);\"><\/div>\n        <div class=\"post-box__info\">\n            <div class=\"post-box__title\">Gda\u0144sk, ciudad de la Libertad<\/div>\n      <div class=\"post-box__more\">Leer m\u00e1s<\/div>\n    <\/div>\n  <\/a>\n\n          <\/div>\n              <div class=\"swiper-slide post-slide\">\n                      <div class=\"post-slide__label\">\n              TOP 10            <\/div>\n                      <a href=\"https:\/\/www.polonia.travel\/es\/torun-ciudad-natal-de-nicolas-copernico\/\" class=\"post-box post-box--small\" style=\" background-image: url(https:\/\/www.polonia.travel\/es\/wp-content\/uploads\/sites\/18\/2022\/12\/torun_panorama_wisla_1170-600x400.jpg);\">\n          <div class=\"post-box__hover\" style=\"background-image: url(https:\/\/www.polonia.travel\/es\/wp-content\/uploads\/sites\/18\/2022\/12\/Torun_krzywawieza-1-600x400.jpg);\"><\/div>\n        <div class=\"post-box__info\">\n            <div class=\"post-box__title\">Torun, ciudad natal de Nicol\u00e1s Cop\u00e9rnico<\/div>\n      <div class=\"post-box__more\">Leer m\u00e1s<\/div>\n    <\/div>\n  <\/a>\n\n          <\/div>\n              <div class=\"swiper-slide post-slide\">\n                      <div class=\"post-slide__label\">\n              TOP 10            <\/div>\n                      <a href=\"https:\/\/www.polonia.travel\/es\/parque-nacional-de-bialowieza\/\" class=\"post-box post-box--small\" style=\" background-image: url(https:\/\/www.polonia.travel\/es\/wp-content\/uploads\/sites\/18\/2023\/07\/bialowiezaforest-600x400.jpg);\">\n          <div class=\"post-box__hover\" style=\"background-image: url(https:\/\/www.polonia.travel\/es\/wp-content\/uploads\/sites\/18\/2023\/02\/zubr-bialowieza-600x399.webp);\"><\/div>\n        <div class=\"post-box__info\">\n            <div class=\"post-box__title\">Parque Nacional de Bia\u0142owie\u017ca<\/div>\n      <div class=\"post-box__more\">Leer m\u00e1s<\/div>\n    <\/div>\n  <\/a>\n\n          <\/div>\n              <div class=\"swiper-slide post-slide\">\n                      <div class=\"post-slide__label\">\n              TOP 10            <\/div>\n                      <a href=\"https:\/\/www.polonia.travel\/es\/wroclaw-capital-de-la-baja-silesia\/\" class=\"post-box post-box--small\" style=\" background-image: url(https:\/\/www.polonia.travel\/es\/wp-content\/uploads\/sites\/18\/2024\/04\/WROCLAW_2-600x400.jpg);\">\n          <div class=\"post-box__hover\" style=\"background-image: url(https:\/\/www.polonia.travel\/es\/wp-content\/uploads\/sites\/18\/2024\/04\/wroclaw_krasnal_540.jpg);\"><\/div>\n        <div class=\"post-box__info\">\n            <div class=\"post-box__title\">Wroclaw, capital de la Baja Silesia<\/div>\n      <div class=\"post-box__more\">Leer m\u00e1s<\/div>\n    <\/div>\n  <\/a>\n\n          <\/div>\n              <div class=\"swiper-slide post-slide\">\n                      <div class=\"post-slide__label\">\n              TOP 10            <\/div>\n                      <a href=\"https:\/\/www.polonia.travel\/es\/poznan-la-capital-de-polonia-mayor\/\" class=\"post-box post-box--small\" style=\" background-image: url(https:\/\/www.polonia.travel\/es\/wp-content\/uploads\/sites\/18\/2024\/04\/poznan20z20logo20POT20nw20d-600x397.jpg);\">\n          <div class=\"post-box__hover\" style=\"background-image: url(https:\/\/www.polonia.travel\/es\/wp-content\/uploads\/sites\/18\/2022\/12\/poznan20ichot-1-600x400.jpg);\"><\/div>\n        <div class=\"post-box__info\">\n            <div class=\"post-box__title\">Pozna\u0144, la capital de Polonia Mayor<\/div>\n      <div class=\"post-box__more\">Leer m\u00e1s<\/div>\n    <\/div>\n  <\/a>\n\n          <\/div>\n          <\/div>\n    <div class=\"post-slider__pagination\"><\/div>\n  <\/div>\n<\/div>\n\n\n\n<div style=\"height:96px\" aria-hidden=\"true\" class=\"wp-block-spacer is-style-spacer-small\"><\/div>\n\n\n\n<div class=\"wp-block-group is-style-container-medium\"><div class=\"wp-block-group__inner-container is-layout-constrained wp-block-group-is-layout-constrained\">\n<h2 class=\"wp-block-heading is-style-heading-48\">Grandes atractivos<\/h2>\n\n\n\n<p><br><\/p>\n<\/div><\/div>\n\n\n\n<div class=\"wp-block-group is-style-container-medium\"><div class=\"wp-block-group__inner-container is-layout-constrained wp-block-group-is-layout-constrained\">\n<div style=\"height:30px\" aria-hidden=\"true\" class=\"wp-block-spacer\"><\/div>\n\n\n\n  <div class=\"links-tiles links-tiles--row-1\" id=\"listing\">\n                      <div class=\"link-row\">\n    <a href=\"https:\/\/www.polonia.travel\/es\/cracovia-la-cautivadora\/\" class=\"link-row__photo\">\n      <img loading=\"lazy\" decoding=\"async\" width=\"1170\" height=\"780\" src=\"https:\/\/www.polonia.travel\/es\/wp-content\/uploads\/sites\/18\/2023\/07\/Krakow1170.jpg\" class=\"attachment-large size-large\" alt=\"\" srcset=\"https:\/\/www.polonia.travel\/es\/wp-content\/uploads\/sites\/18\/2023\/07\/Krakow1170.jpg 1170w, https:\/\/www.polonia.travel\/es\/wp-content\/uploads\/sites\/18\/2023\/07\/Krakow1170-600x400.jpg 600w, https:\/\/www.polonia.travel\/es\/wp-content\/uploads\/sites\/18\/2023\/07\/Krakow1170-768x512.jpg 768w\" sizes=\"auto, (max-width: 1170px) 100vw, 1170px\" \/>    <\/a>\n    <div class=\"link-row__info\">\n            <div class=\"link-row__title\">\n        <a href=\"https:\/\/www.polonia.travel\/es\/cracovia-la-cautivadora\/\">Cracovia la cautivadora<\/a>\n      <\/div>\n      <div class=\"link-row__excerpt\">\n        Cracovia es un coloso de arte y arquitectura, y su Casco Antiguo ha sido declarado por la UNESCO, como Lugar protegido de la Historia Universal. Pero Cracovia es tambi\u00e9n una ciudad moderna, la segunda m\u00e1s grande en Polonia. Situada en un lugar rocoso desde el que se puede ver el r\u00edo V\u00edstula, Cracovia atrae cada [&hellip;]      <\/div>\n      <a href=\"https:\/\/www.polonia.travel\/es\/cracovia-la-cautivadora\/\" class=\"link-row__more\">Leer m\u00e1s<\/a>\n    <\/div>\n  <\/div>\n\n                              <div class=\"link-row\">\n    <a href=\"https:\/\/www.polonia.travel\/es\/torun-ciudad-natal-de-nicolas-copernico\/\" class=\"link-row__photo\">\n      <img loading=\"lazy\" decoding=\"async\" width=\"1170\" height=\"780\" src=\"https:\/\/www.polonia.travel\/es\/wp-content\/uploads\/sites\/18\/2022\/12\/torun_panorama_wisla_1170.jpg\" class=\"attachment-large size-large\" alt=\"Panorama of the Old Town in Toru\u0144\" srcset=\"https:\/\/www.polonia.travel\/es\/wp-content\/uploads\/sites\/18\/2022\/12\/torun_panorama_wisla_1170.jpg 1170w, https:\/\/www.polonia.travel\/es\/wp-content\/uploads\/sites\/18\/2022\/12\/torun_panorama_wisla_1170-600x400.jpg 600w, https:\/\/www.polonia.travel\/es\/wp-content\/uploads\/sites\/18\/2022\/12\/torun_panorama_wisla_1170-768x512.jpg 768w\" sizes=\"auto, (max-width: 1170px) 100vw, 1170px\" \/>    <\/a>\n    <div class=\"link-row__info\">\n            <div class=\"link-row__title\">\n        <a href=\"https:\/\/www.polonia.travel\/es\/torun-ciudad-natal-de-nicolas-copernico\/\">Torun, ciudad natal de Nicol\u00e1s Cop\u00e9rnico<\/a>\n      <\/div>\n      <div class=\"link-row__excerpt\">\n        En esta ciudad destaca la Plaza Mayor,&nbsp;con el Ayuntamiento en su parte central. Desde lo alto de la torre del ayuntamiento se divisa una maravillosa vista panor\u00e1mica. Otros monumentos son la estatua de Cop\u00e9rnico, la casa de la familia de Cop\u00e9rnico, tres iglesias g\u00f3ticas, las murallas defensivas y accesos medievales a la ciudad, las ruinas [&hellip;]      <\/div>\n      <a href=\"https:\/\/www.polonia.travel\/es\/torun-ciudad-natal-de-nicolas-copernico\/\" class=\"link-row__more\">Leer m\u00e1s<\/a>\n    <\/div>\n  <\/div>\n\n                              <div class=\"link-row\">\n    <a href=\"https:\/\/www.polonia.travel\/es\/varsovia-el-cuento-del-patito-feo-hecho-realidad\/\" class=\"link-row__photo\">\n      <img loading=\"lazy\" decoding=\"async\" width=\"1170\" height=\"780\" src=\"https:\/\/www.polonia.travel\/es\/wp-content\/uploads\/sites\/18\/2022\/12\/warszawa_panorama_starego_miasta_na_tle_centrum_1170.jpg\" class=\"attachment-large size-large\" alt=\"\" srcset=\"https:\/\/www.polonia.travel\/es\/wp-content\/uploads\/sites\/18\/2022\/12\/warszawa_panorama_starego_miasta_na_tle_centrum_1170.jpg 1170w, https:\/\/www.polonia.travel\/es\/wp-content\/uploads\/sites\/18\/2022\/12\/warszawa_panorama_starego_miasta_na_tle_centrum_1170-600x400.jpg 600w, https:\/\/www.polonia.travel\/es\/wp-content\/uploads\/sites\/18\/2022\/12\/warszawa_panorama_starego_miasta_na_tle_centrum_1170-768x512.jpg 768w\" sizes=\"auto, (max-width: 1170px) 100vw, 1170px\" \/>    <\/a>\n    <div class=\"link-row__info\">\n            <div class=\"link-row__title\">\n        <a href=\"https:\/\/www.polonia.travel\/es\/varsovia-el-cuento-del-patito-feo-hecho-realidad\/\">Varsovia, del cuento del &#8222;patito feo&#8221; a \u2026<\/a>\n      <\/div>\n      <div class=\"link-row__excerpt\">\n        Varsovia: heroica, orgullosa, aplastada y renacida; cl\u00e1sica y moderna, tradicional y cosmopolita. Aut\u00e9ntica. Varsovia se encuentra en el centro del pa\u00eds y est\u00e1 localizada en las principales rutas de tr\u00e1nsito internacional. Ocupa ambas orillas del r\u00edo V\u00edstula y tiene una poblaci\u00f3n de casi 1.7 millones de habitantes. La ciudad que renaci\u00f3 de sus cenizas La [&hellip;]      <\/div>\n      <a href=\"https:\/\/www.polonia.travel\/es\/varsovia-el-cuento-del-patito-feo-hecho-realidad\/\" class=\"link-row__more\">Leer m\u00e1s<\/a>\n    <\/div>\n  <\/div>\n\n                              <div class=\"link-row\">\n    <a href=\"https:\/\/www.polonia.travel\/es\/wroclaw-capital-de-la-baja-silesia\/\" class=\"link-row__photo\">\n      <img loading=\"lazy\" decoding=\"async\" width=\"1170\" height=\"780\" src=\"https:\/\/www.polonia.travel\/es\/wp-content\/uploads\/sites\/18\/2024\/04\/WROCLAW_2.jpg\" class=\"attachment-large size-large\" alt=\"\" srcset=\"https:\/\/www.polonia.travel\/es\/wp-content\/uploads\/sites\/18\/2024\/04\/WROCLAW_2.jpg 1170w, https:\/\/www.polonia.travel\/es\/wp-content\/uploads\/sites\/18\/2024\/04\/WROCLAW_2-600x400.jpg 600w, https:\/\/www.polonia.travel\/es\/wp-content\/uploads\/sites\/18\/2024\/04\/WROCLAW_2-768x512.jpg 768w\" sizes=\"auto, (max-width: 1170px) 100vw, 1170px\" \/>    <\/a>\n    <div class=\"link-row__info\">\n            <div class=\"link-row__title\">\n        <a href=\"https:\/\/www.polonia.travel\/es\/wroclaw-capital-de-la-baja-silesia\/\">Wroclaw, capital de la Baja Silesia<\/a>\n      <\/div>\n      <div class=\"link-row__excerpt\">\n        Es una ciudad monumental e innovadora al mismo tiempo, y probablemente la \u00fanica de Europa donde puedes visitar la ciudad siguiendo la ruta de los gnomos.&nbsp;Son m\u00e1s de trescientas peque\u00f1as figuritas, convenientemente situadas en puntos clave del casco antiguo de Wroc\u0142aw, para sacar una tierna sonrisa al visitante. Representan diferentes profesiones o categor\u00edas, dependiendo del [&hellip;]      <\/div>\n      <a href=\"https:\/\/www.polonia.travel\/es\/wroclaw-capital-de-la-baja-silesia\/\" class=\"link-row__more\">Leer m\u00e1s<\/a>\n    <\/div>\n  <\/div>\n\n                              <div class=\"link-row\">\n    <a href=\"https:\/\/www.polonia.travel\/es\/parque-nacional-de-bialowieza\/\" class=\"link-row__photo\">\n      <img loading=\"lazy\" decoding=\"async\" width=\"960\" height=\"640\" src=\"https:\/\/www.polonia.travel\/es\/wp-content\/uploads\/sites\/18\/2023\/07\/bialowiezaforest.jpg\" class=\"attachment-large size-large\" alt=\"\" srcset=\"https:\/\/www.polonia.travel\/es\/wp-content\/uploads\/sites\/18\/2023\/07\/bialowiezaforest.jpg 960w, https:\/\/www.polonia.travel\/es\/wp-content\/uploads\/sites\/18\/2023\/07\/bialowiezaforest-600x400.jpg 600w, https:\/\/www.polonia.travel\/es\/wp-content\/uploads\/sites\/18\/2023\/07\/bialowiezaforest-768x512.jpg 768w\" sizes=\"auto, (max-width: 960px) 100vw, 960px\" \/>    <\/a>\n    <div class=\"link-row__info\">\n            <div class=\"link-row__title\">\n        <a href=\"https:\/\/www.polonia.travel\/es\/parque-nacional-de-bialowieza\/\">Parque Nacional de Bia\u0142owie\u017ca<\/a>\n      <\/div>\n      <div class=\"link-row__excerpt\">\n        Cualquier \u00e9poca del a\u00f1o es buena para hacer una escapada all\u00ed pero para contratar la excursi\u00f3n &#8222;cara a cara&#8221; con el bisonte, el final del oto\u00f1o y el invierno es el mejor momento. Los animales se pueden ver con claridad por falta del follaje y no hay que madrugar tanto como en verano para acercarse [&hellip;]      <\/div>\n      <a href=\"https:\/\/www.polonia.travel\/es\/parque-nacional-de-bialowieza\/\" class=\"link-row__more\">Leer m\u00e1s<\/a>\n    <\/div>\n  <\/div>\n\n                              <div class=\"link-row\">\n    <a href=\"https:\/\/www.polonia.travel\/es\/parque-nacional-de-los-tatra\/\" class=\"link-row__photo\">\n      <img loading=\"lazy\" decoding=\"async\" width=\"1020\" height=\"680\" src=\"https:\/\/www.polonia.travel\/es\/wp-content\/uploads\/sites\/18\/2023\/07\/1077_Tatry-Gasienicowa_PG_HR.jpg\" class=\"attachment-large size-large\" alt=\"\" srcset=\"https:\/\/www.polonia.travel\/es\/wp-content\/uploads\/sites\/18\/2023\/07\/1077_Tatry-Gasienicowa_PG_HR.jpg 1020w, https:\/\/www.polonia.travel\/es\/wp-content\/uploads\/sites\/18\/2023\/07\/1077_Tatry-Gasienicowa_PG_HR-600x400.jpg 600w, https:\/\/www.polonia.travel\/es\/wp-content\/uploads\/sites\/18\/2023\/07\/1077_Tatry-Gasienicowa_PG_HR-768x512.jpg 768w\" sizes=\"auto, (max-width: 1020px) 100vw, 1020px\" \/>    <\/a>\n    <div class=\"link-row__info\">\n            <div class=\"link-row__title\">\n        <a href=\"https:\/\/www.polonia.travel\/es\/parque-nacional-de-los-tatra\/\">Parque Nacional de los Tatra<\/a>\n      <\/div>\n      <div class=\"link-row__excerpt\">\n        En la zona hasta 1500 m crecen principalmente bosques de abetos rojos mezclados con abetos blancos, hayas y cembros. M\u00e1s arriba crece el pino enano. Por encima de los 1800 m los bosques con pinos de monta\u00f1a se intercalan con franjas de hierbas de alta monta\u00f1a y con prados de monta\u00f1a, y desde los 2300 [&hellip;]      <\/div>\n      <a href=\"https:\/\/www.polonia.travel\/es\/parque-nacional-de-los-tatra\/\" class=\"link-row__more\">Leer m\u00e1s<\/a>\n    <\/div>\n  <\/div>\n\n                              <div class=\"link-row\">\n    <a href=\"https:\/\/www.polonia.travel\/es\/la-mina-de-sal-de-wieliczka-1978-y-bochnia\/\" class=\"link-row__photo\">\n      <img loading=\"lazy\" decoding=\"async\" width=\"700\" height=\"465\" src=\"https:\/\/www.polonia.travel\/es\/wp-content\/uploads\/sites\/18\/2023\/01\/unesco.jpg\" class=\"attachment-large size-large\" alt=\"UNESCO\" srcset=\"https:\/\/www.polonia.travel\/es\/wp-content\/uploads\/sites\/18\/2023\/01\/unesco.jpg 700w, https:\/\/www.polonia.travel\/es\/wp-content\/uploads\/sites\/18\/2023\/01\/unesco-600x399.jpg 600w\" sizes=\"auto, (max-width: 700px) 100vw, 700px\" \/>    <\/a>\n    <div class=\"link-row__info\">\n            <div class=\"link-row__title\">\n        <a href=\"https:\/\/www.polonia.travel\/es\/la-mina-de-sal-de-wieliczka-1978-y-bochnia\/\">La Mina de Sal de Wieliczka (1978) y Bochnia<\/a>\n      <\/div>\n      <div class=\"link-row__excerpt\">\n        A la hora de la reserva y compra de las entradas online, habr\u00e1 dos posibilidades: el Itinerario Tur\u00edstico (con opci\u00f3n de realizarla en espa\u00f1ol seg\u00fan lo arriba indicado) y el Itinerario Minero (de momento disponible en ingl\u00e9s).&nbsp;El itinerario tur\u00edstico tiene una duraci\u00f3n aproximada de 2-3 horas, recorriendo una distancia de 3,5 km. En cambio, el [&hellip;]      <\/div>\n      <a href=\"https:\/\/www.polonia.travel\/es\/la-mina-de-sal-de-wieliczka-1978-y-bochnia\/\" class=\"link-row__more\">Leer m\u00e1s<\/a>\n    <\/div>\n  <\/div>\n\n                              <div class=\"link-row\">\n    <a href=\"https:\/\/www.polonia.travel\/es\/malbork-1997\/\" class=\"link-row__photo\">\n      <img loading=\"lazy\" decoding=\"async\" width=\"1170\" height=\"780\" src=\"https:\/\/www.polonia.travel\/es\/wp-content\/uploads\/sites\/18\/2023\/07\/zamek_malbork_1170.jpg\" class=\"attachment-large size-large\" alt=\"\" srcset=\"https:\/\/www.polonia.travel\/es\/wp-content\/uploads\/sites\/18\/2023\/07\/zamek_malbork_1170.jpg 1170w, https:\/\/www.polonia.travel\/es\/wp-content\/uploads\/sites\/18\/2023\/07\/zamek_malbork_1170-600x400.jpg 600w, https:\/\/www.polonia.travel\/es\/wp-content\/uploads\/sites\/18\/2023\/07\/zamek_malbork_1170-768x512.jpg 768w\" sizes=\"auto, (max-width: 1170px) 100vw, 1170px\" \/>    <\/a>\n    <div class=\"link-row__info\">\n            <div class=\"link-row__title\">\n        <a href=\"https:\/\/www.polonia.travel\/es\/malbork-1997\/\">Malbork (1997)<\/a>\n      <\/div>\n      <div class=\"link-row__excerpt\">\n        Fue construido como sede del Gran Maestre de la Orden Teut\u00f3nica y la visita incluye casi todas las zonas del recinto. La visita se puede realizar con audio-gu\u00eda o con gu\u00edas locales (recomendado reservar con antelaci\u00f3n). Si se dispone de tiempo,&nbsp; en verano merece programar la estancia por la noche para ver el espect\u00e1culo de [&hellip;]      <\/div>\n      <a href=\"https:\/\/www.polonia.travel\/es\/malbork-1997\/\" class=\"link-row__more\">Leer m\u00e1s<\/a>\n    <\/div>\n  <\/div>\n\n                              <div class=\"link-row\">\n    <a href=\"https:\/\/www.polonia.travel\/es\/warmia-y-masuria-los-tres-colores\/\" class=\"link-row__photo\">\n      <img loading=\"lazy\" decoding=\"async\" width=\"1170\" height=\"680\" src=\"https:\/\/www.polonia.travel\/es\/wp-content\/uploads\/sites\/18\/2023\/08\/8_lato23.jpg\" class=\"attachment-large size-large\" alt=\"\" srcset=\"https:\/\/www.polonia.travel\/es\/wp-content\/uploads\/sites\/18\/2023\/08\/8_lato23.jpg 1170w, https:\/\/www.polonia.travel\/es\/wp-content\/uploads\/sites\/18\/2023\/08\/8_lato23-600x349.jpg 600w, https:\/\/www.polonia.travel\/es\/wp-content\/uploads\/sites\/18\/2023\/08\/8_lato23-768x446.jpg 768w\" sizes=\"auto, (max-width: 1170px) 100vw, 1170px\" \/>    <\/a>\n    <div class=\"link-row__info\">\n            <div class=\"link-row__title\">\n        <a href=\"https:\/\/www.polonia.travel\/es\/warmia-y-masuria-los-tres-colores\/\">WARMIA y MASURIA, los tres colores<\/a>\n      <\/div>\n      <div class=\"link-row__excerpt\">\n        Es uno de los lugares muy populares durante el verano. Los lagos m\u00e1s peque\u00f1os (en la parte de Warmia) y grandes lagos de Masuria, divididos por bosques o praderas, dan mucho de s\u00ed para satisfacer tanto a los que buscan actividades al aire libre, como a los que prefieren descansar en las playas, lejos del [&hellip;]      <\/div>\n      <a href=\"https:\/\/www.polonia.travel\/es\/warmia-y-masuria-los-tres-colores\/\" class=\"link-row__more\">Leer m\u00e1s<\/a>\n    <\/div>\n  <\/div>\n\n                              <div class=\"link-row\">\n    <a href=\"https:\/\/www.polonia.travel\/es\/zamosc-ciudad-ideal\/\" class=\"link-row__photo\">\n      <img loading=\"lazy\" decoding=\"async\" width=\"1200\" height=\"800\" src=\"https:\/\/www.polonia.travel\/es\/wp-content\/uploads\/sites\/18\/2024\/04\/61845854_Zamosc_ratusz201-1200x800.jpg\" class=\"attachment-large size-large\" alt=\"\" srcset=\"https:\/\/www.polonia.travel\/es\/wp-content\/uploads\/sites\/18\/2024\/04\/61845854_Zamosc_ratusz201-1200x800.jpg 1200w, https:\/\/www.polonia.travel\/es\/wp-content\/uploads\/sites\/18\/2024\/04\/61845854_Zamosc_ratusz201-600x400.jpg 600w, https:\/\/www.polonia.travel\/es\/wp-content\/uploads\/sites\/18\/2024\/04\/61845854_Zamosc_ratusz201-768x512.jpg 768w, https:\/\/www.polonia.travel\/es\/wp-content\/uploads\/sites\/18\/2024\/04\/61845854_Zamosc_ratusz201.jpg 1536w\" sizes=\"auto, (max-width: 1200px) 100vw, 1200px\" \/>    <\/a>\n    <div class=\"link-row__info\">\n            <div class=\"link-row__title\">\n        <a href=\"https:\/\/www.polonia.travel\/es\/zamosc-ciudad-ideal\/\">Zamo\u015b\u0107, ciudad ideal<\/a>\n      <\/div>\n      <div class=\"link-row__excerpt\">\n        Lo que vemos hoy en d\u00eda en Zamo\u015b\u0107 es su trazado y tejido arquitect\u00f3nicos pr\u00e1cticamente intactos:&nbsp;los edificios de las familias burguesas, con \u00e1ticos en su parte superior, un magn\u00edfico ayuntamiento, iglesias y fortificaciones de los siglos XVI a XIX. Situada en rutas comerciales entre el Mar Negro y el norte y oeste de Europa, Zamo\u015b\u0107 [&hellip;]      <\/div>\n      <a href=\"https:\/\/www.polonia.travel\/es\/zamosc-ciudad-ideal\/\" class=\"link-row__more\">Leer m\u00e1s<\/a>\n    <\/div>\n  <\/div>\n\n              <\/div>\n  \n\n\n\n<div style=\"height:29px\" aria-hidden=\"true\" class=\"wp-block-spacer is-style-spacer-small\"><\/div>\n<\/div><\/div>\n\n\n\n<div class=\"wp-block-group is-style-container\"><div class=\"wp-block-group__inner-container is-layout-constrained wp-block-group-is-layout-constrained\">  <div class=\"gallery-tiles gallery-tiles--rows-2-3 lightgallery\">\r\n          <a href=\"https:\/\/www.polonia.travel\/es\/wp-content\/uploads\/sites\/18\/2023\/02\/206197146_Warszawa_plac_zamkowy_Adobe-xl.jpg\" class=\"gallery-tiles__item\" data-src=\"https:\/\/www.polonia.travel\/es\/wp-content\/uploads\/sites\/18\/2023\/02\/206197146_Warszawa_plac_zamkowy_Adobe-xl.jpg\"\r\n        aria-label=\"Otw\u00f3rz powi\u0119kszone zdj\u0119cie: Castle Square in Warsaw on the Royal Route\">\r\n        <img loading=\"lazy\" decoding=\"async\" width=\"1200\" height=\"733\" src=\"https:\/\/www.polonia.travel\/es\/wp-content\/uploads\/sites\/18\/2023\/02\/206197146_Warszawa_plac_zamkowy_Adobe-xl-1200x733.jpg\" class=\"gallery-tiles__thumb\" alt=\"Castle Square in Warsaw on the Royal Route\" srcset=\"https:\/\/www.polonia.travel\/es\/wp-content\/uploads\/sites\/18\/2023\/02\/206197146_Warszawa_plac_zamkowy_Adobe-xl-1200x733.jpg 1200w, https:\/\/www.polonia.travel\/es\/wp-content\/uploads\/sites\/18\/2023\/02\/206197146_Warszawa_plac_zamkowy_Adobe-xl-600x367.jpg 600w, https:\/\/www.polonia.travel\/es\/wp-content\/uploads\/sites\/18\/2023\/02\/206197146_Warszawa_plac_zamkowy_Adobe-xl-768x469.jpg 768w, https:\/\/www.polonia.travel\/es\/wp-content\/uploads\/sites\/18\/2023\/02\/206197146_Warszawa_plac_zamkowy_Adobe-xl.jpg 1224w\" sizes=\"auto, (max-width: 1200px) 100vw, 1200px\" \/>      <\/a>\r\n          <a href=\"https:\/\/www.polonia.travel\/es\/wp-content\/uploads\/sites\/18\/2022\/12\/krakow_wawel_2_1170-3.jpg\" class=\"gallery-tiles__item\" data-src=\"https:\/\/www.polonia.travel\/es\/wp-content\/uploads\/sites\/18\/2022\/12\/krakow_wawel_2_1170-3.jpg\"\r\n        aria-label=\"Otw\u00f3rz powi\u0119kszone zdj\u0119cie: Wawel Hill in Krakow\">\r\n        <img loading=\"lazy\" decoding=\"async\" width=\"1170\" height=\"780\" src=\"https:\/\/www.polonia.travel\/es\/wp-content\/uploads\/sites\/18\/2022\/12\/krakow_wawel_2_1170-3.jpg\" class=\"gallery-tiles__thumb\" alt=\"Wawel Hill in Krakow\" srcset=\"https:\/\/www.polonia.travel\/es\/wp-content\/uploads\/sites\/18\/2022\/12\/krakow_wawel_2_1170-3.jpg 1170w, https:\/\/www.polonia.travel\/es\/wp-content\/uploads\/sites\/18\/2022\/12\/krakow_wawel_2_1170-3-600x400.jpg 600w, https:\/\/www.polonia.travel\/es\/wp-content\/uploads\/sites\/18\/2022\/12\/krakow_wawel_2_1170-3-768x512.jpg 768w\" sizes=\"auto, (max-width: 1170px) 100vw, 1170px\" \/>      <\/a>\r\n          <a href=\"https:\/\/www.polonia.travel\/es\/wp-content\/uploads\/sites\/18\/2022\/12\/Wroclaw_rynek-1.jpg\" class=\"gallery-tiles__item\" data-src=\"https:\/\/www.polonia.travel\/es\/wp-content\/uploads\/sites\/18\/2022\/12\/Wroclaw_rynek-1.jpg\"\r\n        aria-label=\"Otw\u00f3rz powi\u0119kszone zdj\u0119cie: Market Square in the Old Town in Wroc\u0142aw\">\r\n        <img loading=\"lazy\" decoding=\"async\" width=\"1170\" height=\"780\" src=\"https:\/\/www.polonia.travel\/es\/wp-content\/uploads\/sites\/18\/2022\/12\/Wroclaw_rynek-1.jpg\" class=\"gallery-tiles__thumb\" alt=\"Market Square in the Old Town in Wroc\u0142aw\" srcset=\"https:\/\/www.polonia.travel\/es\/wp-content\/uploads\/sites\/18\/2022\/12\/Wroclaw_rynek-1.jpg 1170w, https:\/\/www.polonia.travel\/es\/wp-content\/uploads\/sites\/18\/2022\/12\/Wroclaw_rynek-1-600x400.jpg 600w, https:\/\/www.polonia.travel\/es\/wp-content\/uploads\/sites\/18\/2022\/12\/Wroclaw_rynek-1-768x512.jpg 768w\" sizes=\"auto, (max-width: 1170px) 100vw, 1170px\" \/>      <\/a>\r\n          <a href=\"https:\/\/www.polonia.travel\/es\/wp-content\/uploads\/sites\/18\/2022\/12\/torun_panorama_wisla_1170.jpg\" class=\"gallery-tiles__item\" data-src=\"https:\/\/www.polonia.travel\/es\/wp-content\/uploads\/sites\/18\/2022\/12\/torun_panorama_wisla_1170.jpg\"\r\n        aria-label=\"Otw\u00f3rz powi\u0119kszone zdj\u0119cie: Panorama of the Old Town in Toru\u0144\">\r\n        <img loading=\"lazy\" decoding=\"async\" width=\"1170\" height=\"780\" src=\"https:\/\/www.polonia.travel\/es\/wp-content\/uploads\/sites\/18\/2022\/12\/torun_panorama_wisla_1170.jpg\" class=\"gallery-tiles__thumb\" alt=\"Panorama of the Old Town in Toru\u0144\" srcset=\"https:\/\/www.polonia.travel\/es\/wp-content\/uploads\/sites\/18\/2022\/12\/torun_panorama_wisla_1170.jpg 1170w, https:\/\/www.polonia.travel\/es\/wp-content\/uploads\/sites\/18\/2022\/12\/torun_panorama_wisla_1170-600x400.jpg 600w, https:\/\/www.polonia.travel\/es\/wp-content\/uploads\/sites\/18\/2022\/12\/torun_panorama_wisla_1170-768x512.jpg 768w\" sizes=\"auto, (max-width: 1170px) 100vw, 1170px\" \/>      <\/a>\r\n          <a href=\"https:\/\/www.polonia.travel\/es\/wp-content\/uploads\/sites\/18\/2022\/12\/zamosc_2_1170.jpg\" class=\"gallery-tiles__item\" data-src=\"https:\/\/www.polonia.travel\/es\/wp-content\/uploads\/sites\/18\/2022\/12\/zamosc_2_1170.jpg\"\r\n        aria-label=\"Otw\u00f3rz powi\u0119kszone zdj\u0119cie: The Great Market Square in the Old Town of Zamo\u015b\u0107\">\r\n        <img loading=\"lazy\" decoding=\"async\" width=\"1170\" height=\"780\" src=\"https:\/\/www.polonia.travel\/es\/wp-content\/uploads\/sites\/18\/2022\/12\/zamosc_2_1170.jpg\" class=\"gallery-tiles__thumb\" alt=\"The Great Market Square in the Old Town of Zamo\u015b\u0107\" srcset=\"https:\/\/www.polonia.travel\/es\/wp-content\/uploads\/sites\/18\/2022\/12\/zamosc_2_1170.jpg 1170w, https:\/\/www.polonia.travel\/es\/wp-content\/uploads\/sites\/18\/2022\/12\/zamosc_2_1170-600x400.jpg 600w, https:\/\/www.polonia.travel\/es\/wp-content\/uploads\/sites\/18\/2022\/12\/zamosc_2_1170-768x512.jpg 768w\" sizes=\"auto, (max-width: 1170px) 100vw, 1170px\" \/>      <\/a>\r\n          <a href=\"https:\/\/www.polonia.travel\/es\/wp-content\/uploads\/sites\/18\/2022\/12\/kopalnia_soli_wieliczka_1170.jpg\" class=\"gallery-tiles__item\" data-src=\"https:\/\/www.polonia.travel\/es\/wp-content\/uploads\/sites\/18\/2022\/12\/kopalnia_soli_wieliczka_1170.jpg\"\r\n        aria-label=\"Otw\u00f3rz powi\u0119kszone zdj\u0119cie: Wieliczka\">\r\n        <img loading=\"lazy\" decoding=\"async\" width=\"1170\" height=\"780\" src=\"https:\/\/www.polonia.travel\/es\/wp-content\/uploads\/sites\/18\/2022\/12\/kopalnia_soli_wieliczka_1170.jpg\" class=\"gallery-tiles__thumb\" alt=\"Wieliczka\" srcset=\"https:\/\/www.polonia.travel\/es\/wp-content\/uploads\/sites\/18\/2022\/12\/kopalnia_soli_wieliczka_1170.jpg 1170w, https:\/\/www.polonia.travel\/es\/wp-content\/uploads\/sites\/18\/2022\/12\/kopalnia_soli_wieliczka_1170-600x400.jpg 600w, https:\/\/www.polonia.travel\/es\/wp-content\/uploads\/sites\/18\/2022\/12\/kopalnia_soli_wieliczka_1170-768x512.jpg 768w\" sizes=\"auto, (max-width: 1170px) 100vw, 1170px\" \/>      <\/a>\r\n          <a href=\"https:\/\/www.polonia.travel\/es\/wp-content\/uploads\/sites\/18\/2022\/12\/zamek_w_malborku_1170-2.jpg\" class=\"gallery-tiles__item\" data-src=\"https:\/\/www.polonia.travel\/es\/wp-content\/uploads\/sites\/18\/2022\/12\/zamek_w_malborku_1170-2.jpg\"\r\n        aria-label=\"Otw\u00f3rz powi\u0119kszone zdj\u0119cie: Castle in Malbork\">\r\n        <img loading=\"lazy\" decoding=\"async\" width=\"1170\" height=\"780\" src=\"https:\/\/www.polonia.travel\/es\/wp-content\/uploads\/sites\/18\/2022\/12\/zamek_w_malborku_1170-2.jpg\" class=\"gallery-tiles__thumb\" alt=\"Castle in Malbork\" srcset=\"https:\/\/www.polonia.travel\/es\/wp-content\/uploads\/sites\/18\/2022\/12\/zamek_w_malborku_1170-2.jpg 1170w, https:\/\/www.polonia.travel\/es\/wp-content\/uploads\/sites\/18\/2022\/12\/zamek_w_malborku_1170-2-600x400.jpg 600w, https:\/\/www.polonia.travel\/es\/wp-content\/uploads\/sites\/18\/2022\/12\/zamek_w_malborku_1170-2-768x512.jpg 768w\" sizes=\"auto, (max-width: 1170px) 100vw, 1170px\" \/>      <\/a>\r\n          <a href=\"https:\/\/www.polonia.travel\/es\/wp-content\/uploads\/sites\/18\/2022\/12\/tatry_czarnostawianska_siklawa_i_morskie_oko_1170.jpg\" class=\"gallery-tiles__item\" data-src=\"https:\/\/www.polonia.travel\/es\/wp-content\/uploads\/sites\/18\/2022\/12\/tatry_czarnostawianska_siklawa_i_morskie_oko_1170.jpg\"\r\n        aria-label=\"Otw\u00f3rz powi\u0119kszone zdj\u0119cie: Morskie Oko in the Tatra National Park\">\r\n        <img loading=\"lazy\" decoding=\"async\" width=\"1170\" height=\"780\" src=\"https:\/\/www.polonia.travel\/es\/wp-content\/uploads\/sites\/18\/2022\/12\/tatry_czarnostawianska_siklawa_i_morskie_oko_1170.jpg\" class=\"gallery-tiles__thumb\" alt=\"Morskie Oko in the Tatra National Park\" srcset=\"https:\/\/www.polonia.travel\/es\/wp-content\/uploads\/sites\/18\/2022\/12\/tatry_czarnostawianska_siklawa_i_morskie_oko_1170.jpg 1170w, https:\/\/www.polonia.travel\/es\/wp-content\/uploads\/sites\/18\/2022\/12\/tatry_czarnostawianska_siklawa_i_morskie_oko_1170-600x400.jpg 600w, https:\/\/www.polonia.travel\/es\/wp-content\/uploads\/sites\/18\/2022\/12\/tatry_czarnostawianska_siklawa_i_morskie_oko_1170-768x512.jpg 768w\" sizes=\"auto, (max-width: 1170px) 100vw, 1170px\" \/>      <\/a>\r\n          <a href=\"https:\/\/www.polonia.travel\/es\/wp-content\/uploads\/sites\/18\/2022\/12\/mazury_mragowo_jezioro_czos_1170.jpg\" class=\"gallery-tiles__item\" data-src=\"https:\/\/www.polonia.travel\/es\/wp-content\/uploads\/sites\/18\/2022\/12\/mazury_mragowo_jezioro_czos_1170.jpg\"\r\n        aria-label=\"Otw\u00f3rz powi\u0119kszone zdj\u0119cie: Lake Czos\">\r\n        <img loading=\"lazy\" decoding=\"async\" width=\"1170\" height=\"780\" src=\"https:\/\/www.polonia.travel\/es\/wp-content\/uploads\/sites\/18\/2022\/12\/mazury_mragowo_jezioro_czos_1170.jpg\" class=\"gallery-tiles__thumb\" alt=\"Lake Czos\" srcset=\"https:\/\/www.polonia.travel\/es\/wp-content\/uploads\/sites\/18\/2022\/12\/mazury_mragowo_jezioro_czos_1170.jpg 1170w, https:\/\/www.polonia.travel\/es\/wp-content\/uploads\/sites\/18\/2022\/12\/mazury_mragowo_jezioro_czos_1170-600x400.jpg 600w, https:\/\/www.polonia.travel\/es\/wp-content\/uploads\/sites\/18\/2022\/12\/mazury_mragowo_jezioro_czos_1170-768x512.jpg 768w\" sizes=\"auto, (max-width: 1170px) 100vw, 1170px\" \/>      <\/a>\r\n          <a href=\"https:\/\/www.polonia.travel\/es\/wp-content\/uploads\/sites\/18\/2022\/12\/miejsce_mocy_bialowieza_1170.jpg\" class=\"gallery-tiles__item\" data-src=\"https:\/\/www.polonia.travel\/es\/wp-content\/uploads\/sites\/18\/2022\/12\/miejsce_mocy_bialowieza_1170.jpg\"\r\n        aria-label=\"Otw\u00f3rz powi\u0119kszone zdj\u0119cie: Place of Power in the Bia\u0142owie\u017ca Forest\">\r\n        <img loading=\"lazy\" decoding=\"async\" width=\"1170\" height=\"780\" src=\"https:\/\/www.polonia.travel\/es\/wp-content\/uploads\/sites\/18\/2022\/12\/miejsce_mocy_bialowieza_1170.jpg\" class=\"gallery-tiles__thumb\" alt=\"Place of Power in the Bia\u0142owie\u017ca Forest\" srcset=\"https:\/\/www.polonia.travel\/es\/wp-content\/uploads\/sites\/18\/2022\/12\/miejsce_mocy_bialowieza_1170.jpg 1170w, https:\/\/www.polonia.travel\/es\/wp-content\/uploads\/sites\/18\/2022\/12\/miejsce_mocy_bialowieza_1170-600x400.jpg 600w, https:\/\/www.polonia.travel\/es\/wp-content\/uploads\/sites\/18\/2022\/12\/miejsce_mocy_bialowieza_1170-768x512.jpg 768w\" sizes=\"auto, (max-width: 1170px) 100vw, 1170px\" \/>      <\/a>\r\n      <\/div>\r\n<\/div><\/div>\n\n\n\n<div style=\"height:100px\" aria-hidden=\"true\" class=\"wp-block-spacer\"><\/div>\n","protected":false},"excerpt":{"rendered":"<p>Grandes atractivos<\/p>\n","protected":false},"author":3,"featured_media":0,"parent":0,"menu_order":0,"comment_status":"closed","ping_status":"closed","template":"","meta":{"_acf_changed":false,"footnotes":""},"class_list":["post-23159","page","type-page","status-publish","hentry"],"acf":[],"yoast_head":"<!-- This site is optimized with the Yoast SEO plugin v27.4 - https:\/\/yoast.com\/product\/yoast-seo-wordpress\/ -->\n<title>Grandes atractivos - Polonia Travel (ES)<\/title>\n<meta name=\"robots\" content=\"index, follow, max-snippet:-1, max-image-preview:large, max-video-preview:-1\" \/>\n<link rel=\"canonical\" href=\"https:\/\/www.polonia.travel\/es\/grandes-atractivos\/\" \/>\n<meta property=\"og:locale\" content=\"pl_PL\" \/>\n<meta property=\"og:type\" content=\"article\" \/>\n<meta property=\"og:title\" content=\"Grandes atractivos - Polonia Travel (ES)\" \/>\n<meta property=\"og:description\" content=\"Grandes atractivos\" \/>\n<meta property=\"og:url\" content=\"https:\/\/www.polonia.travel\/es\/grandes-atractivos\/\" \/>\n<meta property=\"og:site_name\" content=\"Polonia Travel (ES)\" \/>\n<meta property=\"article:modified_time\" content=\"2025-01-30T11:39:34+00:00\" \/>\n<meta name=\"twitter:card\" content=\"summary_large_image\" \/>\n<meta name=\"twitter:label1\" content=\"Szacowany czas czytania\" \/>\n\t<meta name=\"twitter:data1\" content=\"1 minuta\" \/>\n<script type=\"application\/ld+json\" class=\"yoast-schema-graph\">{\"@context\":\"https:\\\/\\\/schema.org\",\"@graph\":[{\"@type\":\"WebPage\",\"@id\":\"https:\\\/\\\/www.polonia.travel\\\/es\\\/grandes-atractivos\\\/\",\"url\":\"https:\\\/\\\/www.polonia.travel\\\/es\\\/grandes-atractivos\\\/\",\"name\":\"Grandes atractivos - Polonia Travel (ES)\",\"isPartOf\":{\"@id\":\"https:\\\/\\\/www.polonia.travel\\\/es\\\/#website\"},\"datePublished\":\"2023-04-07T08:27:05+00:00\",\"dateModified\":\"2025-01-30T11:39:34+00:00\",\"breadcrumb\":{\"@id\":\"https:\\\/\\\/www.polonia.travel\\\/es\\\/grandes-atractivos\\\/#breadcrumb\"},\"inLanguage\":\"pl-PL\",\"potentialAction\":[{\"@type\":\"ReadAction\",\"target\":[\"https:\\\/\\\/www.polonia.travel\\\/es\\\/grandes-atractivos\\\/\"]}]},{\"@type\":\"BreadcrumbList\",\"@id\":\"https:\\\/\\\/www.polonia.travel\\\/es\\\/grandes-atractivos\\\/#breadcrumb\",\"itemListElement\":[{\"@type\":\"ListItem\",\"position\":1,\"name\":\"Home page\",\"item\":\"https:\\\/\\\/www.polonia.travel\\\/es\\\/\"},{\"@type\":\"ListItem\",\"position\":2,\"name\":\"Grandes atractivos\"}]},{\"@type\":\"WebSite\",\"@id\":\"https:\\\/\\\/www.polonia.travel\\\/es\\\/#website\",\"url\":\"https:\\\/\\\/www.polonia.travel\\\/es\\\/\",\"name\":\"Polonia Travel (ES)\",\"description\":\"...\",\"publisher\":{\"@id\":\"https:\\\/\\\/www.polonia.travel\\\/es\\\/#organization\"},\"potentialAction\":[{\"@type\":\"SearchAction\",\"target\":{\"@type\":\"EntryPoint\",\"urlTemplate\":\"https:\\\/\\\/www.polonia.travel\\\/es\\\/?s={search_term_string}\"},\"query-input\":{\"@type\":\"PropertyValueSpecification\",\"valueRequired\":true,\"valueName\":\"search_term_string\"}}],\"inLanguage\":\"pl-PL\"},{\"@type\":\"Organization\",\"@id\":\"https:\\\/\\\/www.polonia.travel\\\/es\\\/#organization\",\"name\":\"Polonia Travel (ES)\",\"url\":\"https:\\\/\\\/www.polonia.travel\\\/es\\\/\",\"logo\":{\"@type\":\"ImageObject\",\"inLanguage\":\"pl-PL\",\"@id\":\"https:\\\/\\\/www.polonia.travel\\\/es\\\/#\\\/schema\\\/logo\\\/image\\\/\",\"url\":\"\",\"contentUrl\":\"\",\"caption\":\"Polonia Travel (ES)\"},\"image\":{\"@id\":\"https:\\\/\\\/www.polonia.travel\\\/es\\\/#\\\/schema\\\/logo\\\/image\\\/\"}}]}<\/script>\n<!-- \/ Yoast SEO plugin. -->","yoast_head_json":{"title":"Grandes atractivos - Polonia Travel (ES)","robots":{"index":"index","follow":"follow","max-snippet":"max-snippet:-1","max-image-preview":"max-image-preview:large","max-video-preview":"max-video-preview:-1"},"canonical":"https:\/\/www.polonia.travel\/es\/grandes-atractivos\/","og_locale":"pl_PL","og_type":"article","og_title":"Grandes atractivos - Polonia Travel (ES)","og_description":"Grandes atractivos","og_url":"https:\/\/www.polonia.travel\/es\/grandes-atractivos\/","og_site_name":"Polonia Travel (ES)","article_modified_time":"2025-01-30T11:39:34+00:00","twitter_card":"summary_large_image","twitter_misc":{"Szacowany czas czytania":"1 minuta"},"schema":{"@context":"https:\/\/schema.org","@graph":[{"@type":"WebPage","@id":"https:\/\/www.polonia.travel\/es\/grandes-atractivos\/","url":"https:\/\/www.polonia.travel\/es\/grandes-atractivos\/","name":"Grandes atractivos - Polonia Travel (ES)","isPartOf":{"@id":"https:\/\/www.polonia.travel\/es\/#website"},"datePublished":"2023-04-07T08:27:05+00:00","dateModified":"2025-01-30T11:39:34+00:00","breadcrumb":{"@id":"https:\/\/www.polonia.travel\/es\/grandes-atractivos\/#breadcrumb"},"inLanguage":"pl-PL","potentialAction":[{"@type":"ReadAction","target":["https:\/\/www.polonia.travel\/es\/grandes-atractivos\/"]}]},{"@type":"BreadcrumbList","@id":"https:\/\/www.polonia.travel\/es\/grandes-atractivos\/#breadcrumb","itemListElement":[{"@type":"ListItem","position":1,"name":"Home page","item":"https:\/\/www.polonia.travel\/es\/"},{"@type":"ListItem","position":2,"name":"Grandes atractivos"}]},{"@type":"WebSite","@id":"https:\/\/www.polonia.travel\/es\/#website","url":"https:\/\/www.polonia.travel\/es\/","name":"Polonia Travel (ES)","description":"...","publisher":{"@id":"https:\/\/www.polonia.travel\/es\/#organization"},"potentialAction":[{"@type":"SearchAction","target":{"@type":"EntryPoint","urlTemplate":"https:\/\/www.polonia.travel\/es\/?s={search_term_string}"},"query-input":{"@type":"PropertyValueSpecification","valueRequired":true,"valueName":"search_term_string"}}],"inLanguage":"pl-PL"},{"@type":"Organization","@id":"https:\/\/www.polonia.travel\/es\/#organization","name":"Polonia Travel (ES)","url":"https:\/\/www.polonia.travel\/es\/","logo":{"@type":"ImageObject","inLanguage":"pl-PL","@id":"https:\/\/www.polonia.travel\/es\/#\/schema\/logo\/image\/","url":"","contentUrl":"","caption":"Polonia Travel (ES)"},"image":{"@id":"https:\/\/www.polonia.travel\/es\/#\/schema\/logo\/image\/"}}]}},"_links":{"self":[{"href":"https:\/\/www.polonia.travel\/es\/wp-json\/wp\/v2\/pages\/23159","targetHints":{"allow":["GET"]}}],"collection":[{"href":"https:\/\/www.polonia.travel\/es\/wp-json\/wp\/v2\/pages"}],"about":[{"href":"https:\/\/www.polonia.travel\/es\/wp-json\/wp\/v2\/types\/page"}],"author":[{"embeddable":true,"href":"https:\/\/www.polonia.travel\/es\/wp-json\/wp\/v2\/users\/3"}],"replies":[{"embeddable":true,"href":"https:\/\/www.polonia.travel\/es\/wp-json\/wp\/v2\/comments?post=23159"}],"version-history":[{"count":178,"href":"https:\/\/www.polonia.travel\/es\/wp-json\/wp\/v2\/pages\/23159\/revisions"}],"predecessor-version":[{"id":36680,"href":"https:\/\/www.polonia.travel\/es\/wp-json\/wp\/v2\/pages\/23159\/revisions\/36680"}],"wp:attachment":[{"href":"https:\/\/www.polonia.travel\/es\/wp-json\/wp\/v2\/media?parent=23159"}],"curies":[{"name":"wp","href":"https:\/\/api.w.org\/{rel}","templated":true}]}}