{"id":22354,"date":"2023-03-24T14:43:49","date_gmt":"2023-03-24T13:43:49","guid":{"rendered":"https:\/\/en-en.polska.travel\/?page_id=22354"},"modified":"2024-09-20T11:36:44","modified_gmt":"2024-09-20T09:36:44","slug":"parques-nacionales","status":"publish","type":"page","link":"https:\/\/www.polonia.travel\/es\/parques-nacionales\/","title":{"rendered":"Parques Nacionales"},"content":{"rendered":"\n<div class=\"wp-block-group is-style-container\"><div class=\"wp-block-group__inner-container is-layout-constrained wp-block-group-is-layout-constrained\">\n<h2 class=\"wp-block-heading is-style-heading-48\">Parques Nacionales<\/h2>\n\n\n\n<p>Si bien es cierto que el primer espacio natural del mundo que se convirti\u00f3 en una zona protegida es el Parque Nacional de Yellowstone (EEUU, 1872), en Europa tenemos 250 parques nacionales, de los cuales 23 se encuentran en Polonia ocupando el 1% de su territorio. Est\u00e1n localizados en casi cualquier regi\u00f3n del pa\u00eds y su variedad asombra:<\/p>\n\n\n\n<p><strong>los m\u00e1s antiguos<\/strong> fueron creados formalmente en 1932. Tanto el <strong>Parque Nacional Pieninski<\/strong> (cerca de Cracovia) como el de <strong>Bialowieza<\/strong> (a 260 km de Varsovia) fueron durante siglos zonas de caza reales y, por tanto, de acceso restringido para los dem\u00e1s;<\/p>\n\n\n\n<p>la <strong>importancia<\/strong> del <strong>Parque Nacional de Bialowieza<\/strong>&nbsp;es <strong>universal<\/strong> al ser el h\u00e1bitat natural del bisonte europeo;<\/p>\n\n\n\n<p><strong>el m\u00e1s joven<\/strong> de los parques, <strong>La Delta de Warta<\/strong> (<em><strong>Ujscie Warty<\/strong><\/em>) en la regi\u00f3n de <strong>Wielkopolska,<\/strong> es el punto de parada para aves que viajan en oto\u00f1o al sur de Europa;<\/p>\n\n\n\n<p><strong>el m\u00e1s grande<\/strong>, <strong>Parque Nacional <em>Biebrzanski<\/em><\/strong> protege las zonas pantanosas m\u00e1s grandes de Europa Central y sus aves acu\u00e1ticas;<\/p>\n\n\n\n<p>el <strong>Parque Nacional<\/strong> del <strong>r\u00edo Narew<\/strong> es&nbsp;el segundo en el mundo cuyo curso recuerda una trenza a vista de p\u00e1jaro;<\/p>\n\n\n\n<p>hay solamente dos &#8222;selvas&#8221; en la inmediata proximidad de una gran ciudad; la primera en Nigeria y la otra, en Varsovia que se ve protegida por el <strong>Parque Nacional <em>Kampinoski<\/em><\/strong><em>;<\/em><\/p>\n\n\n\n<p>entre <strong>los m\u00e1s populares<\/strong> y visitados est\u00e1 el <strong>Parque Nacional de los Tatra<\/strong>, el <strong>Parque Nacional de Karkonoski<\/strong> y el <em><strong>Slowinski <\/strong><\/em>con las famosas dunas movedizas.<\/p>\n\n\n  <div class=\"map-points random\">\r\n    <div class=\"map-points__text-list sr-only\" aria-label=\"Lista punkt\u00f3w na mapie\">\r\n      <h3>Dost\u0119pne punkty na mapie:<\/h3>\r\n      <ul>\r\n                  <li>\r\n            <button type=\"button\" class=\"map-text-point\" data-id=\"29592\"\r\n              aria-describedby=\"mpi-29592\">\r\n              Parque Nacional Ojcowski (y dos castillos)            <\/button>\r\n          <\/li>\r\n                  <li>\r\n            <button type=\"button\" class=\"map-text-point\" data-id=\"22662\"\r\n              aria-describedby=\"mpi-22662\">\r\n              Parque Nacional Wigierski            <\/button>\r\n          <\/li>\r\n                  <li>\r\n            <button type=\"button\" class=\"map-text-point\" data-id=\"22661\"\r\n              aria-describedby=\"mpi-22661\">\r\n              Parque Nacional del Biebrza            <\/button>\r\n          <\/li>\r\n                  <li>\r\n            <button type=\"button\" class=\"map-text-point\" data-id=\"22660\"\r\n              aria-describedby=\"mpi-22660\">\r\n              Parque Nacional del Narew            <\/button>\r\n          <\/li>\r\n                  <li>\r\n            <button type=\"button\" class=\"map-text-point\" data-id=\"22659\"\r\n              aria-describedby=\"mpi-22659\">\r\n              Parque Nacional de Bia\u0142owie\u017ca            <\/button>\r\n          <\/li>\r\n                  <li>\r\n            <button type=\"button\" class=\"map-text-point\" data-id=\"22656\"\r\n              aria-describedby=\"mpi-22656\">\r\n              Parque Nacional de Kampinos            <\/button>\r\n          <\/li>\r\n                  <li>\r\n            <button type=\"button\" class=\"map-text-point\" data-id=\"22654\"\r\n              aria-describedby=\"mpi-22654\">\r\n              Parque Nacional de Polesie            <\/button>\r\n          <\/li>\r\n                  <li>\r\n            <button type=\"button\" class=\"map-text-point\" data-id=\"22546\"\r\n              aria-describedby=\"mpi-22546\">\r\n              Parque Nacional de Roztocze            <\/button>\r\n          <\/li>\r\n                  <li>\r\n            <button type=\"button\" class=\"map-text-point\" data-id=\"22545\"\r\n              aria-describedby=\"mpi-22545\">\r\n              Swietokrzyski National Park            <\/button>\r\n          <\/li>\r\n                  <li>\r\n            <button type=\"button\" class=\"map-text-point\" data-id=\"22544\"\r\n              aria-describedby=\"mpi-22544\">\r\n              Parque Nacional de Babia G\u00f3ra            <\/button>\r\n          <\/li>\r\n                  <li>\r\n            <button type=\"button\" class=\"map-text-point\" data-id=\"22543\"\r\n              aria-describedby=\"mpi-22543\">\r\n              Parque Nacional de los Gorce            <\/button>\r\n          <\/li>\r\n                  <li>\r\n            <button type=\"button\" class=\"map-text-point\" data-id=\"22542\"\r\n              aria-describedby=\"mpi-22542\">\r\n              Parque Nacional de los Tatra            <\/button>\r\n          <\/li>\r\n                  <li>\r\n            <button type=\"button\" class=\"map-text-point\" data-id=\"22541\"\r\n              aria-describedby=\"mpi-22541\">\r\n              Parque Nacional de los Pienines            <\/button>\r\n          <\/li>\r\n                  <li>\r\n            <button type=\"button\" class=\"map-text-point\" data-id=\"22538\"\r\n              aria-describedby=\"mpi-22538\">\r\n              Parque Nacional de Magura            <\/button>\r\n          <\/li>\r\n                  <li>\r\n            <button type=\"button\" class=\"map-text-point\" data-id=\"22537\"\r\n              aria-describedby=\"mpi-22537\">\r\n              Parque Nacional de Bieszczady            <\/button>\r\n          <\/li>\r\n                  <li>\r\n            <button type=\"button\" class=\"map-text-point\" data-id=\"22536\"\r\n              aria-describedby=\"mpi-22536\">\r\n              Parque Nacional de los Montes Sto\u0142owe            <\/button>\r\n          <\/li>\r\n                  <li>\r\n            <button type=\"button\" class=\"map-text-point\" data-id=\"22530\"\r\n              aria-describedby=\"mpi-22530\">\r\n              Parque Nacional de los Karkonosze            <\/button>\r\n          <\/li>\r\n                  <li>\r\n            <button type=\"button\" class=\"map-text-point\" data-id=\"22488\"\r\n              aria-describedby=\"mpi-22488\">\r\n              Parque Nacional Wielkopolski            <\/button>\r\n          <\/li>\r\n                  <li>\r\n            <button type=\"button\" class=\"map-text-point\" data-id=\"22486\"\r\n              aria-describedby=\"mpi-22486\">\r\n              Parque Nacional de los Bosques de Tuchola            <\/button>\r\n          <\/li>\r\n                  <li>\r\n            <button type=\"button\" class=\"map-text-point\" data-id=\"22485\"\r\n              aria-describedby=\"mpi-22485\">\r\n              Parque Nacional Drawie\u0144ski            <\/button>\r\n          <\/li>\r\n                  <li>\r\n            <button type=\"button\" class=\"map-text-point\" data-id=\"22483\"\r\n              aria-describedby=\"mpi-22483\">\r\n              Parque Nacional \u00a8Desembocadura del Warta\u00a8            <\/button>\r\n          <\/li>\r\n                  <li>\r\n            <button type=\"button\" class=\"map-text-point\" data-id=\"22481\"\r\n              aria-describedby=\"mpi-22481\">\r\n              Parque Nacional S\u0142owi\u0144ski            <\/button>\r\n          <\/li>\r\n                  <li>\r\n            <button type=\"button\" class=\"map-text-point\" data-id=\"22359\"\r\n              aria-describedby=\"mpi-22359\">\r\n              Parque Nacional de Wolin            <\/button>\r\n          <\/li>\r\n              <\/ul>\r\n    <\/div>\r\n\r\n    <div class=\"map-points__map\" aria-hidden=\"true\">\r\n              <img loading=\"lazy\" decoding=\"async\" src=\"https:\/\/www.polonia.travel\/es\/wp-content\/themes\/polskatravel\/assets\/images\/map.jpg\" alt= width=\"540\" height=\"540\" \/>\r\n      \r\n              <button type=\"button\"\r\n          class=\"map-point map-point--right active\"\r\n          style=\"left:56.11%;top:76.3%;\"\r\n          data-id=\"29592\" aria-current=\"true\"          aria-label=\"Wybierz punkt: Parque Nacional Ojcowski (y dos castillos)\">\r\n          <span class=\"map-point__name\">Parque Nacional Ojcowski (y dos castillos)<\/span>\r\n        <\/button>\r\n              <button type=\"button\"\r\n          class=\"map-point map-point--right\"\r\n          style=\"left:83%;top:23%;\"\r\n          data-id=\"22662\"           aria-label=\"Wybierz punkt: Parque Nacional Wigierski\">\r\n          <span class=\"map-point__name\">Parque Nacional Wigierski<\/span>\r\n        <\/button>\r\n              <button type=\"button\"\r\n          class=\"map-point map-point--right\"\r\n          style=\"left:80%;top:30%;\"\r\n          data-id=\"22661\"           aria-label=\"Wybierz punkt: Parque Nacional del Biebrza\">\r\n          <span class=\"map-point__name\">Parque Nacional del Biebrza<\/span>\r\n        <\/button>\r\n              <button type=\"button\"\r\n          class=\"map-point map-point--right\"\r\n          style=\"left:83%;top:36%;\"\r\n          data-id=\"22660\"           aria-label=\"Wybierz punkt: Parque Nacional del Narew\">\r\n          <span class=\"map-point__name\">Parque Nacional del Narew<\/span>\r\n        <\/button>\r\n              <button type=\"button\"\r\n          class=\"map-point map-point--right\"\r\n          style=\"left:89%;top:40%;\"\r\n          data-id=\"22659\"           aria-label=\"Wybierz punkt: Parque Nacional de Bia\u0142owie\u017ca\">\r\n          <span class=\"map-point__name\">Parque Nacional de Bia\u0142owie\u017ca<\/span>\r\n        <\/button>\r\n              <button type=\"button\"\r\n          class=\"map-point map-point--right\"\r\n          style=\"left:64%;top:46%;\"\r\n          data-id=\"22656\"           aria-label=\"Wybierz punkt: Parque Nacional de Kampinos\">\r\n          <span class=\"map-point__name\">Parque Nacional de Kampinos<\/span>\r\n        <\/button>\r\n              <button type=\"button\"\r\n          class=\"map-point map-point--right\"\r\n          style=\"left:86%;top:60%;\"\r\n          data-id=\"22654\"           aria-label=\"Wybierz punkt: Parque Nacional de Polesie\">\r\n          <span class=\"map-point__name\">Parque Nacional de Polesie<\/span>\r\n        <\/button>\r\n              <button type=\"button\"\r\n          class=\"map-point map-point--right\"\r\n          style=\"left:84%;top:71%;\"\r\n          data-id=\"22546\"           aria-label=\"Wybierz punkt: Parque Nacional de Roztocze\">\r\n          <span class=\"map-point__name\">Parque Nacional de Roztocze<\/span>\r\n        <\/button>\r\n              <button type=\"button\"\r\n          class=\"map-point map-point--right\"\r\n          style=\"left:66%;top:67%;\"\r\n          data-id=\"22545\"           aria-label=\"Wybierz punkt: Swietokrzyski National Park\">\r\n          <span class=\"map-point__name\">Swietokrzyski National Park<\/span>\r\n        <\/button>\r\n              <button type=\"button\"\r\n          class=\"map-point map-point--right\"\r\n          style=\"left:56%;top:84%;\"\r\n          data-id=\"22544\"           aria-label=\"Wybierz punkt: Parque Nacional de Babia G\u00f3ra\">\r\n          <span class=\"map-point__name\">Parque Nacional de Babia G\u00f3ra<\/span>\r\n        <\/button>\r\n              <button type=\"button\"\r\n          class=\"map-point map-point--right\"\r\n          style=\"left:61%;top:82%;\"\r\n          data-id=\"22543\"           aria-label=\"Wybierz punkt: Parque Nacional de los Gorce\">\r\n          <span class=\"map-point__name\">Parque Nacional de los Gorce<\/span>\r\n        <\/button>\r\n              <button type=\"button\"\r\n          class=\"map-point map-point--right\"\r\n          style=\"left:58%;top:89%;\"\r\n          data-id=\"22542\"           aria-label=\"Wybierz punkt: Parque Nacional de los Tatra\">\r\n          <span class=\"map-point__name\">Parque Nacional de los Tatra<\/span>\r\n        <\/button>\r\n              <button type=\"button\"\r\n          class=\"map-point map-point--right\"\r\n          style=\"left:64%;top:85%;\"\r\n          data-id=\"22541\"           aria-label=\"Wybierz punkt: Parque Nacional de los Pienines\">\r\n          <span class=\"map-point__name\">Parque Nacional de los Pienines<\/span>\r\n        <\/button>\r\n              <button type=\"button\"\r\n          class=\"map-point map-point--right\"\r\n          style=\"left:73%;top:85%;\"\r\n          data-id=\"22538\"           aria-label=\"Wybierz punkt: Parque Nacional de Magura\">\r\n          <span class=\"map-point__name\">Parque Nacional de Magura<\/span>\r\n        <\/button>\r\n              <button type=\"button\"\r\n          class=\"map-point map-point--right\"\r\n          style=\"left:81%;top:89%;\"\r\n          data-id=\"22537\"           aria-label=\"Wybierz punkt: Parque Nacional de Bieszczady\">\r\n          <span class=\"map-point__name\">Parque Nacional de Bieszczady<\/span>\r\n        <\/button>\r\n              <button type=\"button\"\r\n          class=\"map-point \"\r\n          style=\"left:28%;top:72%;\"\r\n          data-id=\"22536\"           aria-label=\"Wybierz punkt: Parque Nacional de los Montes Sto\u0142owe\">\r\n          <span class=\"map-point__name\">Parque Nacional de los Montes Sto\u0142owe<\/span>\r\n        <\/button>\r\n              <button type=\"button\"\r\n          class=\"map-point \"\r\n          style=\"left:20%;top:65%;\"\r\n          data-id=\"22530\"           aria-label=\"Wybierz punkt: Parque Nacional de los Karkonosze\">\r\n          <span class=\"map-point__name\">Parque Nacional de los Karkonosze<\/span>\r\n        <\/button>\r\n              <button type=\"button\"\r\n          class=\"map-point \"\r\n          style=\"left:31%;top:50%;\"\r\n          data-id=\"22488\"           aria-label=\"Wybierz punkt: Parque Nacional Wielkopolski\">\r\n          <span class=\"map-point__name\">Parque Nacional Wielkopolski<\/span>\r\n        <\/button>\r\n              <button type=\"button\"\r\n          class=\"map-point \"\r\n          style=\"left:37%;top:27%;\"\r\n          data-id=\"22486\"           aria-label=\"Wybierz punkt: Parque Nacional de los Bosques de Tuchola\">\r\n          <span class=\"map-point__name\">Parque Nacional de los Bosques de Tuchola<\/span>\r\n        <\/button>\r\n              <button type=\"button\"\r\n          class=\"map-point \"\r\n          style=\"left:22%;top:34%;\"\r\n          data-id=\"22485\"           aria-label=\"Wybierz punkt: Parque Nacional Drawie\u0144ski\">\r\n          <span class=\"map-point__name\">Parque Nacional Drawie\u0144ski<\/span>\r\n        <\/button>\r\n              <button type=\"button\"\r\n          class=\"map-point \"\r\n          style=\"left:16%;top:42%;\"\r\n          data-id=\"22483\"           aria-label=\"Wybierz punkt: Parque Nacional \u00a8Desembocadura del Warta\u00a8\">\r\n          <span class=\"map-point__name\">Parque Nacional \u00a8Desembocadura del Warta\u00a8<\/span>\r\n        <\/button>\r\n              <button type=\"button\"\r\n          class=\"map-point \"\r\n          style=\"left:37%;top:14%;\"\r\n          data-id=\"22481\"           aria-label=\"Wybierz punkt: Parque Nacional S\u0142owi\u0144ski\">\r\n          <span class=\"map-point__name\">Parque Nacional S\u0142owi\u0144ski<\/span>\r\n        <\/button>\r\n              <button type=\"button\"\r\n          class=\"map-point \"\r\n          style=\"left:14%;top:23%;\"\r\n          data-id=\"22359\"           aria-label=\"Wybierz punkt: Parque Nacional de Wolin\">\r\n          <span class=\"map-point__name\">Parque Nacional de Wolin<\/span>\r\n        <\/button>\r\n          <\/div>\r\n\r\n    <div class=\"map-points__info\" role=\"region\" aria-live=\"polite\"\r\n      aria-label=\"Informacje o wybranym punkcie\">\r\n      <div class=\"mpi active\" data-id=\"0\">\r\n                <div class=\"mpi__title is-style-heading-28\"><\/div>\r\n        <p><\/p>\r\n      <\/div>\r\n\r\n              <div class=\"mpi\" data-id=\"29592\" id=\"mpi-29592\">\r\n                      <div class=\"mpi__image\">\r\n              <img loading=\"lazy\" decoding=\"async\" width=\"600\" height=\"397\" src=\"https:\/\/www.polonia.travel\/es\/wp-content\/uploads\/sites\/18\/2023\/02\/Ojcowski_PN_1170-600x397.jpg\" class=\"attachment-medium size-medium\" alt=\"\" srcset=\"https:\/\/www.polonia.travel\/es\/wp-content\/uploads\/sites\/18\/2023\/02\/Ojcowski_PN_1170-600x397.jpg 600w, https:\/\/www.polonia.travel\/es\/wp-content\/uploads\/sites\/18\/2023\/02\/Ojcowski_PN_1170-768x508.jpg 768w, https:\/\/www.polonia.travel\/es\/wp-content\/uploads\/sites\/18\/2023\/02\/Ojcowski_PN_1170.jpg 1170w\" sizes=\"auto, (max-width: 600px) 100vw, 600px\" \/>            <\/div>\r\n                    <div class=\"mpi__title is-style-heading-28\">Parque Nacional Ojcowski (y dos castillos)<\/div>\r\n          <p>Situado muy cerca de Cracovia, este parque nacional es una alternativa para los viajeros que aun visitando ciudades hist\u00f3ricas, no quieren prescindir de realizar actividades al aire libre y de estar en contacto con la naturaleza. El espacio protege la parte meridional de la Meseta de Cracovia-Cz\u0119stochowa  (Jura Krakowsko- Cz\u0119stochowska) con los valles del Pr\u0105dnik y del S\u0105sp\u00f3wka.<\/p>\r\n                      <div class=\"text-right\">\r\n              <a href=\"https:\/\/www.polonia.travel\/es\/parque-nacional-ojcowski-y-dos-castillos\/\"\r\n                class=\"btn btn--blue-border\">\r\n                Leer m\u00e1s              <\/a>\r\n            <\/div>\r\n                  <\/div>\r\n              <div class=\"mpi\" data-id=\"22662\" id=\"mpi-22662\">\r\n                      <div class=\"mpi__image\">\r\n              <img loading=\"lazy\" decoding=\"async\" width=\"600\" height=\"400\" src=\"https:\/\/www.polonia.travel\/es\/wp-content\/uploads\/sites\/18\/2022\/12\/wigierski_pn_klasztor_1170-600x400.jpg\" class=\"attachment-medium size-medium\" alt=\"Wigierski Park Narodowy\" srcset=\"https:\/\/www.polonia.travel\/es\/wp-content\/uploads\/sites\/18\/2022\/12\/wigierski_pn_klasztor_1170-600x400.jpg 600w, https:\/\/www.polonia.travel\/es\/wp-content\/uploads\/sites\/18\/2022\/12\/wigierski_pn_klasztor_1170-768x512.jpg 768w, https:\/\/www.polonia.travel\/es\/wp-content\/uploads\/sites\/18\/2022\/12\/wigierski_pn_klasztor_1170.jpg 1170w\" sizes=\"auto, (max-width: 600px) 100vw, 600px\" \/>            <\/div>\r\n                    <div class=\"mpi__title is-style-heading-28\">Parque Nacional Wigierski<\/div>\r\n          <p>El elemento natural m\u00e1s interesante de este parque, situado al noreste de Polonia, son sus lagos, el mayor de los cuales es el Wigry. Estos lagos est\u00e1n comunicados por una red de r\u00edos (el mayor de \u00e9stos es el Czarna Ha\u0144cza).<\/p>\r\n                      <div class=\"text-right\">\r\n              <a href=\"https:\/\/www.polonia.travel\/es\/parque-nacional-wigierski\/\"\r\n                class=\"btn btn--blue-border\">\r\n                Leer m\u00e1s              <\/a>\r\n            <\/div>\r\n                  <\/div>\r\n              <div class=\"mpi\" data-id=\"22661\" id=\"mpi-22661\">\r\n                      <div class=\"mpi__image\">\r\n              <img loading=\"lazy\" decoding=\"async\" width=\"600\" height=\"400\" src=\"https:\/\/www.polonia.travel\/es\/wp-content\/uploads\/sites\/18\/2022\/12\/biebrzanski_pn_biebrza_niebieska_1170-600x400.jpg\" class=\"attachment-medium size-medium\" alt=\"Rozlewiska Biebrzy w Biebrza\u0144skim Parku Narodowym\" srcset=\"https:\/\/www.polonia.travel\/es\/wp-content\/uploads\/sites\/18\/2022\/12\/biebrzanski_pn_biebrza_niebieska_1170-600x400.jpg 600w, https:\/\/www.polonia.travel\/es\/wp-content\/uploads\/sites\/18\/2022\/12\/biebrzanski_pn_biebrza_niebieska_1170-768x512.jpg 768w, https:\/\/www.polonia.travel\/es\/wp-content\/uploads\/sites\/18\/2022\/12\/biebrzanski_pn_biebrza_niebieska_1170.jpg 1170w\" sizes=\"auto, (max-width: 600px) 100vw, 600px\" \/>            <\/div>\r\n                    <div class=\"mpi__title is-style-heading-28\">Parque Nacional del Biebrza<\/div>\r\n          <p>Para los p\u00e1jaros, el valle del r\u00edo Biebrza es uno de los \u00faltimos baluartes para sobrevivir, ya que la mayor\u00eda delos pantanos naturales en Europa han desaparecido.<\/p>\r\n                      <div class=\"text-right\">\r\n              <a href=\"https:\/\/www.polonia.travel\/es\/parque-nacional-del-biebrza\/\"\r\n                class=\"btn btn--blue-border\">\r\n                Leer m\u00e1s              <\/a>\r\n            <\/div>\r\n                  <\/div>\r\n              <div class=\"mpi\" data-id=\"22660\" id=\"mpi-22660\">\r\n                      <div class=\"mpi__image\">\r\n              <img loading=\"lazy\" decoding=\"async\" width=\"600\" height=\"400\" src=\"https:\/\/www.polonia.travel\/es\/wp-content\/uploads\/sites\/18\/2022\/12\/narwianski_park_narodowy_1170-600x400.jpg\" class=\"attachment-medium size-medium\" alt=\"Narwia\u0144ski Park Narodowy\" srcset=\"https:\/\/www.polonia.travel\/es\/wp-content\/uploads\/sites\/18\/2022\/12\/narwianski_park_narodowy_1170-600x400.jpg 600w, https:\/\/www.polonia.travel\/es\/wp-content\/uploads\/sites\/18\/2022\/12\/narwianski_park_narodowy_1170-768x512.jpg 768w, https:\/\/www.polonia.travel\/es\/wp-content\/uploads\/sites\/18\/2022\/12\/narwianski_park_narodowy_1170.jpg 1170w\" sizes=\"auto, (max-width: 600px) 100vw, 600px\" \/>            <\/div>\r\n                    <div class=\"mpi__title is-style-heading-28\">Parque Nacional del Narew<\/div>\r\n          <p>En  la parte noreste de Polonia, en la regi\u00f3n de Podlasie, se encuentran varios parques nacionales. Aparte del famoso parque de Bialowieza, cabe destacar el parque nacional del r\u00edo Narew (Narwianski Park Narodowy).<\/p>\r\n                      <div class=\"text-right\">\r\n              <a href=\"https:\/\/www.polonia.travel\/es\/parque-nacional-del-narew\/\"\r\n                class=\"btn btn--blue-border\">\r\n                Leer m\u00e1s              <\/a>\r\n            <\/div>\r\n                  <\/div>\r\n              <div class=\"mpi\" data-id=\"22659\" id=\"mpi-22659\">\r\n                      <div class=\"mpi__image\">\r\n              <img loading=\"lazy\" decoding=\"async\" width=\"600\" height=\"400\" src=\"https:\/\/www.polonia.travel\/es\/wp-content\/uploads\/sites\/18\/2022\/12\/zubr_w_puszczy_bialowieskiej_1170-600x400.jpeg\" class=\"attachment-medium size-medium\" alt=\"\" srcset=\"https:\/\/www.polonia.travel\/es\/wp-content\/uploads\/sites\/18\/2022\/12\/zubr_w_puszczy_bialowieskiej_1170-600x400.jpeg 600w, https:\/\/www.polonia.travel\/es\/wp-content\/uploads\/sites\/18\/2022\/12\/zubr_w_puszczy_bialowieskiej_1170-768x512.jpeg 768w, https:\/\/www.polonia.travel\/es\/wp-content\/uploads\/sites\/18\/2022\/12\/zubr_w_puszczy_bialowieskiej_1170.jpeg 1170w\" sizes=\"auto, (max-width: 600px) 100vw, 600px\" \/>            <\/div>\r\n                    <div class=\"mpi__title is-style-heading-28\">Parque Nacional de Bia\u0142owie\u017ca<\/div>\r\n          <p>El rey de los parques nacionales en Polonia y en Europa es el Parque Nacional de Bia\u0142owie\u017ca. No solamente es uno de los m\u00e1s antiguos del continente (creado en 1932), sino tambi\u00e9n el \u00fanico lugar donde el bisonte europeo vive en libertad (cuenta en la actualidad con m\u00e1s de 300 ejemplares) y donde se conserva, en la reserva estricta, el llamado bosque primitivo, parte del parque no alterado desde hace 400 a\u00f1os por la actividad del hombre. Por eso, a veces, se habla de la Selva de Bialowieza.<\/p>\r\n                      <div class=\"text-right\">\r\n              <a href=\"https:\/\/www.polonia.travel\/es\/parque-nacional-de-bialowieza\/\"\r\n                class=\"btn btn--blue-border\">\r\n                Leer m\u00e1s              <\/a>\r\n            <\/div>\r\n                  <\/div>\r\n              <div class=\"mpi\" data-id=\"22656\" id=\"mpi-22656\">\r\n                      <div class=\"mpi__image\">\r\n              <img loading=\"lazy\" decoding=\"async\" width=\"600\" height=\"422\" src=\"https:\/\/www.polonia.travel\/es\/wp-content\/uploads\/sites\/18\/2023\/03\/Kampinoski-600x422.jpg\" class=\"attachment-medium size-medium\" alt=\"\" srcset=\"https:\/\/www.polonia.travel\/es\/wp-content\/uploads\/sites\/18\/2023\/03\/Kampinoski-600x422.jpg 600w, https:\/\/www.polonia.travel\/es\/wp-content\/uploads\/sites\/18\/2023\/03\/Kampinoski-768x540.jpg 768w, https:\/\/www.polonia.travel\/es\/wp-content\/uploads\/sites\/18\/2023\/03\/Kampinoski.jpg 1200w\" sizes=\"auto, (max-width: 600px) 100vw, 600px\" \/>            <\/div>\r\n                    <div class=\"mpi__title is-style-heading-28\">Parque Nacional de Kampinos<\/div>\r\n          <p>El Parque Nacional de Kampinos se halla cerca de Varsovia. Es el \u00fanico parque nacional de Europa, y segundo en el mundo, situado junto a una capital de estado. Se cre\u00f3 principalmente con el \ufb01n de preservar los valores naturales de la Selva de Kampinos (Puszcza Kampinoska), que se extiende por el antiguo valle del r\u00edo V\u00edstula.<\/p>\r\n                      <div class=\"text-right\">\r\n              <a href=\"https:\/\/www.polonia.travel\/es\/parque-nacional-de-kampinos\/\"\r\n                class=\"btn btn--blue-border\">\r\n                Leer m\u00e1s              <\/a>\r\n            <\/div>\r\n                  <\/div>\r\n              <div class=\"mpi\" data-id=\"22654\" id=\"mpi-22654\">\r\n                      <div class=\"mpi__image\">\r\n              <img loading=\"lazy\" decoding=\"async\" width=\"600\" height=\"400\" src=\"https:\/\/www.polonia.travel\/es\/wp-content\/uploads\/sites\/18\/2023\/03\/poleski_park2-600x400.jpg\" class=\"attachment-medium size-medium\" alt=\"\" srcset=\"https:\/\/www.polonia.travel\/es\/wp-content\/uploads\/sites\/18\/2023\/03\/poleski_park2-600x400.jpg 600w, https:\/\/www.polonia.travel\/es\/wp-content\/uploads\/sites\/18\/2023\/03\/poleski_park2-1200x801.jpg 1200w, https:\/\/www.polonia.travel\/es\/wp-content\/uploads\/sites\/18\/2023\/03\/poleski_park2-768x513.jpg 768w, https:\/\/www.polonia.travel\/es\/wp-content\/uploads\/sites\/18\/2023\/03\/poleski_park2-1536x1025.jpg 1536w, https:\/\/www.polonia.travel\/es\/wp-content\/uploads\/sites\/18\/2023\/03\/poleski_park2-2048x1367.jpg 2048w, https:\/\/www.polonia.travel\/es\/wp-content\/uploads\/sites\/18\/2023\/03\/poleski_park2-1920x1281.jpg 1920w\" sizes=\"auto, (max-width: 600px) 100vw, 600px\" \/>            <\/div>\r\n                    <div class=\"mpi__title is-style-heading-28\">Parque Nacional de Polesie<\/div>\r\n          <p>El parque est\u00e1 situado en la regi\u00f3n lacustre de \u0141\u0119czna \u2013 W\u0142odawa (Pojezierze \u0141\u0119czy\u0144sko-W\u0142odawskie), en la Polesie de Lublin (Polesie Lubelskie).<\/p>\r\n                      <div class=\"text-right\">\r\n              <a href=\"https:\/\/www.polonia.travel\/es\/parque-nacional-de-polesie\/\"\r\n                class=\"btn btn--blue-border\">\r\n                Leer m\u00e1s              <\/a>\r\n            <\/div>\r\n                  <\/div>\r\n              <div class=\"mpi\" data-id=\"22546\" id=\"mpi-22546\">\r\n                      <div class=\"mpi__image\">\r\n              <img loading=\"lazy\" decoding=\"async\" width=\"540\" height=\"359\" src=\"https:\/\/www.polonia.travel\/es\/wp-content\/uploads\/sites\/18\/2022\/12\/roztoczanski_pn_1_540.jpg\" class=\"attachment-medium size-medium\" alt=\"\" \/>            <\/div>\r\n                    <div class=\"mpi__title is-style-heading-28\">Parque Nacional de Roztocze<\/div>\r\n          <p>El parque ocupa la parte central del sistema monta\u00f1oso de los Roztocze en la franja central del este de Polonia. Las suaves pendientes est\u00e1n cortadas por profundos barrancos.<\/p>\r\n                      <div class=\"text-right\">\r\n              <a href=\"https:\/\/www.polonia.travel\/es\/parque-nacional-de-roztocze\/\"\r\n                class=\"btn btn--blue-border\">\r\n                Leer m\u00e1s              <\/a>\r\n            <\/div>\r\n                  <\/div>\r\n              <div class=\"mpi\" data-id=\"22545\" id=\"mpi-22545\">\r\n                      <div class=\"mpi__image\">\r\n              <img loading=\"lazy\" decoding=\"async\" width=\"600\" height=\"400\" src=\"https:\/\/www.polonia.travel\/es\/wp-content\/uploads\/sites\/18\/2022\/12\/swietokrzyskie_krajobrazy_1170-600x400.jpg\" class=\"attachment-medium size-medium\" alt=\"\" srcset=\"https:\/\/www.polonia.travel\/es\/wp-content\/uploads\/sites\/18\/2022\/12\/swietokrzyskie_krajobrazy_1170-600x400.jpg 600w, https:\/\/www.polonia.travel\/es\/wp-content\/uploads\/sites\/18\/2022\/12\/swietokrzyskie_krajobrazy_1170-768x512.jpg 768w, https:\/\/www.polonia.travel\/es\/wp-content\/uploads\/sites\/18\/2022\/12\/swietokrzyskie_krajobrazy_1170.jpg 1170w\" sizes=\"auto, (max-width: 600px) 100vw, 600px\" \/>            <\/div>\r\n                    <div class=\"mpi__title is-style-heading-28\">Swietokrzyski National Park<\/div>\r\n          <p>El parque comprende la parte m\u00e1s alta de los Montes \u015awi\u0119tokrzyskie (es decir las Monta\u00f1as de Santa Cruz): \u0141ysa G\u00f3ra (Monte Pelado), con su pico m\u00e1s elevado, el \u0141ysica (612 m), que pertenecen a las montanas m\u00e1s viejas de Polonia, compuestas de rocas de la era paleoz\u00f3ica. Una caracter\u00edstica principal del parque son las laderas de las monta\u00f1as peladas sin vegetaci\u00f3n herb\u00e1cea y cubiertas de rocas.<\/p>\r\n                      <div class=\"text-right\">\r\n              <a href=\"https:\/\/www.polonia.travel\/es\/parque-nacional-swietokrzyski\/\"\r\n                class=\"btn btn--blue-border\">\r\n                Leer m\u00e1s              <\/a>\r\n            <\/div>\r\n                  <\/div>\r\n              <div class=\"mpi\" data-id=\"22544\" id=\"mpi-22544\">\r\n                      <div class=\"mpi__image\">\r\n              <img loading=\"lazy\" decoding=\"async\" width=\"540\" height=\"360\" src=\"https:\/\/www.polonia.travel\/es\/wp-content\/uploads\/sites\/18\/2022\/12\/babiogorski_pn_540-1.jpg\" class=\"attachment-medium size-medium\" alt=\"\" \/>            <\/div>\r\n                    <div class=\"mpi__title is-style-heading-28\">Parque Nacional de Babia G\u00f3ra<\/div>\r\n          <p>El Parque Nacional de Babia G\u00f3ra abarca el punto culminante de los Beskides de \u017bywiec: el monte Babia G\u00f3ra (1725 m). Se encuentra en el sur de Polonia y una parte del parque constituye la frontera con Eslovaquia. Las oficinas est\u00e1n localizadas en Zawoja (regi\u00f3n de Polonia Menor), a 75 km de Zakopane, a 40 kim de \u017bywiec y a poco m\u00e1s de 80 desde Cracovia.<\/p>\r\n                      <div class=\"text-right\">\r\n              <a href=\"https:\/\/www.polonia.travel\/es\/parque-nacional-de-babia-gora\/\"\r\n                class=\"btn btn--blue-border\">\r\n                Leer m\u00e1s              <\/a>\r\n            <\/div>\r\n                  <\/div>\r\n              <div class=\"mpi\" data-id=\"22543\" id=\"mpi-22543\">\r\n                      <div class=\"mpi__image\">\r\n              <img loading=\"lazy\" decoding=\"async\" width=\"600\" height=\"397\" src=\"https:\/\/www.polonia.travel\/es\/wp-content\/uploads\/sites\/18\/2023\/02\/Gorce-600x397.jpeg\" class=\"attachment-medium size-medium\" alt=\"\" srcset=\"https:\/\/www.polonia.travel\/es\/wp-content\/uploads\/sites\/18\/2023\/02\/Gorce-600x397.jpeg 600w, https:\/\/www.polonia.travel\/es\/wp-content\/uploads\/sites\/18\/2023\/02\/Gorce-768x508.jpeg 768w, https:\/\/www.polonia.travel\/es\/wp-content\/uploads\/sites\/18\/2023\/02\/Gorce.jpeg 1170w\" sizes=\"auto, (max-width: 600px) 100vw, 600px\" \/>            <\/div>\r\n                    <div class=\"mpi__title is-style-heading-28\">Parque Nacional de los Gorce<\/div>\r\n          <p>El Parque Nacional de los Gorce protege la parte central de la cordillera de los Gorce (Beskides occidentales), exceptuando el monte Turbacz (1310 m), que es su pico m\u00e1s alto. <\/p>\r\n                      <div class=\"text-right\">\r\n              <a href=\"https:\/\/www.polonia.travel\/es\/parque-nacional-de-los-gorce\/\"\r\n                class=\"btn btn--blue-border\">\r\n                Leer m\u00e1s              <\/a>\r\n            <\/div>\r\n                  <\/div>\r\n              <div class=\"mpi\" data-id=\"22542\" id=\"mpi-22542\">\r\n                      <div class=\"mpi__image\">\r\n              <img loading=\"lazy\" decoding=\"async\" width=\"600\" height=\"387\" src=\"https:\/\/www.polonia.travel\/es\/wp-content\/uploads\/sites\/18\/2022\/12\/Tatry_we_mgle-600x387.jpg\" class=\"attachment-medium size-medium\" alt=\"\" srcset=\"https:\/\/www.polonia.travel\/es\/wp-content\/uploads\/sites\/18\/2022\/12\/Tatry_we_mgle-600x387.jpg 600w, https:\/\/www.polonia.travel\/es\/wp-content\/uploads\/sites\/18\/2022\/12\/Tatry_we_mgle-768x495.jpg 768w, https:\/\/www.polonia.travel\/es\/wp-content\/uploads\/sites\/18\/2022\/12\/Tatry_we_mgle.jpg 1170w\" sizes=\"auto, (max-width: 600px) 100vw, 600px\" \/>            <\/div>\r\n                    <div class=\"mpi__title is-style-heading-28\">Parque Nacional de los Tatra<\/div>\r\n          <p>El parque protege el macizo de los Tatra con su pico m\u00e1s alto, el monte Rysy (2499 m), el \u00fanico de Polonia que tiene car\u00e1cter alpino. Este macizo, constituido sobre todo de granito y rocas sedimentarias, se caracteriza por sus afilados picos y rocas colgantes, hondonadas de la \u00e9poca glaciar, barrancos, lagos, cascadas, cuevas y hermosos valles con torrentes de monta\u00f1a que forman uno de los paisajes m\u00e1s pintorescos de Polonia.<\/p>\r\n                      <div class=\"text-right\">\r\n              <a href=\"https:\/\/www.polonia.travel\/es\/parque-nacional-de-los-tatra\/\"\r\n                class=\"btn btn--blue-border\">\r\n                Leer m\u00e1s              <\/a>\r\n            <\/div>\r\n                  <\/div>\r\n              <div class=\"mpi\" data-id=\"22541\" id=\"mpi-22541\">\r\n                      <div class=\"mpi__image\">\r\n              <img loading=\"lazy\" decoding=\"async\" width=\"600\" height=\"400\" src=\"https:\/\/www.polonia.travel\/es\/wp-content\/uploads\/sites\/18\/2022\/12\/pieniny_splyw_dunajcem_1170-600x400.jpg\" class=\"attachment-medium size-medium\" alt=\"Sp\u0142yw tratwami Dunajcem w Pieni\u0144skim Parku Narodowym\" srcset=\"https:\/\/www.polonia.travel\/es\/wp-content\/uploads\/sites\/18\/2022\/12\/pieniny_splyw_dunajcem_1170-600x400.jpg 600w, https:\/\/www.polonia.travel\/es\/wp-content\/uploads\/sites\/18\/2022\/12\/pieniny_splyw_dunajcem_1170-768x512.jpg 768w, https:\/\/www.polonia.travel\/es\/wp-content\/uploads\/sites\/18\/2022\/12\/pieniny_splyw_dunajcem_1170.jpg 1170w\" sizes=\"auto, (max-width: 600px) 100vw, 600px\" \/>            <\/div>\r\n                    <div class=\"mpi__title is-style-heading-28\">Parque Nacional de los Pienines<\/div>\r\n          <p>El parque abarca la parte central del macizo calizo de los Pienines con su punto culminante, el pico de las Tres Coronas (Trzy Korony, 982 m) y las pintorescas gargantas del r\u00edo Dunajec.<\/p>\r\n                      <div class=\"text-right\">\r\n              <a href=\"https:\/\/www.polonia.travel\/es\/parque-nacional-de-los-pienines\/\"\r\n                class=\"btn btn--blue-border\">\r\n                Leer m\u00e1s              <\/a>\r\n            <\/div>\r\n                  <\/div>\r\n              <div class=\"mpi\" data-id=\"22538\" id=\"mpi-22538\">\r\n                      <div class=\"mpi__image\">\r\n              <img loading=\"lazy\" decoding=\"async\" width=\"600\" height=\"400\" src=\"https:\/\/www.polonia.travel\/es\/wp-content\/uploads\/sites\/18\/2023\/03\/Magurski_Park_Narodowy-600x400.jpg\" class=\"attachment-medium size-medium\" alt=\"\" srcset=\"https:\/\/www.polonia.travel\/es\/wp-content\/uploads\/sites\/18\/2023\/03\/Magurski_Park_Narodowy-600x400.jpg 600w, https:\/\/www.polonia.travel\/es\/wp-content\/uploads\/sites\/18\/2023\/03\/Magurski_Park_Narodowy-1200x800.jpg 1200w, https:\/\/www.polonia.travel\/es\/wp-content\/uploads\/sites\/18\/2023\/03\/Magurski_Park_Narodowy-768x512.jpg 768w, https:\/\/www.polonia.travel\/es\/wp-content\/uploads\/sites\/18\/2023\/03\/Magurski_Park_Narodowy-1536x1024.jpg 1536w, https:\/\/www.polonia.travel\/es\/wp-content\/uploads\/sites\/18\/2023\/03\/Magurski_Park_Narodowy-2048x1365.jpg 2048w, https:\/\/www.polonia.travel\/es\/wp-content\/uploads\/sites\/18\/2023\/03\/Magurski_Park_Narodowy-1920x1280.jpg 1920w\" sizes=\"auto, (max-width: 600px) 100vw, 600px\" \/>            <\/div>\r\n                    <div class=\"mpi__title is-style-heading-28\">Parque Nacional de Magura<\/div>\r\n          <p>Se trata de un espacio protegido en la parte este de la regi\u00f3n de Malopolska (Polonia Menor), colindando con la vecina Subc\u00e1rpatos (Podkarpacie). El parque est\u00e1 constituido por la parte central de los Beskides Bajos (Beskid Niski) con la cima del Magura-W\u0105tkowska (846 m).<\/p>\r\n                      <div class=\"text-right\">\r\n              <a href=\"https:\/\/www.polonia.travel\/es\/parque-nacional-de-magura\/\"\r\n                class=\"btn btn--blue-border\">\r\n                Leer m\u00e1s              <\/a>\r\n            <\/div>\r\n                  <\/div>\r\n              <div class=\"mpi\" data-id=\"22537\" id=\"mpi-22537\">\r\n                      <div class=\"mpi__image\">\r\n              <img loading=\"lazy\" decoding=\"async\" width=\"600\" height=\"422\" src=\"https:\/\/www.polonia.travel\/es\/wp-content\/uploads\/sites\/18\/2022\/12\/BIESZCZADY_05-1-600x422.jpg\" class=\"attachment-medium size-medium\" alt=\"\" srcset=\"https:\/\/www.polonia.travel\/es\/wp-content\/uploads\/sites\/18\/2022\/12\/BIESZCZADY_05-1-600x422.jpg 600w, https:\/\/www.polonia.travel\/es\/wp-content\/uploads\/sites\/18\/2022\/12\/BIESZCZADY_05-1-768x540.jpg 768w, https:\/\/www.polonia.travel\/es\/wp-content\/uploads\/sites\/18\/2022\/12\/BIESZCZADY_05-1.jpg 1170w\" sizes=\"auto, (max-width: 600px) 100vw, 600px\" \/>            <\/div>\r\n                    <div class=\"mpi__title is-style-heading-28\">Parque Nacional de Bieszczady<\/div>\r\n          <p>El Parque Nacional de Bieszczady, uno de los m\u00e1s \u201ev\u00edrgenes\u201d del pa\u00eds, est\u00e1 situado en la parte sureste, en la regi\u00f3n de Subc\u00e1rpatos, fronteriza con Ucrania. Protege la parte m\u00e1s alta de los Bieszczady occidentales, que culminan en el monte Tarnica (1346 m).<\/p>\r\n                      <div class=\"text-right\">\r\n              <a href=\"https:\/\/www.polonia.travel\/es\/parque-nacional-de-bieszczady\/\"\r\n                class=\"btn btn--blue-border\">\r\n                Leer m\u00e1s              <\/a>\r\n            <\/div>\r\n                  <\/div>\r\n              <div class=\"mpi\" data-id=\"22536\" id=\"mpi-22536\">\r\n                      <div class=\"mpi__image\">\r\n              <img loading=\"lazy\" decoding=\"async\" width=\"600\" height=\"400\" src=\"https:\/\/www.polonia.travel\/es\/wp-content\/uploads\/sites\/18\/2022\/12\/pn_gor_stolowych_1170-600x400.jpg\" class=\"attachment-medium size-medium\" alt=\"\" srcset=\"https:\/\/www.polonia.travel\/es\/wp-content\/uploads\/sites\/18\/2022\/12\/pn_gor_stolowych_1170-600x400.jpg 600w, https:\/\/www.polonia.travel\/es\/wp-content\/uploads\/sites\/18\/2022\/12\/pn_gor_stolowych_1170-768x512.jpg 768w, https:\/\/www.polonia.travel\/es\/wp-content\/uploads\/sites\/18\/2022\/12\/pn_gor_stolowych_1170.jpg 1170w\" sizes=\"auto, (max-width: 600px) 100vw, 600px\" \/>            <\/div>\r\n                    <div class=\"mpi__title is-style-heading-28\">Parque Nacional de los Montes Sto\u0142owe<\/div>\r\n          <p>Ocupa una superficie de seis mil hect\u00e1reas en el cono suroeste de Polonia, en el condado de K\u0142odzko y, por lo tanto, es recomendable visitarlo viajando por esta parte de Polonia o entrando en el pa\u00eds desde la Rep. Checa. De hecho, el parque se encuentra en la zona fronteriza entre ambos pa\u00edses. Los montes Sudety se formaron hace unos 70 millones de a\u00f1os. En el paisaje predominan las monta\u00f1as que hoy en d\u00eda son el resultado de un prolongado proceso de erosi\u00f3n, cuya forma recuerda unas enormes mesas. Esa es la raz\u00f3n por la cual el nombre del parque, traducido al espa\u00f1ol, significa \u201emonta\u00f1as de mesa\u201e.<\/p>\r\n                      <div class=\"text-right\">\r\n              <a href=\"https:\/\/www.polonia.travel\/es\/parque-nacional-de-los-montes-stolowe\/\"\r\n                class=\"btn btn--blue-border\">\r\n                Leer m\u00e1s              <\/a>\r\n            <\/div>\r\n                  <\/div>\r\n              <div class=\"mpi\" data-id=\"22530\" id=\"mpi-22530\">\r\n                      <div class=\"mpi__image\">\r\n              <img loading=\"lazy\" decoding=\"async\" width=\"600\" height=\"400\" src=\"https:\/\/www.polonia.travel\/es\/wp-content\/uploads\/sites\/18\/2023\/03\/schronisko-Samotnia-Karkonoski-Park-Narodowy9-600x400.jpg\" class=\"attachment-medium size-medium\" alt=\"\" srcset=\"https:\/\/www.polonia.travel\/es\/wp-content\/uploads\/sites\/18\/2023\/03\/schronisko-Samotnia-Karkonoski-Park-Narodowy9-600x400.jpg 600w, https:\/\/www.polonia.travel\/es\/wp-content\/uploads\/sites\/18\/2023\/03\/schronisko-Samotnia-Karkonoski-Park-Narodowy9-1200x800.jpg 1200w, https:\/\/www.polonia.travel\/es\/wp-content\/uploads\/sites\/18\/2023\/03\/schronisko-Samotnia-Karkonoski-Park-Narodowy9-768x512.jpg 768w, https:\/\/www.polonia.travel\/es\/wp-content\/uploads\/sites\/18\/2023\/03\/schronisko-Samotnia-Karkonoski-Park-Narodowy9-1536x1024.jpg 1536w, https:\/\/www.polonia.travel\/es\/wp-content\/uploads\/sites\/18\/2023\/03\/schronisko-Samotnia-Karkonoski-Park-Narodowy9-1920x1280.jpg 1920w, https:\/\/www.polonia.travel\/es\/wp-content\/uploads\/sites\/18\/2023\/03\/schronisko-Samotnia-Karkonoski-Park-Narodowy9.jpg 2000w\" sizes=\"auto, (max-width: 600px) 100vw, 600px\" \/>            <\/div>\r\n                    <div class=\"mpi__title is-style-heading-28\">Parque Nacional de los Karkonosze<\/div>\r\n          <p>El parque comprende la parte m\u00e1s elevada de los Montes Sudetes: los Karkonosze, con el pico \u015anie\u017cka (1603 m). Aqu\u00ed est\u00e1n bajo protecci\u00f3n los lugares de mayor valor natural y m\u00e1s pintorescos de esta regi\u00f3n monta\u00f1osa: la zona rocosa, con circos glaciares, lagos de alta monta\u00f1a, cascadas y monadnocks de curiosas formas.<\/p>\r\n                      <div class=\"text-right\">\r\n              <a href=\"https:\/\/www.polonia.travel\/es\/parque-nacional-de-los-karkonosze\/\"\r\n                class=\"btn btn--blue-border\">\r\n                Leer m\u00e1s              <\/a>\r\n            <\/div>\r\n                  <\/div>\r\n              <div class=\"mpi\" data-id=\"22488\" id=\"mpi-22488\">\r\n                      <div class=\"mpi__image\">\r\n              <img loading=\"lazy\" decoding=\"async\" width=\"600\" height=\"400\" src=\"https:\/\/www.polonia.travel\/es\/wp-content\/uploads\/sites\/18\/2023\/03\/0374_Wlkp-Park-Narodowy-Jezioro-Goreckie_PG_HR-600x400.jpg\" class=\"attachment-medium size-medium\" alt=\"\" srcset=\"https:\/\/www.polonia.travel\/es\/wp-content\/uploads\/sites\/18\/2023\/03\/0374_Wlkp-Park-Narodowy-Jezioro-Goreckie_PG_HR-600x400.jpg 600w, https:\/\/www.polonia.travel\/es\/wp-content\/uploads\/sites\/18\/2023\/03\/0374_Wlkp-Park-Narodowy-Jezioro-Goreckie_PG_HR-1200x800.jpg 1200w, https:\/\/www.polonia.travel\/es\/wp-content\/uploads\/sites\/18\/2023\/03\/0374_Wlkp-Park-Narodowy-Jezioro-Goreckie_PG_HR-768x512.jpg 768w, https:\/\/www.polonia.travel\/es\/wp-content\/uploads\/sites\/18\/2023\/03\/0374_Wlkp-Park-Narodowy-Jezioro-Goreckie_PG_HR-1536x1024.jpg 1536w, https:\/\/www.polonia.travel\/es\/wp-content\/uploads\/sites\/18\/2023\/03\/0374_Wlkp-Park-Narodowy-Jezioro-Goreckie_PG_HR.jpg 1620w\" sizes=\"auto, (max-width: 600px) 100vw, 600px\" \/>            <\/div>\r\n                    <div class=\"mpi__title is-style-heading-28\">Parque Nacional Wielkopolski<\/div>\r\n          <p>Situado a 15 km de Pozna\u0144, el parque protege la naturaleza de la regi\u00f3n lacustre de la Polonia Mayor (Pojezierze Wielkopolskie).<\/p>\r\n                      <div class=\"text-right\">\r\n              <a href=\"https:\/\/www.polonia.travel\/es\/parque-nacional-wielkopolski\/\"\r\n                class=\"btn btn--blue-border\">\r\n                Leer m\u00e1s              <\/a>\r\n            <\/div>\r\n                  <\/div>\r\n              <div class=\"mpi\" data-id=\"22486\" id=\"mpi-22486\">\r\n                      <div class=\"mpi__image\">\r\n              <img loading=\"lazy\" decoding=\"async\" width=\"600\" height=\"400\" src=\"https:\/\/www.polonia.travel\/es\/wp-content\/uploads\/sites\/18\/2023\/02\/9_Fotolia_EDEN_Bory-Tucholskie_HR-600x400.jpg\" class=\"attachment-medium size-medium\" alt=\"\" srcset=\"https:\/\/www.polonia.travel\/es\/wp-content\/uploads\/sites\/18\/2023\/02\/9_Fotolia_EDEN_Bory-Tucholskie_HR-600x400.jpg 600w, https:\/\/www.polonia.travel\/es\/wp-content\/uploads\/sites\/18\/2023\/02\/9_Fotolia_EDEN_Bory-Tucholskie_HR-768x512.jpg 768w, https:\/\/www.polonia.travel\/es\/wp-content\/uploads\/sites\/18\/2023\/02\/9_Fotolia_EDEN_Bory-Tucholskie_HR.jpg 1170w\" sizes=\"auto, (max-width: 600px) 100vw, 600px\" \/>            <\/div>\r\n                    <div class=\"mpi__title is-style-heading-28\">Parque Nacional de los Bosques de Tuchola<\/div>\r\n          <p>En este parque se halla protegida una peque\u00f1a parte, la m\u00e1s valiosa, del importante complejo forestal de los Bosques de Tuchola, que se extienden por una ancha llanura.<\/p>\r\n                      <div class=\"text-right\">\r\n              <a href=\"https:\/\/www.polonia.travel\/es\/parque-nacional-de-los-bosques-de-tuchola\/\"\r\n                class=\"btn btn--blue-border\">\r\n                Leer m\u00e1s              <\/a>\r\n            <\/div>\r\n                  <\/div>\r\n              <div class=\"mpi\" data-id=\"22485\" id=\"mpi-22485\">\r\n                      <div class=\"mpi__image\">\r\n              <img loading=\"lazy\" decoding=\"async\" width=\"600\" height=\"400\" src=\"https:\/\/www.polonia.travel\/es\/wp-content\/uploads\/sites\/18\/2023\/02\/Drawienski-PN-6-600x400.jpg\" class=\"attachment-medium size-medium\" alt=\"\" srcset=\"https:\/\/www.polonia.travel\/es\/wp-content\/uploads\/sites\/18\/2023\/02\/Drawienski-PN-6-600x400.jpg 600w, https:\/\/www.polonia.travel\/es\/wp-content\/uploads\/sites\/18\/2023\/02\/Drawienski-PN-6-768x512.jpg 768w, https:\/\/www.polonia.travel\/es\/wp-content\/uploads\/sites\/18\/2023\/02\/Drawienski-PN-6.jpg 1170w\" sizes=\"auto, (max-width: 600px) 100vw, 600px\" \/>            <\/div>\r\n                    <div class=\"mpi__title is-style-heading-28\">Parque Nacional Drawie\u0144ski<\/div>\r\n          <p>Se localiza en la Selva del Drawa (Puszcza Drawska) y protege parte del valle del Drawa, uno de los r\u00edos m\u00e1s bellos de la Pomerania polaca. El paisaje es t\u00edpico de la \u00e9poca posglaciar. Los bosques, sobre todo pinares, ocupan el 80% de su super\ufb01cie.<\/p>\r\n                      <div class=\"text-right\">\r\n              <a href=\"https:\/\/www.polonia.travel\/es\/parque-nacional-drawienski\/\"\r\n                class=\"btn btn--blue-border\">\r\n                Leer m\u00e1s              <\/a>\r\n            <\/div>\r\n                  <\/div>\r\n              <div class=\"mpi\" data-id=\"22483\" id=\"mpi-22483\">\r\n                      <div class=\"mpi__image\">\r\n              <img loading=\"lazy\" decoding=\"async\" width=\"600\" height=\"400\" src=\"https:\/\/www.polonia.travel\/es\/wp-content\/uploads\/sites\/18\/2023\/03\/usjcie_warty-600x400.jpg\" class=\"attachment-medium size-medium\" alt=\"\" srcset=\"https:\/\/www.polonia.travel\/es\/wp-content\/uploads\/sites\/18\/2023\/03\/usjcie_warty-600x400.jpg 600w, https:\/\/www.polonia.travel\/es\/wp-content\/uploads\/sites\/18\/2023\/03\/usjcie_warty-1200x799.jpg 1200w, https:\/\/www.polonia.travel\/es\/wp-content\/uploads\/sites\/18\/2023\/03\/usjcie_warty-768x511.jpg 768w, https:\/\/www.polonia.travel\/es\/wp-content\/uploads\/sites\/18\/2023\/03\/usjcie_warty.jpg 1224w\" sizes=\"auto, (max-width: 600px) 100vw, 600px\" \/>            <\/div>\r\n                    <div class=\"mpi__title is-style-heading-28\">Parque Nacional \u00a8Desembocadura del Warta\u00a8<\/div>\r\n          <p>El Parque Nacional de la \u201cDesembocadura del Warta\u201d est\u00e1 situado en los l\u00edmites del valle de Toru\u0144- Eberswalde (Pradolina Toru\u0144sko-Eberswaldzka), en las cercan\u00edas de la desembocadura del r\u00edo Warta en el \u00d3der.<\/p>\r\n                      <div class=\"text-right\">\r\n              <a href=\"https:\/\/www.polonia.travel\/es\/parque-nacional-\u00a8desembocadura-del-warta\u00a8\/\"\r\n                class=\"btn btn--blue-border\">\r\n                Leer m\u00e1s              <\/a>\r\n            <\/div>\r\n                  <\/div>\r\n              <div class=\"mpi\" data-id=\"22481\" id=\"mpi-22481\">\r\n                      <div class=\"mpi__image\">\r\n              <img loading=\"lazy\" decoding=\"async\" width=\"600\" height=\"398\" src=\"https:\/\/www.polonia.travel\/es\/wp-content\/uploads\/sites\/18\/2023\/03\/243363977_Slowinski_Park_Narodowy_Adobe-xl-600x398.jpg\" class=\"attachment-medium size-medium\" alt=\"\" srcset=\"https:\/\/www.polonia.travel\/es\/wp-content\/uploads\/sites\/18\/2023\/03\/243363977_Slowinski_Park_Narodowy_Adobe-xl-600x398.jpg 600w, https:\/\/www.polonia.travel\/es\/wp-content\/uploads\/sites\/18\/2023\/03\/243363977_Slowinski_Park_Narodowy_Adobe-xl-1200x796.jpg 1200w, https:\/\/www.polonia.travel\/es\/wp-content\/uploads\/sites\/18\/2023\/03\/243363977_Slowinski_Park_Narodowy_Adobe-xl-768x509.jpg 768w, https:\/\/www.polonia.travel\/es\/wp-content\/uploads\/sites\/18\/2023\/03\/243363977_Slowinski_Park_Narodowy_Adobe-xl.jpg 1224w\" sizes=\"auto, (max-width: 600px) 100vw, 600px\" \/>            <\/div>\r\n                    <div class=\"mpi__title is-style-heading-28\">Parque Nacional S\u0142owi\u0144ski<\/div>\r\n          <p>La curiosidad principal de este parque, situado en el litoral del B\u00e1ltico, a unos 100 km de Gdansk, son las grandes extensiones de dunas m\u00f3viles, que dejan al descubierto en algunos sitios \u00e1rboles muertos, restos de bosques cubiertos por la arena. La m\u00e1s alta de las dunas es \u0141\u0105cka G\u00f3ra, de 42 m.<\/p>\r\n                      <div class=\"text-right\">\r\n              <a href=\"https:\/\/www.polonia.travel\/es\/parque-nacional-slowinski\/\"\r\n                class=\"btn btn--blue-border\">\r\n                Leer m\u00e1s              <\/a>\r\n            <\/div>\r\n                  <\/div>\r\n              <div class=\"mpi\" data-id=\"22359\" id=\"mpi-22359\">\r\n                      <div class=\"mpi__image\">\r\n              <img loading=\"lazy\" decoding=\"async\" width=\"600\" height=\"400\" src=\"https:\/\/www.polonia.travel\/es\/wp-content\/uploads\/sites\/18\/2023\/03\/Fotolia_119430960_Klify-Wolin-600x400.jpg\" class=\"attachment-medium size-medium\" alt=\"\" srcset=\"https:\/\/www.polonia.travel\/es\/wp-content\/uploads\/sites\/18\/2023\/03\/Fotolia_119430960_Klify-Wolin-600x400.jpg 600w, https:\/\/www.polonia.travel\/es\/wp-content\/uploads\/sites\/18\/2023\/03\/Fotolia_119430960_Klify-Wolin-768x512.jpg 768w, https:\/\/www.polonia.travel\/es\/wp-content\/uploads\/sites\/18\/2023\/03\/Fotolia_119430960_Klify-Wolin.jpg 1170w\" sizes=\"auto, (max-width: 600px) 100vw, 600px\" \/>            <\/div>\r\n                    <div class=\"mpi__title is-style-heading-28\">Parque Nacional de Wolin<\/div>\r\n          <p>Wolin es una isla b\u00e1ltica en zona fronteriza entre Polonia y Alemania. En el conjunto del parque entran la parte oeste de la isla de Wolin, con morenas formando mont\u00edculos, que en la costa del B\u00e1ltico y en la Ensenada de Szczecin forman precipicios costeros que alcanzan hasta 95 metros de altura, la parte m\u00e1s bella de la costa acantilada polaca.<\/p>\r\n                      <div class=\"text-right\">\r\n              <a href=\"https:\/\/www.polonia.travel\/es\/parque-nacional-de-wolin\/\"\r\n                class=\"btn btn--blue-border\">\r\n                Leer m\u00e1s              <\/a>\r\n            <\/div>\r\n                  <\/div>\r\n          <\/div>\r\n  <\/div>\r\n<\/div><\/div>\n\n\n\n<div style=\"height:100px\" aria-hidden=\"true\" class=\"wp-block-spacer is-style-spacer-small\"><\/div>\n\n\n\n<div class=\"wp-block-group is-style-container\"><div class=\"wp-block-group__inner-container is-layout-constrained wp-block-group-is-layout-constrained\">\n<p><\/p>\n<\/div><\/div>\n\n\n\n<div style=\"height:80px\" aria-hidden=\"true\" class=\"wp-block-spacer\"><\/div>\n\n\n\n<div class=\"wp-block-group has-background\" style=\"background-color:#f5f5f7\"><div class=\"wp-block-group__inner-container is-layout-constrained wp-block-group-is-layout-constrained\">\n<div style=\"height:80px\" aria-hidden=\"true\" class=\"wp-block-spacer\"><\/div>\n\n\n\n<h2 class=\"wp-block-heading has-text-align-center is-style-heading-38\">Polonia en el objetivo<\/h2>\n\n\n\n<div style=\"height:40px\" aria-hidden=\"true\" class=\"wp-block-spacer\"><\/div>\n<\/div><\/div>\n\n\n\n<div id=\"sb_instagram\"  class=\"sbi sbi_mob_col_1 sbi_tab_col_6 sbi_col_6 sbi_width_resp\"\t data-feedid=\"*3\"  data-res=\"auto\" data-cols=\"6\" data-colsmobile=\"1\" data-colstablet=\"6\" data-num=\"12\" data-nummobile=\"6\" data-item-padding=\"0\"\t data-shortcode-atts=\"{&quot;feed&quot;:&quot;3&quot;}\"  data-postid=\"22354\" data-locatornonce=\"01b44f5a55\" data-imageaspectratio=\"1:1\" data-sbi-flags=\"favorLocal\">\n\t<div class=\"sb_instagram_header  sbi_medium\"   >\n\t<a class=\"sbi_header_link\" target=\"_blank\"\n\t   rel=\"nofollow noopener\" href=\"https:\/\/www.instagram.com\/polonia.travel.es\/\" title=\"@polonia.travel.es\">\n\t\t<div class=\"sbi_header_text\">\n\t\t\t<div class=\"sbi_header_img\"  data-avatar-url=\"https:\/\/scontent-waw2-1.cdninstagram.com\/v\/t51.2885-19\/128467015_705347550366167_7071296813878962789_n.jpg?stp=dst-jpg_s206x206_tt6&amp;_nc_cat=109&amp;ccb=7-5&amp;_nc_sid=bf7eb4&amp;efg=eyJ2ZW5jb2RlX3RhZyI6InByb2ZpbGVfcGljLnd3dy42NzEuQzMifQ%3D%3D&amp;_nc_ohc=BHqNgV1wYPYQ7kNvwGbjQ2u&amp;_nc_oc=Adrka2CxVo8zi1ZTSjj26EsPM19m8sSmOBO7McekuNHK36RRuR7zUDNzXY1PRbzfwOJ4demoxr-l2U3Bedt_wolN&amp;_nc_zt=24&amp;_nc_ht=scontent-waw2-1.cdninstagram.com&amp;edm=AP4hL3IEAAAA&amp;_nc_tpa=Q5bMBQGZ2PLvR3aiH_Tfu9JKal5yNrEcgM2ZvxWbr1fmtOfEoLeM800-Me6nlfVTvA75lhbITZiPTHi0AA&amp;oh=00_Af1TD6OUfKBum3jow0ws2Y4ZGcy9_DWi20cmQGlGR1RvRw&amp;oe=69F715F9\">\n\t\t\t\t\t\t\t\t\t<div class=\"sbi_header_img_hover\"  ><svg class=\"sbi_new_logo fa-instagram fa-w-14\" aria-hidden=\"true\" data-fa-processed=\"\" aria-label=\"Instagram\" data-prefix=\"fab\" data-icon=\"instagram\" role=\"img\" viewBox=\"0 0 448 512\">\n                    <path fill=\"currentColor\" d=\"M224.1 141c-63.6 0-114.9 51.3-114.9 114.9s51.3 114.9 114.9 114.9S339 319.5 339 255.9 287.7 141 224.1 141zm0 189.6c-41.1 0-74.7-33.5-74.7-74.7s33.5-74.7 74.7-74.7 74.7 33.5 74.7 74.7-33.6 74.7-74.7 74.7zm146.4-194.3c0 14.9-12 26.8-26.8 26.8-14.9 0-26.8-12-26.8-26.8s12-26.8 26.8-26.8 26.8 12 26.8 26.8zm76.1 27.2c-1.7-35.9-9.9-67.7-36.2-93.9-26.2-26.2-58-34.4-93.9-36.2-37-2.1-147.9-2.1-184.9 0-35.8 1.7-67.6 9.9-93.9 36.1s-34.4 58-36.2 93.9c-2.1 37-2.1 147.9 0 184.9 1.7 35.9 9.9 67.7 36.2 93.9s58 34.4 93.9 36.2c37 2.1 147.9 2.1 184.9 0 35.9-1.7 67.7-9.9 93.9-36.2 26.2-26.2 34.4-58 36.2-93.9 2.1-37 2.1-147.8 0-184.8zM398.8 388c-7.8 19.6-22.9 34.7-42.6 42.6-29.5 11.7-99.5 9-132.1 9s-102.7 2.6-132.1-9c-19.6-7.8-34.7-22.9-42.6-42.6-11.7-29.5-9-99.5-9-132.1s-2.6-102.7 9-132.1c7.8-19.6 22.9-34.7 42.6-42.6 29.5-11.7 99.5-9 132.1-9s102.7-2.6 132.1 9c19.6 7.8 34.7 22.9 42.6 42.6 11.7 29.5 9 99.5 9 132.1s2.7 102.7-9 132.1z\"><\/path>\n                <\/svg><\/div>\n\t\t\t\t\t<img loading=\"lazy\" decoding=\"async\"  src=\"https:\/\/www.polonia.travel\/es\/wp-content\/uploads\/sites\/18\/sb-instagram-feed-images\/polonia.travel.es.webp\" alt=\"\" width=\"50\" height=\"50\">\n\t\t\t\t\n\t\t\t\t\t\t\t<\/div>\n\n\t\t\t<div class=\"sbi_feedtheme_header_text\">\n\t\t\t\t<h3>polonia.travel.es<\/h3>\n\t\t\t\t\t\t\t\t\t<p class=\"sbi_bio\">Cuenta oficial de Turismo de Polonia en Espa\u00f1a y Portugal \ud83c\uddea\ud83c\uddf8\ud83c\uddf5\ud83c\uddf9 Conta oficial de Turismo da Pol\u00f3nia. Etiquetanos\/ marque-nos #PoloniaTravel<\/p>\n\t\t\t\t\t\t\t<\/div>\n\t\t<\/div>\n\t<\/a>\n<\/div>\n\n\t<div id=\"sbi_images\" >\n\t\t<div class=\"sbi_item sbi_type_video sbi_new sbi_transition\"\n\tid=\"sbi_18052336328534106\" data-date=\"1777042518\">\n\t<div class=\"sbi_photo_wrap\">\n\t\t<a class=\"sbi_photo\" href=\"https:\/\/www.instagram.com\/reel\/DXhLdqyCMGK\/\" target=\"_blank\" rel=\"noopener nofollow\"\n\t\t\tdata-full-res=\"https:\/\/scontent-waw2-2.cdninstagram.com\/v\/t51.71878-15\/674434248_1687867349327328_4398414094645158635_n.jpg?stp=dst-jpg_e35_tt6&#038;_nc_cat=107&#038;ccb=7-5&#038;_nc_sid=18de74&#038;efg=eyJlZmdfdGFnIjoiQ0xJUFMuYmVzdF9pbWFnZV91cmxnZW4uQzMifQ%3D%3D&#038;_nc_ohc=mlhAi_tAslYQ7kNvwEu9zm5&#038;_nc_oc=AdqzDFLhkPtl67IoHZdgAIeCiVkwWy6zVlQXMy_v9tleug6YLAW50lyl3N7vt_5CKuvLa6ZWTVHZfDcCb6qW3vaZ&#038;_nc_zt=23&#038;_nc_ht=scontent-waw2-2.cdninstagram.com&#038;edm=ANo9K5cEAAAA&#038;_nc_gid=8Sk-QqwkawWXWWJ-gd5DCQ&#038;_nc_tpa=Q5bMBQEpJaz7hPqakNEvKGGRr73vxMk3IlMPfUbOkq-mXntMJX1Rm5xCYareyjsaJcl_s32R2yq_Xg8jEA&#038;oh=00_Af1DIpfcIun8inJ1s6ISttzndw-q11JXYCAIHRHf9RBArQ&#038;oe=69F70CBB\"\n\t\t\tdata-img-src-set=\"{&quot;d&quot;:&quot;https:\\\/\\\/scontent-waw2-2.cdninstagram.com\\\/v\\\/t51.71878-15\\\/674434248_1687867349327328_4398414094645158635_n.jpg?stp=dst-jpg_e35_tt6&amp;_nc_cat=107&amp;ccb=7-5&amp;_nc_sid=18de74&amp;efg=eyJlZmdfdGFnIjoiQ0xJUFMuYmVzdF9pbWFnZV91cmxnZW4uQzMifQ%3D%3D&amp;_nc_ohc=mlhAi_tAslYQ7kNvwEu9zm5&amp;_nc_oc=AdqzDFLhkPtl67IoHZdgAIeCiVkwWy6zVlQXMy_v9tleug6YLAW50lyl3N7vt_5CKuvLa6ZWTVHZfDcCb6qW3vaZ&amp;_nc_zt=23&amp;_nc_ht=scontent-waw2-2.cdninstagram.com&amp;edm=ANo9K5cEAAAA&amp;_nc_gid=8Sk-QqwkawWXWWJ-gd5DCQ&amp;_nc_tpa=Q5bMBQEpJaz7hPqakNEvKGGRr73vxMk3IlMPfUbOkq-mXntMJX1Rm5xCYareyjsaJcl_s32R2yq_Xg8jEA&amp;oh=00_Af1DIpfcIun8inJ1s6ISttzndw-q11JXYCAIHRHf9RBArQ&amp;oe=69F70CBB&quot;,&quot;150&quot;:&quot;https:\\\/\\\/scontent-waw2-2.cdninstagram.com\\\/v\\\/t51.71878-15\\\/674434248_1687867349327328_4398414094645158635_n.jpg?stp=dst-jpg_e35_tt6&amp;_nc_cat=107&amp;ccb=7-5&amp;_nc_sid=18de74&amp;efg=eyJlZmdfdGFnIjoiQ0xJUFMuYmVzdF9pbWFnZV91cmxnZW4uQzMifQ%3D%3D&amp;_nc_ohc=mlhAi_tAslYQ7kNvwEu9zm5&amp;_nc_oc=AdqzDFLhkPtl67IoHZdgAIeCiVkwWy6zVlQXMy_v9tleug6YLAW50lyl3N7vt_5CKuvLa6ZWTVHZfDcCb6qW3vaZ&amp;_nc_zt=23&amp;_nc_ht=scontent-waw2-2.cdninstagram.com&amp;edm=ANo9K5cEAAAA&amp;_nc_gid=8Sk-QqwkawWXWWJ-gd5DCQ&amp;_nc_tpa=Q5bMBQEpJaz7hPqakNEvKGGRr73vxMk3IlMPfUbOkq-mXntMJX1Rm5xCYareyjsaJcl_s32R2yq_Xg8jEA&amp;oh=00_Af1DIpfcIun8inJ1s6ISttzndw-q11JXYCAIHRHf9RBArQ&amp;oe=69F70CBB&quot;,&quot;320&quot;:&quot;https:\\\/\\\/scontent-waw2-2.cdninstagram.com\\\/v\\\/t51.71878-15\\\/674434248_1687867349327328_4398414094645158635_n.jpg?stp=dst-jpg_e35_tt6&amp;_nc_cat=107&amp;ccb=7-5&amp;_nc_sid=18de74&amp;efg=eyJlZmdfdGFnIjoiQ0xJUFMuYmVzdF9pbWFnZV91cmxnZW4uQzMifQ%3D%3D&amp;_nc_ohc=mlhAi_tAslYQ7kNvwEu9zm5&amp;_nc_oc=AdqzDFLhkPtl67IoHZdgAIeCiVkwWy6zVlQXMy_v9tleug6YLAW50lyl3N7vt_5CKuvLa6ZWTVHZfDcCb6qW3vaZ&amp;_nc_zt=23&amp;_nc_ht=scontent-waw2-2.cdninstagram.com&amp;edm=ANo9K5cEAAAA&amp;_nc_gid=8Sk-QqwkawWXWWJ-gd5DCQ&amp;_nc_tpa=Q5bMBQEpJaz7hPqakNEvKGGRr73vxMk3IlMPfUbOkq-mXntMJX1Rm5xCYareyjsaJcl_s32R2yq_Xg8jEA&amp;oh=00_Af1DIpfcIun8inJ1s6ISttzndw-q11JXYCAIHRHf9RBArQ&amp;oe=69F70CBB&quot;,&quot;640&quot;:&quot;https:\\\/\\\/scontent-waw2-2.cdninstagram.com\\\/v\\\/t51.71878-15\\\/674434248_1687867349327328_4398414094645158635_n.jpg?stp=dst-jpg_e35_tt6&amp;_nc_cat=107&amp;ccb=7-5&amp;_nc_sid=18de74&amp;efg=eyJlZmdfdGFnIjoiQ0xJUFMuYmVzdF9pbWFnZV91cmxnZW4uQzMifQ%3D%3D&amp;_nc_ohc=mlhAi_tAslYQ7kNvwEu9zm5&amp;_nc_oc=AdqzDFLhkPtl67IoHZdgAIeCiVkwWy6zVlQXMy_v9tleug6YLAW50lyl3N7vt_5CKuvLa6ZWTVHZfDcCb6qW3vaZ&amp;_nc_zt=23&amp;_nc_ht=scontent-waw2-2.cdninstagram.com&amp;edm=ANo9K5cEAAAA&amp;_nc_gid=8Sk-QqwkawWXWWJ-gd5DCQ&amp;_nc_tpa=Q5bMBQEpJaz7hPqakNEvKGGRr73vxMk3IlMPfUbOkq-mXntMJX1Rm5xCYareyjsaJcl_s32R2yq_Xg8jEA&amp;oh=00_Af1DIpfcIun8inJ1s6ISttzndw-q11JXYCAIHRHf9RBArQ&amp;oe=69F70CBB&quot;}\">\n\t\t\t<span class=\"sbi-screenreader\">Calles empedradas llenas de historia, parques flor<\/span>\n\t\t\t\t\t\t<svg style=\"color: rgba(255,255,255,1)\" class=\"svg-inline--fa fa-play fa-w-14 sbi_playbtn\" aria-label=\"Play\" aria-hidden=\"true\" data-fa-processed=\"\" data-prefix=\"fa\" data-icon=\"play\" role=\"presentation\" xmlns=\"http:\/\/www.w3.org\/2000\/svg\" viewBox=\"0 0 448 512\"><path fill=\"currentColor\" d=\"M424.4 214.7L72.4 6.6C43.8-10.3 0 6.1 0 47.9V464c0 37.5 40.7 60.1 72.4 41.3l352-208c31.4-18.5 31.5-64.1 0-82.6z\"><\/path><\/svg>\t\t\t<img decoding=\"async\" src=\"https:\/\/www.polonia.travel\/es\/wp-content\/plugins\/instagram-feed\/img\/placeholder.png\" alt=\"Calles empedradas llenas de historia, parques floreciendo y ese aire fresco que invita a perderse sin rumbo. \ud83c\udf38 Pasear por la Plaza del Mercado, disfrutar de un caf\u00e9 al sol o ver c\u00f3mo el Castillo de Wawel se ti\u00f1e de colores suaves\u2026 Cracovia en primavera es pura magia.\u2764\ufe0f\" aria-hidden=\"true\">\n\t\t<\/a>\n\t<\/div>\n<\/div><div class=\"sbi_item sbi_type_carousel sbi_new sbi_transition\"\n\tid=\"sbi_18097549016024460\" data-date=\"1776628859\">\n\t<div class=\"sbi_photo_wrap\">\n\t\t<a class=\"sbi_photo\" href=\"https:\/\/www.instagram.com\/p\/DXU23YujEZP\/\" target=\"_blank\" rel=\"noopener nofollow\"\n\t\t\tdata-full-res=\"https:\/\/scontent-waw2-1.cdninstagram.com\/v\/t39.30808-6\/673698188_1820258572660621_2394119594868516650_n.jpg?stp=dst-jpg_e35_tt6&#038;_nc_cat=104&#038;ccb=7-5&#038;_nc_sid=18de74&#038;efg=eyJlZmdfdGFnIjoiQ0FST1VTRUxfSVRFTS5iZXN0X2ltYWdlX3VybGdlbi5DMyJ9&#038;_nc_ohc=FHS96G3sMnIQ7kNvwHsAFS5&#038;_nc_oc=AdrsZfO3U8DspsMHNKl4md2zWv0uFjB1UFQXQkuCoF1xMMfKIBfL1WH5fnNmbb56S2PQpD0CBoR4xtamvZ6gckmI&#038;_nc_zt=23&#038;_nc_ht=scontent-waw2-1.cdninstagram.com&#038;edm=ANo9K5cEAAAA&#038;_nc_gid=8Sk-QqwkawWXWWJ-gd5DCQ&#038;_nc_tpa=Q5bMBQEY0VPyY9bisxHOWLsgBEadGrLyBmaK59fzvxjCGnbI5wiut9s1VGbryUui2_ZiK5Td6YE6wdN_wA&#038;oh=00_Af3TuY8YYTW__6uO0NeyJt61wjfnz9QLB0hMRy_3wF1SXg&#038;oe=69F71BF7\"\n\t\t\tdata-img-src-set=\"{&quot;d&quot;:&quot;https:\\\/\\\/scontent-waw2-1.cdninstagram.com\\\/v\\\/t39.30808-6\\\/673698188_1820258572660621_2394119594868516650_n.jpg?stp=dst-jpg_e35_tt6&amp;_nc_cat=104&amp;ccb=7-5&amp;_nc_sid=18de74&amp;efg=eyJlZmdfdGFnIjoiQ0FST1VTRUxfSVRFTS5iZXN0X2ltYWdlX3VybGdlbi5DMyJ9&amp;_nc_ohc=FHS96G3sMnIQ7kNvwHsAFS5&amp;_nc_oc=AdrsZfO3U8DspsMHNKl4md2zWv0uFjB1UFQXQkuCoF1xMMfKIBfL1WH5fnNmbb56S2PQpD0CBoR4xtamvZ6gckmI&amp;_nc_zt=23&amp;_nc_ht=scontent-waw2-1.cdninstagram.com&amp;edm=ANo9K5cEAAAA&amp;_nc_gid=8Sk-QqwkawWXWWJ-gd5DCQ&amp;_nc_tpa=Q5bMBQEY0VPyY9bisxHOWLsgBEadGrLyBmaK59fzvxjCGnbI5wiut9s1VGbryUui2_ZiK5Td6YE6wdN_wA&amp;oh=00_Af3TuY8YYTW__6uO0NeyJt61wjfnz9QLB0hMRy_3wF1SXg&amp;oe=69F71BF7&quot;,&quot;150&quot;:&quot;https:\\\/\\\/scontent-waw2-1.cdninstagram.com\\\/v\\\/t39.30808-6\\\/673698188_1820258572660621_2394119594868516650_n.jpg?stp=dst-jpg_e35_tt6&amp;_nc_cat=104&amp;ccb=7-5&amp;_nc_sid=18de74&amp;efg=eyJlZmdfdGFnIjoiQ0FST1VTRUxfSVRFTS5iZXN0X2ltYWdlX3VybGdlbi5DMyJ9&amp;_nc_ohc=FHS96G3sMnIQ7kNvwHsAFS5&amp;_nc_oc=AdrsZfO3U8DspsMHNKl4md2zWv0uFjB1UFQXQkuCoF1xMMfKIBfL1WH5fnNmbb56S2PQpD0CBoR4xtamvZ6gckmI&amp;_nc_zt=23&amp;_nc_ht=scontent-waw2-1.cdninstagram.com&amp;edm=ANo9K5cEAAAA&amp;_nc_gid=8Sk-QqwkawWXWWJ-gd5DCQ&amp;_nc_tpa=Q5bMBQEY0VPyY9bisxHOWLsgBEadGrLyBmaK59fzvxjCGnbI5wiut9s1VGbryUui2_ZiK5Td6YE6wdN_wA&amp;oh=00_Af3TuY8YYTW__6uO0NeyJt61wjfnz9QLB0hMRy_3wF1SXg&amp;oe=69F71BF7&quot;,&quot;320&quot;:&quot;https:\\\/\\\/scontent-waw2-1.cdninstagram.com\\\/v\\\/t39.30808-6\\\/673698188_1820258572660621_2394119594868516650_n.jpg?stp=dst-jpg_e35_tt6&amp;_nc_cat=104&amp;ccb=7-5&amp;_nc_sid=18de74&amp;efg=eyJlZmdfdGFnIjoiQ0FST1VTRUxfSVRFTS5iZXN0X2ltYWdlX3VybGdlbi5DMyJ9&amp;_nc_ohc=FHS96G3sMnIQ7kNvwHsAFS5&amp;_nc_oc=AdrsZfO3U8DspsMHNKl4md2zWv0uFjB1UFQXQkuCoF1xMMfKIBfL1WH5fnNmbb56S2PQpD0CBoR4xtamvZ6gckmI&amp;_nc_zt=23&amp;_nc_ht=scontent-waw2-1.cdninstagram.com&amp;edm=ANo9K5cEAAAA&amp;_nc_gid=8Sk-QqwkawWXWWJ-gd5DCQ&amp;_nc_tpa=Q5bMBQEY0VPyY9bisxHOWLsgBEadGrLyBmaK59fzvxjCGnbI5wiut9s1VGbryUui2_ZiK5Td6YE6wdN_wA&amp;oh=00_Af3TuY8YYTW__6uO0NeyJt61wjfnz9QLB0hMRy_3wF1SXg&amp;oe=69F71BF7&quot;,&quot;640&quot;:&quot;https:\\\/\\\/scontent-waw2-1.cdninstagram.com\\\/v\\\/t39.30808-6\\\/673698188_1820258572660621_2394119594868516650_n.jpg?stp=dst-jpg_e35_tt6&amp;_nc_cat=104&amp;ccb=7-5&amp;_nc_sid=18de74&amp;efg=eyJlZmdfdGFnIjoiQ0FST1VTRUxfSVRFTS5iZXN0X2ltYWdlX3VybGdlbi5DMyJ9&amp;_nc_ohc=FHS96G3sMnIQ7kNvwHsAFS5&amp;_nc_oc=AdrsZfO3U8DspsMHNKl4md2zWv0uFjB1UFQXQkuCoF1xMMfKIBfL1WH5fnNmbb56S2PQpD0CBoR4xtamvZ6gckmI&amp;_nc_zt=23&amp;_nc_ht=scontent-waw2-1.cdninstagram.com&amp;edm=ANo9K5cEAAAA&amp;_nc_gid=8Sk-QqwkawWXWWJ-gd5DCQ&amp;_nc_tpa=Q5bMBQEY0VPyY9bisxHOWLsgBEadGrLyBmaK59fzvxjCGnbI5wiut9s1VGbryUui2_ZiK5Td6YE6wdN_wA&amp;oh=00_Af3TuY8YYTW__6uO0NeyJt61wjfnz9QLB0hMRy_3wF1SXg&amp;oe=69F71BF7&quot;}\">\n\t\t\t<span class=\"sbi-screenreader\">ES_Un rinc\u00f3n de cuento en el coraz\u00f3n de #Silesia \ud83c\uddf5<\/span>\n\t\t\t<svg class=\"svg-inline--fa fa-clone fa-w-16 sbi_lightbox_carousel_icon\" aria-hidden=\"true\" aria-label=\"Clone\" data-fa-pro\u0192cessed=\"\" data-prefix=\"far\" data-icon=\"clone\" role=\"img\" xmlns=\"http:\/\/www.w3.org\/2000\/svg\" viewBox=\"0 0 512 512\">\n                    <path fill=\"currentColor\" d=\"M464 0H144c-26.51 0-48 21.49-48 48v48H48c-26.51 0-48 21.49-48 48v320c0 26.51 21.49 48 48 48h320c26.51 0 48-21.49 48-48v-48h48c26.51 0 48-21.49 48-48V48c0-26.51-21.49-48-48-48zM362 464H54a6 6 0 0 1-6-6V150a6 6 0 0 1 6-6h42v224c0 26.51 21.49 48 48 48h224v42a6 6 0 0 1-6 6zm96-96H150a6 6 0 0 1-6-6V54a6 6 0 0 1 6-6h308a6 6 0 0 1 6 6v308a6 6 0 0 1-6 6z\"><\/path>\n                <\/svg>\t\t\t\t\t\t<img decoding=\"async\" src=\"https:\/\/www.polonia.travel\/es\/wp-content\/plugins\/instagram-feed\/img\/placeholder.png\" alt=\"ES_Un rinc\u00f3n de cuento en el coraz\u00f3n de #Silesia \ud83c\uddf5\ud83c\uddf1\u2728\n\nEl Castillo de #Pszczyna parece sacado directamente de una historia de princesas: elegantes salones, jardines impecables y una atm\u00f3sfera que te transporta siglos atr\u00e1s. Pasear por sus interiores es descubrir lujo, historia y detalles que han resistido el paso del tiempo. \ud83c\udff0\n\nFue residencia de nobles y testigo de momentos clave en Europa, pero hoy es un lugar donde perderse, so\u00f1ar y dejarse sorprender por su belleza.\n\nSi alguna vez visitas Polonia, este castillo no puede faltar en tu lista.\n\n-----\n\nPT_ Um recanto de conto de fadas no cora\u00e7\u00e3o da Sil\u00e9sia \u2764\ufe0f\n\nO Castelo de Pszczyna parece sa\u00eddo diretamente de uma hist\u00f3ria de princesas: sal\u00f5es elegantes, jardins impec\u00e1veis e uma atmosfera que te transporta s\u00e9culos atr\u00e1s.\n\nPassear pelos seus interiores \u00e9 descobrir luxo, hist\u00f3ria e detalhes que resistiram ao passar do tempo.\n\nFoi resid\u00eancia de nobres e testemunha de momentos-chave na Europa, mas hoje \u00e9 um lugar onde te podes perder, sonhar e deixar-te surpreender pela sua beleza.\n\nSe alguma vez visitares a Pol\u00f3nia, este castelo n\u00e3o pode faltar na tua lista \u2705\n\n.\n.\n.\n#Polonia #Castillos #Viajar #Historia #LugaresDeEnsue\u00f1o #PoloniaTravel #Castelos\" aria-hidden=\"true\">\n\t\t<\/a>\n\t<\/div>\n<\/div><div class=\"sbi_item sbi_type_video sbi_new sbi_transition\"\n\tid=\"sbi_18099060473073362\" data-date=\"1776456095\">\n\t<div class=\"sbi_photo_wrap\">\n\t\t<a class=\"sbi_photo\" href=\"https:\/\/www.instagram.com\/reel\/DXPtShkCAky\/\" target=\"_blank\" rel=\"noopener nofollow\"\n\t\t\tdata-full-res=\"https:\/\/scontent-waw2-1.cdninstagram.com\/v\/t51.82787-15\/670625759_18451268623129926_2899648197844607429_n.jpg?stp=dst-jpg_e35_tt6&#038;_nc_cat=108&#038;ccb=7-5&#038;_nc_sid=18de74&#038;efg=eyJlZmdfdGFnIjoiQ0xJUFMuYmVzdF9pbWFnZV91cmxnZW4uQzMifQ%3D%3D&#038;_nc_ohc=r_z28y6XzSAQ7kNvwFJp4HT&#038;_nc_oc=AdqNmxX0OeyYCMOmQjJ7jFQ_LqGnM7-n2yXvDTTSlRZ56JtzXo92csRgfH8nqcupTomSduHeUABhvoi_NYzZ6gY5&#038;_nc_zt=23&#038;_nc_ht=scontent-waw2-1.cdninstagram.com&#038;edm=ANo9K5cEAAAA&#038;_nc_gid=8Sk-QqwkawWXWWJ-gd5DCQ&#038;_nc_tpa=Q5bMBQEptRmE3h1UsQtyu_87SMNXcopTHJSZmvvBJsLiqzSW9QdP9FK0g-8nfLnnnfQQRYxqcCUQYk8h8w&#038;oh=00_Af2K32pQlRtYqjgWv12n0ZWRDWU89CK8N4mwWmlBeiuUwg&#038;oe=69F73316\"\n\t\t\tdata-img-src-set=\"{&quot;d&quot;:&quot;https:\\\/\\\/scontent-waw2-1.cdninstagram.com\\\/v\\\/t51.82787-15\\\/670625759_18451268623129926_2899648197844607429_n.jpg?stp=dst-jpg_e35_tt6&amp;_nc_cat=108&amp;ccb=7-5&amp;_nc_sid=18de74&amp;efg=eyJlZmdfdGFnIjoiQ0xJUFMuYmVzdF9pbWFnZV91cmxnZW4uQzMifQ%3D%3D&amp;_nc_ohc=r_z28y6XzSAQ7kNvwFJp4HT&amp;_nc_oc=AdqNmxX0OeyYCMOmQjJ7jFQ_LqGnM7-n2yXvDTTSlRZ56JtzXo92csRgfH8nqcupTomSduHeUABhvoi_NYzZ6gY5&amp;_nc_zt=23&amp;_nc_ht=scontent-waw2-1.cdninstagram.com&amp;edm=ANo9K5cEAAAA&amp;_nc_gid=8Sk-QqwkawWXWWJ-gd5DCQ&amp;_nc_tpa=Q5bMBQEptRmE3h1UsQtyu_87SMNXcopTHJSZmvvBJsLiqzSW9QdP9FK0g-8nfLnnnfQQRYxqcCUQYk8h8w&amp;oh=00_Af2K32pQlRtYqjgWv12n0ZWRDWU89CK8N4mwWmlBeiuUwg&amp;oe=69F73316&quot;,&quot;150&quot;:&quot;https:\\\/\\\/scontent-waw2-1.cdninstagram.com\\\/v\\\/t51.82787-15\\\/670625759_18451268623129926_2899648197844607429_n.jpg?stp=dst-jpg_e35_tt6&amp;_nc_cat=108&amp;ccb=7-5&amp;_nc_sid=18de74&amp;efg=eyJlZmdfdGFnIjoiQ0xJUFMuYmVzdF9pbWFnZV91cmxnZW4uQzMifQ%3D%3D&amp;_nc_ohc=r_z28y6XzSAQ7kNvwFJp4HT&amp;_nc_oc=AdqNmxX0OeyYCMOmQjJ7jFQ_LqGnM7-n2yXvDTTSlRZ56JtzXo92csRgfH8nqcupTomSduHeUABhvoi_NYzZ6gY5&amp;_nc_zt=23&amp;_nc_ht=scontent-waw2-1.cdninstagram.com&amp;edm=ANo9K5cEAAAA&amp;_nc_gid=8Sk-QqwkawWXWWJ-gd5DCQ&amp;_nc_tpa=Q5bMBQEptRmE3h1UsQtyu_87SMNXcopTHJSZmvvBJsLiqzSW9QdP9FK0g-8nfLnnnfQQRYxqcCUQYk8h8w&amp;oh=00_Af2K32pQlRtYqjgWv12n0ZWRDWU89CK8N4mwWmlBeiuUwg&amp;oe=69F73316&quot;,&quot;320&quot;:&quot;https:\\\/\\\/scontent-waw2-1.cdninstagram.com\\\/v\\\/t51.82787-15\\\/670625759_18451268623129926_2899648197844607429_n.jpg?stp=dst-jpg_e35_tt6&amp;_nc_cat=108&amp;ccb=7-5&amp;_nc_sid=18de74&amp;efg=eyJlZmdfdGFnIjoiQ0xJUFMuYmVzdF9pbWFnZV91cmxnZW4uQzMifQ%3D%3D&amp;_nc_ohc=r_z28y6XzSAQ7kNvwFJp4HT&amp;_nc_oc=AdqNmxX0OeyYCMOmQjJ7jFQ_LqGnM7-n2yXvDTTSlRZ56JtzXo92csRgfH8nqcupTomSduHeUABhvoi_NYzZ6gY5&amp;_nc_zt=23&amp;_nc_ht=scontent-waw2-1.cdninstagram.com&amp;edm=ANo9K5cEAAAA&amp;_nc_gid=8Sk-QqwkawWXWWJ-gd5DCQ&amp;_nc_tpa=Q5bMBQEptRmE3h1UsQtyu_87SMNXcopTHJSZmvvBJsLiqzSW9QdP9FK0g-8nfLnnnfQQRYxqcCUQYk8h8w&amp;oh=00_Af2K32pQlRtYqjgWv12n0ZWRDWU89CK8N4mwWmlBeiuUwg&amp;oe=69F73316&quot;,&quot;640&quot;:&quot;https:\\\/\\\/scontent-waw2-1.cdninstagram.com\\\/v\\\/t51.82787-15\\\/670625759_18451268623129926_2899648197844607429_n.jpg?stp=dst-jpg_e35_tt6&amp;_nc_cat=108&amp;ccb=7-5&amp;_nc_sid=18de74&amp;efg=eyJlZmdfdGFnIjoiQ0xJUFMuYmVzdF9pbWFnZV91cmxnZW4uQzMifQ%3D%3D&amp;_nc_ohc=r_z28y6XzSAQ7kNvwFJp4HT&amp;_nc_oc=AdqNmxX0OeyYCMOmQjJ7jFQ_LqGnM7-n2yXvDTTSlRZ56JtzXo92csRgfH8nqcupTomSduHeUABhvoi_NYzZ6gY5&amp;_nc_zt=23&amp;_nc_ht=scontent-waw2-1.cdninstagram.com&amp;edm=ANo9K5cEAAAA&amp;_nc_gid=8Sk-QqwkawWXWWJ-gd5DCQ&amp;_nc_tpa=Q5bMBQEptRmE3h1UsQtyu_87SMNXcopTHJSZmvvBJsLiqzSW9QdP9FK0g-8nfLnnnfQQRYxqcCUQYk8h8w&amp;oh=00_Af2K32pQlRtYqjgWv12n0ZWRDWU89CK8N4mwWmlBeiuUwg&amp;oe=69F73316&quot;}\">\n\t\t\t<span class=\"sbi-screenreader\">ES_ La primavera en Varsovia tiene algo especial \ud83c\udf38<\/span>\n\t\t\t\t\t\t<svg style=\"color: rgba(255,255,255,1)\" class=\"svg-inline--fa fa-play fa-w-14 sbi_playbtn\" aria-label=\"Play\" aria-hidden=\"true\" data-fa-processed=\"\" data-prefix=\"fa\" data-icon=\"play\" role=\"presentation\" xmlns=\"http:\/\/www.w3.org\/2000\/svg\" viewBox=\"0 0 448 512\"><path fill=\"currentColor\" d=\"M424.4 214.7L72.4 6.6C43.8-10.3 0 6.1 0 47.9V464c0 37.5 40.7 60.1 72.4 41.3l352-208c31.4-18.5 31.5-64.1 0-82.6z\"><\/path><\/svg>\t\t\t<img decoding=\"async\" src=\"https:\/\/www.polonia.travel\/es\/wp-content\/plugins\/instagram-feed\/img\/placeholder.png\" alt=\"ES_ La primavera en Varsovia tiene algo especial \ud83c\udf38 \n\nCuando la ciudad despierta del invierno, los parques se llenan de vida y los cerezos en flor ti\u00f1en todo de tonos rosados. Pasear por sus avenidas en esta \u00e9poca es descubrir una Varsovia m\u00e1s suave, m\u00e1s luminosa, casi m\u00e1gica. Si buscas un destino diferente para esta temporada, Varsovia en primavera es una sorpresa que merece la pena vivir.\n\n----\n\nPT_ A primavera em Vars\u00f3via tem algo de especial \ud83c\udf38\n\nQuando a cidade desperta do inverno, os parques enchem-se de vida e as cerejeiras em flor tingem tudo de tons rosados. Passear pelas suas avenidas nesta \u00e9poca \u00e9 descobrir uma Vars\u00f3via mais suave, mais luminosa, quase m\u00e1gica.\n\nSe procuras um destino diferente para esta esta\u00e7\u00e3o, Vars\u00f3via na primavera \u00e9 uma surpresa que vale mesmo a pena viver.\n.\n.\n.\n#PoloniaTravel #Varsovia #Primavera #Polonia ##CerezosEnFlor #ViajarPorEuropa #Pol\u00f3nia #SpringVibes #CherryBlossom #cerejeiras\ud83c\udf38\" aria-hidden=\"true\">\n\t\t<\/a>\n\t<\/div>\n<\/div><div class=\"sbi_item sbi_type_carousel sbi_new sbi_transition\"\n\tid=\"sbi_17906046744402065\" data-date=\"1776181867\">\n\t<div class=\"sbi_photo_wrap\">\n\t\t<a class=\"sbi_photo\" href=\"https:\/\/www.instagram.com\/p\/DXHiS5tlX7n\/\" target=\"_blank\" rel=\"noopener nofollow\"\n\t\t\tdata-full-res=\"https:\/\/scontent-waw2-2.cdninstagram.com\/v\/t39.30808-6\/670405817_1816367786383033_6102776843802304712_n.jpg?stp=dst-jpg_e35_tt6&#038;_nc_cat=107&#038;ccb=7-5&#038;_nc_sid=18de74&#038;efg=eyJlZmdfdGFnIjoiQ0FST1VTRUxfSVRFTS5iZXN0X2ltYWdlX3VybGdlbi5DMyJ9&#038;_nc_ohc=amgPCOFwOpIQ7kNvwEYj2-i&#038;_nc_oc=Adp1p71e7EDcC70XW_wwt7MU2dmtd73D50yJyC8A8vpcVGiq2hArqORHRh4QiA0maOCWVTJD3Mf_zUwbQ5KgR_mh&#038;_nc_zt=23&#038;_nc_ht=scontent-waw2-2.cdninstagram.com&#038;edm=ANo9K5cEAAAA&#038;_nc_gid=8Sk-QqwkawWXWWJ-gd5DCQ&#038;_nc_tpa=Q5bMBQEINQzSJiL4Cq8S3E-RzIhJakiR0J9sX4GbwAqOX9F4QYoGDyTc-v8NiarhGuIZ33I3YH9GRBGMMA&#038;oh=00_Af3pGFo5h6AhqT55cJE4ZSDVdtLmaME8uxW-B7GKp2eNTA&#038;oe=69F71958\"\n\t\t\tdata-img-src-set=\"{&quot;d&quot;:&quot;https:\\\/\\\/scontent-waw2-2.cdninstagram.com\\\/v\\\/t39.30808-6\\\/670405817_1816367786383033_6102776843802304712_n.jpg?stp=dst-jpg_e35_tt6&amp;_nc_cat=107&amp;ccb=7-5&amp;_nc_sid=18de74&amp;efg=eyJlZmdfdGFnIjoiQ0FST1VTRUxfSVRFTS5iZXN0X2ltYWdlX3VybGdlbi5DMyJ9&amp;_nc_ohc=amgPCOFwOpIQ7kNvwEYj2-i&amp;_nc_oc=Adp1p71e7EDcC70XW_wwt7MU2dmtd73D50yJyC8A8vpcVGiq2hArqORHRh4QiA0maOCWVTJD3Mf_zUwbQ5KgR_mh&amp;_nc_zt=23&amp;_nc_ht=scontent-waw2-2.cdninstagram.com&amp;edm=ANo9K5cEAAAA&amp;_nc_gid=8Sk-QqwkawWXWWJ-gd5DCQ&amp;_nc_tpa=Q5bMBQEINQzSJiL4Cq8S3E-RzIhJakiR0J9sX4GbwAqOX9F4QYoGDyTc-v8NiarhGuIZ33I3YH9GRBGMMA&amp;oh=00_Af3pGFo5h6AhqT55cJE4ZSDVdtLmaME8uxW-B7GKp2eNTA&amp;oe=69F71958&quot;,&quot;150&quot;:&quot;https:\\\/\\\/scontent-waw2-2.cdninstagram.com\\\/v\\\/t39.30808-6\\\/670405817_1816367786383033_6102776843802304712_n.jpg?stp=dst-jpg_e35_tt6&amp;_nc_cat=107&amp;ccb=7-5&amp;_nc_sid=18de74&amp;efg=eyJlZmdfdGFnIjoiQ0FST1VTRUxfSVRFTS5iZXN0X2ltYWdlX3VybGdlbi5DMyJ9&amp;_nc_ohc=amgPCOFwOpIQ7kNvwEYj2-i&amp;_nc_oc=Adp1p71e7EDcC70XW_wwt7MU2dmtd73D50yJyC8A8vpcVGiq2hArqORHRh4QiA0maOCWVTJD3Mf_zUwbQ5KgR_mh&amp;_nc_zt=23&amp;_nc_ht=scontent-waw2-2.cdninstagram.com&amp;edm=ANo9K5cEAAAA&amp;_nc_gid=8Sk-QqwkawWXWWJ-gd5DCQ&amp;_nc_tpa=Q5bMBQEINQzSJiL4Cq8S3E-RzIhJakiR0J9sX4GbwAqOX9F4QYoGDyTc-v8NiarhGuIZ33I3YH9GRBGMMA&amp;oh=00_Af3pGFo5h6AhqT55cJE4ZSDVdtLmaME8uxW-B7GKp2eNTA&amp;oe=69F71958&quot;,&quot;320&quot;:&quot;https:\\\/\\\/scontent-waw2-2.cdninstagram.com\\\/v\\\/t39.30808-6\\\/670405817_1816367786383033_6102776843802304712_n.jpg?stp=dst-jpg_e35_tt6&amp;_nc_cat=107&amp;ccb=7-5&amp;_nc_sid=18de74&amp;efg=eyJlZmdfdGFnIjoiQ0FST1VTRUxfSVRFTS5iZXN0X2ltYWdlX3VybGdlbi5DMyJ9&amp;_nc_ohc=amgPCOFwOpIQ7kNvwEYj2-i&amp;_nc_oc=Adp1p71e7EDcC70XW_wwt7MU2dmtd73D50yJyC8A8vpcVGiq2hArqORHRh4QiA0maOCWVTJD3Mf_zUwbQ5KgR_mh&amp;_nc_zt=23&amp;_nc_ht=scontent-waw2-2.cdninstagram.com&amp;edm=ANo9K5cEAAAA&amp;_nc_gid=8Sk-QqwkawWXWWJ-gd5DCQ&amp;_nc_tpa=Q5bMBQEINQzSJiL4Cq8S3E-RzIhJakiR0J9sX4GbwAqOX9F4QYoGDyTc-v8NiarhGuIZ33I3YH9GRBGMMA&amp;oh=00_Af3pGFo5h6AhqT55cJE4ZSDVdtLmaME8uxW-B7GKp2eNTA&amp;oe=69F71958&quot;,&quot;640&quot;:&quot;https:\\\/\\\/scontent-waw2-2.cdninstagram.com\\\/v\\\/t39.30808-6\\\/670405817_1816367786383033_6102776843802304712_n.jpg?stp=dst-jpg_e35_tt6&amp;_nc_cat=107&amp;ccb=7-5&amp;_nc_sid=18de74&amp;efg=eyJlZmdfdGFnIjoiQ0FST1VTRUxfSVRFTS5iZXN0X2ltYWdlX3VybGdlbi5DMyJ9&amp;_nc_ohc=amgPCOFwOpIQ7kNvwEYj2-i&amp;_nc_oc=Adp1p71e7EDcC70XW_wwt7MU2dmtd73D50yJyC8A8vpcVGiq2hArqORHRh4QiA0maOCWVTJD3Mf_zUwbQ5KgR_mh&amp;_nc_zt=23&amp;_nc_ht=scontent-waw2-2.cdninstagram.com&amp;edm=ANo9K5cEAAAA&amp;_nc_gid=8Sk-QqwkawWXWWJ-gd5DCQ&amp;_nc_tpa=Q5bMBQEINQzSJiL4Cq8S3E-RzIhJakiR0J9sX4GbwAqOX9F4QYoGDyTc-v8NiarhGuIZ33I3YH9GRBGMMA&amp;oh=00_Af3pGFo5h6AhqT55cJE4ZSDVdtLmaME8uxW-B7GKp2eNTA&amp;oe=69F71958&quot;}\">\n\t\t\t<span class=\"sbi-screenreader\">ES_ \u00bfSab\u00edas que en Varsovia puedes viajar en el ti<\/span>\n\t\t\t<svg class=\"svg-inline--fa fa-clone fa-w-16 sbi_lightbox_carousel_icon\" aria-hidden=\"true\" aria-label=\"Clone\" data-fa-pro\u0192cessed=\"\" data-prefix=\"far\" data-icon=\"clone\" role=\"img\" xmlns=\"http:\/\/www.w3.org\/2000\/svg\" viewBox=\"0 0 512 512\">\n                    <path fill=\"currentColor\" d=\"M464 0H144c-26.51 0-48 21.49-48 48v48H48c-26.51 0-48 21.49-48 48v320c0 26.51 21.49 48 48 48h320c26.51 0 48-21.49 48-48v-48h48c26.51 0 48-21.49 48-48V48c0-26.51-21.49-48-48-48zM362 464H54a6 6 0 0 1-6-6V150a6 6 0 0 1 6-6h42v224c0 26.51 21.49 48 48 48h224v42a6 6 0 0 1-6 6zm96-96H150a6 6 0 0 1-6-6V54a6 6 0 0 1 6-6h308a6 6 0 0 1 6 6v308a6 6 0 0 1-6 6z\"><\/path>\n                <\/svg>\t\t\t\t\t\t<img decoding=\"async\" src=\"https:\/\/www.polonia.travel\/es\/wp-content\/plugins\/instagram-feed\/img\/placeholder.png\" alt=\"ES_ \u00bfSab\u00edas que en Varsovia puedes viajar en el tiempo a trav\u00e9s de la luz? \u2728\n\nEl Museo del Ne\u00f3n es uno de los lugares m\u00e1s originales de la ciudad. Ubicado en el moderno distrito de Praga, este museo re\u00fane una fascinante colecci\u00f3n de antiguos r\u00f3tulos luminosos de la \u00e9poca comunista, que anta\u00f1o decoraban calles, cines y comercios de toda Polonia. \ud83c\udf06\n\nCada ne\u00f3n cuenta una historia: desde elegantes tipograf\u00edas retro hasta dise\u00f1os llenos de color que reflejan la est\u00e9tica y la vida urbana de otra \u00e9poca. Hoy, restaurados y cuidadosamente conservados, brillan de nuevo como aut\u00e9nticas obras de arte.\n\n----\n\nPT_ Sabia que em Vars\u00f3via pode viajar no tempo atrav\u00e9s da luz? \u2728\n\nO Museo del Ne\u00f3n \u00e9 um dos lugares mais originais da cidade. Localizado no moderno bairro de Praga, este museu re\u00fane uma fascinante cole\u00e7\u00e3o de antigos letreiros luminosos da \u00e9poca comunista, que antigamente decoravam ruas, cinemas e lojas por toda a Pol\u00f3nia.\n\nCada n\u00e9on conta uma hist\u00f3ria: desde tipografias elegantes de estilo retro at\u00e9 designs cheios de cor que refletem a est\u00e9tica e a vida urbana de outra \u00e9poca. Hoje, restaurados e cuidadosamente preservados, voltam a brilhar como verdadeiras obras de arte.\n\nUm plano diferente, muito \u201cinstagram\u00e1vel\u201d e perfeito para descobrir um lado diferente de Vars\u00f3via.\n\n#Varsovia #Polonia #NeonMuseum #TravelInspiration #CityBreak #PoloniaTravel #Pol\u00f3nia #Vars\u00f3via #arte #arteurbano\" aria-hidden=\"true\">\n\t\t<\/a>\n\t<\/div>\n<\/div><div class=\"sbi_item sbi_type_carousel sbi_new sbi_transition\"\n\tid=\"sbi_18122118097527167\" data-date=\"1775937621\">\n\t<div class=\"sbi_photo_wrap\">\n\t\t<a class=\"sbi_photo\" href=\"https:\/\/www.instagram.com\/p\/DXAQbsLAYd2\/\" target=\"_blank\" rel=\"noopener nofollow\"\n\t\t\tdata-full-res=\"https:\/\/scontent-waw2-1.cdninstagram.com\/v\/t39.30808-6\/669046852_1812741090079036_6195852380616718581_n.jpg?stp=dst-jpg_e35_tt6&#038;_nc_cat=104&#038;ccb=7-5&#038;_nc_sid=18de74&#038;efg=eyJlZmdfdGFnIjoiQ0FST1VTRUxfSVRFTS5iZXN0X2ltYWdlX3VybGdlbi5DMyJ9&#038;_nc_ohc=Nu4oqIySY9UQ7kNvwF0EmI6&#038;_nc_oc=AdobE1ouwMw80XXwqRZfinBHHL_Wnu5kKUWWiJtpItrGYo7-hDP_af-slKS06a06pNC7JmRZmi-zdOJ5-x7XS8mG&#038;_nc_zt=23&#038;_nc_ht=scontent-waw2-1.cdninstagram.com&#038;edm=ANo9K5cEAAAA&#038;_nc_gid=8Sk-QqwkawWXWWJ-gd5DCQ&#038;_nc_tpa=Q5bMBQGXio1CG2q38AlbAq1a-G0P5sI4lZ2-zUnb2zI7qvlayCudARVXGHt1DyUnUXC82FzAEbKo3_cJ0Q&#038;oh=00_Af16PpGouJS0Xo0s5QVaO8Dy0WmJwAcAXvnsB4Sq6dEn5Q&#038;oe=69F71C87\"\n\t\t\tdata-img-src-set=\"{&quot;d&quot;:&quot;https:\\\/\\\/scontent-waw2-1.cdninstagram.com\\\/v\\\/t39.30808-6\\\/669046852_1812741090079036_6195852380616718581_n.jpg?stp=dst-jpg_e35_tt6&amp;_nc_cat=104&amp;ccb=7-5&amp;_nc_sid=18de74&amp;efg=eyJlZmdfdGFnIjoiQ0FST1VTRUxfSVRFTS5iZXN0X2ltYWdlX3VybGdlbi5DMyJ9&amp;_nc_ohc=Nu4oqIySY9UQ7kNvwF0EmI6&amp;_nc_oc=AdobE1ouwMw80XXwqRZfinBHHL_Wnu5kKUWWiJtpItrGYo7-hDP_af-slKS06a06pNC7JmRZmi-zdOJ5-x7XS8mG&amp;_nc_zt=23&amp;_nc_ht=scontent-waw2-1.cdninstagram.com&amp;edm=ANo9K5cEAAAA&amp;_nc_gid=8Sk-QqwkawWXWWJ-gd5DCQ&amp;_nc_tpa=Q5bMBQGXio1CG2q38AlbAq1a-G0P5sI4lZ2-zUnb2zI7qvlayCudARVXGHt1DyUnUXC82FzAEbKo3_cJ0Q&amp;oh=00_Af16PpGouJS0Xo0s5QVaO8Dy0WmJwAcAXvnsB4Sq6dEn5Q&amp;oe=69F71C87&quot;,&quot;150&quot;:&quot;https:\\\/\\\/scontent-waw2-1.cdninstagram.com\\\/v\\\/t39.30808-6\\\/669046852_1812741090079036_6195852380616718581_n.jpg?stp=dst-jpg_e35_tt6&amp;_nc_cat=104&amp;ccb=7-5&amp;_nc_sid=18de74&amp;efg=eyJlZmdfdGFnIjoiQ0FST1VTRUxfSVRFTS5iZXN0X2ltYWdlX3VybGdlbi5DMyJ9&amp;_nc_ohc=Nu4oqIySY9UQ7kNvwF0EmI6&amp;_nc_oc=AdobE1ouwMw80XXwqRZfinBHHL_Wnu5kKUWWiJtpItrGYo7-hDP_af-slKS06a06pNC7JmRZmi-zdOJ5-x7XS8mG&amp;_nc_zt=23&amp;_nc_ht=scontent-waw2-1.cdninstagram.com&amp;edm=ANo9K5cEAAAA&amp;_nc_gid=8Sk-QqwkawWXWWJ-gd5DCQ&amp;_nc_tpa=Q5bMBQGXio1CG2q38AlbAq1a-G0P5sI4lZ2-zUnb2zI7qvlayCudARVXGHt1DyUnUXC82FzAEbKo3_cJ0Q&amp;oh=00_Af16PpGouJS0Xo0s5QVaO8Dy0WmJwAcAXvnsB4Sq6dEn5Q&amp;oe=69F71C87&quot;,&quot;320&quot;:&quot;https:\\\/\\\/scontent-waw2-1.cdninstagram.com\\\/v\\\/t39.30808-6\\\/669046852_1812741090079036_6195852380616718581_n.jpg?stp=dst-jpg_e35_tt6&amp;_nc_cat=104&amp;ccb=7-5&amp;_nc_sid=18de74&amp;efg=eyJlZmdfdGFnIjoiQ0FST1VTRUxfSVRFTS5iZXN0X2ltYWdlX3VybGdlbi5DMyJ9&amp;_nc_ohc=Nu4oqIySY9UQ7kNvwF0EmI6&amp;_nc_oc=AdobE1ouwMw80XXwqRZfinBHHL_Wnu5kKUWWiJtpItrGYo7-hDP_af-slKS06a06pNC7JmRZmi-zdOJ5-x7XS8mG&amp;_nc_zt=23&amp;_nc_ht=scontent-waw2-1.cdninstagram.com&amp;edm=ANo9K5cEAAAA&amp;_nc_gid=8Sk-QqwkawWXWWJ-gd5DCQ&amp;_nc_tpa=Q5bMBQGXio1CG2q38AlbAq1a-G0P5sI4lZ2-zUnb2zI7qvlayCudARVXGHt1DyUnUXC82FzAEbKo3_cJ0Q&amp;oh=00_Af16PpGouJS0Xo0s5QVaO8Dy0WmJwAcAXvnsB4Sq6dEn5Q&amp;oe=69F71C87&quot;,&quot;640&quot;:&quot;https:\\\/\\\/scontent-waw2-1.cdninstagram.com\\\/v\\\/t39.30808-6\\\/669046852_1812741090079036_6195852380616718581_n.jpg?stp=dst-jpg_e35_tt6&amp;_nc_cat=104&amp;ccb=7-5&amp;_nc_sid=18de74&amp;efg=eyJlZmdfdGFnIjoiQ0FST1VTRUxfSVRFTS5iZXN0X2ltYWdlX3VybGdlbi5DMyJ9&amp;_nc_ohc=Nu4oqIySY9UQ7kNvwF0EmI6&amp;_nc_oc=AdobE1ouwMw80XXwqRZfinBHHL_Wnu5kKUWWiJtpItrGYo7-hDP_af-slKS06a06pNC7JmRZmi-zdOJ5-x7XS8mG&amp;_nc_zt=23&amp;_nc_ht=scontent-waw2-1.cdninstagram.com&amp;edm=ANo9K5cEAAAA&amp;_nc_gid=8Sk-QqwkawWXWWJ-gd5DCQ&amp;_nc_tpa=Q5bMBQGXio1CG2q38AlbAq1a-G0P5sI4lZ2-zUnb2zI7qvlayCudARVXGHt1DyUnUXC82FzAEbKo3_cJ0Q&amp;oh=00_Af16PpGouJS0Xo0s5QVaO8Dy0WmJwAcAXvnsB4Sq6dEn5Q&amp;oe=69F71C87&quot;}\">\n\t\t\t<span class=\"sbi-screenreader\">ES_\u2728 Un tesoro escondido en el coraz\u00f3n de Polonia <\/span>\n\t\t\t<svg class=\"svg-inline--fa fa-clone fa-w-16 sbi_lightbox_carousel_icon\" aria-hidden=\"true\" aria-label=\"Clone\" data-fa-pro\u0192cessed=\"\" data-prefix=\"far\" data-icon=\"clone\" role=\"img\" xmlns=\"http:\/\/www.w3.org\/2000\/svg\" viewBox=\"0 0 512 512\">\n                    <path fill=\"currentColor\" d=\"M464 0H144c-26.51 0-48 21.49-48 48v48H48c-26.51 0-48 21.49-48 48v320c0 26.51 21.49 48 48 48h320c26.51 0 48-21.49 48-48v-48h48c26.51 0 48-21.49 48-48V48c0-26.51-21.49-48-48-48zM362 464H54a6 6 0 0 1-6-6V150a6 6 0 0 1 6-6h42v224c0 26.51 21.49 48 48 48h224v42a6 6 0 0 1-6 6zm96-96H150a6 6 0 0 1-6-6V54a6 6 0 0 1 6-6h308a6 6 0 0 1 6 6v308a6 6 0 0 1-6 6z\"><\/path>\n                <\/svg>\t\t\t\t\t\t<img decoding=\"async\" src=\"https:\/\/www.polonia.travel\/es\/wp-content\/plugins\/instagram-feed\/img\/placeholder.png\" alt=\"ES_\u2728 Un tesoro escondido en el coraz\u00f3n de Polonia \u2728\n\nEn lo alto del castillo de Lublin se encuentra la impresionante Capilla de la Sant\u00edsima Trinidad, un lugar que sorprende desde el primer instante \ud83d\udcab Por fuera, su estilo g\u00f3tico puede parecer sobrio\u2026 pero al cruzar sus puertas, te espera una explosi\u00f3n de color y arte \u00fanico en Europa.\n\n\ud83c\udfa8 Sus muros est\u00e1n cubiertos por frescos bizantino-rutenos del siglo XV, una combinaci\u00f3n fascinante entre Oriente y Occidente que convierte este espacio en algo verdaderamente especial.\n\nUn rinc\u00f3n lleno de historia, espiritualidad y belleza que te transporta a otra \u00e9poca.\n\u00a1Imprescindible para amantes del arte y la historia!\n\n-----\n\nPT_  Um Tesouro Escondido no Cora\u00e7\u00e3o da Pol\u00f3nia \u2728\n\nNo topo do Castelo de Lublin, encontra-se a deslumbrante Capela da Sant\u00edssima Trindade, um lugar que cativa desde o primeiro instante \ud83d\udcab Do lado de fora, o seu estilo g\u00f3tico pode parecer discreto\u2026 mas ao entrar, uma explos\u00e3o de cores e arte, \u00fanica na Europa, aguarda.\n\n\ud83c\udfa8 As suas paredes est\u00e3o cobertas de frescos bizantino-rutenos do s\u00e9culo XV, uma fascinante mistura do Oriente e do Ocidente que torna este espa\u00e7o verdadeiramente especial.\n\nUm recanto repleto de hist\u00f3ria, espiritualidade e beleza que o transporta para outra \u00e9poca.\nUma visita imperd\u00edvel para os amantes da arte e da hist\u00f3ria!\n\n\ud83d\udccd Lublin, Polonia\n.\n.\n.\n#Lublin #Polonia #ArteEuropeo #Capilla #Viajar #Europa #HiddenGems #Castillo #Castelo #Arte #Pol\u00f3nia #Ciudad #Citybreak #Cidade\" aria-hidden=\"true\">\n\t\t<\/a>\n\t<\/div>\n<\/div><div class=\"sbi_item sbi_type_carousel sbi_new sbi_transition\"\n\tid=\"sbi_18118335505651355\" data-date=\"1775762526\">\n\t<div class=\"sbi_photo_wrap\">\n\t\t<a class=\"sbi_photo\" href=\"https:\/\/www.instagram.com\/p\/DW7Cd08j3E5\/\" target=\"_blank\" rel=\"noopener nofollow\"\n\t\t\tdata-full-res=\"https:\/\/scontent-waw2-1.cdninstagram.com\/v\/t39.30808-6\/670473759_1812064110146734_5409172187179519132_n.jpg?stp=dst-jpg_e35_tt6&#038;_nc_cat=110&#038;ccb=7-5&#038;_nc_sid=18de74&#038;efg=eyJlZmdfdGFnIjoiQ0FST1VTRUxfSVRFTS5iZXN0X2ltYWdlX3VybGdlbi5DMyJ9&#038;_nc_ohc=CGlxZ3A7IE4Q7kNvwGs3AUQ&#038;_nc_oc=AdoaZx2qedd69nla72tbCavxtMsfK_ufrDq6nODFtJDcKbNOF4KTO_IzVmQbVoKd0WGTjNLZGRt5pMheJEd7lZRc&#038;_nc_zt=23&#038;_nc_ht=scontent-waw2-1.cdninstagram.com&#038;edm=ANo9K5cEAAAA&#038;_nc_gid=8Sk-QqwkawWXWWJ-gd5DCQ&#038;_nc_tpa=Q5bMBQG7zvQeqhcw7BWPdYK6h3ODDZYGjFo8vWi51W_iO9q_Q-_byxqEt9YI7ur012cKrglGlGngseh5AA&#038;oh=00_Af1es5S5eh2KpUVg-vE--TsrEUNzuCOsCbHCQVcQwtGqQA&#038;oe=69F708A8\"\n\t\t\tdata-img-src-set=\"{&quot;d&quot;:&quot;https:\\\/\\\/scontent-waw2-1.cdninstagram.com\\\/v\\\/t39.30808-6\\\/670473759_1812064110146734_5409172187179519132_n.jpg?stp=dst-jpg_e35_tt6&amp;_nc_cat=110&amp;ccb=7-5&amp;_nc_sid=18de74&amp;efg=eyJlZmdfdGFnIjoiQ0FST1VTRUxfSVRFTS5iZXN0X2ltYWdlX3VybGdlbi5DMyJ9&amp;_nc_ohc=CGlxZ3A7IE4Q7kNvwGs3AUQ&amp;_nc_oc=AdoaZx2qedd69nla72tbCavxtMsfK_ufrDq6nODFtJDcKbNOF4KTO_IzVmQbVoKd0WGTjNLZGRt5pMheJEd7lZRc&amp;_nc_zt=23&amp;_nc_ht=scontent-waw2-1.cdninstagram.com&amp;edm=ANo9K5cEAAAA&amp;_nc_gid=8Sk-QqwkawWXWWJ-gd5DCQ&amp;_nc_tpa=Q5bMBQG7zvQeqhcw7BWPdYK6h3ODDZYGjFo8vWi51W_iO9q_Q-_byxqEt9YI7ur012cKrglGlGngseh5AA&amp;oh=00_Af1es5S5eh2KpUVg-vE--TsrEUNzuCOsCbHCQVcQwtGqQA&amp;oe=69F708A8&quot;,&quot;150&quot;:&quot;https:\\\/\\\/scontent-waw2-1.cdninstagram.com\\\/v\\\/t39.30808-6\\\/670473759_1812064110146734_5409172187179519132_n.jpg?stp=dst-jpg_e35_tt6&amp;_nc_cat=110&amp;ccb=7-5&amp;_nc_sid=18de74&amp;efg=eyJlZmdfdGFnIjoiQ0FST1VTRUxfSVRFTS5iZXN0X2ltYWdlX3VybGdlbi5DMyJ9&amp;_nc_ohc=CGlxZ3A7IE4Q7kNvwGs3AUQ&amp;_nc_oc=AdoaZx2qedd69nla72tbCavxtMsfK_ufrDq6nODFtJDcKbNOF4KTO_IzVmQbVoKd0WGTjNLZGRt5pMheJEd7lZRc&amp;_nc_zt=23&amp;_nc_ht=scontent-waw2-1.cdninstagram.com&amp;edm=ANo9K5cEAAAA&amp;_nc_gid=8Sk-QqwkawWXWWJ-gd5DCQ&amp;_nc_tpa=Q5bMBQG7zvQeqhcw7BWPdYK6h3ODDZYGjFo8vWi51W_iO9q_Q-_byxqEt9YI7ur012cKrglGlGngseh5AA&amp;oh=00_Af1es5S5eh2KpUVg-vE--TsrEUNzuCOsCbHCQVcQwtGqQA&amp;oe=69F708A8&quot;,&quot;320&quot;:&quot;https:\\\/\\\/scontent-waw2-1.cdninstagram.com\\\/v\\\/t39.30808-6\\\/670473759_1812064110146734_5409172187179519132_n.jpg?stp=dst-jpg_e35_tt6&amp;_nc_cat=110&amp;ccb=7-5&amp;_nc_sid=18de74&amp;efg=eyJlZmdfdGFnIjoiQ0FST1VTRUxfSVRFTS5iZXN0X2ltYWdlX3VybGdlbi5DMyJ9&amp;_nc_ohc=CGlxZ3A7IE4Q7kNvwGs3AUQ&amp;_nc_oc=AdoaZx2qedd69nla72tbCavxtMsfK_ufrDq6nODFtJDcKbNOF4KTO_IzVmQbVoKd0WGTjNLZGRt5pMheJEd7lZRc&amp;_nc_zt=23&amp;_nc_ht=scontent-waw2-1.cdninstagram.com&amp;edm=ANo9K5cEAAAA&amp;_nc_gid=8Sk-QqwkawWXWWJ-gd5DCQ&amp;_nc_tpa=Q5bMBQG7zvQeqhcw7BWPdYK6h3ODDZYGjFo8vWi51W_iO9q_Q-_byxqEt9YI7ur012cKrglGlGngseh5AA&amp;oh=00_Af1es5S5eh2KpUVg-vE--TsrEUNzuCOsCbHCQVcQwtGqQA&amp;oe=69F708A8&quot;,&quot;640&quot;:&quot;https:\\\/\\\/scontent-waw2-1.cdninstagram.com\\\/v\\\/t39.30808-6\\\/670473759_1812064110146734_5409172187179519132_n.jpg?stp=dst-jpg_e35_tt6&amp;_nc_cat=110&amp;ccb=7-5&amp;_nc_sid=18de74&amp;efg=eyJlZmdfdGFnIjoiQ0FST1VTRUxfSVRFTS5iZXN0X2ltYWdlX3VybGdlbi5DMyJ9&amp;_nc_ohc=CGlxZ3A7IE4Q7kNvwGs3AUQ&amp;_nc_oc=AdoaZx2qedd69nla72tbCavxtMsfK_ufrDq6nODFtJDcKbNOF4KTO_IzVmQbVoKd0WGTjNLZGRt5pMheJEd7lZRc&amp;_nc_zt=23&amp;_nc_ht=scontent-waw2-1.cdninstagram.com&amp;edm=ANo9K5cEAAAA&amp;_nc_gid=8Sk-QqwkawWXWWJ-gd5DCQ&amp;_nc_tpa=Q5bMBQG7zvQeqhcw7BWPdYK6h3ODDZYGjFo8vWi51W_iO9q_Q-_byxqEt9YI7ur012cKrglGlGngseh5AA&amp;oh=00_Af1es5S5eh2KpUVg-vE--TsrEUNzuCOsCbHCQVcQwtGqQA&amp;oe=69F708A8&quot;}\">\n\t\t\t<span class=\"sbi-screenreader\">ES_ \u00bfHab\u00e9is o\u00eddo hablar alguna vez sobre este pint<\/span>\n\t\t\t<svg class=\"svg-inline--fa fa-clone fa-w-16 sbi_lightbox_carousel_icon\" aria-hidden=\"true\" aria-label=\"Clone\" data-fa-pro\u0192cessed=\"\" data-prefix=\"far\" data-icon=\"clone\" role=\"img\" xmlns=\"http:\/\/www.w3.org\/2000\/svg\" viewBox=\"0 0 512 512\">\n                    <path fill=\"currentColor\" d=\"M464 0H144c-26.51 0-48 21.49-48 48v48H48c-26.51 0-48 21.49-48 48v320c0 26.51 21.49 48 48 48h320c26.51 0 48-21.49 48-48v-48h48c26.51 0 48-21.49 48-48V48c0-26.51-21.49-48-48-48zM362 464H54a6 6 0 0 1-6-6V150a6 6 0 0 1 6-6h42v224c0 26.51 21.49 48 48 48h224v42a6 6 0 0 1-6 6zm96-96H150a6 6 0 0 1-6-6V54a6 6 0 0 1 6-6h308a6 6 0 0 1 6 6v308a6 6 0 0 1-6 6z\"><\/path>\n                <\/svg>\t\t\t\t\t\t<img decoding=\"async\" src=\"https:\/\/www.polonia.travel\/es\/wp-content\/plugins\/instagram-feed\/img\/placeholder.png\" alt=\"ES_ \u00bfHab\u00e9is o\u00eddo hablar alguna vez sobre este pintoresco lugar de #Wroclaw?\n\n\ud83e\uddd9\u200d\u2640\ufe0fDicen que si caminas por este puente al atardecer, puedes sentir la energ\u00eda de antiguas leyendas\u2026 , escondido entre las torres de la catedral de Santa Mar\u00eda Magdalena, El Puente de las Brujas ofrece una de las mejores vistas de la ciudad \ud83d\udda4\n\u00a1Un lugar perfecto para los amantes de lo enigm\u00e1tico!\n\n----\n\nPT_ J\u00e1 ouviram falar deste lugar pitoresco de #Wroclaw?\n\n\ud83e\uddd9\u200d\u2640\ufe0f Dizem que, se caminharem por esta ponte ao entardecer, podem sentir a energia de antigas lendas\u2026 escondida entre as torres da catedral de Santa Maria Madalena, a Ponte das Bruxas oferece uma das melhores vistas da cidade \ud83d\udda4\nUm lugar perfeito para os amantes do enigm\u00e1tico!\n\n\ud83d\udcf8 Adobe Stock &amp; GettyImages\n.\n.\n.\n#Wroclaw #Viajar #LugaresConHistoria #Polonia #Leyendas #PuenteDeLasBrujas #PoloniaTravel #Ponte #ViagensComHist\u00f3ria\" aria-hidden=\"true\">\n\t\t<\/a>\n\t<\/div>\n<\/div><div class=\"sbi_item sbi_type_video sbi_new sbi_transition\"\n\tid=\"sbi_18065329826676114\" data-date=\"1775575577\">\n\t<div class=\"sbi_photo_wrap\">\n\t\t<a class=\"sbi_photo\" href=\"https:\/\/www.instagram.com\/reel\/DW1d1XMktJs\/\" target=\"_blank\" rel=\"noopener nofollow\"\n\t\t\tdata-full-res=\"https:\/\/scontent-waw2-2.cdninstagram.com\/v\/t51.82787-15\/658823647_18449780995129926_3133786476184901516_n.jpg?stp=dst-jpg_e35_tt6&#038;_nc_cat=101&#038;ccb=7-5&#038;_nc_sid=18de74&#038;efg=eyJlZmdfdGFnIjoiQ0xJUFMuYmVzdF9pbWFnZV91cmxnZW4uQzMifQ%3D%3D&#038;_nc_ohc=KJDXoQPZsaoQ7kNvwFOJqpr&#038;_nc_oc=Adr4y4jR4T_kqMTAwdUXRYmF8PGRqup5oyN5la_KKXoXieavnE2n9MJOtzQ45gHFmLaCfvACsy_Sm3hjioHhVdXd&#038;_nc_zt=23&#038;_nc_ht=scontent-waw2-2.cdninstagram.com&#038;edm=ANo9K5cEAAAA&#038;_nc_gid=8Sk-QqwkawWXWWJ-gd5DCQ&#038;_nc_tpa=Q5bMBQGZh2_5DRBLzIffGjIeBb6G6c2_s6pXtdD10FxGbxSVTdVgnIQ-jstq1JISSMtB2xWTeZ1dFozTcw&#038;oh=00_Af3HWsMDp1qN5C20ZuRNF6i7l324hmjTu1-XyQBo_-nWmg&#038;oe=69F72EE8\"\n\t\t\tdata-img-src-set=\"{&quot;d&quot;:&quot;https:\\\/\\\/scontent-waw2-2.cdninstagram.com\\\/v\\\/t51.82787-15\\\/658823647_18449780995129926_3133786476184901516_n.jpg?stp=dst-jpg_e35_tt6&amp;_nc_cat=101&amp;ccb=7-5&amp;_nc_sid=18de74&amp;efg=eyJlZmdfdGFnIjoiQ0xJUFMuYmVzdF9pbWFnZV91cmxnZW4uQzMifQ%3D%3D&amp;_nc_ohc=KJDXoQPZsaoQ7kNvwFOJqpr&amp;_nc_oc=Adr4y4jR4T_kqMTAwdUXRYmF8PGRqup5oyN5la_KKXoXieavnE2n9MJOtzQ45gHFmLaCfvACsy_Sm3hjioHhVdXd&amp;_nc_zt=23&amp;_nc_ht=scontent-waw2-2.cdninstagram.com&amp;edm=ANo9K5cEAAAA&amp;_nc_gid=8Sk-QqwkawWXWWJ-gd5DCQ&amp;_nc_tpa=Q5bMBQGZh2_5DRBLzIffGjIeBb6G6c2_s6pXtdD10FxGbxSVTdVgnIQ-jstq1JISSMtB2xWTeZ1dFozTcw&amp;oh=00_Af3HWsMDp1qN5C20ZuRNF6i7l324hmjTu1-XyQBo_-nWmg&amp;oe=69F72EE8&quot;,&quot;150&quot;:&quot;https:\\\/\\\/scontent-waw2-2.cdninstagram.com\\\/v\\\/t51.82787-15\\\/658823647_18449780995129926_3133786476184901516_n.jpg?stp=dst-jpg_e35_tt6&amp;_nc_cat=101&amp;ccb=7-5&amp;_nc_sid=18de74&amp;efg=eyJlZmdfdGFnIjoiQ0xJUFMuYmVzdF9pbWFnZV91cmxnZW4uQzMifQ%3D%3D&amp;_nc_ohc=KJDXoQPZsaoQ7kNvwFOJqpr&amp;_nc_oc=Adr4y4jR4T_kqMTAwdUXRYmF8PGRqup5oyN5la_KKXoXieavnE2n9MJOtzQ45gHFmLaCfvACsy_Sm3hjioHhVdXd&amp;_nc_zt=23&amp;_nc_ht=scontent-waw2-2.cdninstagram.com&amp;edm=ANo9K5cEAAAA&amp;_nc_gid=8Sk-QqwkawWXWWJ-gd5DCQ&amp;_nc_tpa=Q5bMBQGZh2_5DRBLzIffGjIeBb6G6c2_s6pXtdD10FxGbxSVTdVgnIQ-jstq1JISSMtB2xWTeZ1dFozTcw&amp;oh=00_Af3HWsMDp1qN5C20ZuRNF6i7l324hmjTu1-XyQBo_-nWmg&amp;oe=69F72EE8&quot;,&quot;320&quot;:&quot;https:\\\/\\\/scontent-waw2-2.cdninstagram.com\\\/v\\\/t51.82787-15\\\/658823647_18449780995129926_3133786476184901516_n.jpg?stp=dst-jpg_e35_tt6&amp;_nc_cat=101&amp;ccb=7-5&amp;_nc_sid=18de74&amp;efg=eyJlZmdfdGFnIjoiQ0xJUFMuYmVzdF9pbWFnZV91cmxnZW4uQzMifQ%3D%3D&amp;_nc_ohc=KJDXoQPZsaoQ7kNvwFOJqpr&amp;_nc_oc=Adr4y4jR4T_kqMTAwdUXRYmF8PGRqup5oyN5la_KKXoXieavnE2n9MJOtzQ45gHFmLaCfvACsy_Sm3hjioHhVdXd&amp;_nc_zt=23&amp;_nc_ht=scontent-waw2-2.cdninstagram.com&amp;edm=ANo9K5cEAAAA&amp;_nc_gid=8Sk-QqwkawWXWWJ-gd5DCQ&amp;_nc_tpa=Q5bMBQGZh2_5DRBLzIffGjIeBb6G6c2_s6pXtdD10FxGbxSVTdVgnIQ-jstq1JISSMtB2xWTeZ1dFozTcw&amp;oh=00_Af3HWsMDp1qN5C20ZuRNF6i7l324hmjTu1-XyQBo_-nWmg&amp;oe=69F72EE8&quot;,&quot;640&quot;:&quot;https:\\\/\\\/scontent-waw2-2.cdninstagram.com\\\/v\\\/t51.82787-15\\\/658823647_18449780995129926_3133786476184901516_n.jpg?stp=dst-jpg_e35_tt6&amp;_nc_cat=101&amp;ccb=7-5&amp;_nc_sid=18de74&amp;efg=eyJlZmdfdGFnIjoiQ0xJUFMuYmVzdF9pbWFnZV91cmxnZW4uQzMifQ%3D%3D&amp;_nc_ohc=KJDXoQPZsaoQ7kNvwFOJqpr&amp;_nc_oc=Adr4y4jR4T_kqMTAwdUXRYmF8PGRqup5oyN5la_KKXoXieavnE2n9MJOtzQ45gHFmLaCfvACsy_Sm3hjioHhVdXd&amp;_nc_zt=23&amp;_nc_ht=scontent-waw2-2.cdninstagram.com&amp;edm=ANo9K5cEAAAA&amp;_nc_gid=8Sk-QqwkawWXWWJ-gd5DCQ&amp;_nc_tpa=Q5bMBQGZh2_5DRBLzIffGjIeBb6G6c2_s6pXtdD10FxGbxSVTdVgnIQ-jstq1JISSMtB2xWTeZ1dFozTcw&amp;oh=00_Af3HWsMDp1qN5C20ZuRNF6i7l324hmjTu1-XyQBo_-nWmg&amp;oe=69F72EE8&quot;}\">\n\t\t\t<span class=\"sbi-screenreader\">ES_ La primavera en Polonia despierta poco a poco <\/span>\n\t\t\t\t\t\t<svg style=\"color: rgba(255,255,255,1)\" class=\"svg-inline--fa fa-play fa-w-14 sbi_playbtn\" aria-label=\"Play\" aria-hidden=\"true\" data-fa-processed=\"\" data-prefix=\"fa\" data-icon=\"play\" role=\"presentation\" xmlns=\"http:\/\/www.w3.org\/2000\/svg\" viewBox=\"0 0 448 512\"><path fill=\"currentColor\" d=\"M424.4 214.7L72.4 6.6C43.8-10.3 0 6.1 0 47.9V464c0 37.5 40.7 60.1 72.4 41.3l352-208c31.4-18.5 31.5-64.1 0-82.6z\"><\/path><\/svg>\t\t\t<img decoding=\"async\" src=\"https:\/\/www.polonia.travel\/es\/wp-content\/plugins\/instagram-feed\/img\/placeholder.png\" alt=\"ES_ La primavera en Polonia despierta poco a poco \ud83c\udf38\nLos parques se llenan de flores, las ciudades recuperan su ritmo y el aire huele a nuevos comienzos. Es el momento perfecto para pasear, descubrir y dejarse sorprender. \ud83c\udf3f\n---\n\nPT_ A primavera na Pol\u00f3nia desperta pouco a pouco \ud83c\udf38\nOs parques enchem-se de flores, as cidades recuperam o seu ritmo e o ar cheira a novos come\u00e7os. \u00c9 o momento perfeito para passear, descobrir e deixar-se surpreender. \u2728\n.\n.\n.\n#PoloniaTravel #Polonia #primavera\" aria-hidden=\"true\">\n\t\t<\/a>\n\t<\/div>\n<\/div><div class=\"sbi_item sbi_type_carousel sbi_new sbi_transition\"\n\tid=\"sbi_18046081118741228\" data-date=\"1775292317\">\n\t<div class=\"sbi_photo_wrap\">\n\t\t<a class=\"sbi_photo\" href=\"https:\/\/www.instagram.com\/p\/DWtBnQLgGVN\/\" target=\"_blank\" rel=\"noopener nofollow\"\n\t\t\tdata-full-res=\"https:\/\/scontent-waw2-1.cdninstagram.com\/v\/t39.30808-6\/658914886_1804802014206277_3001025890448297720_n.jpg?stp=dst-jpg_e35_tt6&#038;_nc_cat=110&#038;ccb=7-5&#038;_nc_sid=18de74&#038;efg=eyJlZmdfdGFnIjoiQ0FST1VTRUxfSVRFTS5iZXN0X2ltYWdlX3VybGdlbi5DMyJ9&#038;_nc_ohc=cOgZN8zoBtIQ7kNvwGKmMZA&#038;_nc_oc=AdrQtXMXU9XZ8v8AgmziY4ygrVgPSq5LNhgxLGL713MXYIo6nyxLJBvxZ5nlhI-XTvqYEXfYeXKM8dXT6gJ0Eflh&#038;_nc_zt=23&#038;_nc_ht=scontent-waw2-1.cdninstagram.com&#038;edm=ANo9K5cEAAAA&#038;_nc_gid=8Sk-QqwkawWXWWJ-gd5DCQ&#038;_nc_tpa=Q5bMBQEzQOt9Szy8xDmbSRa-bk5voNXhKnZA96zf3A-AYqNGJJHqopdIxZfSE13Bwz1n_afb_r_dLERSEw&#038;oh=00_Af3RNlAwA8txeQ3ktpmsGrajYtlybi8ktn7nnlT4te-BDw&#038;oe=69F701E6\"\n\t\t\tdata-img-src-set=\"{&quot;d&quot;:&quot;https:\\\/\\\/scontent-waw2-1.cdninstagram.com\\\/v\\\/t39.30808-6\\\/658914886_1804802014206277_3001025890448297720_n.jpg?stp=dst-jpg_e35_tt6&amp;_nc_cat=110&amp;ccb=7-5&amp;_nc_sid=18de74&amp;efg=eyJlZmdfdGFnIjoiQ0FST1VTRUxfSVRFTS5iZXN0X2ltYWdlX3VybGdlbi5DMyJ9&amp;_nc_ohc=cOgZN8zoBtIQ7kNvwGKmMZA&amp;_nc_oc=AdrQtXMXU9XZ8v8AgmziY4ygrVgPSq5LNhgxLGL713MXYIo6nyxLJBvxZ5nlhI-XTvqYEXfYeXKM8dXT6gJ0Eflh&amp;_nc_zt=23&amp;_nc_ht=scontent-waw2-1.cdninstagram.com&amp;edm=ANo9K5cEAAAA&amp;_nc_gid=8Sk-QqwkawWXWWJ-gd5DCQ&amp;_nc_tpa=Q5bMBQEzQOt9Szy8xDmbSRa-bk5voNXhKnZA96zf3A-AYqNGJJHqopdIxZfSE13Bwz1n_afb_r_dLERSEw&amp;oh=00_Af3RNlAwA8txeQ3ktpmsGrajYtlybi8ktn7nnlT4te-BDw&amp;oe=69F701E6&quot;,&quot;150&quot;:&quot;https:\\\/\\\/scontent-waw2-1.cdninstagram.com\\\/v\\\/t39.30808-6\\\/658914886_1804802014206277_3001025890448297720_n.jpg?stp=dst-jpg_e35_tt6&amp;_nc_cat=110&amp;ccb=7-5&amp;_nc_sid=18de74&amp;efg=eyJlZmdfdGFnIjoiQ0FST1VTRUxfSVRFTS5iZXN0X2ltYWdlX3VybGdlbi5DMyJ9&amp;_nc_ohc=cOgZN8zoBtIQ7kNvwGKmMZA&amp;_nc_oc=AdrQtXMXU9XZ8v8AgmziY4ygrVgPSq5LNhgxLGL713MXYIo6nyxLJBvxZ5nlhI-XTvqYEXfYeXKM8dXT6gJ0Eflh&amp;_nc_zt=23&amp;_nc_ht=scontent-waw2-1.cdninstagram.com&amp;edm=ANo9K5cEAAAA&amp;_nc_gid=8Sk-QqwkawWXWWJ-gd5DCQ&amp;_nc_tpa=Q5bMBQEzQOt9Szy8xDmbSRa-bk5voNXhKnZA96zf3A-AYqNGJJHqopdIxZfSE13Bwz1n_afb_r_dLERSEw&amp;oh=00_Af3RNlAwA8txeQ3ktpmsGrajYtlybi8ktn7nnlT4te-BDw&amp;oe=69F701E6&quot;,&quot;320&quot;:&quot;https:\\\/\\\/scontent-waw2-1.cdninstagram.com\\\/v\\\/t39.30808-6\\\/658914886_1804802014206277_3001025890448297720_n.jpg?stp=dst-jpg_e35_tt6&amp;_nc_cat=110&amp;ccb=7-5&amp;_nc_sid=18de74&amp;efg=eyJlZmdfdGFnIjoiQ0FST1VTRUxfSVRFTS5iZXN0X2ltYWdlX3VybGdlbi5DMyJ9&amp;_nc_ohc=cOgZN8zoBtIQ7kNvwGKmMZA&amp;_nc_oc=AdrQtXMXU9XZ8v8AgmziY4ygrVgPSq5LNhgxLGL713MXYIo6nyxLJBvxZ5nlhI-XTvqYEXfYeXKM8dXT6gJ0Eflh&amp;_nc_zt=23&amp;_nc_ht=scontent-waw2-1.cdninstagram.com&amp;edm=ANo9K5cEAAAA&amp;_nc_gid=8Sk-QqwkawWXWWJ-gd5DCQ&amp;_nc_tpa=Q5bMBQEzQOt9Szy8xDmbSRa-bk5voNXhKnZA96zf3A-AYqNGJJHqopdIxZfSE13Bwz1n_afb_r_dLERSEw&amp;oh=00_Af3RNlAwA8txeQ3ktpmsGrajYtlybi8ktn7nnlT4te-BDw&amp;oe=69F701E6&quot;,&quot;640&quot;:&quot;https:\\\/\\\/scontent-waw2-1.cdninstagram.com\\\/v\\\/t39.30808-6\\\/658914886_1804802014206277_3001025890448297720_n.jpg?stp=dst-jpg_e35_tt6&amp;_nc_cat=110&amp;ccb=7-5&amp;_nc_sid=18de74&amp;efg=eyJlZmdfdGFnIjoiQ0FST1VTRUxfSVRFTS5iZXN0X2ltYWdlX3VybGdlbi5DMyJ9&amp;_nc_ohc=cOgZN8zoBtIQ7kNvwGKmMZA&amp;_nc_oc=AdrQtXMXU9XZ8v8AgmziY4ygrVgPSq5LNhgxLGL713MXYIo6nyxLJBvxZ5nlhI-XTvqYEXfYeXKM8dXT6gJ0Eflh&amp;_nc_zt=23&amp;_nc_ht=scontent-waw2-1.cdninstagram.com&amp;edm=ANo9K5cEAAAA&amp;_nc_gid=8Sk-QqwkawWXWWJ-gd5DCQ&amp;_nc_tpa=Q5bMBQEzQOt9Szy8xDmbSRa-bk5voNXhKnZA96zf3A-AYqNGJJHqopdIxZfSE13Bwz1n_afb_r_dLERSEw&amp;oh=00_Af3RNlAwA8txeQ3ktpmsGrajYtlybi8ktn7nnlT4te-BDw&amp;oe=69F701E6&quot;}\">\n\t\t\t<span class=\"sbi-screenreader\">\u00bfHab\u00e9is o\u00eddo hablar alguna vez de #\u015awi\u0119conka?\n\nEn <\/span>\n\t\t\t<svg class=\"svg-inline--fa fa-clone fa-w-16 sbi_lightbox_carousel_icon\" aria-hidden=\"true\" aria-label=\"Clone\" data-fa-pro\u0192cessed=\"\" data-prefix=\"far\" data-icon=\"clone\" role=\"img\" xmlns=\"http:\/\/www.w3.org\/2000\/svg\" viewBox=\"0 0 512 512\">\n                    <path fill=\"currentColor\" d=\"M464 0H144c-26.51 0-48 21.49-48 48v48H48c-26.51 0-48 21.49-48 48v320c0 26.51 21.49 48 48 48h320c26.51 0 48-21.49 48-48v-48h48c26.51 0 48-21.49 48-48V48c0-26.51-21.49-48-48-48zM362 464H54a6 6 0 0 1-6-6V150a6 6 0 0 1 6-6h42v224c0 26.51 21.49 48 48 48h224v42a6 6 0 0 1-6 6zm96-96H150a6 6 0 0 1-6-6V54a6 6 0 0 1 6-6h308a6 6 0 0 1 6 6v308a6 6 0 0 1-6 6z\"><\/path>\n                <\/svg>\t\t\t\t\t\t<img decoding=\"async\" src=\"https:\/\/www.polonia.travel\/es\/wp-content\/plugins\/instagram-feed\/img\/placeholder.png\" alt=\"\u00bfHab\u00e9is o\u00eddo hablar alguna vez de #\u015awi\u0119conka?\n\nEn Polonia, el S\u00e1bado Santo las familias preparan cestas llenas de alimentos simb\u00f3licos que se llevar\u00e1n a la iglesia para la bendici\u00f3n de los alimentos.\n\nCada producto tiene su significado:\n\ud83e\udd5a Huevos: s\u00edmbolo de vida y renacimiento. \n\ud83e\udd56 Pan: representa abundancia y sustento. \n\ud83e\uddc2 Sal: simboliza la purificaci\u00f3n y la riqueza de la tierra. \n\ud83e\udd69 Carnes y embutidos: esperanza y prosperidad. \n\ud83c\udf70 Dulces tradicionales como babka y mazurek: celebraci\u00f3n y alegr\u00eda. \n\nTras la bendici\u00f3n, estas delicias se comparten en familia, marcando el inicio de la celebraci\u00f3n pascual y fortaleciendo los lazos y la tradici\u00f3n. \u2764\ufe0f\n\n---\n\nJ\u00e1 ouviste falar alguma vez de #\u015awi\u0119conka?\n\nNa Pol\u00f3nia, no S\u00e1bado Santo, as fam\u00edlias preparam cestos cheios de alimentos simb\u00f3licos que levam \u00e0 igreja para a b\u00ean\u00e7\u00e3o dos alimentos.\n\nCada produto tem o seu significado:\n\ud83e\udd5a Ovos: s\u00edmbolo de vida e renascimento.\n\ud83e\udd56 P\u00e3o: representa abund\u00e2ncia e sustento.\n\ud83e\uddc2 Sal: simboliza a purifica\u00e7\u00e3o e a riqueza da terra.\n\ud83e\udd69 Carnes e enchidos: esperan\u00e7a e prosperidade.\n\ud83c\udf70 Doces tradicionais como babka e mazurek: celebra\u00e7\u00e3o e alegria.\n\nAp\u00f3s a b\u00ean\u00e7\u00e3o, estas iguarias s\u00e3o partilhadas em fam\u00edlia, marcando o in\u00edcio da celebra\u00e7\u00e3o pascal e refor\u00e7ando os la\u00e7os e a tradi\u00e7\u00e3o.\n.\n.\n.\n#Polonia #SemanaSanta #P\u00e1scoa #Pascua #tradi\u00e7\u00e3o  #tradiciones #Pol\u00f3nia\" aria-hidden=\"true\">\n\t\t<\/a>\n\t<\/div>\n<\/div><div class=\"sbi_item sbi_type_carousel sbi_new sbi_transition\"\n\tid=\"sbi_18414571780131664\" data-date=\"1775163714\">\n\t<div class=\"sbi_photo_wrap\">\n\t\t<a class=\"sbi_photo\" href=\"https:\/\/www.instagram.com\/p\/DWpMUmOAXke\/\" target=\"_blank\" rel=\"noopener nofollow\"\n\t\t\tdata-full-res=\"https:\/\/scontent-waw2-2.cdninstagram.com\/v\/t39.30808-6\/657462488_1802747637745048_1297905082536958773_n.jpg?stp=dst-jpg_e35_tt6&#038;_nc_cat=107&#038;ccb=7-5&#038;_nc_sid=18de74&#038;efg=eyJlZmdfdGFnIjoiQ0FST1VTRUxfSVRFTS5iZXN0X2ltYWdlX3VybGdlbi5DMyJ9&#038;_nc_ohc=nHULtT7jnmQQ7kNvwFjM9M2&#038;_nc_oc=AdpNkTGjeVqS6zJW3mGg0wW964njHVDkqXJleVQBwzRvFCHjbSx51Cq3S_DfbzKXFj0qJBU9RfRphETuHL_f4sH3&#038;_nc_zt=23&#038;_nc_ht=scontent-waw2-2.cdninstagram.com&#038;edm=ANo9K5cEAAAA&#038;_nc_gid=8Sk-QqwkawWXWWJ-gd5DCQ&#038;_nc_tpa=Q5bMBQEHdkkdPmQMuDTfMsYo73b-i50i_4EAhDWrx0CtVbaCqnLDYygwUhbb9Yc4icStzg44ULVSgvFIBg&#038;oh=00_Af3_ARC9aourVp1fH8JcmaW7A8aU-7IRWWGd5A3B1WoOqA&#038;oe=69F72BB6\"\n\t\t\tdata-img-src-set=\"{&quot;d&quot;:&quot;https:\\\/\\\/scontent-waw2-2.cdninstagram.com\\\/v\\\/t39.30808-6\\\/657462488_1802747637745048_1297905082536958773_n.jpg?stp=dst-jpg_e35_tt6&amp;_nc_cat=107&amp;ccb=7-5&amp;_nc_sid=18de74&amp;efg=eyJlZmdfdGFnIjoiQ0FST1VTRUxfSVRFTS5iZXN0X2ltYWdlX3VybGdlbi5DMyJ9&amp;_nc_ohc=nHULtT7jnmQQ7kNvwFjM9M2&amp;_nc_oc=AdpNkTGjeVqS6zJW3mGg0wW964njHVDkqXJleVQBwzRvFCHjbSx51Cq3S_DfbzKXFj0qJBU9RfRphETuHL_f4sH3&amp;_nc_zt=23&amp;_nc_ht=scontent-waw2-2.cdninstagram.com&amp;edm=ANo9K5cEAAAA&amp;_nc_gid=8Sk-QqwkawWXWWJ-gd5DCQ&amp;_nc_tpa=Q5bMBQEHdkkdPmQMuDTfMsYo73b-i50i_4EAhDWrx0CtVbaCqnLDYygwUhbb9Yc4icStzg44ULVSgvFIBg&amp;oh=00_Af3_ARC9aourVp1fH8JcmaW7A8aU-7IRWWGd5A3B1WoOqA&amp;oe=69F72BB6&quot;,&quot;150&quot;:&quot;https:\\\/\\\/scontent-waw2-2.cdninstagram.com\\\/v\\\/t39.30808-6\\\/657462488_1802747637745048_1297905082536958773_n.jpg?stp=dst-jpg_e35_tt6&amp;_nc_cat=107&amp;ccb=7-5&amp;_nc_sid=18de74&amp;efg=eyJlZmdfdGFnIjoiQ0FST1VTRUxfSVRFTS5iZXN0X2ltYWdlX3VybGdlbi5DMyJ9&amp;_nc_ohc=nHULtT7jnmQQ7kNvwFjM9M2&amp;_nc_oc=AdpNkTGjeVqS6zJW3mGg0wW964njHVDkqXJleVQBwzRvFCHjbSx51Cq3S_DfbzKXFj0qJBU9RfRphETuHL_f4sH3&amp;_nc_zt=23&amp;_nc_ht=scontent-waw2-2.cdninstagram.com&amp;edm=ANo9K5cEAAAA&amp;_nc_gid=8Sk-QqwkawWXWWJ-gd5DCQ&amp;_nc_tpa=Q5bMBQEHdkkdPmQMuDTfMsYo73b-i50i_4EAhDWrx0CtVbaCqnLDYygwUhbb9Yc4icStzg44ULVSgvFIBg&amp;oh=00_Af3_ARC9aourVp1fH8JcmaW7A8aU-7IRWWGd5A3B1WoOqA&amp;oe=69F72BB6&quot;,&quot;320&quot;:&quot;https:\\\/\\\/scontent-waw2-2.cdninstagram.com\\\/v\\\/t39.30808-6\\\/657462488_1802747637745048_1297905082536958773_n.jpg?stp=dst-jpg_e35_tt6&amp;_nc_cat=107&amp;ccb=7-5&amp;_nc_sid=18de74&amp;efg=eyJlZmdfdGFnIjoiQ0FST1VTRUxfSVRFTS5iZXN0X2ltYWdlX3VybGdlbi5DMyJ9&amp;_nc_ohc=nHULtT7jnmQQ7kNvwFjM9M2&amp;_nc_oc=AdpNkTGjeVqS6zJW3mGg0wW964njHVDkqXJleVQBwzRvFCHjbSx51Cq3S_DfbzKXFj0qJBU9RfRphETuHL_f4sH3&amp;_nc_zt=23&amp;_nc_ht=scontent-waw2-2.cdninstagram.com&amp;edm=ANo9K5cEAAAA&amp;_nc_gid=8Sk-QqwkawWXWWJ-gd5DCQ&amp;_nc_tpa=Q5bMBQEHdkkdPmQMuDTfMsYo73b-i50i_4EAhDWrx0CtVbaCqnLDYygwUhbb9Yc4icStzg44ULVSgvFIBg&amp;oh=00_Af3_ARC9aourVp1fH8JcmaW7A8aU-7IRWWGd5A3B1WoOqA&amp;oe=69F72BB6&quot;,&quot;640&quot;:&quot;https:\\\/\\\/scontent-waw2-2.cdninstagram.com\\\/v\\\/t39.30808-6\\\/657462488_1802747637745048_1297905082536958773_n.jpg?stp=dst-jpg_e35_tt6&amp;_nc_cat=107&amp;ccb=7-5&amp;_nc_sid=18de74&amp;efg=eyJlZmdfdGFnIjoiQ0FST1VTRUxfSVRFTS5iZXN0X2ltYWdlX3VybGdlbi5DMyJ9&amp;_nc_ohc=nHULtT7jnmQQ7kNvwFjM9M2&amp;_nc_oc=AdpNkTGjeVqS6zJW3mGg0wW964njHVDkqXJleVQBwzRvFCHjbSx51Cq3S_DfbzKXFj0qJBU9RfRphETuHL_f4sH3&amp;_nc_zt=23&amp;_nc_ht=scontent-waw2-2.cdninstagram.com&amp;edm=ANo9K5cEAAAA&amp;_nc_gid=8Sk-QqwkawWXWWJ-gd5DCQ&amp;_nc_tpa=Q5bMBQEHdkkdPmQMuDTfMsYo73b-i50i_4EAhDWrx0CtVbaCqnLDYygwUhbb9Yc4icStzg44ULVSgvFIBg&amp;oh=00_Af3_ARC9aourVp1fH8JcmaW7A8aU-7IRWWGd5A3B1WoOqA&amp;oe=69F72BB6&quot;}\">\n\t\t\t<span class=\"sbi-screenreader\">ES_ La Pascua en Polonia no solo se celebra\u2026 \u00a1tamb<\/span>\n\t\t\t<svg class=\"svg-inline--fa fa-clone fa-w-16 sbi_lightbox_carousel_icon\" aria-hidden=\"true\" aria-label=\"Clone\" data-fa-pro\u0192cessed=\"\" data-prefix=\"far\" data-icon=\"clone\" role=\"img\" xmlns=\"http:\/\/www.w3.org\/2000\/svg\" viewBox=\"0 0 512 512\">\n                    <path fill=\"currentColor\" d=\"M464 0H144c-26.51 0-48 21.49-48 48v48H48c-26.51 0-48 21.49-48 48v320c0 26.51 21.49 48 48 48h320c26.51 0 48-21.49 48-48v-48h48c26.51 0 48-21.49 48-48V48c0-26.51-21.49-48-48-48zM362 464H54a6 6 0 0 1-6-6V150a6 6 0 0 1 6-6h42v224c0 26.51 21.49 48 48 48h224v42a6 6 0 0 1-6 6zm96-96H150a6 6 0 0 1-6-6V54a6 6 0 0 1 6-6h308a6 6 0 0 1 6 6v308a6 6 0 0 1-6 6z\"><\/path>\n                <\/svg>\t\t\t\t\t\t<img decoding=\"async\" src=\"https:\/\/www.polonia.travel\/es\/wp-content\/plugins\/instagram-feed\/img\/placeholder.png\" alt=\"ES_ La Pascua en Polonia no solo se celebra\u2026 \u00a1tambi\u00e9n se saborea! \u2728\n La mesa tradicional se llena de platos con historia, simbolismo y mucho sabor.\n\n\ud83e\udd63 \u017burek: una sopa agria elaborada con centeno fermentado, servida con huevo y salchicha. Reconfortante y muy t\u00edpica del Domingo de Pascua.\n\ud83e\udd5a Huevos decorados (pisanki): aut\u00e9nticas obras de arte que, adem\u00e1s de decorar, forman parte del men\u00fa.\n\ud83e\udd69 Bia\u0142a kie\u0142basa: salchicha blanca, jugosa y especiada, imprescindible en estas fechas.\n\ud83c\udf70 Mazurek: un dulce plano y decorado con frutos secos, chocolate o mermelada, tan bonito como delicioso.\n\ud83c\udf6e Babka: un bizcocho esponjoso, a menudo aromatizado con vainilla o ron, que nunca falta en la mesa pascual.\n\nSi viajas a Polonia en estas fechas, prep\u00e1rate para descubrir una tradici\u00f3n donde cada plato cuenta una historia.\n\n---\n\nPT_ A P\u00e1scoa na Pol\u00f3nia n\u00e3o \u00e9 apenas celebrada\u2026 tamb\u00e9m se saboreia! \n\u2728 A mesa tradicional enche-se de pratos com hist\u00f3ria, simbolismo e muito sabor.\n\n\ud83e\udd63 \u017burek: uma sopa \u00e1cida feita com centeio fermentado, servida com ovo e salsicha. Reconfortante e muito t\u00edpica do Domingo de P\u00e1scoa.\n\n\ud83e\udd5a Ovos decorados (pisanki): verdadeiras obras de arte que, al\u00e9m de decorar, fazem parte do menu.\n\n\ud83e\udd69 Bia\u0142a kie\u0142basa: salsicha branca, suculenta e condimentada, imprescind\u00edvel nestas datas.\n\n\ud83c\udf70 Mazurek: um doce plano, decorado com frutos secos, chocolate ou compota, t\u00e3o bonito quanto delicioso.\n\n\ud83c\udf6e Babka: um bolo fofo, muitas vezes aromatizado com baunilha ou rum, que nunca falta na mesa pascal.\n\nSe viaja para a Pol\u00f3nia nesta altura, prepare-se para descobrir uma tradi\u00e7\u00e3o onde cada prato conta uma hist\u00f3ria.\n.\n.\n.\n#Polnia #PoloniaTravel #P\u00e1scoa #Pol\u00f3nia #Gastronomia #ViajarComSabor #Tradi\u00e7\u00f5es #FoodieTravel #Pascua #SemanaSanta\" aria-hidden=\"true\">\n\t\t<\/a>\n\t<\/div>\n<\/div><div class=\"sbi_item sbi_type_image sbi_new sbi_transition\"\n\tid=\"sbi_17972197476008989\" data-date=\"1774990848\">\n\t<div class=\"sbi_photo_wrap\">\n\t\t<a class=\"sbi_photo\" href=\"https:\/\/www.instagram.com\/p\/DWkCmvGmOHn\/\" target=\"_blank\" rel=\"noopener nofollow\"\n\t\t\tdata-full-res=\"https:\/\/scontent-waw2-1.cdninstagram.com\/v\/t39.30808-6\/660535827_1802773927742419_565167986536035318_n.jpg?stp=dst-jpg_e35_tt6&#038;_nc_cat=111&#038;ccb=7-5&#038;_nc_sid=18de74&#038;efg=eyJlZmdfdGFnIjoiRkVFRC5iZXN0X2ltYWdlX3VybGdlbi5DMyJ9&#038;_nc_ohc=4yE0hdgF8kEQ7kNvwEEcLh2&#038;_nc_oc=AdpY15bf7LvUQN_273GHrqTkTn22b9H3fBzX_oKAnCpLrnQu5nsw9dMsfNqy1GMbhp5lU1HiJXhdQXm_CQ0vrvLN&#038;_nc_zt=23&#038;_nc_ht=scontent-waw2-1.cdninstagram.com&#038;edm=ANo9K5cEAAAA&#038;_nc_gid=8Sk-QqwkawWXWWJ-gd5DCQ&#038;_nc_tpa=Q5bMBQE6INqiVyEPtNZApP1VqWGmh1x-1DZO7dG7jCOIFSslKq_PsnAbUINo_TfgzJKL5dXg37i67eJX7w&#038;oh=00_Af1iV7-wEkPsX3JWzEv6TsDZ_RY_EudaRy4PDfXK__MzWw&#038;oe=69F7198A\"\n\t\t\tdata-img-src-set=\"{&quot;d&quot;:&quot;https:\\\/\\\/scontent-waw2-1.cdninstagram.com\\\/v\\\/t39.30808-6\\\/660535827_1802773927742419_565167986536035318_n.jpg?stp=dst-jpg_e35_tt6&amp;_nc_cat=111&amp;ccb=7-5&amp;_nc_sid=18de74&amp;efg=eyJlZmdfdGFnIjoiRkVFRC5iZXN0X2ltYWdlX3VybGdlbi5DMyJ9&amp;_nc_ohc=4yE0hdgF8kEQ7kNvwEEcLh2&amp;_nc_oc=AdpY15bf7LvUQN_273GHrqTkTn22b9H3fBzX_oKAnCpLrnQu5nsw9dMsfNqy1GMbhp5lU1HiJXhdQXm_CQ0vrvLN&amp;_nc_zt=23&amp;_nc_ht=scontent-waw2-1.cdninstagram.com&amp;edm=ANo9K5cEAAAA&amp;_nc_gid=8Sk-QqwkawWXWWJ-gd5DCQ&amp;_nc_tpa=Q5bMBQE6INqiVyEPtNZApP1VqWGmh1x-1DZO7dG7jCOIFSslKq_PsnAbUINo_TfgzJKL5dXg37i67eJX7w&amp;oh=00_Af1iV7-wEkPsX3JWzEv6TsDZ_RY_EudaRy4PDfXK__MzWw&amp;oe=69F7198A&quot;,&quot;150&quot;:&quot;https:\\\/\\\/scontent-waw2-1.cdninstagram.com\\\/v\\\/t39.30808-6\\\/660535827_1802773927742419_565167986536035318_n.jpg?stp=dst-jpg_e35_tt6&amp;_nc_cat=111&amp;ccb=7-5&amp;_nc_sid=18de74&amp;efg=eyJlZmdfdGFnIjoiRkVFRC5iZXN0X2ltYWdlX3VybGdlbi5DMyJ9&amp;_nc_ohc=4yE0hdgF8kEQ7kNvwEEcLh2&amp;_nc_oc=AdpY15bf7LvUQN_273GHrqTkTn22b9H3fBzX_oKAnCpLrnQu5nsw9dMsfNqy1GMbhp5lU1HiJXhdQXm_CQ0vrvLN&amp;_nc_zt=23&amp;_nc_ht=scontent-waw2-1.cdninstagram.com&amp;edm=ANo9K5cEAAAA&amp;_nc_gid=8Sk-QqwkawWXWWJ-gd5DCQ&amp;_nc_tpa=Q5bMBQE6INqiVyEPtNZApP1VqWGmh1x-1DZO7dG7jCOIFSslKq_PsnAbUINo_TfgzJKL5dXg37i67eJX7w&amp;oh=00_Af1iV7-wEkPsX3JWzEv6TsDZ_RY_EudaRy4PDfXK__MzWw&amp;oe=69F7198A&quot;,&quot;320&quot;:&quot;https:\\\/\\\/scontent-waw2-1.cdninstagram.com\\\/v\\\/t39.30808-6\\\/660535827_1802773927742419_565167986536035318_n.jpg?stp=dst-jpg_e35_tt6&amp;_nc_cat=111&amp;ccb=7-5&amp;_nc_sid=18de74&amp;efg=eyJlZmdfdGFnIjoiRkVFRC5iZXN0X2ltYWdlX3VybGdlbi5DMyJ9&amp;_nc_ohc=4yE0hdgF8kEQ7kNvwEEcLh2&amp;_nc_oc=AdpY15bf7LvUQN_273GHrqTkTn22b9H3fBzX_oKAnCpLrnQu5nsw9dMsfNqy1GMbhp5lU1HiJXhdQXm_CQ0vrvLN&amp;_nc_zt=23&amp;_nc_ht=scontent-waw2-1.cdninstagram.com&amp;edm=ANo9K5cEAAAA&amp;_nc_gid=8Sk-QqwkawWXWWJ-gd5DCQ&amp;_nc_tpa=Q5bMBQE6INqiVyEPtNZApP1VqWGmh1x-1DZO7dG7jCOIFSslKq_PsnAbUINo_TfgzJKL5dXg37i67eJX7w&amp;oh=00_Af1iV7-wEkPsX3JWzEv6TsDZ_RY_EudaRy4PDfXK__MzWw&amp;oe=69F7198A&quot;,&quot;640&quot;:&quot;https:\\\/\\\/scontent-waw2-1.cdninstagram.com\\\/v\\\/t39.30808-6\\\/660535827_1802773927742419_565167986536035318_n.jpg?stp=dst-jpg_e35_tt6&amp;_nc_cat=111&amp;ccb=7-5&amp;_nc_sid=18de74&amp;efg=eyJlZmdfdGFnIjoiRkVFRC5iZXN0X2ltYWdlX3VybGdlbi5DMyJ9&amp;_nc_ohc=4yE0hdgF8kEQ7kNvwEEcLh2&amp;_nc_oc=AdpY15bf7LvUQN_273GHrqTkTn22b9H3fBzX_oKAnCpLrnQu5nsw9dMsfNqy1GMbhp5lU1HiJXhdQXm_CQ0vrvLN&amp;_nc_zt=23&amp;_nc_ht=scontent-waw2-1.cdninstagram.com&amp;edm=ANo9K5cEAAAA&amp;_nc_gid=8Sk-QqwkawWXWWJ-gd5DCQ&amp;_nc_tpa=Q5bMBQE6INqiVyEPtNZApP1VqWGmh1x-1DZO7dG7jCOIFSslKq_PsnAbUINo_TfgzJKL5dXg37i67eJX7w&amp;oh=00_Af1iV7-wEkPsX3JWzEv6TsDZ_RY_EudaRy4PDfXK__MzWw&amp;oe=69F7198A&quot;}\">\n\t\t\t<span class=\"sbi-screenreader\">ES_  Descubre la magia de los mercados de Pascua e<\/span>\n\t\t\t\t\t\t\t\t\t<img decoding=\"async\" src=\"https:\/\/www.polonia.travel\/es\/wp-content\/plugins\/instagram-feed\/img\/placeholder.png\" alt=\"ES_  Descubre la magia de los mercados de Pascua en Polonia \ud83e\udd5a\ud83e\uddc1\n\nEn Polonia, la Pascua se celebra con tradiciones llenas de color, sabor y artesan\u00eda. Y uno de los grandes protagonistas son los mercados de Pascua, donde locales y turistas se mezclan entre puestos repletos de delicias y artesan\u00eda t\u00edpica. \n\n\u2728 Qu\u00e9 encontrar\u00e1s:\n\u00b7 Huevos decorados (pisanki): pintados a mano y con dise\u00f1os que parecen obras de arte.\n\u00b7 Artesan\u00eda y recuerdos: figuras de madera, cestas trenzadas y adornos para la casa.\n\u00b7 Productos locales: quesos, embutidos y pan reci\u00e9n hecho, perfectos para llevar a casa.\n\nAdem\u00e1s de comprar, los mercados ofrecen demostraciones, talleres y actividades para toda la familia, convirti\u00e9ndose en un punto de encuentro lleno de vida y alegr\u00eda. \ud83c\udfa8\ud83d\udc68\u200d\ud83d\udc69\u200d\ud83d\udc67\u200d\ud83d\udc66\n\nSi visitas Polonia en Semana Santa, perderse entre sus mercados es una experiencia que no te puedes perder. \u00a1Color, sabor y tradici\u00f3n en cada puesto! \u2764\ufe0f\n\n-----\n\nPT_ Descubra a magia dos mercados da P\u00e1scoa na Pol\u00f3nia \ud83c\udf38\ud83d\udc23\n\nNa Pol\u00f3nia, a P\u00e1scoa \u00e9 celebrada com tradi\u00e7\u00f5es coloridas, saborosas e artesanais. Os mercados da P\u00e1scoa s\u00e3o um ponto alto, onde os habitantes locais e os turistas se misturam entre bancas repletas de iguarias e artesanato tradicional. \n\n\u2728 O que vai encontrar:\n\u2022 Ovos decorados (pisanki): pintados \u00e0 m\u00e3o com desenhos que parecem obras de arte.\n\u2022 Artesanato e lembran\u00e7as: estatuetas de madeira, cestos entran\u00e7ados e artigos de decora\u00e7\u00e3o para a casa.\n\u2022 Produtos locais: queijos, enchidos e p\u00e3o fresco, perfeitos para levar para casa.\n\nPara al\u00e9m das compras, os mercados oferecem demonstra\u00e7\u00f5es, workshops e atividades para toda a fam\u00edlia, o que os torna um ponto de encontro vibrante e alegre. \ud83c\udfa8\ud83d\udc68\u200d\ud83d\udc69\u200d\ud83d\udc67\u200d\ud83d\udc66\n\nSe visitar a Pol\u00f3nia durante a P\u00e1scoa, perder-se nos seus mercados \u00e9 uma experi\u00eancia imperd\u00edvel. Cor, sabor e tradi\u00e7\u00e3o em cada banca! \u2764\ufe0f\n.\n.\n.\n#P\u00e1scoa #Polonia #MercadosDePascua #Tradiciones #ViajarConSabor #Artesan\u00eda #PoloniaTravel #SemanaSanta #Abril\" aria-hidden=\"true\">\n\t\t<\/a>\n\t<\/div>\n<\/div><div class=\"sbi_item sbi_type_carousel sbi_new sbi_transition\"\n\tid=\"sbi_17902006449242103\" data-date=\"1774814425\">\n\t<div class=\"sbi_photo_wrap\">\n\t\t<a class=\"sbi_photo\" href=\"https:\/\/www.instagram.com\/p\/DWeyG2aD6Fr\/\" target=\"_blank\" rel=\"noopener nofollow\"\n\t\t\tdata-full-res=\"https:\/\/scontent-waw2-2.cdninstagram.com\/v\/t39.30808-6\/657310547_1800196248000187_1644488297423689774_n.jpg?stp=dst-jpg_e35_tt6&#038;_nc_cat=100&#038;ccb=7-5&#038;_nc_sid=18de74&#038;_nc_aid=0&#038;efg=eyJlZmdfdGFnIjoiQ0FST1VTRUxfSVRFTS5iZXN0X2ltYWdlX3VybGdlbi5DMyJ9&#038;_nc_ohc=HNfs5DPXKDUQ7kNvwF4tzsF&#038;_nc_oc=AdppOFIPRxOXqTmFr3hnARV06l95Q-s8DWX58tZ-T53IKJiMd7rkOeIRHQGO6EQeTOnQeW-H04_5V1jOrLuXPdX9&#038;_nc_zt=23&#038;_nc_ht=scontent-waw2-2.cdninstagram.com&#038;edm=ANo9K5cEAAAA&#038;_nc_gid=8Sk-QqwkawWXWWJ-gd5DCQ&#038;_nc_tpa=Q5bMBQHlAkuaRn3fG4Dwhs1jdx3uNLxZQcjz-aJxEJvKeBM_4tbUEJxTEz0MhBILWAZTjmrDdNKbWhcVQw&#038;oh=00_Af0b69Asq5hxtvF_Qa29vMkbXBLqNHm476ratoTEzTw4vQ&#038;oe=69F72C30\"\n\t\t\tdata-img-src-set=\"{&quot;d&quot;:&quot;https:\\\/\\\/scontent-waw2-2.cdninstagram.com\\\/v\\\/t39.30808-6\\\/657310547_1800196248000187_1644488297423689774_n.jpg?stp=dst-jpg_e35_tt6&amp;_nc_cat=100&amp;ccb=7-5&amp;_nc_sid=18de74&amp;_nc_aid=0&amp;efg=eyJlZmdfdGFnIjoiQ0FST1VTRUxfSVRFTS5iZXN0X2ltYWdlX3VybGdlbi5DMyJ9&amp;_nc_ohc=HNfs5DPXKDUQ7kNvwF4tzsF&amp;_nc_oc=AdppOFIPRxOXqTmFr3hnARV06l95Q-s8DWX58tZ-T53IKJiMd7rkOeIRHQGO6EQeTOnQeW-H04_5V1jOrLuXPdX9&amp;_nc_zt=23&amp;_nc_ht=scontent-waw2-2.cdninstagram.com&amp;edm=ANo9K5cEAAAA&amp;_nc_gid=8Sk-QqwkawWXWWJ-gd5DCQ&amp;_nc_tpa=Q5bMBQHlAkuaRn3fG4Dwhs1jdx3uNLxZQcjz-aJxEJvKeBM_4tbUEJxTEz0MhBILWAZTjmrDdNKbWhcVQw&amp;oh=00_Af0b69Asq5hxtvF_Qa29vMkbXBLqNHm476ratoTEzTw4vQ&amp;oe=69F72C30&quot;,&quot;150&quot;:&quot;https:\\\/\\\/scontent-waw2-2.cdninstagram.com\\\/v\\\/t39.30808-6\\\/657310547_1800196248000187_1644488297423689774_n.jpg?stp=dst-jpg_e35_tt6&amp;_nc_cat=100&amp;ccb=7-5&amp;_nc_sid=18de74&amp;_nc_aid=0&amp;efg=eyJlZmdfdGFnIjoiQ0FST1VTRUxfSVRFTS5iZXN0X2ltYWdlX3VybGdlbi5DMyJ9&amp;_nc_ohc=HNfs5DPXKDUQ7kNvwF4tzsF&amp;_nc_oc=AdppOFIPRxOXqTmFr3hnARV06l95Q-s8DWX58tZ-T53IKJiMd7rkOeIRHQGO6EQeTOnQeW-H04_5V1jOrLuXPdX9&amp;_nc_zt=23&amp;_nc_ht=scontent-waw2-2.cdninstagram.com&amp;edm=ANo9K5cEAAAA&amp;_nc_gid=8Sk-QqwkawWXWWJ-gd5DCQ&amp;_nc_tpa=Q5bMBQHlAkuaRn3fG4Dwhs1jdx3uNLxZQcjz-aJxEJvKeBM_4tbUEJxTEz0MhBILWAZTjmrDdNKbWhcVQw&amp;oh=00_Af0b69Asq5hxtvF_Qa29vMkbXBLqNHm476ratoTEzTw4vQ&amp;oe=69F72C30&quot;,&quot;320&quot;:&quot;https:\\\/\\\/scontent-waw2-2.cdninstagram.com\\\/v\\\/t39.30808-6\\\/657310547_1800196248000187_1644488297423689774_n.jpg?stp=dst-jpg_e35_tt6&amp;_nc_cat=100&amp;ccb=7-5&amp;_nc_sid=18de74&amp;_nc_aid=0&amp;efg=eyJlZmdfdGFnIjoiQ0FST1VTRUxfSVRFTS5iZXN0X2ltYWdlX3VybGdlbi5DMyJ9&amp;_nc_ohc=HNfs5DPXKDUQ7kNvwF4tzsF&amp;_nc_oc=AdppOFIPRxOXqTmFr3hnARV06l95Q-s8DWX58tZ-T53IKJiMd7rkOeIRHQGO6EQeTOnQeW-H04_5V1jOrLuXPdX9&amp;_nc_zt=23&amp;_nc_ht=scontent-waw2-2.cdninstagram.com&amp;edm=ANo9K5cEAAAA&amp;_nc_gid=8Sk-QqwkawWXWWJ-gd5DCQ&amp;_nc_tpa=Q5bMBQHlAkuaRn3fG4Dwhs1jdx3uNLxZQcjz-aJxEJvKeBM_4tbUEJxTEz0MhBILWAZTjmrDdNKbWhcVQw&amp;oh=00_Af0b69Asq5hxtvF_Qa29vMkbXBLqNHm476ratoTEzTw4vQ&amp;oe=69F72C30&quot;,&quot;640&quot;:&quot;https:\\\/\\\/scontent-waw2-2.cdninstagram.com\\\/v\\\/t39.30808-6\\\/657310547_1800196248000187_1644488297423689774_n.jpg?stp=dst-jpg_e35_tt6&amp;_nc_cat=100&amp;ccb=7-5&amp;_nc_sid=18de74&amp;_nc_aid=0&amp;efg=eyJlZmdfdGFnIjoiQ0FST1VTRUxfSVRFTS5iZXN0X2ltYWdlX3VybGdlbi5DMyJ9&amp;_nc_ohc=HNfs5DPXKDUQ7kNvwF4tzsF&amp;_nc_oc=AdppOFIPRxOXqTmFr3hnARV06l95Q-s8DWX58tZ-T53IKJiMd7rkOeIRHQGO6EQeTOnQeW-H04_5V1jOrLuXPdX9&amp;_nc_zt=23&amp;_nc_ht=scontent-waw2-2.cdninstagram.com&amp;edm=ANo9K5cEAAAA&amp;_nc_gid=8Sk-QqwkawWXWWJ-gd5DCQ&amp;_nc_tpa=Q5bMBQHlAkuaRn3fG4Dwhs1jdx3uNLxZQcjz-aJxEJvKeBM_4tbUEJxTEz0MhBILWAZTjmrDdNKbWhcVQw&amp;oh=00_Af0b69Asq5hxtvF_Qa29vMkbXBLqNHm476ratoTEzTw4vQ&amp;oe=69F72C30&quot;}\">\n\t\t\t<span class=\"sbi-screenreader\">ES_En Polonia, el Domingo de Ramos se vive con una<\/span>\n\t\t\t<svg class=\"svg-inline--fa fa-clone fa-w-16 sbi_lightbox_carousel_icon\" aria-hidden=\"true\" aria-label=\"Clone\" data-fa-pro\u0192cessed=\"\" data-prefix=\"far\" data-icon=\"clone\" role=\"img\" xmlns=\"http:\/\/www.w3.org\/2000\/svg\" viewBox=\"0 0 512 512\">\n                    <path fill=\"currentColor\" d=\"M464 0H144c-26.51 0-48 21.49-48 48v48H48c-26.51 0-48 21.49-48 48v320c0 26.51 21.49 48 48 48h320c26.51 0 48-21.49 48-48v-48h48c26.51 0 48-21.49 48-48V48c0-26.51-21.49-48-48-48zM362 464H54a6 6 0 0 1-6-6V150a6 6 0 0 1 6-6h42v224c0 26.51 21.49 48 48 48h224v42a6 6 0 0 1-6 6zm96-96H150a6 6 0 0 1-6-6V54a6 6 0 0 1 6-6h308a6 6 0 0 1 6 6v308a6 6 0 0 1-6 6z\"><\/path>\n                <\/svg>\t\t\t\t\t\t<img decoding=\"async\" src=\"https:\/\/www.polonia.travel\/es\/wp-content\/plugins\/instagram-feed\/img\/placeholder.png\" alt=\"ES_En Polonia, el Domingo de Ramos se vive con una tradici\u00f3n \u00fanica y llena de color \ud83c\udf3f\u2728\n\nAqu\u00ed, en lugar de hojas de palma, se utilizan las famosas \u201cpalmas\u201d hechas a mano con ramas de sauce, flores secas y cintas de colores. Estas aut\u00e9nticas obras de arte se bendicen en la iglesia y simbolizan la vida, la renovaci\u00f3n y la llegada de la primavera.\n\nEn muchos pueblos, como Lipnica Murowana, se celebran concursos donde se crean palmas gigantes que pueden alcanzar varios metros de altura \ud83d\ude0d\n\nUna tradici\u00f3n que mezcla fe, creatividad y comunidad\u2026 y que convierte esta celebraci\u00f3n en algo realmente especial.\n\n---\n\nPT_ Na Polonia, o Domingo de Ramos vive-se com uma tradi\u00e7\u00e3o \u00fanica e cheia de cor \ud83c\udf3f\u2728\n\nAqui, em vez de folhas de palmeira, utilizam-se as famosas \u201cpalmas\u201d feitas \u00e0 m\u00e3o com ramos de salgueiro, flores secas e fitas coloridas. Estas aut\u00eanticas obras de arte s\u00e3o benzidas na igreja e simbolizam a vida, a renova\u00e7\u00e3o e a chegada da primavera.\n\nEm muitas localidades, como Lipnica Murowana, realizam-se concursos onde se criam palmas gigantes que podem atingir v\u00e1rios metros de altura \ud83d\ude0d\n\nUma tradi\u00e7\u00e3o que mistura f\u00e9, criatividade e comunidade\u2026 e que torna esta celebra\u00e7\u00e3o verdadeiramente especial.\n.\n.\n.\n#Polonia #DomingoDeRamos #Tradiciones #SemanaSanta #CulturaPolaca #PoloniaTravel #Tradi\u00e7\u00f5es #Pol\u00f3nia\" aria-hidden=\"true\">\n\t\t<\/a>\n\t<\/div>\n<\/div><div class=\"sbi_item sbi_type_carousel sbi_new sbi_transition\"\n\tid=\"sbi_17946870948133984\" data-date=\"1774624142\">\n\t<div class=\"sbi_photo_wrap\">\n\t\t<a class=\"sbi_photo\" href=\"https:\/\/www.instagram.com\/p\/DWZHK5_lxlG\/\" target=\"_blank\" rel=\"noopener nofollow\"\n\t\t\tdata-full-res=\"https:\/\/scontent-waw2-2.cdninstagram.com\/v\/t39.30808-6\/657582102_1800213941331751_874141258486390639_n.jpg?stp=dst-jpg_e35_tt6&#038;_nc_cat=102&#038;ccb=7-5&#038;_nc_sid=18de74&#038;efg=eyJlZmdfdGFnIjoiQ0FST1VTRUxfSVRFTS5iZXN0X2ltYWdlX3VybGdlbi5DMyJ9&#038;_nc_ohc=fp03JwLZF5MQ7kNvwEkb9tW&#038;_nc_oc=AdrHiZTaiLa1561srh_z9EGPdDLK2gRgI-aA30iNC42itKl3bDxlMhb9-jYHcVyq84fL99fGTK87QWiCf38fl1lA&#038;_nc_zt=23&#038;_nc_ht=scontent-waw2-2.cdninstagram.com&#038;edm=ANo9K5cEAAAA&#038;_nc_gid=8Sk-QqwkawWXWWJ-gd5DCQ&#038;_nc_tpa=Q5bMBQFbLXu18jJZu1ph0PwRKpgrD57VphEhwc5lU2fqtR5wDQY89aaHf0pOKS05Hle7Ej7w09zFcra2gQ&#038;oh=00_Af1feGa5q7XGfSSpJbPlAf-RRJD4pTORvGGntRCBELOVmQ&#038;oe=69F72810\"\n\t\t\tdata-img-src-set=\"{&quot;d&quot;:&quot;https:\\\/\\\/scontent-waw2-2.cdninstagram.com\\\/v\\\/t39.30808-6\\\/657582102_1800213941331751_874141258486390639_n.jpg?stp=dst-jpg_e35_tt6&amp;_nc_cat=102&amp;ccb=7-5&amp;_nc_sid=18de74&amp;efg=eyJlZmdfdGFnIjoiQ0FST1VTRUxfSVRFTS5iZXN0X2ltYWdlX3VybGdlbi5DMyJ9&amp;_nc_ohc=fp03JwLZF5MQ7kNvwEkb9tW&amp;_nc_oc=AdrHiZTaiLa1561srh_z9EGPdDLK2gRgI-aA30iNC42itKl3bDxlMhb9-jYHcVyq84fL99fGTK87QWiCf38fl1lA&amp;_nc_zt=23&amp;_nc_ht=scontent-waw2-2.cdninstagram.com&amp;edm=ANo9K5cEAAAA&amp;_nc_gid=8Sk-QqwkawWXWWJ-gd5DCQ&amp;_nc_tpa=Q5bMBQFbLXu18jJZu1ph0PwRKpgrD57VphEhwc5lU2fqtR5wDQY89aaHf0pOKS05Hle7Ej7w09zFcra2gQ&amp;oh=00_Af1feGa5q7XGfSSpJbPlAf-RRJD4pTORvGGntRCBELOVmQ&amp;oe=69F72810&quot;,&quot;150&quot;:&quot;https:\\\/\\\/scontent-waw2-2.cdninstagram.com\\\/v\\\/t39.30808-6\\\/657582102_1800213941331751_874141258486390639_n.jpg?stp=dst-jpg_e35_tt6&amp;_nc_cat=102&amp;ccb=7-5&amp;_nc_sid=18de74&amp;efg=eyJlZmdfdGFnIjoiQ0FST1VTRUxfSVRFTS5iZXN0X2ltYWdlX3VybGdlbi5DMyJ9&amp;_nc_ohc=fp03JwLZF5MQ7kNvwEkb9tW&amp;_nc_oc=AdrHiZTaiLa1561srh_z9EGPdDLK2gRgI-aA30iNC42itKl3bDxlMhb9-jYHcVyq84fL99fGTK87QWiCf38fl1lA&amp;_nc_zt=23&amp;_nc_ht=scontent-waw2-2.cdninstagram.com&amp;edm=ANo9K5cEAAAA&amp;_nc_gid=8Sk-QqwkawWXWWJ-gd5DCQ&amp;_nc_tpa=Q5bMBQFbLXu18jJZu1ph0PwRKpgrD57VphEhwc5lU2fqtR5wDQY89aaHf0pOKS05Hle7Ej7w09zFcra2gQ&amp;oh=00_Af1feGa5q7XGfSSpJbPlAf-RRJD4pTORvGGntRCBELOVmQ&amp;oe=69F72810&quot;,&quot;320&quot;:&quot;https:\\\/\\\/scontent-waw2-2.cdninstagram.com\\\/v\\\/t39.30808-6\\\/657582102_1800213941331751_874141258486390639_n.jpg?stp=dst-jpg_e35_tt6&amp;_nc_cat=102&amp;ccb=7-5&amp;_nc_sid=18de74&amp;efg=eyJlZmdfdGFnIjoiQ0FST1VTRUxfSVRFTS5iZXN0X2ltYWdlX3VybGdlbi5DMyJ9&amp;_nc_ohc=fp03JwLZF5MQ7kNvwEkb9tW&amp;_nc_oc=AdrHiZTaiLa1561srh_z9EGPdDLK2gRgI-aA30iNC42itKl3bDxlMhb9-jYHcVyq84fL99fGTK87QWiCf38fl1lA&amp;_nc_zt=23&amp;_nc_ht=scontent-waw2-2.cdninstagram.com&amp;edm=ANo9K5cEAAAA&amp;_nc_gid=8Sk-QqwkawWXWWJ-gd5DCQ&amp;_nc_tpa=Q5bMBQFbLXu18jJZu1ph0PwRKpgrD57VphEhwc5lU2fqtR5wDQY89aaHf0pOKS05Hle7Ej7w09zFcra2gQ&amp;oh=00_Af1feGa5q7XGfSSpJbPlAf-RRJD4pTORvGGntRCBELOVmQ&amp;oe=69F72810&quot;,&quot;640&quot;:&quot;https:\\\/\\\/scontent-waw2-2.cdninstagram.com\\\/v\\\/t39.30808-6\\\/657582102_1800213941331751_874141258486390639_n.jpg?stp=dst-jpg_e35_tt6&amp;_nc_cat=102&amp;ccb=7-5&amp;_nc_sid=18de74&amp;efg=eyJlZmdfdGFnIjoiQ0FST1VTRUxfSVRFTS5iZXN0X2ltYWdlX3VybGdlbi5DMyJ9&amp;_nc_ohc=fp03JwLZF5MQ7kNvwEkb9tW&amp;_nc_oc=AdrHiZTaiLa1561srh_z9EGPdDLK2gRgI-aA30iNC42itKl3bDxlMhb9-jYHcVyq84fL99fGTK87QWiCf38fl1lA&amp;_nc_zt=23&amp;_nc_ht=scontent-waw2-2.cdninstagram.com&amp;edm=ANo9K5cEAAAA&amp;_nc_gid=8Sk-QqwkawWXWWJ-gd5DCQ&amp;_nc_tpa=Q5bMBQFbLXu18jJZu1ph0PwRKpgrD57VphEhwc5lU2fqtR5wDQY89aaHf0pOKS05Hle7Ej7w09zFcra2gQ&amp;oh=00_Af1feGa5q7XGfSSpJbPlAf-RRJD4pTORvGGntRCBELOVmQ&amp;oe=69F72810&quot;}\">\n\t\t\t<span class=\"sbi-screenreader\">ES_ \u00bfTe imaginas descubrir Polonia a tu ritmo, des<\/span>\n\t\t\t<svg class=\"svg-inline--fa fa-clone fa-w-16 sbi_lightbox_carousel_icon\" aria-hidden=\"true\" aria-label=\"Clone\" data-fa-pro\u0192cessed=\"\" data-prefix=\"far\" data-icon=\"clone\" role=\"img\" xmlns=\"http:\/\/www.w3.org\/2000\/svg\" viewBox=\"0 0 512 512\">\n                    <path fill=\"currentColor\" d=\"M464 0H144c-26.51 0-48 21.49-48 48v48H48c-26.51 0-48 21.49-48 48v320c0 26.51 21.49 48 48 48h320c26.51 0 48-21.49 48-48v-48h48c26.51 0 48-21.49 48-48V48c0-26.51-21.49-48-48-48zM362 464H54a6 6 0 0 1-6-6V150a6 6 0 0 1 6-6h42v224c0 26.51 21.49 48 48 48h224v42a6 6 0 0 1-6 6zm96-96H150a6 6 0 0 1-6-6V54a6 6 0 0 1 6-6h308a6 6 0 0 1 6 6v308a6 6 0 0 1-6 6z\"><\/path>\n                <\/svg>\t\t\t\t\t\t<img decoding=\"async\" src=\"https:\/\/www.polonia.travel\/es\/wp-content\/plugins\/instagram-feed\/img\/placeholder.png\" alt=\"ES_ \u00bfTe imaginas descubrir Polonia a tu ritmo, despertando cada d\u00eda en un lugar diferente? \ud83e\udd29\n\nViajar en autocaravana o camper es una de las mejores formas de explorar este pa\u00eds lleno de historia, naturaleza y rincones sorprendentes. Desde ciudades con encanto hasta parques naturales impresionantes, Polonia lo tiene todo para una aventura sobre ruedas. \ud83d\ude90\u2728\n\n---\n\nPT_ Imagine descobrir a Pol\u00f3nia ao seu pr\u00f3prio ritmo, acordando num lugar diferente todos os dias?\ud83c\udf37\n\nViajar de autocaravana ou camper \u00e9 uma das melhores formas de explorar este pa\u00eds cheio de hist\u00f3ria, natureza e recantos surpreendentes. Desde cidades cheias de encanto at\u00e9 parques naturais impressionantes, a Pol\u00f3nia tem tudo para uma aventura sobre rodas.\n.\n.\n.\n#Polonia #Autocaravana #VanLife #ViajarDiferente #RutasEnCamper #PoloniaTravel\" aria-hidden=\"true\">\n\t\t<\/a>\n\t<\/div>\n<\/div>\t<\/div>\n\n\t<div id=\"sbi_load\" >\n\n\t\n\t\n<\/div>\n\t\t<span class=\"sbi_resized_image_data\" data-feed-id=\"*3\"\n\t\t  data-resized=\"{&quot;17946870948133984&quot;:{&quot;id&quot;:&quot;657582102_1800213941331751_874141258486390639_n&quot;,&quot;ratio&quot;:&quot;0.80&quot;,&quot;sizes&quot;:{&quot;full&quot;:640,&quot;low&quot;:320,&quot;thumb&quot;:150},&quot;extension&quot;:&quot;.webp&quot;},&quot;17902006449242103&quot;:{&quot;id&quot;:&quot;657310547_1800196248000187_1644488297423689774_n&quot;,&quot;ratio&quot;:&quot;0.80&quot;,&quot;sizes&quot;:{&quot;full&quot;:640,&quot;low&quot;:320,&quot;thumb&quot;:150},&quot;extension&quot;:&quot;.webp&quot;},&quot;17972197476008989&quot;:{&quot;id&quot;:&quot;660535827_1802773927742419_565167986536035318_n&quot;,&quot;ratio&quot;:&quot;0.80&quot;,&quot;sizes&quot;:{&quot;full&quot;:640,&quot;low&quot;:320,&quot;thumb&quot;:150},&quot;extension&quot;:&quot;.webp&quot;},&quot;18414571780131664&quot;:{&quot;id&quot;:&quot;657462488_1802747637745048_1297905082536958773_n&quot;,&quot;ratio&quot;:&quot;0.80&quot;,&quot;sizes&quot;:{&quot;full&quot;:640,&quot;low&quot;:320,&quot;thumb&quot;:150},&quot;extension&quot;:&quot;.webp&quot;},&quot;18046081118741228&quot;:{&quot;id&quot;:&quot;658914886_1804802014206277_3001025890448297720_n&quot;,&quot;ratio&quot;:&quot;0.80&quot;,&quot;sizes&quot;:{&quot;full&quot;:640,&quot;low&quot;:320,&quot;thumb&quot;:150},&quot;extension&quot;:&quot;.webp&quot;},&quot;18065329826676114&quot;:{&quot;id&quot;:&quot;658823647_18449780995129926_3133786476184901516_n&quot;,&quot;ratio&quot;:&quot;0.56&quot;,&quot;sizes&quot;:{&quot;full&quot;:640,&quot;low&quot;:320,&quot;thumb&quot;:150},&quot;extension&quot;:&quot;.webp&quot;},&quot;18118335505651355&quot;:{&quot;id&quot;:&quot;670473759_1812064110146734_5409172187179519132_n&quot;,&quot;ratio&quot;:&quot;0.80&quot;,&quot;sizes&quot;:{&quot;full&quot;:640,&quot;low&quot;:320,&quot;thumb&quot;:150},&quot;extension&quot;:&quot;.webp&quot;},&quot;18122118097527167&quot;:{&quot;id&quot;:&quot;669046852_1812741090079036_6195852380616718581_n&quot;,&quot;ratio&quot;:&quot;0.80&quot;,&quot;sizes&quot;:{&quot;full&quot;:640,&quot;low&quot;:320,&quot;thumb&quot;:150},&quot;extension&quot;:&quot;.webp&quot;},&quot;17906046744402065&quot;:{&quot;id&quot;:&quot;670405817_1816367786383033_6102776843802304712_n&quot;,&quot;ratio&quot;:&quot;1.50&quot;,&quot;sizes&quot;:{&quot;full&quot;:640,&quot;low&quot;:320,&quot;thumb&quot;:150},&quot;extension&quot;:&quot;.webp&quot;},&quot;18099060473073362&quot;:{&quot;id&quot;:&quot;670625759_18451268623129926_2899648197844607429_n&quot;,&quot;ratio&quot;:&quot;0.56&quot;,&quot;sizes&quot;:{&quot;full&quot;:640,&quot;low&quot;:320,&quot;thumb&quot;:150},&quot;extension&quot;:&quot;.webp&quot;},&quot;18097549016024460&quot;:{&quot;id&quot;:&quot;676671427_1870103210341573_4490732766132520140_n.png&quot;,&quot;ratio&quot;:&quot;0.80&quot;,&quot;sizes&quot;:{&quot;full&quot;:640,&quot;low&quot;:320,&quot;thumb&quot;:150},&quot;extension&quot;:&quot;.webp&quot;},&quot;18052336328534106&quot;:{&quot;id&quot;:&quot;674434248_1687867349327328_4398414094645158635_n&quot;,&quot;ratio&quot;:&quot;0.56&quot;,&quot;sizes&quot;:{&quot;full&quot;:640,&quot;low&quot;:320,&quot;thumb&quot;:150},&quot;extension&quot;:&quot;.webp&quot;}}\">\n\t<\/span>\n\t<\/div>\n\n\n","protected":false},"excerpt":{"rendered":"<p>Parques Nacionales Si bien es cierto que el primer espacio natural del mundo que se convirti\u00f3 en una zona protegida es el Parque Nacional de Yellowstone (EEUU, 1872), en Europa tenemos 250 parques nacionales, de los cuales 23 se encuentran en Polonia ocupando el 1% de su territorio. Est\u00e1n localizados en casi cualquier regi\u00f3n del [&hellip;]<\/p>\n","protected":false},"author":3,"featured_media":22396,"parent":0,"menu_order":0,"comment_status":"closed","ping_status":"closed","template":"","meta":{"_acf_changed":false,"footnotes":""},"class_list":["post-22354","page","type-page","status-publish","has-post-thumbnail","hentry"],"acf":[],"yoast_head":"<!-- This site is optimized with the Yoast SEO plugin v27.4 - https:\/\/yoast.com\/product\/yoast-seo-wordpress\/ -->\n<title>Parques Nacionales - Polonia Travel (ES)<\/title>\n<meta name=\"robots\" content=\"index, follow, max-snippet:-1, max-image-preview:large, max-video-preview:-1\" \/>\n<link rel=\"canonical\" href=\"https:\/\/www.polonia.travel\/es\/parques-nacionales\/\" \/>\n<meta property=\"og:locale\" content=\"pl_PL\" \/>\n<meta property=\"og:type\" content=\"article\" \/>\n<meta property=\"og:title\" content=\"Parques Nacionales - Polonia Travel (ES)\" \/>\n<meta property=\"og:description\" content=\"Parques Nacionales Si bien es cierto que el primer espacio natural del mundo que se convirti\u00f3 en una zona protegida es el Parque Nacional de Yellowstone (EEUU, 1872), en Europa tenemos 250 parques nacionales, de los cuales 23 se encuentran en Polonia ocupando el 1% de su territorio. Est\u00e1n localizados en casi cualquier regi\u00f3n del [&hellip;]\" \/>\n<meta property=\"og:url\" content=\"https:\/\/www.polonia.travel\/es\/parques-nacionales\/\" \/>\n<meta property=\"og:site_name\" content=\"Polonia Travel (ES)\" \/>\n<meta property=\"article:modified_time\" content=\"2024-09-20T09:36:44+00:00\" \/>\n<meta property=\"og:image\" content=\"https:\/\/www.polonia.travel\/es\/wp-content\/uploads\/sites\/18\/2023\/03\/Fotolia_EDEN_Bory_Tucholskie_PN_HR-scaled.jpg\" \/>\n\t<meta property=\"og:image:width\" content=\"2560\" \/>\n\t<meta property=\"og:image:height\" content=\"1663\" \/>\n\t<meta property=\"og:image:type\" content=\"image\/jpeg\" \/>\n<meta name=\"twitter:card\" content=\"summary_large_image\" \/>\n<meta name=\"twitter:label1\" content=\"Szacowany czas czytania\" \/>\n\t<meta name=\"twitter:data1\" content=\"2 minuty\" \/>\n<script type=\"application\/ld+json\" class=\"yoast-schema-graph\">{\"@context\":\"https:\\\/\\\/schema.org\",\"@graph\":[{\"@type\":\"WebPage\",\"@id\":\"https:\\\/\\\/www.polonia.travel\\\/es\\\/parques-nacionales\\\/\",\"url\":\"https:\\\/\\\/www.polonia.travel\\\/es\\\/parques-nacionales\\\/\",\"name\":\"Parques Nacionales - Polonia Travel (ES)\",\"isPartOf\":{\"@id\":\"https:\\\/\\\/www.polonia.travel\\\/es\\\/#website\"},\"primaryImageOfPage\":{\"@id\":\"https:\\\/\\\/www.polonia.travel\\\/es\\\/parques-nacionales\\\/#primaryimage\"},\"image\":{\"@id\":\"https:\\\/\\\/www.polonia.travel\\\/es\\\/parques-nacionales\\\/#primaryimage\"},\"thumbnailUrl\":\"https:\\\/\\\/www.polonia.travel\\\/es\\\/wp-content\\\/uploads\\\/sites\\\/18\\\/2023\\\/03\\\/Fotolia_EDEN_Bory_Tucholskie_PN_HR-scaled.jpg\",\"datePublished\":\"2023-03-24T13:43:49+00:00\",\"dateModified\":\"2024-09-20T09:36:44+00:00\",\"breadcrumb\":{\"@id\":\"https:\\\/\\\/www.polonia.travel\\\/es\\\/parques-nacionales\\\/#breadcrumb\"},\"inLanguage\":\"pl-PL\",\"potentialAction\":[{\"@type\":\"ReadAction\",\"target\":[\"https:\\\/\\\/www.polonia.travel\\\/es\\\/parques-nacionales\\\/\"]}]},{\"@type\":\"ImageObject\",\"inLanguage\":\"pl-PL\",\"@id\":\"https:\\\/\\\/www.polonia.travel\\\/es\\\/parques-nacionales\\\/#primaryimage\",\"url\":\"https:\\\/\\\/www.polonia.travel\\\/es\\\/wp-content\\\/uploads\\\/sites\\\/18\\\/2023\\\/03\\\/Fotolia_EDEN_Bory_Tucholskie_PN_HR-scaled.jpg\",\"contentUrl\":\"https:\\\/\\\/www.polonia.travel\\\/es\\\/wp-content\\\/uploads\\\/sites\\\/18\\\/2023\\\/03\\\/Fotolia_EDEN_Bory_Tucholskie_PN_HR-scaled.jpg\",\"width\":2560,\"height\":1663},{\"@type\":\"BreadcrumbList\",\"@id\":\"https:\\\/\\\/www.polonia.travel\\\/es\\\/parques-nacionales\\\/#breadcrumb\",\"itemListElement\":[{\"@type\":\"ListItem\",\"position\":1,\"name\":\"Home page\",\"item\":\"https:\\\/\\\/www.polonia.travel\\\/es\\\/\"},{\"@type\":\"ListItem\",\"position\":2,\"name\":\"Parques Nacionales\"}]},{\"@type\":\"WebSite\",\"@id\":\"https:\\\/\\\/www.polonia.travel\\\/es\\\/#website\",\"url\":\"https:\\\/\\\/www.polonia.travel\\\/es\\\/\",\"name\":\"Polonia Travel (ES)\",\"description\":\"...\",\"publisher\":{\"@id\":\"https:\\\/\\\/www.polonia.travel\\\/es\\\/#organization\"},\"potentialAction\":[{\"@type\":\"SearchAction\",\"target\":{\"@type\":\"EntryPoint\",\"urlTemplate\":\"https:\\\/\\\/www.polonia.travel\\\/es\\\/?s={search_term_string}\"},\"query-input\":{\"@type\":\"PropertyValueSpecification\",\"valueRequired\":true,\"valueName\":\"search_term_string\"}}],\"inLanguage\":\"pl-PL\"},{\"@type\":\"Organization\",\"@id\":\"https:\\\/\\\/www.polonia.travel\\\/es\\\/#organization\",\"name\":\"Polonia Travel (ES)\",\"url\":\"https:\\\/\\\/www.polonia.travel\\\/es\\\/\",\"logo\":{\"@type\":\"ImageObject\",\"inLanguage\":\"pl-PL\",\"@id\":\"https:\\\/\\\/www.polonia.travel\\\/es\\\/#\\\/schema\\\/logo\\\/image\\\/\",\"url\":\"\",\"contentUrl\":\"\",\"caption\":\"Polonia Travel (ES)\"},\"image\":{\"@id\":\"https:\\\/\\\/www.polonia.travel\\\/es\\\/#\\\/schema\\\/logo\\\/image\\\/\"}}]}<\/script>\n<!-- \/ Yoast SEO plugin. -->","yoast_head_json":{"title":"Parques Nacionales - Polonia Travel (ES)","robots":{"index":"index","follow":"follow","max-snippet":"max-snippet:-1","max-image-preview":"max-image-preview:large","max-video-preview":"max-video-preview:-1"},"canonical":"https:\/\/www.polonia.travel\/es\/parques-nacionales\/","og_locale":"pl_PL","og_type":"article","og_title":"Parques Nacionales - Polonia Travel (ES)","og_description":"Parques Nacionales Si bien es cierto que el primer espacio natural del mundo que se convirti\u00f3 en una zona protegida es el Parque Nacional de Yellowstone (EEUU, 1872), en Europa tenemos 250 parques nacionales, de los cuales 23 se encuentran en Polonia ocupando el 1% de su territorio. Est\u00e1n localizados en casi cualquier regi\u00f3n del [&hellip;]","og_url":"https:\/\/www.polonia.travel\/es\/parques-nacionales\/","og_site_name":"Polonia Travel (ES)","article_modified_time":"2024-09-20T09:36:44+00:00","og_image":[{"width":2560,"height":1663,"url":"https:\/\/www.polonia.travel\/es\/wp-content\/uploads\/sites\/18\/2023\/03\/Fotolia_EDEN_Bory_Tucholskie_PN_HR-scaled.jpg","type":"image\/jpeg"}],"twitter_card":"summary_large_image","twitter_misc":{"Szacowany czas czytania":"2 minuty"},"schema":{"@context":"https:\/\/schema.org","@graph":[{"@type":"WebPage","@id":"https:\/\/www.polonia.travel\/es\/parques-nacionales\/","url":"https:\/\/www.polonia.travel\/es\/parques-nacionales\/","name":"Parques Nacionales - Polonia Travel (ES)","isPartOf":{"@id":"https:\/\/www.polonia.travel\/es\/#website"},"primaryImageOfPage":{"@id":"https:\/\/www.polonia.travel\/es\/parques-nacionales\/#primaryimage"},"image":{"@id":"https:\/\/www.polonia.travel\/es\/parques-nacionales\/#primaryimage"},"thumbnailUrl":"https:\/\/www.polonia.travel\/es\/wp-content\/uploads\/sites\/18\/2023\/03\/Fotolia_EDEN_Bory_Tucholskie_PN_HR-scaled.jpg","datePublished":"2023-03-24T13:43:49+00:00","dateModified":"2024-09-20T09:36:44+00:00","breadcrumb":{"@id":"https:\/\/www.polonia.travel\/es\/parques-nacionales\/#breadcrumb"},"inLanguage":"pl-PL","potentialAction":[{"@type":"ReadAction","target":["https:\/\/www.polonia.travel\/es\/parques-nacionales\/"]}]},{"@type":"ImageObject","inLanguage":"pl-PL","@id":"https:\/\/www.polonia.travel\/es\/parques-nacionales\/#primaryimage","url":"https:\/\/www.polonia.travel\/es\/wp-content\/uploads\/sites\/18\/2023\/03\/Fotolia_EDEN_Bory_Tucholskie_PN_HR-scaled.jpg","contentUrl":"https:\/\/www.polonia.travel\/es\/wp-content\/uploads\/sites\/18\/2023\/03\/Fotolia_EDEN_Bory_Tucholskie_PN_HR-scaled.jpg","width":2560,"height":1663},{"@type":"BreadcrumbList","@id":"https:\/\/www.polonia.travel\/es\/parques-nacionales\/#breadcrumb","itemListElement":[{"@type":"ListItem","position":1,"name":"Home page","item":"https:\/\/www.polonia.travel\/es\/"},{"@type":"ListItem","position":2,"name":"Parques Nacionales"}]},{"@type":"WebSite","@id":"https:\/\/www.polonia.travel\/es\/#website","url":"https:\/\/www.polonia.travel\/es\/","name":"Polonia Travel (ES)","description":"...","publisher":{"@id":"https:\/\/www.polonia.travel\/es\/#organization"},"potentialAction":[{"@type":"SearchAction","target":{"@type":"EntryPoint","urlTemplate":"https:\/\/www.polonia.travel\/es\/?s={search_term_string}"},"query-input":{"@type":"PropertyValueSpecification","valueRequired":true,"valueName":"search_term_string"}}],"inLanguage":"pl-PL"},{"@type":"Organization","@id":"https:\/\/www.polonia.travel\/es\/#organization","name":"Polonia Travel (ES)","url":"https:\/\/www.polonia.travel\/es\/","logo":{"@type":"ImageObject","inLanguage":"pl-PL","@id":"https:\/\/www.polonia.travel\/es\/#\/schema\/logo\/image\/","url":"","contentUrl":"","caption":"Polonia Travel (ES)"},"image":{"@id":"https:\/\/www.polonia.travel\/es\/#\/schema\/logo\/image\/"}}]}},"_links":{"self":[{"href":"https:\/\/www.polonia.travel\/es\/wp-json\/wp\/v2\/pages\/22354","targetHints":{"allow":["GET"]}}],"collection":[{"href":"https:\/\/www.polonia.travel\/es\/wp-json\/wp\/v2\/pages"}],"about":[{"href":"https:\/\/www.polonia.travel\/es\/wp-json\/wp\/v2\/types\/page"}],"author":[{"embeddable":true,"href":"https:\/\/www.polonia.travel\/es\/wp-json\/wp\/v2\/users\/3"}],"replies":[{"embeddable":true,"href":"https:\/\/www.polonia.travel\/es\/wp-json\/wp\/v2\/comments?post=22354"}],"version-history":[{"count":16,"href":"https:\/\/www.polonia.travel\/es\/wp-json\/wp\/v2\/pages\/22354\/revisions"}],"predecessor-version":[{"id":35951,"href":"https:\/\/www.polonia.travel\/es\/wp-json\/wp\/v2\/pages\/22354\/revisions\/35951"}],"wp:featuredmedia":[{"embeddable":true,"href":"https:\/\/www.polonia.travel\/es\/wp-json\/wp\/v2\/media\/22396"}],"wp:attachment":[{"href":"https:\/\/www.polonia.travel\/es\/wp-json\/wp\/v2\/media?parent=22354"}],"curies":[{"name":"wp","href":"https:\/\/api.w.org\/{rel}","templated":true}]}}