{"id":20684,"date":"2023-02-16T09:21:14","date_gmt":"2023-02-16T08:21:14","guid":{"rendered":"https:\/\/en-en.polska.travel\/?page_id=20684"},"modified":"2024-09-20T11:37:03","modified_gmt":"2024-09-20T09:37:03","slug":"ciudades","status":"publish","type":"page","link":"https:\/\/www.polonia.travel\/es\/ciudades\/","title":{"rendered":"Ciudades"},"content":{"rendered":"\n<div class=\"wp-block-group is-style-container\"><div class=\"wp-block-group__inner-container is-layout-constrained wp-block-group-is-layout-constrained\">\n<h2 class=\"wp-block-heading is-style-heading-48\">Ciudades<\/h2>\n\n\n\n<p>\u00bfVarsovia o Cracovia? Estas son las dos ciudades m\u00e1s conocidas y m\u00e1s visitadas en Polonia. Hacer escapada a una de ellas es buena opci\u00f3n aunque te quedes con una visi\u00f3n limitada del pa\u00eds. De hecho, estas dos protagonistas tienen grandes rivales que puedes descubrir durante un viaje m\u00e1s extenso. Todo depende de tus intereses: <strong>arquitectura g\u00f3tica<\/strong> (Torun) o <strong>renacentista<\/strong> (Zamosc, Poznan), lugares testigos de la <strong>historia universal de Europa y del mundo<\/strong> (Gdansk, Varsovia, Cracovia), <strong>rutas hist\u00f3ricas y para familias<\/strong> (Wroclaw), <strong>grandes desconocidas<\/strong> (Lublin, Szczecin) o <strong>peque\u00f1as ciudades con encanto<\/strong> (Zakopane, Kazimierz Dolny, Sandomierz &#8230; ).<\/p>\n\n\n\n<p>En el mapa, encontrar\u00e1s muchas de ellas para preparar tu viaje a medida o comprobar <strong>qu\u00e9 vas a ver<\/strong> durante un viaje que te ofrecen las agencias de viaje. Te invitamos tambi\u00e9n a poner tu granito de arena: si no encuentras la informaci\u00f3n sobre una localidad que hayas visitado y quieras compartir la informaci\u00f3n sobre ella, ponte en contacto con nosotros (<a href=\"mailto:info.es@polonia.travel\">info.es@polonia.travel<\/a>) para incluirla en la selecci\u00f3n de ciudades y lugares recomendados por los propios viajeros.&nbsp;<\/p>\n\n\n\n<div style=\"height:100px\" aria-hidden=\"true\" class=\"wp-block-spacer is-style-spacer-small\"><\/div>\n<\/div><\/div>\n\n\n\n<div class=\"wp-block-group is-style-container\"><div class=\"wp-block-group__inner-container is-layout-constrained wp-block-group-is-layout-constrained\">  <div class=\"map-points random\">\r\n    <div class=\"map-points__text-list sr-only\" aria-label=\"Lista punkt\u00f3w na mapie\">\r\n      <h3>Dost\u0119pne punkty na mapie:<\/h3>\r\n      <ul>\r\n                  <li>\r\n            <button type=\"button\" class=\"map-text-point\" data-id=\"34173\"\r\n              aria-describedby=\"mpi-34173\">\r\n              Gdynia            <\/button>\r\n          <\/li>\r\n                  <li>\r\n            <button type=\"button\" class=\"map-text-point\" data-id=\"34172\"\r\n              aria-describedby=\"mpi-34172\">\r\n              Cz\u0119stochowa            <\/button>\r\n          <\/li>\r\n                  <li>\r\n            <button type=\"button\" class=\"map-text-point\" data-id=\"34171\"\r\n              aria-describedby=\"mpi-34171\">\r\n              Zakopane            <\/button>\r\n          <\/li>\r\n                  <li>\r\n            <button type=\"button\" class=\"map-text-point\" data-id=\"34170\"\r\n              aria-describedby=\"mpi-34170\">\r\n              Tarn\u00f3w            <\/button>\r\n          <\/li>\r\n                  <li>\r\n            <button type=\"button\" class=\"map-text-point\" data-id=\"34169\"\r\n              aria-describedby=\"mpi-34169\">\r\n              Kazimierz Dolny            <\/button>\r\n          <\/li>\r\n                  <li>\r\n            <button type=\"button\" class=\"map-text-point\" data-id=\"34168\"\r\n              aria-describedby=\"mpi-34168\">\r\n              Sandomierz            <\/button>\r\n          <\/li>\r\n                  <li>\r\n            <button type=\"button\" class=\"map-text-point\" data-id=\"34166\"\r\n              aria-describedby=\"mpi-34166\">\r\n              Zamo\u015b\u0107            <\/button>\r\n          <\/li>\r\n                  <li>\r\n            <button type=\"button\" class=\"map-text-point\" data-id=\"34165\"\r\n              aria-describedby=\"mpi-34165\">\r\n              P\u0142ock            <\/button>\r\n          <\/li>\r\n                  <li>\r\n            <button type=\"button\" class=\"map-text-point\" data-id=\"34164\"\r\n              aria-describedby=\"mpi-34164\">\r\n              Sopot            <\/button>\r\n          <\/li>\r\n                  <li>\r\n            <button type=\"button\" class=\"map-text-point\" data-id=\"21837\"\r\n              aria-describedby=\"mpi-21837\">\r\n              Gda\u0144sk            <\/button>\r\n          <\/li>\r\n                  <li>\r\n            <button type=\"button\" class=\"map-text-point\" data-id=\"21835\"\r\n              aria-describedby=\"mpi-21835\">\r\n              Szczecin            <\/button>\r\n          <\/li>\r\n                  <li>\r\n            <button type=\"button\" class=\"map-text-point\" data-id=\"20865\"\r\n              aria-describedby=\"mpi-20865\">\r\n              Toru\u0144            <\/button>\r\n          <\/li>\r\n                  <li>\r\n            <button type=\"button\" class=\"map-text-point\" data-id=\"20863\"\r\n              aria-describedby=\"mpi-20863\">\r\n              Bydgoszcz            <\/button>\r\n          <\/li>\r\n                  <li>\r\n            <button type=\"button\" class=\"map-text-point\" data-id=\"20861\"\r\n              aria-describedby=\"mpi-20861\">\r\n              Olsztyn            <\/button>\r\n          <\/li>\r\n                  <li>\r\n            <button type=\"button\" class=\"map-text-point\" data-id=\"20859\"\r\n              aria-describedby=\"mpi-20859\">\r\n              Bia\u0142ystok            <\/button>\r\n          <\/li>\r\n                  <li>\r\n            <button type=\"button\" class=\"map-text-point\" data-id=\"20857\"\r\n              aria-describedby=\"mpi-20857\">\r\n              Varsovia            <\/button>\r\n          <\/li>\r\n                  <li>\r\n            <button type=\"button\" class=\"map-text-point\" data-id=\"20729\"\r\n              aria-describedby=\"mpi-20729\">\r\n              Pozna\u0144            <\/button>\r\n          <\/li>\r\n                  <li>\r\n            <button type=\"button\" class=\"map-text-point\" data-id=\"20727\"\r\n              aria-describedby=\"mpi-20727\">\r\n              Zielona G\u00f3ra            <\/button>\r\n          <\/li>\r\n                  <li>\r\n            <button type=\"button\" class=\"map-text-point\" data-id=\"20725\"\r\n              aria-describedby=\"mpi-20725\">\r\n              Wroc\u0142aw            <\/button>\r\n          <\/li>\r\n                  <li>\r\n            <button type=\"button\" class=\"map-text-point\" data-id=\"20723\"\r\n              aria-describedby=\"mpi-20723\">\r\n              \u0141\u00f3d\u017a            <\/button>\r\n          <\/li>\r\n                  <li>\r\n            <button type=\"button\" class=\"map-text-point\" data-id=\"20721\"\r\n              aria-describedby=\"mpi-20721\">\r\n              Kielce            <\/button>\r\n          <\/li>\r\n                  <li>\r\n            <button type=\"button\" class=\"map-text-point\" data-id=\"20715\"\r\n              aria-describedby=\"mpi-20715\">\r\n              Lublin            <\/button>\r\n          <\/li>\r\n                  <li>\r\n            <button type=\"button\" class=\"map-text-point\" data-id=\"20709\"\r\n              aria-describedby=\"mpi-20709\">\r\n              Rzesz\u00f3w            <\/button>\r\n          <\/li>\r\n                  <li>\r\n            <button type=\"button\" class=\"map-text-point\" data-id=\"20702\"\r\n              aria-describedby=\"mpi-20702\">\r\n              Katowice            <\/button>\r\n          <\/li>\r\n                  <li>\r\n            <button type=\"button\" class=\"map-text-point\" data-id=\"20700\"\r\n              aria-describedby=\"mpi-20700\">\r\n              Cracovia            <\/button>\r\n          <\/li>\r\n                  <li>\r\n            <button type=\"button\" class=\"map-text-point\" data-id=\"20698\"\r\n              aria-describedby=\"mpi-20698\">\r\n              Opole            <\/button>\r\n          <\/li>\r\n              <\/ul>\r\n    <\/div>\r\n\r\n    <div class=\"map-points__map\" aria-hidden=\"true\">\r\n              <img loading=\"lazy\" decoding=\"async\" src=\"https:\/\/www.polonia.travel\/es\/wp-content\/themes\/polskatravel\/assets\/images\/map.jpg\" alt= width=\"540\" height=\"540\" \/>\r\n      \r\n              <button type=\"button\"\r\n          class=\"map-point  active\"\r\n          style=\"left:44%;top:16%;\"\r\n          data-id=\"34173\" aria-current=\"true\"          aria-label=\"Wybierz punkt: Gdynia\">\r\n          <span class=\"map-point__name\">Gdynia<\/span>\r\n        <\/button>\r\n              <button type=\"button\"\r\n          class=\"map-point map-point--right\"\r\n          style=\"left:52%;top:69%;\"\r\n          data-id=\"34172\"           aria-label=\"Wybierz punkt: Cz\u0119stochowa\">\r\n          <span class=\"map-point__name\">Cz\u0119stochowa<\/span>\r\n        <\/button>\r\n              <button type=\"button\"\r\n          class=\"map-point map-point--right\"\r\n          style=\"left:58.15%;top:86.48%;\"\r\n          data-id=\"34171\"           aria-label=\"Wybierz punkt: Zakopane\">\r\n          <span class=\"map-point__name\">Zakopane<\/span>\r\n        <\/button>\r\n              <button type=\"button\"\r\n          class=\"map-point map-point--right\"\r\n          style=\"left:67%;top:79%;\"\r\n          data-id=\"34170\"           aria-label=\"Wybierz punkt: Tarn\u00f3w\">\r\n          <span class=\"map-point__name\">Tarn\u00f3w<\/span>\r\n        <\/button>\r\n              <button type=\"button\"\r\n          class=\"map-point map-point--right\"\r\n          style=\"left:77%;top:58%;\"\r\n          data-id=\"34169\"           aria-label=\"Wybierz punkt: Kazimierz Dolny\">\r\n          <span class=\"map-point__name\">Kazimierz Dolny<\/span>\r\n        <\/button>\r\n              <button type=\"button\"\r\n          class=\"map-point map-point--right\"\r\n          style=\"left:73%;top:69%;\"\r\n          data-id=\"34168\"           aria-label=\"Wybierz punkt: Sandomierz\">\r\n          <span class=\"map-point__name\">Sandomierz<\/span>\r\n        <\/button>\r\n              <button type=\"button\"\r\n          class=\"map-point map-point--right\"\r\n          style=\"left:88%;top:67%;\"\r\n          data-id=\"34166\"           aria-label=\"Wybierz punkt: Zamo\u015b\u0107\">\r\n          <span class=\"map-point__name\">Zamo\u015b\u0107<\/span>\r\n        <\/button>\r\n              <button type=\"button\"\r\n          class=\"map-point map-point--right\"\r\n          style=\"left:57%;top:44%;\"\r\n          data-id=\"34165\"           aria-label=\"Wybierz punkt: P\u0142ock\">\r\n          <span class=\"map-point__name\">P\u0142ock<\/span>\r\n        <\/button>\r\n              <button type=\"button\"\r\n          class=\"map-point \"\r\n          style=\"left:46%;top:18%;\"\r\n          data-id=\"34164\"           aria-label=\"Wybierz punkt: Sopot\">\r\n          <span class=\"map-point__name\">Sopot<\/span>\r\n        <\/button>\r\n              <button type=\"button\"\r\n          class=\"map-point \"\r\n          style=\"left:48%;top:20%;\"\r\n          data-id=\"21837\"           aria-label=\"Wybierz punkt: Gda\u0144sk\">\r\n          <span class=\"map-point__name\">Gda\u0144sk<\/span>\r\n        <\/button>\r\n              <button type=\"button\"\r\n          class=\"map-point \"\r\n          style=\"left:14%;top:29%;\"\r\n          data-id=\"21835\"           aria-label=\"Wybierz punkt: Szczecin\">\r\n          <span class=\"map-point__name\">Szczecin<\/span>\r\n        <\/button>\r\n              <button type=\"button\"\r\n          class=\"map-point \"\r\n          style=\"left:47%;top:38%;\"\r\n          data-id=\"20865\"           aria-label=\"Wybierz punkt: Toru\u0144\">\r\n          <span class=\"map-point__name\">Toru\u0144<\/span>\r\n        <\/button>\r\n              <button type=\"button\"\r\n          class=\"map-point \"\r\n          style=\"left:42%;top:36%;\"\r\n          data-id=\"20863\"           aria-label=\"Wybierz punkt: Bydgoszcz\">\r\n          <span class=\"map-point__name\">Bydgoszcz<\/span>\r\n        <\/button>\r\n              <button type=\"button\"\r\n          class=\"map-point map-point--right\"\r\n          style=\"left:62%;top:26%;\"\r\n          data-id=\"20861\"           aria-label=\"Wybierz punkt: Olsztyn\">\r\n          <span class=\"map-point__name\">Olsztyn<\/span>\r\n        <\/button>\r\n              <button type=\"button\"\r\n          class=\"map-point map-point--right\"\r\n          style=\"left:83%;top:34%;\"\r\n          data-id=\"20859\"           aria-label=\"Wybierz punkt: Bia\u0142ystok\">\r\n          <span class=\"map-point__name\">Bia\u0142ystok<\/span>\r\n        <\/button>\r\n              <button type=\"button\"\r\n          class=\"map-point map-point--right\"\r\n          style=\"left:67%;top:48%;\"\r\n          data-id=\"20857\"           aria-label=\"Wybierz punkt: Varsovia\">\r\n          <span class=\"map-point__name\">Varsovia<\/span>\r\n        <\/button>\r\n              <button type=\"button\"\r\n          class=\"map-point \"\r\n          style=\"left:32%;top:48%;\"\r\n          data-id=\"20729\"           aria-label=\"Wybierz punkt: Pozna\u0144\">\r\n          <span class=\"map-point__name\">Pozna\u0144<\/span>\r\n        <\/button>\r\n              <button type=\"button\"\r\n          class=\"map-point \"\r\n          style=\"left:21%;top:52%;\"\r\n          data-id=\"20727\"           aria-label=\"Wybierz punkt: Zielona G\u00f3ra\">\r\n          <span class=\"map-point__name\">Zielona G\u00f3ra<\/span>\r\n        <\/button>\r\n              <button type=\"button\"\r\n          class=\"map-point \"\r\n          style=\"left:31%;top:62%;\"\r\n          data-id=\"20725\"           aria-label=\"Wybierz punkt: Wroc\u0142aw\">\r\n          <span class=\"map-point__name\">Wroc\u0142aw<\/span>\r\n        <\/button>\r\n              <button type=\"button\"\r\n          class=\"map-point map-point--right\"\r\n          style=\"left:54%;top:56%;\"\r\n          data-id=\"20723\"           aria-label=\"Wybierz punkt: \u0141\u00f3d\u017a\">\r\n          <span class=\"map-point__name\">\u0141\u00f3d\u017a<\/span>\r\n        <\/button>\r\n              <button type=\"button\"\r\n          class=\"map-point map-point--right\"\r\n          style=\"left:65%;top:67%;\"\r\n          data-id=\"20721\"           aria-label=\"Wybierz punkt: Kielce\">\r\n          <span class=\"map-point__name\">Kielce<\/span>\r\n        <\/button>\r\n              <button type=\"button\"\r\n          class=\"map-point map-point--right\"\r\n          style=\"left:83%;top:61%;\"\r\n          data-id=\"20715\"           aria-label=\"Wybierz punkt: Lublin\">\r\n          <span class=\"map-point__name\">Lublin<\/span>\r\n        <\/button>\r\n              <button type=\"button\"\r\n          class=\"map-point map-point--right\"\r\n          style=\"left:78%;top:78%;\"\r\n          data-id=\"20709\"           aria-label=\"Wybierz punkt: Rzesz\u00f3w\">\r\n          <span class=\"map-point__name\">Rzesz\u00f3w<\/span>\r\n        <\/button>\r\n              <button type=\"button\"\r\n          class=\"map-point \"\r\n          style=\"left:49%;top:77%;\"\r\n          data-id=\"20702\"           aria-label=\"Wybierz punkt: Katowice\">\r\n          <span class=\"map-point__name\">Katowice<\/span>\r\n        <\/button>\r\n              <button type=\"button\"\r\n          class=\"map-point map-point--right\"\r\n          style=\"left:59%;top:78%;\"\r\n          data-id=\"20700\"           aria-label=\"Wybierz punkt: Cracovia\">\r\n          <span class=\"map-point__name\">Cracovia<\/span>\r\n        <\/button>\r\n              <button type=\"button\"\r\n          class=\"map-point \"\r\n          style=\"left:40%;top:71%;\"\r\n          data-id=\"20698\"           aria-label=\"Wybierz punkt: Opole\">\r\n          <span class=\"map-point__name\">Opole<\/span>\r\n        <\/button>\r\n          <\/div>\r\n\r\n    <div class=\"map-points__info\" role=\"region\" aria-live=\"polite\"\r\n      aria-label=\"Informacje o wybranym punkcie\">\r\n      <div class=\"mpi active\" data-id=\"0\">\r\n                <div class=\"mpi__title is-style-heading-28\"><\/div>\r\n        <p><\/p>\r\n      <\/div>\r\n\r\n              <div class=\"mpi\" data-id=\"34173\" id=\"mpi-34173\">\r\n                      <div class=\"mpi__image\">\r\n              <img loading=\"lazy\" decoding=\"async\" width=\"600\" height=\"401\" src=\"https:\/\/www.polonia.travel\/es\/wp-content\/uploads\/sites\/18\/2023\/07\/Gdynia1170-2-600x401.jpg\" class=\"attachment-medium size-medium\" alt=\"\" srcset=\"https:\/\/www.polonia.travel\/es\/wp-content\/uploads\/sites\/18\/2023\/07\/Gdynia1170-2-600x401.jpg 600w, https:\/\/www.polonia.travel\/es\/wp-content\/uploads\/sites\/18\/2023\/07\/Gdynia1170-2-768x513.jpg 768w, https:\/\/www.polonia.travel\/es\/wp-content\/uploads\/sites\/18\/2023\/07\/Gdynia1170-2.jpg 1170w\" sizes=\"auto, (max-width: 600px) 100vw, 600px\" \/>            <\/div>\r\n                    <div class=\"mpi__title is-style-heading-28\">Gdynia<\/div>\r\n          <p>La renacida Polonia, ante las decisiones del Tratado de Versalles de convertir Gda\u0144sk en una ciudad cogobernada (entre Polonia y Alemania), necesitaba un acceso al Mar B\u00e1ltico totalmente independiente, para garantizar un desarrollo econ\u00f3mico seguro. Esa es la raz\u00f3n por la cual un peque\u00f1o pueblo pesquero de la regi\u00f3n hist\u00f3rica de Kashubia, se convirti\u00f3 en pocos a\u00f1os en un importante puerto mar\u00edtimo.<\/p>\r\n                      <div class=\"text-right\">\r\n              <a href=\"https:\/\/www.polonia.travel\/es\/gdynia\/\"\r\n                class=\"btn btn--blue-border\">\r\n                Leer m\u00e1s              <\/a>\r\n            <\/div>\r\n                  <\/div>\r\n              <div class=\"mpi\" data-id=\"34172\" id=\"mpi-34172\">\r\n                      <div class=\"mpi__image\">\r\n              <img loading=\"lazy\" decoding=\"async\" width=\"540\" height=\"360\" src=\"https:\/\/www.polonia.travel\/es\/wp-content\/uploads\/sites\/18\/2024\/04\/czestochowa_jasna_gora_2_540.jpg\" class=\"attachment-medium size-medium\" alt=\"\" \/>            <\/div>\r\n                    <div class=\"mpi__title is-style-heading-28\">Cz\u0119stochowa<\/div>\r\n          <p>Su nombre en polaco significa \u201ela que se esconde con frecuencia\u201d y es cierto: desde la carretera las torres del Monasterio de Monte Claro (Jasna G\u00f3ra), principal punto de inter\u00e9s  en la ciudad, y de corte religioso en el pa\u00eds, desaparecen y vuelven a aparecer. Emparentada con F\u00e1tima (Portugal) es uno de los lugares de culto mariano m\u00e1s importante en Europa y lugar de peregrinaci\u00f3n de millones de fieles a lo largo de todo el a\u00f1o y, sobre todo, el 15 de agosto (d\u00eda festivo en Polonia).<\/p>\r\n                      <div class=\"text-right\">\r\n              <a href=\"https:\/\/www.polonia.travel\/es\/czestochowa-capital-espiritual\/\"\r\n                class=\"btn btn--blue-border\">\r\n                Leer m\u00e1s              <\/a>\r\n            <\/div>\r\n                  <\/div>\r\n              <div class=\"mpi\" data-id=\"34171\" id=\"mpi-34171\">\r\n                      <div class=\"mpi__image\">\r\n              <img loading=\"lazy\" decoding=\"async\" width=\"600\" height=\"400\" src=\"https:\/\/www.polonia.travel\/es\/wp-content\/uploads\/sites\/18\/2024\/04\/IMG_875220Zakopane20Jaszczurowka20WEB-600x400.jpg\" class=\"attachment-medium size-medium\" alt=\"\" srcset=\"https:\/\/www.polonia.travel\/es\/wp-content\/uploads\/sites\/18\/2024\/04\/IMG_875220Zakopane20Jaszczurowka20WEB-600x400.jpg 600w, https:\/\/www.polonia.travel\/es\/wp-content\/uploads\/sites\/18\/2024\/04\/IMG_875220Zakopane20Jaszczurowka20WEB.jpg 675w\" sizes=\"auto, (max-width: 600px) 100vw, 600px\" \/>            <\/div>\r\n                    <div class=\"mpi__title is-style-heading-28\">Zakopane<\/div>\r\n          <p>Zakopane es una pintoresca ciudad situada al pie de las monta\u00f1as Tatra, las \u00fanicas de car\u00e1cter alpino en Polonia. A unos 100 km de Cracovia, Zakopane ofrece por un lado una muy buena infraestructura tur\u00edstica, capaz de satisfacer todos los gustos y por el otro, cautiva al viajero con la idiosincrasia de los monta\u00f1eses (g\u00f3rale) y su peculiar arquitectura de madera.<\/p>\r\n                      <div class=\"text-right\">\r\n              <a href=\"https:\/\/www.polonia.travel\/es\/zakopane-capital-de-no-solo-invierno\/\"\r\n                class=\"btn btn--blue-border\">\r\n                Leer m\u00e1s              <\/a>\r\n            <\/div>\r\n                  <\/div>\r\n              <div class=\"mpi\" data-id=\"34170\" id=\"mpi-34170\">\r\n                      <div class=\"mpi__image\">\r\n              <img loading=\"lazy\" decoding=\"async\" width=\"600\" height=\"346\" src=\"https:\/\/www.polonia.travel\/es\/wp-content\/uploads\/sites\/18\/2023\/02\/tarnow_rynek_1170-e1676559935860-600x346.jpg\" class=\"attachment-medium size-medium\" alt=\"\" srcset=\"https:\/\/www.polonia.travel\/es\/wp-content\/uploads\/sites\/18\/2023\/02\/tarnow_rynek_1170-e1676559935860-600x346.jpg 600w, https:\/\/www.polonia.travel\/es\/wp-content\/uploads\/sites\/18\/2023\/02\/tarnow_rynek_1170-e1676559935860-768x443.jpg 768w, https:\/\/www.polonia.travel\/es\/wp-content\/uploads\/sites\/18\/2023\/02\/tarnow_rynek_1170-e1676559935860.jpg 1170w\" sizes=\"auto, (max-width: 600px) 100vw, 600px\" \/>            <\/div>\r\n                    <div class=\"mpi__title is-style-heading-28\">Tarn\u00f3w<\/div>\r\n          <p>Su cuco casco antiguo recuerda el de Cracovia, a 90 km de distancia de Tarn\u00f3w. De hecho, la ciudad es uno de los m\u00e1s bellos ejemplos de la arquitectura renacentista en Polonia y visitando Tarn\u00f3w, merece la pena dedicar tiempo a esta ruta renacentista.<\/p>\r\n                      <div class=\"text-right\">\r\n              <a href=\"https:\/\/www.polonia.travel\/es\/tarnow-cracovia-en-miniatura\/\"\r\n                class=\"btn btn--blue-border\">\r\n                Leer m\u00e1s              <\/a>\r\n            <\/div>\r\n                  <\/div>\r\n              <div class=\"mpi\" data-id=\"34169\" id=\"mpi-34169\">\r\n                      <div class=\"mpi__image\">\r\n              <img loading=\"lazy\" decoding=\"async\" width=\"540\" height=\"360\" src=\"https:\/\/www.polonia.travel\/es\/wp-content\/uploads\/sites\/18\/2024\/04\/20171002_Kazimierz_Dolny_widok_na_kosCC81cioCC81C582_Farny_AB_HR540x360-1.jpg\" class=\"attachment-medium size-medium\" alt=\"\" \/>            <\/div>\r\n                    <div class=\"mpi__title is-style-heading-28\">Kazimierz Dolny<\/div>\r\n          <p>A 40 km de Lublin y a 150 de Varsovia, esta peque\u00f1a localidad, que data del s. XII , recibe el nombre del pr\u00edncipe Casimiro el Justo (Kazimierz Sprawiedliwy). Su privilegiada localizaci\u00f3n a orillas del V\u00edstula se convirti\u00f3 en la fuente de su riqueza, gracias al comercio que, r\u00edo abajo, pasaba por Kazimierz hacia su destino final, el puerto de Gdansk.<\/p>\r\n                      <div class=\"text-right\">\r\n              <a href=\"https:\/\/www.polonia.travel\/es\/encanto-y-glamour-en-kazimierz-dolny\/\"\r\n                class=\"btn btn--blue-border\">\r\n                Leer m\u00e1s              <\/a>\r\n            <\/div>\r\n                  <\/div>\r\n              <div class=\"mpi\" data-id=\"34168\" id=\"mpi-34168\">\r\n                      <div class=\"mpi__image\">\r\n              <img loading=\"lazy\" decoding=\"async\" width=\"600\" height=\"400\" src=\"https:\/\/www.polonia.travel\/es\/wp-content\/uploads\/sites\/18\/2022\/12\/sandomierz_noca_1170-2-600x400.jpg\" class=\"attachment-medium size-medium\" alt=\"\" srcset=\"https:\/\/www.polonia.travel\/es\/wp-content\/uploads\/sites\/18\/2022\/12\/sandomierz_noca_1170-2-600x400.jpg 600w, https:\/\/www.polonia.travel\/es\/wp-content\/uploads\/sites\/18\/2022\/12\/sandomierz_noca_1170-2-768x512.jpg 768w, https:\/\/www.polonia.travel\/es\/wp-content\/uploads\/sites\/18\/2022\/12\/sandomierz_noca_1170-2.jpg 1170w\" sizes=\"auto, (max-width: 600px) 100vw, 600px\" \/>            <\/div>\r\n                    <div class=\"mpi__title is-style-heading-28\">Sandomierz<\/div>\r\n          <p>Sandomierz, es una peque\u00f1a poblaci\u00f3n situada a las orillas del V\u00edstula. La ciudad obtiene sus derechos seg\u00fan la ley de Magdeburgo (igual que Cracovia) a mediados del s. XIV y gracias a los privilegios reales se enriquece con el comercio: trigo, miel, sal (de Wieliczka), vinos h\u00fangaros y madera pasaban y\/o se almacenaban en Sandomierz antes de llegar al puerto de Gdansk.<\/p>\r\n                      <div class=\"text-right\">\r\n              <a href=\"https:\/\/www.polonia.travel\/es\/sandomierz-el-glorioso-pasado-a-orillas-del-vistula\/\"\r\n                class=\"btn btn--blue-border\">\r\n                Leer m\u00e1s              <\/a>\r\n            <\/div>\r\n                  <\/div>\r\n              <div class=\"mpi\" data-id=\"34166\" id=\"mpi-34166\">\r\n                      <div class=\"mpi__image\">\r\n              <img loading=\"lazy\" decoding=\"async\" width=\"600\" height=\"400\" src=\"https:\/\/www.polonia.travel\/es\/wp-content\/uploads\/sites\/18\/2023\/07\/Zamosc_1170-600x400.jpg\" class=\"attachment-medium size-medium\" alt=\"\" srcset=\"https:\/\/www.polonia.travel\/es\/wp-content\/uploads\/sites\/18\/2023\/07\/Zamosc_1170-600x400.jpg 600w, https:\/\/www.polonia.travel\/es\/wp-content\/uploads\/sites\/18\/2023\/07\/Zamosc_1170-768x512.jpg 768w, https:\/\/www.polonia.travel\/es\/wp-content\/uploads\/sites\/18\/2023\/07\/Zamosc_1170.jpg 1170w\" sizes=\"auto, (max-width: 600px) 100vw, 600px\" \/>            <\/div>\r\n                    <div class=\"mpi__title is-style-heading-28\">Zamo\u015b\u0107<\/div>\r\n          <p>Situada en la franja oriental de Polonia, es famosa por su casco antiguo que refleja el concepto de una ciudad ideal del renacimiento. La ciudad, fundada en 1580 por la familia aristocr\u00e1tica de los Zamoyski, fue dise\u00f1ada por el arquitecto italiano Bernardo Morando. El concepto de \u201eciudad ideal\u201d, conocido ya en la antig\u00fcedad, pretend\u00eda definir las caracter\u00edsticas \u00f3ptimas para el desarrollo del hombre, teniendo en cuenta su bienestar f\u00edsico y sus necesidades sociales.<\/p>\r\n                      <div class=\"text-right\">\r\n              <a href=\"https:\/\/www.polonia.travel\/es\/zamosc-ciudad-ideal\/\"\r\n                class=\"btn btn--blue-border\">\r\n                Leer m\u00e1s              <\/a>\r\n            <\/div>\r\n                  <\/div>\r\n              <div class=\"mpi\" data-id=\"34165\" id=\"mpi-34165\">\r\n                      <div class=\"mpi__image\">\r\n              <img loading=\"lazy\" decoding=\"async\" width=\"540\" height=\"360\" src=\"https:\/\/www.polonia.travel\/es\/wp-content\/uploads\/sites\/18\/2024\/04\/plock_1170.jpg\" class=\"attachment-medium size-medium\" alt=\"\" \/>            <\/div>\r\n                    <div class=\"mpi__title is-style-heading-28\">P\u0142ock<\/div>\r\n          <p>Masovia (Mazowsze) es una de las regiones geogr\u00e1ficas, hist\u00f3ricas y culturales m\u00e1s antiguas de Polonia, y su antigua capital en P\u0142ock, una de las ciudades del pa\u00eds que vio nacer el estado polaco en el s. X (966). Fundada por las paganas tribus eslavas, con la adopci\u00f3n del cristianismo y su privilegiada localizaci\u00f3n a orillas del r\u00edo V\u00edstula, not\u00f3 un din\u00e1mico y pr\u00f3spero desarollo econ\u00f3mico hasta finales del s. XVI, cuando fue, junto con Cracovia, la segunda ciudad m\u00e1s grande del pa\u00eds.<\/p>\r\n                      <div class=\"text-right\">\r\n              <a href=\"https:\/\/www.polonia.travel\/es\/plock-el-antiguo-esplendor-de-masovia\/\"\r\n                class=\"btn btn--blue-border\">\r\n                Leer m\u00e1s              <\/a>\r\n            <\/div>\r\n                  <\/div>\r\n              <div class=\"mpi\" data-id=\"34164\" id=\"mpi-34164\">\r\n                      <div class=\"mpi__image\">\r\n              <img loading=\"lazy\" decoding=\"async\" width=\"600\" height=\"400\" src=\"https:\/\/www.polonia.travel\/es\/wp-content\/uploads\/sites\/18\/2023\/03\/sopot_pasaz_nadmorski_1170-600x400.jpg\" class=\"attachment-medium size-medium\" alt=\"\" srcset=\"https:\/\/www.polonia.travel\/es\/wp-content\/uploads\/sites\/18\/2023\/03\/sopot_pasaz_nadmorski_1170-600x400.jpg 600w, https:\/\/www.polonia.travel\/es\/wp-content\/uploads\/sites\/18\/2023\/03\/sopot_pasaz_nadmorski_1170-768x512.jpg 768w, https:\/\/www.polonia.travel\/es\/wp-content\/uploads\/sites\/18\/2023\/03\/sopot_pasaz_nadmorski_1170.jpg 1170w\" sizes=\"auto, (max-width: 600px) 100vw, 600px\" \/>            <\/div>\r\n                    <div class=\"mpi__title is-style-heading-28\">Sopot<\/div>\r\n          <p>Sopot, la segunda ciudad de la Triciudad, tiene un marcado car\u00e1cter de balneario. Fue descubierta gracias a sus propiedades curativas a principios del s. XIX, atrayendo a grandes fortunas que pronto empezaron a fijar aqu\u00ed sus residencias veraniegas. Algunas de ellas se encuentran en el actual centro de la ciudad, situado justo en la costa. Sorprende agradablemente el paseo mar\u00edtimo de 500 metros que se adentra en las aguas b\u00e1lticas. El paseo por este muelle de madera m\u00e1s largo de Europa es recomendado durante todo el a\u00f1o: la concentraci\u00f3n de yodo en la punta m\u00e1s alejada es dos veces superior que en las playas de Sopot, de cuatro kil\u00f3metros de longitud.<\/p>\r\n                      <div class=\"text-right\">\r\n              <a href=\"https:\/\/www.polonia.travel\/es\/sopot-el-glamour-baltico\/\"\r\n                class=\"btn btn--blue-border\">\r\n                Leer m\u00e1s              <\/a>\r\n            <\/div>\r\n                  <\/div>\r\n              <div class=\"mpi\" data-id=\"21837\" id=\"mpi-21837\">\r\n                      <div class=\"mpi__image\">\r\n              <img loading=\"lazy\" decoding=\"async\" width=\"600\" height=\"400\" src=\"https:\/\/www.polonia.travel\/es\/wp-content\/uploads\/sites\/18\/2023\/03\/gdansk_motlawa_1170-600x400.jpg\" class=\"attachment-medium size-medium\" alt=\"\" srcset=\"https:\/\/www.polonia.travel\/es\/wp-content\/uploads\/sites\/18\/2023\/03\/gdansk_motlawa_1170-600x400.jpg 600w, https:\/\/www.polonia.travel\/es\/wp-content\/uploads\/sites\/18\/2023\/03\/gdansk_motlawa_1170-768x512.jpg 768w, https:\/\/www.polonia.travel\/es\/wp-content\/uploads\/sites\/18\/2023\/03\/gdansk_motlawa_1170.jpg 1170w\" sizes=\"auto, (max-width: 600px) 100vw, 600px\" \/>            <\/div>\r\n                    <div class=\"mpi__title is-style-heading-28\">Gda\u0144sk<\/div>\r\n          <p>Ciudad milenaria, anta\u00f1o perteneciente a la Liga Hansa, se hizo famosa a primeros de los ochenta del siglo pasado cuando un obrero de los astilleros de Gda\u0144sk lider\u00f3 una huelga y cre\u00f3 el famoso sindicato llamado Solidaridad. Adem\u00e1s de solidaria, Gdansk es tambi\u00e9n la Ciudad de la Libertad y desde 2019 ostenta el t\u00edtulo de la Ciudad de la Concordia, Premio Princesa de Asturias.<\/p>\r\n                      <div class=\"text-right\">\r\n              <a href=\"https:\/\/www.polonia.travel\/es\/gdansk-ciudad-de-la-libertad\/\"\r\n                class=\"btn btn--blue-border\">\r\n                Leer m\u00e1s               <\/a>\r\n            <\/div>\r\n                  <\/div>\r\n              <div class=\"mpi\" data-id=\"21835\" id=\"mpi-21835\">\r\n                      <div class=\"mpi__image\">\r\n              <img loading=\"lazy\" decoding=\"async\" width=\"600\" height=\"400\" src=\"https:\/\/www.polonia.travel\/es\/wp-content\/uploads\/sites\/18\/2023\/03\/szczecin_tarasy_widokowe_1170-600x400.jpg\" class=\"attachment-medium size-medium\" alt=\"\" srcset=\"https:\/\/www.polonia.travel\/es\/wp-content\/uploads\/sites\/18\/2023\/03\/szczecin_tarasy_widokowe_1170-600x400.jpg 600w, https:\/\/www.polonia.travel\/es\/wp-content\/uploads\/sites\/18\/2023\/03\/szczecin_tarasy_widokowe_1170-768x512.jpg 768w, https:\/\/www.polonia.travel\/es\/wp-content\/uploads\/sites\/18\/2023\/03\/szczecin_tarasy_widokowe_1170.jpg 1170w\" sizes=\"auto, (max-width: 600px) 100vw, 600px\" \/>            <\/div>\r\n                    <div class=\"mpi__title is-style-heading-28\">Szczecin<\/div>\r\n          <p>Szczecin, capital de la regi\u00f3n de Pomerania Occidental (Zachodniopomorskie) es la ciudad polaca m\u00e1s cercana a Berl\u00edn, a tan s\u00f3lo 140 km. Se trata de uno de los puertos b\u00e1lticos de m\u00e1s relevancia con a\u00fan existente industria naval, aunque Szczecin est\u00e1 situado en la ribera del Odra, al sur de la Bah\u00eda de Szczecin y de la Bah\u00eda de Pomerania.<\/p>\r\n                      <div class=\"text-right\">\r\n              <a href=\"https:\/\/www.polonia.travel\/es\/un-puerto-baltico-en-el-rio-odra\/\"\r\n                class=\"btn btn--blue-border\">\r\n                Leer m\u00e1s              <\/a>\r\n            <\/div>\r\n                  <\/div>\r\n              <div class=\"mpi\" data-id=\"20865\" id=\"mpi-20865\">\r\n                      <div class=\"mpi__image\">\r\n              <img loading=\"lazy\" decoding=\"async\" width=\"600\" height=\"254\" src=\"https:\/\/www.polonia.travel\/es\/wp-content\/uploads\/sites\/18\/2023\/02\/Torun-600x254.jpg\" class=\"attachment-medium size-medium\" alt=\"\" srcset=\"https:\/\/www.polonia.travel\/es\/wp-content\/uploads\/sites\/18\/2023\/02\/Torun-600x254.jpg 600w, https:\/\/www.polonia.travel\/es\/wp-content\/uploads\/sites\/18\/2023\/02\/Torun-1200x508.jpg 1200w, https:\/\/www.polonia.travel\/es\/wp-content\/uploads\/sites\/18\/2023\/02\/Torun-768x325.jpg 768w, https:\/\/www.polonia.travel\/es\/wp-content\/uploads\/sites\/18\/2023\/02\/Torun.jpg 1224w\" sizes=\"auto, (max-width: 600px) 100vw, 600px\" \/>            <\/div>\r\n                    <div class=\"mpi__title is-style-heading-28\">Toru\u0144<\/div>\r\n          <p>Lugar natal de Nicol\u00e1s Cop\u00e9rnico, ciudad asentada a ambas orillas del r\u00edo V\u00edstula, posee la mayor riqueza de arquitectura g\u00f3tica de Polonia. Su centro hist\u00f3rico, con una distribuci\u00f3n de gran originalidad, forma parte de la lista de Monumentos de la UNESCO.<\/p>\r\n                      <div class=\"text-right\">\r\n              <a href=\"https:\/\/www.polonia.travel\/es\/torun-ciudad-natal-de-nicolas-copernico\/\"\r\n                class=\"btn btn--blue-border\">\r\n                Leer m\u00e1s              <\/a>\r\n            <\/div>\r\n                  <\/div>\r\n              <div class=\"mpi\" data-id=\"20863\" id=\"mpi-20863\">\r\n                      <div class=\"mpi__image\">\r\n              <img loading=\"lazy\" decoding=\"async\" width=\"600\" height=\"409\" src=\"https:\/\/www.polonia.travel\/es\/wp-content\/uploads\/sites\/18\/2023\/02\/real_bydgoszcz_800-600x409.jpg\" class=\"attachment-medium size-medium\" alt=\"\" srcset=\"https:\/\/www.polonia.travel\/es\/wp-content\/uploads\/sites\/18\/2023\/02\/real_bydgoszcz_800-600x409.jpg 600w, https:\/\/www.polonia.travel\/es\/wp-content\/uploads\/sites\/18\/2023\/02\/real_bydgoszcz_800-768x523.jpg 768w, https:\/\/www.polonia.travel\/es\/wp-content\/uploads\/sites\/18\/2023\/02\/real_bydgoszcz_800.jpg 800w\" sizes=\"auto, (max-width: 600px) 100vw, 600px\" \/>            <\/div>\r\n                    <div class=\"mpi__title is-style-heading-28\">Bydgoszcz<\/div>\r\n          <p>Bydgoszcz tiene una gran rival a tan s\u00f3lo 50 kil\u00f3metros: Toru\u0144 es Patrimonio de la Humanidad y atrae al visitante con un casco antiguo que es puro g\u00f3tico. Pero si viajas con motivo de participar en campeonatos de atletismo a nivel europeo o mundial y Gran Prix de speedway o si quieres disfrutar de uno de los mejores auditorios de m\u00fasica cl\u00e1sica (Opera Nova) en esta parte de Europa, terminar\u00e1s visitando Bydgoszcz y descubrir\u00e1s su encanto.  Otros ya lo han hecho al elegir la ciudad como candidata al Mejor Destino Europeo 2020.<\/p>\r\n                      <div class=\"text-right\">\r\n              <a href=\"https:\/\/www.polonia.travel\/es\/bydgoszcz-identidad-renovada\/\"\r\n                class=\"btn btn--blue-border\">\r\n                Leer m\u00e1s              <\/a>\r\n            <\/div>\r\n                  <\/div>\r\n              <div class=\"mpi\" data-id=\"20861\" id=\"mpi-20861\">\r\n                      <div class=\"mpi__image\">\r\n              <img loading=\"lazy\" decoding=\"async\" width=\"600\" height=\"346\" src=\"https:\/\/www.polonia.travel\/es\/wp-content\/uploads\/sites\/18\/2023\/02\/olsztyn_panorama_3_1170-e1676903814149-600x346.jpg\" class=\"attachment-medium size-medium\" alt=\"\" srcset=\"https:\/\/www.polonia.travel\/es\/wp-content\/uploads\/sites\/18\/2023\/02\/olsztyn_panorama_3_1170-e1676903814149-600x346.jpg 600w, https:\/\/www.polonia.travel\/es\/wp-content\/uploads\/sites\/18\/2023\/02\/olsztyn_panorama_3_1170-e1676903814149-768x443.jpg 768w, https:\/\/www.polonia.travel\/es\/wp-content\/uploads\/sites\/18\/2023\/02\/olsztyn_panorama_3_1170-e1676903814149.jpg 1170w\" sizes=\"auto, (max-width: 600px) 100vw, 600px\" \/>            <\/div>\r\n                    <div class=\"mpi__title is-style-heading-28\">Olsztyn<\/div>\r\n          <p>Las mejores vistas de la capital de la regi\u00f3n de Warmia y Masuria, en la parte noreste del pa\u00eds, se extienden desde la torre del castillo, del s. XIV, de estilo g\u00f3tico. Uno de sus habitantes m\u00e1s c\u00e9lebres fue Nicol\u00e1s Cop\u00e9rnico que escribi\u00f3 aqu\u00ed la primera parte de su revolucionaria obra sobre la teor\u00eda helioc\u00e9ntrica del sistema solar, Sobre las revoluciones de las esferas celestes. Actualmente, es sede del Museo Regional.<\/p>\r\n                      <div class=\"text-right\">\r\n              <a href=\"https:\/\/www.polonia.travel\/es\/olsztyn-una-capital-rodeada-de-lagos\/\"\r\n                class=\"btn btn--blue-border\">\r\n                Leer m\u00e1s              <\/a>\r\n            <\/div>\r\n                  <\/div>\r\n              <div class=\"mpi\" data-id=\"20859\" id=\"mpi-20859\">\r\n                      <div class=\"mpi__image\">\r\n              <img loading=\"lazy\" decoding=\"async\" width=\"600\" height=\"400\" src=\"https:\/\/www.polonia.travel\/es\/wp-content\/uploads\/sites\/18\/2023\/02\/bialystok_rynek_1170-600x400.jpg\" class=\"attachment-medium size-medium\" alt=\"\" srcset=\"https:\/\/www.polonia.travel\/es\/wp-content\/uploads\/sites\/18\/2023\/02\/bialystok_rynek_1170-600x400.jpg 600w, https:\/\/www.polonia.travel\/es\/wp-content\/uploads\/sites\/18\/2023\/02\/bialystok_rynek_1170-768x512.jpg 768w, https:\/\/www.polonia.travel\/es\/wp-content\/uploads\/sites\/18\/2023\/02\/bialystok_rynek_1170.jpg 1170w\" sizes=\"auto, (max-width: 600px) 100vw, 600px\" \/>            <\/div>\r\n                    <div class=\"mpi__title is-style-heading-28\">Bia\u0142ystok<\/div>\r\n          <p>Bia\u0142ystok, con una poblaci\u00f3n de casi 300 mil habitantes, se encuentra en el noreste de Polonia.<\/p>\r\n                      <div class=\"text-right\">\r\n              <a href=\"https:\/\/www.polonia.travel\/es\/bialystok-ciudad-universitaria-rodeada-de-parques\/\"\r\n                class=\"btn btn--blue-border\">\r\n                Leer m\u00e1s              <\/a>\r\n            <\/div>\r\n                  <\/div>\r\n              <div class=\"mpi\" data-id=\"20857\" id=\"mpi-20857\">\r\n                      <div class=\"mpi__image\">\r\n              <img loading=\"lazy\" decoding=\"async\" width=\"600\" height=\"367\" src=\"https:\/\/www.polonia.travel\/es\/wp-content\/uploads\/sites\/18\/2023\/02\/206197146_Warszawa_plac_zamkowy_Adobe-xl-600x367.jpg\" class=\"attachment-medium size-medium\" alt=\"Castle Square in Warsaw on the Royal Route\" srcset=\"https:\/\/www.polonia.travel\/es\/wp-content\/uploads\/sites\/18\/2023\/02\/206197146_Warszawa_plac_zamkowy_Adobe-xl-600x367.jpg 600w, https:\/\/www.polonia.travel\/es\/wp-content\/uploads\/sites\/18\/2023\/02\/206197146_Warszawa_plac_zamkowy_Adobe-xl-1200x733.jpg 1200w, https:\/\/www.polonia.travel\/es\/wp-content\/uploads\/sites\/18\/2023\/02\/206197146_Warszawa_plac_zamkowy_Adobe-xl-768x469.jpg 768w, https:\/\/www.polonia.travel\/es\/wp-content\/uploads\/sites\/18\/2023\/02\/206197146_Warszawa_plac_zamkowy_Adobe-xl.jpg 1224w\" sizes=\"auto, (max-width: 600px) 100vw, 600px\" \/>            <\/div>\r\n                    <div class=\"mpi__title is-style-heading-28\">Varsovia<\/div>\r\n          <p>Varsovia: heroica, orgullosa, aplastada y renacida; cl\u00e1sica y moderna, tradicional y cosmopolita. Aut\u00e9ntica.\r\nLa capital de Polonia se encuentra en el centro del pa\u00eds y est\u00e1 localizada en las principales rutas de tr\u00e1nsito internacional. Ocupa ambas orillas del r\u00edo V\u00edstula y tiene una poblaci\u00f3n de casi 1.7 millones de habitantes.<\/p>\r\n                      <div class=\"text-right\">\r\n              <a href=\"https:\/\/www.polonia.travel\/es\/varsovia-el-cuento-del-patito-feo-hecho-realidad\/\"\r\n                class=\"btn btn--blue-border\">\r\n                Leer m\u00e1s              <\/a>\r\n            <\/div>\r\n                  <\/div>\r\n              <div class=\"mpi\" data-id=\"20729\" id=\"mpi-20729\">\r\n                      <div class=\"mpi__image\">\r\n              <img loading=\"lazy\" decoding=\"async\" width=\"600\" height=\"400\" src=\"https:\/\/www.polonia.travel\/es\/wp-content\/uploads\/sites\/18\/2023\/02\/poznan_stare_miasto_2_1170-600x400.jpg\" class=\"attachment-medium size-medium\" alt=\"\" srcset=\"https:\/\/www.polonia.travel\/es\/wp-content\/uploads\/sites\/18\/2023\/02\/poznan_stare_miasto_2_1170-600x400.jpg 600w, https:\/\/www.polonia.travel\/es\/wp-content\/uploads\/sites\/18\/2023\/02\/poznan_stare_miasto_2_1170-768x512.jpg 768w, https:\/\/www.polonia.travel\/es\/wp-content\/uploads\/sites\/18\/2023\/02\/poznan_stare_miasto_2_1170.jpg 1170w\" sizes=\"auto, (max-width: 600px) 100vw, 600px\" \/>            <\/div>\r\n                    <div class=\"mpi__title is-style-heading-28\">Pozna\u0144<\/div>\r\n          <p>Capital de la Polonia Mayor, gracias a su localizaci\u00f3n en la mitad de la ruta entre Berl\u00edn y Varsovia, es conocida sobre todo por su gran actividad comercial e industrial, y sus ferias. \u00a1Pero no te dejes enga\u00f1ar! La cuna del estado de Polonia se encuentra precisamente en la franja oeste del pa\u00eds y tanto Pozna\u0144, como Wroclaw (a 180 km) conservan monumentos que avalan la milenaria historia del pa\u00eds.<\/p>\r\n                      <div class=\"text-right\">\r\n              <a href=\"https:\/\/www.polonia.travel\/es\/poznan-la-capital-de-polonia-mayor\/\"\r\n                class=\"btn btn--blue-border\">\r\n                Leer m\u00e1s              <\/a>\r\n            <\/div>\r\n                  <\/div>\r\n              <div class=\"mpi\" data-id=\"20727\" id=\"mpi-20727\">\r\n                      <div class=\"mpi__image\">\r\n              <img loading=\"lazy\" decoding=\"async\" width=\"600\" height=\"400\" src=\"https:\/\/www.polonia.travel\/es\/wp-content\/uploads\/sites\/18\/2023\/02\/zielona_gora_deptak_1170-600x400.jpg\" class=\"attachment-medium size-medium\" alt=\"\" srcset=\"https:\/\/www.polonia.travel\/es\/wp-content\/uploads\/sites\/18\/2023\/02\/zielona_gora_deptak_1170-600x400.jpg 600w, https:\/\/www.polonia.travel\/es\/wp-content\/uploads\/sites\/18\/2023\/02\/zielona_gora_deptak_1170-768x512.jpg 768w, https:\/\/www.polonia.travel\/es\/wp-content\/uploads\/sites\/18\/2023\/02\/zielona_gora_deptak_1170.jpg 1170w\" sizes=\"auto, (max-width: 600px) 100vw, 600px\" \/>            <\/div>\r\n                    <div class=\"mpi__title is-style-heading-28\">Zielona G\u00f3ra<\/div>\r\n          <p>Ubicada entre vi\u00f1edos y colinas verdes, con raz\u00f3n la capital auton\u00f3mica de la Regi\u00f3n de Lubusz se llama Zielona G\u00f3ra (Monte Verde). Esta peque\u00f1a ciudad, a tan solo 60 km de la frontera con Alemania, tiene su origen en el siglo XIII, cuando primero fue colonizada por pr\u00edncipes polacos, luego los checos y posteriormente por los alemanes. En 1945 Zielona G\u00f3ra volvi\u00f3 a pertenecer a Polonia.<\/p>\r\n                      <div class=\"text-right\">\r\n              <a href=\"https:\/\/www.polonia.travel\/es\/zielona-gora-el-monte-verde-de-lubusz\/\"\r\n                class=\"btn btn--blue-border\">\r\n                Leer m\u00e1s              <\/a>\r\n            <\/div>\r\n                  <\/div>\r\n              <div class=\"mpi\" data-id=\"20725\" id=\"mpi-20725\">\r\n                      <div class=\"mpi__image\">\r\n              <img loading=\"lazy\" decoding=\"async\" width=\"600\" height=\"400\" src=\"https:\/\/www.polonia.travel\/es\/wp-content\/uploads\/sites\/18\/2023\/02\/Wroclaw-600x400.jpg\" class=\"attachment-medium size-medium\" alt=\"\" srcset=\"https:\/\/www.polonia.travel\/es\/wp-content\/uploads\/sites\/18\/2023\/02\/Wroclaw-600x400.jpg 600w, https:\/\/www.polonia.travel\/es\/wp-content\/uploads\/sites\/18\/2023\/02\/Wroclaw-1200x800.jpg 1200w, https:\/\/www.polonia.travel\/es\/wp-content\/uploads\/sites\/18\/2023\/02\/Wroclaw-768x512.jpg 768w, https:\/\/www.polonia.travel\/es\/wp-content\/uploads\/sites\/18\/2023\/02\/Wroclaw.jpg 1224w\" sizes=\"auto, (max-width: 600px) 100vw, 600px\" \/>            <\/div>\r\n                    <div class=\"mpi__title is-style-heading-28\">Wroc\u0142aw<\/div>\r\n          <p>Con m\u00e1s de mil a\u00f1os de historia turbulenta, la ciudad que ha estado en manos checas, polacas y alemanas, hoy en d\u00eda propone una visita a trav\u00e9s de los siglos y desde una perspectiva multicultural. El respeto y la conservaci\u00f3n de este patrimonio fue reconocido en 2016 cuando la ciudad se convirti\u00f3 en la Capital Europea de la Cultura.<\/p>\r\n                      <div class=\"text-right\">\r\n              <a href=\"https:\/\/www.polonia.travel\/es\/wroclaw-capital-de-la-baja-silesia\/\"\r\n                class=\"btn btn--blue-border\">\r\n                Leer m\u00e1s              <\/a>\r\n            <\/div>\r\n                  <\/div>\r\n              <div class=\"mpi\" data-id=\"20723\" id=\"mpi-20723\">\r\n                      <div class=\"mpi__image\">\r\n              <img loading=\"lazy\" decoding=\"async\" width=\"600\" height=\"400\" src=\"https:\/\/www.polonia.travel\/es\/wp-content\/uploads\/sites\/18\/2023\/02\/Ulica_Piotrkowska_w_Lodzi_2-xl-600x400.jpg\" class=\"attachment-medium size-medium\" alt=\"\" srcset=\"https:\/\/www.polonia.travel\/es\/wp-content\/uploads\/sites\/18\/2023\/02\/Ulica_Piotrkowska_w_Lodzi_2-xl-600x400.jpg 600w, https:\/\/www.polonia.travel\/es\/wp-content\/uploads\/sites\/18\/2023\/02\/Ulica_Piotrkowska_w_Lodzi_2-xl-1200x800.jpg 1200w, https:\/\/www.polonia.travel\/es\/wp-content\/uploads\/sites\/18\/2023\/02\/Ulica_Piotrkowska_w_Lodzi_2-xl-768x512.jpg 768w, https:\/\/www.polonia.travel\/es\/wp-content\/uploads\/sites\/18\/2023\/02\/Ulica_Piotrkowska_w_Lodzi_2-xl.jpg 1224w\" sizes=\"auto, (max-width: 600px) 100vw, 600px\" \/>            <\/div>\r\n                    <div class=\"mpi__title is-style-heading-28\">\u0141\u00f3d\u017a<\/div>\r\n          <p>No es imposible pronunciar el nombre de la ciudad, siempre y cuando hagamos la alusi\u00f3n a Hollywood\/\u0141\u00f3d\u017a . Efectivamente, la pronunciaci\u00f3n es bastante parecida a la palabra inglesa wood y comparar Hollywood con Holly\u0141\u00f3d\u017a  para nada carece de sentido.<\/p>\r\n                      <div class=\"text-right\">\r\n              <a href=\"https:\/\/www.polonia.travel\/es\/lodz-el-hollywood-polaco\/\"\r\n                class=\"btn btn--blue-border\">\r\n                Leer m\u00e1s              <\/a>\r\n            <\/div>\r\n                  <\/div>\r\n              <div class=\"mpi\" data-id=\"20721\" id=\"mpi-20721\">\r\n                      <div class=\"mpi__image\">\r\n              <img loading=\"lazy\" decoding=\"async\" width=\"600\" height=\"400\" src=\"https:\/\/www.polonia.travel\/es\/wp-content\/uploads\/sites\/18\/2023\/02\/kielce_muzeum_narodowe_1170-600x400.jpg\" class=\"attachment-medium size-medium\" alt=\"\" srcset=\"https:\/\/www.polonia.travel\/es\/wp-content\/uploads\/sites\/18\/2023\/02\/kielce_muzeum_narodowe_1170-600x400.jpg 600w, https:\/\/www.polonia.travel\/es\/wp-content\/uploads\/sites\/18\/2023\/02\/kielce_muzeum_narodowe_1170-768x512.jpg 768w, https:\/\/www.polonia.travel\/es\/wp-content\/uploads\/sites\/18\/2023\/02\/kielce_muzeum_narodowe_1170.jpg 1170w\" sizes=\"auto, (max-width: 600px) 100vw, 600px\" \/>            <\/div>\r\n                    <div class=\"mpi__title is-style-heading-28\">Kielce<\/div>\r\n          <p>Uno de los caminos de Varsovia  a Cracovia pasa por la Regi\u00f3n de Santa Cruz y su capital, Kielce. Situada en una de las sierras m\u00e1s antiguas de Europa, que da nombre a la regi\u00f3n, Kielce est\u00e1 pr\u00e1cicamente aposentada encima de cuevas que se pueden visitar (Geo-Park). Al no ser una ciudad muy grande, durante la parada las visitas recomendadas ser\u00edan, aparte de la t\u00edpica Plaza de Mercado (Rynek), a los palacios de los Obispos de Cracovia y de Tomasz Zielinski, y a la catedral construida en el s. XII y reconstruida en el s. XVII en  estilo barroco.<\/p>\r\n                      <div class=\"text-right\">\r\n              <a href=\"https:\/\/www.polonia.travel\/es\/kielce-el-tesoro-esta-en-sus-cuevas\/\"\r\n                class=\"btn btn--blue-border\">\r\n                Leer m\u00e1s              <\/a>\r\n            <\/div>\r\n                  <\/div>\r\n              <div class=\"mpi\" data-id=\"20715\" id=\"mpi-20715\">\r\n                      <div class=\"mpi__image\">\r\n              <img loading=\"lazy\" decoding=\"async\" width=\"600\" height=\"400\" src=\"https:\/\/www.polonia.travel\/es\/wp-content\/uploads\/sites\/18\/2023\/02\/lublin_stare_miasto_2_1170-600x400.jpg\" class=\"attachment-medium size-medium\" alt=\"\" srcset=\"https:\/\/www.polonia.travel\/es\/wp-content\/uploads\/sites\/18\/2023\/02\/lublin_stare_miasto_2_1170-600x400.jpg 600w, https:\/\/www.polonia.travel\/es\/wp-content\/uploads\/sites\/18\/2023\/02\/lublin_stare_miasto_2_1170-768x512.jpg 768w, https:\/\/www.polonia.travel\/es\/wp-content\/uploads\/sites\/18\/2023\/02\/lublin_stare_miasto_2_1170.jpg 1170w\" sizes=\"auto, (max-width: 600px) 100vw, 600px\" \/>            <\/div>\r\n                    <div class=\"mpi__title is-style-heading-28\">Lublin<\/div>\r\n          <p>Lublin  jug\u00f3 un papel fundamental en siglos pasados al estar en el cruce de rutas comerciales y diplom\u00e1ticas entre este y oeste europeo, y prueba de ello es la inclusi\u00f3n del texto de \u201eLa Uni\u00f3n de Lublin\u201d en la lista Memoria del Mundo, de la UNESCO. En 1569 dos pa\u00edses, el Reino de Polonia y el Ducado de Lituania firmaron un acuerdo que marc\u00f3 los principios de la democracia europea, muy adelantado a sus tiempos (sustituci\u00f3n de uni\u00f3n personal por monarqu\u00eda electiva que gobernaba, en adelante El Reino de Dos Naciones, con la ayuda de un Senado y Parlamento). Paseando por Lublin, nos encontraremos con los testigos de \u201eLa Un\u00edon de Lublin\u201d: la Capilla de la Sant\u00edsima Trinidad o el monumento dedicado a conmemorar este hecho hist\u00f3rico.<\/p>\r\n                      <div class=\"text-right\">\r\n              <a href=\"https:\/\/www.polonia.travel\/es\/lublin-entre-el-este-y-oeste-europeo\/\"\r\n                class=\"btn btn--blue-border\">\r\n                Leer m\u00e1s              <\/a>\r\n            <\/div>\r\n                  <\/div>\r\n              <div class=\"mpi\" data-id=\"20709\" id=\"mpi-20709\">\r\n                      <div class=\"mpi__image\">\r\n              <img loading=\"lazy\" decoding=\"async\" width=\"600\" height=\"400\" src=\"https:\/\/www.polonia.travel\/es\/wp-content\/uploads\/sites\/18\/2023\/02\/rzeszow_rynek_1170-600x400.jpg\" class=\"attachment-medium size-medium\" alt=\"\" srcset=\"https:\/\/www.polonia.travel\/es\/wp-content\/uploads\/sites\/18\/2023\/02\/rzeszow_rynek_1170-600x400.jpg 600w, https:\/\/www.polonia.travel\/es\/wp-content\/uploads\/sites\/18\/2023\/02\/rzeszow_rynek_1170-768x512.jpg 768w, https:\/\/www.polonia.travel\/es\/wp-content\/uploads\/sites\/18\/2023\/02\/rzeszow_rynek_1170.jpg 1170w\" sizes=\"auto, (max-width: 600px) 100vw, 600px\" \/>            <\/div>\r\n                    <div class=\"mpi__title is-style-heading-28\">Rzesz\u00f3w<\/div>\r\n          <p>Rzesz\u00f3w es la capital de una regi\u00f3n que se encuentra al pie de la cadena de monta\u00f1as de los C\u00e1rpatos, en lo que corresponde al territorio de Polonia, en su franja sureste.<\/p>\r\n                      <div class=\"text-right\">\r\n              <a href=\"https:\/\/www.polonia.travel\/es\/rzeszow\/\"\r\n                class=\"btn btn--blue-border\">\r\n                Leer m\u00e1s              <\/a>\r\n            <\/div>\r\n                  <\/div>\r\n              <div class=\"mpi\" data-id=\"20702\" id=\"mpi-20702\">\r\n                      <div class=\"mpi__image\">\r\n              <img loading=\"lazy\" decoding=\"async\" width=\"600\" height=\"333\" src=\"https:\/\/www.polonia.travel\/es\/wp-content\/uploads\/sites\/18\/2023\/02\/katowice_nikiszowiec_panorama_1170-e1676543264936-600x333.jpg\" class=\"attachment-medium size-medium\" alt=\"\" srcset=\"https:\/\/www.polonia.travel\/es\/wp-content\/uploads\/sites\/18\/2023\/02\/katowice_nikiszowiec_panorama_1170-e1676543264936-600x333.jpg 600w, https:\/\/www.polonia.travel\/es\/wp-content\/uploads\/sites\/18\/2023\/02\/katowice_nikiszowiec_panorama_1170-e1676543264936-768x426.jpg 768w, https:\/\/www.polonia.travel\/es\/wp-content\/uploads\/sites\/18\/2023\/02\/katowice_nikiszowiec_panorama_1170-e1676543264936.jpg 1170w\" sizes=\"auto, (max-width: 600px) 100vw, 600px\" \/>            <\/div>\r\n                    <div class=\"mpi__title is-style-heading-28\">Katowice<\/div>\r\n          <p>Es posible que a la gente que ha tenido algo que ver con las minas de carb\u00f3n, el nombre de esta ciudad les suene bastante aunque muchos tambi\u00e9n lo confunden con Wadowice (pueblo natal de Santo Juan Pablo II). Las diferencias entre las dos van m\u00e1s all\u00e1 de la primera letra.<\/p>\r\n                      <div class=\"text-right\">\r\n              <a href=\"https:\/\/www.polonia.travel\/es\/katowice-silesia-en-miniatura\/\"\r\n                class=\"btn btn--blue-border\">\r\n                Leer m\u00e1s              <\/a>\r\n            <\/div>\r\n                  <\/div>\r\n              <div class=\"mpi\" data-id=\"20700\" id=\"mpi-20700\">\r\n                      <div class=\"mpi__image\">\r\n              <img loading=\"lazy\" decoding=\"async\" width=\"600\" height=\"333\" src=\"https:\/\/www.polonia.travel\/es\/wp-content\/uploads\/sites\/18\/2023\/02\/krakow_sukiennice_noca_1170-e1676543566258-600x333.jpg\" class=\"attachment-medium size-medium\" alt=\"\" srcset=\"https:\/\/www.polonia.travel\/es\/wp-content\/uploads\/sites\/18\/2023\/02\/krakow_sukiennice_noca_1170-e1676543566258-600x333.jpg 600w, https:\/\/www.polonia.travel\/es\/wp-content\/uploads\/sites\/18\/2023\/02\/krakow_sukiennice_noca_1170-e1676543566258-768x426.jpg 768w, https:\/\/www.polonia.travel\/es\/wp-content\/uploads\/sites\/18\/2023\/02\/krakow_sukiennice_noca_1170-e1676543566258.jpg 1170w\" sizes=\"auto, (max-width: 600px) 100vw, 600px\" \/>            <\/div>\r\n                    <div class=\"mpi__title is-style-heading-28\">Cracovia<\/div>\r\n          <p>Wilhelm Feldman, autor y cr\u00edtico, escribi\u00f3 al principio de este siglo; \u201ePara encontrar el alma de Polonia, debes buscar en Cracovia\u201d. Y aunque pasados cien a\u00f1os, la esencia polaca \u2013 su historia y su patrimonio \u2013 se encuentran tambi\u00e9n en otras ciudades, durante la visita a Polonia Cracovia debe estar en la lista.<\/p>\r\n                      <div class=\"text-right\">\r\n              <a href=\"https:\/\/www.polonia.travel\/es\/cracovia-la-cautivadora\/\"\r\n                class=\"btn btn--blue-border\">\r\n                Leer m\u00e1s              <\/a>\r\n            <\/div>\r\n                  <\/div>\r\n              <div class=\"mpi\" data-id=\"20698\" id=\"mpi-20698\">\r\n                      <div class=\"mpi__image\">\r\n              <img loading=\"lazy\" decoding=\"async\" width=\"600\" height=\"400\" src=\"https:\/\/www.polonia.travel\/es\/wp-content\/uploads\/sites\/18\/2023\/02\/6940_Opole_MG-xl-600x400.jpg\" class=\"attachment-medium size-medium\" alt=\"\" srcset=\"https:\/\/www.polonia.travel\/es\/wp-content\/uploads\/sites\/18\/2023\/02\/6940_Opole_MG-xl-600x400.jpg 600w, https:\/\/www.polonia.travel\/es\/wp-content\/uploads\/sites\/18\/2023\/02\/6940_Opole_MG-xl-1200x800.jpg 1200w, https:\/\/www.polonia.travel\/es\/wp-content\/uploads\/sites\/18\/2023\/02\/6940_Opole_MG-xl-768x512.jpg 768w, https:\/\/www.polonia.travel\/es\/wp-content\/uploads\/sites\/18\/2023\/02\/6940_Opole_MG-xl.jpg 1224w\" sizes=\"auto, (max-width: 600px) 100vw, 600px\" \/>            <\/div>\r\n                    <div class=\"mpi__title is-style-heading-28\">Opole<\/div>\r\n          <p>Hist\u00f3rica capital de la regi\u00f3n de Alta Silesia, actualmente lo es de la Regi\u00f3n de Opole. Est\u00e1 estr\u00e1tegicamente ubicada a 100 km de Wroc\u0142aw, capital de la vecina Baja Silesia, y a otros 100 km de Ostrava (Rep. Checa), lo cual la convierte en un atractivo punto para los viajeros que exploran el sur de Polonia y\/o norte de la Rep. Checa. Para los polacos es, desde 1963,  tambi\u00e9n la capital de la canci\u00f3n. Cada verano reune a artistas nacionales que en el escenario del Anfiteatro del Milenio presentan lo mejor de la canci\u00f3n polaca. Los nost\u00e1lgicos pueden visitar el Museo de la Canci\u00f3n para recordar las casi sesenta ediciones del  festival y a sus artistas preferidos.<\/p>\r\n                      <div class=\"text-right\">\r\n              <a href=\"https:\/\/www.polonia.travel\/es\/opole\/\"\r\n                class=\"btn btn--blue-border\">\r\n                Leer m\u00e1s              <\/a>\r\n            <\/div>\r\n                  <\/div>\r\n          <\/div>\r\n  <\/div>\r\n<\/div><\/div>\n\n\n\n<div style=\"height:80px\" aria-hidden=\"true\" class=\"wp-block-spacer is-style-default\"><\/div>\n\n\n\n<div class=\"wp-block-group has-background\" style=\"background-color:#f5f5f7\"><div class=\"wp-block-group__inner-container is-layout-constrained wp-block-group-is-layout-constrained\">\n<div style=\"height:80px\" aria-hidden=\"true\" class=\"wp-block-spacer\"><\/div>\n\n\n\n<h2 class=\"wp-block-heading has-text-align-center is-style-heading-38\">Polonia en el objetivo<\/h2>\n\n\n\n<div style=\"height:40px\" aria-hidden=\"true\" class=\"wp-block-spacer\"><\/div>\n<\/div><\/div>\n\n\n\n<div id=\"sb_instagram\"  class=\"sbi sbi_mob_col_1 sbi_tab_col_6 sbi_col_6 sbi_width_resp\"\t data-feedid=\"*3\"  data-res=\"auto\" data-cols=\"6\" data-colsmobile=\"1\" data-colstablet=\"6\" data-num=\"12\" data-nummobile=\"6\" data-item-padding=\"0\"\t data-shortcode-atts=\"{&quot;feed&quot;:&quot;3&quot;}\"  data-postid=\"20684\" data-locatornonce=\"647528e97c\" data-imageaspectratio=\"1:1\" data-sbi-flags=\"favorLocal\">\n\t<div class=\"sb_instagram_header  sbi_medium\"   >\n\t<a class=\"sbi_header_link\" target=\"_blank\"\n\t   rel=\"nofollow noopener\" href=\"https:\/\/www.instagram.com\/polonia.travel.es\/\" title=\"@polonia.travel.es\">\n\t\t<div class=\"sbi_header_text\">\n\t\t\t<div class=\"sbi_header_img\"  data-avatar-url=\"https:\/\/scontent-waw2-1.cdninstagram.com\/v\/t51.2885-19\/128467015_705347550366167_7071296813878962789_n.jpg?stp=dst-jpg_s206x206_tt6&amp;_nc_cat=109&amp;ccb=7-5&amp;_nc_sid=bf7eb4&amp;efg=eyJ2ZW5jb2RlX3RhZyI6InByb2ZpbGVfcGljLnd3dy42NzEuQzMifQ%3D%3D&amp;_nc_ohc=BHqNgV1wYPYQ7kNvwGbjQ2u&amp;_nc_oc=Adrka2CxVo8zi1ZTSjj26EsPM19m8sSmOBO7McekuNHK36RRuR7zUDNzXY1PRbzfwOJ4demoxr-l2U3Bedt_wolN&amp;_nc_zt=24&amp;_nc_ht=scontent-waw2-1.cdninstagram.com&amp;edm=AP4hL3IEAAAA&amp;_nc_tpa=Q5bMBQH4lKrc0HoCj4H--8vD04lc0465ndYCqpzuHNqBLChGWRz1liMSPG3cR_kgvW9asiuXujGuqiPeDg&amp;oh=00_Af33oPJoEs_umoGT0nMTIvOKFmQHQ1XOgeJ112gfIDoXzw&amp;oe=69F7BEB9\">\n\t\t\t\t\t\t\t\t\t<div class=\"sbi_header_img_hover\"  ><svg class=\"sbi_new_logo fa-instagram fa-w-14\" aria-hidden=\"true\" data-fa-processed=\"\" aria-label=\"Instagram\" data-prefix=\"fab\" data-icon=\"instagram\" role=\"img\" viewBox=\"0 0 448 512\">\n                    <path fill=\"currentColor\" d=\"M224.1 141c-63.6 0-114.9 51.3-114.9 114.9s51.3 114.9 114.9 114.9S339 319.5 339 255.9 287.7 141 224.1 141zm0 189.6c-41.1 0-74.7-33.5-74.7-74.7s33.5-74.7 74.7-74.7 74.7 33.5 74.7 74.7-33.6 74.7-74.7 74.7zm146.4-194.3c0 14.9-12 26.8-26.8 26.8-14.9 0-26.8-12-26.8-26.8s12-26.8 26.8-26.8 26.8 12 26.8 26.8zm76.1 27.2c-1.7-35.9-9.9-67.7-36.2-93.9-26.2-26.2-58-34.4-93.9-36.2-37-2.1-147.9-2.1-184.9 0-35.8 1.7-67.6 9.9-93.9 36.1s-34.4 58-36.2 93.9c-2.1 37-2.1 147.9 0 184.9 1.7 35.9 9.9 67.7 36.2 93.9s58 34.4 93.9 36.2c37 2.1 147.9 2.1 184.9 0 35.9-1.7 67.7-9.9 93.9-36.2 26.2-26.2 34.4-58 36.2-93.9 2.1-37 2.1-147.8 0-184.8zM398.8 388c-7.8 19.6-22.9 34.7-42.6 42.6-29.5 11.7-99.5 9-132.1 9s-102.7 2.6-132.1-9c-19.6-7.8-34.7-22.9-42.6-42.6-11.7-29.5-9-99.5-9-132.1s-2.6-102.7 9-132.1c7.8-19.6 22.9-34.7 42.6-42.6 29.5-11.7 99.5-9 132.1-9s102.7-2.6 132.1 9c19.6 7.8 34.7 22.9 42.6 42.6 11.7 29.5 9 99.5 9 132.1s2.7 102.7-9 132.1z\"><\/path>\n                <\/svg><\/div>\n\t\t\t\t\t<img loading=\"lazy\" decoding=\"async\"  src=\"https:\/\/www.polonia.travel\/es\/wp-content\/uploads\/sites\/18\/sb-instagram-feed-images\/polonia.travel.es.webp\" alt=\"\" width=\"50\" height=\"50\">\n\t\t\t\t\n\t\t\t\t\t\t\t<\/div>\n\n\t\t\t<div class=\"sbi_feedtheme_header_text\">\n\t\t\t\t<h3>polonia.travel.es<\/h3>\n\t\t\t\t\t\t\t\t\t<p class=\"sbi_bio\">Cuenta oficial de Turismo de Polonia en Espa\u00f1a y Portugal \ud83c\uddea\ud83c\uddf8\ud83c\uddf5\ud83c\uddf9 Conta oficial de Turismo da Pol\u00f3nia. Etiquetanos\/ marque-nos #PoloniaTravel<\/p>\n\t\t\t\t\t\t\t<\/div>\n\t\t<\/div>\n\t<\/a>\n<\/div>\n\n\t<div id=\"sbi_images\" >\n\t\t<div class=\"sbi_item sbi_type_video sbi_new sbi_transition\"\n\tid=\"sbi_18052336328534106\" data-date=\"1777042518\">\n\t<div class=\"sbi_photo_wrap\">\n\t\t<a class=\"sbi_photo\" href=\"https:\/\/www.instagram.com\/reel\/DXhLdqyCMGK\/\" target=\"_blank\" rel=\"noopener nofollow\"\n\t\t\tdata-full-res=\"https:\/\/scontent-waw2-2.cdninstagram.com\/v\/t51.71878-15\/674434248_1687867349327328_4398414094645158635_n.jpg?stp=dst-jpg_e35_tt6&#038;_nc_cat=107&#038;ccb=7-5&#038;_nc_sid=18de74&#038;efg=eyJlZmdfdGFnIjoiQ0xJUFMuYmVzdF9pbWFnZV91cmxnZW4uQzMifQ%3D%3D&#038;_nc_ohc=mlhAi_tAslYQ7kNvwEu9zm5&#038;_nc_oc=AdqzDFLhkPtl67IoHZdgAIeCiVkwWy6zVlQXMy_v9tleug6YLAW50lyl3N7vt_5CKuvLa6ZWTVHZfDcCb6qW3vaZ&#038;_nc_zt=23&#038;_nc_ht=scontent-waw2-2.cdninstagram.com&#038;edm=ANo9K5cEAAAA&#038;_nc_gid=Wj4imu-O4QPaoo5stnhY9g&#038;_nc_tpa=Q5bMBQEcISqYKn0RCl3aXLBQmUQSDOZs7P2Z0NnzgGuKaecAFu640Z1VQe89l3gE-ExXaBtsFZ9f2BKTxA&#038;oh=00_Af15kG9AsNaIpuI6uVovmVbCYCHsLw0uI-m5nEq65o6_Hg&#038;oe=69F7B57B\"\n\t\t\tdata-img-src-set=\"{&quot;d&quot;:&quot;https:\\\/\\\/scontent-waw2-2.cdninstagram.com\\\/v\\\/t51.71878-15\\\/674434248_1687867349327328_4398414094645158635_n.jpg?stp=dst-jpg_e35_tt6&amp;_nc_cat=107&amp;ccb=7-5&amp;_nc_sid=18de74&amp;efg=eyJlZmdfdGFnIjoiQ0xJUFMuYmVzdF9pbWFnZV91cmxnZW4uQzMifQ%3D%3D&amp;_nc_ohc=mlhAi_tAslYQ7kNvwEu9zm5&amp;_nc_oc=AdqzDFLhkPtl67IoHZdgAIeCiVkwWy6zVlQXMy_v9tleug6YLAW50lyl3N7vt_5CKuvLa6ZWTVHZfDcCb6qW3vaZ&amp;_nc_zt=23&amp;_nc_ht=scontent-waw2-2.cdninstagram.com&amp;edm=ANo9K5cEAAAA&amp;_nc_gid=Wj4imu-O4QPaoo5stnhY9g&amp;_nc_tpa=Q5bMBQEcISqYKn0RCl3aXLBQmUQSDOZs7P2Z0NnzgGuKaecAFu640Z1VQe89l3gE-ExXaBtsFZ9f2BKTxA&amp;oh=00_Af15kG9AsNaIpuI6uVovmVbCYCHsLw0uI-m5nEq65o6_Hg&amp;oe=69F7B57B&quot;,&quot;150&quot;:&quot;https:\\\/\\\/scontent-waw2-2.cdninstagram.com\\\/v\\\/t51.71878-15\\\/674434248_1687867349327328_4398414094645158635_n.jpg?stp=dst-jpg_e35_tt6&amp;_nc_cat=107&amp;ccb=7-5&amp;_nc_sid=18de74&amp;efg=eyJlZmdfdGFnIjoiQ0xJUFMuYmVzdF9pbWFnZV91cmxnZW4uQzMifQ%3D%3D&amp;_nc_ohc=mlhAi_tAslYQ7kNvwEu9zm5&amp;_nc_oc=AdqzDFLhkPtl67IoHZdgAIeCiVkwWy6zVlQXMy_v9tleug6YLAW50lyl3N7vt_5CKuvLa6ZWTVHZfDcCb6qW3vaZ&amp;_nc_zt=23&amp;_nc_ht=scontent-waw2-2.cdninstagram.com&amp;edm=ANo9K5cEAAAA&amp;_nc_gid=Wj4imu-O4QPaoo5stnhY9g&amp;_nc_tpa=Q5bMBQEcISqYKn0RCl3aXLBQmUQSDOZs7P2Z0NnzgGuKaecAFu640Z1VQe89l3gE-ExXaBtsFZ9f2BKTxA&amp;oh=00_Af15kG9AsNaIpuI6uVovmVbCYCHsLw0uI-m5nEq65o6_Hg&amp;oe=69F7B57B&quot;,&quot;320&quot;:&quot;https:\\\/\\\/scontent-waw2-2.cdninstagram.com\\\/v\\\/t51.71878-15\\\/674434248_1687867349327328_4398414094645158635_n.jpg?stp=dst-jpg_e35_tt6&amp;_nc_cat=107&amp;ccb=7-5&amp;_nc_sid=18de74&amp;efg=eyJlZmdfdGFnIjoiQ0xJUFMuYmVzdF9pbWFnZV91cmxnZW4uQzMifQ%3D%3D&amp;_nc_ohc=mlhAi_tAslYQ7kNvwEu9zm5&amp;_nc_oc=AdqzDFLhkPtl67IoHZdgAIeCiVkwWy6zVlQXMy_v9tleug6YLAW50lyl3N7vt_5CKuvLa6ZWTVHZfDcCb6qW3vaZ&amp;_nc_zt=23&amp;_nc_ht=scontent-waw2-2.cdninstagram.com&amp;edm=ANo9K5cEAAAA&amp;_nc_gid=Wj4imu-O4QPaoo5stnhY9g&amp;_nc_tpa=Q5bMBQEcISqYKn0RCl3aXLBQmUQSDOZs7P2Z0NnzgGuKaecAFu640Z1VQe89l3gE-ExXaBtsFZ9f2BKTxA&amp;oh=00_Af15kG9AsNaIpuI6uVovmVbCYCHsLw0uI-m5nEq65o6_Hg&amp;oe=69F7B57B&quot;,&quot;640&quot;:&quot;https:\\\/\\\/scontent-waw2-2.cdninstagram.com\\\/v\\\/t51.71878-15\\\/674434248_1687867349327328_4398414094645158635_n.jpg?stp=dst-jpg_e35_tt6&amp;_nc_cat=107&amp;ccb=7-5&amp;_nc_sid=18de74&amp;efg=eyJlZmdfdGFnIjoiQ0xJUFMuYmVzdF9pbWFnZV91cmxnZW4uQzMifQ%3D%3D&amp;_nc_ohc=mlhAi_tAslYQ7kNvwEu9zm5&amp;_nc_oc=AdqzDFLhkPtl67IoHZdgAIeCiVkwWy6zVlQXMy_v9tleug6YLAW50lyl3N7vt_5CKuvLa6ZWTVHZfDcCb6qW3vaZ&amp;_nc_zt=23&amp;_nc_ht=scontent-waw2-2.cdninstagram.com&amp;edm=ANo9K5cEAAAA&amp;_nc_gid=Wj4imu-O4QPaoo5stnhY9g&amp;_nc_tpa=Q5bMBQEcISqYKn0RCl3aXLBQmUQSDOZs7P2Z0NnzgGuKaecAFu640Z1VQe89l3gE-ExXaBtsFZ9f2BKTxA&amp;oh=00_Af15kG9AsNaIpuI6uVovmVbCYCHsLw0uI-m5nEq65o6_Hg&amp;oe=69F7B57B&quot;}\">\n\t\t\t<span class=\"sbi-screenreader\">Calles empedradas llenas de historia, parques flor<\/span>\n\t\t\t\t\t\t<svg style=\"color: rgba(255,255,255,1)\" class=\"svg-inline--fa fa-play fa-w-14 sbi_playbtn\" aria-label=\"Play\" aria-hidden=\"true\" data-fa-processed=\"\" data-prefix=\"fa\" data-icon=\"play\" role=\"presentation\" xmlns=\"http:\/\/www.w3.org\/2000\/svg\" viewBox=\"0 0 448 512\"><path fill=\"currentColor\" d=\"M424.4 214.7L72.4 6.6C43.8-10.3 0 6.1 0 47.9V464c0 37.5 40.7 60.1 72.4 41.3l352-208c31.4-18.5 31.5-64.1 0-82.6z\"><\/path><\/svg>\t\t\t<img decoding=\"async\" src=\"https:\/\/www.polonia.travel\/es\/wp-content\/plugins\/instagram-feed\/img\/placeholder.png\" alt=\"Calles empedradas llenas de historia, parques floreciendo y ese aire fresco que invita a perderse sin rumbo. \ud83c\udf38 Pasear por la Plaza del Mercado, disfrutar de un caf\u00e9 al sol o ver c\u00f3mo el Castillo de Wawel se ti\u00f1e de colores suaves\u2026 Cracovia en primavera es pura magia.\u2764\ufe0f\" aria-hidden=\"true\">\n\t\t<\/a>\n\t<\/div>\n<\/div><div class=\"sbi_item sbi_type_carousel sbi_new sbi_transition\"\n\tid=\"sbi_18097549016024460\" data-date=\"1776628859\">\n\t<div class=\"sbi_photo_wrap\">\n\t\t<a class=\"sbi_photo\" href=\"https:\/\/www.instagram.com\/p\/DXU23YujEZP\/\" target=\"_blank\" rel=\"noopener nofollow\"\n\t\t\tdata-full-res=\"https:\/\/scontent-waw2-1.cdninstagram.com\/v\/t39.30808-6\/673698188_1820258572660621_2394119594868516650_n.jpg?stp=dst-jpg_e35_tt6&#038;_nc_cat=104&#038;ccb=7-5&#038;_nc_sid=18de74&#038;efg=eyJlZmdfdGFnIjoiQ0FST1VTRUxfSVRFTS5iZXN0X2ltYWdlX3VybGdlbi5DMyJ9&#038;_nc_ohc=NGQohx4M3oQQ7kNvwG52ANQ&#038;_nc_oc=AdoL0GZ2nc9HmNj5fdMCEF7YGFJuadvkBvkQFx_ReeY0hTob-DlQCxWWvxdrMbRhx1O8t2a6oJDyGIT9uYFkK0tL&#038;_nc_zt=23&#038;_nc_ht=scontent-waw2-1.cdninstagram.com&#038;edm=ANo9K5cEAAAA&#038;_nc_gid=Wj4imu-O4QPaoo5stnhY9g&#038;_nc_tpa=Q5bMBQFx6wKEKYa1V6lfpP-pjdQ-Hkr7PvhIkmh0qlhZwrWu0Omh5A-SbI-VeCy23Zlupgt-zVU05v7adQ&#038;oh=00_Af2_juOQoduwlMIWNjGNZ3ioSgYOQFM6fDnZw1GtkYCDLQ&#038;oe=69F7C4B7\"\n\t\t\tdata-img-src-set=\"{&quot;d&quot;:&quot;https:\\\/\\\/scontent-waw2-1.cdninstagram.com\\\/v\\\/t39.30808-6\\\/673698188_1820258572660621_2394119594868516650_n.jpg?stp=dst-jpg_e35_tt6&amp;_nc_cat=104&amp;ccb=7-5&amp;_nc_sid=18de74&amp;efg=eyJlZmdfdGFnIjoiQ0FST1VTRUxfSVRFTS5iZXN0X2ltYWdlX3VybGdlbi5DMyJ9&amp;_nc_ohc=NGQohx4M3oQQ7kNvwG52ANQ&amp;_nc_oc=AdoL0GZ2nc9HmNj5fdMCEF7YGFJuadvkBvkQFx_ReeY0hTob-DlQCxWWvxdrMbRhx1O8t2a6oJDyGIT9uYFkK0tL&amp;_nc_zt=23&amp;_nc_ht=scontent-waw2-1.cdninstagram.com&amp;edm=ANo9K5cEAAAA&amp;_nc_gid=Wj4imu-O4QPaoo5stnhY9g&amp;_nc_tpa=Q5bMBQFx6wKEKYa1V6lfpP-pjdQ-Hkr7PvhIkmh0qlhZwrWu0Omh5A-SbI-VeCy23Zlupgt-zVU05v7adQ&amp;oh=00_Af2_juOQoduwlMIWNjGNZ3ioSgYOQFM6fDnZw1GtkYCDLQ&amp;oe=69F7C4B7&quot;,&quot;150&quot;:&quot;https:\\\/\\\/scontent-waw2-1.cdninstagram.com\\\/v\\\/t39.30808-6\\\/673698188_1820258572660621_2394119594868516650_n.jpg?stp=dst-jpg_e35_tt6&amp;_nc_cat=104&amp;ccb=7-5&amp;_nc_sid=18de74&amp;efg=eyJlZmdfdGFnIjoiQ0FST1VTRUxfSVRFTS5iZXN0X2ltYWdlX3VybGdlbi5DMyJ9&amp;_nc_ohc=NGQohx4M3oQQ7kNvwG52ANQ&amp;_nc_oc=AdoL0GZ2nc9HmNj5fdMCEF7YGFJuadvkBvkQFx_ReeY0hTob-DlQCxWWvxdrMbRhx1O8t2a6oJDyGIT9uYFkK0tL&amp;_nc_zt=23&amp;_nc_ht=scontent-waw2-1.cdninstagram.com&amp;edm=ANo9K5cEAAAA&amp;_nc_gid=Wj4imu-O4QPaoo5stnhY9g&amp;_nc_tpa=Q5bMBQFx6wKEKYa1V6lfpP-pjdQ-Hkr7PvhIkmh0qlhZwrWu0Omh5A-SbI-VeCy23Zlupgt-zVU05v7adQ&amp;oh=00_Af2_juOQoduwlMIWNjGNZ3ioSgYOQFM6fDnZw1GtkYCDLQ&amp;oe=69F7C4B7&quot;,&quot;320&quot;:&quot;https:\\\/\\\/scontent-waw2-1.cdninstagram.com\\\/v\\\/t39.30808-6\\\/673698188_1820258572660621_2394119594868516650_n.jpg?stp=dst-jpg_e35_tt6&amp;_nc_cat=104&amp;ccb=7-5&amp;_nc_sid=18de74&amp;efg=eyJlZmdfdGFnIjoiQ0FST1VTRUxfSVRFTS5iZXN0X2ltYWdlX3VybGdlbi5DMyJ9&amp;_nc_ohc=NGQohx4M3oQQ7kNvwG52ANQ&amp;_nc_oc=AdoL0GZ2nc9HmNj5fdMCEF7YGFJuadvkBvkQFx_ReeY0hTob-DlQCxWWvxdrMbRhx1O8t2a6oJDyGIT9uYFkK0tL&amp;_nc_zt=23&amp;_nc_ht=scontent-waw2-1.cdninstagram.com&amp;edm=ANo9K5cEAAAA&amp;_nc_gid=Wj4imu-O4QPaoo5stnhY9g&amp;_nc_tpa=Q5bMBQFx6wKEKYa1V6lfpP-pjdQ-Hkr7PvhIkmh0qlhZwrWu0Omh5A-SbI-VeCy23Zlupgt-zVU05v7adQ&amp;oh=00_Af2_juOQoduwlMIWNjGNZ3ioSgYOQFM6fDnZw1GtkYCDLQ&amp;oe=69F7C4B7&quot;,&quot;640&quot;:&quot;https:\\\/\\\/scontent-waw2-1.cdninstagram.com\\\/v\\\/t39.30808-6\\\/673698188_1820258572660621_2394119594868516650_n.jpg?stp=dst-jpg_e35_tt6&amp;_nc_cat=104&amp;ccb=7-5&amp;_nc_sid=18de74&amp;efg=eyJlZmdfdGFnIjoiQ0FST1VTRUxfSVRFTS5iZXN0X2ltYWdlX3VybGdlbi5DMyJ9&amp;_nc_ohc=NGQohx4M3oQQ7kNvwG52ANQ&amp;_nc_oc=AdoL0GZ2nc9HmNj5fdMCEF7YGFJuadvkBvkQFx_ReeY0hTob-DlQCxWWvxdrMbRhx1O8t2a6oJDyGIT9uYFkK0tL&amp;_nc_zt=23&amp;_nc_ht=scontent-waw2-1.cdninstagram.com&amp;edm=ANo9K5cEAAAA&amp;_nc_gid=Wj4imu-O4QPaoo5stnhY9g&amp;_nc_tpa=Q5bMBQFx6wKEKYa1V6lfpP-pjdQ-Hkr7PvhIkmh0qlhZwrWu0Omh5A-SbI-VeCy23Zlupgt-zVU05v7adQ&amp;oh=00_Af2_juOQoduwlMIWNjGNZ3ioSgYOQFM6fDnZw1GtkYCDLQ&amp;oe=69F7C4B7&quot;}\">\n\t\t\t<span class=\"sbi-screenreader\">ES_Un rinc\u00f3n de cuento en el coraz\u00f3n de #Silesia \ud83c\uddf5<\/span>\n\t\t\t<svg class=\"svg-inline--fa fa-clone fa-w-16 sbi_lightbox_carousel_icon\" aria-hidden=\"true\" aria-label=\"Clone\" data-fa-pro\u0192cessed=\"\" data-prefix=\"far\" data-icon=\"clone\" role=\"img\" xmlns=\"http:\/\/www.w3.org\/2000\/svg\" viewBox=\"0 0 512 512\">\n                    <path fill=\"currentColor\" d=\"M464 0H144c-26.51 0-48 21.49-48 48v48H48c-26.51 0-48 21.49-48 48v320c0 26.51 21.49 48 48 48h320c26.51 0 48-21.49 48-48v-48h48c26.51 0 48-21.49 48-48V48c0-26.51-21.49-48-48-48zM362 464H54a6 6 0 0 1-6-6V150a6 6 0 0 1 6-6h42v224c0 26.51 21.49 48 48 48h224v42a6 6 0 0 1-6 6zm96-96H150a6 6 0 0 1-6-6V54a6 6 0 0 1 6-6h308a6 6 0 0 1 6 6v308a6 6 0 0 1-6 6z\"><\/path>\n                <\/svg>\t\t\t\t\t\t<img decoding=\"async\" src=\"https:\/\/www.polonia.travel\/es\/wp-content\/plugins\/instagram-feed\/img\/placeholder.png\" alt=\"ES_Un rinc\u00f3n de cuento en el coraz\u00f3n de #Silesia \ud83c\uddf5\ud83c\uddf1\u2728\n\nEl Castillo de #Pszczyna parece sacado directamente de una historia de princesas: elegantes salones, jardines impecables y una atm\u00f3sfera que te transporta siglos atr\u00e1s. Pasear por sus interiores es descubrir lujo, historia y detalles que han resistido el paso del tiempo. \ud83c\udff0\n\nFue residencia de nobles y testigo de momentos clave en Europa, pero hoy es un lugar donde perderse, so\u00f1ar y dejarse sorprender por su belleza.\n\nSi alguna vez visitas Polonia, este castillo no puede faltar en tu lista.\n\n-----\n\nPT_ Um recanto de conto de fadas no cora\u00e7\u00e3o da Sil\u00e9sia \u2764\ufe0f\n\nO Castelo de Pszczyna parece sa\u00eddo diretamente de uma hist\u00f3ria de princesas: sal\u00f5es elegantes, jardins impec\u00e1veis e uma atmosfera que te transporta s\u00e9culos atr\u00e1s.\n\nPassear pelos seus interiores \u00e9 descobrir luxo, hist\u00f3ria e detalhes que resistiram ao passar do tempo.\n\nFoi resid\u00eancia de nobres e testemunha de momentos-chave na Europa, mas hoje \u00e9 um lugar onde te podes perder, sonhar e deixar-te surpreender pela sua beleza.\n\nSe alguma vez visitares a Pol\u00f3nia, este castelo n\u00e3o pode faltar na tua lista \u2705\n\n.\n.\n.\n#Polonia #Castillos #Viajar #Historia #LugaresDeEnsue\u00f1o #PoloniaTravel #Castelos\" aria-hidden=\"true\">\n\t\t<\/a>\n\t<\/div>\n<\/div><div class=\"sbi_item sbi_type_video sbi_new sbi_transition\"\n\tid=\"sbi_18099060473073362\" data-date=\"1776456095\">\n\t<div class=\"sbi_photo_wrap\">\n\t\t<a class=\"sbi_photo\" href=\"https:\/\/www.instagram.com\/reel\/DXPtShkCAky\/\" target=\"_blank\" rel=\"noopener nofollow\"\n\t\t\tdata-full-res=\"https:\/\/scontent-waw2-1.cdninstagram.com\/v\/t51.82787-15\/670625759_18451268623129926_2899648197844607429_n.jpg?stp=dst-jpg_e35_tt6&#038;_nc_cat=108&#038;ccb=7-5&#038;_nc_sid=18de74&#038;efg=eyJlZmdfdGFnIjoiQ0xJUFMuYmVzdF9pbWFnZV91cmxnZW4uQzMifQ%3D%3D&#038;_nc_ohc=r_z28y6XzSAQ7kNvwFJp4HT&#038;_nc_oc=AdqNmxX0OeyYCMOmQjJ7jFQ_LqGnM7-n2yXvDTTSlRZ56JtzXo92csRgfH8nqcupTomSduHeUABhvoi_NYzZ6gY5&#038;_nc_zt=23&#038;_nc_ht=scontent-waw2-1.cdninstagram.com&#038;edm=ANo9K5cEAAAA&#038;_nc_gid=Wj4imu-O4QPaoo5stnhY9g&#038;_nc_tpa=Q5bMBQFZPuzVUANg-5xDUophztF-5JiD3am1lGAmP6BBvDThDFiY0FAXJuQ9TICgyRuqHhTaJBQpjyuYFw&#038;oh=00_Af1rE0B3XWgLvbl-3oNjD32QpLv29M-3rrdLqsi08ZNmzg&#038;oe=69F7DBD6\"\n\t\t\tdata-img-src-set=\"{&quot;d&quot;:&quot;https:\\\/\\\/scontent-waw2-1.cdninstagram.com\\\/v\\\/t51.82787-15\\\/670625759_18451268623129926_2899648197844607429_n.jpg?stp=dst-jpg_e35_tt6&amp;_nc_cat=108&amp;ccb=7-5&amp;_nc_sid=18de74&amp;efg=eyJlZmdfdGFnIjoiQ0xJUFMuYmVzdF9pbWFnZV91cmxnZW4uQzMifQ%3D%3D&amp;_nc_ohc=r_z28y6XzSAQ7kNvwFJp4HT&amp;_nc_oc=AdqNmxX0OeyYCMOmQjJ7jFQ_LqGnM7-n2yXvDTTSlRZ56JtzXo92csRgfH8nqcupTomSduHeUABhvoi_NYzZ6gY5&amp;_nc_zt=23&amp;_nc_ht=scontent-waw2-1.cdninstagram.com&amp;edm=ANo9K5cEAAAA&amp;_nc_gid=Wj4imu-O4QPaoo5stnhY9g&amp;_nc_tpa=Q5bMBQFZPuzVUANg-5xDUophztF-5JiD3am1lGAmP6BBvDThDFiY0FAXJuQ9TICgyRuqHhTaJBQpjyuYFw&amp;oh=00_Af1rE0B3XWgLvbl-3oNjD32QpLv29M-3rrdLqsi08ZNmzg&amp;oe=69F7DBD6&quot;,&quot;150&quot;:&quot;https:\\\/\\\/scontent-waw2-1.cdninstagram.com\\\/v\\\/t51.82787-15\\\/670625759_18451268623129926_2899648197844607429_n.jpg?stp=dst-jpg_e35_tt6&amp;_nc_cat=108&amp;ccb=7-5&amp;_nc_sid=18de74&amp;efg=eyJlZmdfdGFnIjoiQ0xJUFMuYmVzdF9pbWFnZV91cmxnZW4uQzMifQ%3D%3D&amp;_nc_ohc=r_z28y6XzSAQ7kNvwFJp4HT&amp;_nc_oc=AdqNmxX0OeyYCMOmQjJ7jFQ_LqGnM7-n2yXvDTTSlRZ56JtzXo92csRgfH8nqcupTomSduHeUABhvoi_NYzZ6gY5&amp;_nc_zt=23&amp;_nc_ht=scontent-waw2-1.cdninstagram.com&amp;edm=ANo9K5cEAAAA&amp;_nc_gid=Wj4imu-O4QPaoo5stnhY9g&amp;_nc_tpa=Q5bMBQFZPuzVUANg-5xDUophztF-5JiD3am1lGAmP6BBvDThDFiY0FAXJuQ9TICgyRuqHhTaJBQpjyuYFw&amp;oh=00_Af1rE0B3XWgLvbl-3oNjD32QpLv29M-3rrdLqsi08ZNmzg&amp;oe=69F7DBD6&quot;,&quot;320&quot;:&quot;https:\\\/\\\/scontent-waw2-1.cdninstagram.com\\\/v\\\/t51.82787-15\\\/670625759_18451268623129926_2899648197844607429_n.jpg?stp=dst-jpg_e35_tt6&amp;_nc_cat=108&amp;ccb=7-5&amp;_nc_sid=18de74&amp;efg=eyJlZmdfdGFnIjoiQ0xJUFMuYmVzdF9pbWFnZV91cmxnZW4uQzMifQ%3D%3D&amp;_nc_ohc=r_z28y6XzSAQ7kNvwFJp4HT&amp;_nc_oc=AdqNmxX0OeyYCMOmQjJ7jFQ_LqGnM7-n2yXvDTTSlRZ56JtzXo92csRgfH8nqcupTomSduHeUABhvoi_NYzZ6gY5&amp;_nc_zt=23&amp;_nc_ht=scontent-waw2-1.cdninstagram.com&amp;edm=ANo9K5cEAAAA&amp;_nc_gid=Wj4imu-O4QPaoo5stnhY9g&amp;_nc_tpa=Q5bMBQFZPuzVUANg-5xDUophztF-5JiD3am1lGAmP6BBvDThDFiY0FAXJuQ9TICgyRuqHhTaJBQpjyuYFw&amp;oh=00_Af1rE0B3XWgLvbl-3oNjD32QpLv29M-3rrdLqsi08ZNmzg&amp;oe=69F7DBD6&quot;,&quot;640&quot;:&quot;https:\\\/\\\/scontent-waw2-1.cdninstagram.com\\\/v\\\/t51.82787-15\\\/670625759_18451268623129926_2899648197844607429_n.jpg?stp=dst-jpg_e35_tt6&amp;_nc_cat=108&amp;ccb=7-5&amp;_nc_sid=18de74&amp;efg=eyJlZmdfdGFnIjoiQ0xJUFMuYmVzdF9pbWFnZV91cmxnZW4uQzMifQ%3D%3D&amp;_nc_ohc=r_z28y6XzSAQ7kNvwFJp4HT&amp;_nc_oc=AdqNmxX0OeyYCMOmQjJ7jFQ_LqGnM7-n2yXvDTTSlRZ56JtzXo92csRgfH8nqcupTomSduHeUABhvoi_NYzZ6gY5&amp;_nc_zt=23&amp;_nc_ht=scontent-waw2-1.cdninstagram.com&amp;edm=ANo9K5cEAAAA&amp;_nc_gid=Wj4imu-O4QPaoo5stnhY9g&amp;_nc_tpa=Q5bMBQFZPuzVUANg-5xDUophztF-5JiD3am1lGAmP6BBvDThDFiY0FAXJuQ9TICgyRuqHhTaJBQpjyuYFw&amp;oh=00_Af1rE0B3XWgLvbl-3oNjD32QpLv29M-3rrdLqsi08ZNmzg&amp;oe=69F7DBD6&quot;}\">\n\t\t\t<span class=\"sbi-screenreader\">ES_ La primavera en Varsovia tiene algo especial \ud83c\udf38<\/span>\n\t\t\t\t\t\t<svg style=\"color: rgba(255,255,255,1)\" class=\"svg-inline--fa fa-play fa-w-14 sbi_playbtn\" aria-label=\"Play\" aria-hidden=\"true\" data-fa-processed=\"\" data-prefix=\"fa\" data-icon=\"play\" role=\"presentation\" xmlns=\"http:\/\/www.w3.org\/2000\/svg\" viewBox=\"0 0 448 512\"><path fill=\"currentColor\" d=\"M424.4 214.7L72.4 6.6C43.8-10.3 0 6.1 0 47.9V464c0 37.5 40.7 60.1 72.4 41.3l352-208c31.4-18.5 31.5-64.1 0-82.6z\"><\/path><\/svg>\t\t\t<img decoding=\"async\" src=\"https:\/\/www.polonia.travel\/es\/wp-content\/plugins\/instagram-feed\/img\/placeholder.png\" alt=\"ES_ La primavera en Varsovia tiene algo especial \ud83c\udf38 \n\nCuando la ciudad despierta del invierno, los parques se llenan de vida y los cerezos en flor ti\u00f1en todo de tonos rosados. Pasear por sus avenidas en esta \u00e9poca es descubrir una Varsovia m\u00e1s suave, m\u00e1s luminosa, casi m\u00e1gica. Si buscas un destino diferente para esta temporada, Varsovia en primavera es una sorpresa que merece la pena vivir.\n\n----\n\nPT_ A primavera em Vars\u00f3via tem algo de especial \ud83c\udf38\n\nQuando a cidade desperta do inverno, os parques enchem-se de vida e as cerejeiras em flor tingem tudo de tons rosados. Passear pelas suas avenidas nesta \u00e9poca \u00e9 descobrir uma Vars\u00f3via mais suave, mais luminosa, quase m\u00e1gica.\n\nSe procuras um destino diferente para esta esta\u00e7\u00e3o, Vars\u00f3via na primavera \u00e9 uma surpresa que vale mesmo a pena viver.\n.\n.\n.\n#PoloniaTravel #Varsovia #Primavera #Polonia ##CerezosEnFlor #ViajarPorEuropa #Pol\u00f3nia #SpringVibes #CherryBlossom #cerejeiras\ud83c\udf38\" aria-hidden=\"true\">\n\t\t<\/a>\n\t<\/div>\n<\/div><div class=\"sbi_item sbi_type_carousel sbi_new sbi_transition\"\n\tid=\"sbi_17906046744402065\" data-date=\"1776181867\">\n\t<div class=\"sbi_photo_wrap\">\n\t\t<a class=\"sbi_photo\" href=\"https:\/\/www.instagram.com\/p\/DXHiS5tlX7n\/\" target=\"_blank\" rel=\"noopener nofollow\"\n\t\t\tdata-full-res=\"https:\/\/scontent-waw2-2.cdninstagram.com\/v\/t39.30808-6\/670405817_1816367786383033_6102776843802304712_n.jpg?stp=dst-jpg_e35_tt6&#038;_nc_cat=107&#038;ccb=7-5&#038;_nc_sid=18de74&#038;efg=eyJlZmdfdGFnIjoiQ0FST1VTRUxfSVRFTS5iZXN0X2ltYWdlX3VybGdlbi5DMyJ9&#038;_nc_ohc=xTvYJS-07wgQ7kNvwF_rXvR&#038;_nc_oc=AdqJGfE8shBk2Lkm5qdHd6QzasKPi76ujx40EQrharVqFLriIxD_FLJnPd8x95nRHjABVJeFOBA8-29MlkLJ9Wg-&#038;_nc_zt=23&#038;_nc_ht=scontent-waw2-2.cdninstagram.com&#038;edm=ANo9K5cEAAAA&#038;_nc_gid=Wj4imu-O4QPaoo5stnhY9g&#038;_nc_tpa=Q5bMBQGLgA_eOcKufv6h13PEyl633b8W-0m0amqKufdApfJL4DxpTS7kr73tajqF_92WddKo6OED8PrPsw&#038;oh=00_Af3wTvaQFu6-QOlSj5WTyqL62HtRtAocCSX3ngFkFNNCdA&#038;oe=69F7C218\"\n\t\t\tdata-img-src-set=\"{&quot;d&quot;:&quot;https:\\\/\\\/scontent-waw2-2.cdninstagram.com\\\/v\\\/t39.30808-6\\\/670405817_1816367786383033_6102776843802304712_n.jpg?stp=dst-jpg_e35_tt6&amp;_nc_cat=107&amp;ccb=7-5&amp;_nc_sid=18de74&amp;efg=eyJlZmdfdGFnIjoiQ0FST1VTRUxfSVRFTS5iZXN0X2ltYWdlX3VybGdlbi5DMyJ9&amp;_nc_ohc=xTvYJS-07wgQ7kNvwF_rXvR&amp;_nc_oc=AdqJGfE8shBk2Lkm5qdHd6QzasKPi76ujx40EQrharVqFLriIxD_FLJnPd8x95nRHjABVJeFOBA8-29MlkLJ9Wg-&amp;_nc_zt=23&amp;_nc_ht=scontent-waw2-2.cdninstagram.com&amp;edm=ANo9K5cEAAAA&amp;_nc_gid=Wj4imu-O4QPaoo5stnhY9g&amp;_nc_tpa=Q5bMBQGLgA_eOcKufv6h13PEyl633b8W-0m0amqKufdApfJL4DxpTS7kr73tajqF_92WddKo6OED8PrPsw&amp;oh=00_Af3wTvaQFu6-QOlSj5WTyqL62HtRtAocCSX3ngFkFNNCdA&amp;oe=69F7C218&quot;,&quot;150&quot;:&quot;https:\\\/\\\/scontent-waw2-2.cdninstagram.com\\\/v\\\/t39.30808-6\\\/670405817_1816367786383033_6102776843802304712_n.jpg?stp=dst-jpg_e35_tt6&amp;_nc_cat=107&amp;ccb=7-5&amp;_nc_sid=18de74&amp;efg=eyJlZmdfdGFnIjoiQ0FST1VTRUxfSVRFTS5iZXN0X2ltYWdlX3VybGdlbi5DMyJ9&amp;_nc_ohc=xTvYJS-07wgQ7kNvwF_rXvR&amp;_nc_oc=AdqJGfE8shBk2Lkm5qdHd6QzasKPi76ujx40EQrharVqFLriIxD_FLJnPd8x95nRHjABVJeFOBA8-29MlkLJ9Wg-&amp;_nc_zt=23&amp;_nc_ht=scontent-waw2-2.cdninstagram.com&amp;edm=ANo9K5cEAAAA&amp;_nc_gid=Wj4imu-O4QPaoo5stnhY9g&amp;_nc_tpa=Q5bMBQGLgA_eOcKufv6h13PEyl633b8W-0m0amqKufdApfJL4DxpTS7kr73tajqF_92WddKo6OED8PrPsw&amp;oh=00_Af3wTvaQFu6-QOlSj5WTyqL62HtRtAocCSX3ngFkFNNCdA&amp;oe=69F7C218&quot;,&quot;320&quot;:&quot;https:\\\/\\\/scontent-waw2-2.cdninstagram.com\\\/v\\\/t39.30808-6\\\/670405817_1816367786383033_6102776843802304712_n.jpg?stp=dst-jpg_e35_tt6&amp;_nc_cat=107&amp;ccb=7-5&amp;_nc_sid=18de74&amp;efg=eyJlZmdfdGFnIjoiQ0FST1VTRUxfSVRFTS5iZXN0X2ltYWdlX3VybGdlbi5DMyJ9&amp;_nc_ohc=xTvYJS-07wgQ7kNvwF_rXvR&amp;_nc_oc=AdqJGfE8shBk2Lkm5qdHd6QzasKPi76ujx40EQrharVqFLriIxD_FLJnPd8x95nRHjABVJeFOBA8-29MlkLJ9Wg-&amp;_nc_zt=23&amp;_nc_ht=scontent-waw2-2.cdninstagram.com&amp;edm=ANo9K5cEAAAA&amp;_nc_gid=Wj4imu-O4QPaoo5stnhY9g&amp;_nc_tpa=Q5bMBQGLgA_eOcKufv6h13PEyl633b8W-0m0amqKufdApfJL4DxpTS7kr73tajqF_92WddKo6OED8PrPsw&amp;oh=00_Af3wTvaQFu6-QOlSj5WTyqL62HtRtAocCSX3ngFkFNNCdA&amp;oe=69F7C218&quot;,&quot;640&quot;:&quot;https:\\\/\\\/scontent-waw2-2.cdninstagram.com\\\/v\\\/t39.30808-6\\\/670405817_1816367786383033_6102776843802304712_n.jpg?stp=dst-jpg_e35_tt6&amp;_nc_cat=107&amp;ccb=7-5&amp;_nc_sid=18de74&amp;efg=eyJlZmdfdGFnIjoiQ0FST1VTRUxfSVRFTS5iZXN0X2ltYWdlX3VybGdlbi5DMyJ9&amp;_nc_ohc=xTvYJS-07wgQ7kNvwF_rXvR&amp;_nc_oc=AdqJGfE8shBk2Lkm5qdHd6QzasKPi76ujx40EQrharVqFLriIxD_FLJnPd8x95nRHjABVJeFOBA8-29MlkLJ9Wg-&amp;_nc_zt=23&amp;_nc_ht=scontent-waw2-2.cdninstagram.com&amp;edm=ANo9K5cEAAAA&amp;_nc_gid=Wj4imu-O4QPaoo5stnhY9g&amp;_nc_tpa=Q5bMBQGLgA_eOcKufv6h13PEyl633b8W-0m0amqKufdApfJL4DxpTS7kr73tajqF_92WddKo6OED8PrPsw&amp;oh=00_Af3wTvaQFu6-QOlSj5WTyqL62HtRtAocCSX3ngFkFNNCdA&amp;oe=69F7C218&quot;}\">\n\t\t\t<span class=\"sbi-screenreader\">ES_ \u00bfSab\u00edas que en Varsovia puedes viajar en el ti<\/span>\n\t\t\t<svg class=\"svg-inline--fa fa-clone fa-w-16 sbi_lightbox_carousel_icon\" aria-hidden=\"true\" aria-label=\"Clone\" data-fa-pro\u0192cessed=\"\" data-prefix=\"far\" data-icon=\"clone\" role=\"img\" xmlns=\"http:\/\/www.w3.org\/2000\/svg\" viewBox=\"0 0 512 512\">\n                    <path fill=\"currentColor\" d=\"M464 0H144c-26.51 0-48 21.49-48 48v48H48c-26.51 0-48 21.49-48 48v320c0 26.51 21.49 48 48 48h320c26.51 0 48-21.49 48-48v-48h48c26.51 0 48-21.49 48-48V48c0-26.51-21.49-48-48-48zM362 464H54a6 6 0 0 1-6-6V150a6 6 0 0 1 6-6h42v224c0 26.51 21.49 48 48 48h224v42a6 6 0 0 1-6 6zm96-96H150a6 6 0 0 1-6-6V54a6 6 0 0 1 6-6h308a6 6 0 0 1 6 6v308a6 6 0 0 1-6 6z\"><\/path>\n                <\/svg>\t\t\t\t\t\t<img decoding=\"async\" src=\"https:\/\/www.polonia.travel\/es\/wp-content\/plugins\/instagram-feed\/img\/placeholder.png\" alt=\"ES_ \u00bfSab\u00edas que en Varsovia puedes viajar en el tiempo a trav\u00e9s de la luz? \u2728\n\nEl Museo del Ne\u00f3n es uno de los lugares m\u00e1s originales de la ciudad. Ubicado en el moderno distrito de Praga, este museo re\u00fane una fascinante colecci\u00f3n de antiguos r\u00f3tulos luminosos de la \u00e9poca comunista, que anta\u00f1o decoraban calles, cines y comercios de toda Polonia. \ud83c\udf06\n\nCada ne\u00f3n cuenta una historia: desde elegantes tipograf\u00edas retro hasta dise\u00f1os llenos de color que reflejan la est\u00e9tica y la vida urbana de otra \u00e9poca. Hoy, restaurados y cuidadosamente conservados, brillan de nuevo como aut\u00e9nticas obras de arte.\n\n----\n\nPT_ Sabia que em Vars\u00f3via pode viajar no tempo atrav\u00e9s da luz? \u2728\n\nO Museo del Ne\u00f3n \u00e9 um dos lugares mais originais da cidade. Localizado no moderno bairro de Praga, este museu re\u00fane uma fascinante cole\u00e7\u00e3o de antigos letreiros luminosos da \u00e9poca comunista, que antigamente decoravam ruas, cinemas e lojas por toda a Pol\u00f3nia.\n\nCada n\u00e9on conta uma hist\u00f3ria: desde tipografias elegantes de estilo retro at\u00e9 designs cheios de cor que refletem a est\u00e9tica e a vida urbana de outra \u00e9poca. Hoje, restaurados e cuidadosamente preservados, voltam a brilhar como verdadeiras obras de arte.\n\nUm plano diferente, muito \u201cinstagram\u00e1vel\u201d e perfeito para descobrir um lado diferente de Vars\u00f3via.\n\n#Varsovia #Polonia #NeonMuseum #TravelInspiration #CityBreak #PoloniaTravel #Pol\u00f3nia #Vars\u00f3via #arte #arteurbano\" aria-hidden=\"true\">\n\t\t<\/a>\n\t<\/div>\n<\/div><div class=\"sbi_item sbi_type_carousel sbi_new sbi_transition\"\n\tid=\"sbi_18122118097527167\" data-date=\"1775937621\">\n\t<div class=\"sbi_photo_wrap\">\n\t\t<a class=\"sbi_photo\" href=\"https:\/\/www.instagram.com\/p\/DXAQbsLAYd2\/\" target=\"_blank\" rel=\"noopener nofollow\"\n\t\t\tdata-full-res=\"https:\/\/scontent-waw2-1.cdninstagram.com\/v\/t39.30808-6\/669046852_1812741090079036_6195852380616718581_n.jpg?stp=dst-jpg_e35_tt6&#038;_nc_cat=104&#038;ccb=7-5&#038;_nc_sid=18de74&#038;efg=eyJlZmdfdGFnIjoiQ0FST1VTRUxfSVRFTS5iZXN0X2ltYWdlX3VybGdlbi5DMyJ9&#038;_nc_ohc=y3firi1oP28Q7kNvwEGF_tr&#038;_nc_oc=AdrpzTjaMFDbfynZF4qVDKdR8DJt-TjETzwy6LLBo61bRO6Fz5Er3iyI8uGz47qp4yctzIrWIGaVg6h6_EqsvIE_&#038;_nc_zt=23&#038;_nc_ht=scontent-waw2-1.cdninstagram.com&#038;edm=ANo9K5cEAAAA&#038;_nc_gid=Wj4imu-O4QPaoo5stnhY9g&#038;_nc_tpa=Q5bMBQH-ZAQeBP-4k8oIcjRiG_7I8Uu23hOZcmnZUBPvYY__LxDNpfAK9N55Dl7vh8e2Z1LRhE9TBinrwA&#038;oh=00_Af3n6sV-XbO-JxVg1xsQ3xsWJGrfR8kNJcEBYQvWdF7nyQ&#038;oe=69F7C547\"\n\t\t\tdata-img-src-set=\"{&quot;d&quot;:&quot;https:\\\/\\\/scontent-waw2-1.cdninstagram.com\\\/v\\\/t39.30808-6\\\/669046852_1812741090079036_6195852380616718581_n.jpg?stp=dst-jpg_e35_tt6&amp;_nc_cat=104&amp;ccb=7-5&amp;_nc_sid=18de74&amp;efg=eyJlZmdfdGFnIjoiQ0FST1VTRUxfSVRFTS5iZXN0X2ltYWdlX3VybGdlbi5DMyJ9&amp;_nc_ohc=y3firi1oP28Q7kNvwEGF_tr&amp;_nc_oc=AdrpzTjaMFDbfynZF4qVDKdR8DJt-TjETzwy6LLBo61bRO6Fz5Er3iyI8uGz47qp4yctzIrWIGaVg6h6_EqsvIE_&amp;_nc_zt=23&amp;_nc_ht=scontent-waw2-1.cdninstagram.com&amp;edm=ANo9K5cEAAAA&amp;_nc_gid=Wj4imu-O4QPaoo5stnhY9g&amp;_nc_tpa=Q5bMBQH-ZAQeBP-4k8oIcjRiG_7I8Uu23hOZcmnZUBPvYY__LxDNpfAK9N55Dl7vh8e2Z1LRhE9TBinrwA&amp;oh=00_Af3n6sV-XbO-JxVg1xsQ3xsWJGrfR8kNJcEBYQvWdF7nyQ&amp;oe=69F7C547&quot;,&quot;150&quot;:&quot;https:\\\/\\\/scontent-waw2-1.cdninstagram.com\\\/v\\\/t39.30808-6\\\/669046852_1812741090079036_6195852380616718581_n.jpg?stp=dst-jpg_e35_tt6&amp;_nc_cat=104&amp;ccb=7-5&amp;_nc_sid=18de74&amp;efg=eyJlZmdfdGFnIjoiQ0FST1VTRUxfSVRFTS5iZXN0X2ltYWdlX3VybGdlbi5DMyJ9&amp;_nc_ohc=y3firi1oP28Q7kNvwEGF_tr&amp;_nc_oc=AdrpzTjaMFDbfynZF4qVDKdR8DJt-TjETzwy6LLBo61bRO6Fz5Er3iyI8uGz47qp4yctzIrWIGaVg6h6_EqsvIE_&amp;_nc_zt=23&amp;_nc_ht=scontent-waw2-1.cdninstagram.com&amp;edm=ANo9K5cEAAAA&amp;_nc_gid=Wj4imu-O4QPaoo5stnhY9g&amp;_nc_tpa=Q5bMBQH-ZAQeBP-4k8oIcjRiG_7I8Uu23hOZcmnZUBPvYY__LxDNpfAK9N55Dl7vh8e2Z1LRhE9TBinrwA&amp;oh=00_Af3n6sV-XbO-JxVg1xsQ3xsWJGrfR8kNJcEBYQvWdF7nyQ&amp;oe=69F7C547&quot;,&quot;320&quot;:&quot;https:\\\/\\\/scontent-waw2-1.cdninstagram.com\\\/v\\\/t39.30808-6\\\/669046852_1812741090079036_6195852380616718581_n.jpg?stp=dst-jpg_e35_tt6&amp;_nc_cat=104&amp;ccb=7-5&amp;_nc_sid=18de74&amp;efg=eyJlZmdfdGFnIjoiQ0FST1VTRUxfSVRFTS5iZXN0X2ltYWdlX3VybGdlbi5DMyJ9&amp;_nc_ohc=y3firi1oP28Q7kNvwEGF_tr&amp;_nc_oc=AdrpzTjaMFDbfynZF4qVDKdR8DJt-TjETzwy6LLBo61bRO6Fz5Er3iyI8uGz47qp4yctzIrWIGaVg6h6_EqsvIE_&amp;_nc_zt=23&amp;_nc_ht=scontent-waw2-1.cdninstagram.com&amp;edm=ANo9K5cEAAAA&amp;_nc_gid=Wj4imu-O4QPaoo5stnhY9g&amp;_nc_tpa=Q5bMBQH-ZAQeBP-4k8oIcjRiG_7I8Uu23hOZcmnZUBPvYY__LxDNpfAK9N55Dl7vh8e2Z1LRhE9TBinrwA&amp;oh=00_Af3n6sV-XbO-JxVg1xsQ3xsWJGrfR8kNJcEBYQvWdF7nyQ&amp;oe=69F7C547&quot;,&quot;640&quot;:&quot;https:\\\/\\\/scontent-waw2-1.cdninstagram.com\\\/v\\\/t39.30808-6\\\/669046852_1812741090079036_6195852380616718581_n.jpg?stp=dst-jpg_e35_tt6&amp;_nc_cat=104&amp;ccb=7-5&amp;_nc_sid=18de74&amp;efg=eyJlZmdfdGFnIjoiQ0FST1VTRUxfSVRFTS5iZXN0X2ltYWdlX3VybGdlbi5DMyJ9&amp;_nc_ohc=y3firi1oP28Q7kNvwEGF_tr&amp;_nc_oc=AdrpzTjaMFDbfynZF4qVDKdR8DJt-TjETzwy6LLBo61bRO6Fz5Er3iyI8uGz47qp4yctzIrWIGaVg6h6_EqsvIE_&amp;_nc_zt=23&amp;_nc_ht=scontent-waw2-1.cdninstagram.com&amp;edm=ANo9K5cEAAAA&amp;_nc_gid=Wj4imu-O4QPaoo5stnhY9g&amp;_nc_tpa=Q5bMBQH-ZAQeBP-4k8oIcjRiG_7I8Uu23hOZcmnZUBPvYY__LxDNpfAK9N55Dl7vh8e2Z1LRhE9TBinrwA&amp;oh=00_Af3n6sV-XbO-JxVg1xsQ3xsWJGrfR8kNJcEBYQvWdF7nyQ&amp;oe=69F7C547&quot;}\">\n\t\t\t<span class=\"sbi-screenreader\">ES_\u2728 Un tesoro escondido en el coraz\u00f3n de Polonia <\/span>\n\t\t\t<svg class=\"svg-inline--fa fa-clone fa-w-16 sbi_lightbox_carousel_icon\" aria-hidden=\"true\" aria-label=\"Clone\" data-fa-pro\u0192cessed=\"\" data-prefix=\"far\" data-icon=\"clone\" role=\"img\" xmlns=\"http:\/\/www.w3.org\/2000\/svg\" viewBox=\"0 0 512 512\">\n                    <path fill=\"currentColor\" d=\"M464 0H144c-26.51 0-48 21.49-48 48v48H48c-26.51 0-48 21.49-48 48v320c0 26.51 21.49 48 48 48h320c26.51 0 48-21.49 48-48v-48h48c26.51 0 48-21.49 48-48V48c0-26.51-21.49-48-48-48zM362 464H54a6 6 0 0 1-6-6V150a6 6 0 0 1 6-6h42v224c0 26.51 21.49 48 48 48h224v42a6 6 0 0 1-6 6zm96-96H150a6 6 0 0 1-6-6V54a6 6 0 0 1 6-6h308a6 6 0 0 1 6 6v308a6 6 0 0 1-6 6z\"><\/path>\n                <\/svg>\t\t\t\t\t\t<img decoding=\"async\" src=\"https:\/\/www.polonia.travel\/es\/wp-content\/plugins\/instagram-feed\/img\/placeholder.png\" alt=\"ES_\u2728 Un tesoro escondido en el coraz\u00f3n de Polonia \u2728\n\nEn lo alto del castillo de Lublin se encuentra la impresionante Capilla de la Sant\u00edsima Trinidad, un lugar que sorprende desde el primer instante \ud83d\udcab Por fuera, su estilo g\u00f3tico puede parecer sobrio\u2026 pero al cruzar sus puertas, te espera una explosi\u00f3n de color y arte \u00fanico en Europa.\n\n\ud83c\udfa8 Sus muros est\u00e1n cubiertos por frescos bizantino-rutenos del siglo XV, una combinaci\u00f3n fascinante entre Oriente y Occidente que convierte este espacio en algo verdaderamente especial.\n\nUn rinc\u00f3n lleno de historia, espiritualidad y belleza que te transporta a otra \u00e9poca.\n\u00a1Imprescindible para amantes del arte y la historia!\n\n-----\n\nPT_  Um Tesouro Escondido no Cora\u00e7\u00e3o da Pol\u00f3nia \u2728\n\nNo topo do Castelo de Lublin, encontra-se a deslumbrante Capela da Sant\u00edssima Trindade, um lugar que cativa desde o primeiro instante \ud83d\udcab Do lado de fora, o seu estilo g\u00f3tico pode parecer discreto\u2026 mas ao entrar, uma explos\u00e3o de cores e arte, \u00fanica na Europa, aguarda.\n\n\ud83c\udfa8 As suas paredes est\u00e3o cobertas de frescos bizantino-rutenos do s\u00e9culo XV, uma fascinante mistura do Oriente e do Ocidente que torna este espa\u00e7o verdadeiramente especial.\n\nUm recanto repleto de hist\u00f3ria, espiritualidade e beleza que o transporta para outra \u00e9poca.\nUma visita imperd\u00edvel para os amantes da arte e da hist\u00f3ria!\n\n\ud83d\udccd Lublin, Polonia\n.\n.\n.\n#Lublin #Polonia #ArteEuropeo #Capilla #Viajar #Europa #HiddenGems #Castillo #Castelo #Arte #Pol\u00f3nia #Ciudad #Citybreak #Cidade\" aria-hidden=\"true\">\n\t\t<\/a>\n\t<\/div>\n<\/div><div class=\"sbi_item sbi_type_carousel sbi_new sbi_transition\"\n\tid=\"sbi_18118335505651355\" data-date=\"1775762526\">\n\t<div class=\"sbi_photo_wrap\">\n\t\t<a class=\"sbi_photo\" href=\"https:\/\/www.instagram.com\/p\/DW7Cd08j3E5\/\" target=\"_blank\" rel=\"noopener nofollow\"\n\t\t\tdata-full-res=\"https:\/\/scontent-waw2-1.cdninstagram.com\/v\/t39.30808-6\/670473759_1812064110146734_5409172187179519132_n.jpg?stp=dst-jpg_e35_tt6&#038;_nc_cat=110&#038;ccb=7-5&#038;_nc_sid=18de74&#038;efg=eyJlZmdfdGFnIjoiQ0FST1VTRUxfSVRFTS5iZXN0X2ltYWdlX3VybGdlbi5DMyJ9&#038;_nc_ohc=CGlxZ3A7IE4Q7kNvwGs3AUQ&#038;_nc_oc=AdoaZx2qedd69nla72tbCavxtMsfK_ufrDq6nODFtJDcKbNOF4KTO_IzVmQbVoKd0WGTjNLZGRt5pMheJEd7lZRc&#038;_nc_zt=23&#038;_nc_ht=scontent-waw2-1.cdninstagram.com&#038;edm=ANo9K5cEAAAA&#038;_nc_gid=Wj4imu-O4QPaoo5stnhY9g&#038;_nc_tpa=Q5bMBQHkOhiqCj6zjsw2p7rqAV92R0hAsMAx8OzDwZQgP9fLh9m7nwE3UpEYWrTmhBPEygGu9KhtM0OIoQ&#038;oh=00_Af39szirGBeq5yP8Qsxni9MOVr8SZs1-zEG-ItAbVzUS_A&#038;oe=69F7B168\"\n\t\t\tdata-img-src-set=\"{&quot;d&quot;:&quot;https:\\\/\\\/scontent-waw2-1.cdninstagram.com\\\/v\\\/t39.30808-6\\\/670473759_1812064110146734_5409172187179519132_n.jpg?stp=dst-jpg_e35_tt6&amp;_nc_cat=110&amp;ccb=7-5&amp;_nc_sid=18de74&amp;efg=eyJlZmdfdGFnIjoiQ0FST1VTRUxfSVRFTS5iZXN0X2ltYWdlX3VybGdlbi5DMyJ9&amp;_nc_ohc=CGlxZ3A7IE4Q7kNvwGs3AUQ&amp;_nc_oc=AdoaZx2qedd69nla72tbCavxtMsfK_ufrDq6nODFtJDcKbNOF4KTO_IzVmQbVoKd0WGTjNLZGRt5pMheJEd7lZRc&amp;_nc_zt=23&amp;_nc_ht=scontent-waw2-1.cdninstagram.com&amp;edm=ANo9K5cEAAAA&amp;_nc_gid=Wj4imu-O4QPaoo5stnhY9g&amp;_nc_tpa=Q5bMBQHkOhiqCj6zjsw2p7rqAV92R0hAsMAx8OzDwZQgP9fLh9m7nwE3UpEYWrTmhBPEygGu9KhtM0OIoQ&amp;oh=00_Af39szirGBeq5yP8Qsxni9MOVr8SZs1-zEG-ItAbVzUS_A&amp;oe=69F7B168&quot;,&quot;150&quot;:&quot;https:\\\/\\\/scontent-waw2-1.cdninstagram.com\\\/v\\\/t39.30808-6\\\/670473759_1812064110146734_5409172187179519132_n.jpg?stp=dst-jpg_e35_tt6&amp;_nc_cat=110&amp;ccb=7-5&amp;_nc_sid=18de74&amp;efg=eyJlZmdfdGFnIjoiQ0FST1VTRUxfSVRFTS5iZXN0X2ltYWdlX3VybGdlbi5DMyJ9&amp;_nc_ohc=CGlxZ3A7IE4Q7kNvwGs3AUQ&amp;_nc_oc=AdoaZx2qedd69nla72tbCavxtMsfK_ufrDq6nODFtJDcKbNOF4KTO_IzVmQbVoKd0WGTjNLZGRt5pMheJEd7lZRc&amp;_nc_zt=23&amp;_nc_ht=scontent-waw2-1.cdninstagram.com&amp;edm=ANo9K5cEAAAA&amp;_nc_gid=Wj4imu-O4QPaoo5stnhY9g&amp;_nc_tpa=Q5bMBQHkOhiqCj6zjsw2p7rqAV92R0hAsMAx8OzDwZQgP9fLh9m7nwE3UpEYWrTmhBPEygGu9KhtM0OIoQ&amp;oh=00_Af39szirGBeq5yP8Qsxni9MOVr8SZs1-zEG-ItAbVzUS_A&amp;oe=69F7B168&quot;,&quot;320&quot;:&quot;https:\\\/\\\/scontent-waw2-1.cdninstagram.com\\\/v\\\/t39.30808-6\\\/670473759_1812064110146734_5409172187179519132_n.jpg?stp=dst-jpg_e35_tt6&amp;_nc_cat=110&amp;ccb=7-5&amp;_nc_sid=18de74&amp;efg=eyJlZmdfdGFnIjoiQ0FST1VTRUxfSVRFTS5iZXN0X2ltYWdlX3VybGdlbi5DMyJ9&amp;_nc_ohc=CGlxZ3A7IE4Q7kNvwGs3AUQ&amp;_nc_oc=AdoaZx2qedd69nla72tbCavxtMsfK_ufrDq6nODFtJDcKbNOF4KTO_IzVmQbVoKd0WGTjNLZGRt5pMheJEd7lZRc&amp;_nc_zt=23&amp;_nc_ht=scontent-waw2-1.cdninstagram.com&amp;edm=ANo9K5cEAAAA&amp;_nc_gid=Wj4imu-O4QPaoo5stnhY9g&amp;_nc_tpa=Q5bMBQHkOhiqCj6zjsw2p7rqAV92R0hAsMAx8OzDwZQgP9fLh9m7nwE3UpEYWrTmhBPEygGu9KhtM0OIoQ&amp;oh=00_Af39szirGBeq5yP8Qsxni9MOVr8SZs1-zEG-ItAbVzUS_A&amp;oe=69F7B168&quot;,&quot;640&quot;:&quot;https:\\\/\\\/scontent-waw2-1.cdninstagram.com\\\/v\\\/t39.30808-6\\\/670473759_1812064110146734_5409172187179519132_n.jpg?stp=dst-jpg_e35_tt6&amp;_nc_cat=110&amp;ccb=7-5&amp;_nc_sid=18de74&amp;efg=eyJlZmdfdGFnIjoiQ0FST1VTRUxfSVRFTS5iZXN0X2ltYWdlX3VybGdlbi5DMyJ9&amp;_nc_ohc=CGlxZ3A7IE4Q7kNvwGs3AUQ&amp;_nc_oc=AdoaZx2qedd69nla72tbCavxtMsfK_ufrDq6nODFtJDcKbNOF4KTO_IzVmQbVoKd0WGTjNLZGRt5pMheJEd7lZRc&amp;_nc_zt=23&amp;_nc_ht=scontent-waw2-1.cdninstagram.com&amp;edm=ANo9K5cEAAAA&amp;_nc_gid=Wj4imu-O4QPaoo5stnhY9g&amp;_nc_tpa=Q5bMBQHkOhiqCj6zjsw2p7rqAV92R0hAsMAx8OzDwZQgP9fLh9m7nwE3UpEYWrTmhBPEygGu9KhtM0OIoQ&amp;oh=00_Af39szirGBeq5yP8Qsxni9MOVr8SZs1-zEG-ItAbVzUS_A&amp;oe=69F7B168&quot;}\">\n\t\t\t<span class=\"sbi-screenreader\">ES_ \u00bfHab\u00e9is o\u00eddo hablar alguna vez sobre este pint<\/span>\n\t\t\t<svg class=\"svg-inline--fa fa-clone fa-w-16 sbi_lightbox_carousel_icon\" aria-hidden=\"true\" aria-label=\"Clone\" data-fa-pro\u0192cessed=\"\" data-prefix=\"far\" data-icon=\"clone\" role=\"img\" xmlns=\"http:\/\/www.w3.org\/2000\/svg\" viewBox=\"0 0 512 512\">\n                    <path fill=\"currentColor\" d=\"M464 0H144c-26.51 0-48 21.49-48 48v48H48c-26.51 0-48 21.49-48 48v320c0 26.51 21.49 48 48 48h320c26.51 0 48-21.49 48-48v-48h48c26.51 0 48-21.49 48-48V48c0-26.51-21.49-48-48-48zM362 464H54a6 6 0 0 1-6-6V150a6 6 0 0 1 6-6h42v224c0 26.51 21.49 48 48 48h224v42a6 6 0 0 1-6 6zm96-96H150a6 6 0 0 1-6-6V54a6 6 0 0 1 6-6h308a6 6 0 0 1 6 6v308a6 6 0 0 1-6 6z\"><\/path>\n                <\/svg>\t\t\t\t\t\t<img decoding=\"async\" src=\"https:\/\/www.polonia.travel\/es\/wp-content\/plugins\/instagram-feed\/img\/placeholder.png\" alt=\"ES_ \u00bfHab\u00e9is o\u00eddo hablar alguna vez sobre este pintoresco lugar de #Wroclaw?\n\n\ud83e\uddd9\u200d\u2640\ufe0fDicen que si caminas por este puente al atardecer, puedes sentir la energ\u00eda de antiguas leyendas\u2026 , escondido entre las torres de la catedral de Santa Mar\u00eda Magdalena, El Puente de las Brujas ofrece una de las mejores vistas de la ciudad \ud83d\udda4\n\u00a1Un lugar perfecto para los amantes de lo enigm\u00e1tico!\n\n----\n\nPT_ J\u00e1 ouviram falar deste lugar pitoresco de #Wroclaw?\n\n\ud83e\uddd9\u200d\u2640\ufe0f Dizem que, se caminharem por esta ponte ao entardecer, podem sentir a energia de antigas lendas\u2026 escondida entre as torres da catedral de Santa Maria Madalena, a Ponte das Bruxas oferece uma das melhores vistas da cidade \ud83d\udda4\nUm lugar perfeito para os amantes do enigm\u00e1tico!\n\n\ud83d\udcf8 Adobe Stock &amp; GettyImages\n.\n.\n.\n#Wroclaw #Viajar #LugaresConHistoria #Polonia #Leyendas #PuenteDeLasBrujas #PoloniaTravel #Ponte #ViagensComHist\u00f3ria\" aria-hidden=\"true\">\n\t\t<\/a>\n\t<\/div>\n<\/div><div class=\"sbi_item sbi_type_video sbi_new sbi_transition\"\n\tid=\"sbi_18065329826676114\" data-date=\"1775575577\">\n\t<div class=\"sbi_photo_wrap\">\n\t\t<a class=\"sbi_photo\" href=\"https:\/\/www.instagram.com\/reel\/DW1d1XMktJs\/\" target=\"_blank\" rel=\"noopener nofollow\"\n\t\t\tdata-full-res=\"https:\/\/scontent-waw2-2.cdninstagram.com\/v\/t51.82787-15\/658823647_18449780995129926_3133786476184901516_n.jpg?stp=dst-jpg_e35_tt6&#038;_nc_cat=101&#038;ccb=7-5&#038;_nc_sid=18de74&#038;efg=eyJlZmdfdGFnIjoiQ0xJUFMuYmVzdF9pbWFnZV91cmxnZW4uQzMifQ%3D%3D&#038;_nc_ohc=KJDXoQPZsaoQ7kNvwFOJqpr&#038;_nc_oc=Adr4y4jR4T_kqMTAwdUXRYmF8PGRqup5oyN5la_KKXoXieavnE2n9MJOtzQ45gHFmLaCfvACsy_Sm3hjioHhVdXd&#038;_nc_zt=23&#038;_nc_ht=scontent-waw2-2.cdninstagram.com&#038;edm=ANo9K5cEAAAA&#038;_nc_gid=Wj4imu-O4QPaoo5stnhY9g&#038;_nc_tpa=Q5bMBQFAIrrjNpywnmnVKXJPavZvLgG8Aort-hkoZ5DKkWsF9wL1U4qMhvrOfii3lsEeF6V4q2B1yKAgpg&#038;oh=00_Af08DbBQtGXqL-IT2IDU574y_uODIvraTkKd1Katz_VmJA&#038;oe=69F7D7A8\"\n\t\t\tdata-img-src-set=\"{&quot;d&quot;:&quot;https:\\\/\\\/scontent-waw2-2.cdninstagram.com\\\/v\\\/t51.82787-15\\\/658823647_18449780995129926_3133786476184901516_n.jpg?stp=dst-jpg_e35_tt6&amp;_nc_cat=101&amp;ccb=7-5&amp;_nc_sid=18de74&amp;efg=eyJlZmdfdGFnIjoiQ0xJUFMuYmVzdF9pbWFnZV91cmxnZW4uQzMifQ%3D%3D&amp;_nc_ohc=KJDXoQPZsaoQ7kNvwFOJqpr&amp;_nc_oc=Adr4y4jR4T_kqMTAwdUXRYmF8PGRqup5oyN5la_KKXoXieavnE2n9MJOtzQ45gHFmLaCfvACsy_Sm3hjioHhVdXd&amp;_nc_zt=23&amp;_nc_ht=scontent-waw2-2.cdninstagram.com&amp;edm=ANo9K5cEAAAA&amp;_nc_gid=Wj4imu-O4QPaoo5stnhY9g&amp;_nc_tpa=Q5bMBQFAIrrjNpywnmnVKXJPavZvLgG8Aort-hkoZ5DKkWsF9wL1U4qMhvrOfii3lsEeF6V4q2B1yKAgpg&amp;oh=00_Af08DbBQtGXqL-IT2IDU574y_uODIvraTkKd1Katz_VmJA&amp;oe=69F7D7A8&quot;,&quot;150&quot;:&quot;https:\\\/\\\/scontent-waw2-2.cdninstagram.com\\\/v\\\/t51.82787-15\\\/658823647_18449780995129926_3133786476184901516_n.jpg?stp=dst-jpg_e35_tt6&amp;_nc_cat=101&amp;ccb=7-5&amp;_nc_sid=18de74&amp;efg=eyJlZmdfdGFnIjoiQ0xJUFMuYmVzdF9pbWFnZV91cmxnZW4uQzMifQ%3D%3D&amp;_nc_ohc=KJDXoQPZsaoQ7kNvwFOJqpr&amp;_nc_oc=Adr4y4jR4T_kqMTAwdUXRYmF8PGRqup5oyN5la_KKXoXieavnE2n9MJOtzQ45gHFmLaCfvACsy_Sm3hjioHhVdXd&amp;_nc_zt=23&amp;_nc_ht=scontent-waw2-2.cdninstagram.com&amp;edm=ANo9K5cEAAAA&amp;_nc_gid=Wj4imu-O4QPaoo5stnhY9g&amp;_nc_tpa=Q5bMBQFAIrrjNpywnmnVKXJPavZvLgG8Aort-hkoZ5DKkWsF9wL1U4qMhvrOfii3lsEeF6V4q2B1yKAgpg&amp;oh=00_Af08DbBQtGXqL-IT2IDU574y_uODIvraTkKd1Katz_VmJA&amp;oe=69F7D7A8&quot;,&quot;320&quot;:&quot;https:\\\/\\\/scontent-waw2-2.cdninstagram.com\\\/v\\\/t51.82787-15\\\/658823647_18449780995129926_3133786476184901516_n.jpg?stp=dst-jpg_e35_tt6&amp;_nc_cat=101&amp;ccb=7-5&amp;_nc_sid=18de74&amp;efg=eyJlZmdfdGFnIjoiQ0xJUFMuYmVzdF9pbWFnZV91cmxnZW4uQzMifQ%3D%3D&amp;_nc_ohc=KJDXoQPZsaoQ7kNvwFOJqpr&amp;_nc_oc=Adr4y4jR4T_kqMTAwdUXRYmF8PGRqup5oyN5la_KKXoXieavnE2n9MJOtzQ45gHFmLaCfvACsy_Sm3hjioHhVdXd&amp;_nc_zt=23&amp;_nc_ht=scontent-waw2-2.cdninstagram.com&amp;edm=ANo9K5cEAAAA&amp;_nc_gid=Wj4imu-O4QPaoo5stnhY9g&amp;_nc_tpa=Q5bMBQFAIrrjNpywnmnVKXJPavZvLgG8Aort-hkoZ5DKkWsF9wL1U4qMhvrOfii3lsEeF6V4q2B1yKAgpg&amp;oh=00_Af08DbBQtGXqL-IT2IDU574y_uODIvraTkKd1Katz_VmJA&amp;oe=69F7D7A8&quot;,&quot;640&quot;:&quot;https:\\\/\\\/scontent-waw2-2.cdninstagram.com\\\/v\\\/t51.82787-15\\\/658823647_18449780995129926_3133786476184901516_n.jpg?stp=dst-jpg_e35_tt6&amp;_nc_cat=101&amp;ccb=7-5&amp;_nc_sid=18de74&amp;efg=eyJlZmdfdGFnIjoiQ0xJUFMuYmVzdF9pbWFnZV91cmxnZW4uQzMifQ%3D%3D&amp;_nc_ohc=KJDXoQPZsaoQ7kNvwFOJqpr&amp;_nc_oc=Adr4y4jR4T_kqMTAwdUXRYmF8PGRqup5oyN5la_KKXoXieavnE2n9MJOtzQ45gHFmLaCfvACsy_Sm3hjioHhVdXd&amp;_nc_zt=23&amp;_nc_ht=scontent-waw2-2.cdninstagram.com&amp;edm=ANo9K5cEAAAA&amp;_nc_gid=Wj4imu-O4QPaoo5stnhY9g&amp;_nc_tpa=Q5bMBQFAIrrjNpywnmnVKXJPavZvLgG8Aort-hkoZ5DKkWsF9wL1U4qMhvrOfii3lsEeF6V4q2B1yKAgpg&amp;oh=00_Af08DbBQtGXqL-IT2IDU574y_uODIvraTkKd1Katz_VmJA&amp;oe=69F7D7A8&quot;}\">\n\t\t\t<span class=\"sbi-screenreader\">ES_ La primavera en Polonia despierta poco a poco <\/span>\n\t\t\t\t\t\t<svg style=\"color: rgba(255,255,255,1)\" class=\"svg-inline--fa fa-play fa-w-14 sbi_playbtn\" aria-label=\"Play\" aria-hidden=\"true\" data-fa-processed=\"\" data-prefix=\"fa\" data-icon=\"play\" role=\"presentation\" xmlns=\"http:\/\/www.w3.org\/2000\/svg\" viewBox=\"0 0 448 512\"><path fill=\"currentColor\" d=\"M424.4 214.7L72.4 6.6C43.8-10.3 0 6.1 0 47.9V464c0 37.5 40.7 60.1 72.4 41.3l352-208c31.4-18.5 31.5-64.1 0-82.6z\"><\/path><\/svg>\t\t\t<img decoding=\"async\" src=\"https:\/\/www.polonia.travel\/es\/wp-content\/plugins\/instagram-feed\/img\/placeholder.png\" alt=\"ES_ La primavera en Polonia despierta poco a poco \ud83c\udf38\nLos parques se llenan de flores, las ciudades recuperan su ritmo y el aire huele a nuevos comienzos. Es el momento perfecto para pasear, descubrir y dejarse sorprender. \ud83c\udf3f\n---\n\nPT_ A primavera na Pol\u00f3nia desperta pouco a pouco \ud83c\udf38\nOs parques enchem-se de flores, as cidades recuperam o seu ritmo e o ar cheira a novos come\u00e7os. \u00c9 o momento perfeito para passear, descobrir e deixar-se surpreender. \u2728\n.\n.\n.\n#PoloniaTravel #Polonia #primavera\" aria-hidden=\"true\">\n\t\t<\/a>\n\t<\/div>\n<\/div><div class=\"sbi_item sbi_type_carousel sbi_new sbi_transition\"\n\tid=\"sbi_18046081118741228\" data-date=\"1775292317\">\n\t<div class=\"sbi_photo_wrap\">\n\t\t<a class=\"sbi_photo\" href=\"https:\/\/www.instagram.com\/p\/DWtBnQLgGVN\/\" target=\"_blank\" rel=\"noopener nofollow\"\n\t\t\tdata-full-res=\"https:\/\/scontent-waw2-1.cdninstagram.com\/v\/t39.30808-6\/658914886_1804802014206277_3001025890448297720_n.jpg?stp=dst-jpg_e35_tt6&#038;_nc_cat=110&#038;ccb=7-5&#038;_nc_sid=18de74&#038;efg=eyJlZmdfdGFnIjoiQ0FST1VTRUxfSVRFTS5iZXN0X2ltYWdlX3VybGdlbi5DMyJ9&#038;_nc_ohc=cOgZN8zoBtIQ7kNvwGKmMZA&#038;_nc_oc=AdrQtXMXU9XZ8v8AgmziY4ygrVgPSq5LNhgxLGL713MXYIo6nyxLJBvxZ5nlhI-XTvqYEXfYeXKM8dXT6gJ0Eflh&#038;_nc_zt=23&#038;_nc_ht=scontent-waw2-1.cdninstagram.com&#038;edm=ANo9K5cEAAAA&#038;_nc_gid=Wj4imu-O4QPaoo5stnhY9g&#038;_nc_tpa=Q5bMBQFXC5B8WZkHbF95x6TDqFrZN1DhaaCkjIRxYIvdyjoZkp1t6w5Yb2j5vQeQ0En6eqSsE2NUW1jjBw&#038;oh=00_Af3ySwssE_GgcOy16GeJtSq7tyBJAo-b7v4iQAoBr8GjgQ&#038;oe=69F7AAA6\"\n\t\t\tdata-img-src-set=\"{&quot;d&quot;:&quot;https:\\\/\\\/scontent-waw2-1.cdninstagram.com\\\/v\\\/t39.30808-6\\\/658914886_1804802014206277_3001025890448297720_n.jpg?stp=dst-jpg_e35_tt6&amp;_nc_cat=110&amp;ccb=7-5&amp;_nc_sid=18de74&amp;efg=eyJlZmdfdGFnIjoiQ0FST1VTRUxfSVRFTS5iZXN0X2ltYWdlX3VybGdlbi5DMyJ9&amp;_nc_ohc=cOgZN8zoBtIQ7kNvwGKmMZA&amp;_nc_oc=AdrQtXMXU9XZ8v8AgmziY4ygrVgPSq5LNhgxLGL713MXYIo6nyxLJBvxZ5nlhI-XTvqYEXfYeXKM8dXT6gJ0Eflh&amp;_nc_zt=23&amp;_nc_ht=scontent-waw2-1.cdninstagram.com&amp;edm=ANo9K5cEAAAA&amp;_nc_gid=Wj4imu-O4QPaoo5stnhY9g&amp;_nc_tpa=Q5bMBQFXC5B8WZkHbF95x6TDqFrZN1DhaaCkjIRxYIvdyjoZkp1t6w5Yb2j5vQeQ0En6eqSsE2NUW1jjBw&amp;oh=00_Af3ySwssE_GgcOy16GeJtSq7tyBJAo-b7v4iQAoBr8GjgQ&amp;oe=69F7AAA6&quot;,&quot;150&quot;:&quot;https:\\\/\\\/scontent-waw2-1.cdninstagram.com\\\/v\\\/t39.30808-6\\\/658914886_1804802014206277_3001025890448297720_n.jpg?stp=dst-jpg_e35_tt6&amp;_nc_cat=110&amp;ccb=7-5&amp;_nc_sid=18de74&amp;efg=eyJlZmdfdGFnIjoiQ0FST1VTRUxfSVRFTS5iZXN0X2ltYWdlX3VybGdlbi5DMyJ9&amp;_nc_ohc=cOgZN8zoBtIQ7kNvwGKmMZA&amp;_nc_oc=AdrQtXMXU9XZ8v8AgmziY4ygrVgPSq5LNhgxLGL713MXYIo6nyxLJBvxZ5nlhI-XTvqYEXfYeXKM8dXT6gJ0Eflh&amp;_nc_zt=23&amp;_nc_ht=scontent-waw2-1.cdninstagram.com&amp;edm=ANo9K5cEAAAA&amp;_nc_gid=Wj4imu-O4QPaoo5stnhY9g&amp;_nc_tpa=Q5bMBQFXC5B8WZkHbF95x6TDqFrZN1DhaaCkjIRxYIvdyjoZkp1t6w5Yb2j5vQeQ0En6eqSsE2NUW1jjBw&amp;oh=00_Af3ySwssE_GgcOy16GeJtSq7tyBJAo-b7v4iQAoBr8GjgQ&amp;oe=69F7AAA6&quot;,&quot;320&quot;:&quot;https:\\\/\\\/scontent-waw2-1.cdninstagram.com\\\/v\\\/t39.30808-6\\\/658914886_1804802014206277_3001025890448297720_n.jpg?stp=dst-jpg_e35_tt6&amp;_nc_cat=110&amp;ccb=7-5&amp;_nc_sid=18de74&amp;efg=eyJlZmdfdGFnIjoiQ0FST1VTRUxfSVRFTS5iZXN0X2ltYWdlX3VybGdlbi5DMyJ9&amp;_nc_ohc=cOgZN8zoBtIQ7kNvwGKmMZA&amp;_nc_oc=AdrQtXMXU9XZ8v8AgmziY4ygrVgPSq5LNhgxLGL713MXYIo6nyxLJBvxZ5nlhI-XTvqYEXfYeXKM8dXT6gJ0Eflh&amp;_nc_zt=23&amp;_nc_ht=scontent-waw2-1.cdninstagram.com&amp;edm=ANo9K5cEAAAA&amp;_nc_gid=Wj4imu-O4QPaoo5stnhY9g&amp;_nc_tpa=Q5bMBQFXC5B8WZkHbF95x6TDqFrZN1DhaaCkjIRxYIvdyjoZkp1t6w5Yb2j5vQeQ0En6eqSsE2NUW1jjBw&amp;oh=00_Af3ySwssE_GgcOy16GeJtSq7tyBJAo-b7v4iQAoBr8GjgQ&amp;oe=69F7AAA6&quot;,&quot;640&quot;:&quot;https:\\\/\\\/scontent-waw2-1.cdninstagram.com\\\/v\\\/t39.30808-6\\\/658914886_1804802014206277_3001025890448297720_n.jpg?stp=dst-jpg_e35_tt6&amp;_nc_cat=110&amp;ccb=7-5&amp;_nc_sid=18de74&amp;efg=eyJlZmdfdGFnIjoiQ0FST1VTRUxfSVRFTS5iZXN0X2ltYWdlX3VybGdlbi5DMyJ9&amp;_nc_ohc=cOgZN8zoBtIQ7kNvwGKmMZA&amp;_nc_oc=AdrQtXMXU9XZ8v8AgmziY4ygrVgPSq5LNhgxLGL713MXYIo6nyxLJBvxZ5nlhI-XTvqYEXfYeXKM8dXT6gJ0Eflh&amp;_nc_zt=23&amp;_nc_ht=scontent-waw2-1.cdninstagram.com&amp;edm=ANo9K5cEAAAA&amp;_nc_gid=Wj4imu-O4QPaoo5stnhY9g&amp;_nc_tpa=Q5bMBQFXC5B8WZkHbF95x6TDqFrZN1DhaaCkjIRxYIvdyjoZkp1t6w5Yb2j5vQeQ0En6eqSsE2NUW1jjBw&amp;oh=00_Af3ySwssE_GgcOy16GeJtSq7tyBJAo-b7v4iQAoBr8GjgQ&amp;oe=69F7AAA6&quot;}\">\n\t\t\t<span class=\"sbi-screenreader\">\u00bfHab\u00e9is o\u00eddo hablar alguna vez de #\u015awi\u0119conka?\n\nEn <\/span>\n\t\t\t<svg class=\"svg-inline--fa fa-clone fa-w-16 sbi_lightbox_carousel_icon\" aria-hidden=\"true\" aria-label=\"Clone\" data-fa-pro\u0192cessed=\"\" data-prefix=\"far\" data-icon=\"clone\" role=\"img\" xmlns=\"http:\/\/www.w3.org\/2000\/svg\" viewBox=\"0 0 512 512\">\n                    <path fill=\"currentColor\" d=\"M464 0H144c-26.51 0-48 21.49-48 48v48H48c-26.51 0-48 21.49-48 48v320c0 26.51 21.49 48 48 48h320c26.51 0 48-21.49 48-48v-48h48c26.51 0 48-21.49 48-48V48c0-26.51-21.49-48-48-48zM362 464H54a6 6 0 0 1-6-6V150a6 6 0 0 1 6-6h42v224c0 26.51 21.49 48 48 48h224v42a6 6 0 0 1-6 6zm96-96H150a6 6 0 0 1-6-6V54a6 6 0 0 1 6-6h308a6 6 0 0 1 6 6v308a6 6 0 0 1-6 6z\"><\/path>\n                <\/svg>\t\t\t\t\t\t<img decoding=\"async\" src=\"https:\/\/www.polonia.travel\/es\/wp-content\/plugins\/instagram-feed\/img\/placeholder.png\" alt=\"\u00bfHab\u00e9is o\u00eddo hablar alguna vez de #\u015awi\u0119conka?\n\nEn Polonia, el S\u00e1bado Santo las familias preparan cestas llenas de alimentos simb\u00f3licos que se llevar\u00e1n a la iglesia para la bendici\u00f3n de los alimentos.\n\nCada producto tiene su significado:\n\ud83e\udd5a Huevos: s\u00edmbolo de vida y renacimiento. \n\ud83e\udd56 Pan: representa abundancia y sustento. \n\ud83e\uddc2 Sal: simboliza la purificaci\u00f3n y la riqueza de la tierra. \n\ud83e\udd69 Carnes y embutidos: esperanza y prosperidad. \n\ud83c\udf70 Dulces tradicionales como babka y mazurek: celebraci\u00f3n y alegr\u00eda. \n\nTras la bendici\u00f3n, estas delicias se comparten en familia, marcando el inicio de la celebraci\u00f3n pascual y fortaleciendo los lazos y la tradici\u00f3n. \u2764\ufe0f\n\n---\n\nJ\u00e1 ouviste falar alguma vez de #\u015awi\u0119conka?\n\nNa Pol\u00f3nia, no S\u00e1bado Santo, as fam\u00edlias preparam cestos cheios de alimentos simb\u00f3licos que levam \u00e0 igreja para a b\u00ean\u00e7\u00e3o dos alimentos.\n\nCada produto tem o seu significado:\n\ud83e\udd5a Ovos: s\u00edmbolo de vida e renascimento.\n\ud83e\udd56 P\u00e3o: representa abund\u00e2ncia e sustento.\n\ud83e\uddc2 Sal: simboliza a purifica\u00e7\u00e3o e a riqueza da terra.\n\ud83e\udd69 Carnes e enchidos: esperan\u00e7a e prosperidade.\n\ud83c\udf70 Doces tradicionais como babka e mazurek: celebra\u00e7\u00e3o e alegria.\n\nAp\u00f3s a b\u00ean\u00e7\u00e3o, estas iguarias s\u00e3o partilhadas em fam\u00edlia, marcando o in\u00edcio da celebra\u00e7\u00e3o pascal e refor\u00e7ando os la\u00e7os e a tradi\u00e7\u00e3o.\n.\n.\n.\n#Polonia #SemanaSanta #P\u00e1scoa #Pascua #tradi\u00e7\u00e3o  #tradiciones #Pol\u00f3nia\" aria-hidden=\"true\">\n\t\t<\/a>\n\t<\/div>\n<\/div><div class=\"sbi_item sbi_type_carousel sbi_new sbi_transition\"\n\tid=\"sbi_18414571780131664\" data-date=\"1775163714\">\n\t<div class=\"sbi_photo_wrap\">\n\t\t<a class=\"sbi_photo\" href=\"https:\/\/www.instagram.com\/p\/DWpMUmOAXke\/\" target=\"_blank\" rel=\"noopener nofollow\"\n\t\t\tdata-full-res=\"https:\/\/scontent-waw2-2.cdninstagram.com\/v\/t39.30808-6\/657462488_1802747637745048_1297905082536958773_n.jpg?stp=dst-jpg_e35_tt6&#038;_nc_cat=107&#038;ccb=7-5&#038;_nc_sid=18de74&#038;efg=eyJlZmdfdGFnIjoiQ0FST1VTRUxfSVRFTS5iZXN0X2ltYWdlX3VybGdlbi5DMyJ9&#038;_nc_ohc=nHULtT7jnmQQ7kNvwFjM9M2&#038;_nc_oc=AdpNkTGjeVqS6zJW3mGg0wW964njHVDkqXJleVQBwzRvFCHjbSx51Cq3S_DfbzKXFj0qJBU9RfRphETuHL_f4sH3&#038;_nc_zt=23&#038;_nc_ht=scontent-waw2-2.cdninstagram.com&#038;edm=ANo9K5cEAAAA&#038;_nc_gid=Wj4imu-O4QPaoo5stnhY9g&#038;_nc_tpa=Q5bMBQHGVY71WLsfgZnts0iaHom_SvPcxTnN6Q6y5iKBXxHSkP_W9c3PUNnmRY6nmYQ6OauSaNMJnQDgHQ&#038;oh=00_Af3XXHboTiyHy0y-OUE-MIsf28I2fNLEJ6Wf0TOTIbSBIg&#038;oe=69F7D476\"\n\t\t\tdata-img-src-set=\"{&quot;d&quot;:&quot;https:\\\/\\\/scontent-waw2-2.cdninstagram.com\\\/v\\\/t39.30808-6\\\/657462488_1802747637745048_1297905082536958773_n.jpg?stp=dst-jpg_e35_tt6&amp;_nc_cat=107&amp;ccb=7-5&amp;_nc_sid=18de74&amp;efg=eyJlZmdfdGFnIjoiQ0FST1VTRUxfSVRFTS5iZXN0X2ltYWdlX3VybGdlbi5DMyJ9&amp;_nc_ohc=nHULtT7jnmQQ7kNvwFjM9M2&amp;_nc_oc=AdpNkTGjeVqS6zJW3mGg0wW964njHVDkqXJleVQBwzRvFCHjbSx51Cq3S_DfbzKXFj0qJBU9RfRphETuHL_f4sH3&amp;_nc_zt=23&amp;_nc_ht=scontent-waw2-2.cdninstagram.com&amp;edm=ANo9K5cEAAAA&amp;_nc_gid=Wj4imu-O4QPaoo5stnhY9g&amp;_nc_tpa=Q5bMBQHGVY71WLsfgZnts0iaHom_SvPcxTnN6Q6y5iKBXxHSkP_W9c3PUNnmRY6nmYQ6OauSaNMJnQDgHQ&amp;oh=00_Af3XXHboTiyHy0y-OUE-MIsf28I2fNLEJ6Wf0TOTIbSBIg&amp;oe=69F7D476&quot;,&quot;150&quot;:&quot;https:\\\/\\\/scontent-waw2-2.cdninstagram.com\\\/v\\\/t39.30808-6\\\/657462488_1802747637745048_1297905082536958773_n.jpg?stp=dst-jpg_e35_tt6&amp;_nc_cat=107&amp;ccb=7-5&amp;_nc_sid=18de74&amp;efg=eyJlZmdfdGFnIjoiQ0FST1VTRUxfSVRFTS5iZXN0X2ltYWdlX3VybGdlbi5DMyJ9&amp;_nc_ohc=nHULtT7jnmQQ7kNvwFjM9M2&amp;_nc_oc=AdpNkTGjeVqS6zJW3mGg0wW964njHVDkqXJleVQBwzRvFCHjbSx51Cq3S_DfbzKXFj0qJBU9RfRphETuHL_f4sH3&amp;_nc_zt=23&amp;_nc_ht=scontent-waw2-2.cdninstagram.com&amp;edm=ANo9K5cEAAAA&amp;_nc_gid=Wj4imu-O4QPaoo5stnhY9g&amp;_nc_tpa=Q5bMBQHGVY71WLsfgZnts0iaHom_SvPcxTnN6Q6y5iKBXxHSkP_W9c3PUNnmRY6nmYQ6OauSaNMJnQDgHQ&amp;oh=00_Af3XXHboTiyHy0y-OUE-MIsf28I2fNLEJ6Wf0TOTIbSBIg&amp;oe=69F7D476&quot;,&quot;320&quot;:&quot;https:\\\/\\\/scontent-waw2-2.cdninstagram.com\\\/v\\\/t39.30808-6\\\/657462488_1802747637745048_1297905082536958773_n.jpg?stp=dst-jpg_e35_tt6&amp;_nc_cat=107&amp;ccb=7-5&amp;_nc_sid=18de74&amp;efg=eyJlZmdfdGFnIjoiQ0FST1VTRUxfSVRFTS5iZXN0X2ltYWdlX3VybGdlbi5DMyJ9&amp;_nc_ohc=nHULtT7jnmQQ7kNvwFjM9M2&amp;_nc_oc=AdpNkTGjeVqS6zJW3mGg0wW964njHVDkqXJleVQBwzRvFCHjbSx51Cq3S_DfbzKXFj0qJBU9RfRphETuHL_f4sH3&amp;_nc_zt=23&amp;_nc_ht=scontent-waw2-2.cdninstagram.com&amp;edm=ANo9K5cEAAAA&amp;_nc_gid=Wj4imu-O4QPaoo5stnhY9g&amp;_nc_tpa=Q5bMBQHGVY71WLsfgZnts0iaHom_SvPcxTnN6Q6y5iKBXxHSkP_W9c3PUNnmRY6nmYQ6OauSaNMJnQDgHQ&amp;oh=00_Af3XXHboTiyHy0y-OUE-MIsf28I2fNLEJ6Wf0TOTIbSBIg&amp;oe=69F7D476&quot;,&quot;640&quot;:&quot;https:\\\/\\\/scontent-waw2-2.cdninstagram.com\\\/v\\\/t39.30808-6\\\/657462488_1802747637745048_1297905082536958773_n.jpg?stp=dst-jpg_e35_tt6&amp;_nc_cat=107&amp;ccb=7-5&amp;_nc_sid=18de74&amp;efg=eyJlZmdfdGFnIjoiQ0FST1VTRUxfSVRFTS5iZXN0X2ltYWdlX3VybGdlbi5DMyJ9&amp;_nc_ohc=nHULtT7jnmQQ7kNvwFjM9M2&amp;_nc_oc=AdpNkTGjeVqS6zJW3mGg0wW964njHVDkqXJleVQBwzRvFCHjbSx51Cq3S_DfbzKXFj0qJBU9RfRphETuHL_f4sH3&amp;_nc_zt=23&amp;_nc_ht=scontent-waw2-2.cdninstagram.com&amp;edm=ANo9K5cEAAAA&amp;_nc_gid=Wj4imu-O4QPaoo5stnhY9g&amp;_nc_tpa=Q5bMBQHGVY71WLsfgZnts0iaHom_SvPcxTnN6Q6y5iKBXxHSkP_W9c3PUNnmRY6nmYQ6OauSaNMJnQDgHQ&amp;oh=00_Af3XXHboTiyHy0y-OUE-MIsf28I2fNLEJ6Wf0TOTIbSBIg&amp;oe=69F7D476&quot;}\">\n\t\t\t<span class=\"sbi-screenreader\">ES_ La Pascua en Polonia no solo se celebra\u2026 \u00a1tamb<\/span>\n\t\t\t<svg class=\"svg-inline--fa fa-clone fa-w-16 sbi_lightbox_carousel_icon\" aria-hidden=\"true\" aria-label=\"Clone\" data-fa-pro\u0192cessed=\"\" data-prefix=\"far\" data-icon=\"clone\" role=\"img\" xmlns=\"http:\/\/www.w3.org\/2000\/svg\" viewBox=\"0 0 512 512\">\n                    <path fill=\"currentColor\" d=\"M464 0H144c-26.51 0-48 21.49-48 48v48H48c-26.51 0-48 21.49-48 48v320c0 26.51 21.49 48 48 48h320c26.51 0 48-21.49 48-48v-48h48c26.51 0 48-21.49 48-48V48c0-26.51-21.49-48-48-48zM362 464H54a6 6 0 0 1-6-6V150a6 6 0 0 1 6-6h42v224c0 26.51 21.49 48 48 48h224v42a6 6 0 0 1-6 6zm96-96H150a6 6 0 0 1-6-6V54a6 6 0 0 1 6-6h308a6 6 0 0 1 6 6v308a6 6 0 0 1-6 6z\"><\/path>\n                <\/svg>\t\t\t\t\t\t<img decoding=\"async\" src=\"https:\/\/www.polonia.travel\/es\/wp-content\/plugins\/instagram-feed\/img\/placeholder.png\" alt=\"ES_ La Pascua en Polonia no solo se celebra\u2026 \u00a1tambi\u00e9n se saborea! \u2728\n La mesa tradicional se llena de platos con historia, simbolismo y mucho sabor.\n\n\ud83e\udd63 \u017burek: una sopa agria elaborada con centeno fermentado, servida con huevo y salchicha. Reconfortante y muy t\u00edpica del Domingo de Pascua.\n\ud83e\udd5a Huevos decorados (pisanki): aut\u00e9nticas obras de arte que, adem\u00e1s de decorar, forman parte del men\u00fa.\n\ud83e\udd69 Bia\u0142a kie\u0142basa: salchicha blanca, jugosa y especiada, imprescindible en estas fechas.\n\ud83c\udf70 Mazurek: un dulce plano y decorado con frutos secos, chocolate o mermelada, tan bonito como delicioso.\n\ud83c\udf6e Babka: un bizcocho esponjoso, a menudo aromatizado con vainilla o ron, que nunca falta en la mesa pascual.\n\nSi viajas a Polonia en estas fechas, prep\u00e1rate para descubrir una tradici\u00f3n donde cada plato cuenta una historia.\n\n---\n\nPT_ A P\u00e1scoa na Pol\u00f3nia n\u00e3o \u00e9 apenas celebrada\u2026 tamb\u00e9m se saboreia! \n\u2728 A mesa tradicional enche-se de pratos com hist\u00f3ria, simbolismo e muito sabor.\n\n\ud83e\udd63 \u017burek: uma sopa \u00e1cida feita com centeio fermentado, servida com ovo e salsicha. Reconfortante e muito t\u00edpica do Domingo de P\u00e1scoa.\n\n\ud83e\udd5a Ovos decorados (pisanki): verdadeiras obras de arte que, al\u00e9m de decorar, fazem parte do menu.\n\n\ud83e\udd69 Bia\u0142a kie\u0142basa: salsicha branca, suculenta e condimentada, imprescind\u00edvel nestas datas.\n\n\ud83c\udf70 Mazurek: um doce plano, decorado com frutos secos, chocolate ou compota, t\u00e3o bonito quanto delicioso.\n\n\ud83c\udf6e Babka: um bolo fofo, muitas vezes aromatizado com baunilha ou rum, que nunca falta na mesa pascal.\n\nSe viaja para a Pol\u00f3nia nesta altura, prepare-se para descobrir uma tradi\u00e7\u00e3o onde cada prato conta uma hist\u00f3ria.\n.\n.\n.\n#Polnia #PoloniaTravel #P\u00e1scoa #Pol\u00f3nia #Gastronomia #ViajarComSabor #Tradi\u00e7\u00f5es #FoodieTravel #Pascua #SemanaSanta\" aria-hidden=\"true\">\n\t\t<\/a>\n\t<\/div>\n<\/div><div class=\"sbi_item sbi_type_image sbi_new sbi_transition\"\n\tid=\"sbi_17972197476008989\" data-date=\"1774990848\">\n\t<div class=\"sbi_photo_wrap\">\n\t\t<a class=\"sbi_photo\" href=\"https:\/\/www.instagram.com\/p\/DWkCmvGmOHn\/\" target=\"_blank\" rel=\"noopener nofollow\"\n\t\t\tdata-full-res=\"https:\/\/scontent-waw2-1.cdninstagram.com\/v\/t39.30808-6\/660535827_1802773927742419_565167986536035318_n.jpg?stp=dst-jpg_e35_tt6&#038;_nc_cat=111&#038;ccb=7-5&#038;_nc_sid=18de74&#038;efg=eyJlZmdfdGFnIjoiRkVFRC5iZXN0X2ltYWdlX3VybGdlbi5DMyJ9&#038;_nc_ohc=QnVt3LMSG-AQ7kNvwGIc0wB&#038;_nc_oc=Adr3a-F6b2dsHsvclLWMRfO824PgA-_I8SYrqcf50NBEWxk-L_DOAyIP39wBS9HKZjE-2Y44JMSe9RIpnWlrhFBy&#038;_nc_zt=23&#038;_nc_ht=scontent-waw2-1.cdninstagram.com&#038;edm=ANo9K5cEAAAA&#038;_nc_gid=Wj4imu-O4QPaoo5stnhY9g&#038;_nc_tpa=Q5bMBQEkfCexk8QxVJvpty3J7UP7FsUctp5cALh53C6uInaLFoaL-UwapFe0Sl-aGwuPkDZ8JpGGMzMiIA&#038;oh=00_Af2piIdb2p81sId-8L-8_zqpa--U-cNEwzRdk-DUO6ljQw&#038;oe=69F7C24A\"\n\t\t\tdata-img-src-set=\"{&quot;d&quot;:&quot;https:\\\/\\\/scontent-waw2-1.cdninstagram.com\\\/v\\\/t39.30808-6\\\/660535827_1802773927742419_565167986536035318_n.jpg?stp=dst-jpg_e35_tt6&amp;_nc_cat=111&amp;ccb=7-5&amp;_nc_sid=18de74&amp;efg=eyJlZmdfdGFnIjoiRkVFRC5iZXN0X2ltYWdlX3VybGdlbi5DMyJ9&amp;_nc_ohc=QnVt3LMSG-AQ7kNvwGIc0wB&amp;_nc_oc=Adr3a-F6b2dsHsvclLWMRfO824PgA-_I8SYrqcf50NBEWxk-L_DOAyIP39wBS9HKZjE-2Y44JMSe9RIpnWlrhFBy&amp;_nc_zt=23&amp;_nc_ht=scontent-waw2-1.cdninstagram.com&amp;edm=ANo9K5cEAAAA&amp;_nc_gid=Wj4imu-O4QPaoo5stnhY9g&amp;_nc_tpa=Q5bMBQEkfCexk8QxVJvpty3J7UP7FsUctp5cALh53C6uInaLFoaL-UwapFe0Sl-aGwuPkDZ8JpGGMzMiIA&amp;oh=00_Af2piIdb2p81sId-8L-8_zqpa--U-cNEwzRdk-DUO6ljQw&amp;oe=69F7C24A&quot;,&quot;150&quot;:&quot;https:\\\/\\\/scontent-waw2-1.cdninstagram.com\\\/v\\\/t39.30808-6\\\/660535827_1802773927742419_565167986536035318_n.jpg?stp=dst-jpg_e35_tt6&amp;_nc_cat=111&amp;ccb=7-5&amp;_nc_sid=18de74&amp;efg=eyJlZmdfdGFnIjoiRkVFRC5iZXN0X2ltYWdlX3VybGdlbi5DMyJ9&amp;_nc_ohc=QnVt3LMSG-AQ7kNvwGIc0wB&amp;_nc_oc=Adr3a-F6b2dsHsvclLWMRfO824PgA-_I8SYrqcf50NBEWxk-L_DOAyIP39wBS9HKZjE-2Y44JMSe9RIpnWlrhFBy&amp;_nc_zt=23&amp;_nc_ht=scontent-waw2-1.cdninstagram.com&amp;edm=ANo9K5cEAAAA&amp;_nc_gid=Wj4imu-O4QPaoo5stnhY9g&amp;_nc_tpa=Q5bMBQEkfCexk8QxVJvpty3J7UP7FsUctp5cALh53C6uInaLFoaL-UwapFe0Sl-aGwuPkDZ8JpGGMzMiIA&amp;oh=00_Af2piIdb2p81sId-8L-8_zqpa--U-cNEwzRdk-DUO6ljQw&amp;oe=69F7C24A&quot;,&quot;320&quot;:&quot;https:\\\/\\\/scontent-waw2-1.cdninstagram.com\\\/v\\\/t39.30808-6\\\/660535827_1802773927742419_565167986536035318_n.jpg?stp=dst-jpg_e35_tt6&amp;_nc_cat=111&amp;ccb=7-5&amp;_nc_sid=18de74&amp;efg=eyJlZmdfdGFnIjoiRkVFRC5iZXN0X2ltYWdlX3VybGdlbi5DMyJ9&amp;_nc_ohc=QnVt3LMSG-AQ7kNvwGIc0wB&amp;_nc_oc=Adr3a-F6b2dsHsvclLWMRfO824PgA-_I8SYrqcf50NBEWxk-L_DOAyIP39wBS9HKZjE-2Y44JMSe9RIpnWlrhFBy&amp;_nc_zt=23&amp;_nc_ht=scontent-waw2-1.cdninstagram.com&amp;edm=ANo9K5cEAAAA&amp;_nc_gid=Wj4imu-O4QPaoo5stnhY9g&amp;_nc_tpa=Q5bMBQEkfCexk8QxVJvpty3J7UP7FsUctp5cALh53C6uInaLFoaL-UwapFe0Sl-aGwuPkDZ8JpGGMzMiIA&amp;oh=00_Af2piIdb2p81sId-8L-8_zqpa--U-cNEwzRdk-DUO6ljQw&amp;oe=69F7C24A&quot;,&quot;640&quot;:&quot;https:\\\/\\\/scontent-waw2-1.cdninstagram.com\\\/v\\\/t39.30808-6\\\/660535827_1802773927742419_565167986536035318_n.jpg?stp=dst-jpg_e35_tt6&amp;_nc_cat=111&amp;ccb=7-5&amp;_nc_sid=18de74&amp;efg=eyJlZmdfdGFnIjoiRkVFRC5iZXN0X2ltYWdlX3VybGdlbi5DMyJ9&amp;_nc_ohc=QnVt3LMSG-AQ7kNvwGIc0wB&amp;_nc_oc=Adr3a-F6b2dsHsvclLWMRfO824PgA-_I8SYrqcf50NBEWxk-L_DOAyIP39wBS9HKZjE-2Y44JMSe9RIpnWlrhFBy&amp;_nc_zt=23&amp;_nc_ht=scontent-waw2-1.cdninstagram.com&amp;edm=ANo9K5cEAAAA&amp;_nc_gid=Wj4imu-O4QPaoo5stnhY9g&amp;_nc_tpa=Q5bMBQEkfCexk8QxVJvpty3J7UP7FsUctp5cALh53C6uInaLFoaL-UwapFe0Sl-aGwuPkDZ8JpGGMzMiIA&amp;oh=00_Af2piIdb2p81sId-8L-8_zqpa--U-cNEwzRdk-DUO6ljQw&amp;oe=69F7C24A&quot;}\">\n\t\t\t<span class=\"sbi-screenreader\">ES_  Descubre la magia de los mercados de Pascua e<\/span>\n\t\t\t\t\t\t\t\t\t<img decoding=\"async\" src=\"https:\/\/www.polonia.travel\/es\/wp-content\/plugins\/instagram-feed\/img\/placeholder.png\" alt=\"ES_  Descubre la magia de los mercados de Pascua en Polonia \ud83e\udd5a\ud83e\uddc1\n\nEn Polonia, la Pascua se celebra con tradiciones llenas de color, sabor y artesan\u00eda. Y uno de los grandes protagonistas son los mercados de Pascua, donde locales y turistas se mezclan entre puestos repletos de delicias y artesan\u00eda t\u00edpica. \n\n\u2728 Qu\u00e9 encontrar\u00e1s:\n\u00b7 Huevos decorados (pisanki): pintados a mano y con dise\u00f1os que parecen obras de arte.\n\u00b7 Artesan\u00eda y recuerdos: figuras de madera, cestas trenzadas y adornos para la casa.\n\u00b7 Productos locales: quesos, embutidos y pan reci\u00e9n hecho, perfectos para llevar a casa.\n\nAdem\u00e1s de comprar, los mercados ofrecen demostraciones, talleres y actividades para toda la familia, convirti\u00e9ndose en un punto de encuentro lleno de vida y alegr\u00eda. \ud83c\udfa8\ud83d\udc68\u200d\ud83d\udc69\u200d\ud83d\udc67\u200d\ud83d\udc66\n\nSi visitas Polonia en Semana Santa, perderse entre sus mercados es una experiencia que no te puedes perder. \u00a1Color, sabor y tradici\u00f3n en cada puesto! \u2764\ufe0f\n\n-----\n\nPT_ Descubra a magia dos mercados da P\u00e1scoa na Pol\u00f3nia \ud83c\udf38\ud83d\udc23\n\nNa Pol\u00f3nia, a P\u00e1scoa \u00e9 celebrada com tradi\u00e7\u00f5es coloridas, saborosas e artesanais. Os mercados da P\u00e1scoa s\u00e3o um ponto alto, onde os habitantes locais e os turistas se misturam entre bancas repletas de iguarias e artesanato tradicional. \n\n\u2728 O que vai encontrar:\n\u2022 Ovos decorados (pisanki): pintados \u00e0 m\u00e3o com desenhos que parecem obras de arte.\n\u2022 Artesanato e lembran\u00e7as: estatuetas de madeira, cestos entran\u00e7ados e artigos de decora\u00e7\u00e3o para a casa.\n\u2022 Produtos locais: queijos, enchidos e p\u00e3o fresco, perfeitos para levar para casa.\n\nPara al\u00e9m das compras, os mercados oferecem demonstra\u00e7\u00f5es, workshops e atividades para toda a fam\u00edlia, o que os torna um ponto de encontro vibrante e alegre. \ud83c\udfa8\ud83d\udc68\u200d\ud83d\udc69\u200d\ud83d\udc67\u200d\ud83d\udc66\n\nSe visitar a Pol\u00f3nia durante a P\u00e1scoa, perder-se nos seus mercados \u00e9 uma experi\u00eancia imperd\u00edvel. Cor, sabor e tradi\u00e7\u00e3o em cada banca! \u2764\ufe0f\n.\n.\n.\n#P\u00e1scoa #Polonia #MercadosDePascua #Tradiciones #ViajarConSabor #Artesan\u00eda #PoloniaTravel #SemanaSanta #Abril\" aria-hidden=\"true\">\n\t\t<\/a>\n\t<\/div>\n<\/div><div class=\"sbi_item sbi_type_carousel sbi_new sbi_transition\"\n\tid=\"sbi_17902006449242103\" data-date=\"1774814425\">\n\t<div class=\"sbi_photo_wrap\">\n\t\t<a class=\"sbi_photo\" href=\"https:\/\/www.instagram.com\/p\/DWeyG2aD6Fr\/\" target=\"_blank\" rel=\"noopener nofollow\"\n\t\t\tdata-full-res=\"https:\/\/scontent-waw2-2.cdninstagram.com\/v\/t39.30808-6\/657310547_1800196248000187_1644488297423689774_n.jpg?stp=dst-jpg_e35_tt6&#038;_nc_cat=100&#038;ccb=7-5&#038;_nc_sid=18de74&#038;_nc_aid=0&#038;efg=eyJlZmdfdGFnIjoiQ0FST1VTRUxfSVRFTS5iZXN0X2ltYWdlX3VybGdlbi5DMyJ9&#038;_nc_ohc=HNfs5DPXKDUQ7kNvwF4tzsF&#038;_nc_oc=AdppOFIPRxOXqTmFr3hnARV06l95Q-s8DWX58tZ-T53IKJiMd7rkOeIRHQGO6EQeTOnQeW-H04_5V1jOrLuXPdX9&#038;_nc_zt=23&#038;_nc_ht=scontent-waw2-2.cdninstagram.com&#038;edm=ANo9K5cEAAAA&#038;_nc_gid=Wj4imu-O4QPaoo5stnhY9g&#038;_nc_tpa=Q5bMBQERNLBBnl7Ixs0irdVKxlvOIIjdC8EnOjfH8M4zPk572pna0Qx848rONaJsm6lFB9cqsj1pdJgTfg&#038;oh=00_Af35g1EyOCnx7kVvfxuRYYy7idl36W56yXukGbWvStbRAw&#038;oe=69F7D4F0\"\n\t\t\tdata-img-src-set=\"{&quot;d&quot;:&quot;https:\\\/\\\/scontent-waw2-2.cdninstagram.com\\\/v\\\/t39.30808-6\\\/657310547_1800196248000187_1644488297423689774_n.jpg?stp=dst-jpg_e35_tt6&amp;_nc_cat=100&amp;ccb=7-5&amp;_nc_sid=18de74&amp;_nc_aid=0&amp;efg=eyJlZmdfdGFnIjoiQ0FST1VTRUxfSVRFTS5iZXN0X2ltYWdlX3VybGdlbi5DMyJ9&amp;_nc_ohc=HNfs5DPXKDUQ7kNvwF4tzsF&amp;_nc_oc=AdppOFIPRxOXqTmFr3hnARV06l95Q-s8DWX58tZ-T53IKJiMd7rkOeIRHQGO6EQeTOnQeW-H04_5V1jOrLuXPdX9&amp;_nc_zt=23&amp;_nc_ht=scontent-waw2-2.cdninstagram.com&amp;edm=ANo9K5cEAAAA&amp;_nc_gid=Wj4imu-O4QPaoo5stnhY9g&amp;_nc_tpa=Q5bMBQERNLBBnl7Ixs0irdVKxlvOIIjdC8EnOjfH8M4zPk572pna0Qx848rONaJsm6lFB9cqsj1pdJgTfg&amp;oh=00_Af35g1EyOCnx7kVvfxuRYYy7idl36W56yXukGbWvStbRAw&amp;oe=69F7D4F0&quot;,&quot;150&quot;:&quot;https:\\\/\\\/scontent-waw2-2.cdninstagram.com\\\/v\\\/t39.30808-6\\\/657310547_1800196248000187_1644488297423689774_n.jpg?stp=dst-jpg_e35_tt6&amp;_nc_cat=100&amp;ccb=7-5&amp;_nc_sid=18de74&amp;_nc_aid=0&amp;efg=eyJlZmdfdGFnIjoiQ0FST1VTRUxfSVRFTS5iZXN0X2ltYWdlX3VybGdlbi5DMyJ9&amp;_nc_ohc=HNfs5DPXKDUQ7kNvwF4tzsF&amp;_nc_oc=AdppOFIPRxOXqTmFr3hnARV06l95Q-s8DWX58tZ-T53IKJiMd7rkOeIRHQGO6EQeTOnQeW-H04_5V1jOrLuXPdX9&amp;_nc_zt=23&amp;_nc_ht=scontent-waw2-2.cdninstagram.com&amp;edm=ANo9K5cEAAAA&amp;_nc_gid=Wj4imu-O4QPaoo5stnhY9g&amp;_nc_tpa=Q5bMBQERNLBBnl7Ixs0irdVKxlvOIIjdC8EnOjfH8M4zPk572pna0Qx848rONaJsm6lFB9cqsj1pdJgTfg&amp;oh=00_Af35g1EyOCnx7kVvfxuRYYy7idl36W56yXukGbWvStbRAw&amp;oe=69F7D4F0&quot;,&quot;320&quot;:&quot;https:\\\/\\\/scontent-waw2-2.cdninstagram.com\\\/v\\\/t39.30808-6\\\/657310547_1800196248000187_1644488297423689774_n.jpg?stp=dst-jpg_e35_tt6&amp;_nc_cat=100&amp;ccb=7-5&amp;_nc_sid=18de74&amp;_nc_aid=0&amp;efg=eyJlZmdfdGFnIjoiQ0FST1VTRUxfSVRFTS5iZXN0X2ltYWdlX3VybGdlbi5DMyJ9&amp;_nc_ohc=HNfs5DPXKDUQ7kNvwF4tzsF&amp;_nc_oc=AdppOFIPRxOXqTmFr3hnARV06l95Q-s8DWX58tZ-T53IKJiMd7rkOeIRHQGO6EQeTOnQeW-H04_5V1jOrLuXPdX9&amp;_nc_zt=23&amp;_nc_ht=scontent-waw2-2.cdninstagram.com&amp;edm=ANo9K5cEAAAA&amp;_nc_gid=Wj4imu-O4QPaoo5stnhY9g&amp;_nc_tpa=Q5bMBQERNLBBnl7Ixs0irdVKxlvOIIjdC8EnOjfH8M4zPk572pna0Qx848rONaJsm6lFB9cqsj1pdJgTfg&amp;oh=00_Af35g1EyOCnx7kVvfxuRYYy7idl36W56yXukGbWvStbRAw&amp;oe=69F7D4F0&quot;,&quot;640&quot;:&quot;https:\\\/\\\/scontent-waw2-2.cdninstagram.com\\\/v\\\/t39.30808-6\\\/657310547_1800196248000187_1644488297423689774_n.jpg?stp=dst-jpg_e35_tt6&amp;_nc_cat=100&amp;ccb=7-5&amp;_nc_sid=18de74&amp;_nc_aid=0&amp;efg=eyJlZmdfdGFnIjoiQ0FST1VTRUxfSVRFTS5iZXN0X2ltYWdlX3VybGdlbi5DMyJ9&amp;_nc_ohc=HNfs5DPXKDUQ7kNvwF4tzsF&amp;_nc_oc=AdppOFIPRxOXqTmFr3hnARV06l95Q-s8DWX58tZ-T53IKJiMd7rkOeIRHQGO6EQeTOnQeW-H04_5V1jOrLuXPdX9&amp;_nc_zt=23&amp;_nc_ht=scontent-waw2-2.cdninstagram.com&amp;edm=ANo9K5cEAAAA&amp;_nc_gid=Wj4imu-O4QPaoo5stnhY9g&amp;_nc_tpa=Q5bMBQERNLBBnl7Ixs0irdVKxlvOIIjdC8EnOjfH8M4zPk572pna0Qx848rONaJsm6lFB9cqsj1pdJgTfg&amp;oh=00_Af35g1EyOCnx7kVvfxuRYYy7idl36W56yXukGbWvStbRAw&amp;oe=69F7D4F0&quot;}\">\n\t\t\t<span class=\"sbi-screenreader\">ES_En Polonia, el Domingo de Ramos se vive con una<\/span>\n\t\t\t<svg class=\"svg-inline--fa fa-clone fa-w-16 sbi_lightbox_carousel_icon\" aria-hidden=\"true\" aria-label=\"Clone\" data-fa-pro\u0192cessed=\"\" data-prefix=\"far\" data-icon=\"clone\" role=\"img\" xmlns=\"http:\/\/www.w3.org\/2000\/svg\" viewBox=\"0 0 512 512\">\n                    <path fill=\"currentColor\" d=\"M464 0H144c-26.51 0-48 21.49-48 48v48H48c-26.51 0-48 21.49-48 48v320c0 26.51 21.49 48 48 48h320c26.51 0 48-21.49 48-48v-48h48c26.51 0 48-21.49 48-48V48c0-26.51-21.49-48-48-48zM362 464H54a6 6 0 0 1-6-6V150a6 6 0 0 1 6-6h42v224c0 26.51 21.49 48 48 48h224v42a6 6 0 0 1-6 6zm96-96H150a6 6 0 0 1-6-6V54a6 6 0 0 1 6-6h308a6 6 0 0 1 6 6v308a6 6 0 0 1-6 6z\"><\/path>\n                <\/svg>\t\t\t\t\t\t<img decoding=\"async\" src=\"https:\/\/www.polonia.travel\/es\/wp-content\/plugins\/instagram-feed\/img\/placeholder.png\" alt=\"ES_En Polonia, el Domingo de Ramos se vive con una tradici\u00f3n \u00fanica y llena de color \ud83c\udf3f\u2728\n\nAqu\u00ed, en lugar de hojas de palma, se utilizan las famosas \u201cpalmas\u201d hechas a mano con ramas de sauce, flores secas y cintas de colores. Estas aut\u00e9nticas obras de arte se bendicen en la iglesia y simbolizan la vida, la renovaci\u00f3n y la llegada de la primavera.\n\nEn muchos pueblos, como Lipnica Murowana, se celebran concursos donde se crean palmas gigantes que pueden alcanzar varios metros de altura \ud83d\ude0d\n\nUna tradici\u00f3n que mezcla fe, creatividad y comunidad\u2026 y que convierte esta celebraci\u00f3n en algo realmente especial.\n\n---\n\nPT_ Na Polonia, o Domingo de Ramos vive-se com uma tradi\u00e7\u00e3o \u00fanica e cheia de cor \ud83c\udf3f\u2728\n\nAqui, em vez de folhas de palmeira, utilizam-se as famosas \u201cpalmas\u201d feitas \u00e0 m\u00e3o com ramos de salgueiro, flores secas e fitas coloridas. Estas aut\u00eanticas obras de arte s\u00e3o benzidas na igreja e simbolizam a vida, a renova\u00e7\u00e3o e a chegada da primavera.\n\nEm muitas localidades, como Lipnica Murowana, realizam-se concursos onde se criam palmas gigantes que podem atingir v\u00e1rios metros de altura \ud83d\ude0d\n\nUma tradi\u00e7\u00e3o que mistura f\u00e9, criatividade e comunidade\u2026 e que torna esta celebra\u00e7\u00e3o verdadeiramente especial.\n.\n.\n.\n#Polonia #DomingoDeRamos #Tradiciones #SemanaSanta #CulturaPolaca #PoloniaTravel #Tradi\u00e7\u00f5es #Pol\u00f3nia\" aria-hidden=\"true\">\n\t\t<\/a>\n\t<\/div>\n<\/div><div class=\"sbi_item sbi_type_carousel sbi_new sbi_transition\"\n\tid=\"sbi_17946870948133984\" data-date=\"1774624142\">\n\t<div class=\"sbi_photo_wrap\">\n\t\t<a class=\"sbi_photo\" href=\"https:\/\/www.instagram.com\/p\/DWZHK5_lxlG\/\" target=\"_blank\" rel=\"noopener nofollow\"\n\t\t\tdata-full-res=\"https:\/\/scontent-waw2-2.cdninstagram.com\/v\/t39.30808-6\/657582102_1800213941331751_874141258486390639_n.jpg?stp=dst-jpg_e35_tt6&#038;_nc_cat=102&#038;ccb=7-5&#038;_nc_sid=18de74&#038;efg=eyJlZmdfdGFnIjoiQ0FST1VTRUxfSVRFTS5iZXN0X2ltYWdlX3VybGdlbi5DMyJ9&#038;_nc_ohc=fp03JwLZF5MQ7kNvwEkb9tW&#038;_nc_oc=AdrHiZTaiLa1561srh_z9EGPdDLK2gRgI-aA30iNC42itKl3bDxlMhb9-jYHcVyq84fL99fGTK87QWiCf38fl1lA&#038;_nc_zt=23&#038;_nc_ht=scontent-waw2-2.cdninstagram.com&#038;edm=ANo9K5cEAAAA&#038;_nc_gid=Wj4imu-O4QPaoo5stnhY9g&#038;_nc_tpa=Q5bMBQFl7TonKgcZrPnJM4rqN0S8rNOgKyU5Gd0ilhcara4emjCvWMAlU37tcFjIiysiIZWskVrrZUh-_g&#038;oh=00_Af21a6DOZfeAMTNbF846QD0PAyNZ2dxspDu-j3bGC-MNOA&#038;oe=69F7D0D0\"\n\t\t\tdata-img-src-set=\"{&quot;d&quot;:&quot;https:\\\/\\\/scontent-waw2-2.cdninstagram.com\\\/v\\\/t39.30808-6\\\/657582102_1800213941331751_874141258486390639_n.jpg?stp=dst-jpg_e35_tt6&amp;_nc_cat=102&amp;ccb=7-5&amp;_nc_sid=18de74&amp;efg=eyJlZmdfdGFnIjoiQ0FST1VTRUxfSVRFTS5iZXN0X2ltYWdlX3VybGdlbi5DMyJ9&amp;_nc_ohc=fp03JwLZF5MQ7kNvwEkb9tW&amp;_nc_oc=AdrHiZTaiLa1561srh_z9EGPdDLK2gRgI-aA30iNC42itKl3bDxlMhb9-jYHcVyq84fL99fGTK87QWiCf38fl1lA&amp;_nc_zt=23&amp;_nc_ht=scontent-waw2-2.cdninstagram.com&amp;edm=ANo9K5cEAAAA&amp;_nc_gid=Wj4imu-O4QPaoo5stnhY9g&amp;_nc_tpa=Q5bMBQFl7TonKgcZrPnJM4rqN0S8rNOgKyU5Gd0ilhcara4emjCvWMAlU37tcFjIiysiIZWskVrrZUh-_g&amp;oh=00_Af21a6DOZfeAMTNbF846QD0PAyNZ2dxspDu-j3bGC-MNOA&amp;oe=69F7D0D0&quot;,&quot;150&quot;:&quot;https:\\\/\\\/scontent-waw2-2.cdninstagram.com\\\/v\\\/t39.30808-6\\\/657582102_1800213941331751_874141258486390639_n.jpg?stp=dst-jpg_e35_tt6&amp;_nc_cat=102&amp;ccb=7-5&amp;_nc_sid=18de74&amp;efg=eyJlZmdfdGFnIjoiQ0FST1VTRUxfSVRFTS5iZXN0X2ltYWdlX3VybGdlbi5DMyJ9&amp;_nc_ohc=fp03JwLZF5MQ7kNvwEkb9tW&amp;_nc_oc=AdrHiZTaiLa1561srh_z9EGPdDLK2gRgI-aA30iNC42itKl3bDxlMhb9-jYHcVyq84fL99fGTK87QWiCf38fl1lA&amp;_nc_zt=23&amp;_nc_ht=scontent-waw2-2.cdninstagram.com&amp;edm=ANo9K5cEAAAA&amp;_nc_gid=Wj4imu-O4QPaoo5stnhY9g&amp;_nc_tpa=Q5bMBQFl7TonKgcZrPnJM4rqN0S8rNOgKyU5Gd0ilhcara4emjCvWMAlU37tcFjIiysiIZWskVrrZUh-_g&amp;oh=00_Af21a6DOZfeAMTNbF846QD0PAyNZ2dxspDu-j3bGC-MNOA&amp;oe=69F7D0D0&quot;,&quot;320&quot;:&quot;https:\\\/\\\/scontent-waw2-2.cdninstagram.com\\\/v\\\/t39.30808-6\\\/657582102_1800213941331751_874141258486390639_n.jpg?stp=dst-jpg_e35_tt6&amp;_nc_cat=102&amp;ccb=7-5&amp;_nc_sid=18de74&amp;efg=eyJlZmdfdGFnIjoiQ0FST1VTRUxfSVRFTS5iZXN0X2ltYWdlX3VybGdlbi5DMyJ9&amp;_nc_ohc=fp03JwLZF5MQ7kNvwEkb9tW&amp;_nc_oc=AdrHiZTaiLa1561srh_z9EGPdDLK2gRgI-aA30iNC42itKl3bDxlMhb9-jYHcVyq84fL99fGTK87QWiCf38fl1lA&amp;_nc_zt=23&amp;_nc_ht=scontent-waw2-2.cdninstagram.com&amp;edm=ANo9K5cEAAAA&amp;_nc_gid=Wj4imu-O4QPaoo5stnhY9g&amp;_nc_tpa=Q5bMBQFl7TonKgcZrPnJM4rqN0S8rNOgKyU5Gd0ilhcara4emjCvWMAlU37tcFjIiysiIZWskVrrZUh-_g&amp;oh=00_Af21a6DOZfeAMTNbF846QD0PAyNZ2dxspDu-j3bGC-MNOA&amp;oe=69F7D0D0&quot;,&quot;640&quot;:&quot;https:\\\/\\\/scontent-waw2-2.cdninstagram.com\\\/v\\\/t39.30808-6\\\/657582102_1800213941331751_874141258486390639_n.jpg?stp=dst-jpg_e35_tt6&amp;_nc_cat=102&amp;ccb=7-5&amp;_nc_sid=18de74&amp;efg=eyJlZmdfdGFnIjoiQ0FST1VTRUxfSVRFTS5iZXN0X2ltYWdlX3VybGdlbi5DMyJ9&amp;_nc_ohc=fp03JwLZF5MQ7kNvwEkb9tW&amp;_nc_oc=AdrHiZTaiLa1561srh_z9EGPdDLK2gRgI-aA30iNC42itKl3bDxlMhb9-jYHcVyq84fL99fGTK87QWiCf38fl1lA&amp;_nc_zt=23&amp;_nc_ht=scontent-waw2-2.cdninstagram.com&amp;edm=ANo9K5cEAAAA&amp;_nc_gid=Wj4imu-O4QPaoo5stnhY9g&amp;_nc_tpa=Q5bMBQFl7TonKgcZrPnJM4rqN0S8rNOgKyU5Gd0ilhcara4emjCvWMAlU37tcFjIiysiIZWskVrrZUh-_g&amp;oh=00_Af21a6DOZfeAMTNbF846QD0PAyNZ2dxspDu-j3bGC-MNOA&amp;oe=69F7D0D0&quot;}\">\n\t\t\t<span class=\"sbi-screenreader\">ES_ \u00bfTe imaginas descubrir Polonia a tu ritmo, des<\/span>\n\t\t\t<svg class=\"svg-inline--fa fa-clone fa-w-16 sbi_lightbox_carousel_icon\" aria-hidden=\"true\" aria-label=\"Clone\" data-fa-pro\u0192cessed=\"\" data-prefix=\"far\" data-icon=\"clone\" role=\"img\" xmlns=\"http:\/\/www.w3.org\/2000\/svg\" viewBox=\"0 0 512 512\">\n                    <path fill=\"currentColor\" d=\"M464 0H144c-26.51 0-48 21.49-48 48v48H48c-26.51 0-48 21.49-48 48v320c0 26.51 21.49 48 48 48h320c26.51 0 48-21.49 48-48v-48h48c26.51 0 48-21.49 48-48V48c0-26.51-21.49-48-48-48zM362 464H54a6 6 0 0 1-6-6V150a6 6 0 0 1 6-6h42v224c0 26.51 21.49 48 48 48h224v42a6 6 0 0 1-6 6zm96-96H150a6 6 0 0 1-6-6V54a6 6 0 0 1 6-6h308a6 6 0 0 1 6 6v308a6 6 0 0 1-6 6z\"><\/path>\n                <\/svg>\t\t\t\t\t\t<img decoding=\"async\" src=\"https:\/\/www.polonia.travel\/es\/wp-content\/plugins\/instagram-feed\/img\/placeholder.png\" alt=\"ES_ \u00bfTe imaginas descubrir Polonia a tu ritmo, despertando cada d\u00eda en un lugar diferente? \ud83e\udd29\n\nViajar en autocaravana o camper es una de las mejores formas de explorar este pa\u00eds lleno de historia, naturaleza y rincones sorprendentes. Desde ciudades con encanto hasta parques naturales impresionantes, Polonia lo tiene todo para una aventura sobre ruedas. \ud83d\ude90\u2728\n\n---\n\nPT_ Imagine descobrir a Pol\u00f3nia ao seu pr\u00f3prio ritmo, acordando num lugar diferente todos os dias?\ud83c\udf37\n\nViajar de autocaravana ou camper \u00e9 uma das melhores formas de explorar este pa\u00eds cheio de hist\u00f3ria, natureza e recantos surpreendentes. Desde cidades cheias de encanto at\u00e9 parques naturais impressionantes, a Pol\u00f3nia tem tudo para uma aventura sobre rodas.\n.\n.\n.\n#Polonia #Autocaravana #VanLife #ViajarDiferente #RutasEnCamper #PoloniaTravel\" aria-hidden=\"true\">\n\t\t<\/a>\n\t<\/div>\n<\/div>\t<\/div>\n\n\t<div id=\"sbi_load\" >\n\n\t\n\t\n<\/div>\n\t\t<span class=\"sbi_resized_image_data\" data-feed-id=\"*3\"\n\t\t  data-resized=\"{&quot;17946870948133984&quot;:{&quot;id&quot;:&quot;657582102_1800213941331751_874141258486390639_n&quot;,&quot;ratio&quot;:&quot;0.80&quot;,&quot;sizes&quot;:{&quot;full&quot;:640,&quot;low&quot;:320,&quot;thumb&quot;:150},&quot;extension&quot;:&quot;.webp&quot;},&quot;17902006449242103&quot;:{&quot;id&quot;:&quot;657310547_1800196248000187_1644488297423689774_n&quot;,&quot;ratio&quot;:&quot;0.80&quot;,&quot;sizes&quot;:{&quot;full&quot;:640,&quot;low&quot;:320,&quot;thumb&quot;:150},&quot;extension&quot;:&quot;.webp&quot;},&quot;17972197476008989&quot;:{&quot;id&quot;:&quot;660535827_1802773927742419_565167986536035318_n&quot;,&quot;ratio&quot;:&quot;0.80&quot;,&quot;sizes&quot;:{&quot;full&quot;:640,&quot;low&quot;:320,&quot;thumb&quot;:150},&quot;extension&quot;:&quot;.webp&quot;},&quot;18414571780131664&quot;:{&quot;id&quot;:&quot;657462488_1802747637745048_1297905082536958773_n&quot;,&quot;ratio&quot;:&quot;0.80&quot;,&quot;sizes&quot;:{&quot;full&quot;:640,&quot;low&quot;:320,&quot;thumb&quot;:150},&quot;extension&quot;:&quot;.webp&quot;},&quot;18046081118741228&quot;:{&quot;id&quot;:&quot;658914886_1804802014206277_3001025890448297720_n&quot;,&quot;ratio&quot;:&quot;0.80&quot;,&quot;sizes&quot;:{&quot;full&quot;:640,&quot;low&quot;:320,&quot;thumb&quot;:150},&quot;extension&quot;:&quot;.webp&quot;},&quot;18065329826676114&quot;:{&quot;id&quot;:&quot;658823647_18449780995129926_3133786476184901516_n&quot;,&quot;ratio&quot;:&quot;0.56&quot;,&quot;sizes&quot;:{&quot;full&quot;:640,&quot;low&quot;:320,&quot;thumb&quot;:150},&quot;extension&quot;:&quot;.webp&quot;},&quot;18118335505651355&quot;:{&quot;id&quot;:&quot;670473759_1812064110146734_5409172187179519132_n&quot;,&quot;ratio&quot;:&quot;0.80&quot;,&quot;sizes&quot;:{&quot;full&quot;:640,&quot;low&quot;:320,&quot;thumb&quot;:150},&quot;extension&quot;:&quot;.webp&quot;},&quot;18122118097527167&quot;:{&quot;id&quot;:&quot;669046852_1812741090079036_6195852380616718581_n&quot;,&quot;ratio&quot;:&quot;0.80&quot;,&quot;sizes&quot;:{&quot;full&quot;:640,&quot;low&quot;:320,&quot;thumb&quot;:150},&quot;extension&quot;:&quot;.webp&quot;},&quot;17906046744402065&quot;:{&quot;id&quot;:&quot;670405817_1816367786383033_6102776843802304712_n&quot;,&quot;ratio&quot;:&quot;1.50&quot;,&quot;sizes&quot;:{&quot;full&quot;:640,&quot;low&quot;:320,&quot;thumb&quot;:150},&quot;extension&quot;:&quot;.webp&quot;},&quot;18099060473073362&quot;:{&quot;id&quot;:&quot;670625759_18451268623129926_2899648197844607429_n&quot;,&quot;ratio&quot;:&quot;0.56&quot;,&quot;sizes&quot;:{&quot;full&quot;:640,&quot;low&quot;:320,&quot;thumb&quot;:150},&quot;extension&quot;:&quot;.webp&quot;},&quot;18097549016024460&quot;:{&quot;id&quot;:&quot;676671427_1870103210341573_4490732766132520140_n.png&quot;,&quot;ratio&quot;:&quot;0.80&quot;,&quot;sizes&quot;:{&quot;full&quot;:640,&quot;low&quot;:320,&quot;thumb&quot;:150},&quot;extension&quot;:&quot;.webp&quot;},&quot;18052336328534106&quot;:{&quot;id&quot;:&quot;674434248_1687867349327328_4398414094645158635_n&quot;,&quot;ratio&quot;:&quot;0.56&quot;,&quot;sizes&quot;:{&quot;full&quot;:640,&quot;low&quot;:320,&quot;thumb&quot;:150},&quot;extension&quot;:&quot;.webp&quot;}}\">\n\t<\/span>\n\t<\/div>\n\n\n","protected":false},"excerpt":{"rendered":"<p>Ciudades \u00bfVarsovia o Cracovia? Estas son las dos ciudades m\u00e1s conocidas y m\u00e1s visitadas en Polonia. Hacer escapada a una de ellas es buena opci\u00f3n aunque te quedes con una visi\u00f3n limitada del pa\u00eds. De hecho, estas dos protagonistas tienen grandes rivales que puedes descubrir durante un viaje m\u00e1s extenso. Todo depende de tus intereses: [&hellip;]<\/p>\n","protected":false},"author":3,"featured_media":0,"parent":0,"menu_order":0,"comment_status":"closed","ping_status":"closed","template":"","meta":{"_acf_changed":false,"footnotes":""},"class_list":["post-20684","page","type-page","status-publish","hentry"],"acf":[],"yoast_head":"<!-- This site is optimized with the Yoast SEO plugin v27.4 - https:\/\/yoast.com\/product\/yoast-seo-wordpress\/ -->\n<title>Ciudades - Polonia Travel (ES)<\/title>\n<meta name=\"robots\" content=\"index, follow, max-snippet:-1, max-image-preview:large, max-video-preview:-1\" \/>\n<link rel=\"canonical\" href=\"https:\/\/www.polonia.travel\/es\/ciudades\/\" \/>\n<meta property=\"og:locale\" content=\"pl_PL\" \/>\n<meta property=\"og:type\" content=\"article\" \/>\n<meta property=\"og:title\" content=\"Ciudades - Polonia Travel (ES)\" \/>\n<meta property=\"og:description\" content=\"Ciudades \u00bfVarsovia o Cracovia? Estas son las dos ciudades m\u00e1s conocidas y m\u00e1s visitadas en Polonia. Hacer escapada a una de ellas es buena opci\u00f3n aunque te quedes con una visi\u00f3n limitada del pa\u00eds. De hecho, estas dos protagonistas tienen grandes rivales que puedes descubrir durante un viaje m\u00e1s extenso. Todo depende de tus intereses: [&hellip;]\" \/>\n<meta property=\"og:url\" content=\"https:\/\/www.polonia.travel\/es\/ciudades\/\" \/>\n<meta property=\"og:site_name\" content=\"Polonia Travel (ES)\" \/>\n<meta property=\"article:modified_time\" content=\"2024-09-20T09:37:03+00:00\" \/>\n<meta name=\"twitter:card\" content=\"summary_large_image\" \/>\n<meta name=\"twitter:label1\" content=\"Szacowany czas czytania\" \/>\n\t<meta name=\"twitter:data1\" content=\"2 minuty\" \/>\n<script type=\"application\/ld+json\" class=\"yoast-schema-graph\">{\"@context\":\"https:\\\/\\\/schema.org\",\"@graph\":[{\"@type\":\"WebPage\",\"@id\":\"https:\\\/\\\/www.polonia.travel\\\/es\\\/ciudades\\\/\",\"url\":\"https:\\\/\\\/www.polonia.travel\\\/es\\\/ciudades\\\/\",\"name\":\"Ciudades - Polonia Travel (ES)\",\"isPartOf\":{\"@id\":\"https:\\\/\\\/www.polonia.travel\\\/es\\\/#website\"},\"datePublished\":\"2023-02-16T08:21:14+00:00\",\"dateModified\":\"2024-09-20T09:37:03+00:00\",\"breadcrumb\":{\"@id\":\"https:\\\/\\\/www.polonia.travel\\\/es\\\/ciudades\\\/#breadcrumb\"},\"inLanguage\":\"pl-PL\",\"potentialAction\":[{\"@type\":\"ReadAction\",\"target\":[\"https:\\\/\\\/www.polonia.travel\\\/es\\\/ciudades\\\/\"]}]},{\"@type\":\"BreadcrumbList\",\"@id\":\"https:\\\/\\\/www.polonia.travel\\\/es\\\/ciudades\\\/#breadcrumb\",\"itemListElement\":[{\"@type\":\"ListItem\",\"position\":1,\"name\":\"Home page\",\"item\":\"https:\\\/\\\/www.polonia.travel\\\/es\\\/\"},{\"@type\":\"ListItem\",\"position\":2,\"name\":\"Ciudades\"}]},{\"@type\":\"WebSite\",\"@id\":\"https:\\\/\\\/www.polonia.travel\\\/es\\\/#website\",\"url\":\"https:\\\/\\\/www.polonia.travel\\\/es\\\/\",\"name\":\"Polonia Travel (ES)\",\"description\":\"...\",\"publisher\":{\"@id\":\"https:\\\/\\\/www.polonia.travel\\\/es\\\/#organization\"},\"potentialAction\":[{\"@type\":\"SearchAction\",\"target\":{\"@type\":\"EntryPoint\",\"urlTemplate\":\"https:\\\/\\\/www.polonia.travel\\\/es\\\/?s={search_term_string}\"},\"query-input\":{\"@type\":\"PropertyValueSpecification\",\"valueRequired\":true,\"valueName\":\"search_term_string\"}}],\"inLanguage\":\"pl-PL\"},{\"@type\":\"Organization\",\"@id\":\"https:\\\/\\\/www.polonia.travel\\\/es\\\/#organization\",\"name\":\"Polonia Travel (ES)\",\"url\":\"https:\\\/\\\/www.polonia.travel\\\/es\\\/\",\"logo\":{\"@type\":\"ImageObject\",\"inLanguage\":\"pl-PL\",\"@id\":\"https:\\\/\\\/www.polonia.travel\\\/es\\\/#\\\/schema\\\/logo\\\/image\\\/\",\"url\":\"\",\"contentUrl\":\"\",\"caption\":\"Polonia Travel (ES)\"},\"image\":{\"@id\":\"https:\\\/\\\/www.polonia.travel\\\/es\\\/#\\\/schema\\\/logo\\\/image\\\/\"}}]}<\/script>\n<!-- \/ Yoast SEO plugin. -->","yoast_head_json":{"title":"Ciudades - Polonia Travel (ES)","robots":{"index":"index","follow":"follow","max-snippet":"max-snippet:-1","max-image-preview":"max-image-preview:large","max-video-preview":"max-video-preview:-1"},"canonical":"https:\/\/www.polonia.travel\/es\/ciudades\/","og_locale":"pl_PL","og_type":"article","og_title":"Ciudades - Polonia Travel (ES)","og_description":"Ciudades \u00bfVarsovia o Cracovia? Estas son las dos ciudades m\u00e1s conocidas y m\u00e1s visitadas en Polonia. Hacer escapada a una de ellas es buena opci\u00f3n aunque te quedes con una visi\u00f3n limitada del pa\u00eds. De hecho, estas dos protagonistas tienen grandes rivales que puedes descubrir durante un viaje m\u00e1s extenso. Todo depende de tus intereses: [&hellip;]","og_url":"https:\/\/www.polonia.travel\/es\/ciudades\/","og_site_name":"Polonia Travel (ES)","article_modified_time":"2024-09-20T09:37:03+00:00","twitter_card":"summary_large_image","twitter_misc":{"Szacowany czas czytania":"2 minuty"},"schema":{"@context":"https:\/\/schema.org","@graph":[{"@type":"WebPage","@id":"https:\/\/www.polonia.travel\/es\/ciudades\/","url":"https:\/\/www.polonia.travel\/es\/ciudades\/","name":"Ciudades - Polonia Travel (ES)","isPartOf":{"@id":"https:\/\/www.polonia.travel\/es\/#website"},"datePublished":"2023-02-16T08:21:14+00:00","dateModified":"2024-09-20T09:37:03+00:00","breadcrumb":{"@id":"https:\/\/www.polonia.travel\/es\/ciudades\/#breadcrumb"},"inLanguage":"pl-PL","potentialAction":[{"@type":"ReadAction","target":["https:\/\/www.polonia.travel\/es\/ciudades\/"]}]},{"@type":"BreadcrumbList","@id":"https:\/\/www.polonia.travel\/es\/ciudades\/#breadcrumb","itemListElement":[{"@type":"ListItem","position":1,"name":"Home page","item":"https:\/\/www.polonia.travel\/es\/"},{"@type":"ListItem","position":2,"name":"Ciudades"}]},{"@type":"WebSite","@id":"https:\/\/www.polonia.travel\/es\/#website","url":"https:\/\/www.polonia.travel\/es\/","name":"Polonia Travel (ES)","description":"...","publisher":{"@id":"https:\/\/www.polonia.travel\/es\/#organization"},"potentialAction":[{"@type":"SearchAction","target":{"@type":"EntryPoint","urlTemplate":"https:\/\/www.polonia.travel\/es\/?s={search_term_string}"},"query-input":{"@type":"PropertyValueSpecification","valueRequired":true,"valueName":"search_term_string"}}],"inLanguage":"pl-PL"},{"@type":"Organization","@id":"https:\/\/www.polonia.travel\/es\/#organization","name":"Polonia Travel (ES)","url":"https:\/\/www.polonia.travel\/es\/","logo":{"@type":"ImageObject","inLanguage":"pl-PL","@id":"https:\/\/www.polonia.travel\/es\/#\/schema\/logo\/image\/","url":"","contentUrl":"","caption":"Polonia Travel (ES)"},"image":{"@id":"https:\/\/www.polonia.travel\/es\/#\/schema\/logo\/image\/"}}]}},"_links":{"self":[{"href":"https:\/\/www.polonia.travel\/es\/wp-json\/wp\/v2\/pages\/20684","targetHints":{"allow":["GET"]}}],"collection":[{"href":"https:\/\/www.polonia.travel\/es\/wp-json\/wp\/v2\/pages"}],"about":[{"href":"https:\/\/www.polonia.travel\/es\/wp-json\/wp\/v2\/types\/page"}],"author":[{"embeddable":true,"href":"https:\/\/www.polonia.travel\/es\/wp-json\/wp\/v2\/users\/3"}],"replies":[{"embeddable":true,"href":"https:\/\/www.polonia.travel\/es\/wp-json\/wp\/v2\/comments?post=20684"}],"version-history":[{"count":19,"href":"https:\/\/www.polonia.travel\/es\/wp-json\/wp\/v2\/pages\/20684\/revisions"}],"predecessor-version":[{"id":35953,"href":"https:\/\/www.polonia.travel\/es\/wp-json\/wp\/v2\/pages\/20684\/revisions\/35953"}],"wp:attachment":[{"href":"https:\/\/www.polonia.travel\/es\/wp-json\/wp\/v2\/media?parent=20684"}],"curies":[{"name":"wp","href":"https:\/\/api.w.org\/{rel}","templated":true}]}}