{"id":20335,"date":"2023-02-10T13:20:05","date_gmt":"2023-02-10T12:20:05","guid":{"rendered":"https:\/\/en-en.polska.travel\/?page_id=20335"},"modified":"2024-09-20T11:37:34","modified_gmt":"2024-09-20T09:37:34","slug":"monumentos-unesco-en-polonia","status":"publish","type":"page","link":"https:\/\/www.polonia.travel\/es\/monumentos-unesco-en-polonia\/","title":{"rendered":"Monumentos UNESCO en Polonia"},"content":{"rendered":"\n<div class=\"wp-block-group is-style-container\"><div class=\"wp-block-group__inner-container is-layout-constrained wp-block-group-is-layout-constrained\">\n<h2 class=\"wp-block-heading\">Monumentos UNESCO en Polonia<\/h2>\n\n\n\n<p>La declaraci\u00f3n de un monumento como <strong>Patrimonio de la Humanidad<\/strong> reconoce mundialmente sus valores universales. En esta prestigiosa lista se encuentran actualmente (2021) diecis\u00e9is monumentos polacos de muy diferente \u00edndole: desde una mina hasta un parque nacional; en algunos casos, el comit\u00e9 ha valorado tambi\u00e9n el empe\u00f1o de la reconstrucci\u00f3n casi total de conjuntos arquitect\u00f3nicos.&nbsp; Adem\u00e1s, dentro de la categor\u00eda de Patrimonio Inmaterial de la Humanidad se incluyen los belenes de Cracovia, ciudad Patrimonio de Literatura, acompa\u00f1ada de otras ciudades polacas que representan otras artes.<\/p>\n\n\n\n<p>La primera lista de la UNESCO fue publicada en 1978 y en ella se encontraron dos lugares en Polonia que representaban el continente europeo: el casco antiguo de Cracovia y la cercana a la ciudad Mina de Sal Wieliczka.&nbsp;<\/p>\n\n\n\n<p>La variedad de las caracter\u00edsticas de los diferentes lugares declarados Patrimonio Mundial ofrece un amplio abanico de propuestas para los viajeros con diferentes motivos del viaje. Aunque muchos de ellos est\u00e1n incluidos en los circuitos b\u00e1sicos por Polonia, ofrecidos por los turoperadores espa\u00f1oles, algunos ser\u00e1n perfectos para preparar un viaje de autor o a la carta. Presentamos una corta descripci\u00f3n de cada uno de ellos.<\/p>\n\n\n  <div class=\"map-points random\">\r\n    <div class=\"map-points__text-list sr-only\" aria-label=\"Lista punkt\u00f3w na mapie\">\r\n      <h3>Dost\u0119pne punkty na mapie:<\/h3>\r\n      <ul>\r\n                  <li>\r\n            <button type=\"button\" class=\"map-text-point\" data-id=\"22180\"\r\n              aria-describedby=\"mpi-22180\">\r\n              Iglesias g\u00f3ticas de madera             <\/button>\r\n          <\/li>\r\n                  <li>\r\n            <button type=\"button\" class=\"map-text-point\" data-id=\"22127\"\r\n              aria-describedby=\"mpi-22127\">\r\n              Kalwaria Zebrzydowska             <\/button>\r\n          <\/li>\r\n                  <li>\r\n            <button type=\"button\" class=\"map-text-point\" data-id=\"22120\"\r\n              aria-describedby=\"mpi-22120\">\r\n              Cracovia            <\/button>\r\n          <\/li>\r\n                  <li>\r\n            <button type=\"button\" class=\"map-text-point\" data-id=\"22069\"\r\n              aria-describedby=\"mpi-22069\">\r\n              La Mina de Sal de Wieliczka y Bochnia            <\/button>\r\n          <\/li>\r\n                  <li>\r\n            <button type=\"button\" class=\"map-text-point\" data-id=\"22057\"\r\n              aria-describedby=\"mpi-22057\">\r\n              Iglesias ortodoxas de madera             <\/button>\r\n          <\/li>\r\n                  <li>\r\n            <button type=\"button\" class=\"map-text-point\" data-id=\"22052\"\r\n              aria-describedby=\"mpi-22052\">\r\n              Hayedos primarios de los C\u00e1rpatos            <\/button>\r\n          <\/li>\r\n                  <li>\r\n            <button type=\"button\" class=\"map-text-point\" data-id=\"22050\"\r\n              aria-describedby=\"mpi-22050\">\r\n              Antiguo Campo de Concentraci\u00f3n Nazi Auschwitz-Birkenau             <\/button>\r\n          <\/li>\r\n                  <li>\r\n            <button type=\"button\" class=\"map-text-point\" data-id=\"22047\"\r\n              aria-describedby=\"mpi-22047\">\r\n              Mina de Plata, Zinc y Plomo en Tarnowskie G\u00f3ry             <\/button>\r\n          <\/li>\r\n                  <li>\r\n            <button type=\"button\" class=\"map-text-point\" data-id=\"22043\"\r\n              aria-describedby=\"mpi-22043\">\r\n              Pabell\u00f3n del Centenario            <\/button>\r\n          <\/li>\r\n                  <li>\r\n            <button type=\"button\" class=\"map-text-point\" data-id=\"22038\"\r\n              aria-describedby=\"mpi-22038\">\r\n              Iglesias de la Paz            <\/button>\r\n          <\/li>\r\n                  <li>\r\n            <button type=\"button\" class=\"map-text-point\" data-id=\"22033\"\r\n              aria-describedby=\"mpi-22033\">\r\n              Parque Paisaj\u00edstico Mu\u017cakowski            <\/button>\r\n          <\/li>\r\n                  <li>\r\n            <button type=\"button\" class=\"map-text-point\" data-id=\"20632\"\r\n              aria-describedby=\"mpi-20632\">\r\n              Minas prehist\u00f3ricas de s\u00edlex en Krzemionki            <\/button>\r\n          <\/li>\r\n                  <li>\r\n            <button type=\"button\" class=\"map-text-point\" data-id=\"20630\"\r\n              aria-describedby=\"mpi-20630\">\r\n              Zamo\u015b\u0107, ciudad ideal (1992)            <\/button>\r\n          <\/li>\r\n                  <li>\r\n            <button type=\"button\" class=\"map-text-point\" data-id=\"20628\"\r\n              aria-describedby=\"mpi-20628\">\r\n              Varsovia            <\/button>\r\n          <\/li>\r\n                  <li>\r\n            <button type=\"button\" class=\"map-text-point\" data-id=\"20626\"\r\n              aria-describedby=\"mpi-20626\">\r\n              Torun, ciudad natal de Nicol\u00e1s Cop\u00e9rnico            <\/button>\r\n          <\/li>\r\n                  <li>\r\n            <button type=\"button\" class=\"map-text-point\" data-id=\"20353\"\r\n              aria-describedby=\"mpi-20353\">\r\n              Parque Nacional de Bia\u0142owie\u017ca (UNESCO 1979 y 2014)            <\/button>\r\n          <\/li>\r\n                  <li>\r\n            <button type=\"button\" class=\"map-text-point\" data-id=\"20341\"\r\n              aria-describedby=\"mpi-20341\">\r\n              Malbork             <\/button>\r\n          <\/li>\r\n              <\/ul>\r\n    <\/div>\r\n\r\n    <div class=\"map-points__map\" aria-hidden=\"true\">\r\n              <img loading=\"lazy\" decoding=\"async\" src=\"https:\/\/www.polonia.travel\/es\/wp-content\/themes\/polskatravel\/assets\/images\/map.jpg\" alt= width=\"540\" height=\"540\" \/>\r\n      \r\n              <button type=\"button\"\r\n          class=\"map-point map-point--right active\"\r\n          style=\"left:68%;top:85%;\"\r\n          data-id=\"22180\" aria-current=\"true\"          aria-label=\"Wybierz punkt: Iglesias g\u00f3ticas de madera \">\r\n          <span class=\"map-point__name\">Iglesias g\u00f3ticas de madera <\/span>\r\n        <\/button>\r\n              <button type=\"button\"\r\n          class=\"map-point map-point--right\"\r\n          style=\"left:56.11%;top:81.11%;\"\r\n          data-id=\"22127\"           aria-label=\"Wybierz punkt: Kalwaria Zebrzydowska \">\r\n          <span class=\"map-point__name\">Kalwaria Zebrzydowska <\/span>\r\n        <\/button>\r\n              <button type=\"button\"\r\n          class=\"map-point map-point--right\"\r\n          style=\"left:59%;top:77%;\"\r\n          data-id=\"22120\"           aria-label=\"Wybierz punkt: Cracovia\">\r\n          <span class=\"map-point__name\">Cracovia<\/span>\r\n        <\/button>\r\n              <button type=\"button\"\r\n          class=\"map-point map-point--right\"\r\n          style=\"left:62%;top:79%;\"\r\n          data-id=\"22069\"           aria-label=\"Wybierz punkt: La Mina de Sal de Wieliczka y Bochnia\">\r\n          <span class=\"map-point__name\">La Mina de Sal de Wieliczka y Bochnia<\/span>\r\n        <\/button>\r\n              <button type=\"button\"\r\n          class=\"map-point map-point--right\"\r\n          style=\"left:79%;top:87%;\"\r\n          data-id=\"22057\"           aria-label=\"Wybierz punkt: Iglesias ortodoxas de madera \">\r\n          <span class=\"map-point__name\">Iglesias ortodoxas de madera <\/span>\r\n        <\/button>\r\n              <button type=\"button\"\r\n          class=\"map-point map-point--right\"\r\n          style=\"left:82%;top:89%;\"\r\n          data-id=\"22052\"           aria-label=\"Wybierz punkt: Hayedos primarios de los C\u00e1rpatos\">\r\n          <span class=\"map-point__name\">Hayedos primarios de los C\u00e1rpatos<\/span>\r\n        <\/button>\r\n              <button type=\"button\"\r\n          class=\"map-point map-point--right\"\r\n          style=\"left:53.7%;top:78.89%;\"\r\n          data-id=\"22050\"           aria-label=\"Wybierz punkt: Antiguo Campo de Concentraci\u00f3n Nazi Auschwitz-Birkenau \">\r\n          <span class=\"map-point__name\">Antiguo Campo de Concentraci\u00f3n Nazi Auschwitz-Birkenau <\/span>\r\n        <\/button>\r\n              <button type=\"button\"\r\n          class=\"map-point \"\r\n          style=\"left:48%;top:74%;\"\r\n          data-id=\"22047\"           aria-label=\"Wybierz punkt: Mina de Plata, Zinc y Plomo en Tarnowskie G\u00f3ry \">\r\n          <span class=\"map-point__name\">Mina de Plata, Zinc y Plomo en Tarnowskie G\u00f3ry <\/span>\r\n        <\/button>\r\n              <button type=\"button\"\r\n          class=\"map-point \"\r\n          style=\"left:30%;top:63%;\"\r\n          data-id=\"22043\"           aria-label=\"Wybierz punkt: Pabell\u00f3n del Centenario\">\r\n          <span class=\"map-point__name\">Pabell\u00f3n del Centenario<\/span>\r\n        <\/button>\r\n              <button type=\"button\"\r\n          class=\"map-point \"\r\n          style=\"left:27%;top:66%;\"\r\n          data-id=\"22038\"           aria-label=\"Wybierz punkt: Iglesias de la Paz\">\r\n          <span class=\"map-point__name\">Iglesias de la Paz<\/span>\r\n        <\/button>\r\n              <button type=\"button\"\r\n          class=\"map-point \"\r\n          style=\"left:15%;top:58%;\"\r\n          data-id=\"22033\"           aria-label=\"Wybierz punkt: Parque Paisaj\u00edstico Mu\u017cakowski\">\r\n          <span class=\"map-point__name\">Parque Paisaj\u00edstico Mu\u017cakowski<\/span>\r\n        <\/button>\r\n              <button type=\"button\"\r\n          class=\"map-point map-point--right\"\r\n          style=\"left:73%;top:67%;\"\r\n          data-id=\"20632\"           aria-label=\"Wybierz punkt: Minas prehist\u00f3ricas de s\u00edlex en Krzemionki\">\r\n          <span class=\"map-point__name\">Minas prehist\u00f3ricas de s\u00edlex en Krzemionki<\/span>\r\n        <\/button>\r\n              <button type=\"button\"\r\n          class=\"map-point map-point--right\"\r\n          style=\"left:87%;top:67%;\"\r\n          data-id=\"20630\"           aria-label=\"Wybierz punkt: Zamo\u015b\u0107, ciudad ideal (1992)\">\r\n          <span class=\"map-point__name\">Zamo\u015b\u0107, ciudad ideal (1992)<\/span>\r\n        <\/button>\r\n              <button type=\"button\"\r\n          class=\"map-point map-point--right\"\r\n          style=\"left:67%;top:48%;\"\r\n          data-id=\"20628\"           aria-label=\"Wybierz punkt: Varsovia\">\r\n          <span class=\"map-point__name\">Varsovia<\/span>\r\n        <\/button>\r\n              <button type=\"button\"\r\n          class=\"map-point \"\r\n          style=\"left:47%;top:38%;\"\r\n          data-id=\"20626\"           aria-label=\"Wybierz punkt: Torun, ciudad natal de Nicol\u00e1s Cop\u00e9rnico\">\r\n          <span class=\"map-point__name\">Torun, ciudad natal de Nicol\u00e1s Cop\u00e9rnico<\/span>\r\n        <\/button>\r\n              <button type=\"button\"\r\n          class=\"map-point map-point--right\"\r\n          style=\"left:89%;top:39%;\"\r\n          data-id=\"20353\"           aria-label=\"Wybierz punkt: Parque Nacional de Bia\u0142owie\u017ca (UNESCO 1979 y 2014)\">\r\n          <span class=\"map-point__name\">Parque Nacional de Bia\u0142owie\u017ca (UNESCO 1979 y 2014)<\/span>\r\n        <\/button>\r\n              <button type=\"button\"\r\n          class=\"map-point \"\r\n          style=\"left:50%;top:24%;\"\r\n          data-id=\"20341\"           aria-label=\"Wybierz punkt: Malbork \">\r\n          <span class=\"map-point__name\">Malbork <\/span>\r\n        <\/button>\r\n          <\/div>\r\n\r\n    <div class=\"map-points__info\" role=\"region\" aria-live=\"polite\"\r\n      aria-label=\"Informacje o wybranym punkcie\">\r\n      <div class=\"mpi active\" data-id=\"0\">\r\n                <div class=\"mpi__title is-style-heading-28\"><\/div>\r\n        <p><\/p>\r\n      <\/div>\r\n\r\n              <div class=\"mpi\" data-id=\"22180\" id=\"mpi-22180\">\r\n                      <div class=\"mpi__image\">\r\n              <img loading=\"lazy\" decoding=\"async\" width=\"600\" height=\"400\" src=\"https:\/\/www.polonia.travel\/es\/wp-content\/uploads\/sites\/18\/2023\/03\/ks_Sekowa_kosciol_Filipa_Adobe-xl-600x400.jpg\" class=\"attachment-medium size-medium\" alt=\"\" srcset=\"https:\/\/www.polonia.travel\/es\/wp-content\/uploads\/sites\/18\/2023\/03\/ks_Sekowa_kosciol_Filipa_Adobe-xl-600x400.jpg 600w, https:\/\/www.polonia.travel\/es\/wp-content\/uploads\/sites\/18\/2023\/03\/ks_Sekowa_kosciol_Filipa_Adobe-xl-1200x800.jpg 1200w, https:\/\/www.polonia.travel\/es\/wp-content\/uploads\/sites\/18\/2023\/03\/ks_Sekowa_kosciol_Filipa_Adobe-xl-768x512.jpg 768w, https:\/\/www.polonia.travel\/es\/wp-content\/uploads\/sites\/18\/2023\/03\/ks_Sekowa_kosciol_Filipa_Adobe-xl.jpg 1224w\" sizes=\"auto, (max-width: 600px) 100vw, 600px\" \/>            <\/div>\r\n                    <div class=\"mpi__title is-style-heading-28\">Iglesias g\u00f3ticas de madera <\/div>\r\n          <p>La ruta de estas iglesias supone viajar, de manera pausada y tranquila, por la regi\u00f3n de Cracovia y la de Subc\u00e1rpatos, en el cono sureste de Polonia. Su estilo refleja la fe de los monta\u00f1eses de esta parte de Polonia y su caracter\u00edstico estilo donde prima el uso de la madera para construcci\u00f3n del edificio en s\u00ed, y para la decoraci\u00f3n interior.<\/p>\r\n                      <div class=\"text-right\">\r\n              <a href=\"https:\/\/www.polonia.travel\/es\/iglesias-goticas-de-madera-2003\/\"\r\n                class=\"btn btn--blue-border\">\r\n                Leer m\u00e1s              <\/a>\r\n            <\/div>\r\n                  <\/div>\r\n              <div class=\"mpi\" data-id=\"22127\" id=\"mpi-22127\">\r\n                      <div class=\"mpi__image\">\r\n              <img loading=\"lazy\" decoding=\"async\" width=\"600\" height=\"355\" src=\"https:\/\/www.polonia.travel\/es\/wp-content\/uploads\/sites\/18\/2023\/03\/Kalwaria_Zebrzydowska-me-e1679402213325-600x355.jpg\" class=\"attachment-medium size-medium\" alt=\"\" srcset=\"https:\/\/www.polonia.travel\/es\/wp-content\/uploads\/sites\/18\/2023\/03\/Kalwaria_Zebrzydowska-me-e1679402213325-600x355.jpg 600w, https:\/\/www.polonia.travel\/es\/wp-content\/uploads\/sites\/18\/2023\/03\/Kalwaria_Zebrzydowska-me-e1679402213325-768x455.jpg 768w, https:\/\/www.polonia.travel\/es\/wp-content\/uploads\/sites\/18\/2023\/03\/Kalwaria_Zebrzydowska-me-e1679402213325.jpg 792w\" sizes=\"auto, (max-width: 600px) 100vw, 600px\" \/>            <\/div>\r\n                    <div class=\"mpi__title is-style-heading-28\">Kalwaria Zebrzydowska <\/div>\r\n          <p>A tan solo 40 km de Cracovia se encuentra el lugar relacionado con las procesiones de Semana Santa. Su nombre en polaco significa El Calvario Zebrzydowska y es aqu\u00ed donde se celebra la mayor procesi\u00f3n de la Semana Santa polaca. El monasterio de Kalwaria Zebrzydowska es un amplio espacio eclesi\u00e1stico-paisaj\u00edstico en lo alto de una colina.<\/p>\r\n                      <div class=\"text-right\">\r\n              <a href=\"https:\/\/www.polonia.travel\/es\/kalwaria-zebrzydowska-1999\/\"\r\n                class=\"btn btn--blue-border\">\r\n                Leer m\u00e1s              <\/a>\r\n            <\/div>\r\n                  <\/div>\r\n              <div class=\"mpi\" data-id=\"22120\" id=\"mpi-22120\">\r\n                      <div class=\"mpi__image\">\r\n              <img loading=\"lazy\" decoding=\"async\" width=\"600\" height=\"400\" src=\"https:\/\/www.polonia.travel\/es\/wp-content\/uploads\/sites\/18\/2023\/03\/Krakow_rynek-me-600x400.jpg\" class=\"attachment-medium size-medium\" alt=\"\" srcset=\"https:\/\/www.polonia.travel\/es\/wp-content\/uploads\/sites\/18\/2023\/03\/Krakow_rynek-me-600x400.jpg 600w, https:\/\/www.polonia.travel\/es\/wp-content\/uploads\/sites\/18\/2023\/03\/Krakow_rynek-me-768x512.jpg 768w, https:\/\/www.polonia.travel\/es\/wp-content\/uploads\/sites\/18\/2023\/03\/Krakow_rynek-me.jpg 792w\" sizes=\"auto, (max-width: 600px) 100vw, 600px\" \/>            <\/div>\r\n                    <div class=\"mpi__title is-style-heading-28\">Cracovia<\/div>\r\n          <p>Wilhelm Feldman, autor y cr\u00edtico, escribi\u00f3 al principio de este siglo; \u201ePara encontrar el alma de Polonia, debes buscar en Cracovia\u201d. Y aunque pasados cien a\u00f1os, la esencia polaca \u2013 su historia y su patrimonio \u2013 se encuentran tambi\u00e9n en otras ciudades, durante la visita a Polonia Cracovia debe estar en la lista.<\/p>\r\n                      <div class=\"text-right\">\r\n              <a href=\"https:\/\/www.polonia.travel\/es\/cracovia-1978\/\"\r\n                class=\"btn btn--blue-border\">\r\n                Leer m\u00e1s              <\/a>\r\n            <\/div>\r\n                  <\/div>\r\n              <div class=\"mpi\" data-id=\"22069\" id=\"mpi-22069\">\r\n                      <div class=\"mpi__image\">\r\n              <img loading=\"lazy\" decoding=\"async\" width=\"600\" height=\"353\" src=\"https:\/\/www.polonia.travel\/es\/wp-content\/uploads\/sites\/18\/2023\/03\/Wieliczka_Kaplica-Michalowice-600x353.jpg\" class=\"attachment-medium size-medium\" alt=\"Wieliczka_Kaplica Micha\u0142owice\" srcset=\"https:\/\/www.polonia.travel\/es\/wp-content\/uploads\/sites\/18\/2023\/03\/Wieliczka_Kaplica-Michalowice-600x353.jpg 600w, https:\/\/www.polonia.travel\/es\/wp-content\/uploads\/sites\/18\/2023\/03\/Wieliczka_Kaplica-Michalowice-1200x706.jpg 1200w, https:\/\/www.polonia.travel\/es\/wp-content\/uploads\/sites\/18\/2023\/03\/Wieliczka_Kaplica-Michalowice-768x452.jpg 768w, https:\/\/www.polonia.travel\/es\/wp-content\/uploads\/sites\/18\/2023\/03\/Wieliczka_Kaplica-Michalowice-1536x904.jpg 1536w, https:\/\/www.polonia.travel\/es\/wp-content\/uploads\/sites\/18\/2023\/03\/Wieliczka_Kaplica-Michalowice.jpg 1920w\" sizes=\"auto, (max-width: 600px) 100vw, 600px\" \/>            <\/div>\r\n                    <div class=\"mpi__title is-style-heading-28\">La Mina de Sal de Wieliczka y Bochnia<\/div>\r\n          <p>La Mina de Sal de Wieliczka, monumento Patrimonio de la Humanidad incluido en la primera lista de la UNESCO de 1978, se encuentra a s\u00f3lo 10 km del centro de Cracovia con f\u00e1cil acceso desde la estaci\u00f3n central de trenes y autobuses Krak\u00f3w G\u0142\u00f3wny o en minibuses privados que salen de su alrededor, o en autob\u00fas urbano n\u00ba 304 con parada enfrente de la misma estaci\u00f3n y la galer\u00eda comercial Galeria Krakowska. La Mina ofrece durante todo el a\u00f1o visitas regulares en espa\u00f1ol dos veces al d\u00eda: a las 11.20 y a las 16.40 horas, y m\u00e1s visitas durante la temporada alta (seg\u00fan demanda). Conviene reservar la visita a trav\u00e9s de una agencia de viajes, comprar billetes online o en taquilla (en este caso con el riesgo de tener que realizar la visita en ingl\u00e9s). En cualquier caso hay que ser puntual porque las visitas empiezan a las horas indicadas.<\/p>\r\n                      <div class=\"text-right\">\r\n              <a href=\"https:\/\/www.polonia.travel\/es\/la-mina-de-sal-de-wieliczka-1978-y-bochnia\/\"\r\n                class=\"btn btn--blue-border\">\r\n                Leer m\u00e1s              <\/a>\r\n            <\/div>\r\n                  <\/div>\r\n              <div class=\"mpi\" data-id=\"22057\" id=\"mpi-22057\">\r\n                      <div class=\"mpi__image\">\r\n              <img loading=\"lazy\" decoding=\"async\" width=\"600\" height=\"397\" src=\"https:\/\/www.polonia.travel\/es\/wp-content\/uploads\/sites\/18\/2023\/03\/4506_Chotyniec_cerkiew_Narodzenia_NMP_KK_HR-600x397.jpg\" class=\"attachment-medium size-medium\" alt=\"\" srcset=\"https:\/\/www.polonia.travel\/es\/wp-content\/uploads\/sites\/18\/2023\/03\/4506_Chotyniec_cerkiew_Narodzenia_NMP_KK_HR-600x397.jpg 600w, https:\/\/www.polonia.travel\/es\/wp-content\/uploads\/sites\/18\/2023\/03\/4506_Chotyniec_cerkiew_Narodzenia_NMP_KK_HR-1200x794.jpg 1200w, https:\/\/www.polonia.travel\/es\/wp-content\/uploads\/sites\/18\/2023\/03\/4506_Chotyniec_cerkiew_Narodzenia_NMP_KK_HR-768x508.jpg 768w, https:\/\/www.polonia.travel\/es\/wp-content\/uploads\/sites\/18\/2023\/03\/4506_Chotyniec_cerkiew_Narodzenia_NMP_KK_HR-1536x1016.jpg 1536w, https:\/\/www.polonia.travel\/es\/wp-content\/uploads\/sites\/18\/2023\/03\/4506_Chotyniec_cerkiew_Narodzenia_NMP_KK_HR-1920x1271.jpg 1920w, https:\/\/www.polonia.travel\/es\/wp-content\/uploads\/sites\/18\/2023\/03\/4506_Chotyniec_cerkiew_Narodzenia_NMP_KK_HR.jpg 2040w\" sizes=\"auto, (max-width: 600px) 100vw, 600px\" \/>            <\/div>\r\n                    <div class=\"mpi__title is-style-heading-28\">Iglesias ortodoxas de madera <\/div>\r\n          <p>Viajando por la parte sur de Polonia, en pueblos y aldeas nos encontraremos con 8 iglesias de madera muy caracter\u00edsticas para la regi\u00f3n de Podhale (al sur de Cracovia) y en los Subc\u00e1rpatos en la regi\u00f3n que lleva el mismo nombre (en polaco Podkarpacie). Se trata de iglesias ortodoxas a las cuales podemos a\u00f1adir seis iglesias g\u00f3ticas, inscritas en la lista de la UNESCO en 2003.<\/p>\r\n                      <div class=\"text-right\">\r\n              <a href=\"https:\/\/www.polonia.travel\/es\/iglesias-ortodoxas-de-madera-2013\/\"\r\n                class=\"btn btn--blue-border\">\r\n                Leer m\u00e1s              <\/a>\r\n            <\/div>\r\n                  <\/div>\r\n              <div class=\"mpi\" data-id=\"22052\" id=\"mpi-22052\">\r\n                      <div class=\"mpi__image\">\r\n              <img loading=\"lazy\" decoding=\"async\" width=\"600\" height=\"351\" src=\"https:\/\/www.polonia.travel\/es\/wp-content\/uploads\/sites\/18\/2023\/03\/lasy-bukowe-AdobeStock_64549064-e1679315591239-600x351.jpeg\" class=\"attachment-medium size-medium\" alt=\"Pradawne i pierwotne lasy bukowe Karpat\" srcset=\"https:\/\/www.polonia.travel\/es\/wp-content\/uploads\/sites\/18\/2023\/03\/lasy-bukowe-AdobeStock_64549064-e1679315591239-600x351.jpeg 600w, https:\/\/www.polonia.travel\/es\/wp-content\/uploads\/sites\/18\/2023\/03\/lasy-bukowe-AdobeStock_64549064-e1679315591239-1200x702.jpeg 1200w, https:\/\/www.polonia.travel\/es\/wp-content\/uploads\/sites\/18\/2023\/03\/lasy-bukowe-AdobeStock_64549064-e1679315591239-768x449.jpeg 768w, https:\/\/www.polonia.travel\/es\/wp-content\/uploads\/sites\/18\/2023\/03\/lasy-bukowe-AdobeStock_64549064-e1679315591239-1536x899.jpeg 1536w, https:\/\/www.polonia.travel\/es\/wp-content\/uploads\/sites\/18\/2023\/03\/lasy-bukowe-AdobeStock_64549064-e1679315591239-1920x1123.jpeg 1920w, https:\/\/www.polonia.travel\/es\/wp-content\/uploads\/sites\/18\/2023\/03\/lasy-bukowe-AdobeStock_64549064-e1679315591239.jpeg 2000w\" sizes=\"auto, (max-width: 600px) 100vw, 600px\" \/>            <\/div>\r\n                    <div class=\"mpi__title is-style-heading-28\">Hayedos primarios de los C\u00e1rpatos<\/div>\r\n          <p>Estos espacios caracterizados por sus hayedos se ubican en las zonas m\u00e1s rec\u00f3nditas del Parque Nacional Bieszczady, y han alcanzado esta m\u00e1xima distinci\u00f3n gracias a su gran valor y diversidad ecol\u00f3gica.<\/p>\r\n                      <div class=\"text-right\">\r\n              <a href=\"https:\/\/www.polonia.travel\/es\/hayedos-primarios-de-los-carpatos-y-otras-regiones-de-europa\/\"\r\n                class=\"btn btn--blue-border\">\r\n                Leer m\u00e1s              <\/a>\r\n            <\/div>\r\n                  <\/div>\r\n              <div class=\"mpi\" data-id=\"22050\" id=\"mpi-22050\">\r\n                      <div class=\"mpi__image\">\r\n              <img loading=\"lazy\" decoding=\"async\" width=\"600\" height=\"400\" src=\"https:\/\/www.polonia.travel\/es\/wp-content\/uploads\/sites\/18\/2022\/12\/Plansza-2-Auschwitz-Birkenau-miniatura-2-600x400.jpg\" class=\"attachment-medium size-medium\" alt=\"\" srcset=\"https:\/\/www.polonia.travel\/es\/wp-content\/uploads\/sites\/18\/2022\/12\/Plansza-2-Auschwitz-Birkenau-miniatura-2-600x400.jpg 600w, https:\/\/www.polonia.travel\/es\/wp-content\/uploads\/sites\/18\/2022\/12\/Plansza-2-Auschwitz-Birkenau-miniatura-2-768x512.jpg 768w, https:\/\/www.polonia.travel\/es\/wp-content\/uploads\/sites\/18\/2022\/12\/Plansza-2-Auschwitz-Birkenau-miniatura-2.jpg 1170w\" sizes=\"auto, (max-width: 600px) 100vw, 600px\" \/>            <\/div>\r\n                    <div class=\"mpi__title is-style-heading-28\">Antiguo Campo de Concentraci\u00f3n Nazi Auschwitz-Birkenau <\/div>\r\n          <p>El Antiguo Campo de Concentraci\u00f3n Nazi Auschwitz-Birkenau se convirti\u00f3 en Museo Estatal justo despu\u00e9s de la salida de los nazis de Polonia. El objetivo era (y lo sigue siendo) preservar los testimonios materiales del holocausto llevado a cabo por Hitler en Europa durante la II Guerra Mundial.  Es uno de estos lugares que nos obliga a aprender de hechos hist\u00f3ricos para que no se vuelvan a repetir.<\/p>\r\n                      <div class=\"text-right\">\r\n              <a href=\"https:\/\/www.polonia.travel\/es\/antiguo-campo-de-concentracion-nazi-auschwitz-birkenau-1979\/\"\r\n                class=\"btn btn--blue-border\">\r\n                Leer m\u00e1s              <\/a>\r\n            <\/div>\r\n                  <\/div>\r\n              <div class=\"mpi\" data-id=\"22047\" id=\"mpi-22047\">\r\n                      <div class=\"mpi__image\">\r\n              <img loading=\"lazy\" decoding=\"async\" width=\"600\" height=\"400\" src=\"https:\/\/www.polonia.travel\/es\/wp-content\/uploads\/sites\/18\/2023\/03\/Zabytkowa-Kopalnia-Srebra-Tarnowskie-Gory-600x400.jpg\" class=\"attachment-medium size-medium\" alt=\"Zabytkowa Kopalnia Srebra w Tarnowskich G\u00f3rach\" srcset=\"https:\/\/www.polonia.travel\/es\/wp-content\/uploads\/sites\/18\/2023\/03\/Zabytkowa-Kopalnia-Srebra-Tarnowskie-Gory-600x400.jpg 600w, https:\/\/www.polonia.travel\/es\/wp-content\/uploads\/sites\/18\/2023\/03\/Zabytkowa-Kopalnia-Srebra-Tarnowskie-Gory-1200x800.jpg 1200w, https:\/\/www.polonia.travel\/es\/wp-content\/uploads\/sites\/18\/2023\/03\/Zabytkowa-Kopalnia-Srebra-Tarnowskie-Gory-768x512.jpg 768w, https:\/\/www.polonia.travel\/es\/wp-content\/uploads\/sites\/18\/2023\/03\/Zabytkowa-Kopalnia-Srebra-Tarnowskie-Gory-1536x1024.jpg 1536w, https:\/\/www.polonia.travel\/es\/wp-content\/uploads\/sites\/18\/2023\/03\/Zabytkowa-Kopalnia-Srebra-Tarnowskie-Gory.jpg 1900w\" sizes=\"auto, (max-width: 600px) 100vw, 600px\" \/>            <\/div>\r\n                    <div class=\"mpi__title is-style-heading-28\">Mina de Plata, Zinc y Plomo en Tarnowskie G\u00f3ry <\/div>\r\n          <p>La regi\u00f3n de Silesia es conocida por haber sido durante siglos una importante cuenca minera a nivel mundial. Adem\u00e1s de las minas de carb\u00f3n, algunas con posibilidad de visita, ofrece tambi\u00e9n otra mina, declarada Patrimonio de la Humanidad.<\/p>\r\n                      <div class=\"text-right\">\r\n              <a href=\"https:\/\/www.polonia.travel\/es\/mina-de-plata-zinc-y-plomo-en-tarnowskie-gory-2017\/\"\r\n                class=\"btn btn--blue-border\">\r\n                Leer m\u00e1s              <\/a>\r\n            <\/div>\r\n                  <\/div>\r\n              <div class=\"mpi\" data-id=\"22043\" id=\"mpi-22043\">\r\n                      <div class=\"mpi__image\">\r\n              <img loading=\"lazy\" decoding=\"async\" width=\"600\" height=\"400\" src=\"https:\/\/www.polonia.travel\/es\/wp-content\/uploads\/sites\/18\/2023\/03\/HalaLudowa-600x400.jpg\" class=\"attachment-medium size-medium\" alt=\"\" srcset=\"https:\/\/www.polonia.travel\/es\/wp-content\/uploads\/sites\/18\/2023\/03\/HalaLudowa-600x400.jpg 600w, https:\/\/www.polonia.travel\/es\/wp-content\/uploads\/sites\/18\/2023\/03\/HalaLudowa-1200x800.jpg 1200w, https:\/\/www.polonia.travel\/es\/wp-content\/uploads\/sites\/18\/2023\/03\/HalaLudowa-768x512.jpg 768w, https:\/\/www.polonia.travel\/es\/wp-content\/uploads\/sites\/18\/2023\/03\/HalaLudowa-1536x1024.jpg 1536w, https:\/\/www.polonia.travel\/es\/wp-content\/uploads\/sites\/18\/2023\/03\/HalaLudowa-1920x1280.jpg 1920w, https:\/\/www.polonia.travel\/es\/wp-content\/uploads\/sites\/18\/2023\/03\/HalaLudowa.jpg 1967w\" sizes=\"auto, (max-width: 600px) 100vw, 600px\" \/>            <\/div>\r\n                    <div class=\"mpi__title is-style-heading-28\">Pabell\u00f3n del Centenario<\/div>\r\n          <p>Este es un lugar que, visto desde fuera, deja perplejo al visitante que ha viajado a Wroc\u0142aw: \u00bfpor qu\u00e9 un edificio de aspecto industrial y considerables dimensiones est\u00e1 inscrito en la Lista de Patrimonio de la Humanidad?<\/p>\r\n                      <div class=\"text-right\">\r\n              <a href=\"https:\/\/www.polonia.travel\/es\/pabellon-del-centenario-2006\/\"\r\n                class=\"btn btn--blue-border\">\r\n                Leer m\u00e1s              <\/a>\r\n            <\/div>\r\n                  <\/div>\r\n              <div class=\"mpi\" data-id=\"22038\" id=\"mpi-22038\">\r\n                      <div class=\"mpi__image\">\r\n              <img loading=\"lazy\" decoding=\"async\" width=\"600\" height=\"399\" src=\"https:\/\/www.polonia.travel\/es\/wp-content\/uploads\/sites\/18\/2023\/03\/Swidnica_kosciol-600x399.jpg\" class=\"attachment-medium size-medium\" alt=\"\" srcset=\"https:\/\/www.polonia.travel\/es\/wp-content\/uploads\/sites\/18\/2023\/03\/Swidnica_kosciol-600x399.jpg 600w, https:\/\/www.polonia.travel\/es\/wp-content\/uploads\/sites\/18\/2023\/03\/Swidnica_kosciol-768x511.jpg 768w, https:\/\/www.polonia.travel\/es\/wp-content\/uploads\/sites\/18\/2023\/03\/Swidnica_kosciol.jpg 1170w\" sizes=\"auto, (max-width: 600px) 100vw, 600px\" \/>            <\/div>\r\n                    <div class=\"mpi__title is-style-heading-28\">Iglesias de la Paz<\/div>\r\n          <p>De las tres Iglesias de la Paz construidas al finalizar La Guerra de los Treinta A\u00f1os (1648), se han conservado hasta hoy dos: en  Swidnica y Jawor.<\/p>\r\n                      <div class=\"text-right\">\r\n              <a href=\"https:\/\/www.polonia.travel\/es\/iglesias-de-la-paz-2001\/\"\r\n                class=\"btn btn--blue-border\">\r\n                Leer m\u00e1s              <\/a>\r\n            <\/div>\r\n                  <\/div>\r\n              <div class=\"mpi\" data-id=\"22033\" id=\"mpi-22033\">\r\n                      <div class=\"mpi__image\">\r\n              <img loading=\"lazy\" decoding=\"async\" width=\"600\" height=\"388\" src=\"https:\/\/www.polonia.travel\/es\/wp-content\/uploads\/sites\/18\/2023\/03\/park_muzakowski-1-e1679051070604-600x388.jpg\" class=\"attachment-medium size-medium\" alt=\"Park Mu\u017cakowski\" srcset=\"https:\/\/www.polonia.travel\/es\/wp-content\/uploads\/sites\/18\/2023\/03\/park_muzakowski-1-e1679051070604-600x388.jpg 600w, https:\/\/www.polonia.travel\/es\/wp-content\/uploads\/sites\/18\/2023\/03\/park_muzakowski-1-e1679051070604-768x497.jpg 768w, https:\/\/www.polonia.travel\/es\/wp-content\/uploads\/sites\/18\/2023\/03\/park_muzakowski-1-e1679051070604.jpg 788w\" sizes=\"auto, (max-width: 600px) 100vw, 600px\" \/>            <\/div>\r\n                    <div class=\"mpi__title is-style-heading-28\">Parque Paisaj\u00edstico Mu\u017cakowski<\/div>\r\n          <p>La regi\u00f3n de Lubusz (o LUBUSKIE),  fronteriza con Alemania, es una de las m\u00e1s peque\u00f1as y menos pobladas del pa\u00eds, pero la que disfruta del mayor porcentaje de espacios verdes (49%).<\/p>\r\n                      <div class=\"text-right\">\r\n              <a href=\"https:\/\/www.polonia.travel\/es\/parque-paisajistico-muzakowski-2004\/\"\r\n                class=\"btn btn--blue-border\">\r\n                Leer m\u00e1s              <\/a>\r\n            <\/div>\r\n                  <\/div>\r\n              <div class=\"mpi\" data-id=\"20632\" id=\"mpi-20632\">\r\n                      <div class=\"mpi__image\">\r\n              <img loading=\"lazy\" decoding=\"async\" width=\"600\" height=\"358\" src=\"https:\/\/www.polonia.travel\/es\/wp-content\/uploads\/sites\/18\/2023\/02\/krzemionki_opatowskie_1_1170-e1676370719900-600x358.jpg\" class=\"attachment-medium size-medium\" alt=\"\" srcset=\"https:\/\/www.polonia.travel\/es\/wp-content\/uploads\/sites\/18\/2023\/02\/krzemionki_opatowskie_1_1170-e1676370719900-600x358.jpg 600w, https:\/\/www.polonia.travel\/es\/wp-content\/uploads\/sites\/18\/2023\/02\/krzemionki_opatowskie_1_1170-e1676370719900-768x459.jpg 768w, https:\/\/www.polonia.travel\/es\/wp-content\/uploads\/sites\/18\/2023\/02\/krzemionki_opatowskie_1_1170-e1676370719900.jpg 1170w\" sizes=\"auto, (max-width: 600px) 100vw, 600px\" \/>            <\/div>\r\n                    <div class=\"mpi__title is-style-heading-28\">Minas prehist\u00f3ricas de s\u00edlex en Krzemionki<\/div>\r\n          <p>Este \u00e1rea con minas prehist\u00f3ricas de s\u00edlex rayado en Krzemionki (Regi\u00f3n de Santa Cruz), junto a la ciudad de Ostrowiec \u015awi\u0119tokrzyski, lleva el nombre de Museo y Reserva Arqueol\u00f3gico- Natural.<\/p>\r\n                      <div class=\"text-right\">\r\n              <a href=\"https:\/\/www.polonia.travel\/es\/mina-neolitica-de-silex\/\"\r\n                class=\"btn btn--blue-border\">\r\n                Dowiedz si\u0119 wi\u0119cej              <\/a>\r\n            <\/div>\r\n                  <\/div>\r\n              <div class=\"mpi\" data-id=\"20630\" id=\"mpi-20630\">\r\n                      <div class=\"mpi__image\">\r\n              <img loading=\"lazy\" decoding=\"async\" width=\"600\" height=\"322\" src=\"https:\/\/www.polonia.travel\/es\/wp-content\/uploads\/sites\/18\/2023\/02\/40692762_Fotolia_Zamosc_rynek_HR-xl-e1676370043820-600x322.jpg\" class=\"attachment-medium size-medium\" alt=\"\" srcset=\"https:\/\/www.polonia.travel\/es\/wp-content\/uploads\/sites\/18\/2023\/02\/40692762_Fotolia_Zamosc_rynek_HR-xl-e1676370043820-600x322.jpg 600w, https:\/\/www.polonia.travel\/es\/wp-content\/uploads\/sites\/18\/2023\/02\/40692762_Fotolia_Zamosc_rynek_HR-xl-e1676370043820-768x412.jpg 768w, https:\/\/www.polonia.travel\/es\/wp-content\/uploads\/sites\/18\/2023\/02\/40692762_Fotolia_Zamosc_rynek_HR-xl-e1676370043820.jpg 1168w\" sizes=\"auto, (max-width: 600px) 100vw, 600px\" \/>            <\/div>\r\n                    <div class=\"mpi__title is-style-heading-28\">Zamo\u015b\u0107, ciudad ideal (1992)<\/div>\r\n          <p>Situada en la franja oriental de Polonia, es famosa por su casco antiguo que refleja el concepto de una ciudad ideal del renacimiento. La ciudad, fundada en 1580 por la familia aristocr\u00e1tica de los Zamoyski, fue dise\u00f1ada por el arquitecto italiano Bernardo Morando. El concepto de \u201eciudad ideal\u201d, conocido ya en la antig\u00fcedad, pretend\u00eda definir las caracter\u00edsticas \u00f3ptimas para el desarrollo del hombre, teniendo en cuenta su bienestar f\u00edsico y sus necesidades sociales.<\/p>\r\n                      <div class=\"text-right\">\r\n              <a href=\"https:\/\/www.polonia.travel\/es\/zamosc-ciudad-ideal-1992\/\"\r\n                class=\"btn btn--blue-border\">\r\n                Leer m\u00e1s              <\/a>\r\n            <\/div>\r\n                  <\/div>\r\n              <div class=\"mpi\" data-id=\"20628\" id=\"mpi-20628\">\r\n                      <div class=\"mpi__image\">\r\n              <img loading=\"lazy\" decoding=\"async\" width=\"600\" height=\"265\" src=\"https:\/\/www.polonia.travel\/es\/wp-content\/uploads\/sites\/18\/2023\/02\/Warszawa-600x265.jpg\" class=\"attachment-medium size-medium\" alt=\"\" srcset=\"https:\/\/www.polonia.travel\/es\/wp-content\/uploads\/sites\/18\/2023\/02\/Warszawa-600x265.jpg 600w, https:\/\/www.polonia.travel\/es\/wp-content\/uploads\/sites\/18\/2023\/02\/Warszawa-1200x529.jpg 1200w, https:\/\/www.polonia.travel\/es\/wp-content\/uploads\/sites\/18\/2023\/02\/Warszawa-768x339.jpg 768w, https:\/\/www.polonia.travel\/es\/wp-content\/uploads\/sites\/18\/2023\/02\/Warszawa.jpg 1224w\" sizes=\"auto, (max-width: 600px) 100vw, 600px\" \/>            <\/div>\r\n                    <div class=\"mpi__title is-style-heading-28\">Varsovia<\/div>\r\n          <p>Varsovia: heroica, orgullosa, aplastada y renacida; cl\u00e1sica y moderna, tradicional y cosmopolita. Aut\u00e9ntica.\r\n\r\nVarsovia se encuentra en el centro del pa\u00eds y est\u00e1 localizada en las principales rutas de tr\u00e1nsito internacional. Ocupa ambas orillas del r\u00edo V\u00edstula y tiene una poblaci\u00f3n de casi 1.7 millones de habitantes.<\/p>\r\n                      <div class=\"text-right\">\r\n              <a href=\"https:\/\/www.polonia.travel\/es\/varsovia-1980\/\"\r\n                class=\"btn btn--blue-border\">\r\n                Leer m\u00e1s              <\/a>\r\n            <\/div>\r\n                  <\/div>\r\n              <div class=\"mpi\" data-id=\"20626\" id=\"mpi-20626\">\r\n                      <div class=\"mpi__image\">\r\n              <img loading=\"lazy\" decoding=\"async\" width=\"600\" height=\"400\" src=\"https:\/\/www.polonia.travel\/es\/wp-content\/uploads\/sites\/18\/2023\/02\/torun_panorama_nocna_1170-600x400.jpg\" class=\"attachment-medium size-medium\" alt=\"\" srcset=\"https:\/\/www.polonia.travel\/es\/wp-content\/uploads\/sites\/18\/2023\/02\/torun_panorama_nocna_1170-600x400.jpg 600w, https:\/\/www.polonia.travel\/es\/wp-content\/uploads\/sites\/18\/2023\/02\/torun_panorama_nocna_1170-768x512.jpg 768w, https:\/\/www.polonia.travel\/es\/wp-content\/uploads\/sites\/18\/2023\/02\/torun_panorama_nocna_1170.jpg 1170w\" sizes=\"auto, (max-width: 600px) 100vw, 600px\" \/>            <\/div>\r\n                    <div class=\"mpi__title is-style-heading-28\">Torun, ciudad natal de Nicol\u00e1s Cop\u00e9rnico<\/div>\r\n          <p>Lugar natal de Nicol\u00e1s Cop\u00e9rnico, ciudad asentada a ambas orillas del r\u00edo V\u00edstula, posee la mayor riqueza de arquitectura g\u00f3tica de Polonia. Su centro hist\u00f3rico, con una distribuci\u00f3n de gran originalidad, forma parte de la lista de Monumentos de la UNESCO.<\/p>\r\n                      <div class=\"text-right\">\r\n              <a href=\"https:\/\/www.polonia.travel\/es\/torun-ciudad-natal-de-nicolas-copernico-1997\/\"\r\n                class=\"btn btn--blue-border\">\r\n                Leer m\u00e1s              <\/a>\r\n            <\/div>\r\n                  <\/div>\r\n              <div class=\"mpi\" data-id=\"20353\" id=\"mpi-20353\">\r\n                      <div class=\"mpi__image\">\r\n              <img loading=\"lazy\" decoding=\"async\" width=\"600\" height=\"399\" src=\"https:\/\/www.polonia.travel\/es\/wp-content\/uploads\/sites\/18\/2023\/02\/zubr-bialowieza-600x399.webp\" class=\"attachment-medium size-medium\" alt=\"\u017bubr Bia\u0142owie\u017ca\" srcset=\"https:\/\/www.polonia.travel\/es\/wp-content\/uploads\/sites\/18\/2023\/02\/zubr-bialowieza-600x399.webp 600w, https:\/\/www.polonia.travel\/es\/wp-content\/uploads\/sites\/18\/2023\/02\/zubr-bialowieza-768x511.webp 768w, https:\/\/www.polonia.travel\/es\/wp-content\/uploads\/sites\/18\/2023\/02\/zubr-bialowieza.webp 1170w\" sizes=\"auto, (max-width: 600px) 100vw, 600px\" \/>            <\/div>\r\n                    <div class=\"mpi__title is-style-heading-28\">Parque Nacional de Bia\u0142owie\u017ca (UNESCO 1979 y 2014)<\/div>\r\n          <p>El rey de los parques nacionales en Polonia y en Europa es el Parque Nacional de Bia\u0142owie\u017ca. No solamente es uno de los m\u00e1s antiguos del continente (creado en 1932), sino tambi\u00e9n el \u00fanico lugar donde el bisonte europeo vive en libertad (cuenta en la actualidad con m\u00e1s de 300 ejemplares) y donde se conserva, en la reserva estricta, el llamado bosque primitivo, parte del parque no alterado desde hace 400 a\u00f1os por la actividad del hombre. Por eso, a veces, se habla de la Selva de Bia\u0142owie\u017ca.<\/p>\r\n                      <div class=\"text-right\">\r\n              <a href=\"https:\/\/www.polonia.travel\/es\/parque-nacional-de-bialowieza-unesco-1979-y-2014\/\"\r\n                class=\"btn btn--blue-border\">\r\n                Leer m\u00e1s              <\/a>\r\n            <\/div>\r\n                  <\/div>\r\n              <div class=\"mpi\" data-id=\"20341\" id=\"mpi-20341\">\r\n                      <div class=\"mpi__image\">\r\n              <img loading=\"lazy\" decoding=\"async\" width=\"600\" height=\"373\" src=\"https:\/\/www.polonia.travel\/es\/wp-content\/uploads\/sites\/18\/2023\/02\/236569223_Malbork_Adobe-xl-e1676041124712-600x373.jpg\" class=\"attachment-medium size-medium\" alt=\"Zamek w Malborku\" srcset=\"https:\/\/www.polonia.travel\/es\/wp-content\/uploads\/sites\/18\/2023\/02\/236569223_Malbork_Adobe-xl-e1676041124712-600x373.jpg 600w, https:\/\/www.polonia.travel\/es\/wp-content\/uploads\/sites\/18\/2023\/02\/236569223_Malbork_Adobe-xl-e1676041124712-1200x746.jpg 1200w, https:\/\/www.polonia.travel\/es\/wp-content\/uploads\/sites\/18\/2023\/02\/236569223_Malbork_Adobe-xl-e1676041124712-768x477.jpg 768w, https:\/\/www.polonia.travel\/es\/wp-content\/uploads\/sites\/18\/2023\/02\/236569223_Malbork_Adobe-xl-e1676041124712.jpg 1224w\" sizes=\"auto, (max-width: 600px) 100vw, 600px\" \/>            <\/div>\r\n                    <div class=\"mpi__title is-style-heading-28\">Malbork <\/div>\r\n          <p>Por ser Patrimonio Mundial de la UNESCO, el Castillo medieval de La Orden de Los Caballeros Teutones en Malbork bien merece una visita desde Gdansk o viajando por la parte norte de Polonia.<\/p>\r\n                      <div class=\"text-right\">\r\n              <a href=\"https:\/\/www.polonia.travel\/es\/malbork-1997\/\"\r\n                class=\"btn btn--blue-border\">\r\n                Leer m\u00e1s              <\/a>\r\n            <\/div>\r\n                  <\/div>\r\n          <\/div>\r\n  <\/div>\r\n<\/div><\/div>\n\n\n\n<div style=\"height:80px\" aria-hidden=\"true\" class=\"wp-block-spacer is-style-default\"><\/div>\n\n\n\n<div class=\"wp-block-group has-background\" style=\"background-color:#f5f5f7\"><div class=\"wp-block-group__inner-container is-layout-constrained wp-block-group-is-layout-constrained\">\n<div style=\"height:80px\" aria-hidden=\"true\" class=\"wp-block-spacer\"><\/div>\n\n\n\n<h2 class=\"wp-block-heading has-text-align-center is-style-heading-38\">Polonia en el objetivo<\/h2>\n\n\n\n<div style=\"height:40px\" aria-hidden=\"true\" class=\"wp-block-spacer\"><\/div>\n<\/div><\/div>\n\n\n\n<div id=\"sb_instagram\"  class=\"sbi sbi_mob_col_1 sbi_tab_col_6 sbi_col_6 sbi_width_resp\"\t data-feedid=\"*3\"  data-res=\"auto\" data-cols=\"6\" data-colsmobile=\"1\" data-colstablet=\"6\" data-num=\"12\" data-nummobile=\"6\" data-item-padding=\"0\"\t data-shortcode-atts=\"{&quot;feed&quot;:&quot;3&quot;}\"  data-postid=\"20335\" data-locatornonce=\"0d23b9d220\" data-imageaspectratio=\"1:1\" data-sbi-flags=\"favorLocal\">\n\t<div class=\"sb_instagram_header  sbi_medium\"   >\n\t<a class=\"sbi_header_link\" target=\"_blank\"\n\t   rel=\"nofollow noopener\" href=\"https:\/\/www.instagram.com\/polonia.travel.es\/\" title=\"@polonia.travel.es\">\n\t\t<div class=\"sbi_header_text\">\n\t\t\t<div class=\"sbi_header_img\"  data-avatar-url=\"https:\/\/scontent-waw2-1.cdninstagram.com\/v\/t51.2885-19\/128467015_705347550366167_7071296813878962789_n.jpg?stp=dst-jpg_s206x206_tt6&amp;_nc_cat=109&amp;ccb=7-5&amp;_nc_sid=bf7eb4&amp;efg=eyJ2ZW5jb2RlX3RhZyI6InByb2ZpbGVfcGljLnd3dy42NzEuQzMifQ%3D%3D&amp;_nc_ohc=BHqNgV1wYPYQ7kNvwGbjQ2u&amp;_nc_oc=Adrka2CxVo8zi1ZTSjj26EsPM19m8sSmOBO7McekuNHK36RRuR7zUDNzXY1PRbzfwOJ4demoxr-l2U3Bedt_wolN&amp;_nc_zt=24&amp;_nc_ht=scontent-waw2-1.cdninstagram.com&amp;edm=AP4hL3IEAAAA&amp;_nc_tpa=Q5bMBQGZ2PLvR3aiH_Tfu9JKal5yNrEcgM2ZvxWbr1fmtOfEoLeM800-Me6nlfVTvA75lhbITZiPTHi0AA&amp;oh=00_Af1TD6OUfKBum3jow0ws2Y4ZGcy9_DWi20cmQGlGR1RvRw&amp;oe=69F715F9\">\n\t\t\t\t\t\t\t\t\t<div class=\"sbi_header_img_hover\"  ><svg class=\"sbi_new_logo fa-instagram fa-w-14\" aria-hidden=\"true\" data-fa-processed=\"\" aria-label=\"Instagram\" data-prefix=\"fab\" data-icon=\"instagram\" role=\"img\" viewBox=\"0 0 448 512\">\n                    <path fill=\"currentColor\" d=\"M224.1 141c-63.6 0-114.9 51.3-114.9 114.9s51.3 114.9 114.9 114.9S339 319.5 339 255.9 287.7 141 224.1 141zm0 189.6c-41.1 0-74.7-33.5-74.7-74.7s33.5-74.7 74.7-74.7 74.7 33.5 74.7 74.7-33.6 74.7-74.7 74.7zm146.4-194.3c0 14.9-12 26.8-26.8 26.8-14.9 0-26.8-12-26.8-26.8s12-26.8 26.8-26.8 26.8 12 26.8 26.8zm76.1 27.2c-1.7-35.9-9.9-67.7-36.2-93.9-26.2-26.2-58-34.4-93.9-36.2-37-2.1-147.9-2.1-184.9 0-35.8 1.7-67.6 9.9-93.9 36.1s-34.4 58-36.2 93.9c-2.1 37-2.1 147.9 0 184.9 1.7 35.9 9.9 67.7 36.2 93.9s58 34.4 93.9 36.2c37 2.1 147.9 2.1 184.9 0 35.9-1.7 67.7-9.9 93.9-36.2 26.2-26.2 34.4-58 36.2-93.9 2.1-37 2.1-147.8 0-184.8zM398.8 388c-7.8 19.6-22.9 34.7-42.6 42.6-29.5 11.7-99.5 9-132.1 9s-102.7 2.6-132.1-9c-19.6-7.8-34.7-22.9-42.6-42.6-11.7-29.5-9-99.5-9-132.1s-2.6-102.7 9-132.1c7.8-19.6 22.9-34.7 42.6-42.6 29.5-11.7 99.5-9 132.1-9s102.7-2.6 132.1 9c19.6 7.8 34.7 22.9 42.6 42.6 11.7 29.5 9 99.5 9 132.1s2.7 102.7-9 132.1z\"><\/path>\n                <\/svg><\/div>\n\t\t\t\t\t<img loading=\"lazy\" decoding=\"async\"  src=\"https:\/\/www.polonia.travel\/es\/wp-content\/uploads\/sites\/18\/sb-instagram-feed-images\/polonia.travel.es.webp\" alt=\"\" width=\"50\" height=\"50\">\n\t\t\t\t\n\t\t\t\t\t\t\t<\/div>\n\n\t\t\t<div class=\"sbi_feedtheme_header_text\">\n\t\t\t\t<h3>polonia.travel.es<\/h3>\n\t\t\t\t\t\t\t\t\t<p class=\"sbi_bio\">Cuenta oficial de Turismo de Polonia en Espa\u00f1a y Portugal \ud83c\uddea\ud83c\uddf8\ud83c\uddf5\ud83c\uddf9 Conta oficial de Turismo da Pol\u00f3nia. Etiquetanos\/ marque-nos #PoloniaTravel<\/p>\n\t\t\t\t\t\t\t<\/div>\n\t\t<\/div>\n\t<\/a>\n<\/div>\n\n\t<div id=\"sbi_images\" >\n\t\t<div class=\"sbi_item sbi_type_video sbi_new sbi_transition\"\n\tid=\"sbi_18052336328534106\" data-date=\"1777042518\">\n\t<div class=\"sbi_photo_wrap\">\n\t\t<a class=\"sbi_photo\" href=\"https:\/\/www.instagram.com\/reel\/DXhLdqyCMGK\/\" target=\"_blank\" rel=\"noopener nofollow\"\n\t\t\tdata-full-res=\"https:\/\/scontent-waw2-2.cdninstagram.com\/v\/t51.71878-15\/674434248_1687867349327328_4398414094645158635_n.jpg?stp=dst-jpg_e35_tt6&#038;_nc_cat=107&#038;ccb=7-5&#038;_nc_sid=18de74&#038;efg=eyJlZmdfdGFnIjoiQ0xJUFMuYmVzdF9pbWFnZV91cmxnZW4uQzMifQ%3D%3D&#038;_nc_ohc=mlhAi_tAslYQ7kNvwEu9zm5&#038;_nc_oc=AdqzDFLhkPtl67IoHZdgAIeCiVkwWy6zVlQXMy_v9tleug6YLAW50lyl3N7vt_5CKuvLa6ZWTVHZfDcCb6qW3vaZ&#038;_nc_zt=23&#038;_nc_ht=scontent-waw2-2.cdninstagram.com&#038;edm=ANo9K5cEAAAA&#038;_nc_gid=8Sk-QqwkawWXWWJ-gd5DCQ&#038;_nc_tpa=Q5bMBQEpJaz7hPqakNEvKGGRr73vxMk3IlMPfUbOkq-mXntMJX1Rm5xCYareyjsaJcl_s32R2yq_Xg8jEA&#038;oh=00_Af1DIpfcIun8inJ1s6ISttzndw-q11JXYCAIHRHf9RBArQ&#038;oe=69F70CBB\"\n\t\t\tdata-img-src-set=\"{&quot;d&quot;:&quot;https:\\\/\\\/scontent-waw2-2.cdninstagram.com\\\/v\\\/t51.71878-15\\\/674434248_1687867349327328_4398414094645158635_n.jpg?stp=dst-jpg_e35_tt6&amp;_nc_cat=107&amp;ccb=7-5&amp;_nc_sid=18de74&amp;efg=eyJlZmdfdGFnIjoiQ0xJUFMuYmVzdF9pbWFnZV91cmxnZW4uQzMifQ%3D%3D&amp;_nc_ohc=mlhAi_tAslYQ7kNvwEu9zm5&amp;_nc_oc=AdqzDFLhkPtl67IoHZdgAIeCiVkwWy6zVlQXMy_v9tleug6YLAW50lyl3N7vt_5CKuvLa6ZWTVHZfDcCb6qW3vaZ&amp;_nc_zt=23&amp;_nc_ht=scontent-waw2-2.cdninstagram.com&amp;edm=ANo9K5cEAAAA&amp;_nc_gid=8Sk-QqwkawWXWWJ-gd5DCQ&amp;_nc_tpa=Q5bMBQEpJaz7hPqakNEvKGGRr73vxMk3IlMPfUbOkq-mXntMJX1Rm5xCYareyjsaJcl_s32R2yq_Xg8jEA&amp;oh=00_Af1DIpfcIun8inJ1s6ISttzndw-q11JXYCAIHRHf9RBArQ&amp;oe=69F70CBB&quot;,&quot;150&quot;:&quot;https:\\\/\\\/scontent-waw2-2.cdninstagram.com\\\/v\\\/t51.71878-15\\\/674434248_1687867349327328_4398414094645158635_n.jpg?stp=dst-jpg_e35_tt6&amp;_nc_cat=107&amp;ccb=7-5&amp;_nc_sid=18de74&amp;efg=eyJlZmdfdGFnIjoiQ0xJUFMuYmVzdF9pbWFnZV91cmxnZW4uQzMifQ%3D%3D&amp;_nc_ohc=mlhAi_tAslYQ7kNvwEu9zm5&amp;_nc_oc=AdqzDFLhkPtl67IoHZdgAIeCiVkwWy6zVlQXMy_v9tleug6YLAW50lyl3N7vt_5CKuvLa6ZWTVHZfDcCb6qW3vaZ&amp;_nc_zt=23&amp;_nc_ht=scontent-waw2-2.cdninstagram.com&amp;edm=ANo9K5cEAAAA&amp;_nc_gid=8Sk-QqwkawWXWWJ-gd5DCQ&amp;_nc_tpa=Q5bMBQEpJaz7hPqakNEvKGGRr73vxMk3IlMPfUbOkq-mXntMJX1Rm5xCYareyjsaJcl_s32R2yq_Xg8jEA&amp;oh=00_Af1DIpfcIun8inJ1s6ISttzndw-q11JXYCAIHRHf9RBArQ&amp;oe=69F70CBB&quot;,&quot;320&quot;:&quot;https:\\\/\\\/scontent-waw2-2.cdninstagram.com\\\/v\\\/t51.71878-15\\\/674434248_1687867349327328_4398414094645158635_n.jpg?stp=dst-jpg_e35_tt6&amp;_nc_cat=107&amp;ccb=7-5&amp;_nc_sid=18de74&amp;efg=eyJlZmdfdGFnIjoiQ0xJUFMuYmVzdF9pbWFnZV91cmxnZW4uQzMifQ%3D%3D&amp;_nc_ohc=mlhAi_tAslYQ7kNvwEu9zm5&amp;_nc_oc=AdqzDFLhkPtl67IoHZdgAIeCiVkwWy6zVlQXMy_v9tleug6YLAW50lyl3N7vt_5CKuvLa6ZWTVHZfDcCb6qW3vaZ&amp;_nc_zt=23&amp;_nc_ht=scontent-waw2-2.cdninstagram.com&amp;edm=ANo9K5cEAAAA&amp;_nc_gid=8Sk-QqwkawWXWWJ-gd5DCQ&amp;_nc_tpa=Q5bMBQEpJaz7hPqakNEvKGGRr73vxMk3IlMPfUbOkq-mXntMJX1Rm5xCYareyjsaJcl_s32R2yq_Xg8jEA&amp;oh=00_Af1DIpfcIun8inJ1s6ISttzndw-q11JXYCAIHRHf9RBArQ&amp;oe=69F70CBB&quot;,&quot;640&quot;:&quot;https:\\\/\\\/scontent-waw2-2.cdninstagram.com\\\/v\\\/t51.71878-15\\\/674434248_1687867349327328_4398414094645158635_n.jpg?stp=dst-jpg_e35_tt6&amp;_nc_cat=107&amp;ccb=7-5&amp;_nc_sid=18de74&amp;efg=eyJlZmdfdGFnIjoiQ0xJUFMuYmVzdF9pbWFnZV91cmxnZW4uQzMifQ%3D%3D&amp;_nc_ohc=mlhAi_tAslYQ7kNvwEu9zm5&amp;_nc_oc=AdqzDFLhkPtl67IoHZdgAIeCiVkwWy6zVlQXMy_v9tleug6YLAW50lyl3N7vt_5CKuvLa6ZWTVHZfDcCb6qW3vaZ&amp;_nc_zt=23&amp;_nc_ht=scontent-waw2-2.cdninstagram.com&amp;edm=ANo9K5cEAAAA&amp;_nc_gid=8Sk-QqwkawWXWWJ-gd5DCQ&amp;_nc_tpa=Q5bMBQEpJaz7hPqakNEvKGGRr73vxMk3IlMPfUbOkq-mXntMJX1Rm5xCYareyjsaJcl_s32R2yq_Xg8jEA&amp;oh=00_Af1DIpfcIun8inJ1s6ISttzndw-q11JXYCAIHRHf9RBArQ&amp;oe=69F70CBB&quot;}\">\n\t\t\t<span class=\"sbi-screenreader\">Calles empedradas llenas de historia, parques flor<\/span>\n\t\t\t\t\t\t<svg style=\"color: rgba(255,255,255,1)\" class=\"svg-inline--fa fa-play fa-w-14 sbi_playbtn\" aria-label=\"Play\" aria-hidden=\"true\" data-fa-processed=\"\" data-prefix=\"fa\" data-icon=\"play\" role=\"presentation\" xmlns=\"http:\/\/www.w3.org\/2000\/svg\" viewBox=\"0 0 448 512\"><path fill=\"currentColor\" d=\"M424.4 214.7L72.4 6.6C43.8-10.3 0 6.1 0 47.9V464c0 37.5 40.7 60.1 72.4 41.3l352-208c31.4-18.5 31.5-64.1 0-82.6z\"><\/path><\/svg>\t\t\t<img decoding=\"async\" src=\"https:\/\/www.polonia.travel\/es\/wp-content\/plugins\/instagram-feed\/img\/placeholder.png\" alt=\"Calles empedradas llenas de historia, parques floreciendo y ese aire fresco que invita a perderse sin rumbo. \ud83c\udf38 Pasear por la Plaza del Mercado, disfrutar de un caf\u00e9 al sol o ver c\u00f3mo el Castillo de Wawel se ti\u00f1e de colores suaves\u2026 Cracovia en primavera es pura magia.\u2764\ufe0f\" aria-hidden=\"true\">\n\t\t<\/a>\n\t<\/div>\n<\/div><div class=\"sbi_item sbi_type_carousel sbi_new sbi_transition\"\n\tid=\"sbi_18097549016024460\" data-date=\"1776628859\">\n\t<div class=\"sbi_photo_wrap\">\n\t\t<a class=\"sbi_photo\" href=\"https:\/\/www.instagram.com\/p\/DXU23YujEZP\/\" target=\"_blank\" rel=\"noopener nofollow\"\n\t\t\tdata-full-res=\"https:\/\/scontent-waw2-1.cdninstagram.com\/v\/t39.30808-6\/673698188_1820258572660621_2394119594868516650_n.jpg?stp=dst-jpg_e35_tt6&#038;_nc_cat=104&#038;ccb=7-5&#038;_nc_sid=18de74&#038;efg=eyJlZmdfdGFnIjoiQ0FST1VTRUxfSVRFTS5iZXN0X2ltYWdlX3VybGdlbi5DMyJ9&#038;_nc_ohc=FHS96G3sMnIQ7kNvwHsAFS5&#038;_nc_oc=AdrsZfO3U8DspsMHNKl4md2zWv0uFjB1UFQXQkuCoF1xMMfKIBfL1WH5fnNmbb56S2PQpD0CBoR4xtamvZ6gckmI&#038;_nc_zt=23&#038;_nc_ht=scontent-waw2-1.cdninstagram.com&#038;edm=ANo9K5cEAAAA&#038;_nc_gid=8Sk-QqwkawWXWWJ-gd5DCQ&#038;_nc_tpa=Q5bMBQEY0VPyY9bisxHOWLsgBEadGrLyBmaK59fzvxjCGnbI5wiut9s1VGbryUui2_ZiK5Td6YE6wdN_wA&#038;oh=00_Af3TuY8YYTW__6uO0NeyJt61wjfnz9QLB0hMRy_3wF1SXg&#038;oe=69F71BF7\"\n\t\t\tdata-img-src-set=\"{&quot;d&quot;:&quot;https:\\\/\\\/scontent-waw2-1.cdninstagram.com\\\/v\\\/t39.30808-6\\\/673698188_1820258572660621_2394119594868516650_n.jpg?stp=dst-jpg_e35_tt6&amp;_nc_cat=104&amp;ccb=7-5&amp;_nc_sid=18de74&amp;efg=eyJlZmdfdGFnIjoiQ0FST1VTRUxfSVRFTS5iZXN0X2ltYWdlX3VybGdlbi5DMyJ9&amp;_nc_ohc=FHS96G3sMnIQ7kNvwHsAFS5&amp;_nc_oc=AdrsZfO3U8DspsMHNKl4md2zWv0uFjB1UFQXQkuCoF1xMMfKIBfL1WH5fnNmbb56S2PQpD0CBoR4xtamvZ6gckmI&amp;_nc_zt=23&amp;_nc_ht=scontent-waw2-1.cdninstagram.com&amp;edm=ANo9K5cEAAAA&amp;_nc_gid=8Sk-QqwkawWXWWJ-gd5DCQ&amp;_nc_tpa=Q5bMBQEY0VPyY9bisxHOWLsgBEadGrLyBmaK59fzvxjCGnbI5wiut9s1VGbryUui2_ZiK5Td6YE6wdN_wA&amp;oh=00_Af3TuY8YYTW__6uO0NeyJt61wjfnz9QLB0hMRy_3wF1SXg&amp;oe=69F71BF7&quot;,&quot;150&quot;:&quot;https:\\\/\\\/scontent-waw2-1.cdninstagram.com\\\/v\\\/t39.30808-6\\\/673698188_1820258572660621_2394119594868516650_n.jpg?stp=dst-jpg_e35_tt6&amp;_nc_cat=104&amp;ccb=7-5&amp;_nc_sid=18de74&amp;efg=eyJlZmdfdGFnIjoiQ0FST1VTRUxfSVRFTS5iZXN0X2ltYWdlX3VybGdlbi5DMyJ9&amp;_nc_ohc=FHS96G3sMnIQ7kNvwHsAFS5&amp;_nc_oc=AdrsZfO3U8DspsMHNKl4md2zWv0uFjB1UFQXQkuCoF1xMMfKIBfL1WH5fnNmbb56S2PQpD0CBoR4xtamvZ6gckmI&amp;_nc_zt=23&amp;_nc_ht=scontent-waw2-1.cdninstagram.com&amp;edm=ANo9K5cEAAAA&amp;_nc_gid=8Sk-QqwkawWXWWJ-gd5DCQ&amp;_nc_tpa=Q5bMBQEY0VPyY9bisxHOWLsgBEadGrLyBmaK59fzvxjCGnbI5wiut9s1VGbryUui2_ZiK5Td6YE6wdN_wA&amp;oh=00_Af3TuY8YYTW__6uO0NeyJt61wjfnz9QLB0hMRy_3wF1SXg&amp;oe=69F71BF7&quot;,&quot;320&quot;:&quot;https:\\\/\\\/scontent-waw2-1.cdninstagram.com\\\/v\\\/t39.30808-6\\\/673698188_1820258572660621_2394119594868516650_n.jpg?stp=dst-jpg_e35_tt6&amp;_nc_cat=104&amp;ccb=7-5&amp;_nc_sid=18de74&amp;efg=eyJlZmdfdGFnIjoiQ0FST1VTRUxfSVRFTS5iZXN0X2ltYWdlX3VybGdlbi5DMyJ9&amp;_nc_ohc=FHS96G3sMnIQ7kNvwHsAFS5&amp;_nc_oc=AdrsZfO3U8DspsMHNKl4md2zWv0uFjB1UFQXQkuCoF1xMMfKIBfL1WH5fnNmbb56S2PQpD0CBoR4xtamvZ6gckmI&amp;_nc_zt=23&amp;_nc_ht=scontent-waw2-1.cdninstagram.com&amp;edm=ANo9K5cEAAAA&amp;_nc_gid=8Sk-QqwkawWXWWJ-gd5DCQ&amp;_nc_tpa=Q5bMBQEY0VPyY9bisxHOWLsgBEadGrLyBmaK59fzvxjCGnbI5wiut9s1VGbryUui2_ZiK5Td6YE6wdN_wA&amp;oh=00_Af3TuY8YYTW__6uO0NeyJt61wjfnz9QLB0hMRy_3wF1SXg&amp;oe=69F71BF7&quot;,&quot;640&quot;:&quot;https:\\\/\\\/scontent-waw2-1.cdninstagram.com\\\/v\\\/t39.30808-6\\\/673698188_1820258572660621_2394119594868516650_n.jpg?stp=dst-jpg_e35_tt6&amp;_nc_cat=104&amp;ccb=7-5&amp;_nc_sid=18de74&amp;efg=eyJlZmdfdGFnIjoiQ0FST1VTRUxfSVRFTS5iZXN0X2ltYWdlX3VybGdlbi5DMyJ9&amp;_nc_ohc=FHS96G3sMnIQ7kNvwHsAFS5&amp;_nc_oc=AdrsZfO3U8DspsMHNKl4md2zWv0uFjB1UFQXQkuCoF1xMMfKIBfL1WH5fnNmbb56S2PQpD0CBoR4xtamvZ6gckmI&amp;_nc_zt=23&amp;_nc_ht=scontent-waw2-1.cdninstagram.com&amp;edm=ANo9K5cEAAAA&amp;_nc_gid=8Sk-QqwkawWXWWJ-gd5DCQ&amp;_nc_tpa=Q5bMBQEY0VPyY9bisxHOWLsgBEadGrLyBmaK59fzvxjCGnbI5wiut9s1VGbryUui2_ZiK5Td6YE6wdN_wA&amp;oh=00_Af3TuY8YYTW__6uO0NeyJt61wjfnz9QLB0hMRy_3wF1SXg&amp;oe=69F71BF7&quot;}\">\n\t\t\t<span class=\"sbi-screenreader\">ES_Un rinc\u00f3n de cuento en el coraz\u00f3n de #Silesia \ud83c\uddf5<\/span>\n\t\t\t<svg class=\"svg-inline--fa fa-clone fa-w-16 sbi_lightbox_carousel_icon\" aria-hidden=\"true\" aria-label=\"Clone\" data-fa-pro\u0192cessed=\"\" data-prefix=\"far\" data-icon=\"clone\" role=\"img\" xmlns=\"http:\/\/www.w3.org\/2000\/svg\" viewBox=\"0 0 512 512\">\n                    <path fill=\"currentColor\" d=\"M464 0H144c-26.51 0-48 21.49-48 48v48H48c-26.51 0-48 21.49-48 48v320c0 26.51 21.49 48 48 48h320c26.51 0 48-21.49 48-48v-48h48c26.51 0 48-21.49 48-48V48c0-26.51-21.49-48-48-48zM362 464H54a6 6 0 0 1-6-6V150a6 6 0 0 1 6-6h42v224c0 26.51 21.49 48 48 48h224v42a6 6 0 0 1-6 6zm96-96H150a6 6 0 0 1-6-6V54a6 6 0 0 1 6-6h308a6 6 0 0 1 6 6v308a6 6 0 0 1-6 6z\"><\/path>\n                <\/svg>\t\t\t\t\t\t<img decoding=\"async\" src=\"https:\/\/www.polonia.travel\/es\/wp-content\/plugins\/instagram-feed\/img\/placeholder.png\" alt=\"ES_Un rinc\u00f3n de cuento en el coraz\u00f3n de #Silesia \ud83c\uddf5\ud83c\uddf1\u2728\n\nEl Castillo de #Pszczyna parece sacado directamente de una historia de princesas: elegantes salones, jardines impecables y una atm\u00f3sfera que te transporta siglos atr\u00e1s. Pasear por sus interiores es descubrir lujo, historia y detalles que han resistido el paso del tiempo. \ud83c\udff0\n\nFue residencia de nobles y testigo de momentos clave en Europa, pero hoy es un lugar donde perderse, so\u00f1ar y dejarse sorprender por su belleza.\n\nSi alguna vez visitas Polonia, este castillo no puede faltar en tu lista.\n\n-----\n\nPT_ Um recanto de conto de fadas no cora\u00e7\u00e3o da Sil\u00e9sia \u2764\ufe0f\n\nO Castelo de Pszczyna parece sa\u00eddo diretamente de uma hist\u00f3ria de princesas: sal\u00f5es elegantes, jardins impec\u00e1veis e uma atmosfera que te transporta s\u00e9culos atr\u00e1s.\n\nPassear pelos seus interiores \u00e9 descobrir luxo, hist\u00f3ria e detalhes que resistiram ao passar do tempo.\n\nFoi resid\u00eancia de nobres e testemunha de momentos-chave na Europa, mas hoje \u00e9 um lugar onde te podes perder, sonhar e deixar-te surpreender pela sua beleza.\n\nSe alguma vez visitares a Pol\u00f3nia, este castelo n\u00e3o pode faltar na tua lista \u2705\n\n.\n.\n.\n#Polonia #Castillos #Viajar #Historia #LugaresDeEnsue\u00f1o #PoloniaTravel #Castelos\" aria-hidden=\"true\">\n\t\t<\/a>\n\t<\/div>\n<\/div><div class=\"sbi_item sbi_type_video sbi_new sbi_transition\"\n\tid=\"sbi_18099060473073362\" data-date=\"1776456095\">\n\t<div class=\"sbi_photo_wrap\">\n\t\t<a class=\"sbi_photo\" href=\"https:\/\/www.instagram.com\/reel\/DXPtShkCAky\/\" target=\"_blank\" rel=\"noopener nofollow\"\n\t\t\tdata-full-res=\"https:\/\/scontent-waw2-1.cdninstagram.com\/v\/t51.82787-15\/670625759_18451268623129926_2899648197844607429_n.jpg?stp=dst-jpg_e35_tt6&#038;_nc_cat=108&#038;ccb=7-5&#038;_nc_sid=18de74&#038;efg=eyJlZmdfdGFnIjoiQ0xJUFMuYmVzdF9pbWFnZV91cmxnZW4uQzMifQ%3D%3D&#038;_nc_ohc=r_z28y6XzSAQ7kNvwFJp4HT&#038;_nc_oc=AdqNmxX0OeyYCMOmQjJ7jFQ_LqGnM7-n2yXvDTTSlRZ56JtzXo92csRgfH8nqcupTomSduHeUABhvoi_NYzZ6gY5&#038;_nc_zt=23&#038;_nc_ht=scontent-waw2-1.cdninstagram.com&#038;edm=ANo9K5cEAAAA&#038;_nc_gid=8Sk-QqwkawWXWWJ-gd5DCQ&#038;_nc_tpa=Q5bMBQEptRmE3h1UsQtyu_87SMNXcopTHJSZmvvBJsLiqzSW9QdP9FK0g-8nfLnnnfQQRYxqcCUQYk8h8w&#038;oh=00_Af2K32pQlRtYqjgWv12n0ZWRDWU89CK8N4mwWmlBeiuUwg&#038;oe=69F73316\"\n\t\t\tdata-img-src-set=\"{&quot;d&quot;:&quot;https:\\\/\\\/scontent-waw2-1.cdninstagram.com\\\/v\\\/t51.82787-15\\\/670625759_18451268623129926_2899648197844607429_n.jpg?stp=dst-jpg_e35_tt6&amp;_nc_cat=108&amp;ccb=7-5&amp;_nc_sid=18de74&amp;efg=eyJlZmdfdGFnIjoiQ0xJUFMuYmVzdF9pbWFnZV91cmxnZW4uQzMifQ%3D%3D&amp;_nc_ohc=r_z28y6XzSAQ7kNvwFJp4HT&amp;_nc_oc=AdqNmxX0OeyYCMOmQjJ7jFQ_LqGnM7-n2yXvDTTSlRZ56JtzXo92csRgfH8nqcupTomSduHeUABhvoi_NYzZ6gY5&amp;_nc_zt=23&amp;_nc_ht=scontent-waw2-1.cdninstagram.com&amp;edm=ANo9K5cEAAAA&amp;_nc_gid=8Sk-QqwkawWXWWJ-gd5DCQ&amp;_nc_tpa=Q5bMBQEptRmE3h1UsQtyu_87SMNXcopTHJSZmvvBJsLiqzSW9QdP9FK0g-8nfLnnnfQQRYxqcCUQYk8h8w&amp;oh=00_Af2K32pQlRtYqjgWv12n0ZWRDWU89CK8N4mwWmlBeiuUwg&amp;oe=69F73316&quot;,&quot;150&quot;:&quot;https:\\\/\\\/scontent-waw2-1.cdninstagram.com\\\/v\\\/t51.82787-15\\\/670625759_18451268623129926_2899648197844607429_n.jpg?stp=dst-jpg_e35_tt6&amp;_nc_cat=108&amp;ccb=7-5&amp;_nc_sid=18de74&amp;efg=eyJlZmdfdGFnIjoiQ0xJUFMuYmVzdF9pbWFnZV91cmxnZW4uQzMifQ%3D%3D&amp;_nc_ohc=r_z28y6XzSAQ7kNvwFJp4HT&amp;_nc_oc=AdqNmxX0OeyYCMOmQjJ7jFQ_LqGnM7-n2yXvDTTSlRZ56JtzXo92csRgfH8nqcupTomSduHeUABhvoi_NYzZ6gY5&amp;_nc_zt=23&amp;_nc_ht=scontent-waw2-1.cdninstagram.com&amp;edm=ANo9K5cEAAAA&amp;_nc_gid=8Sk-QqwkawWXWWJ-gd5DCQ&amp;_nc_tpa=Q5bMBQEptRmE3h1UsQtyu_87SMNXcopTHJSZmvvBJsLiqzSW9QdP9FK0g-8nfLnnnfQQRYxqcCUQYk8h8w&amp;oh=00_Af2K32pQlRtYqjgWv12n0ZWRDWU89CK8N4mwWmlBeiuUwg&amp;oe=69F73316&quot;,&quot;320&quot;:&quot;https:\\\/\\\/scontent-waw2-1.cdninstagram.com\\\/v\\\/t51.82787-15\\\/670625759_18451268623129926_2899648197844607429_n.jpg?stp=dst-jpg_e35_tt6&amp;_nc_cat=108&amp;ccb=7-5&amp;_nc_sid=18de74&amp;efg=eyJlZmdfdGFnIjoiQ0xJUFMuYmVzdF9pbWFnZV91cmxnZW4uQzMifQ%3D%3D&amp;_nc_ohc=r_z28y6XzSAQ7kNvwFJp4HT&amp;_nc_oc=AdqNmxX0OeyYCMOmQjJ7jFQ_LqGnM7-n2yXvDTTSlRZ56JtzXo92csRgfH8nqcupTomSduHeUABhvoi_NYzZ6gY5&amp;_nc_zt=23&amp;_nc_ht=scontent-waw2-1.cdninstagram.com&amp;edm=ANo9K5cEAAAA&amp;_nc_gid=8Sk-QqwkawWXWWJ-gd5DCQ&amp;_nc_tpa=Q5bMBQEptRmE3h1UsQtyu_87SMNXcopTHJSZmvvBJsLiqzSW9QdP9FK0g-8nfLnnnfQQRYxqcCUQYk8h8w&amp;oh=00_Af2K32pQlRtYqjgWv12n0ZWRDWU89CK8N4mwWmlBeiuUwg&amp;oe=69F73316&quot;,&quot;640&quot;:&quot;https:\\\/\\\/scontent-waw2-1.cdninstagram.com\\\/v\\\/t51.82787-15\\\/670625759_18451268623129926_2899648197844607429_n.jpg?stp=dst-jpg_e35_tt6&amp;_nc_cat=108&amp;ccb=7-5&amp;_nc_sid=18de74&amp;efg=eyJlZmdfdGFnIjoiQ0xJUFMuYmVzdF9pbWFnZV91cmxnZW4uQzMifQ%3D%3D&amp;_nc_ohc=r_z28y6XzSAQ7kNvwFJp4HT&amp;_nc_oc=AdqNmxX0OeyYCMOmQjJ7jFQ_LqGnM7-n2yXvDTTSlRZ56JtzXo92csRgfH8nqcupTomSduHeUABhvoi_NYzZ6gY5&amp;_nc_zt=23&amp;_nc_ht=scontent-waw2-1.cdninstagram.com&amp;edm=ANo9K5cEAAAA&amp;_nc_gid=8Sk-QqwkawWXWWJ-gd5DCQ&amp;_nc_tpa=Q5bMBQEptRmE3h1UsQtyu_87SMNXcopTHJSZmvvBJsLiqzSW9QdP9FK0g-8nfLnnnfQQRYxqcCUQYk8h8w&amp;oh=00_Af2K32pQlRtYqjgWv12n0ZWRDWU89CK8N4mwWmlBeiuUwg&amp;oe=69F73316&quot;}\">\n\t\t\t<span class=\"sbi-screenreader\">ES_ La primavera en Varsovia tiene algo especial \ud83c\udf38<\/span>\n\t\t\t\t\t\t<svg style=\"color: rgba(255,255,255,1)\" class=\"svg-inline--fa fa-play fa-w-14 sbi_playbtn\" aria-label=\"Play\" aria-hidden=\"true\" data-fa-processed=\"\" data-prefix=\"fa\" data-icon=\"play\" role=\"presentation\" xmlns=\"http:\/\/www.w3.org\/2000\/svg\" viewBox=\"0 0 448 512\"><path fill=\"currentColor\" d=\"M424.4 214.7L72.4 6.6C43.8-10.3 0 6.1 0 47.9V464c0 37.5 40.7 60.1 72.4 41.3l352-208c31.4-18.5 31.5-64.1 0-82.6z\"><\/path><\/svg>\t\t\t<img decoding=\"async\" src=\"https:\/\/www.polonia.travel\/es\/wp-content\/plugins\/instagram-feed\/img\/placeholder.png\" alt=\"ES_ La primavera en Varsovia tiene algo especial \ud83c\udf38 \n\nCuando la ciudad despierta del invierno, los parques se llenan de vida y los cerezos en flor ti\u00f1en todo de tonos rosados. Pasear por sus avenidas en esta \u00e9poca es descubrir una Varsovia m\u00e1s suave, m\u00e1s luminosa, casi m\u00e1gica. Si buscas un destino diferente para esta temporada, Varsovia en primavera es una sorpresa que merece la pena vivir.\n\n----\n\nPT_ A primavera em Vars\u00f3via tem algo de especial \ud83c\udf38\n\nQuando a cidade desperta do inverno, os parques enchem-se de vida e as cerejeiras em flor tingem tudo de tons rosados. Passear pelas suas avenidas nesta \u00e9poca \u00e9 descobrir uma Vars\u00f3via mais suave, mais luminosa, quase m\u00e1gica.\n\nSe procuras um destino diferente para esta esta\u00e7\u00e3o, Vars\u00f3via na primavera \u00e9 uma surpresa que vale mesmo a pena viver.\n.\n.\n.\n#PoloniaTravel #Varsovia #Primavera #Polonia ##CerezosEnFlor #ViajarPorEuropa #Pol\u00f3nia #SpringVibes #CherryBlossom #cerejeiras\ud83c\udf38\" aria-hidden=\"true\">\n\t\t<\/a>\n\t<\/div>\n<\/div><div class=\"sbi_item sbi_type_carousel sbi_new sbi_transition\"\n\tid=\"sbi_17906046744402065\" data-date=\"1776181867\">\n\t<div class=\"sbi_photo_wrap\">\n\t\t<a class=\"sbi_photo\" href=\"https:\/\/www.instagram.com\/p\/DXHiS5tlX7n\/\" target=\"_blank\" rel=\"noopener nofollow\"\n\t\t\tdata-full-res=\"https:\/\/scontent-waw2-2.cdninstagram.com\/v\/t39.30808-6\/670405817_1816367786383033_6102776843802304712_n.jpg?stp=dst-jpg_e35_tt6&#038;_nc_cat=107&#038;ccb=7-5&#038;_nc_sid=18de74&#038;efg=eyJlZmdfdGFnIjoiQ0FST1VTRUxfSVRFTS5iZXN0X2ltYWdlX3VybGdlbi5DMyJ9&#038;_nc_ohc=amgPCOFwOpIQ7kNvwEYj2-i&#038;_nc_oc=Adp1p71e7EDcC70XW_wwt7MU2dmtd73D50yJyC8A8vpcVGiq2hArqORHRh4QiA0maOCWVTJD3Mf_zUwbQ5KgR_mh&#038;_nc_zt=23&#038;_nc_ht=scontent-waw2-2.cdninstagram.com&#038;edm=ANo9K5cEAAAA&#038;_nc_gid=8Sk-QqwkawWXWWJ-gd5DCQ&#038;_nc_tpa=Q5bMBQEINQzSJiL4Cq8S3E-RzIhJakiR0J9sX4GbwAqOX9F4QYoGDyTc-v8NiarhGuIZ33I3YH9GRBGMMA&#038;oh=00_Af3pGFo5h6AhqT55cJE4ZSDVdtLmaME8uxW-B7GKp2eNTA&#038;oe=69F71958\"\n\t\t\tdata-img-src-set=\"{&quot;d&quot;:&quot;https:\\\/\\\/scontent-waw2-2.cdninstagram.com\\\/v\\\/t39.30808-6\\\/670405817_1816367786383033_6102776843802304712_n.jpg?stp=dst-jpg_e35_tt6&amp;_nc_cat=107&amp;ccb=7-5&amp;_nc_sid=18de74&amp;efg=eyJlZmdfdGFnIjoiQ0FST1VTRUxfSVRFTS5iZXN0X2ltYWdlX3VybGdlbi5DMyJ9&amp;_nc_ohc=amgPCOFwOpIQ7kNvwEYj2-i&amp;_nc_oc=Adp1p71e7EDcC70XW_wwt7MU2dmtd73D50yJyC8A8vpcVGiq2hArqORHRh4QiA0maOCWVTJD3Mf_zUwbQ5KgR_mh&amp;_nc_zt=23&amp;_nc_ht=scontent-waw2-2.cdninstagram.com&amp;edm=ANo9K5cEAAAA&amp;_nc_gid=8Sk-QqwkawWXWWJ-gd5DCQ&amp;_nc_tpa=Q5bMBQEINQzSJiL4Cq8S3E-RzIhJakiR0J9sX4GbwAqOX9F4QYoGDyTc-v8NiarhGuIZ33I3YH9GRBGMMA&amp;oh=00_Af3pGFo5h6AhqT55cJE4ZSDVdtLmaME8uxW-B7GKp2eNTA&amp;oe=69F71958&quot;,&quot;150&quot;:&quot;https:\\\/\\\/scontent-waw2-2.cdninstagram.com\\\/v\\\/t39.30808-6\\\/670405817_1816367786383033_6102776843802304712_n.jpg?stp=dst-jpg_e35_tt6&amp;_nc_cat=107&amp;ccb=7-5&amp;_nc_sid=18de74&amp;efg=eyJlZmdfdGFnIjoiQ0FST1VTRUxfSVRFTS5iZXN0X2ltYWdlX3VybGdlbi5DMyJ9&amp;_nc_ohc=amgPCOFwOpIQ7kNvwEYj2-i&amp;_nc_oc=Adp1p71e7EDcC70XW_wwt7MU2dmtd73D50yJyC8A8vpcVGiq2hArqORHRh4QiA0maOCWVTJD3Mf_zUwbQ5KgR_mh&amp;_nc_zt=23&amp;_nc_ht=scontent-waw2-2.cdninstagram.com&amp;edm=ANo9K5cEAAAA&amp;_nc_gid=8Sk-QqwkawWXWWJ-gd5DCQ&amp;_nc_tpa=Q5bMBQEINQzSJiL4Cq8S3E-RzIhJakiR0J9sX4GbwAqOX9F4QYoGDyTc-v8NiarhGuIZ33I3YH9GRBGMMA&amp;oh=00_Af3pGFo5h6AhqT55cJE4ZSDVdtLmaME8uxW-B7GKp2eNTA&amp;oe=69F71958&quot;,&quot;320&quot;:&quot;https:\\\/\\\/scontent-waw2-2.cdninstagram.com\\\/v\\\/t39.30808-6\\\/670405817_1816367786383033_6102776843802304712_n.jpg?stp=dst-jpg_e35_tt6&amp;_nc_cat=107&amp;ccb=7-5&amp;_nc_sid=18de74&amp;efg=eyJlZmdfdGFnIjoiQ0FST1VTRUxfSVRFTS5iZXN0X2ltYWdlX3VybGdlbi5DMyJ9&amp;_nc_ohc=amgPCOFwOpIQ7kNvwEYj2-i&amp;_nc_oc=Adp1p71e7EDcC70XW_wwt7MU2dmtd73D50yJyC8A8vpcVGiq2hArqORHRh4QiA0maOCWVTJD3Mf_zUwbQ5KgR_mh&amp;_nc_zt=23&amp;_nc_ht=scontent-waw2-2.cdninstagram.com&amp;edm=ANo9K5cEAAAA&amp;_nc_gid=8Sk-QqwkawWXWWJ-gd5DCQ&amp;_nc_tpa=Q5bMBQEINQzSJiL4Cq8S3E-RzIhJakiR0J9sX4GbwAqOX9F4QYoGDyTc-v8NiarhGuIZ33I3YH9GRBGMMA&amp;oh=00_Af3pGFo5h6AhqT55cJE4ZSDVdtLmaME8uxW-B7GKp2eNTA&amp;oe=69F71958&quot;,&quot;640&quot;:&quot;https:\\\/\\\/scontent-waw2-2.cdninstagram.com\\\/v\\\/t39.30808-6\\\/670405817_1816367786383033_6102776843802304712_n.jpg?stp=dst-jpg_e35_tt6&amp;_nc_cat=107&amp;ccb=7-5&amp;_nc_sid=18de74&amp;efg=eyJlZmdfdGFnIjoiQ0FST1VTRUxfSVRFTS5iZXN0X2ltYWdlX3VybGdlbi5DMyJ9&amp;_nc_ohc=amgPCOFwOpIQ7kNvwEYj2-i&amp;_nc_oc=Adp1p71e7EDcC70XW_wwt7MU2dmtd73D50yJyC8A8vpcVGiq2hArqORHRh4QiA0maOCWVTJD3Mf_zUwbQ5KgR_mh&amp;_nc_zt=23&amp;_nc_ht=scontent-waw2-2.cdninstagram.com&amp;edm=ANo9K5cEAAAA&amp;_nc_gid=8Sk-QqwkawWXWWJ-gd5DCQ&amp;_nc_tpa=Q5bMBQEINQzSJiL4Cq8S3E-RzIhJakiR0J9sX4GbwAqOX9F4QYoGDyTc-v8NiarhGuIZ33I3YH9GRBGMMA&amp;oh=00_Af3pGFo5h6AhqT55cJE4ZSDVdtLmaME8uxW-B7GKp2eNTA&amp;oe=69F71958&quot;}\">\n\t\t\t<span class=\"sbi-screenreader\">ES_ \u00bfSab\u00edas que en Varsovia puedes viajar en el ti<\/span>\n\t\t\t<svg class=\"svg-inline--fa fa-clone fa-w-16 sbi_lightbox_carousel_icon\" aria-hidden=\"true\" aria-label=\"Clone\" data-fa-pro\u0192cessed=\"\" data-prefix=\"far\" data-icon=\"clone\" role=\"img\" xmlns=\"http:\/\/www.w3.org\/2000\/svg\" viewBox=\"0 0 512 512\">\n                    <path fill=\"currentColor\" d=\"M464 0H144c-26.51 0-48 21.49-48 48v48H48c-26.51 0-48 21.49-48 48v320c0 26.51 21.49 48 48 48h320c26.51 0 48-21.49 48-48v-48h48c26.51 0 48-21.49 48-48V48c0-26.51-21.49-48-48-48zM362 464H54a6 6 0 0 1-6-6V150a6 6 0 0 1 6-6h42v224c0 26.51 21.49 48 48 48h224v42a6 6 0 0 1-6 6zm96-96H150a6 6 0 0 1-6-6V54a6 6 0 0 1 6-6h308a6 6 0 0 1 6 6v308a6 6 0 0 1-6 6z\"><\/path>\n                <\/svg>\t\t\t\t\t\t<img decoding=\"async\" src=\"https:\/\/www.polonia.travel\/es\/wp-content\/plugins\/instagram-feed\/img\/placeholder.png\" alt=\"ES_ \u00bfSab\u00edas que en Varsovia puedes viajar en el tiempo a trav\u00e9s de la luz? \u2728\n\nEl Museo del Ne\u00f3n es uno de los lugares m\u00e1s originales de la ciudad. Ubicado en el moderno distrito de Praga, este museo re\u00fane una fascinante colecci\u00f3n de antiguos r\u00f3tulos luminosos de la \u00e9poca comunista, que anta\u00f1o decoraban calles, cines y comercios de toda Polonia. \ud83c\udf06\n\nCada ne\u00f3n cuenta una historia: desde elegantes tipograf\u00edas retro hasta dise\u00f1os llenos de color que reflejan la est\u00e9tica y la vida urbana de otra \u00e9poca. Hoy, restaurados y cuidadosamente conservados, brillan de nuevo como aut\u00e9nticas obras de arte.\n\n----\n\nPT_ Sabia que em Vars\u00f3via pode viajar no tempo atrav\u00e9s da luz? \u2728\n\nO Museo del Ne\u00f3n \u00e9 um dos lugares mais originais da cidade. Localizado no moderno bairro de Praga, este museu re\u00fane uma fascinante cole\u00e7\u00e3o de antigos letreiros luminosos da \u00e9poca comunista, que antigamente decoravam ruas, cinemas e lojas por toda a Pol\u00f3nia.\n\nCada n\u00e9on conta uma hist\u00f3ria: desde tipografias elegantes de estilo retro at\u00e9 designs cheios de cor que refletem a est\u00e9tica e a vida urbana de outra \u00e9poca. Hoje, restaurados e cuidadosamente preservados, voltam a brilhar como verdadeiras obras de arte.\n\nUm plano diferente, muito \u201cinstagram\u00e1vel\u201d e perfeito para descobrir um lado diferente de Vars\u00f3via.\n\n#Varsovia #Polonia #NeonMuseum #TravelInspiration #CityBreak #PoloniaTravel #Pol\u00f3nia #Vars\u00f3via #arte #arteurbano\" aria-hidden=\"true\">\n\t\t<\/a>\n\t<\/div>\n<\/div><div class=\"sbi_item sbi_type_carousel sbi_new sbi_transition\"\n\tid=\"sbi_18122118097527167\" data-date=\"1775937621\">\n\t<div class=\"sbi_photo_wrap\">\n\t\t<a class=\"sbi_photo\" href=\"https:\/\/www.instagram.com\/p\/DXAQbsLAYd2\/\" target=\"_blank\" rel=\"noopener nofollow\"\n\t\t\tdata-full-res=\"https:\/\/scontent-waw2-1.cdninstagram.com\/v\/t39.30808-6\/669046852_1812741090079036_6195852380616718581_n.jpg?stp=dst-jpg_e35_tt6&#038;_nc_cat=104&#038;ccb=7-5&#038;_nc_sid=18de74&#038;efg=eyJlZmdfdGFnIjoiQ0FST1VTRUxfSVRFTS5iZXN0X2ltYWdlX3VybGdlbi5DMyJ9&#038;_nc_ohc=Nu4oqIySY9UQ7kNvwF0EmI6&#038;_nc_oc=AdobE1ouwMw80XXwqRZfinBHHL_Wnu5kKUWWiJtpItrGYo7-hDP_af-slKS06a06pNC7JmRZmi-zdOJ5-x7XS8mG&#038;_nc_zt=23&#038;_nc_ht=scontent-waw2-1.cdninstagram.com&#038;edm=ANo9K5cEAAAA&#038;_nc_gid=8Sk-QqwkawWXWWJ-gd5DCQ&#038;_nc_tpa=Q5bMBQGXio1CG2q38AlbAq1a-G0P5sI4lZ2-zUnb2zI7qvlayCudARVXGHt1DyUnUXC82FzAEbKo3_cJ0Q&#038;oh=00_Af16PpGouJS0Xo0s5QVaO8Dy0WmJwAcAXvnsB4Sq6dEn5Q&#038;oe=69F71C87\"\n\t\t\tdata-img-src-set=\"{&quot;d&quot;:&quot;https:\\\/\\\/scontent-waw2-1.cdninstagram.com\\\/v\\\/t39.30808-6\\\/669046852_1812741090079036_6195852380616718581_n.jpg?stp=dst-jpg_e35_tt6&amp;_nc_cat=104&amp;ccb=7-5&amp;_nc_sid=18de74&amp;efg=eyJlZmdfdGFnIjoiQ0FST1VTRUxfSVRFTS5iZXN0X2ltYWdlX3VybGdlbi5DMyJ9&amp;_nc_ohc=Nu4oqIySY9UQ7kNvwF0EmI6&amp;_nc_oc=AdobE1ouwMw80XXwqRZfinBHHL_Wnu5kKUWWiJtpItrGYo7-hDP_af-slKS06a06pNC7JmRZmi-zdOJ5-x7XS8mG&amp;_nc_zt=23&amp;_nc_ht=scontent-waw2-1.cdninstagram.com&amp;edm=ANo9K5cEAAAA&amp;_nc_gid=8Sk-QqwkawWXWWJ-gd5DCQ&amp;_nc_tpa=Q5bMBQGXio1CG2q38AlbAq1a-G0P5sI4lZ2-zUnb2zI7qvlayCudARVXGHt1DyUnUXC82FzAEbKo3_cJ0Q&amp;oh=00_Af16PpGouJS0Xo0s5QVaO8Dy0WmJwAcAXvnsB4Sq6dEn5Q&amp;oe=69F71C87&quot;,&quot;150&quot;:&quot;https:\\\/\\\/scontent-waw2-1.cdninstagram.com\\\/v\\\/t39.30808-6\\\/669046852_1812741090079036_6195852380616718581_n.jpg?stp=dst-jpg_e35_tt6&amp;_nc_cat=104&amp;ccb=7-5&amp;_nc_sid=18de74&amp;efg=eyJlZmdfdGFnIjoiQ0FST1VTRUxfSVRFTS5iZXN0X2ltYWdlX3VybGdlbi5DMyJ9&amp;_nc_ohc=Nu4oqIySY9UQ7kNvwF0EmI6&amp;_nc_oc=AdobE1ouwMw80XXwqRZfinBHHL_Wnu5kKUWWiJtpItrGYo7-hDP_af-slKS06a06pNC7JmRZmi-zdOJ5-x7XS8mG&amp;_nc_zt=23&amp;_nc_ht=scontent-waw2-1.cdninstagram.com&amp;edm=ANo9K5cEAAAA&amp;_nc_gid=8Sk-QqwkawWXWWJ-gd5DCQ&amp;_nc_tpa=Q5bMBQGXio1CG2q38AlbAq1a-G0P5sI4lZ2-zUnb2zI7qvlayCudARVXGHt1DyUnUXC82FzAEbKo3_cJ0Q&amp;oh=00_Af16PpGouJS0Xo0s5QVaO8Dy0WmJwAcAXvnsB4Sq6dEn5Q&amp;oe=69F71C87&quot;,&quot;320&quot;:&quot;https:\\\/\\\/scontent-waw2-1.cdninstagram.com\\\/v\\\/t39.30808-6\\\/669046852_1812741090079036_6195852380616718581_n.jpg?stp=dst-jpg_e35_tt6&amp;_nc_cat=104&amp;ccb=7-5&amp;_nc_sid=18de74&amp;efg=eyJlZmdfdGFnIjoiQ0FST1VTRUxfSVRFTS5iZXN0X2ltYWdlX3VybGdlbi5DMyJ9&amp;_nc_ohc=Nu4oqIySY9UQ7kNvwF0EmI6&amp;_nc_oc=AdobE1ouwMw80XXwqRZfinBHHL_Wnu5kKUWWiJtpItrGYo7-hDP_af-slKS06a06pNC7JmRZmi-zdOJ5-x7XS8mG&amp;_nc_zt=23&amp;_nc_ht=scontent-waw2-1.cdninstagram.com&amp;edm=ANo9K5cEAAAA&amp;_nc_gid=8Sk-QqwkawWXWWJ-gd5DCQ&amp;_nc_tpa=Q5bMBQGXio1CG2q38AlbAq1a-G0P5sI4lZ2-zUnb2zI7qvlayCudARVXGHt1DyUnUXC82FzAEbKo3_cJ0Q&amp;oh=00_Af16PpGouJS0Xo0s5QVaO8Dy0WmJwAcAXvnsB4Sq6dEn5Q&amp;oe=69F71C87&quot;,&quot;640&quot;:&quot;https:\\\/\\\/scontent-waw2-1.cdninstagram.com\\\/v\\\/t39.30808-6\\\/669046852_1812741090079036_6195852380616718581_n.jpg?stp=dst-jpg_e35_tt6&amp;_nc_cat=104&amp;ccb=7-5&amp;_nc_sid=18de74&amp;efg=eyJlZmdfdGFnIjoiQ0FST1VTRUxfSVRFTS5iZXN0X2ltYWdlX3VybGdlbi5DMyJ9&amp;_nc_ohc=Nu4oqIySY9UQ7kNvwF0EmI6&amp;_nc_oc=AdobE1ouwMw80XXwqRZfinBHHL_Wnu5kKUWWiJtpItrGYo7-hDP_af-slKS06a06pNC7JmRZmi-zdOJ5-x7XS8mG&amp;_nc_zt=23&amp;_nc_ht=scontent-waw2-1.cdninstagram.com&amp;edm=ANo9K5cEAAAA&amp;_nc_gid=8Sk-QqwkawWXWWJ-gd5DCQ&amp;_nc_tpa=Q5bMBQGXio1CG2q38AlbAq1a-G0P5sI4lZ2-zUnb2zI7qvlayCudARVXGHt1DyUnUXC82FzAEbKo3_cJ0Q&amp;oh=00_Af16PpGouJS0Xo0s5QVaO8Dy0WmJwAcAXvnsB4Sq6dEn5Q&amp;oe=69F71C87&quot;}\">\n\t\t\t<span class=\"sbi-screenreader\">ES_\u2728 Un tesoro escondido en el coraz\u00f3n de Polonia <\/span>\n\t\t\t<svg class=\"svg-inline--fa fa-clone fa-w-16 sbi_lightbox_carousel_icon\" aria-hidden=\"true\" aria-label=\"Clone\" data-fa-pro\u0192cessed=\"\" data-prefix=\"far\" data-icon=\"clone\" role=\"img\" xmlns=\"http:\/\/www.w3.org\/2000\/svg\" viewBox=\"0 0 512 512\">\n                    <path fill=\"currentColor\" d=\"M464 0H144c-26.51 0-48 21.49-48 48v48H48c-26.51 0-48 21.49-48 48v320c0 26.51 21.49 48 48 48h320c26.51 0 48-21.49 48-48v-48h48c26.51 0 48-21.49 48-48V48c0-26.51-21.49-48-48-48zM362 464H54a6 6 0 0 1-6-6V150a6 6 0 0 1 6-6h42v224c0 26.51 21.49 48 48 48h224v42a6 6 0 0 1-6 6zm96-96H150a6 6 0 0 1-6-6V54a6 6 0 0 1 6-6h308a6 6 0 0 1 6 6v308a6 6 0 0 1-6 6z\"><\/path>\n                <\/svg>\t\t\t\t\t\t<img decoding=\"async\" src=\"https:\/\/www.polonia.travel\/es\/wp-content\/plugins\/instagram-feed\/img\/placeholder.png\" alt=\"ES_\u2728 Un tesoro escondido en el coraz\u00f3n de Polonia \u2728\n\nEn lo alto del castillo de Lublin se encuentra la impresionante Capilla de la Sant\u00edsima Trinidad, un lugar que sorprende desde el primer instante \ud83d\udcab Por fuera, su estilo g\u00f3tico puede parecer sobrio\u2026 pero al cruzar sus puertas, te espera una explosi\u00f3n de color y arte \u00fanico en Europa.\n\n\ud83c\udfa8 Sus muros est\u00e1n cubiertos por frescos bizantino-rutenos del siglo XV, una combinaci\u00f3n fascinante entre Oriente y Occidente que convierte este espacio en algo verdaderamente especial.\n\nUn rinc\u00f3n lleno de historia, espiritualidad y belleza que te transporta a otra \u00e9poca.\n\u00a1Imprescindible para amantes del arte y la historia!\n\n-----\n\nPT_  Um Tesouro Escondido no Cora\u00e7\u00e3o da Pol\u00f3nia \u2728\n\nNo topo do Castelo de Lublin, encontra-se a deslumbrante Capela da Sant\u00edssima Trindade, um lugar que cativa desde o primeiro instante \ud83d\udcab Do lado de fora, o seu estilo g\u00f3tico pode parecer discreto\u2026 mas ao entrar, uma explos\u00e3o de cores e arte, \u00fanica na Europa, aguarda.\n\n\ud83c\udfa8 As suas paredes est\u00e3o cobertas de frescos bizantino-rutenos do s\u00e9culo XV, uma fascinante mistura do Oriente e do Ocidente que torna este espa\u00e7o verdadeiramente especial.\n\nUm recanto repleto de hist\u00f3ria, espiritualidade e beleza que o transporta para outra \u00e9poca.\nUma visita imperd\u00edvel para os amantes da arte e da hist\u00f3ria!\n\n\ud83d\udccd Lublin, Polonia\n.\n.\n.\n#Lublin #Polonia #ArteEuropeo #Capilla #Viajar #Europa #HiddenGems #Castillo #Castelo #Arte #Pol\u00f3nia #Ciudad #Citybreak #Cidade\" aria-hidden=\"true\">\n\t\t<\/a>\n\t<\/div>\n<\/div><div class=\"sbi_item sbi_type_carousel sbi_new sbi_transition\"\n\tid=\"sbi_18118335505651355\" data-date=\"1775762526\">\n\t<div class=\"sbi_photo_wrap\">\n\t\t<a class=\"sbi_photo\" href=\"https:\/\/www.instagram.com\/p\/DW7Cd08j3E5\/\" target=\"_blank\" rel=\"noopener nofollow\"\n\t\t\tdata-full-res=\"https:\/\/scontent-waw2-1.cdninstagram.com\/v\/t39.30808-6\/670473759_1812064110146734_5409172187179519132_n.jpg?stp=dst-jpg_e35_tt6&#038;_nc_cat=110&#038;ccb=7-5&#038;_nc_sid=18de74&#038;efg=eyJlZmdfdGFnIjoiQ0FST1VTRUxfSVRFTS5iZXN0X2ltYWdlX3VybGdlbi5DMyJ9&#038;_nc_ohc=CGlxZ3A7IE4Q7kNvwGs3AUQ&#038;_nc_oc=AdoaZx2qedd69nla72tbCavxtMsfK_ufrDq6nODFtJDcKbNOF4KTO_IzVmQbVoKd0WGTjNLZGRt5pMheJEd7lZRc&#038;_nc_zt=23&#038;_nc_ht=scontent-waw2-1.cdninstagram.com&#038;edm=ANo9K5cEAAAA&#038;_nc_gid=8Sk-QqwkawWXWWJ-gd5DCQ&#038;_nc_tpa=Q5bMBQG7zvQeqhcw7BWPdYK6h3ODDZYGjFo8vWi51W_iO9q_Q-_byxqEt9YI7ur012cKrglGlGngseh5AA&#038;oh=00_Af1es5S5eh2KpUVg-vE--TsrEUNzuCOsCbHCQVcQwtGqQA&#038;oe=69F708A8\"\n\t\t\tdata-img-src-set=\"{&quot;d&quot;:&quot;https:\\\/\\\/scontent-waw2-1.cdninstagram.com\\\/v\\\/t39.30808-6\\\/670473759_1812064110146734_5409172187179519132_n.jpg?stp=dst-jpg_e35_tt6&amp;_nc_cat=110&amp;ccb=7-5&amp;_nc_sid=18de74&amp;efg=eyJlZmdfdGFnIjoiQ0FST1VTRUxfSVRFTS5iZXN0X2ltYWdlX3VybGdlbi5DMyJ9&amp;_nc_ohc=CGlxZ3A7IE4Q7kNvwGs3AUQ&amp;_nc_oc=AdoaZx2qedd69nla72tbCavxtMsfK_ufrDq6nODFtJDcKbNOF4KTO_IzVmQbVoKd0WGTjNLZGRt5pMheJEd7lZRc&amp;_nc_zt=23&amp;_nc_ht=scontent-waw2-1.cdninstagram.com&amp;edm=ANo9K5cEAAAA&amp;_nc_gid=8Sk-QqwkawWXWWJ-gd5DCQ&amp;_nc_tpa=Q5bMBQG7zvQeqhcw7BWPdYK6h3ODDZYGjFo8vWi51W_iO9q_Q-_byxqEt9YI7ur012cKrglGlGngseh5AA&amp;oh=00_Af1es5S5eh2KpUVg-vE--TsrEUNzuCOsCbHCQVcQwtGqQA&amp;oe=69F708A8&quot;,&quot;150&quot;:&quot;https:\\\/\\\/scontent-waw2-1.cdninstagram.com\\\/v\\\/t39.30808-6\\\/670473759_1812064110146734_5409172187179519132_n.jpg?stp=dst-jpg_e35_tt6&amp;_nc_cat=110&amp;ccb=7-5&amp;_nc_sid=18de74&amp;efg=eyJlZmdfdGFnIjoiQ0FST1VTRUxfSVRFTS5iZXN0X2ltYWdlX3VybGdlbi5DMyJ9&amp;_nc_ohc=CGlxZ3A7IE4Q7kNvwGs3AUQ&amp;_nc_oc=AdoaZx2qedd69nla72tbCavxtMsfK_ufrDq6nODFtJDcKbNOF4KTO_IzVmQbVoKd0WGTjNLZGRt5pMheJEd7lZRc&amp;_nc_zt=23&amp;_nc_ht=scontent-waw2-1.cdninstagram.com&amp;edm=ANo9K5cEAAAA&amp;_nc_gid=8Sk-QqwkawWXWWJ-gd5DCQ&amp;_nc_tpa=Q5bMBQG7zvQeqhcw7BWPdYK6h3ODDZYGjFo8vWi51W_iO9q_Q-_byxqEt9YI7ur012cKrglGlGngseh5AA&amp;oh=00_Af1es5S5eh2KpUVg-vE--TsrEUNzuCOsCbHCQVcQwtGqQA&amp;oe=69F708A8&quot;,&quot;320&quot;:&quot;https:\\\/\\\/scontent-waw2-1.cdninstagram.com\\\/v\\\/t39.30808-6\\\/670473759_1812064110146734_5409172187179519132_n.jpg?stp=dst-jpg_e35_tt6&amp;_nc_cat=110&amp;ccb=7-5&amp;_nc_sid=18de74&amp;efg=eyJlZmdfdGFnIjoiQ0FST1VTRUxfSVRFTS5iZXN0X2ltYWdlX3VybGdlbi5DMyJ9&amp;_nc_ohc=CGlxZ3A7IE4Q7kNvwGs3AUQ&amp;_nc_oc=AdoaZx2qedd69nla72tbCavxtMsfK_ufrDq6nODFtJDcKbNOF4KTO_IzVmQbVoKd0WGTjNLZGRt5pMheJEd7lZRc&amp;_nc_zt=23&amp;_nc_ht=scontent-waw2-1.cdninstagram.com&amp;edm=ANo9K5cEAAAA&amp;_nc_gid=8Sk-QqwkawWXWWJ-gd5DCQ&amp;_nc_tpa=Q5bMBQG7zvQeqhcw7BWPdYK6h3ODDZYGjFo8vWi51W_iO9q_Q-_byxqEt9YI7ur012cKrglGlGngseh5AA&amp;oh=00_Af1es5S5eh2KpUVg-vE--TsrEUNzuCOsCbHCQVcQwtGqQA&amp;oe=69F708A8&quot;,&quot;640&quot;:&quot;https:\\\/\\\/scontent-waw2-1.cdninstagram.com\\\/v\\\/t39.30808-6\\\/670473759_1812064110146734_5409172187179519132_n.jpg?stp=dst-jpg_e35_tt6&amp;_nc_cat=110&amp;ccb=7-5&amp;_nc_sid=18de74&amp;efg=eyJlZmdfdGFnIjoiQ0FST1VTRUxfSVRFTS5iZXN0X2ltYWdlX3VybGdlbi5DMyJ9&amp;_nc_ohc=CGlxZ3A7IE4Q7kNvwGs3AUQ&amp;_nc_oc=AdoaZx2qedd69nla72tbCavxtMsfK_ufrDq6nODFtJDcKbNOF4KTO_IzVmQbVoKd0WGTjNLZGRt5pMheJEd7lZRc&amp;_nc_zt=23&amp;_nc_ht=scontent-waw2-1.cdninstagram.com&amp;edm=ANo9K5cEAAAA&amp;_nc_gid=8Sk-QqwkawWXWWJ-gd5DCQ&amp;_nc_tpa=Q5bMBQG7zvQeqhcw7BWPdYK6h3ODDZYGjFo8vWi51W_iO9q_Q-_byxqEt9YI7ur012cKrglGlGngseh5AA&amp;oh=00_Af1es5S5eh2KpUVg-vE--TsrEUNzuCOsCbHCQVcQwtGqQA&amp;oe=69F708A8&quot;}\">\n\t\t\t<span class=\"sbi-screenreader\">ES_ \u00bfHab\u00e9is o\u00eddo hablar alguna vez sobre este pint<\/span>\n\t\t\t<svg class=\"svg-inline--fa fa-clone fa-w-16 sbi_lightbox_carousel_icon\" aria-hidden=\"true\" aria-label=\"Clone\" data-fa-pro\u0192cessed=\"\" data-prefix=\"far\" data-icon=\"clone\" role=\"img\" xmlns=\"http:\/\/www.w3.org\/2000\/svg\" viewBox=\"0 0 512 512\">\n                    <path fill=\"currentColor\" d=\"M464 0H144c-26.51 0-48 21.49-48 48v48H48c-26.51 0-48 21.49-48 48v320c0 26.51 21.49 48 48 48h320c26.51 0 48-21.49 48-48v-48h48c26.51 0 48-21.49 48-48V48c0-26.51-21.49-48-48-48zM362 464H54a6 6 0 0 1-6-6V150a6 6 0 0 1 6-6h42v224c0 26.51 21.49 48 48 48h224v42a6 6 0 0 1-6 6zm96-96H150a6 6 0 0 1-6-6V54a6 6 0 0 1 6-6h308a6 6 0 0 1 6 6v308a6 6 0 0 1-6 6z\"><\/path>\n                <\/svg>\t\t\t\t\t\t<img decoding=\"async\" src=\"https:\/\/www.polonia.travel\/es\/wp-content\/plugins\/instagram-feed\/img\/placeholder.png\" alt=\"ES_ \u00bfHab\u00e9is o\u00eddo hablar alguna vez sobre este pintoresco lugar de #Wroclaw?\n\n\ud83e\uddd9\u200d\u2640\ufe0fDicen que si caminas por este puente al atardecer, puedes sentir la energ\u00eda de antiguas leyendas\u2026 , escondido entre las torres de la catedral de Santa Mar\u00eda Magdalena, El Puente de las Brujas ofrece una de las mejores vistas de la ciudad \ud83d\udda4\n\u00a1Un lugar perfecto para los amantes de lo enigm\u00e1tico!\n\n----\n\nPT_ J\u00e1 ouviram falar deste lugar pitoresco de #Wroclaw?\n\n\ud83e\uddd9\u200d\u2640\ufe0f Dizem que, se caminharem por esta ponte ao entardecer, podem sentir a energia de antigas lendas\u2026 escondida entre as torres da catedral de Santa Maria Madalena, a Ponte das Bruxas oferece uma das melhores vistas da cidade \ud83d\udda4\nUm lugar perfeito para os amantes do enigm\u00e1tico!\n\n\ud83d\udcf8 Adobe Stock &amp; GettyImages\n.\n.\n.\n#Wroclaw #Viajar #LugaresConHistoria #Polonia #Leyendas #PuenteDeLasBrujas #PoloniaTravel #Ponte #ViagensComHist\u00f3ria\" aria-hidden=\"true\">\n\t\t<\/a>\n\t<\/div>\n<\/div><div class=\"sbi_item sbi_type_video sbi_new sbi_transition\"\n\tid=\"sbi_18065329826676114\" data-date=\"1775575577\">\n\t<div class=\"sbi_photo_wrap\">\n\t\t<a class=\"sbi_photo\" href=\"https:\/\/www.instagram.com\/reel\/DW1d1XMktJs\/\" target=\"_blank\" rel=\"noopener nofollow\"\n\t\t\tdata-full-res=\"https:\/\/scontent-waw2-2.cdninstagram.com\/v\/t51.82787-15\/658823647_18449780995129926_3133786476184901516_n.jpg?stp=dst-jpg_e35_tt6&#038;_nc_cat=101&#038;ccb=7-5&#038;_nc_sid=18de74&#038;efg=eyJlZmdfdGFnIjoiQ0xJUFMuYmVzdF9pbWFnZV91cmxnZW4uQzMifQ%3D%3D&#038;_nc_ohc=KJDXoQPZsaoQ7kNvwFOJqpr&#038;_nc_oc=Adr4y4jR4T_kqMTAwdUXRYmF8PGRqup5oyN5la_KKXoXieavnE2n9MJOtzQ45gHFmLaCfvACsy_Sm3hjioHhVdXd&#038;_nc_zt=23&#038;_nc_ht=scontent-waw2-2.cdninstagram.com&#038;edm=ANo9K5cEAAAA&#038;_nc_gid=8Sk-QqwkawWXWWJ-gd5DCQ&#038;_nc_tpa=Q5bMBQGZh2_5DRBLzIffGjIeBb6G6c2_s6pXtdD10FxGbxSVTdVgnIQ-jstq1JISSMtB2xWTeZ1dFozTcw&#038;oh=00_Af3HWsMDp1qN5C20ZuRNF6i7l324hmjTu1-XyQBo_-nWmg&#038;oe=69F72EE8\"\n\t\t\tdata-img-src-set=\"{&quot;d&quot;:&quot;https:\\\/\\\/scontent-waw2-2.cdninstagram.com\\\/v\\\/t51.82787-15\\\/658823647_18449780995129926_3133786476184901516_n.jpg?stp=dst-jpg_e35_tt6&amp;_nc_cat=101&amp;ccb=7-5&amp;_nc_sid=18de74&amp;efg=eyJlZmdfdGFnIjoiQ0xJUFMuYmVzdF9pbWFnZV91cmxnZW4uQzMifQ%3D%3D&amp;_nc_ohc=KJDXoQPZsaoQ7kNvwFOJqpr&amp;_nc_oc=Adr4y4jR4T_kqMTAwdUXRYmF8PGRqup5oyN5la_KKXoXieavnE2n9MJOtzQ45gHFmLaCfvACsy_Sm3hjioHhVdXd&amp;_nc_zt=23&amp;_nc_ht=scontent-waw2-2.cdninstagram.com&amp;edm=ANo9K5cEAAAA&amp;_nc_gid=8Sk-QqwkawWXWWJ-gd5DCQ&amp;_nc_tpa=Q5bMBQGZh2_5DRBLzIffGjIeBb6G6c2_s6pXtdD10FxGbxSVTdVgnIQ-jstq1JISSMtB2xWTeZ1dFozTcw&amp;oh=00_Af3HWsMDp1qN5C20ZuRNF6i7l324hmjTu1-XyQBo_-nWmg&amp;oe=69F72EE8&quot;,&quot;150&quot;:&quot;https:\\\/\\\/scontent-waw2-2.cdninstagram.com\\\/v\\\/t51.82787-15\\\/658823647_18449780995129926_3133786476184901516_n.jpg?stp=dst-jpg_e35_tt6&amp;_nc_cat=101&amp;ccb=7-5&amp;_nc_sid=18de74&amp;efg=eyJlZmdfdGFnIjoiQ0xJUFMuYmVzdF9pbWFnZV91cmxnZW4uQzMifQ%3D%3D&amp;_nc_ohc=KJDXoQPZsaoQ7kNvwFOJqpr&amp;_nc_oc=Adr4y4jR4T_kqMTAwdUXRYmF8PGRqup5oyN5la_KKXoXieavnE2n9MJOtzQ45gHFmLaCfvACsy_Sm3hjioHhVdXd&amp;_nc_zt=23&amp;_nc_ht=scontent-waw2-2.cdninstagram.com&amp;edm=ANo9K5cEAAAA&amp;_nc_gid=8Sk-QqwkawWXWWJ-gd5DCQ&amp;_nc_tpa=Q5bMBQGZh2_5DRBLzIffGjIeBb6G6c2_s6pXtdD10FxGbxSVTdVgnIQ-jstq1JISSMtB2xWTeZ1dFozTcw&amp;oh=00_Af3HWsMDp1qN5C20ZuRNF6i7l324hmjTu1-XyQBo_-nWmg&amp;oe=69F72EE8&quot;,&quot;320&quot;:&quot;https:\\\/\\\/scontent-waw2-2.cdninstagram.com\\\/v\\\/t51.82787-15\\\/658823647_18449780995129926_3133786476184901516_n.jpg?stp=dst-jpg_e35_tt6&amp;_nc_cat=101&amp;ccb=7-5&amp;_nc_sid=18de74&amp;efg=eyJlZmdfdGFnIjoiQ0xJUFMuYmVzdF9pbWFnZV91cmxnZW4uQzMifQ%3D%3D&amp;_nc_ohc=KJDXoQPZsaoQ7kNvwFOJqpr&amp;_nc_oc=Adr4y4jR4T_kqMTAwdUXRYmF8PGRqup5oyN5la_KKXoXieavnE2n9MJOtzQ45gHFmLaCfvACsy_Sm3hjioHhVdXd&amp;_nc_zt=23&amp;_nc_ht=scontent-waw2-2.cdninstagram.com&amp;edm=ANo9K5cEAAAA&amp;_nc_gid=8Sk-QqwkawWXWWJ-gd5DCQ&amp;_nc_tpa=Q5bMBQGZh2_5DRBLzIffGjIeBb6G6c2_s6pXtdD10FxGbxSVTdVgnIQ-jstq1JISSMtB2xWTeZ1dFozTcw&amp;oh=00_Af3HWsMDp1qN5C20ZuRNF6i7l324hmjTu1-XyQBo_-nWmg&amp;oe=69F72EE8&quot;,&quot;640&quot;:&quot;https:\\\/\\\/scontent-waw2-2.cdninstagram.com\\\/v\\\/t51.82787-15\\\/658823647_18449780995129926_3133786476184901516_n.jpg?stp=dst-jpg_e35_tt6&amp;_nc_cat=101&amp;ccb=7-5&amp;_nc_sid=18de74&amp;efg=eyJlZmdfdGFnIjoiQ0xJUFMuYmVzdF9pbWFnZV91cmxnZW4uQzMifQ%3D%3D&amp;_nc_ohc=KJDXoQPZsaoQ7kNvwFOJqpr&amp;_nc_oc=Adr4y4jR4T_kqMTAwdUXRYmF8PGRqup5oyN5la_KKXoXieavnE2n9MJOtzQ45gHFmLaCfvACsy_Sm3hjioHhVdXd&amp;_nc_zt=23&amp;_nc_ht=scontent-waw2-2.cdninstagram.com&amp;edm=ANo9K5cEAAAA&amp;_nc_gid=8Sk-QqwkawWXWWJ-gd5DCQ&amp;_nc_tpa=Q5bMBQGZh2_5DRBLzIffGjIeBb6G6c2_s6pXtdD10FxGbxSVTdVgnIQ-jstq1JISSMtB2xWTeZ1dFozTcw&amp;oh=00_Af3HWsMDp1qN5C20ZuRNF6i7l324hmjTu1-XyQBo_-nWmg&amp;oe=69F72EE8&quot;}\">\n\t\t\t<span class=\"sbi-screenreader\">ES_ La primavera en Polonia despierta poco a poco <\/span>\n\t\t\t\t\t\t<svg style=\"color: rgba(255,255,255,1)\" class=\"svg-inline--fa fa-play fa-w-14 sbi_playbtn\" aria-label=\"Play\" aria-hidden=\"true\" data-fa-processed=\"\" data-prefix=\"fa\" data-icon=\"play\" role=\"presentation\" xmlns=\"http:\/\/www.w3.org\/2000\/svg\" viewBox=\"0 0 448 512\"><path fill=\"currentColor\" d=\"M424.4 214.7L72.4 6.6C43.8-10.3 0 6.1 0 47.9V464c0 37.5 40.7 60.1 72.4 41.3l352-208c31.4-18.5 31.5-64.1 0-82.6z\"><\/path><\/svg>\t\t\t<img decoding=\"async\" src=\"https:\/\/www.polonia.travel\/es\/wp-content\/plugins\/instagram-feed\/img\/placeholder.png\" alt=\"ES_ La primavera en Polonia despierta poco a poco \ud83c\udf38\nLos parques se llenan de flores, las ciudades recuperan su ritmo y el aire huele a nuevos comienzos. Es el momento perfecto para pasear, descubrir y dejarse sorprender. \ud83c\udf3f\n---\n\nPT_ A primavera na Pol\u00f3nia desperta pouco a pouco \ud83c\udf38\nOs parques enchem-se de flores, as cidades recuperam o seu ritmo e o ar cheira a novos come\u00e7os. \u00c9 o momento perfeito para passear, descobrir e deixar-se surpreender. \u2728\n.\n.\n.\n#PoloniaTravel #Polonia #primavera\" aria-hidden=\"true\">\n\t\t<\/a>\n\t<\/div>\n<\/div><div class=\"sbi_item sbi_type_carousel sbi_new sbi_transition\"\n\tid=\"sbi_18046081118741228\" data-date=\"1775292317\">\n\t<div class=\"sbi_photo_wrap\">\n\t\t<a class=\"sbi_photo\" href=\"https:\/\/www.instagram.com\/p\/DWtBnQLgGVN\/\" target=\"_blank\" rel=\"noopener nofollow\"\n\t\t\tdata-full-res=\"https:\/\/scontent-waw2-1.cdninstagram.com\/v\/t39.30808-6\/658914886_1804802014206277_3001025890448297720_n.jpg?stp=dst-jpg_e35_tt6&#038;_nc_cat=110&#038;ccb=7-5&#038;_nc_sid=18de74&#038;efg=eyJlZmdfdGFnIjoiQ0FST1VTRUxfSVRFTS5iZXN0X2ltYWdlX3VybGdlbi5DMyJ9&#038;_nc_ohc=cOgZN8zoBtIQ7kNvwGKmMZA&#038;_nc_oc=AdrQtXMXU9XZ8v8AgmziY4ygrVgPSq5LNhgxLGL713MXYIo6nyxLJBvxZ5nlhI-XTvqYEXfYeXKM8dXT6gJ0Eflh&#038;_nc_zt=23&#038;_nc_ht=scontent-waw2-1.cdninstagram.com&#038;edm=ANo9K5cEAAAA&#038;_nc_gid=8Sk-QqwkawWXWWJ-gd5DCQ&#038;_nc_tpa=Q5bMBQEzQOt9Szy8xDmbSRa-bk5voNXhKnZA96zf3A-AYqNGJJHqopdIxZfSE13Bwz1n_afb_r_dLERSEw&#038;oh=00_Af3RNlAwA8txeQ3ktpmsGrajYtlybi8ktn7nnlT4te-BDw&#038;oe=69F701E6\"\n\t\t\tdata-img-src-set=\"{&quot;d&quot;:&quot;https:\\\/\\\/scontent-waw2-1.cdninstagram.com\\\/v\\\/t39.30808-6\\\/658914886_1804802014206277_3001025890448297720_n.jpg?stp=dst-jpg_e35_tt6&amp;_nc_cat=110&amp;ccb=7-5&amp;_nc_sid=18de74&amp;efg=eyJlZmdfdGFnIjoiQ0FST1VTRUxfSVRFTS5iZXN0X2ltYWdlX3VybGdlbi5DMyJ9&amp;_nc_ohc=cOgZN8zoBtIQ7kNvwGKmMZA&amp;_nc_oc=AdrQtXMXU9XZ8v8AgmziY4ygrVgPSq5LNhgxLGL713MXYIo6nyxLJBvxZ5nlhI-XTvqYEXfYeXKM8dXT6gJ0Eflh&amp;_nc_zt=23&amp;_nc_ht=scontent-waw2-1.cdninstagram.com&amp;edm=ANo9K5cEAAAA&amp;_nc_gid=8Sk-QqwkawWXWWJ-gd5DCQ&amp;_nc_tpa=Q5bMBQEzQOt9Szy8xDmbSRa-bk5voNXhKnZA96zf3A-AYqNGJJHqopdIxZfSE13Bwz1n_afb_r_dLERSEw&amp;oh=00_Af3RNlAwA8txeQ3ktpmsGrajYtlybi8ktn7nnlT4te-BDw&amp;oe=69F701E6&quot;,&quot;150&quot;:&quot;https:\\\/\\\/scontent-waw2-1.cdninstagram.com\\\/v\\\/t39.30808-6\\\/658914886_1804802014206277_3001025890448297720_n.jpg?stp=dst-jpg_e35_tt6&amp;_nc_cat=110&amp;ccb=7-5&amp;_nc_sid=18de74&amp;efg=eyJlZmdfdGFnIjoiQ0FST1VTRUxfSVRFTS5iZXN0X2ltYWdlX3VybGdlbi5DMyJ9&amp;_nc_ohc=cOgZN8zoBtIQ7kNvwGKmMZA&amp;_nc_oc=AdrQtXMXU9XZ8v8AgmziY4ygrVgPSq5LNhgxLGL713MXYIo6nyxLJBvxZ5nlhI-XTvqYEXfYeXKM8dXT6gJ0Eflh&amp;_nc_zt=23&amp;_nc_ht=scontent-waw2-1.cdninstagram.com&amp;edm=ANo9K5cEAAAA&amp;_nc_gid=8Sk-QqwkawWXWWJ-gd5DCQ&amp;_nc_tpa=Q5bMBQEzQOt9Szy8xDmbSRa-bk5voNXhKnZA96zf3A-AYqNGJJHqopdIxZfSE13Bwz1n_afb_r_dLERSEw&amp;oh=00_Af3RNlAwA8txeQ3ktpmsGrajYtlybi8ktn7nnlT4te-BDw&amp;oe=69F701E6&quot;,&quot;320&quot;:&quot;https:\\\/\\\/scontent-waw2-1.cdninstagram.com\\\/v\\\/t39.30808-6\\\/658914886_1804802014206277_3001025890448297720_n.jpg?stp=dst-jpg_e35_tt6&amp;_nc_cat=110&amp;ccb=7-5&amp;_nc_sid=18de74&amp;efg=eyJlZmdfdGFnIjoiQ0FST1VTRUxfSVRFTS5iZXN0X2ltYWdlX3VybGdlbi5DMyJ9&amp;_nc_ohc=cOgZN8zoBtIQ7kNvwGKmMZA&amp;_nc_oc=AdrQtXMXU9XZ8v8AgmziY4ygrVgPSq5LNhgxLGL713MXYIo6nyxLJBvxZ5nlhI-XTvqYEXfYeXKM8dXT6gJ0Eflh&amp;_nc_zt=23&amp;_nc_ht=scontent-waw2-1.cdninstagram.com&amp;edm=ANo9K5cEAAAA&amp;_nc_gid=8Sk-QqwkawWXWWJ-gd5DCQ&amp;_nc_tpa=Q5bMBQEzQOt9Szy8xDmbSRa-bk5voNXhKnZA96zf3A-AYqNGJJHqopdIxZfSE13Bwz1n_afb_r_dLERSEw&amp;oh=00_Af3RNlAwA8txeQ3ktpmsGrajYtlybi8ktn7nnlT4te-BDw&amp;oe=69F701E6&quot;,&quot;640&quot;:&quot;https:\\\/\\\/scontent-waw2-1.cdninstagram.com\\\/v\\\/t39.30808-6\\\/658914886_1804802014206277_3001025890448297720_n.jpg?stp=dst-jpg_e35_tt6&amp;_nc_cat=110&amp;ccb=7-5&amp;_nc_sid=18de74&amp;efg=eyJlZmdfdGFnIjoiQ0FST1VTRUxfSVRFTS5iZXN0X2ltYWdlX3VybGdlbi5DMyJ9&amp;_nc_ohc=cOgZN8zoBtIQ7kNvwGKmMZA&amp;_nc_oc=AdrQtXMXU9XZ8v8AgmziY4ygrVgPSq5LNhgxLGL713MXYIo6nyxLJBvxZ5nlhI-XTvqYEXfYeXKM8dXT6gJ0Eflh&amp;_nc_zt=23&amp;_nc_ht=scontent-waw2-1.cdninstagram.com&amp;edm=ANo9K5cEAAAA&amp;_nc_gid=8Sk-QqwkawWXWWJ-gd5DCQ&amp;_nc_tpa=Q5bMBQEzQOt9Szy8xDmbSRa-bk5voNXhKnZA96zf3A-AYqNGJJHqopdIxZfSE13Bwz1n_afb_r_dLERSEw&amp;oh=00_Af3RNlAwA8txeQ3ktpmsGrajYtlybi8ktn7nnlT4te-BDw&amp;oe=69F701E6&quot;}\">\n\t\t\t<span class=\"sbi-screenreader\">\u00bfHab\u00e9is o\u00eddo hablar alguna vez de #\u015awi\u0119conka?\n\nEn <\/span>\n\t\t\t<svg class=\"svg-inline--fa fa-clone fa-w-16 sbi_lightbox_carousel_icon\" aria-hidden=\"true\" aria-label=\"Clone\" data-fa-pro\u0192cessed=\"\" data-prefix=\"far\" data-icon=\"clone\" role=\"img\" xmlns=\"http:\/\/www.w3.org\/2000\/svg\" viewBox=\"0 0 512 512\">\n                    <path fill=\"currentColor\" d=\"M464 0H144c-26.51 0-48 21.49-48 48v48H48c-26.51 0-48 21.49-48 48v320c0 26.51 21.49 48 48 48h320c26.51 0 48-21.49 48-48v-48h48c26.51 0 48-21.49 48-48V48c0-26.51-21.49-48-48-48zM362 464H54a6 6 0 0 1-6-6V150a6 6 0 0 1 6-6h42v224c0 26.51 21.49 48 48 48h224v42a6 6 0 0 1-6 6zm96-96H150a6 6 0 0 1-6-6V54a6 6 0 0 1 6-6h308a6 6 0 0 1 6 6v308a6 6 0 0 1-6 6z\"><\/path>\n                <\/svg>\t\t\t\t\t\t<img decoding=\"async\" src=\"https:\/\/www.polonia.travel\/es\/wp-content\/plugins\/instagram-feed\/img\/placeholder.png\" alt=\"\u00bfHab\u00e9is o\u00eddo hablar alguna vez de #\u015awi\u0119conka?\n\nEn Polonia, el S\u00e1bado Santo las familias preparan cestas llenas de alimentos simb\u00f3licos que se llevar\u00e1n a la iglesia para la bendici\u00f3n de los alimentos.\n\nCada producto tiene su significado:\n\ud83e\udd5a Huevos: s\u00edmbolo de vida y renacimiento. \n\ud83e\udd56 Pan: representa abundancia y sustento. \n\ud83e\uddc2 Sal: simboliza la purificaci\u00f3n y la riqueza de la tierra. \n\ud83e\udd69 Carnes y embutidos: esperanza y prosperidad. \n\ud83c\udf70 Dulces tradicionales como babka y mazurek: celebraci\u00f3n y alegr\u00eda. \n\nTras la bendici\u00f3n, estas delicias se comparten en familia, marcando el inicio de la celebraci\u00f3n pascual y fortaleciendo los lazos y la tradici\u00f3n. \u2764\ufe0f\n\n---\n\nJ\u00e1 ouviste falar alguma vez de #\u015awi\u0119conka?\n\nNa Pol\u00f3nia, no S\u00e1bado Santo, as fam\u00edlias preparam cestos cheios de alimentos simb\u00f3licos que levam \u00e0 igreja para a b\u00ean\u00e7\u00e3o dos alimentos.\n\nCada produto tem o seu significado:\n\ud83e\udd5a Ovos: s\u00edmbolo de vida e renascimento.\n\ud83e\udd56 P\u00e3o: representa abund\u00e2ncia e sustento.\n\ud83e\uddc2 Sal: simboliza a purifica\u00e7\u00e3o e a riqueza da terra.\n\ud83e\udd69 Carnes e enchidos: esperan\u00e7a e prosperidade.\n\ud83c\udf70 Doces tradicionais como babka e mazurek: celebra\u00e7\u00e3o e alegria.\n\nAp\u00f3s a b\u00ean\u00e7\u00e3o, estas iguarias s\u00e3o partilhadas em fam\u00edlia, marcando o in\u00edcio da celebra\u00e7\u00e3o pascal e refor\u00e7ando os la\u00e7os e a tradi\u00e7\u00e3o.\n.\n.\n.\n#Polonia #SemanaSanta #P\u00e1scoa #Pascua #tradi\u00e7\u00e3o  #tradiciones #Pol\u00f3nia\" aria-hidden=\"true\">\n\t\t<\/a>\n\t<\/div>\n<\/div><div class=\"sbi_item sbi_type_carousel sbi_new sbi_transition\"\n\tid=\"sbi_18414571780131664\" data-date=\"1775163714\">\n\t<div class=\"sbi_photo_wrap\">\n\t\t<a class=\"sbi_photo\" href=\"https:\/\/www.instagram.com\/p\/DWpMUmOAXke\/\" target=\"_blank\" rel=\"noopener nofollow\"\n\t\t\tdata-full-res=\"https:\/\/scontent-waw2-2.cdninstagram.com\/v\/t39.30808-6\/657462488_1802747637745048_1297905082536958773_n.jpg?stp=dst-jpg_e35_tt6&#038;_nc_cat=107&#038;ccb=7-5&#038;_nc_sid=18de74&#038;efg=eyJlZmdfdGFnIjoiQ0FST1VTRUxfSVRFTS5iZXN0X2ltYWdlX3VybGdlbi5DMyJ9&#038;_nc_ohc=nHULtT7jnmQQ7kNvwFjM9M2&#038;_nc_oc=AdpNkTGjeVqS6zJW3mGg0wW964njHVDkqXJleVQBwzRvFCHjbSx51Cq3S_DfbzKXFj0qJBU9RfRphETuHL_f4sH3&#038;_nc_zt=23&#038;_nc_ht=scontent-waw2-2.cdninstagram.com&#038;edm=ANo9K5cEAAAA&#038;_nc_gid=8Sk-QqwkawWXWWJ-gd5DCQ&#038;_nc_tpa=Q5bMBQEHdkkdPmQMuDTfMsYo73b-i50i_4EAhDWrx0CtVbaCqnLDYygwUhbb9Yc4icStzg44ULVSgvFIBg&#038;oh=00_Af3_ARC9aourVp1fH8JcmaW7A8aU-7IRWWGd5A3B1WoOqA&#038;oe=69F72BB6\"\n\t\t\tdata-img-src-set=\"{&quot;d&quot;:&quot;https:\\\/\\\/scontent-waw2-2.cdninstagram.com\\\/v\\\/t39.30808-6\\\/657462488_1802747637745048_1297905082536958773_n.jpg?stp=dst-jpg_e35_tt6&amp;_nc_cat=107&amp;ccb=7-5&amp;_nc_sid=18de74&amp;efg=eyJlZmdfdGFnIjoiQ0FST1VTRUxfSVRFTS5iZXN0X2ltYWdlX3VybGdlbi5DMyJ9&amp;_nc_ohc=nHULtT7jnmQQ7kNvwFjM9M2&amp;_nc_oc=AdpNkTGjeVqS6zJW3mGg0wW964njHVDkqXJleVQBwzRvFCHjbSx51Cq3S_DfbzKXFj0qJBU9RfRphETuHL_f4sH3&amp;_nc_zt=23&amp;_nc_ht=scontent-waw2-2.cdninstagram.com&amp;edm=ANo9K5cEAAAA&amp;_nc_gid=8Sk-QqwkawWXWWJ-gd5DCQ&amp;_nc_tpa=Q5bMBQEHdkkdPmQMuDTfMsYo73b-i50i_4EAhDWrx0CtVbaCqnLDYygwUhbb9Yc4icStzg44ULVSgvFIBg&amp;oh=00_Af3_ARC9aourVp1fH8JcmaW7A8aU-7IRWWGd5A3B1WoOqA&amp;oe=69F72BB6&quot;,&quot;150&quot;:&quot;https:\\\/\\\/scontent-waw2-2.cdninstagram.com\\\/v\\\/t39.30808-6\\\/657462488_1802747637745048_1297905082536958773_n.jpg?stp=dst-jpg_e35_tt6&amp;_nc_cat=107&amp;ccb=7-5&amp;_nc_sid=18de74&amp;efg=eyJlZmdfdGFnIjoiQ0FST1VTRUxfSVRFTS5iZXN0X2ltYWdlX3VybGdlbi5DMyJ9&amp;_nc_ohc=nHULtT7jnmQQ7kNvwFjM9M2&amp;_nc_oc=AdpNkTGjeVqS6zJW3mGg0wW964njHVDkqXJleVQBwzRvFCHjbSx51Cq3S_DfbzKXFj0qJBU9RfRphETuHL_f4sH3&amp;_nc_zt=23&amp;_nc_ht=scontent-waw2-2.cdninstagram.com&amp;edm=ANo9K5cEAAAA&amp;_nc_gid=8Sk-QqwkawWXWWJ-gd5DCQ&amp;_nc_tpa=Q5bMBQEHdkkdPmQMuDTfMsYo73b-i50i_4EAhDWrx0CtVbaCqnLDYygwUhbb9Yc4icStzg44ULVSgvFIBg&amp;oh=00_Af3_ARC9aourVp1fH8JcmaW7A8aU-7IRWWGd5A3B1WoOqA&amp;oe=69F72BB6&quot;,&quot;320&quot;:&quot;https:\\\/\\\/scontent-waw2-2.cdninstagram.com\\\/v\\\/t39.30808-6\\\/657462488_1802747637745048_1297905082536958773_n.jpg?stp=dst-jpg_e35_tt6&amp;_nc_cat=107&amp;ccb=7-5&amp;_nc_sid=18de74&amp;efg=eyJlZmdfdGFnIjoiQ0FST1VTRUxfSVRFTS5iZXN0X2ltYWdlX3VybGdlbi5DMyJ9&amp;_nc_ohc=nHULtT7jnmQQ7kNvwFjM9M2&amp;_nc_oc=AdpNkTGjeVqS6zJW3mGg0wW964njHVDkqXJleVQBwzRvFCHjbSx51Cq3S_DfbzKXFj0qJBU9RfRphETuHL_f4sH3&amp;_nc_zt=23&amp;_nc_ht=scontent-waw2-2.cdninstagram.com&amp;edm=ANo9K5cEAAAA&amp;_nc_gid=8Sk-QqwkawWXWWJ-gd5DCQ&amp;_nc_tpa=Q5bMBQEHdkkdPmQMuDTfMsYo73b-i50i_4EAhDWrx0CtVbaCqnLDYygwUhbb9Yc4icStzg44ULVSgvFIBg&amp;oh=00_Af3_ARC9aourVp1fH8JcmaW7A8aU-7IRWWGd5A3B1WoOqA&amp;oe=69F72BB6&quot;,&quot;640&quot;:&quot;https:\\\/\\\/scontent-waw2-2.cdninstagram.com\\\/v\\\/t39.30808-6\\\/657462488_1802747637745048_1297905082536958773_n.jpg?stp=dst-jpg_e35_tt6&amp;_nc_cat=107&amp;ccb=7-5&amp;_nc_sid=18de74&amp;efg=eyJlZmdfdGFnIjoiQ0FST1VTRUxfSVRFTS5iZXN0X2ltYWdlX3VybGdlbi5DMyJ9&amp;_nc_ohc=nHULtT7jnmQQ7kNvwFjM9M2&amp;_nc_oc=AdpNkTGjeVqS6zJW3mGg0wW964njHVDkqXJleVQBwzRvFCHjbSx51Cq3S_DfbzKXFj0qJBU9RfRphETuHL_f4sH3&amp;_nc_zt=23&amp;_nc_ht=scontent-waw2-2.cdninstagram.com&amp;edm=ANo9K5cEAAAA&amp;_nc_gid=8Sk-QqwkawWXWWJ-gd5DCQ&amp;_nc_tpa=Q5bMBQEHdkkdPmQMuDTfMsYo73b-i50i_4EAhDWrx0CtVbaCqnLDYygwUhbb9Yc4icStzg44ULVSgvFIBg&amp;oh=00_Af3_ARC9aourVp1fH8JcmaW7A8aU-7IRWWGd5A3B1WoOqA&amp;oe=69F72BB6&quot;}\">\n\t\t\t<span class=\"sbi-screenreader\">ES_ La Pascua en Polonia no solo se celebra\u2026 \u00a1tamb<\/span>\n\t\t\t<svg class=\"svg-inline--fa fa-clone fa-w-16 sbi_lightbox_carousel_icon\" aria-hidden=\"true\" aria-label=\"Clone\" data-fa-pro\u0192cessed=\"\" data-prefix=\"far\" data-icon=\"clone\" role=\"img\" xmlns=\"http:\/\/www.w3.org\/2000\/svg\" viewBox=\"0 0 512 512\">\n                    <path fill=\"currentColor\" d=\"M464 0H144c-26.51 0-48 21.49-48 48v48H48c-26.51 0-48 21.49-48 48v320c0 26.51 21.49 48 48 48h320c26.51 0 48-21.49 48-48v-48h48c26.51 0 48-21.49 48-48V48c0-26.51-21.49-48-48-48zM362 464H54a6 6 0 0 1-6-6V150a6 6 0 0 1 6-6h42v224c0 26.51 21.49 48 48 48h224v42a6 6 0 0 1-6 6zm96-96H150a6 6 0 0 1-6-6V54a6 6 0 0 1 6-6h308a6 6 0 0 1 6 6v308a6 6 0 0 1-6 6z\"><\/path>\n                <\/svg>\t\t\t\t\t\t<img decoding=\"async\" src=\"https:\/\/www.polonia.travel\/es\/wp-content\/plugins\/instagram-feed\/img\/placeholder.png\" alt=\"ES_ La Pascua en Polonia no solo se celebra\u2026 \u00a1tambi\u00e9n se saborea! \u2728\n La mesa tradicional se llena de platos con historia, simbolismo y mucho sabor.\n\n\ud83e\udd63 \u017burek: una sopa agria elaborada con centeno fermentado, servida con huevo y salchicha. Reconfortante y muy t\u00edpica del Domingo de Pascua.\n\ud83e\udd5a Huevos decorados (pisanki): aut\u00e9nticas obras de arte que, adem\u00e1s de decorar, forman parte del men\u00fa.\n\ud83e\udd69 Bia\u0142a kie\u0142basa: salchicha blanca, jugosa y especiada, imprescindible en estas fechas.\n\ud83c\udf70 Mazurek: un dulce plano y decorado con frutos secos, chocolate o mermelada, tan bonito como delicioso.\n\ud83c\udf6e Babka: un bizcocho esponjoso, a menudo aromatizado con vainilla o ron, que nunca falta en la mesa pascual.\n\nSi viajas a Polonia en estas fechas, prep\u00e1rate para descubrir una tradici\u00f3n donde cada plato cuenta una historia.\n\n---\n\nPT_ A P\u00e1scoa na Pol\u00f3nia n\u00e3o \u00e9 apenas celebrada\u2026 tamb\u00e9m se saboreia! \n\u2728 A mesa tradicional enche-se de pratos com hist\u00f3ria, simbolismo e muito sabor.\n\n\ud83e\udd63 \u017burek: uma sopa \u00e1cida feita com centeio fermentado, servida com ovo e salsicha. Reconfortante e muito t\u00edpica do Domingo de P\u00e1scoa.\n\n\ud83e\udd5a Ovos decorados (pisanki): verdadeiras obras de arte que, al\u00e9m de decorar, fazem parte do menu.\n\n\ud83e\udd69 Bia\u0142a kie\u0142basa: salsicha branca, suculenta e condimentada, imprescind\u00edvel nestas datas.\n\n\ud83c\udf70 Mazurek: um doce plano, decorado com frutos secos, chocolate ou compota, t\u00e3o bonito quanto delicioso.\n\n\ud83c\udf6e Babka: um bolo fofo, muitas vezes aromatizado com baunilha ou rum, que nunca falta na mesa pascal.\n\nSe viaja para a Pol\u00f3nia nesta altura, prepare-se para descobrir uma tradi\u00e7\u00e3o onde cada prato conta uma hist\u00f3ria.\n.\n.\n.\n#Polnia #PoloniaTravel #P\u00e1scoa #Pol\u00f3nia #Gastronomia #ViajarComSabor #Tradi\u00e7\u00f5es #FoodieTravel #Pascua #SemanaSanta\" aria-hidden=\"true\">\n\t\t<\/a>\n\t<\/div>\n<\/div><div class=\"sbi_item sbi_type_image sbi_new sbi_transition\"\n\tid=\"sbi_17972197476008989\" data-date=\"1774990848\">\n\t<div class=\"sbi_photo_wrap\">\n\t\t<a class=\"sbi_photo\" href=\"https:\/\/www.instagram.com\/p\/DWkCmvGmOHn\/\" target=\"_blank\" rel=\"noopener nofollow\"\n\t\t\tdata-full-res=\"https:\/\/scontent-waw2-1.cdninstagram.com\/v\/t39.30808-6\/660535827_1802773927742419_565167986536035318_n.jpg?stp=dst-jpg_e35_tt6&#038;_nc_cat=111&#038;ccb=7-5&#038;_nc_sid=18de74&#038;efg=eyJlZmdfdGFnIjoiRkVFRC5iZXN0X2ltYWdlX3VybGdlbi5DMyJ9&#038;_nc_ohc=4yE0hdgF8kEQ7kNvwEEcLh2&#038;_nc_oc=AdpY15bf7LvUQN_273GHrqTkTn22b9H3fBzX_oKAnCpLrnQu5nsw9dMsfNqy1GMbhp5lU1HiJXhdQXm_CQ0vrvLN&#038;_nc_zt=23&#038;_nc_ht=scontent-waw2-1.cdninstagram.com&#038;edm=ANo9K5cEAAAA&#038;_nc_gid=8Sk-QqwkawWXWWJ-gd5DCQ&#038;_nc_tpa=Q5bMBQE6INqiVyEPtNZApP1VqWGmh1x-1DZO7dG7jCOIFSslKq_PsnAbUINo_TfgzJKL5dXg37i67eJX7w&#038;oh=00_Af1iV7-wEkPsX3JWzEv6TsDZ_RY_EudaRy4PDfXK__MzWw&#038;oe=69F7198A\"\n\t\t\tdata-img-src-set=\"{&quot;d&quot;:&quot;https:\\\/\\\/scontent-waw2-1.cdninstagram.com\\\/v\\\/t39.30808-6\\\/660535827_1802773927742419_565167986536035318_n.jpg?stp=dst-jpg_e35_tt6&amp;_nc_cat=111&amp;ccb=7-5&amp;_nc_sid=18de74&amp;efg=eyJlZmdfdGFnIjoiRkVFRC5iZXN0X2ltYWdlX3VybGdlbi5DMyJ9&amp;_nc_ohc=4yE0hdgF8kEQ7kNvwEEcLh2&amp;_nc_oc=AdpY15bf7LvUQN_273GHrqTkTn22b9H3fBzX_oKAnCpLrnQu5nsw9dMsfNqy1GMbhp5lU1HiJXhdQXm_CQ0vrvLN&amp;_nc_zt=23&amp;_nc_ht=scontent-waw2-1.cdninstagram.com&amp;edm=ANo9K5cEAAAA&amp;_nc_gid=8Sk-QqwkawWXWWJ-gd5DCQ&amp;_nc_tpa=Q5bMBQE6INqiVyEPtNZApP1VqWGmh1x-1DZO7dG7jCOIFSslKq_PsnAbUINo_TfgzJKL5dXg37i67eJX7w&amp;oh=00_Af1iV7-wEkPsX3JWzEv6TsDZ_RY_EudaRy4PDfXK__MzWw&amp;oe=69F7198A&quot;,&quot;150&quot;:&quot;https:\\\/\\\/scontent-waw2-1.cdninstagram.com\\\/v\\\/t39.30808-6\\\/660535827_1802773927742419_565167986536035318_n.jpg?stp=dst-jpg_e35_tt6&amp;_nc_cat=111&amp;ccb=7-5&amp;_nc_sid=18de74&amp;efg=eyJlZmdfdGFnIjoiRkVFRC5iZXN0X2ltYWdlX3VybGdlbi5DMyJ9&amp;_nc_ohc=4yE0hdgF8kEQ7kNvwEEcLh2&amp;_nc_oc=AdpY15bf7LvUQN_273GHrqTkTn22b9H3fBzX_oKAnCpLrnQu5nsw9dMsfNqy1GMbhp5lU1HiJXhdQXm_CQ0vrvLN&amp;_nc_zt=23&amp;_nc_ht=scontent-waw2-1.cdninstagram.com&amp;edm=ANo9K5cEAAAA&amp;_nc_gid=8Sk-QqwkawWXWWJ-gd5DCQ&amp;_nc_tpa=Q5bMBQE6INqiVyEPtNZApP1VqWGmh1x-1DZO7dG7jCOIFSslKq_PsnAbUINo_TfgzJKL5dXg37i67eJX7w&amp;oh=00_Af1iV7-wEkPsX3JWzEv6TsDZ_RY_EudaRy4PDfXK__MzWw&amp;oe=69F7198A&quot;,&quot;320&quot;:&quot;https:\\\/\\\/scontent-waw2-1.cdninstagram.com\\\/v\\\/t39.30808-6\\\/660535827_1802773927742419_565167986536035318_n.jpg?stp=dst-jpg_e35_tt6&amp;_nc_cat=111&amp;ccb=7-5&amp;_nc_sid=18de74&amp;efg=eyJlZmdfdGFnIjoiRkVFRC5iZXN0X2ltYWdlX3VybGdlbi5DMyJ9&amp;_nc_ohc=4yE0hdgF8kEQ7kNvwEEcLh2&amp;_nc_oc=AdpY15bf7LvUQN_273GHrqTkTn22b9H3fBzX_oKAnCpLrnQu5nsw9dMsfNqy1GMbhp5lU1HiJXhdQXm_CQ0vrvLN&amp;_nc_zt=23&amp;_nc_ht=scontent-waw2-1.cdninstagram.com&amp;edm=ANo9K5cEAAAA&amp;_nc_gid=8Sk-QqwkawWXWWJ-gd5DCQ&amp;_nc_tpa=Q5bMBQE6INqiVyEPtNZApP1VqWGmh1x-1DZO7dG7jCOIFSslKq_PsnAbUINo_TfgzJKL5dXg37i67eJX7w&amp;oh=00_Af1iV7-wEkPsX3JWzEv6TsDZ_RY_EudaRy4PDfXK__MzWw&amp;oe=69F7198A&quot;,&quot;640&quot;:&quot;https:\\\/\\\/scontent-waw2-1.cdninstagram.com\\\/v\\\/t39.30808-6\\\/660535827_1802773927742419_565167986536035318_n.jpg?stp=dst-jpg_e35_tt6&amp;_nc_cat=111&amp;ccb=7-5&amp;_nc_sid=18de74&amp;efg=eyJlZmdfdGFnIjoiRkVFRC5iZXN0X2ltYWdlX3VybGdlbi5DMyJ9&amp;_nc_ohc=4yE0hdgF8kEQ7kNvwEEcLh2&amp;_nc_oc=AdpY15bf7LvUQN_273GHrqTkTn22b9H3fBzX_oKAnCpLrnQu5nsw9dMsfNqy1GMbhp5lU1HiJXhdQXm_CQ0vrvLN&amp;_nc_zt=23&amp;_nc_ht=scontent-waw2-1.cdninstagram.com&amp;edm=ANo9K5cEAAAA&amp;_nc_gid=8Sk-QqwkawWXWWJ-gd5DCQ&amp;_nc_tpa=Q5bMBQE6INqiVyEPtNZApP1VqWGmh1x-1DZO7dG7jCOIFSslKq_PsnAbUINo_TfgzJKL5dXg37i67eJX7w&amp;oh=00_Af1iV7-wEkPsX3JWzEv6TsDZ_RY_EudaRy4PDfXK__MzWw&amp;oe=69F7198A&quot;}\">\n\t\t\t<span class=\"sbi-screenreader\">ES_  Descubre la magia de los mercados de Pascua e<\/span>\n\t\t\t\t\t\t\t\t\t<img decoding=\"async\" src=\"https:\/\/www.polonia.travel\/es\/wp-content\/plugins\/instagram-feed\/img\/placeholder.png\" alt=\"ES_  Descubre la magia de los mercados de Pascua en Polonia \ud83e\udd5a\ud83e\uddc1\n\nEn Polonia, la Pascua se celebra con tradiciones llenas de color, sabor y artesan\u00eda. Y uno de los grandes protagonistas son los mercados de Pascua, donde locales y turistas se mezclan entre puestos repletos de delicias y artesan\u00eda t\u00edpica. \n\n\u2728 Qu\u00e9 encontrar\u00e1s:\n\u00b7 Huevos decorados (pisanki): pintados a mano y con dise\u00f1os que parecen obras de arte.\n\u00b7 Artesan\u00eda y recuerdos: figuras de madera, cestas trenzadas y adornos para la casa.\n\u00b7 Productos locales: quesos, embutidos y pan reci\u00e9n hecho, perfectos para llevar a casa.\n\nAdem\u00e1s de comprar, los mercados ofrecen demostraciones, talleres y actividades para toda la familia, convirti\u00e9ndose en un punto de encuentro lleno de vida y alegr\u00eda. \ud83c\udfa8\ud83d\udc68\u200d\ud83d\udc69\u200d\ud83d\udc67\u200d\ud83d\udc66\n\nSi visitas Polonia en Semana Santa, perderse entre sus mercados es una experiencia que no te puedes perder. \u00a1Color, sabor y tradici\u00f3n en cada puesto! \u2764\ufe0f\n\n-----\n\nPT_ Descubra a magia dos mercados da P\u00e1scoa na Pol\u00f3nia \ud83c\udf38\ud83d\udc23\n\nNa Pol\u00f3nia, a P\u00e1scoa \u00e9 celebrada com tradi\u00e7\u00f5es coloridas, saborosas e artesanais. Os mercados da P\u00e1scoa s\u00e3o um ponto alto, onde os habitantes locais e os turistas se misturam entre bancas repletas de iguarias e artesanato tradicional. \n\n\u2728 O que vai encontrar:\n\u2022 Ovos decorados (pisanki): pintados \u00e0 m\u00e3o com desenhos que parecem obras de arte.\n\u2022 Artesanato e lembran\u00e7as: estatuetas de madeira, cestos entran\u00e7ados e artigos de decora\u00e7\u00e3o para a casa.\n\u2022 Produtos locais: queijos, enchidos e p\u00e3o fresco, perfeitos para levar para casa.\n\nPara al\u00e9m das compras, os mercados oferecem demonstra\u00e7\u00f5es, workshops e atividades para toda a fam\u00edlia, o que os torna um ponto de encontro vibrante e alegre. \ud83c\udfa8\ud83d\udc68\u200d\ud83d\udc69\u200d\ud83d\udc67\u200d\ud83d\udc66\n\nSe visitar a Pol\u00f3nia durante a P\u00e1scoa, perder-se nos seus mercados \u00e9 uma experi\u00eancia imperd\u00edvel. Cor, sabor e tradi\u00e7\u00e3o em cada banca! \u2764\ufe0f\n.\n.\n.\n#P\u00e1scoa #Polonia #MercadosDePascua #Tradiciones #ViajarConSabor #Artesan\u00eda #PoloniaTravel #SemanaSanta #Abril\" aria-hidden=\"true\">\n\t\t<\/a>\n\t<\/div>\n<\/div><div class=\"sbi_item sbi_type_carousel sbi_new sbi_transition\"\n\tid=\"sbi_17902006449242103\" data-date=\"1774814425\">\n\t<div class=\"sbi_photo_wrap\">\n\t\t<a class=\"sbi_photo\" href=\"https:\/\/www.instagram.com\/p\/DWeyG2aD6Fr\/\" target=\"_blank\" rel=\"noopener nofollow\"\n\t\t\tdata-full-res=\"https:\/\/scontent-waw2-2.cdninstagram.com\/v\/t39.30808-6\/657310547_1800196248000187_1644488297423689774_n.jpg?stp=dst-jpg_e35_tt6&#038;_nc_cat=100&#038;ccb=7-5&#038;_nc_sid=18de74&#038;_nc_aid=0&#038;efg=eyJlZmdfdGFnIjoiQ0FST1VTRUxfSVRFTS5iZXN0X2ltYWdlX3VybGdlbi5DMyJ9&#038;_nc_ohc=HNfs5DPXKDUQ7kNvwF4tzsF&#038;_nc_oc=AdppOFIPRxOXqTmFr3hnARV06l95Q-s8DWX58tZ-T53IKJiMd7rkOeIRHQGO6EQeTOnQeW-H04_5V1jOrLuXPdX9&#038;_nc_zt=23&#038;_nc_ht=scontent-waw2-2.cdninstagram.com&#038;edm=ANo9K5cEAAAA&#038;_nc_gid=8Sk-QqwkawWXWWJ-gd5DCQ&#038;_nc_tpa=Q5bMBQHlAkuaRn3fG4Dwhs1jdx3uNLxZQcjz-aJxEJvKeBM_4tbUEJxTEz0MhBILWAZTjmrDdNKbWhcVQw&#038;oh=00_Af0b69Asq5hxtvF_Qa29vMkbXBLqNHm476ratoTEzTw4vQ&#038;oe=69F72C30\"\n\t\t\tdata-img-src-set=\"{&quot;d&quot;:&quot;https:\\\/\\\/scontent-waw2-2.cdninstagram.com\\\/v\\\/t39.30808-6\\\/657310547_1800196248000187_1644488297423689774_n.jpg?stp=dst-jpg_e35_tt6&amp;_nc_cat=100&amp;ccb=7-5&amp;_nc_sid=18de74&amp;_nc_aid=0&amp;efg=eyJlZmdfdGFnIjoiQ0FST1VTRUxfSVRFTS5iZXN0X2ltYWdlX3VybGdlbi5DMyJ9&amp;_nc_ohc=HNfs5DPXKDUQ7kNvwF4tzsF&amp;_nc_oc=AdppOFIPRxOXqTmFr3hnARV06l95Q-s8DWX58tZ-T53IKJiMd7rkOeIRHQGO6EQeTOnQeW-H04_5V1jOrLuXPdX9&amp;_nc_zt=23&amp;_nc_ht=scontent-waw2-2.cdninstagram.com&amp;edm=ANo9K5cEAAAA&amp;_nc_gid=8Sk-QqwkawWXWWJ-gd5DCQ&amp;_nc_tpa=Q5bMBQHlAkuaRn3fG4Dwhs1jdx3uNLxZQcjz-aJxEJvKeBM_4tbUEJxTEz0MhBILWAZTjmrDdNKbWhcVQw&amp;oh=00_Af0b69Asq5hxtvF_Qa29vMkbXBLqNHm476ratoTEzTw4vQ&amp;oe=69F72C30&quot;,&quot;150&quot;:&quot;https:\\\/\\\/scontent-waw2-2.cdninstagram.com\\\/v\\\/t39.30808-6\\\/657310547_1800196248000187_1644488297423689774_n.jpg?stp=dst-jpg_e35_tt6&amp;_nc_cat=100&amp;ccb=7-5&amp;_nc_sid=18de74&amp;_nc_aid=0&amp;efg=eyJlZmdfdGFnIjoiQ0FST1VTRUxfSVRFTS5iZXN0X2ltYWdlX3VybGdlbi5DMyJ9&amp;_nc_ohc=HNfs5DPXKDUQ7kNvwF4tzsF&amp;_nc_oc=AdppOFIPRxOXqTmFr3hnARV06l95Q-s8DWX58tZ-T53IKJiMd7rkOeIRHQGO6EQeTOnQeW-H04_5V1jOrLuXPdX9&amp;_nc_zt=23&amp;_nc_ht=scontent-waw2-2.cdninstagram.com&amp;edm=ANo9K5cEAAAA&amp;_nc_gid=8Sk-QqwkawWXWWJ-gd5DCQ&amp;_nc_tpa=Q5bMBQHlAkuaRn3fG4Dwhs1jdx3uNLxZQcjz-aJxEJvKeBM_4tbUEJxTEz0MhBILWAZTjmrDdNKbWhcVQw&amp;oh=00_Af0b69Asq5hxtvF_Qa29vMkbXBLqNHm476ratoTEzTw4vQ&amp;oe=69F72C30&quot;,&quot;320&quot;:&quot;https:\\\/\\\/scontent-waw2-2.cdninstagram.com\\\/v\\\/t39.30808-6\\\/657310547_1800196248000187_1644488297423689774_n.jpg?stp=dst-jpg_e35_tt6&amp;_nc_cat=100&amp;ccb=7-5&amp;_nc_sid=18de74&amp;_nc_aid=0&amp;efg=eyJlZmdfdGFnIjoiQ0FST1VTRUxfSVRFTS5iZXN0X2ltYWdlX3VybGdlbi5DMyJ9&amp;_nc_ohc=HNfs5DPXKDUQ7kNvwF4tzsF&amp;_nc_oc=AdppOFIPRxOXqTmFr3hnARV06l95Q-s8DWX58tZ-T53IKJiMd7rkOeIRHQGO6EQeTOnQeW-H04_5V1jOrLuXPdX9&amp;_nc_zt=23&amp;_nc_ht=scontent-waw2-2.cdninstagram.com&amp;edm=ANo9K5cEAAAA&amp;_nc_gid=8Sk-QqwkawWXWWJ-gd5DCQ&amp;_nc_tpa=Q5bMBQHlAkuaRn3fG4Dwhs1jdx3uNLxZQcjz-aJxEJvKeBM_4tbUEJxTEz0MhBILWAZTjmrDdNKbWhcVQw&amp;oh=00_Af0b69Asq5hxtvF_Qa29vMkbXBLqNHm476ratoTEzTw4vQ&amp;oe=69F72C30&quot;,&quot;640&quot;:&quot;https:\\\/\\\/scontent-waw2-2.cdninstagram.com\\\/v\\\/t39.30808-6\\\/657310547_1800196248000187_1644488297423689774_n.jpg?stp=dst-jpg_e35_tt6&amp;_nc_cat=100&amp;ccb=7-5&amp;_nc_sid=18de74&amp;_nc_aid=0&amp;efg=eyJlZmdfdGFnIjoiQ0FST1VTRUxfSVRFTS5iZXN0X2ltYWdlX3VybGdlbi5DMyJ9&amp;_nc_ohc=HNfs5DPXKDUQ7kNvwF4tzsF&amp;_nc_oc=AdppOFIPRxOXqTmFr3hnARV06l95Q-s8DWX58tZ-T53IKJiMd7rkOeIRHQGO6EQeTOnQeW-H04_5V1jOrLuXPdX9&amp;_nc_zt=23&amp;_nc_ht=scontent-waw2-2.cdninstagram.com&amp;edm=ANo9K5cEAAAA&amp;_nc_gid=8Sk-QqwkawWXWWJ-gd5DCQ&amp;_nc_tpa=Q5bMBQHlAkuaRn3fG4Dwhs1jdx3uNLxZQcjz-aJxEJvKeBM_4tbUEJxTEz0MhBILWAZTjmrDdNKbWhcVQw&amp;oh=00_Af0b69Asq5hxtvF_Qa29vMkbXBLqNHm476ratoTEzTw4vQ&amp;oe=69F72C30&quot;}\">\n\t\t\t<span class=\"sbi-screenreader\">ES_En Polonia, el Domingo de Ramos se vive con una<\/span>\n\t\t\t<svg class=\"svg-inline--fa fa-clone fa-w-16 sbi_lightbox_carousel_icon\" aria-hidden=\"true\" aria-label=\"Clone\" data-fa-pro\u0192cessed=\"\" data-prefix=\"far\" data-icon=\"clone\" role=\"img\" xmlns=\"http:\/\/www.w3.org\/2000\/svg\" viewBox=\"0 0 512 512\">\n                    <path fill=\"currentColor\" d=\"M464 0H144c-26.51 0-48 21.49-48 48v48H48c-26.51 0-48 21.49-48 48v320c0 26.51 21.49 48 48 48h320c26.51 0 48-21.49 48-48v-48h48c26.51 0 48-21.49 48-48V48c0-26.51-21.49-48-48-48zM362 464H54a6 6 0 0 1-6-6V150a6 6 0 0 1 6-6h42v224c0 26.51 21.49 48 48 48h224v42a6 6 0 0 1-6 6zm96-96H150a6 6 0 0 1-6-6V54a6 6 0 0 1 6-6h308a6 6 0 0 1 6 6v308a6 6 0 0 1-6 6z\"><\/path>\n                <\/svg>\t\t\t\t\t\t<img decoding=\"async\" src=\"https:\/\/www.polonia.travel\/es\/wp-content\/plugins\/instagram-feed\/img\/placeholder.png\" alt=\"ES_En Polonia, el Domingo de Ramos se vive con una tradici\u00f3n \u00fanica y llena de color \ud83c\udf3f\u2728\n\nAqu\u00ed, en lugar de hojas de palma, se utilizan las famosas \u201cpalmas\u201d hechas a mano con ramas de sauce, flores secas y cintas de colores. Estas aut\u00e9nticas obras de arte se bendicen en la iglesia y simbolizan la vida, la renovaci\u00f3n y la llegada de la primavera.\n\nEn muchos pueblos, como Lipnica Murowana, se celebran concursos donde se crean palmas gigantes que pueden alcanzar varios metros de altura \ud83d\ude0d\n\nUna tradici\u00f3n que mezcla fe, creatividad y comunidad\u2026 y que convierte esta celebraci\u00f3n en algo realmente especial.\n\n---\n\nPT_ Na Polonia, o Domingo de Ramos vive-se com uma tradi\u00e7\u00e3o \u00fanica e cheia de cor \ud83c\udf3f\u2728\n\nAqui, em vez de folhas de palmeira, utilizam-se as famosas \u201cpalmas\u201d feitas \u00e0 m\u00e3o com ramos de salgueiro, flores secas e fitas coloridas. Estas aut\u00eanticas obras de arte s\u00e3o benzidas na igreja e simbolizam a vida, a renova\u00e7\u00e3o e a chegada da primavera.\n\nEm muitas localidades, como Lipnica Murowana, realizam-se concursos onde se criam palmas gigantes que podem atingir v\u00e1rios metros de altura \ud83d\ude0d\n\nUma tradi\u00e7\u00e3o que mistura f\u00e9, criatividade e comunidade\u2026 e que torna esta celebra\u00e7\u00e3o verdadeiramente especial.\n.\n.\n.\n#Polonia #DomingoDeRamos #Tradiciones #SemanaSanta #CulturaPolaca #PoloniaTravel #Tradi\u00e7\u00f5es #Pol\u00f3nia\" aria-hidden=\"true\">\n\t\t<\/a>\n\t<\/div>\n<\/div><div class=\"sbi_item sbi_type_carousel sbi_new sbi_transition\"\n\tid=\"sbi_17946870948133984\" data-date=\"1774624142\">\n\t<div class=\"sbi_photo_wrap\">\n\t\t<a class=\"sbi_photo\" href=\"https:\/\/www.instagram.com\/p\/DWZHK5_lxlG\/\" target=\"_blank\" rel=\"noopener nofollow\"\n\t\t\tdata-full-res=\"https:\/\/scontent-waw2-2.cdninstagram.com\/v\/t39.30808-6\/657582102_1800213941331751_874141258486390639_n.jpg?stp=dst-jpg_e35_tt6&#038;_nc_cat=102&#038;ccb=7-5&#038;_nc_sid=18de74&#038;efg=eyJlZmdfdGFnIjoiQ0FST1VTRUxfSVRFTS5iZXN0X2ltYWdlX3VybGdlbi5DMyJ9&#038;_nc_ohc=fp03JwLZF5MQ7kNvwEkb9tW&#038;_nc_oc=AdrHiZTaiLa1561srh_z9EGPdDLK2gRgI-aA30iNC42itKl3bDxlMhb9-jYHcVyq84fL99fGTK87QWiCf38fl1lA&#038;_nc_zt=23&#038;_nc_ht=scontent-waw2-2.cdninstagram.com&#038;edm=ANo9K5cEAAAA&#038;_nc_gid=8Sk-QqwkawWXWWJ-gd5DCQ&#038;_nc_tpa=Q5bMBQFbLXu18jJZu1ph0PwRKpgrD57VphEhwc5lU2fqtR5wDQY89aaHf0pOKS05Hle7Ej7w09zFcra2gQ&#038;oh=00_Af1feGa5q7XGfSSpJbPlAf-RRJD4pTORvGGntRCBELOVmQ&#038;oe=69F72810\"\n\t\t\tdata-img-src-set=\"{&quot;d&quot;:&quot;https:\\\/\\\/scontent-waw2-2.cdninstagram.com\\\/v\\\/t39.30808-6\\\/657582102_1800213941331751_874141258486390639_n.jpg?stp=dst-jpg_e35_tt6&amp;_nc_cat=102&amp;ccb=7-5&amp;_nc_sid=18de74&amp;efg=eyJlZmdfdGFnIjoiQ0FST1VTRUxfSVRFTS5iZXN0X2ltYWdlX3VybGdlbi5DMyJ9&amp;_nc_ohc=fp03JwLZF5MQ7kNvwEkb9tW&amp;_nc_oc=AdrHiZTaiLa1561srh_z9EGPdDLK2gRgI-aA30iNC42itKl3bDxlMhb9-jYHcVyq84fL99fGTK87QWiCf38fl1lA&amp;_nc_zt=23&amp;_nc_ht=scontent-waw2-2.cdninstagram.com&amp;edm=ANo9K5cEAAAA&amp;_nc_gid=8Sk-QqwkawWXWWJ-gd5DCQ&amp;_nc_tpa=Q5bMBQFbLXu18jJZu1ph0PwRKpgrD57VphEhwc5lU2fqtR5wDQY89aaHf0pOKS05Hle7Ej7w09zFcra2gQ&amp;oh=00_Af1feGa5q7XGfSSpJbPlAf-RRJD4pTORvGGntRCBELOVmQ&amp;oe=69F72810&quot;,&quot;150&quot;:&quot;https:\\\/\\\/scontent-waw2-2.cdninstagram.com\\\/v\\\/t39.30808-6\\\/657582102_1800213941331751_874141258486390639_n.jpg?stp=dst-jpg_e35_tt6&amp;_nc_cat=102&amp;ccb=7-5&amp;_nc_sid=18de74&amp;efg=eyJlZmdfdGFnIjoiQ0FST1VTRUxfSVRFTS5iZXN0X2ltYWdlX3VybGdlbi5DMyJ9&amp;_nc_ohc=fp03JwLZF5MQ7kNvwEkb9tW&amp;_nc_oc=AdrHiZTaiLa1561srh_z9EGPdDLK2gRgI-aA30iNC42itKl3bDxlMhb9-jYHcVyq84fL99fGTK87QWiCf38fl1lA&amp;_nc_zt=23&amp;_nc_ht=scontent-waw2-2.cdninstagram.com&amp;edm=ANo9K5cEAAAA&amp;_nc_gid=8Sk-QqwkawWXWWJ-gd5DCQ&amp;_nc_tpa=Q5bMBQFbLXu18jJZu1ph0PwRKpgrD57VphEhwc5lU2fqtR5wDQY89aaHf0pOKS05Hle7Ej7w09zFcra2gQ&amp;oh=00_Af1feGa5q7XGfSSpJbPlAf-RRJD4pTORvGGntRCBELOVmQ&amp;oe=69F72810&quot;,&quot;320&quot;:&quot;https:\\\/\\\/scontent-waw2-2.cdninstagram.com\\\/v\\\/t39.30808-6\\\/657582102_1800213941331751_874141258486390639_n.jpg?stp=dst-jpg_e35_tt6&amp;_nc_cat=102&amp;ccb=7-5&amp;_nc_sid=18de74&amp;efg=eyJlZmdfdGFnIjoiQ0FST1VTRUxfSVRFTS5iZXN0X2ltYWdlX3VybGdlbi5DMyJ9&amp;_nc_ohc=fp03JwLZF5MQ7kNvwEkb9tW&amp;_nc_oc=AdrHiZTaiLa1561srh_z9EGPdDLK2gRgI-aA30iNC42itKl3bDxlMhb9-jYHcVyq84fL99fGTK87QWiCf38fl1lA&amp;_nc_zt=23&amp;_nc_ht=scontent-waw2-2.cdninstagram.com&amp;edm=ANo9K5cEAAAA&amp;_nc_gid=8Sk-QqwkawWXWWJ-gd5DCQ&amp;_nc_tpa=Q5bMBQFbLXu18jJZu1ph0PwRKpgrD57VphEhwc5lU2fqtR5wDQY89aaHf0pOKS05Hle7Ej7w09zFcra2gQ&amp;oh=00_Af1feGa5q7XGfSSpJbPlAf-RRJD4pTORvGGntRCBELOVmQ&amp;oe=69F72810&quot;,&quot;640&quot;:&quot;https:\\\/\\\/scontent-waw2-2.cdninstagram.com\\\/v\\\/t39.30808-6\\\/657582102_1800213941331751_874141258486390639_n.jpg?stp=dst-jpg_e35_tt6&amp;_nc_cat=102&amp;ccb=7-5&amp;_nc_sid=18de74&amp;efg=eyJlZmdfdGFnIjoiQ0FST1VTRUxfSVRFTS5iZXN0X2ltYWdlX3VybGdlbi5DMyJ9&amp;_nc_ohc=fp03JwLZF5MQ7kNvwEkb9tW&amp;_nc_oc=AdrHiZTaiLa1561srh_z9EGPdDLK2gRgI-aA30iNC42itKl3bDxlMhb9-jYHcVyq84fL99fGTK87QWiCf38fl1lA&amp;_nc_zt=23&amp;_nc_ht=scontent-waw2-2.cdninstagram.com&amp;edm=ANo9K5cEAAAA&amp;_nc_gid=8Sk-QqwkawWXWWJ-gd5DCQ&amp;_nc_tpa=Q5bMBQFbLXu18jJZu1ph0PwRKpgrD57VphEhwc5lU2fqtR5wDQY89aaHf0pOKS05Hle7Ej7w09zFcra2gQ&amp;oh=00_Af1feGa5q7XGfSSpJbPlAf-RRJD4pTORvGGntRCBELOVmQ&amp;oe=69F72810&quot;}\">\n\t\t\t<span class=\"sbi-screenreader\">ES_ \u00bfTe imaginas descubrir Polonia a tu ritmo, des<\/span>\n\t\t\t<svg class=\"svg-inline--fa fa-clone fa-w-16 sbi_lightbox_carousel_icon\" aria-hidden=\"true\" aria-label=\"Clone\" data-fa-pro\u0192cessed=\"\" data-prefix=\"far\" data-icon=\"clone\" role=\"img\" xmlns=\"http:\/\/www.w3.org\/2000\/svg\" viewBox=\"0 0 512 512\">\n                    <path fill=\"currentColor\" d=\"M464 0H144c-26.51 0-48 21.49-48 48v48H48c-26.51 0-48 21.49-48 48v320c0 26.51 21.49 48 48 48h320c26.51 0 48-21.49 48-48v-48h48c26.51 0 48-21.49 48-48V48c0-26.51-21.49-48-48-48zM362 464H54a6 6 0 0 1-6-6V150a6 6 0 0 1 6-6h42v224c0 26.51 21.49 48 48 48h224v42a6 6 0 0 1-6 6zm96-96H150a6 6 0 0 1-6-6V54a6 6 0 0 1 6-6h308a6 6 0 0 1 6 6v308a6 6 0 0 1-6 6z\"><\/path>\n                <\/svg>\t\t\t\t\t\t<img decoding=\"async\" src=\"https:\/\/www.polonia.travel\/es\/wp-content\/plugins\/instagram-feed\/img\/placeholder.png\" alt=\"ES_ \u00bfTe imaginas descubrir Polonia a tu ritmo, despertando cada d\u00eda en un lugar diferente? \ud83e\udd29\n\nViajar en autocaravana o camper es una de las mejores formas de explorar este pa\u00eds lleno de historia, naturaleza y rincones sorprendentes. Desde ciudades con encanto hasta parques naturales impresionantes, Polonia lo tiene todo para una aventura sobre ruedas. \ud83d\ude90\u2728\n\n---\n\nPT_ Imagine descobrir a Pol\u00f3nia ao seu pr\u00f3prio ritmo, acordando num lugar diferente todos os dias?\ud83c\udf37\n\nViajar de autocaravana ou camper \u00e9 uma das melhores formas de explorar este pa\u00eds cheio de hist\u00f3ria, natureza e recantos surpreendentes. Desde cidades cheias de encanto at\u00e9 parques naturais impressionantes, a Pol\u00f3nia tem tudo para uma aventura sobre rodas.\n.\n.\n.\n#Polonia #Autocaravana #VanLife #ViajarDiferente #RutasEnCamper #PoloniaTravel\" aria-hidden=\"true\">\n\t\t<\/a>\n\t<\/div>\n<\/div>\t<\/div>\n\n\t<div id=\"sbi_load\" >\n\n\t\n\t\n<\/div>\n\t\t<span class=\"sbi_resized_image_data\" data-feed-id=\"*3\"\n\t\t  data-resized=\"{&quot;17946870948133984&quot;:{&quot;id&quot;:&quot;657582102_1800213941331751_874141258486390639_n&quot;,&quot;ratio&quot;:&quot;0.80&quot;,&quot;sizes&quot;:{&quot;full&quot;:640,&quot;low&quot;:320,&quot;thumb&quot;:150},&quot;extension&quot;:&quot;.webp&quot;},&quot;17902006449242103&quot;:{&quot;id&quot;:&quot;657310547_1800196248000187_1644488297423689774_n&quot;,&quot;ratio&quot;:&quot;0.80&quot;,&quot;sizes&quot;:{&quot;full&quot;:640,&quot;low&quot;:320,&quot;thumb&quot;:150},&quot;extension&quot;:&quot;.webp&quot;},&quot;17972197476008989&quot;:{&quot;id&quot;:&quot;660535827_1802773927742419_565167986536035318_n&quot;,&quot;ratio&quot;:&quot;0.80&quot;,&quot;sizes&quot;:{&quot;full&quot;:640,&quot;low&quot;:320,&quot;thumb&quot;:150},&quot;extension&quot;:&quot;.webp&quot;},&quot;18414571780131664&quot;:{&quot;id&quot;:&quot;657462488_1802747637745048_1297905082536958773_n&quot;,&quot;ratio&quot;:&quot;0.80&quot;,&quot;sizes&quot;:{&quot;full&quot;:640,&quot;low&quot;:320,&quot;thumb&quot;:150},&quot;extension&quot;:&quot;.webp&quot;},&quot;18046081118741228&quot;:{&quot;id&quot;:&quot;658914886_1804802014206277_3001025890448297720_n&quot;,&quot;ratio&quot;:&quot;0.80&quot;,&quot;sizes&quot;:{&quot;full&quot;:640,&quot;low&quot;:320,&quot;thumb&quot;:150},&quot;extension&quot;:&quot;.webp&quot;},&quot;18065329826676114&quot;:{&quot;id&quot;:&quot;658823647_18449780995129926_3133786476184901516_n&quot;,&quot;ratio&quot;:&quot;0.56&quot;,&quot;sizes&quot;:{&quot;full&quot;:640,&quot;low&quot;:320,&quot;thumb&quot;:150},&quot;extension&quot;:&quot;.webp&quot;},&quot;18118335505651355&quot;:{&quot;id&quot;:&quot;670473759_1812064110146734_5409172187179519132_n&quot;,&quot;ratio&quot;:&quot;0.80&quot;,&quot;sizes&quot;:{&quot;full&quot;:640,&quot;low&quot;:320,&quot;thumb&quot;:150},&quot;extension&quot;:&quot;.webp&quot;},&quot;18122118097527167&quot;:{&quot;id&quot;:&quot;669046852_1812741090079036_6195852380616718581_n&quot;,&quot;ratio&quot;:&quot;0.80&quot;,&quot;sizes&quot;:{&quot;full&quot;:640,&quot;low&quot;:320,&quot;thumb&quot;:150},&quot;extension&quot;:&quot;.webp&quot;},&quot;17906046744402065&quot;:{&quot;id&quot;:&quot;670405817_1816367786383033_6102776843802304712_n&quot;,&quot;ratio&quot;:&quot;1.50&quot;,&quot;sizes&quot;:{&quot;full&quot;:640,&quot;low&quot;:320,&quot;thumb&quot;:150},&quot;extension&quot;:&quot;.webp&quot;},&quot;18099060473073362&quot;:{&quot;id&quot;:&quot;670625759_18451268623129926_2899648197844607429_n&quot;,&quot;ratio&quot;:&quot;0.56&quot;,&quot;sizes&quot;:{&quot;full&quot;:640,&quot;low&quot;:320,&quot;thumb&quot;:150},&quot;extension&quot;:&quot;.webp&quot;},&quot;18097549016024460&quot;:{&quot;id&quot;:&quot;676671427_1870103210341573_4490732766132520140_n.png&quot;,&quot;ratio&quot;:&quot;0.80&quot;,&quot;sizes&quot;:{&quot;full&quot;:640,&quot;low&quot;:320,&quot;thumb&quot;:150},&quot;extension&quot;:&quot;.webp&quot;},&quot;18052336328534106&quot;:{&quot;id&quot;:&quot;674434248_1687867349327328_4398414094645158635_n&quot;,&quot;ratio&quot;:&quot;0.56&quot;,&quot;sizes&quot;:{&quot;full&quot;:640,&quot;low&quot;:320,&quot;thumb&quot;:150},&quot;extension&quot;:&quot;.webp&quot;}}\">\n\t<\/span>\n\t<\/div>\n\n\n","protected":false},"excerpt":{"rendered":"<p>Monumentos UNESCO en Polonia La declaraci\u00f3n de un monumento como Patrimonio de la Humanidad reconoce mundialmente sus valores universales. En esta prestigiosa lista se encuentran actualmente (2021) diecis\u00e9is monumentos polacos de muy diferente \u00edndole: desde una mina hasta un parque nacional; en algunos casos, el comit\u00e9 ha valorado tambi\u00e9n el empe\u00f1o de la reconstrucci\u00f3n casi [&hellip;]<\/p>\n","protected":false},"author":3,"featured_media":0,"parent":0,"menu_order":0,"comment_status":"closed","ping_status":"closed","template":"","meta":{"_acf_changed":false,"footnotes":""},"class_list":["post-20335","page","type-page","status-publish","hentry"],"acf":[],"yoast_head":"<!-- This site is optimized with the Yoast SEO plugin v27.4 - https:\/\/yoast.com\/product\/yoast-seo-wordpress\/ -->\n<title>Monumentos UNESCO en Polonia - Polonia Travel (ES)<\/title>\n<meta name=\"robots\" content=\"index, follow, max-snippet:-1, max-image-preview:large, max-video-preview:-1\" \/>\n<link rel=\"canonical\" href=\"https:\/\/www.polonia.travel\/es\/monumentos-unesco-en-polonia\/\" \/>\n<meta property=\"og:locale\" content=\"pl_PL\" \/>\n<meta property=\"og:type\" content=\"article\" \/>\n<meta property=\"og:title\" content=\"Monumentos UNESCO en Polonia - Polonia Travel (ES)\" \/>\n<meta property=\"og:description\" content=\"Monumentos UNESCO en Polonia La declaraci\u00f3n de un monumento como Patrimonio de la Humanidad reconoce mundialmente sus valores universales. En esta prestigiosa lista se encuentran actualmente (2021) diecis\u00e9is monumentos polacos de muy diferente \u00edndole: desde una mina hasta un parque nacional; en algunos casos, el comit\u00e9 ha valorado tambi\u00e9n el empe\u00f1o de la reconstrucci\u00f3n casi [&hellip;]\" \/>\n<meta property=\"og:url\" content=\"https:\/\/www.polonia.travel\/es\/monumentos-unesco-en-polonia\/\" \/>\n<meta property=\"og:site_name\" content=\"Polonia Travel (ES)\" \/>\n<meta property=\"article:modified_time\" content=\"2024-09-20T09:37:34+00:00\" \/>\n<meta name=\"twitter:card\" content=\"summary_large_image\" \/>\n<script type=\"application\/ld+json\" class=\"yoast-schema-graph\">{\"@context\":\"https:\\\/\\\/schema.org\",\"@graph\":[{\"@type\":\"WebPage\",\"@id\":\"https:\\\/\\\/www.polonia.travel\\\/es\\\/monumentos-unesco-en-polonia\\\/\",\"url\":\"https:\\\/\\\/www.polonia.travel\\\/es\\\/monumentos-unesco-en-polonia\\\/\",\"name\":\"Monumentos UNESCO en Polonia - Polonia Travel (ES)\",\"isPartOf\":{\"@id\":\"https:\\\/\\\/www.polonia.travel\\\/es\\\/#website\"},\"datePublished\":\"2023-02-10T12:20:05+00:00\",\"dateModified\":\"2024-09-20T09:37:34+00:00\",\"breadcrumb\":{\"@id\":\"https:\\\/\\\/www.polonia.travel\\\/es\\\/monumentos-unesco-en-polonia\\\/#breadcrumb\"},\"inLanguage\":\"pl-PL\",\"potentialAction\":[{\"@type\":\"ReadAction\",\"target\":[\"https:\\\/\\\/www.polonia.travel\\\/es\\\/monumentos-unesco-en-polonia\\\/\"]}]},{\"@type\":\"BreadcrumbList\",\"@id\":\"https:\\\/\\\/www.polonia.travel\\\/es\\\/monumentos-unesco-en-polonia\\\/#breadcrumb\",\"itemListElement\":[{\"@type\":\"ListItem\",\"position\":1,\"name\":\"Home page\",\"item\":\"https:\\\/\\\/www.polonia.travel\\\/es\\\/\"},{\"@type\":\"ListItem\",\"position\":2,\"name\":\"Monumentos UNESCO en Polonia\"}]},{\"@type\":\"WebSite\",\"@id\":\"https:\\\/\\\/www.polonia.travel\\\/es\\\/#website\",\"url\":\"https:\\\/\\\/www.polonia.travel\\\/es\\\/\",\"name\":\"Polonia Travel (ES)\",\"description\":\"...\",\"publisher\":{\"@id\":\"https:\\\/\\\/www.polonia.travel\\\/es\\\/#organization\"},\"potentialAction\":[{\"@type\":\"SearchAction\",\"target\":{\"@type\":\"EntryPoint\",\"urlTemplate\":\"https:\\\/\\\/www.polonia.travel\\\/es\\\/?s={search_term_string}\"},\"query-input\":{\"@type\":\"PropertyValueSpecification\",\"valueRequired\":true,\"valueName\":\"search_term_string\"}}],\"inLanguage\":\"pl-PL\"},{\"@type\":\"Organization\",\"@id\":\"https:\\\/\\\/www.polonia.travel\\\/es\\\/#organization\",\"name\":\"Polonia Travel (ES)\",\"url\":\"https:\\\/\\\/www.polonia.travel\\\/es\\\/\",\"logo\":{\"@type\":\"ImageObject\",\"inLanguage\":\"pl-PL\",\"@id\":\"https:\\\/\\\/www.polonia.travel\\\/es\\\/#\\\/schema\\\/logo\\\/image\\\/\",\"url\":\"\",\"contentUrl\":\"\",\"caption\":\"Polonia Travel (ES)\"},\"image\":{\"@id\":\"https:\\\/\\\/www.polonia.travel\\\/es\\\/#\\\/schema\\\/logo\\\/image\\\/\"}}]}<\/script>\n<!-- \/ Yoast SEO plugin. -->","yoast_head_json":{"title":"Monumentos UNESCO en Polonia - Polonia Travel (ES)","robots":{"index":"index","follow":"follow","max-snippet":"max-snippet:-1","max-image-preview":"max-image-preview:large","max-video-preview":"max-video-preview:-1"},"canonical":"https:\/\/www.polonia.travel\/es\/monumentos-unesco-en-polonia\/","og_locale":"pl_PL","og_type":"article","og_title":"Monumentos UNESCO en Polonia - Polonia Travel (ES)","og_description":"Monumentos UNESCO en Polonia La declaraci\u00f3n de un monumento como Patrimonio de la Humanidad reconoce mundialmente sus valores universales. En esta prestigiosa lista se encuentran actualmente (2021) diecis\u00e9is monumentos polacos de muy diferente \u00edndole: desde una mina hasta un parque nacional; en algunos casos, el comit\u00e9 ha valorado tambi\u00e9n el empe\u00f1o de la reconstrucci\u00f3n casi [&hellip;]","og_url":"https:\/\/www.polonia.travel\/es\/monumentos-unesco-en-polonia\/","og_site_name":"Polonia Travel (ES)","article_modified_time":"2024-09-20T09:37:34+00:00","twitter_card":"summary_large_image","schema":{"@context":"https:\/\/schema.org","@graph":[{"@type":"WebPage","@id":"https:\/\/www.polonia.travel\/es\/monumentos-unesco-en-polonia\/","url":"https:\/\/www.polonia.travel\/es\/monumentos-unesco-en-polonia\/","name":"Monumentos UNESCO en Polonia - Polonia Travel (ES)","isPartOf":{"@id":"https:\/\/www.polonia.travel\/es\/#website"},"datePublished":"2023-02-10T12:20:05+00:00","dateModified":"2024-09-20T09:37:34+00:00","breadcrumb":{"@id":"https:\/\/www.polonia.travel\/es\/monumentos-unesco-en-polonia\/#breadcrumb"},"inLanguage":"pl-PL","potentialAction":[{"@type":"ReadAction","target":["https:\/\/www.polonia.travel\/es\/monumentos-unesco-en-polonia\/"]}]},{"@type":"BreadcrumbList","@id":"https:\/\/www.polonia.travel\/es\/monumentos-unesco-en-polonia\/#breadcrumb","itemListElement":[{"@type":"ListItem","position":1,"name":"Home page","item":"https:\/\/www.polonia.travel\/es\/"},{"@type":"ListItem","position":2,"name":"Monumentos UNESCO en Polonia"}]},{"@type":"WebSite","@id":"https:\/\/www.polonia.travel\/es\/#website","url":"https:\/\/www.polonia.travel\/es\/","name":"Polonia Travel (ES)","description":"...","publisher":{"@id":"https:\/\/www.polonia.travel\/es\/#organization"},"potentialAction":[{"@type":"SearchAction","target":{"@type":"EntryPoint","urlTemplate":"https:\/\/www.polonia.travel\/es\/?s={search_term_string}"},"query-input":{"@type":"PropertyValueSpecification","valueRequired":true,"valueName":"search_term_string"}}],"inLanguage":"pl-PL"},{"@type":"Organization","@id":"https:\/\/www.polonia.travel\/es\/#organization","name":"Polonia Travel (ES)","url":"https:\/\/www.polonia.travel\/es\/","logo":{"@type":"ImageObject","inLanguage":"pl-PL","@id":"https:\/\/www.polonia.travel\/es\/#\/schema\/logo\/image\/","url":"","contentUrl":"","caption":"Polonia Travel (ES)"},"image":{"@id":"https:\/\/www.polonia.travel\/es\/#\/schema\/logo\/image\/"}}]}},"_links":{"self":[{"href":"https:\/\/www.polonia.travel\/es\/wp-json\/wp\/v2\/pages\/20335","targetHints":{"allow":["GET"]}}],"collection":[{"href":"https:\/\/www.polonia.travel\/es\/wp-json\/wp\/v2\/pages"}],"about":[{"href":"https:\/\/www.polonia.travel\/es\/wp-json\/wp\/v2\/types\/page"}],"author":[{"embeddable":true,"href":"https:\/\/www.polonia.travel\/es\/wp-json\/wp\/v2\/users\/3"}],"replies":[{"embeddable":true,"href":"https:\/\/www.polonia.travel\/es\/wp-json\/wp\/v2\/comments?post=20335"}],"version-history":[{"count":16,"href":"https:\/\/www.polonia.travel\/es\/wp-json\/wp\/v2\/pages\/20335\/revisions"}],"predecessor-version":[{"id":35955,"href":"https:\/\/www.polonia.travel\/es\/wp-json\/wp\/v2\/pages\/20335\/revisions\/35955"}],"wp:attachment":[{"href":"https:\/\/www.polonia.travel\/es\/wp-json\/wp\/v2\/media?parent=20335"}],"curies":[{"name":"wp","href":"https:\/\/api.w.org\/{rel}","templated":true}]}}